{"id":38223,"date":"2011-11-06T18:00:54","date_gmt":"2011-11-06T18:00:54","guid":{"rendered":"http:\/\/www.humanium.org\/fr\/?page_id=10938"},"modified":"2026-08-21T03:19:17","modified_gmt":"2026-08-21T03:19:17","slug":"afrique-du-sud-2","status":"publish","type":"page","link":"https:\/\/www.humanium.org\/fr\/afrique-du-sud-2\/","title":{"rendered":"Enfants d&rsquo;Afrique du Sud"},"content":{"rendered":"<h1>Enfants d&rsquo;Afrique du Sud<\/h1>\n<h2>Concr\u00e9tiser les Droits de l&rsquo;Enfant en Afrique du Sud<\/h2>\n<p style=\"text-align: center;\"><img loading=\"lazy\" decoding=\"async\" class=\"alignnone size-full wp-image-10962\" title=\"Jeune fille sud-africaine. \u00a9Digital Democracy (Flickr)\" src=\"https:\/\/www.humanium.org\/fr\/wp-content\/uploads\/2011\/07\/afrique-sud-fille-digital-democracy-flickr.jpg\" alt=\"\" width=\"182\" height=\"200\" \/> <img loading=\"lazy\" decoding=\"async\" class=\"alignnone size-full wp-image-10963\" title=\"Gar\u00e7on sud-africain. \u00a9 Digital Democracy (Flcikr).\" src=\"https:\/\/www.humanium.org\/fr\/wp-content\/uploads\/2011\/07\/afrique-sud-garcon-digital-democracy-flickr.jpg\" alt=\"\" width=\"155\" height=\"200\" \/><\/p>\n<p>En raison de sa forte diversit\u00e9 culturelle, l&rsquo;Afrique du Sud est appel\u00e9e couramment \u00ab\u00a0un monde dans un pays\u00a0\u00bb. Contrast\u00e9e entre des zones urbaines sophistiqu\u00e9es et des zones rurales extr\u00eamement pauvres, elle est confront\u00e9e \u00e0 de nombreux d\u00e9fis, notamment en mati\u00e8re de Droits de l&rsquo;Enfant.<\/p>\n<p style=\"text-align: center;\">\u00a0 \u00a0<a href=\"https:\/\/www.humanium.org\/fr\/wp-content\/uploads\/2011\/11\/afriquedusud.gif\"><img loading=\"lazy\" decoding=\"async\" class=\"alignnone size-full wp-image-36541\" src=\"https:\/\/www.humanium.org\/fr\/wp-content\/uploads\/2011\/11\/afriquedusud.gif\" alt=\"afriquedusud\" width=\"157\" height=\"175\" \/><\/a><\/p>\n<table style=\"height: 38px;\" width=\"298\">\n<tbody style=\"background: none repeat scroll 0% 0% #f2f2f2;\">\n<tr>\n<td>\n<div style=\"float: left; width: 100%;\">\n<p style=\"margin-top: 20px;\"><strong>Indice de Concr\u00e9tisation des Droits de l&rsquo;Enfant: 7,07\/10<\/strong><br \/>\n<strong>Niveau Rouge :<\/strong> Situation difficile<\/p>\n<\/div>\n<div style=\"float: left; width: 39%;\">\n<p style=\"margin-bottom: 20px;\"><strong>Population :<\/strong>\u00a055,2 millions<br \/>\n<strong>Pop. de 0 \u00e0 14 ans : <\/strong>28,5<strong>\u00a0<\/strong>%<\/p>\n<\/div>\n<div style=\"float: right; width: 59%;\">\n<p style=\"margin-bottom: 20px;\"><strong>Esp\u00e9rance de vie :<\/strong>\u00a056,9 ans<br \/>\n<strong>Mortalit\u00e9 des moins de 5 ans :<\/strong>\u00a034 \u2030<\/p>\n<\/div>\n<\/td>\n<\/tr>\n<\/tbody>\n<\/table>\n<table style=\"height: 38px;\" width=\"298\">\n<tbody>\n<tr>\n<td>\n<h2 style=\"line-height: 40px; font-size: 1.3em; margin-top: 5px; margin-bottom: 18px;\">1. Situation des enfants<\/h2>\n<h3>Principaux probl\u00e8mes rencontr\u00e9s par les enfants en Afrique du Sud :<\/h3>\n<p><strong><a href=\"https:\/\/www.humanium.org\/fr\/enfants-pauvres\/\">Pauvret\u00e9<\/a><\/strong><\/p>\n<p><img loading=\"lazy\" decoding=\"async\" class=\"size-medium wp-image-11164 alignright\" title=\"64% des enfants sud-africains vivent dans le d\u00e9nuement. \u00a9 Slack12 (flickr)\" src=\"https:\/\/www.humanium.org\/fr\/wp-content\/uploads\/2011\/07\/afrique-sud-pauvrete-slack12-flickr-300x225.jpg\" alt=\"\" width=\"279\" height=\"209\" \/>64 % des enfants sud-africains (la majorit\u00e9 d&rsquo;entre eux \u00e9tant issus de la communaut\u00e9 noire) vivent dans le d\u00e9nuement. La Province de Limpopo est la r\u00e9gion la plus touch\u00e9e par la <a href=\"https:\/\/www.humanium.org\/fr\/enfants-pauvres\/\">pauvret\u00e9<\/a>. Les enfants r\u00e9sidant dans cette zone ont donc de tr\u00e8s grands risques de vivre en dessous du seuil de pauvret\u00e9.<\/p>\n<p>Dans bien des cas, la pauvret\u00e9, en Afrique du Sud, est due au fait que le pays doit faire face \u00e0 un fort taux de ch\u00f4mage, notamment dans les r\u00e9gions de Limpopo et de Western Cape.\u00a0 En raison de cette situation socio-\u00e9conomique difficile, certaines familles sud-africaines (particuli\u00e8rement celles qui n&rsquo;ont pas de revenu fixe et les m\u00e8res-c\u00e9libataires) sont confront\u00e9es \u00e0 un <a href=\"https:\/\/www.humanium.org\/fr\/comprendre-droits-enfant\/droit-a-l-alimentation\/\">manque de nourriture<\/a>, et donc \u00e0 la faim.<\/p>\n<p><strong><a href=\"https:\/\/www.humanium.org\/fr\/comprendre-droits-enfant\/droit-a-la-sante\/\">Droit \u00e0 la sant\u00e9<\/a><\/strong><\/p>\n<p>La <a href=\"https:\/\/www.humanium.org\/fr\/mortalite-infantile\/\">mortalit\u00e9 infantile<\/a>, qui r\u00e9sulte essentiellement du virus du Sida, reste inchang\u00e9e depuis 1990. Cependant, d&rsquo;ici 2015, le gouvernement sud-africain souhaite diminuer d&rsquo;un tiers le taux de mortalit\u00e9 des moins de 5 ans\u00a0et, pour ce faire, a mis en place un plan de sant\u00e9 publique.<\/p>\n<p>La malnutrition joue un r\u00f4le important sur la <a href=\"https:\/\/www.humanium.org\/fr\/comprendre-droits-enfant\/droit-a-la-sante\/\">sant\u00e9<\/a> des petits sud-africains: la sous-alimentation et la sur-alimentation sont des probl\u00e8mes auxquels le pays doit faire face. Une grande majorit\u00e9 d&rsquo;enfants de moins de 5 ans manque de vitamines A et de fer; ces carences pouvant \u00eatre \u00e0 l&rsquo;origine de probl\u00e8mes de croissance consid\u00e9rables.<\/p>\n<p>Concr\u00e8tement, un enfant sur 10 souffre d&rsquo;une insuffisance pond\u00e9rale, due \u00e0 une mauvaise <a href=\"https:\/\/www.humanium.org\/fr\/comprendre-droits-enfant\/droit-a-l-alimentation\/\">alimentation<\/a>. En parall\u00e8le, l&rsquo;Afrique du Sud doit \u00e9galement combattre l\u2019ob\u00e9sit\u00e9 qui pr\u00e9vaut chez les jeunes. Dans les \u00e9coles,\u00a0des programmes de nutrition ont \u00e9t\u00e9 install\u00e9s ; un grand nombre d&rsquo;enfants y ont ainsi acc\u00e8s.<\/p>\n<p><strong><a href=\"https:\/\/www.humanium.org\/fr\/enfant-et-sida\/\">Enfants et SIDA<\/a><\/strong><\/p>\n<p>En Afrique du Sud, le <a href=\"https:\/\/www.humanium.org\/fr\/enfant-et-sida\/\">Sida<\/a> est la premi\u00e8re cause de mortalit\u00e9. Selon l&rsquo;agence ONUSIDA , ce sont presque 6 millions de Sud-Africains qui sont infect\u00e9s du VIH, dont 2,5 % d&rsquo;enfants \u00e2g\u00e9s de moins de 14 ans.\u00a0 Bien que 40 % des d\u00e9c\u00e8s chez les enfants \u00e2g\u00e9s de moins de cinq ans soient li\u00e9s au sida, seulement 5 % des enfants vivant avec le VIH\u00a0 re\u00e7oivent actuellement un traitement antir\u00e9troviral.<\/p>\n<p>Comme toujours, les chiffres sont encore plus alarmants dans les zones rurales o\u00f9 l&rsquo;acc\u00e8s aux soins reste difficile.<\/p>\n<p>Malgr\u00e9 les progr\u00e8s du gouvernement en mati\u00e8re de pr\u00e9vention et de prise en charge des enfants atteints du <a href=\"https:\/\/www.humanium.org\/fr\/enfant-et-sida\/\">SIDA<\/a>, il reste encore beaucoup \u00e0 faire pour enrayer ce fl\u00e9au qui a fait plus d\u2019un million d\u2019orphelins et d&rsquo;orphelines en Afrique du Sud.<\/p>\n<p><strong><a href=\"https:\/\/www.humanium.org\/fr\/comprendre-droits-enfant\/droit-a-l-education\/\">Droit \u00e0 l&rsquo;\u00e9ducation<\/a><\/strong><\/p>\n<p>Plus de 90 % des enfants sud-africains jouissent du <a href=\"https:\/\/www.humanium.org\/fr\/comprendre-droits-enfant\/droit-a-l-education\/\">droit \u00e0 l&rsquo;\u00e9ducation<\/a>. Toutefois, un certain nombre d&rsquo;entre eux n&rsquo;y ont toujours pas acc\u00e8s. La raison principale pour laquelle les enfants ne sont pas inscrits dans un \u00e9tablissement scolaire est que leur famille est trop pauvre pour financer leurs \u00e9tudes et les frais qu&rsquo;elles encourent.<\/p>\n<p><img loading=\"lazy\" decoding=\"async\" class=\"alignright size-medium wp-image-11167\" title=\"La qualit\u00e9 de l'\u00e9ducation reste faible en raison de l'ins\u00e9curit\u00e9 qui pr\u00e9vaut dans les \u00e9coles. \u00a9 JP Flanigan (Flickr).\" src=\"https:\/\/www.humanium.org\/fr\/wp-content\/uploads\/2011\/07\/afrique-sud-ecole-jp-flanigan-flickr-300x182.jpg\" alt=\"\" width=\"269\" height=\"163\" \/>Les <a href=\"https:\/\/www.humanium.org\/fr\/enfants-handicapes\/\">enfants handicap\u00e9s<\/a> ne sont, dans bien des cas, pas scolaris\u00e9s. Ils souffrent donc de <a href=\"https:\/\/www.humanium.org\/fr\/droit-non-discrimination\/\">discrimination<\/a>, en particulier dans la province de Northern Cape, o\u00f9 ils ne vont que tr\u00e8s rarement \u00e0 l&rsquo;\u00e9cole.<\/p>\n<p>Par ailleurs, la qualit\u00e9 de l&rsquo;\u00e9ducation, en Afrique du Sud, reste relativement faible, en raison de l&rsquo;ins\u00e9curit\u00e9 qui r\u00e8gne dans les \u00e9coles.<\/p>\n<p><strong><a href=\"https:\/\/www.humanium.org\/fr\/la-maltraitance-des-enfants\/\">Maltraitance infantile<\/a><\/strong><\/p>\n<p><img loading=\"lazy\" decoding=\"async\" class=\"size-medium wp-image-11169 alignright\" title=\"Les mauvais traitements envers les enfants sont fr\u00e9quents en Afrique du Sud. \u00a9 Kudumomo (flickr)\" src=\"https:\/\/www.humanium.org\/fr\/wp-content\/uploads\/2011\/07\/afrique-sud-maltraitance-kudumomo-flickr-215x300.jpg\" alt=\"\" width=\"135\" height=\"192\" \/>Les <a href=\"https:\/\/www.humanium.org\/fr\/la-maltraitance-des-enfants\/\">mauvais traitements<\/a> envers les enfants sont fr\u00e9quents en Afrique du Sud: les jeunes filles sont n\u00e9glig\u00e9es et abus\u00e9es au sein m\u00eame de leur famille. En outre, les enfants subissent couramment des <a href=\"https:\/\/www.humanium.org\/fr\/exploitation-sexuelle-enfants\/\">abus sexuels<\/a>;\u00a0 les tr\u00e8s jeunes enfants \u00e9tant les plus \u00e0 risque.<\/p>\n<p>De mani\u00e8re g\u00e9n\u00e9rale, l&rsquo;Afrique du Sud conna\u00eet le taux de viol le plus \u00e9lev\u00e9 au monde. Les filles sont agress\u00e9es, physiquement et sexuellement, dans l&rsquo;enceinte de leur \u00e9cole par des enseignants, des camarades ou d&rsquo;autres personnes ext\u00e9rieures. Ayant peur de subir une agression sexuelle, elles privil\u00e9gient bien souvent leur s\u00e9curit\u00e9 au d\u00e9triment de leur scolarit\u00e9.<\/p>\n<p>Par ailleurs, dans certaines communaut\u00e9s, lors de <a href=\"https:\/\/www.humanium.org\/fr\/mariage-enfants\/\">mariages pr\u00e9coces<\/a>, la coutume veut que le futur mari verse une dot \u00e0 la famille de la jeune fille qu&rsquo;il va \u00e9pouser. Cette tradition est souvent un facteur de violence domestique envers les femmes, parce que le mari consid\u00e8re qu&rsquo;il a achet\u00e9 sa femme et que d\u00e9sormais elle lui appartient.<em><br \/>\n<\/em><\/p>\n<p><strong><a href=\"https:\/\/www.humanium.org\/fr\/mariage-enfants\/\">Mariages d&rsquo;enfants<\/a><\/strong><\/p>\n<p>Dans certaines r\u00e9gions d&rsquo;Afrique du Sud et dans certains groupes religieux, les <a href=\"https:\/\/www.humanium.org\/fr\/mariage-enfants\/\">mariages d&rsquo;enfants<\/a> sont encore pratiqu\u00e9s. Pouss\u00e9es par leur famille, les filles ont donc l&rsquo;obligation de se marier.<\/p>\n<p>Les mariages d&rsquo;enfants peuvent avoir d&rsquo;importantes cons\u00e9quences, notamment au niveau de la <a href=\"https:\/\/www.humanium.org\/fr\/comprendre-droits-enfant\/droit-a-la-sante\/\">sant\u00e9<\/a>. En effet, les jeunes filles ayant une grossesse pr\u00e9coce risquent d&rsquo;une part, d&rsquo;accoucher pr\u00e9matur\u00e9ment et d&rsquo;autre part, de voir na\u00eetre leur enfant avec une insuffisance pond\u00e9rale. Une autre cons\u00e9quence n\u00e9gative est que les filles mari\u00e9es, dans leur jeune \u00e2ge, n&rsquo;ont pas la possibilit\u00e9 d&rsquo;acc\u00e8s \u00e0 l&rsquo;<a href=\"https:\/\/www.humanium.org\/fr\/comprendre-droits-enfant\/droit-a-l-education\/\">\u00e9ducation<\/a> et au travail.<\/p>\n<p><strong>Droit \u00e0 un logement<\/strong><\/p>\n<p><img loading=\"lazy\" decoding=\"async\" class=\"alignright size-medium wp-image-11166\" title=\"Bon nombre d'enfants sud-africains vivent malheureusement dans des bidonvilles. \u00a9 Manuel Ebert (flickr)\" src=\"https:\/\/www.humanium.org\/fr\/wp-content\/uploads\/2011\/07\/afrique-sud-logement-manuel-ebert-flickr-300x225.jpg\" alt=\"\" width=\"202\" height=\"152\" \/>Bon nombre d&rsquo;enfants sud-africains vivent malheureusement dans des bidonvilles, en particulier ceux des provinces de Western Cape et Gauteng. Il arrive \u00e9galement que les jeunes habitent des maisons encore dites \u00ab\u00a0traditionnelles\u00a0\u00bb; ce type de logement est tr\u00e8s courant dans la r\u00e9gion d&rsquo;Eastern Cape. Dans ces habitations v\u00e9tustes, le bois reste la source d&rsquo;\u00e9nergie principale.<\/p>\n<p>Nous pouvons ainsi noter de grandes disparit\u00e9s, en termes de logement. Les enfants des quartiers riches b\u00e9n\u00e9ficient de la modernit\u00e9 et des derni\u00e8res technologies alors que les enfants issus de quartiers d\u00e9favoris\u00e9s ne disposent pas toujours de logements d\u00e9cents.<\/p>\n<p><strong><a href=\"https:\/\/www.humanium.org\/fr\/comprendre-droits-enfant\/droit-a-l-eau\/\">Droit \u00e0 l&rsquo;eau<\/a><\/strong><\/p>\n<p>En Afrique du Sud, 4 enfants sur 10 n&rsquo;ont pas acc\u00e8s \u00e0 l&rsquo;<a href=\"https:\/\/www.humanium.org\/fr\/comprendre-droits-enfant\/droit-a-l-eau\/\">eau<\/a> courante. Ainsi, une grande majorit\u00e9 d&rsquo;enfants, principalement ceux d&rsquo;Eastern Cape, d\u00e9pendent de l&rsquo;eau de pluie, des ruisseaux et des rivi\u00e8res, qui demeure largement insalubre.<\/p>\n<p>Globalement, les enfants des communaut\u00e9s riches disposent d&rsquo;un assainissement ad\u00e9quat. Par contre, ce n&rsquo;est pas le cas des jeunes des familles pauvres qui n&rsquo;y ont pas acc\u00e8s. Bon nombres d&rsquo;enfant sud-africains, essentiellement ceux des bidonvilles, n&rsquo;ont pas la chance d&rsquo;avoir un \u00e9quipement sanitaire chez eux.<\/p>\n<p><a href=\"https:\/\/www.humanium.org\/fr\/enfants-detenus\/\"><strong>D\u00e9tention des mineurs<\/strong><\/a><\/p>\n<p><img loading=\"lazy\" decoding=\"async\" class=\"size-full wp-image-11206 alignright\" title=\"Il arrive \u00e9galement que les mineurs, bien que s\u00e9par\u00e9s des adultes, partagent les m\u00eames b\u00e2timents. \u00a9 Digital Democracy (flick)\" src=\"https:\/\/www.humanium.org\/fr\/wp-content\/uploads\/2011\/07\/afrique-sud-prison-digital-democracy-flick.jpg\" alt=\"\" width=\"132\" height=\"208\" \/><\/p>\n<p>Il reste d\u2019importants progr\u00e8s \u00e0 faire en ce qui concerne les conditions de <a href=\"https:\/\/www.humanium.org\/fr\/enfants-detenus\/\">d\u00e9tention des mineurs<\/a> qui, selon la loi sud-africaines, doivent imp\u00e9rativement \u00eatre s\u00e9par\u00e9s des adultes. Or dans les prisons sud-africaines, des enfants de moins de 18 ans partagent le m\u00eame b\u00e2timent, voire la m\u00eame cellule que avec des d\u00e9tenus plus \u00e2g\u00e9s. Pour appliquer la loi, ces mineurs devraient \u00eatre replac\u00e9s dans des \u00e9tablissements appropri\u00e9s.<\/p>\n<p>Il est par cons\u00e9quent urgent de prendre des mesures pour faire respecter ces lois surtout quand on sait que dans les prisons, l&rsquo;article 19 de<a href=\"https:\/\/www.humanium.org\/fr\/convention\/\"> la Convention Internationale des Droits de l&rsquo;Enfant <\/a>(CIDE) n&rsquo;est pas respect\u00e9: les enfants emprisonn\u00e9s sont fr\u00e9quemment sujets \u00e0 de mauvais traitements \u00e9motionnels, physiques ou sexuels, inflig\u00e9s par des d\u00e9tenus ou des membres du personnel.<\/p>\n<h3 style=\"margin-top: 18px;\">Histoires d&rsquo;enfants<\/h3>\n<p>Soyez le premier \u00e0 t\u00e9moigner !<\/p>\n<p style=\"text-align: center; margin-top: 18px;\"><strong>Ajouter un t\u00e9moignage<\/strong><\/p>\n<p>&nbsp;<\/p>\n<h3><\/h3>\n<h3>L&rsquo;enfant dans la culture du pays<\/h3>\n<p style=\"text-align: center; margin-top: 18px;\">\u00ab\u00a0<strong><em>Quand un arbre tombe, on l&rsquo;entend ; quand la for\u00eat pousse, pas un bruit<\/em><\/strong>\u00a0\u00bb<br \/>\n(Proverbe sud-africain)<\/p>\n<p><strong>Le Braai :<\/strong> Le Braai, \u00ab\u00a0barbecue\u00a0\u00bb en afrikaans, est l&rsquo;\u00e9l\u00e9ment central de la vie sociale en Afrique du Sud. Chaque famille, quelque soit son origine, poss\u00e8de un barbecue. Tous les dimanches, le barbecue et la bi\u00e8re sont \u00e0 l&rsquo;honneur. Dans les bidonvilles, on sert le barbecue avec la bi\u00e8re traditionnelle, l&rsquo;umqumboti. Les enfants attendent le braai avec impatience et ils ont plaisir \u00e0 y assister, chaque semaine, en compagnie de leur famille.<\/p>\n<p><strong>Nelson Mandela <\/strong>: Nelson Mandela, aussi nomm\u00e9 Madiba, est une figure embl\u00e9matique de l&rsquo;Afrique du Sud, en raison de la lutte acharn\u00e9e qu&rsquo;il a men\u00e9e contre l&rsquo;apartheid. Il est consid\u00e9r\u00e9 comme le p\u00e8re d&rsquo;une Afrique du Sud multiraciale et d\u00e9mocratique. En outre, il est une personnalit\u00e9 mondialement \u00e9cout\u00e9e au sujet des droits de l&rsquo;homme. Les Africains du Sud, notamment les jeunes de la nouvelle g\u00e9n\u00e9ration, l&rsquo;admirent beaucoup, parce qu&rsquo;il a permis l&rsquo;am\u00e9lioration des conditions de vie des communaut\u00e9s noires d&rsquo;Afrique du Sud.<\/p>\n<p><strong>F\u00eates <\/strong>: En 1994, Nelson Mandela et le Congr\u00e8s National d\u00e9cident de cr\u00e9er 7 nouvelles f\u00eates nationales: la journ\u00e9e des droits de l&rsquo;homme (21 mars), le jour de la libert\u00e9 (27 avril), la journ\u00e9e du travail (1 mai), la journ\u00e9e de la jeunesse (16 juin), la journ\u00e9e de la femme (9 ao\u00fbt), le jour de l&rsquo;h\u00e9ritage ( 24 septembre) et le jour de la r\u00e9conciliation (16 d\u00e9cembre). Enfants et adultes ont ainsi cong\u00e9 lors de ces diff\u00e9rentes f\u00eates.<\/p>\n<p style=\"text-align: center; margin-top: 18px;\"><strong>Ajouter une information<\/strong><\/p>\n<p>&nbsp;<\/p>\n<h3 style=\"margin-top: 18px;\">Adh\u00e9sion du pays \u00e0 la CIDE<\/h3>\n<p><strong>La <a href=\"https:\/\/www.humanium.org\/fr\/convention\/\">Convention Internationale des Droits de l\u2019Enfant<\/a> (CIDE) est le premier texte international juridiquement contraignant de protection des Droits de l\u2019Enfant.<\/strong><\/p>\n<p><strong>Date de signature de l&rsquo;Afrique du\u00a0Sud\u00a0:<\/strong> 29 janvier 1990<br \/>\n<em>La signature exprime l&rsquo;intention d&rsquo;un \u00c9tat d&rsquo;examiner le trait\u00e9 au niveau national et d&rsquo;envisager de le ratifier.<\/em><\/p>\n<p><strong>Date de ratification :<\/strong> 16 juin 1995<br \/>\n<em>La ratification signifie qu&rsquo;un \u00c9tat accepte d&rsquo;\u00eatre juridiquement li\u00e9 par les dispositions de la Convention.<\/em><\/p>\n<p><strong>D\u00e9clarations et R\u00e9serves :<\/strong><\/p>\n<p>L&rsquo;Afrique du Sud n\u2019a \u00e9mis aucune r\u00e9serve \u00e0 l\u2019application de la CIDE. Le\u00a0gouvernement est donc li\u00e9 par l\u2019ensemble des droits garantis par la Convention.<\/p>\n<p style=\"text-align: right; margin-top: 18px;\"><a href=\"#\">Haut de page<\/a><\/p>\n<\/td>\n<\/tr>\n<\/tbody>\n<\/table>\n<table style=\"height: 38px;\" width=\"298\">\n<tbody>\n<tr>\n<td>\n<h2 style=\"line-height: 40px; font-size: 1.3em; margin-top: 5px; margin-bottom: 18px;\">2. O\u00f9 s&rsquo;adresser ?<\/h2>\n<p><strong>Num\u00e9ro d&rsquo;assistance pour les enfants en Afrique du Sud: 0800 055 555 <\/strong>(appel gratuit). La Childline South Africa offre une aide et un soutien pour tous probl\u00e8mes li\u00e9s \u00e0 l\u2019enfance et \u00e0 l\u2019adolescence.<\/p>\n<p><strong>D\u00e9poser une plainte aupr\u00e8s du Comit\u00e9 africain des experts des droits et du bien-\u00eatre de l&rsquo;enfant<\/strong> : l&rsquo;Afrique du Sud a ratifi\u00e9 la Charte Africaine des droits et du bien-\u00eatre de l&rsquo;enfant. Celle-ci comprend une proc\u00e9dure relative aux plaintes individuelles : il est donc possible pour un individu ou une ONG reconnus par un \u00c9tat membre d&rsquo;adresser une plainte au <a href=\"http:\/\/www.claiminghumanrights.org\/childrens_charter_actions.html?&amp;L=1\" target=\"_blank\">Comit\u00e9<\/a>, afin que celui-ci entreprenne des investigations et, \u00e9ventuellement, interpelle le pays concern\u00e9 sur la probl\u00e9matique en question.<\/p>\n<p><strong>Contacter le bureau sud africain de l&rsquo;Unicef : <\/strong><a href=\"http:\/\/www.unicef.org\/southafrica\/index.html\" target=\"_blank\">Bureau Unicef \u00e0 Pretoria<\/a><\/p>\n<div id=\"afrique-du-sud\">\n<div><\/div>\n<div><\/div>\n<div><strong>Afrique du Sud<\/strong><\/div>\n<\/div>\n<ul>\n<ul>\n<li>ADAEPANF :\u00a0Combattre la pauvret\u00e9 gr\u00e2ce \u00e0 l&rsquo;\u00e9ducation, l&rsquo;environnement et le d\u00e9veloppement.<\/li>\n<\/ul>\n<\/ul>\n<ul>\n<ul>\n<li>All our children first :\u00a0D\u00e9fendre les enfants qui n&rsquo;ont pas \u00ab\u00a0de voix\u00a0\u00bb.<\/li>\n<\/ul>\n<\/ul>\n<ul>\n<ul>\n<li>Alliance for Action Aid in Africa :\u00a0Servir les individus et les familles des communaut\u00e9s pauvres, afin de r\u00e9duire les formes extr\u00eames de pauvret\u00e9 en Afrique.<\/li>\n<\/ul>\n<\/ul>\n<ul>\n<ul>\n<li><a id=\"link-442\" title=\"Baphumelele Children's Home\" href=\"http:\/\/www.baphumelele.org.za\" rel=\"nofollow\">Baphumelele Children&rsquo;s Home<\/a> :\u00a0L&rsquo;ONG vise \u00e0 fournir aux orphelins un foyer stable, aimant et permanent.<\/li>\n<\/ul>\n<\/ul>\n<ul>\n<ul>\n<li>Big Brothers Big Sisters of South Africa :\u00a0Permettre aux enfants d&rsquo;avoir un adulte (mentor), avec lequel ils peuvent partager une amiti\u00e9.<\/li>\n<\/ul>\n<\/ul>\n<ul>\n<ul>\n<li><a id=\"link-444\" title=\"Cape Town Child Welfare\" href=\"http:\/\/www.helpkids.org.za\" rel=\"nofollow\">Cape Town Child Welfare<\/a> :\u00a0Travailler avec les communaut\u00e9s afin de minimiser les risques pour les enfants et pour que ceux-ci puissent r\u00e9aliser, au maximum, leur potentiel.<\/li>\n<\/ul>\n<\/ul>\n<ul>\n<ul>\n<li><a id=\"link-430\" title=\"Center for early childhood development\" href=\"https:\/\/www.facebook.com\/pages\/Centre-for-Early-Childhood-Development\/77191208575\" rel=\"nofollow\">Center for early childhood development<\/a> :\u00a0La mission de l&rsquo;organisation est d&rsquo;augmenter les capacit\u00e9s des individus, des institutions, des communaut\u00e9s en proposant des services de d\u00e9veloppement de l&rsquo;enfant.<\/li>\n<\/ul>\n<\/ul>\n<ul>\n<ul>\n<li><a id=\"link-436\" title=\"Child Justice Alliance\" href=\"http:\/\/www.childjustice.org.za\" rel=\"nofollow\">Child Justice Alliance<\/a> :\u00a0Faciliter la coop\u00e9ration entre les membres de la soci\u00e9t\u00e9 civile et les parties concern\u00e9es par les droits de l&rsquo;enfant.<\/li>\n<\/ul>\n<\/ul>\n<ul>\n<ul>\n<li>Child Welfare Sout Africa :\u00a0Promotion, protection et am\u00e9lioration de la s\u00e9curit\u00e9, du d\u00e9veloppement et du bien-\u00eatre de l&rsquo;enfant.<\/li>\n<\/ul>\n<\/ul>\n<ul>\n<ul>\n<li><a id=\"link-438\" title=\"Children of Fire\" href=\"http:\/\/www.childrenoffire.org\" rel=\"nofollow\">Children of Fire<\/a> :\u00a0L&rsquo;ONG cherche d&rsquo;une part, \u00e0 pr\u00e9venir les dangers li\u00e9s au feu et d&rsquo;autre part, \u00e0 prendre en charge les enfants br\u00fbl\u00e9s.<\/li>\n<\/ul>\n<\/ul>\n<ul>\n<ul>\n<li><a id=\"link-445\" title=\"Children of the Dawn\" href=\"http:\/\/www.childrenofthedawn.org.za\" rel=\"nofollow\">Children of the Dawn<\/a> :\u00a0Prendre soin des enfants orphelins et vuln\u00e9rables des zones rurales de l&rsquo;Afrique du Sud.<\/li>\n<\/ul>\n<\/ul>\n<ul>\n<ul>\n<li>Children&rsquo;s Rights Centre :\u00a0L&rsquo;organisation vise \u00e0 instaurer une culture des droits de l&rsquo;enfant en Afrique du Sud.<\/li>\n<\/ul>\n<\/ul>\n<ul>\n<ul>\n<li>ChildrenFirst :\u00a0Prot\u00e9ger et promouvoir les droits des enfants.<\/li>\n<\/ul>\n<\/ul>\n<ul>\n<ul>\n<li><a id=\"link-434\" title=\"Durban Children's Home\" href=\"http:\/\/showme.co.za\/durban\/showme-cares\/children-youth\/durban-childrens-home\/\" rel=\"nofollow\">Durban Children&rsquo;s Home<\/a> :\u00a0L&rsquo;ONG assiste les orphelins, les enfants destitu\u00e9s et les enfants qui ne peuvent pas \u00eatre pris en charge par les parents.<\/li>\n<\/ul>\n<\/ul>\n<ul>\n<ul>\n<li>Girls and Boys Town :\u00a0L&rsquo;ONG favorise le d\u00e9veloppement des jeunes, des familles et des communaut\u00e9s en difficult\u00e9.<\/li>\n<\/ul>\n<\/ul>\n<ul>\n<ul>\n<li><a id=\"link-405\" title=\"Olive Lead Foundation\" href=\"http:\/\/www.olf.org.za\/\" rel=\"nofollow\">Olive Lead Foundation<\/a> :\u00a0Organisation qui vise \u00e0 permettre le d\u00e9veloppement durable en Afrique du Sud.<\/li>\n<\/ul>\n<\/ul>\n<ul>\n<ul>\n<li>Rapcan :\u00a0Pr\u00e9vention des abus sexuels et des maltraitances infantiles.<\/li>\n<li><a id=\"link-431\" title=\"Rape Crisis\" href=\"http:\/\/www.rapecrisis.org.za\/\" rel=\"nofollow\">Rape Crisis<\/a> :\u00a0Promotion de la fin des violences envers les femmes, en particulier du viol.<\/li>\n<\/ul>\n<\/ul>\n<p style=\"text-align: center; margin-top: 18px;\"><strong>Ajouter une ONG \/ un lien<\/strong><\/p>\n<p><em>Ces liens sont des sites ind\u00e9pendants d&rsquo;Humanium, qui ne garantit pas leur qualit\u00e9 (<a href=\"https:\/\/www.humanium.org\/fr\/conditions-generales\/\">Conditions g\u00e9n\u00e9rales d&rsquo;utilisation<\/a>)<\/em>.<\/p>\n<p style=\"text-align: right; margin-top: 18px;\"><a href=\"#\">Haut de page<\/a><\/p>\n<\/td>\n<\/tr>\n<\/tbody>\n<\/table>\n<table style=\"height: 38px;\" width=\"298\">\n<tbody>\n<tr>\n<td>\n<h2 style=\"font-size: 1.3em; margin-top: 5px; margin-bottom: 18px; line-height: 40px;\"><a name=\"03\"><\/a>3. Agir pour les enfants<\/h2>\n<p><img loading=\"lazy\" decoding=\"async\" class=\"size-full wp-image-13260 alignleft\" title=\"Faire un Don pour Concr\u00e9tiser les Droits de l'Enfant\" src=\"https:\/\/www.humanium.org\/fr\/wp-content\/uploads\/2011\/08\/donateur-web.jpg\" alt=\"\" width=\"220\" height=\"220\" \/><img loading=\"lazy\" decoding=\"async\" class=\"size-full wp-image-13259 alignright\" title=\"Devenir D\u00e9fenseur des Droits de l'Enfant\" src=\"https:\/\/www.humanium.org\/fr\/wp-content\/uploads\/2011\/08\/defenseur-web.jpg\" alt=\"\" width=\"220\" height=\"220\" \/><\/td>\n<\/tr>\n<\/tbody>\n<\/table>\n<p style=\"text-align: center;\">Pour d\u00e9couvrir un autre pays, cliquez sur un continent<\/p>\n<p style=\"text-align: center;\"><a href=\"https:\/\/www.humanium.org\/fr\/ameriques\/\"><img loading=\"lazy\" decoding=\"async\" class=\"size-full wp-image-14939 alignnone\" title=\"Am\u00e9riques\" src=\"https:\/\/www.humanium.org\/fr\/wp-content\/uploads\/2011\/09\/crte-1-ameriques-web-mini.jpg\" alt=\"\" width=\"105\" height=\"72\" \/><\/a> <a href=\"https:\/\/www.humanium.org\/fr\/europe-caucase\/\"><img loading=\"lazy\" decoding=\"async\" class=\"size-full wp-image-14940 alignnone\" title=\"Europe &amp; Caucase\" src=\"https:\/\/www.humanium.org\/fr\/wp-content\/uploads\/2011\/09\/carte1-europe-web-mini.jpg\" alt=\"\" width=\"105\" height=\"72\" \/><\/a> <a href=\"https:\/\/www.humanium.org\/fr\/moyen-orient-afrique-du-nord\/\"><img loading=\"lazy\" decoding=\"async\" class=\"alignnone size-full wp-image-14941\" title=\"Moyen-Orient &amp; Afrique du Nord\" src=\"https:\/\/www.humanium.org\/fr\/wp-content\/uploads\/2011\/09\/carte1-moyen-orient-web-mini.jpg\" alt=\"\" width=\"105\" height=\"72\" \/><\/a> <a href=\"https:\/\/www.humanium.org\/fr\/afrique\/\"><img loading=\"lazy\" decoding=\"async\" class=\"alignnone size-full wp-image-14949\" title=\"Afrique\" src=\"https:\/\/www.humanium.org\/fr\/wp-content\/uploads\/2011\/09\/carte-afriquemini-web.jpg\" alt=\"\" width=\"105\" height=\"72\" \/><\/a> <a href=\"https:\/\/www.humanium.org\/fr\/asie-pacifique\/\"><img loading=\"lazy\" decoding=\"async\" class=\"alignnone size-full wp-image-14942\" title=\"Asie &amp; Pacifique\" src=\"https:\/\/www.humanium.org\/fr\/wp-content\/uploads\/2011\/09\/carte1-asie-mini-web.jpg\" alt=\"\" width=\"105\" height=\"72\" \/><\/a><\/p>\n<div>\n<ul>\n<li><a href=\"http:\/\/www.unicef.org\/southafrica\/index.html\" target=\"_blank\">Unicef, South Africa<\/a><\/li>\n<li><a href=\"http:\/\/www.crin.org\/reg\/country.asp?ctryID=254&amp;subregID=4\" target=\"_blank\">CRIN, South Africa<\/a><\/li>\n<li><a href=\"http:\/\/www.unicef.org\/southafrica\/SAF_resources_factschildrens22.pdf\" target=\"_blank\">South Africa&rsquo;s Children, A review of equity and child rights<\/a><\/li>\n<li>State African Government Information, South Africa<\/li>\n<li>OMTC, Droit de l&rsquo;enfant en Afrique du Sud<\/li>\n<li>Fact sheet on children in South Africa<\/li>\n<li><a href=\"http:\/\/www.childjustice.org.za\/publications\/CJ_ConferenceReport.pdf\" target=\"_blank\">Child Justice in South Africa<\/a><\/li>\n<li>Traditions Afrique du Sud<\/li>\n<li>Central Intelligence Agency, <em>The World Factbook<\/em><\/li>\n<li><a href=\"http:\/\/data.worldbank.org\/indicator\/all\" target=\"_blank\">World Bank<\/a><\/li>\n<li><a href=\"http:\/\/www.crin.org\/docs\/air_2011_full_fr.pdf\" target=\"_blank\">Amnesty International, La situation des droits humains dans le monde<\/a><\/li>\n<li><a href=\"http:\/\/treaties.un.org\/Pages\/ViewDetails.aspx?src=TREATY&amp;mtdsg_no=IV-11&amp;chapter=4&amp;lang=fr\" target=\"_blank\">Nations Unies, <em>Collection des Trait\u00e9s<\/em> : Liste d\u00e9taill\u00e9e des \u00c9tats signataires et parties, avec leurs d\u00e9clarations et r\u00e9serves<\/a><\/li>\n<\/ul>\n<\/div>\n<table>\n<tbody style=\"background: #f9f9f9;\">\n<tr>\n<td>\n<div style=\"float: left; width: 90%;\">Ecrit par : St\u00e9phanie Berrut<br \/>\nRevu par :\u00a0Val\u00e9rie Theveniaut<\/div>\n<\/td>\n<\/tr>\n<\/tbody>\n<\/table>\n<table>\n<tbody style=\"background: #f9f9f9;\">\n<tr>\n<td>\n<div style=\"float: left; width: 90%;\">Mise \u00e0 jour le 06 novembre 2011<\/div>\n<\/td>\n<\/tr>\n<\/tbody>\n<\/table>\n","protected":false},"excerpt":{"rendered":"<p>Enfants d&rsquo;Afrique du Sud Concr\u00e9tiser les Droits de l&rsquo;Enfant en Afrique du Sud En raison de sa forte diversit\u00e9 culturelle, l&rsquo;Afrique du Sud est appel\u00e9e couramment \u00ab\u00a0un monde dans un pays\u00a0\u00bb. Contrast\u00e9e entre des zones urbaines sophistiqu\u00e9es et des zones rurales extr\u00eamement pauvres, elle est confront\u00e9e \u00e0 de nombreux d\u00e9fis, notamment en mati\u00e8re de Droits [&hellip;]<\/p>\n","protected":false},"author":65,"featured_media":0,"parent":0,"menu_order":0,"comment_status":"closed","ping_status":"closed","template":"","meta":{"footnotes":""},"class_list":["post-38223","page","type-page","status-publish","hentry"],"yoast_head":"<!-- This site is optimized with the Yoast SEO plugin v28.3 - https:\/\/yoast.com\/product\/yoast-seo-wordpress\/ -->\n<title>Enfants d&#039;Afrique du Sud - Humanium<\/title>\n<meta name=\"robots\" content=\"index, follow, max-snippet:-1, max-image-preview:large, max-video-preview:-1\" \/>\n<link rel=\"canonical\" href=\"https:\/\/www.humanium.org\/fr\/afrique-du-sud-2\/\" \/>\n<meta property=\"og:locale\" content=\"fr_FR\" \/>\n<meta property=\"og:type\" content=\"article\" \/>\n<meta property=\"og:title\" content=\"Enfants d&#039;Afrique du Sud - Humanium\" \/>\n<meta property=\"og:description\" content=\"Enfants d&rsquo;Afrique du Sud Concr\u00e9tiser les Droits de l&rsquo;Enfant en Afrique du Sud En raison de sa forte diversit\u00e9 culturelle, l&rsquo;Afrique du Sud est appel\u00e9e couramment \u00ab\u00a0un monde dans un pays\u00a0\u00bb. Contrast\u00e9e entre des zones urbaines sophistiqu\u00e9es et des zones rurales extr\u00eamement pauvres, elle est confront\u00e9e \u00e0 de nombreux d\u00e9fis, notamment en mati\u00e8re de Droits [&hellip;]\" \/>\n<meta property=\"og:url\" content=\"https:\/\/www.humanium.org\/fr\/afrique-du-sud-2\/\" \/>\n<meta property=\"og:site_name\" content=\"Humanium\" \/>\n<meta property=\"article:modified_time\" content=\"2026-08-21T03:19:17+00:00\" \/>\n<meta name=\"twitter:card\" content=\"summary_large_image\" \/>\n<meta name=\"twitter:label1\" content=\"Dur\u00e9e de lecture estim\u00e9e\" \/>\n\t<meta name=\"twitter:data1\" content=\"14 minutes\" \/>\n<script type=\"application\/ld+json\" class=\"yoast-schema-graph\">{\"@context\":\"https:\\\/\\\/schema.org\",\"@graph\":[{\"@type\":\"WebPage\",\"@id\":\"https:\\\/\\\/www.humanium.org\\\/fr\\\/afrique-du-sud-2\\\/\",\"url\":\"https:\\\/\\\/www.humanium.org\\\/fr\\\/afrique-du-sud-2\\\/\",\"name\":\"Enfants d'Afrique du Sud - Humanium\",\"isPartOf\":{\"@id\":\"https:\\\/\\\/www.humanium.org\\\/fr\\\/#website\"},\"primaryImageOfPage\":{\"@id\":\"https:\\\/\\\/www.humanium.org\\\/fr\\\/afrique-du-sud-2\\\/#primaryimage\"},\"image\":{\"@id\":\"https:\\\/\\\/www.humanium.org\\\/fr\\\/afrique-du-sud-2\\\/#primaryimage\"},\"thumbnailUrl\":\"https:\\\/\\\/www.humanium.org\\\/fr\\\/wp-content\\\/uploads\\\/2011\\\/07\\\/afrique-sud-fille-digital-democracy-flickr.jpg\",\"datePublished\":\"2011-11-06T18:00:54+00:00\",\"dateModified\":\"2026-08-21T03:19:17+00:00\",\"breadcrumb\":{\"@id\":\"https:\\\/\\\/www.humanium.org\\\/fr\\\/afrique-du-sud-2\\\/#breadcrumb\"},\"inLanguage\":\"fr-FR\",\"potentialAction\":[{\"@type\":\"ReadAction\",\"target\":[\"https:\\\/\\\/www.humanium.org\\\/fr\\\/afrique-du-sud-2\\\/\"]}]},{\"@type\":\"ImageObject\",\"inLanguage\":\"fr-FR\",\"@id\":\"https:\\\/\\\/www.humanium.org\\\/fr\\\/afrique-du-sud-2\\\/#primaryimage\",\"url\":\"https:\\\/\\\/www.humanium.org\\\/fr\\\/wp-content\\\/uploads\\\/2011\\\/07\\\/afrique-sud-fille-digital-democracy-flickr.jpg\",\"contentUrl\":\"https:\\\/\\\/www.humanium.org\\\/fr\\\/wp-content\\\/uploads\\\/2011\\\/07\\\/afrique-sud-fille-digital-democracy-flickr.jpg\"},{\"@type\":\"BreadcrumbList\",\"@id\":\"https:\\\/\\\/www.humanium.org\\\/fr\\\/afrique-du-sud-2\\\/#breadcrumb\",\"itemListElement\":[{\"@type\":\"ListItem\",\"position\":1,\"name\":\"Home\",\"item\":\"https:\\\/\\\/www.humanium.org\\\/fr\\\/\"},{\"@type\":\"ListItem\",\"position\":2,\"name\":\"Enfants d&rsquo;Afrique du Sud\"}]},{\"@type\":\"WebSite\",\"@id\":\"https:\\\/\\\/www.humanium.org\\\/fr\\\/#website\",\"url\":\"https:\\\/\\\/www.humanium.org\\\/fr\\\/\",\"name\":\"Humanium\",\"description\":\"Les enfants d\u2019abord !\",\"potentialAction\":[{\"@type\":\"SearchAction\",\"target\":{\"@type\":\"EntryPoint\",\"urlTemplate\":\"https:\\\/\\\/www.humanium.org\\\/fr\\\/?s={search_term_string}\"},\"query-input\":{\"@type\":\"PropertyValueSpecification\",\"valueRequired\":true,\"valueName\":\"search_term_string\"}}],\"inLanguage\":\"fr-FR\"}]}<\/script>\n<!-- \/ Yoast SEO plugin. -->","yoast_head_json":{"title":"Enfants d'Afrique du Sud - Humanium","robots":{"index":"index","follow":"follow","max-snippet":"max-snippet:-1","max-image-preview":"max-image-preview:large","max-video-preview":"max-video-preview:-1"},"canonical":"https:\/\/www.humanium.org\/fr\/afrique-du-sud-2\/","og_locale":"fr_FR","og_type":"article","og_title":"Enfants d'Afrique du Sud - Humanium","og_description":"Enfants d&rsquo;Afrique du Sud Concr\u00e9tiser les Droits de l&rsquo;Enfant en Afrique du Sud En raison de sa forte diversit\u00e9 culturelle, l&rsquo;Afrique du Sud est appel\u00e9e couramment \u00ab\u00a0un monde dans un pays\u00a0\u00bb. Contrast\u00e9e entre des zones urbaines sophistiqu\u00e9es et des zones rurales extr\u00eamement pauvres, elle est confront\u00e9e \u00e0 de nombreux d\u00e9fis, notamment en mati\u00e8re de Droits [&hellip;]","og_url":"https:\/\/www.humanium.org\/fr\/afrique-du-sud-2\/","og_site_name":"Humanium","article_modified_time":"2026-08-21T03:19:17+00:00","twitter_card":"summary_large_image","twitter_misc":{"Dur\u00e9e de lecture estim\u00e9e":"14 minutes"},"schema":{"@context":"https:\/\/schema.org","@graph":[{"@type":"WebPage","@id":"https:\/\/www.humanium.org\/fr\/afrique-du-sud-2\/","url":"https:\/\/www.humanium.org\/fr\/afrique-du-sud-2\/","name":"Enfants d'Afrique du Sud - Humanium","isPartOf":{"@id":"https:\/\/www.humanium.org\/fr\/#website"},"primaryImageOfPage":{"@id":"https:\/\/www.humanium.org\/fr\/afrique-du-sud-2\/#primaryimage"},"image":{"@id":"https:\/\/www.humanium.org\/fr\/afrique-du-sud-2\/#primaryimage"},"thumbnailUrl":"https:\/\/www.humanium.org\/fr\/wp-content\/uploads\/2011\/07\/afrique-sud-fille-digital-democracy-flickr.jpg","datePublished":"2011-11-06T18:00:54+00:00","dateModified":"2026-08-21T03:19:17+00:00","breadcrumb":{"@id":"https:\/\/www.humanium.org\/fr\/afrique-du-sud-2\/#breadcrumb"},"inLanguage":"fr-FR","potentialAction":[{"@type":"ReadAction","target":["https:\/\/www.humanium.org\/fr\/afrique-du-sud-2\/"]}]},{"@type":"ImageObject","inLanguage":"fr-FR","@id":"https:\/\/www.humanium.org\/fr\/afrique-du-sud-2\/#primaryimage","url":"https:\/\/www.humanium.org\/fr\/wp-content\/uploads\/2011\/07\/afrique-sud-fille-digital-democracy-flickr.jpg","contentUrl":"https:\/\/www.humanium.org\/fr\/wp-content\/uploads\/2011\/07\/afrique-sud-fille-digital-democracy-flickr.jpg"},{"@type":"BreadcrumbList","@id":"https:\/\/www.humanium.org\/fr\/afrique-du-sud-2\/#breadcrumb","itemListElement":[{"@type":"ListItem","position":1,"name":"Home","item":"https:\/\/www.humanium.org\/fr\/"},{"@type":"ListItem","position":2,"name":"Enfants d&rsquo;Afrique du Sud"}]},{"@type":"WebSite","@id":"https:\/\/www.humanium.org\/fr\/#website","url":"https:\/\/www.humanium.org\/fr\/","name":"Humanium","description":"Les enfants d\u2019abord !","potentialAction":[{"@type":"SearchAction","target":{"@type":"EntryPoint","urlTemplate":"https:\/\/www.humanium.org\/fr\/?s={search_term_string}"},"query-input":{"@type":"PropertyValueSpecification","valueRequired":true,"valueName":"search_term_string"}}],"inLanguage":"fr-FR"}]}},"_links":{"self":[{"href":"https:\/\/www.humanium.org\/fr\/wp-json\/wp\/v2\/pages\/38223","targetHints":{"allow":["GET"]}}],"collection":[{"href":"https:\/\/www.humanium.org\/fr\/wp-json\/wp\/v2\/pages"}],"about":[{"href":"https:\/\/www.humanium.org\/fr\/wp-json\/wp\/v2\/types\/page"}],"author":[{"embeddable":true,"href":"https:\/\/www.humanium.org\/fr\/wp-json\/wp\/v2\/users\/65"}],"replies":[{"embeddable":true,"href":"https:\/\/www.humanium.org\/fr\/wp-json\/wp\/v2\/comments?post=38223"}],"version-history":[{"count":31,"href":"https:\/\/www.humanium.org\/fr\/wp-json\/wp\/v2\/pages\/38223\/revisions"}],"predecessor-version":[{"id":62481,"href":"https:\/\/www.humanium.org\/fr\/wp-json\/wp\/v2\/pages\/38223\/revisions\/62481"}],"wp:attachment":[{"href":"https:\/\/www.humanium.org\/fr\/wp-json\/wp\/v2\/media?parent=38223"}],"curies":[{"name":"wp","href":"https:\/\/api.w.org\/{rel}","templated":true}]}}