{"id":38249,"date":"2012-05-16T07:44:56","date_gmt":"2012-05-16T07:44:56","guid":{"rendered":"http:\/\/www.humanium.org\/fr\/?page_id=19197"},"modified":"2025-12-10T02:43:31","modified_gmt":"2025-12-10T02:43:31","slug":"liberia","status":"publish","type":"page","link":"https:\/\/www.humanium.org\/fr\/liberia\/","title":{"rendered":"Enfant du Lib\u00e9ria"},"content":{"rendered":"\n<h2 class=\"wp-block-heading\">Concr\u00e9tiser les droits de l&rsquo;enfant au Lib\u00e9ria<\/h2>\n\n\n\n<div class=\"wp-block-columns is-layout-flex wp-container-core-columns-is-layout-8f761849 wp-block-columns-is-layout-flex\">\n<div class=\"wp-block-column is-layout-flow wp-block-column-is-layout-flow\"><div class=\"wp-block-image is-style-rounded\">\n<figure class=\"aligncenter size-large\"><img loading=\"lazy\" decoding=\"async\" width=\"200\" height=\"200\" src=\"https:\/\/www.humanium.org\/fr\/wp-content\/uploads\/2021\/05\/shutterstock_1730544811.jpg\" alt=\"\" class=\"wp-image-50210\" srcset=\"https:\/\/www.humanium.org\/fr\/wp-content\/uploads\/2021\/05\/shutterstock_1730544811.jpg 200w, https:\/\/www.humanium.org\/fr\/wp-content\/uploads\/2021\/05\/shutterstock_1730544811-150x150.jpg 150w\" sizes=\"auto, (max-width: 200px) 100vw, 200px\" \/><\/figure>\n<\/div><\/div>\n\n\n\n<div class=\"wp-block-column is-layout-flow wp-block-column-is-layout-flow\"><div class=\"wp-block-image is-style-rounded\">\n<figure class=\"aligncenter size-large\"><img loading=\"lazy\" decoding=\"async\" width=\"200\" height=\"200\" src=\"https:\/\/www.humanium.org\/fr\/wp-content\/uploads\/2021\/05\/shutterstock_1730544811-1.jpg\" alt=\"\" class=\"wp-image-50211\" srcset=\"https:\/\/www.humanium.org\/fr\/wp-content\/uploads\/2021\/05\/shutterstock_1730544811-1.jpg 200w, https:\/\/www.humanium.org\/fr\/wp-content\/uploads\/2021\/05\/shutterstock_1730544811-1-150x150.jpg 150w\" sizes=\"auto, (max-width: 200px) 100vw, 200px\" \/><\/figure>\n<\/div><\/div>\n<\/div>\n\n\n\n<p class=\"wp-block-paragraph\"><strong>Le Lib\u00e9ria a encore un long chemin \u00e0 parcourir pour assurer la reconnaissance et la mise en oeuvre efficace des droits de l\u2019enfant. Les pratiques culturelles et traditionnelles, encore tr\u00e8s pr\u00e9valantes dans la soci\u00e9t\u00e9 lib\u00e9rienne, et la tr\u00e8s jeune population du pays (41 % en dessous de 15 ans et un \u00e2ge m\u00e9dian de 19,1) repr\u00e9sentent un r\u00e9el d\u00e9fi pour les enfants et le <a href=\"https:\/\/www.humanium.org\/fr\/droits-enfant\/\">droit des enfants<\/a> au Lib\u00e9ria. <\/strong><\/p>\n\n\n\n<p class=\"wp-block-paragraph\"><strong>Les enfants manquent d\u2019acc\u00e8s \u00e0 une <a href=\"https:\/\/www.humanium.org\/fr\/comprendre-droits-enfant\/droit-a-l-education\/\">\u00e9ducation<\/a> de qualit\u00e9, aux installations sanitaires et aux services de sant\u00e9. Ils sont victimes de <a href=\"https:\/\/www.humanium.org\/fr\/pratiques-culturelles\/\">pratiques n\u00e9fastes<\/a> telles que le <a href=\"https:\/\/www.humanium.org\/fr\/mariage-enfants\/\">mariage d\u2019enfants<\/a>, <a href=\"https:\/\/www.humanium.org\/fr\/travail-des-enfants\/\">le travail forc\u00e9<\/a> ou <a href=\"https:\/\/www.humanium.org\/fr\/mutilations-genitales\/\">la maltraitance<\/a>. Ils peuvent aussi \u00eatre accus\u00e9s de sorcellerie et \u00eatre soumis \u00e0 des meurtres rituels et des c\u00e9r\u00e9monies d\u2019initiation forc\u00e9e comme <a href=\"https:\/\/www.humanium.org\/fr\/la-maltraitance-des-enfants\/\">la mutilation g\u00e9nitale f\u00e9minine.<\/a><\/strong><\/p>\n\n\n\n<iframe src=\"https:\/\/www.google.com\/maps\/embed?pb=!1m18!1m12!1m3!1d4060064.8967005615!2d-11.697002130281147!3d6.405965179560416!2m3!1f0!2f0!3f0!3m2!1i1024!2i768!4f13.1!3m3!1m2!1s0xf09f803d4a9fcc1%3A0x7fd3286b32d16373!2sLiberia!5e0!3m2!1sen!2shr!4v1620386385172!5m2!1sen!2shr\" width=\"600\" height=\"450\" style=\"border:0;\" allowfullscreen=\"\" loading=\"lazy\"><\/iframe>\n\n\n\n<div class=\"wp-block-columns is-layout-flex wp-container-core-columns-is-layout-8f761849 wp-block-columns-is-layout-flex\">\n<div class=\"wp-block-column is-layout-flow wp-block-column-is-layout-flow\">\n<p class=\"wp-block-paragraph\"><strong>Population :<\/strong>&nbsp;5,05 millions<br><strong>Pop. de 0 \u00e0 14 ans :<\/strong> 40,7 %<\/p>\n<\/div>\n\n\n\n<div class=\"wp-block-column is-layout-flow wp-block-column-is-layout-flow\">\n<p class=\"wp-block-paragraph\"><strong>Esp\u00e9rance de vie :<\/strong>&nbsp;63,7 ans<br><strong>Mortalit\u00e9 des moins de 5 ans :<\/strong>&nbsp;84.6 \u2030<\/p>\n<\/div>\n<\/div>\n\n\n\n<h2 class=\"wp-block-heading\"><strong>Coup d\u2019\u0153il sur le Lib\u00e9ria<\/strong><\/h2>\n\n\n\n<p class=\"wp-block-paragraph\">La R\u00e9publique du Lib\u00e9ria est un pays sub-saharien d\u2019Afrique de l\u2019Ouest dont le littoral est bord\u00e9 par l\u2019oc\u00e9an Atlantique. Sa capitale est Monrovia. Le pays partage ses fronti\u00e8res avec&nbsp; la<a href=\"https:\/\/www.humanium.org\/fr\/guinee\/\"> Guin\u00e9e<\/a> au Nord, la C\u00f4te d\u2019Ivoire \u00e0 l\u2019Est et le<a href=\"https:\/\/www.humanium.org\/fr\/sierra-leone\/\"> Sierra Leone<\/a> \u00e0 l\u2019Ouest. La langue officielle du pays est l\u2019anglais. Toutefois, plus de 30 autres langues indig\u00e8nes sont parl\u00e9es dans le pays.<\/p>\n\n\n\n<p class=\"wp-block-paragraph\">Les guerres civiles au Lib\u00e9ria (1989-1996 et 1999-2003) repr\u00e9sentent l\u2019un des conflits les&nbsp; plus violents d\u2019Afrique depuis son ind\u00e9pendance. Ces guerres civiles ont \u00e9t\u00e9 marqu\u00e9es par des violations g\u00e9n\u00e9ralis\u00e9es et syst\u00e9matiques des droits de l\u2019homme et du droit humanitaire international. Beaucoup d\u2019enfants ont \u00e9t\u00e9 enr\u00f4l\u00e9s en tant qu\u2019enfants-soldats et ont \u00e9t\u00e9 soumis \u00e0 des violences sexuelles et \u00e0 la torture. En plus de ces violations, la guerre a d\u00e9stabilis\u00e9 l\u2019\u00e9conomie du pays, laissant l\u2019\u00c9tat sans ressources et les Lib\u00e9riens restants dans la pr\u00e9carit\u00e9.<\/p>\n\n\n\n<p class=\"wp-block-paragraph\">L\u2019accord de paix d\u2019Accra de 2003 et la destitution du pr\u00e9sident Charles Taylor ont mis fin \u00e0 une guerre civile qui a provoqu\u00e9 le d\u00e9placement d\u2019environ 1 million de Lib\u00e9riens et caus\u00e9 la mort de 250\u2009000 personnes, notamment des enfants. En 2005, apr\u00e8s deux ans de gouvernement de transition, Ellen Johnson Sirleaf a \u00e9t\u00e9 \u00e9lue pr\u00e9sidente. C\u2019est la premi\u00e8re femme en Afrique a avoir \u00e9t\u00e9 \u00e9lue chef d\u2019\u00c9tat.<\/p>\n\n\n\n<p class=\"wp-block-paragraph\">Dans cette p\u00e9riode d\u2019apr\u00e8s-guerre, la pr\u00e9sidente Sirleaf a r\u00e9tabli une \u00e9conomie de march\u00e9 d\u00e9pendante des ressources naturelles, de l\u2019aide ext\u00e9rieure et des investissements directs \u00e9trangers. En 2013 et pendant 3 ans, l\u2019\u00e9pid\u00e9mie du virus Ebola a frapp\u00e9 le Lib\u00e9ria tuant environ 5\u2009000 Lib\u00e9riens provoquant une nouvelle r\u00e9cession. En 2018, George Weah a succ\u00e9d\u00e9 \u00e0 la pr\u00e9sidente Sirleaf en tant que pr\u00e9sident du Lib\u00e9ria.<\/p>\n\n\n\n<h2 class=\"wp-block-heading\"><strong>Statut des droits des enfants <a href=\"#_ftn1\"><strong>[1]<\/strong><\/a><\/strong><\/h2>\n\n\n\n<p class=\"wp-block-paragraph\">Depuis 1993, le Lib\u00e9ria est un \u00e9tat membre de la<a href=\"https:\/\/www.humanium.org\/fr\/convention\/\"> Convention relative aux droits de l\u2019enfant<\/a> et depuis 2007 de la<a href=\"https:\/\/www.humanium.org\/fr\/autres\/charte-africaine-droits-bien-etre-enfant\/\"> Charte africaine des droits et du bien-\u00eatre de l\u2019enfant<\/a>. En 2004, le pays a sign\u00e9 le<a href=\"https:\/\/www.humanium.org\/fr\/enfant-soldat\/\"> Protocole facultatif concernant l\u2019implication des enfants dans les conflits arm\u00e9s<\/a> et le<a href=\"https:\/\/www.humanium.org\/fr\/trafic-enfants\/\"> Protocole facultatif \u00e0 la Convention relative aux droits de l\u2019enfant, concernant la vente d\u2019enfants, la prostitution des enfants et la pornographie mettant en sc\u00e8ne des enfants<\/a>, mais ne parvient toujours pas \u00e0 les ratifier. (Comit\u00e9 des Droits de l\u2019Enfant, 2012, para 84). Cependant, malgr\u00e9 les recommandations du Comit\u00e9 des Droits de l\u2019Enfant, le Lib\u00e9ria n\u2019a pas sign\u00e9 le<a href=\"https:\/\/www.humanium.org\/fr\/convention\/protocole-3\/\"> Protocole facultatif \u00e0 la convention relative aux droits de l\u2019enfant \u00e9tablissant une proc\u00e9dure de pr\u00e9sentation de communications<\/a> et ne fournit pas de proc\u00e9dure de plainte individuelle au regard du CDE.<\/p>\n\n\n\n<p class=\"wp-block-paragraph\">Deux mesures importantes en mati\u00e8re de protection des droits de l\u2019enfant ont \u00e9t\u00e9 mises en place avec la loi de r\u00e9forme de l\u2019\u00e9ducation du 8 ao\u00fbt 2011 et la loi lib\u00e9rienne sur les enfants du 4 f\u00e9vrier 2012, int\u00e9grant ainsi la CDE dans le syst\u00e8me juridique national. Malgr\u00e9 ces initiatives, les lois du pays n\u2019offrent pas de protection concernant l\u2019\u00e2ge minimum du mariage, l\u2019adoption et la justice pour mineurs. <\/p>\n\n\n\n<p class=\"wp-block-paragraph\">De nombreuses avanc\u00e9es dans le domaine de la protection de l\u2019enfant ont vu le jour, telles que la Convention anti-corruption (2008), la loi sur le viol (2006) et la loi contre le trafic (2005). Le pays a m\u00eame mis en place la Commission Nationale Ind\u00e9pendante des Droits de l\u2019Homme en 2005, mais malgr\u00e9 tous ces efforts, l\u2019application de ces lois est difficile \u00e0 cause des faiblesses institutionnelles, de la corruption, du manque de vigilance du gouvernement et des contraintes financi\u00e8res et logistiques (HCDH, 2016).<\/p>\n\n\n\n<h2 class=\"wp-block-heading\"><strong>R\u00e9pondre aux besoins des enfants<\/strong><\/h2>\n\n\n\n<h3 class=\"wp-block-heading\"><a href=\"https:\/\/www.humanium.org\/fr\/comprendre-droits-enfant\/droit-a-l-education\/\"><strong>Droit \u00e0 l\u2019\u00e9ducation<\/strong><\/a><strong><\/strong><\/h3>\n\n\n\n<p class=\"wp-block-paragraph\">Les programmes d\u2019\u00e9ducation de la petite enfance (EPE) doivent \u00eatre accessibles \u00e0 tous les enfants et l\u2019\u00e9cole est gratuite et obligatoire jusqu\u2019\u00e0 la troisi\u00e8me (Loi sur la R\u00e9forme de l\u2019Education 2011). Toutefois, beaucoup d\u2019enfants n\u2019ont toujours pas acc\u00e8s \u00e0 une \u00e9ducation de base \u00e0 cause des frais d\u2019inscription, des examens d\u2019entr\u00e9e non-officiels, de la pauvret\u00e9 et du statut rural. (UNESCO, 2020) <\/p>\n\n\n<div class=\"wp-block-image\">\n<figure class=\"alignleft size-large is-resized\"><img loading=\"lazy\" decoding=\"async\" width=\"1024\" height=\"683\" src=\"https:\/\/www.humanium.org\/fr\/wp-content\/uploads\/2021\/05\/shutterstock_1730553541-1024x683.jpg\" alt=\"\" class=\"wp-image-50220\" style=\"width:344px;height:229px\" srcset=\"https:\/\/www.humanium.org\/fr\/wp-content\/uploads\/2021\/05\/shutterstock_1730553541-1024x683.jpg 1024w, https:\/\/www.humanium.org\/fr\/wp-content\/uploads\/2021\/05\/shutterstock_1730553541-300x200.jpg 300w, https:\/\/www.humanium.org\/fr\/wp-content\/uploads\/2021\/05\/shutterstock_1730553541-768x512.jpg 768w, https:\/\/www.humanium.org\/fr\/wp-content\/uploads\/2021\/05\/shutterstock_1730553541-1536x1024.jpg 1536w, https:\/\/www.humanium.org\/fr\/wp-content\/uploads\/2021\/05\/shutterstock_1730553541-2048x1365.jpg 2048w, https:\/\/www.humanium.org\/fr\/wp-content\/uploads\/2021\/05\/shutterstock_1730553541-830x553.jpg 830w, https:\/\/www.humanium.org\/fr\/wp-content\/uploads\/2021\/05\/shutterstock_1730553541-230x153.jpg 230w, https:\/\/www.humanium.org\/fr\/wp-content\/uploads\/2021\/05\/shutterstock_1730553541-350x233.jpg 350w, https:\/\/www.humanium.org\/fr\/wp-content\/uploads\/2021\/05\/shutterstock_1730553541-480x320.jpg 480w, https:\/\/www.humanium.org\/fr\/wp-content\/uploads\/2021\/05\/shutterstock_1730553541-272x182.jpg 272w\" sizes=\"auto, (max-width: 1024px) 100vw, 1024px\" \/><\/figure>\n<\/div>\n\n\n<p class=\"wp-block-paragraph\">De ce fait, le taux d\u2019alphab\u00e9tisation des jeunes au Lib\u00e9ria avoisine les 55% et le taux d\u2019inscription \u00e0 l\u2019\u00e9cole reste particuli\u00e8rement bas (\u00c9cole Primaire: 45,5%; Coll\u00e8ge: 21,1%; Lyc\u00e9e: 26,3%; Universit\u00e9: 6,8%). (Primson MS, 2018). En 2018, le gouvernement du pays a pris une premi\u00e8re mesure en instaurant la gratuit\u00e9 des frais de scolarit\u00e9 aux \u00e9l\u00e8ves de premier cycle. (Conseil des Droits de l\u2019Homme des Nations Unies, 2020.) L\u2019<a href=\"https:\/\/www.humanium.org\/fr\/comprendre-droits-enfant\/droit-a-l-education\/\">acc\u00e8s \u00e0 une \u00e9ducation de qualit\u00e9<\/a> est affect\u00e9 par la surscolarisation sous-jacente (Minist\u00e8re de l\u2019\u00c9ducation, 2016) qui entra\u00eene plus de d\u00e9crochage scolaire (UNICEF, 2012) et favorise l\u2019influence du statut social. (Primson MS, 2018)<\/p>\n\n\n\n<p class=\"wp-block-paragraph\">Aux autres probl\u00e8mes affectant l\u2019acc\u00e8s \u00e0 une \u00e9ducation de qualit\u00e9, s\u2019ajoute l\u2019absence de gestion des enseignants et la mauvaise qualit\u00e9 du syst\u00e8me \u00e9ducatif national. D\u2019un c\u00f4t\u00e9, le budget allou\u00e9 \u00e0 l\u2019\u00e9ducation est bien trop restreint. Le Plan d\u2019Action \u00c9ducation 2030 recommande d\u2019octroyer au moins 5% du PIB \u00e0 l\u2019\u00e9ducation. En 2017, le gouvernement du Lib\u00e9ria ne consacrait que 3,83% du PIB aux d\u00e9penses pour l\u2019\u00e9ducation. <\/p>\n\n\n\n<p class=\"wp-block-paragraph\">D\u2019autre part, l\u2019argent investi sert \u00e0 payer des enseignants \u00ab\u2009fant\u00f4mes\u2009\u00bb ou non qualifi\u00e9s (un tiers du personnel \u00e9ducatif n\u2019a pas les qualifications n\u00e9cessaires ou ment sur ses qualifications). Mais, plus grave encore, les ch\u00e2timents corporels lors d\u2019une punition sont toujours consid\u00e9r\u00e9s l\u00e9gaux en vertu du Code P\u00e9nal lib\u00e9rien et de la Loi Protection de l\u2019Enfance de 2011 (Article 5 [8] du Code P\u00e9nal de 1976\u2009; Article 7 [7] Loi Protection de l\u2019Enfance 2011) (UNESCO, 2020).<\/p>\n\n\n\n<h3 class=\"wp-block-heading\"><a href=\"https:\/\/www.humanium.org\/fr\/comprendre-droits-enfant\/droit-a-la-sante\/\"><strong>Droit \u00e0 la sant\u00e9<\/strong><\/a><\/h3>\n\n\n\n<p class=\"wp-block-paragraph\">Le Lib\u00e9ria est consid\u00e9r\u00e9 comme l\u2019un des pays les plus humides au monde. Pourtant, environ 90% de sa population n\u2019a pas acc\u00e8s \u00e0<a href=\"https:\/\/www.humanium.org\/fr\/situation-monde\/droit-a-l-eau\/\"> l\u2019eau potable<\/a> et aux <a href=\"https:\/\/www.humanium.org\/fr\/comprendre-droits-enfant\/droit-a-la-sante\/\">services d\u2019hygi\u00e8ne<\/a>. Les enfants n\u2019ont pas acc\u00e8s aux \u00e9l\u00e9ments de base de la vie et cela entraine des taux \u00e9lev\u00e9s de<a href=\"https:\/\/www.humanium.org\/fr\/mortalite-infantile\/\"> maladies diarrh\u00e9iques, de malnutrition infantile et de maladies infectieuses<\/a> (UNICEF, n.d.). Dans le pays, le manque d\u2019installations EAH (eau, assainissement, hygi\u00e8ne) entra\u00eene un taux \u00e9lev\u00e9 de d\u00e9crochage scolaire chez les enfants, et plus particuli\u00e8rement chez les<a href=\"https:\/\/www.humanium.org\/fr\/droits-des-filles\/\"> filles<\/a>.<\/p>\n\n\n\n<p class=\"wp-block-paragraph\">Les enfants et les adolescents n\u2019ont pas toujours acc\u00e8s aux services de sant\u00e9 sexuelle et reproductive. Ils ne sont pas sensibilis\u00e9s et n\u2019ont pas acc\u00e8s aux mesures et moyens de contraception, ce qui entraine un taux \u00e9lev\u00e9 de grossesses pr\u00e9coces chez les adolescentes. En raison du manque de services de sant\u00e9, la pr\u00e9vention de la transmission du VIH de m\u00e8re \u00e0 enfant reste un v\u00e9ritable d\u00e9fi (Conseil des Droits de l\u2019Homme des Nations Unies, 2020). Environ 1% de la population est porteur du<a href=\"https:\/\/www.humanium.org\/fr\/enfant-et-sida\/\"> VIH\/SIDA<\/a>, dont 4\u2009000 enfants de moins de 14 ans.<\/p>\n\n\n\n<p class=\"wp-block-paragraph\">En raison du manque d\u2019acc\u00e8s \u00e0 l\u2019avortement et de l\u2019interdiction g\u00e9n\u00e9rale de celui-ci, la pratique d\u2019avortements clandestins non s\u00e9curis\u00e9s entra\u00eene souvent la mort de la m\u00e8re. Les nouveau-n\u00e9s ne re\u00e7oivent donc pas les soins maternels indispensables. Chaque ann\u00e9e, 13\u2009500 enfants de moins de 5 ans meurent de<a href=\"https:\/\/www.humanium.org\/fr\/enfants-malades\/\"> maladies curables<\/a>, et notamment d\u2019affections n\u00e9onatales, de malaria, de pneumonie, de maladies diarrh\u00e9iques et de la rougeole (UNICEF, 2019).<\/p>\n\n\n\n<p class=\"wp-block-paragraph\">Un autre fait alarmant est la grave p\u00e9nurie de professionnels de la sant\u00e9 au Lib\u00e9ria.&nbsp; Avec 12 agents de sant\u00e9 pour 10\u2009000 habitants, le Lib\u00e9ria ne dispose que de la moiti\u00e9 des 23 agents recommand\u00e9s par l\u2019OMS pour d\u00e9livrer les soins essentiels de sant\u00e9 maternelle et infantile \u00e0 toute la population (Front Public Health, 2019). A cause de cette p\u00e9nurie, l\u2019acc\u00e8s aux soins de sant\u00e9 pour les enfants de familles d\u00e9favoris\u00e9es est tr\u00e8s compliqu\u00e9.<\/p>\n\n\n\n<h3 class=\"wp-block-heading\"><a href=\"https:\/\/www.humanium.org\/fr\/situation-monde\/droit-a-l-identite\/\"><strong>Droit \u00e0 l\u2019identit\u00e9<\/strong><\/a><\/h3>\n\n\n\n<p class=\"wp-block-paragraph\">Le Lib\u00e9ria a l\u2019un des <a href=\"https:\/\/www.humanium.org\/fr\/enfants-sans-identite\/\">plus faibles taux d\u2019enregistrement des naissances<\/a> de toute l\u2019Afrique de l\u2019Ouest. Seuls 25% des enfants de moins de 5 ans sont enregistr\u00e9s \u00e0 la naissance (UNICEF Lib\u00e9ria, 2020). L\u2019enregistrement des naissances est fondamental pour fournir aux enfants une identit\u00e9 l\u00e9gale ainsi que l\u2019acc\u00e8s aux services suivants :<a href=\"https:\/\/www.humanium.org\/fr\/comprendre-droits-enfant\/droit-a-l-education\/\"> \u00e9ducation<\/a>, <a href=\"https:\/\/www.humanium.org\/fr\/comprendre-droits-enfant\/droit-a-la-sante\/\">soins m\u00e9dicaux<\/a> et autres services de base.<\/p>\n\n\n\n<p class=\"wp-block-paragraph\">Un syst\u00e8me a \u00e9t\u00e9 mis en place pour augmenter l\u2019enregistrement des naissances dans les \u00e9tablissements de sant\u00e9 publique et dans les centres de service du pays. Ce syst\u00e8me propose la d\u00e9livrance gratuite d\u2019un certificat de naissance diff\u00e9r\u00e9; pour les enfants de 0 \u00e0 5 ans dans les \u00e9tablissements de sant\u00e9; et pour les enfants de 0 \u00e0 12 ans au Bureau of Vital Statistics pour l&rsquo;enregistrement des naissances et le certificat de d\u00e9c\u00e8s. Malgr\u00e9 ces avanc\u00e9es, le taux d\u2019enregistrement des naissances demeure faible au Lib\u00e9ria, surtout dans les zones rurales. <\/p>\n\n\n\n<p class=\"wp-block-paragraph\">Avec l\u2019aide du<a href=\"https:\/\/www.humanium.org\/fr\/france\/\"> gouvernement fran\u00e7ais<\/a>, le nombre de centres d\u2019enregistrement des naissances dans le pays est pass\u00e9 de 15 en 2018 \u00e0 32 \u00e0 la mi-2020. Ce syst\u00e8me de centres d\u2019enregistrement des naissances couvre jusqu\u2019\u00e0 98% du territoire lib\u00e9rien. (UNICEF Liberia, 2020)&nbsp; Plus de 5\u2009000 enfants de moins de 5 ans vont \u00eatre enregistr\u00e9s et obtenir leur certificat de naissance gr\u00e2ce \u00e0 l\u2019aide du gouvernement <a href=\"https:\/\/www.humanium.org\/fr\/france\/\">fran\u00e7ais<\/a>.<\/p>\n\n\n\n<p class=\"wp-block-paragraph\">L\u2019autre probl\u00e8me dominant concerne le droit \u00e0 la nationalit\u00e9 et plus particuli\u00e8rement la Loi sur les Etrangers et la Nationalit\u00e9 de 1973, qui d\u00e9finit<a href=\"https:\/\/www.humanium.org\/fr\/enfants-sans-identite\/\"> la citoyennet\u00e9<\/a> selon deux principes: le <em>jus soli<\/em> (le droit du sol) et le <em>jus sanguinis<\/em> (le droit du sang). Par cons\u00e9quent, le chapitre 20 de la Loi sur les Etrangers et la Nationalit\u00e9 et l\u2019article 27 de la constitution lib\u00e9rienne limitent la citoyennet\u00e9 par la naissance \u00e0 un enfant de race lib\u00e9rienne indig\u00e8ne ou descendant d\u2019une race lib\u00e9rienne indig\u00e8ne (\u00a7 20,1 a. de la Loi sur les Etrangers et la Nationalit\u00e9 de 1973). <\/p>\n\n\n\n<p class=\"wp-block-paragraph\">Cette l\u00e9gislation emp\u00eache aux femmes de transmettre la <a href=\"https:\/\/www.humanium.org\/fr\/situation-monde\/droit-a-l-identite\/\">nationalit\u00e9<\/a> lib\u00e9rienne \u00e0 leurs enfants s\u2019ils sont n\u00e9s d\u2019une femme lib\u00e9rienne mari\u00e9e \u00e0 un non-lib\u00e9rien rencontr\u00e9 en dehors du pays (\u00a7 20,1 b) Loi sur les Etrangers et la Nationalit\u00e9 de 1973). Elle viole les droits de la femme (Article 9 [2] CEDAW), les droits de l\u2019enfant (Article 7 CRC) et les droits civils et politiques (Article 24 [1] PIDCP), mais aussi la Constitution du Liberia (article 28 de la Constitution de la R\u00e9publique du Liberia).<\/p>\n\n\n\n<h2 class=\"wp-block-heading\"><strong>Facteurs risques \u2014 Probl\u00e8mes sp\u00e9cifiques au pays<\/strong><\/h2>\n\n\n\n<h3 class=\"wp-block-heading\"><a href=\"https:\/\/www.humanium.org\/fr\/enfants-pauvres\/\"><strong>Pauvret\u00e9<\/strong><\/a><\/h3>\n\n\n<div class=\"wp-block-image\">\n<figure class=\"alignright size-large is-resized\"><img loading=\"lazy\" decoding=\"async\" width=\"1024\" height=\"683\" src=\"https:\/\/www.humanium.org\/fr\/wp-content\/uploads\/2021\/05\/shutterstock_1730537446-1-1024x683.jpg\" alt=\"\" class=\"wp-image-50225\" style=\"width:309px;height:205px\" srcset=\"https:\/\/www.humanium.org\/fr\/wp-content\/uploads\/2021\/05\/shutterstock_1730537446-1-1024x683.jpg 1024w, https:\/\/www.humanium.org\/fr\/wp-content\/uploads\/2021\/05\/shutterstock_1730537446-1-300x200.jpg 300w, https:\/\/www.humanium.org\/fr\/wp-content\/uploads\/2021\/05\/shutterstock_1730537446-1-768x512.jpg 768w, https:\/\/www.humanium.org\/fr\/wp-content\/uploads\/2021\/05\/shutterstock_1730537446-1-1536x1024.jpg 1536w, https:\/\/www.humanium.org\/fr\/wp-content\/uploads\/2021\/05\/shutterstock_1730537446-1-2048x1365.jpg 2048w, https:\/\/www.humanium.org\/fr\/wp-content\/uploads\/2021\/05\/shutterstock_1730537446-1-830x553.jpg 830w, https:\/\/www.humanium.org\/fr\/wp-content\/uploads\/2021\/05\/shutterstock_1730537446-1-230x153.jpg 230w, https:\/\/www.humanium.org\/fr\/wp-content\/uploads\/2021\/05\/shutterstock_1730537446-1-350x233.jpg 350w, https:\/\/www.humanium.org\/fr\/wp-content\/uploads\/2021\/05\/shutterstock_1730537446-1-480x320.jpg 480w, https:\/\/www.humanium.org\/fr\/wp-content\/uploads\/2021\/05\/shutterstock_1730537446-1-272x182.jpg 272w\" sizes=\"auto, (max-width: 1024px) 100vw, 1024px\" \/><\/figure>\n<\/div>\n\n\n<p class=\"wp-block-paragraph\">Environ 64% de la population vit sous le seuil de pauvret\u00e9 et l\u2019\u00e9conomie sous-d\u00e9velopp\u00e9e du pays<a href=\"https:\/\/www.humanium.org\/fr\/comprendre-droits-enfant\/protection\/\"> met en danger la vie<\/a> de beaucoup de Lib\u00e9riens. Le manque de moyens financiers est \u00e0 l\u2019origine de nombreux dysfonctionnements au Lib\u00e9ria, comme le manque d\u2019acc\u00e8s \u00e0 des services de sant\u00e9 de qualit\u00e9 et aux sanitaires. De plus, beaucoup d\u2019enfants n\u2019ont pas acc\u00e8s \u00e0 une \u00e9ducation de qualit\u00e9 car ils sont <a href=\"https:\/\/www.humanium.org\/fr\/travail-des-enfants\/\">contraints de travailler<\/a> (Fonds Mon\u00e9taire International, 2021).<\/p>\n\n\n\n<p class=\"wp-block-paragraph\"><a href=\"https:\/\/www.humanium.org\/fr\/enfants-pauvres\/\">La pauvret\u00e9 chez les enfants<\/a> cr\u00e9e des probl\u00e8mes \u00e0 un moment crucial de leur d\u00e9veloppement physique, social et mental. Le manque de <a href=\"https:\/\/www.humanium.org\/fr\/comprendre-droits-enfant\/droit-a-l-alimentation\/\">nourriture<\/a>, de soins m\u00e9dicaux, d\u2019\u00e9ducation, de s\u00e9curit\u00e9 et la violence domestique peuvent avoir des cons\u00e9quences dramatiques chez les enfants. Cette situation perp\u00e9tue le transfert interg\u00e9n\u00e9rationnel de la pauvret\u00e9 et de la d\u00e9linquance, et peut entra\u00eener diff\u00e9rentes formes de d\u00e9pendances (Fonds Mon\u00e9taire International, 2011)<\/p>\n\n\n\n<h3 class=\"wp-block-heading\"><a href=\"https:\/\/www.humanium.org\/fr\/discriminations\/\"><strong>Discrimination<\/strong><\/a><\/h3>\n\n\n\n<p class=\"wp-block-paragraph\">Malgr\u00e9 l\u2019int\u00e9gration du<a href=\"https:\/\/www.humanium.org\/fr\/discriminations\/\"> principe de non-discrimination<\/a> \u00e0 la Constitution du Lib\u00e9ria, les enfants du Lib\u00e9ria sont toujours confront\u00e9s aux probl\u00e8mes de discrimination. <a href=\"https:\/\/www.humanium.org\/fr\/enfants-handicapes\/\">Les enfants handicap\u00e9s<\/a> sont souvent stigmatis\u00e9s, abandonn\u00e9s, d\u00e9laiss\u00e9s, et expos\u00e9s \u00e0 des risques, notamment la mort, et\/ou \u00e0 des traitements inhumains et d\u00e9gradants. (D\u00e9partement d\u2019Etat des Etats Unis, 2018).<\/p>\n\n\n\n<p class=\"wp-block-paragraph\">Au Lib\u00e9ria, la<a href=\"https:\/\/www.humanium.org\/fr\/discriminations\/\"> discrimination<\/a> \u00e0 l\u2019encontre des <a href=\"https:\/\/www.humanium.org\/fr\/enfant-et-sida\/\">enfants atteints du VIH\/SIDA<\/a>, atteints de troubles psychosociaux, des survivants de la maladie \u00e0 virus Ebola, et des enfants atteints d\u2019albinisme persiste. (Comit\u00e9 des Droits de l\u2019Homme, 2018) La Loi sur les Etrangers et la Nationalit\u00e9 et la Constitution n\u2019ont pas de r\u00e9glementation concernant la discrimination \u00e0 l\u2019\u00e9gard des femmes. Pire encore, ils contiennent des lois discriminatoires bas\u00e9es sur le sexe et l\u2019origine ethnique en ce qui concerne la jouissance du droit \u00e0 la nationalit\u00e9 et \u00e0 la naturalisation (Conseil des Droits de l\u2019Homme, 2020).<\/p>\n\n\n\n<p class=\"wp-block-paragraph\">Au Lib\u00e9ria, les relations sexuelles entre adultes consentants du m\u00eame sexe sont encore criminalis\u00e9es et punies par de lourdes peines. Le mariage homosexuel est lui aussi interdit. Les personnes LGBTI, y compris les enfants, subissent une discrimination sociale et l\u00e9gislative et sont donc tr\u00e8s stigmatis\u00e9es. Elles n\u2019ont pas acc\u00e8s aux m\u00eames droits que les autres citoyens, et la violence inflig\u00e9e par des acteurs \u00e9tatiques ou non \u00e9tatiques en raison de leur orientation sexuelle et de leur identit\u00e9 de genre, est exacerb\u00e9e par l\u2019absence d\u2019enqu\u00eates efficaces (Conseil des droits de l\u2019homme des Nations Unies, 2020). Toutes ces formes de <a href=\"https:\/\/www.humanium.org\/fr\/discriminations\/\">discrimination<\/a> d\u00e9coulent du manque d\u2019acc\u00e8s \u00e0 l\u2019\u00e9ducation et de l\u2019exclusion de ces enfants de la soci\u00e9t\u00e9, et contribuent \u00e0 la transmission de la pauvret\u00e9 de g\u00e9n\u00e9ration en g\u00e9n\u00e9ration.<\/p>\n\n\n\n<h3 class=\"wp-block-heading\"><a href=\"https:\/\/www.humanium.org\/fr\/travail-des-enfants\/\"><strong>Travail des enfants<\/strong><\/a><\/h3>\n\n\n\n<p class=\"wp-block-paragraph\"><a href=\"https:\/\/www.humanium.org\/fr\/travail-des-enfants\/\">Le travail des enfants<\/a> les prive d\u2019\u00e9ducation et les expose \u00e0 de graves risques sanitaires. Ce manque d\u2019\u00e9ducation perp\u00e9tue ainsi le cycle interg\u00e9n\u00e9rationnel de la pauvret\u00e9 (Avocats sans fronti\u00e8res, 2018). Selon une \u00e9tude, 15% des enfants lib\u00e9riens ont \u00e9t\u00e9 confront\u00e9s au<a href=\"https:\/\/www.humanium.org\/fr\/travail-des-enfants\/\"> travail forc\u00e9<\/a>. (UNCIEF, 2019) Les enfants sont contraints de travailler comme vendeurs de rue, mendiants ou domestiques, et aux pires formes de<a href=\"https:\/\/www.humanium.org\/fr\/travail-des-enfants\/\"> travail forc\u00e9 <\/a>comme la fabrication du caoutchouc et l\u2019exploitation mini\u00e8re. Malgr\u00e9 une recommandation du Comit\u00e9 des Droits de l\u2019Homme en 2018 et des efforts pour lutter contre ces formes de<a href=\"https:\/\/www.humanium.org\/fr\/travail-des-enfants\/\"> travail des enfants<\/a> dans le code p\u00e9nal et la loi lib\u00e9rienne sur les enfants, le gouvernement ne parvient pas \u00e0 mettre en place un plan d\u2019action national et \u00e0 faire appliquer les dispositions relatives au travail forc\u00e9 figurant dans le Code p\u00e9nal et la Loi Protection de l\u2019Enfance.<\/p>\n\n\n\n<h3 class=\"wp-block-heading\"><a href=\"https:\/\/www.humanium.org\/fr\/exploitation-sexuelle-enfants\/\"><strong>Exploitation sexuelle des enfants<\/strong><\/a><strong><\/strong><\/h3>\n\n\n\n<p class=\"wp-block-paragraph\">Le viol est le deuxi\u00e8me crime grave le plus souvent signal\u00e9 au Lib\u00e9ria et est un h\u00e9ritage de la guerre civile qui dure depuis 14 ans. (HCDH, 2016) Pendant la guerre, entre 61,4 et 77,4% de femmes et de<a href=\"https:\/\/www.humanium.org\/fr\/droits-des-filles\/\"> fillettes<\/a> ont \u00e9t\u00e9 viol\u00e9es au Lib\u00e9ria. (HCDC, 2016) La plupart des agresseurs sont connus des victimes et sont des membres de leur village, des parents ou des voisins. Environ 80% des victimes de viols sont \u00e2g\u00e9es de moins de 18 ans, y compris des<a href=\"https:\/\/www.humanium.org\/fr\/droits-des-filles\/\"> fillettes<\/a> de moins de 5 ans. (HCDC, 2020) Malgr\u00e9 l\u2019application de la Loi sur le viol de 2005 qui modifie le Code p\u00e9nal de 1976, le Tribunal Sp\u00e9cial, le Tribunal E, les poursuites et les condamnations pour viol restent faibles (environ 2%).<\/p>\n\n\n\n<p class=\"wp-block-paragraph\">Les obstacles \u00e0 la mise en \u0153uvre de la justice sont les faiblesses institutionnelles, la corruption, le manque de diligence du gouvernement, les contraintes logistiques et financi\u00e8res, l\u2019influence des acteurs traditionnels, les pratiques culturelles et patriarcales ainsi que les st\u00e9r\u00e9otypes de genre.<\/p>\n\n\n\n<h3 class=\"wp-block-heading\"><a href=\"https:\/\/www.humanium.org\/fr\/mariage-enfants\/\"><strong>Mariage d\u2019enfants<\/strong><\/a><\/h3>\n\n\n\n<p class=\"wp-block-paragraph\">Le Lib\u00e9ria fait partie des 20 pays o\u00f9 le taux de<a href=\"https:\/\/www.humanium.org\/fr\/mariage-enfants\/\"> mariages d\u2019enfants<\/a> est le plus \u00e9lev\u00e9 au monde. L\u2019influence de l\u2019in\u00e9galit\u00e9 des sexes sur le mariage forc\u00e9 et le mariage d\u2019enfants le d\u00e9montre. En effet, pour 36% de<a href=\"https:\/\/www.humanium.org\/fr\/droits-des-filles\/\"> filles<\/a> mari\u00e9es avant l\u2019\u00e2ge de 18 ans (9% avant l\u2019\u00e2ge de 15 ans), seulement 5% des gar\u00e7ons sont mari\u00e9s au m\u00eame \u00e2ge. (UNICEF, 2019) Au Lib\u00e9ria les raisons principales amenant au<a href=\"https:\/\/www.humanium.org\/fr\/mariage-enfants\/\"> mariage d\u2019enfants<\/a> sont la pauvret\u00e9, le niveau d\u2019\u00e9ducation, les pratiques traditionnelles n\u00e9fastes et le niveau \u00e9lev\u00e9 d\u2019in\u00e9galit\u00e9 entre les sexes (Girls not brides, 2020).<\/p>\n\n\n<div class=\"wp-block-image\">\n<figure class=\"alignleft size-large is-resized\"><img loading=\"lazy\" decoding=\"async\" width=\"1024\" height=\"683\" src=\"https:\/\/www.humanium.org\/fr\/wp-content\/uploads\/2021\/05\/shutterstock_1730553028-1024x683.jpg\" alt=\"\" class=\"wp-image-50223\" style=\"width:363px;height:242px\" srcset=\"https:\/\/www.humanium.org\/fr\/wp-content\/uploads\/2021\/05\/shutterstock_1730553028-1024x683.jpg 1024w, https:\/\/www.humanium.org\/fr\/wp-content\/uploads\/2021\/05\/shutterstock_1730553028-300x200.jpg 300w, https:\/\/www.humanium.org\/fr\/wp-content\/uploads\/2021\/05\/shutterstock_1730553028-768x512.jpg 768w, https:\/\/www.humanium.org\/fr\/wp-content\/uploads\/2021\/05\/shutterstock_1730553028-1536x1024.jpg 1536w, https:\/\/www.humanium.org\/fr\/wp-content\/uploads\/2021\/05\/shutterstock_1730553028-2048x1365.jpg 2048w, https:\/\/www.humanium.org\/fr\/wp-content\/uploads\/2021\/05\/shutterstock_1730553028-830x553.jpg 830w, https:\/\/www.humanium.org\/fr\/wp-content\/uploads\/2021\/05\/shutterstock_1730553028-230x153.jpg 230w, https:\/\/www.humanium.org\/fr\/wp-content\/uploads\/2021\/05\/shutterstock_1730553028-350x233.jpg 350w, https:\/\/www.humanium.org\/fr\/wp-content\/uploads\/2021\/05\/shutterstock_1730553028-480x320.jpg 480w, https:\/\/www.humanium.org\/fr\/wp-content\/uploads\/2021\/05\/shutterstock_1730553028-272x182.jpg 272w\" sizes=\"auto, (max-width: 1024px) 100vw, 1024px\" \/><\/figure>\n<\/div>\n\n\n<p class=\"wp-block-paragraph\">La l\u00e9gislation nationale, Loi sur les Relations Familiales 1973, fixe l\u2019\u00e2ge l\u00e9gal du mariage \u00e0 18 ans pour les<a href=\"https:\/\/www.humanium.org\/fr\/droits-des-filles\/\"> filles<\/a> et \u00e0 21 ans pour les gar\u00e7ons. En 2012, la Loi Protection de l\u2019Enfance lib\u00e9rienne a supprim\u00e9 les exceptions permettant un mariage au-del\u00e0 de l\u2019\u00e2ge de 16 ans (avant 18 ans). Cette suppression est affaiblie par l\u2019absence d\u2019abrogation de la section 2.2 de la Loi sur les Relations Familiales lib\u00e9rienne qui permet un tel arrangement. Malgr\u00e9 les efforts pour abolir le mariage d\u2019enfants, le manque de coh\u00e9rence des lois statutaires et coutumi\u00e8res, les campagnes de sensibilisation massives et l\u2019engagement aupr\u00e8s des chefs locaux et traditionnels ont entra\u00een\u00e9 la g\u00e9n\u00e9ralisation de la pratique continue du<a href=\"https:\/\/www.humanium.org\/fr\/mariage-enfants\/\"> mariage pr\u00e9coce forc\u00e9<\/a>. (UNICEF, 2019)<\/p>\n\n\n\n<h3 class=\"wp-block-heading\"><a href=\"https:\/\/www.humanium.org\/fr\/mutilations-genitales\/\"><strong>Mutilations g\u00e9nitales f\u00e9minines (MGF)<\/strong><\/a><\/h3>\n\n\n\n<p class=\"wp-block-paragraph\"><a href=\"https:\/\/www.humanium.org\/fr\/mutilations-genitales\/\">La mutilation g\u00e9nitale f\u00e9minine (MGF),<\/a> aussi connue sous le nom de circoncision f\u00e9minine, est une pratique qui consiste \u00e0 retirer une partie ou l\u2019int\u00e9gralit\u00e9 des organes g\u00e9nitaux externes de la fille ou de la femme, ou \u00e0 les mutiler d\u2019une quelconque autre fa\u00e7on, pour des raisons culturelles ou autres que th\u00e9rapeutiques. (OMS, UNICEF, et FNUAP, 1997) Des soci\u00e9t\u00e9s tribales secr\u00e8tes, comme les <em>Sande<\/em>, \u00ab\u2009\u00e9coles de brousse\u2009\u00bb, et leurs chefs traditionnels et communautaires continuent de perp\u00e9trer cette pratique culturelle barbare g\u00e9n\u00e9ralement dans le cadre de rites d\u2019initiation. Au Lib\u00e9ria, 40% des femmes \u00e2g\u00e9es de 16 \u00e0 45 ans ont subi une MGF. (Minist\u00e8re de la Sant\u00e9 et de la Protection Sociale, 2020)<\/p>\n\n\n\n<p class=\"wp-block-paragraph\">Malgr\u00e9 l\u2019interdiction par d\u00e9cret pr\u00e9sidentiel en 2018 de cette pratique culturelle et de cette tradition pour les filles de moins de 18 ans ou pour les femmes non consentantes, le gouvernement lib\u00e9rien n\u2019a pas encore mis en \u0153uvre de l\u00e9gislation interdisant les<a href=\"https:\/\/www.humanium.org\/fr\/mutilations-genitales\/\"> MGF<\/a>.(Conseil des Droits de l\u2019Homme, 2020) Un projet de loi autonome contre les MGF a \u00e9t\u00e9 r\u00e9dig\u00e9 et soumis pour examen, mais il n\u2019a toujours pas \u00e9t\u00e9 int\u00e9gr\u00e9 dans le syst\u00e8me juridique national. (Conseil des Droits de l\u2019Homme, 2020) Bien au contraire, les dispositions sanctionnant les<a href=\"https:\/\/www.humanium.org\/fr\/mutilations-genitales\/\"> MGF<\/a> ont \u00e9t\u00e9 supprim\u00e9es de la Loi sur la Violence Domestique, mettant les filles et les femmes en grand danger.<\/p>\n\n\n\n<h3 class=\"wp-block-heading\"><strong>Rites d\u2019initiation forc\u00e9s<\/strong><\/h3>\n\n\n\n<p class=\"wp-block-paragraph\">La plupart des rites d\u2019initiation forc\u00e9s sont fond\u00e9s sur des principes patriarcaux et des st\u00e9r\u00e9otypes profond\u00e9ment ancr\u00e9s dans la soci\u00e9t\u00e9 et dans la famille. Les soci\u00e9t\u00e9s tribales les consid\u00e8rent notamment comme un rite de passage \u00e0 l\u2019\u00e2ge adulte.&nbsp;<\/p>\n\n\n\n<p class=\"wp-block-paragraph\">Un rituel d\u2019initiation similaire existe pour les gar\u00e7ons et les adolescents de sexe masculin. La plupart du temps, ces rites commencent par<a href=\"https:\/\/www.humanium.org\/fr\/enfants-disparus\/\"> l\u2019enl\u00e8vement<\/a> du gar\u00e7on ou de l\u2019adolescent. Les initiations sont organis\u00e9es pour initier les personnes ne faisant pas partie de la tribu, \u00e0 ses valeurs culturelles traditionnelles ainsi qu\u2019aux contraintes et obligations de l\u2019\u00e2ge adulte. Ces soci\u00e9t\u00e9s secr\u00e8tes, comme la soci\u00e9t\u00e9 Poro, initient souvent de force des individus non membres qui ne respectent pas les r\u00e8gles de la soci\u00e9t\u00e9, qui violent un terrain sacr\u00e9 ou qui perturbent les activit\u00e9s de la soci\u00e9t\u00e9. (HCDH, 2015) Ces pratiques doivent \u00eatre gard\u00e9es secr\u00e8tes et les violations de ce code de soci\u00e9t\u00e9 entra\u00eenent souvent de graves punitions telles que des meurtres. (HCDH, 2015)<\/p>\n\n\n\n<p class=\"wp-block-paragraph\">Malgr\u00e9 la condamnation de l\u2019enl\u00e8vement et de l\u2019initiation forc\u00e9e en tant qu\u2019infraction p\u00e9nale, en vertu de la loi lib\u00e9rienne, et la violation de nombreux droits de l\u2019homme, ces c\u00e9r\u00e9monies d\u2019initiation sont toujours tr\u00e8s r\u00e9pandues et le gouvernement ne peut ou ne veut pas s\u2019attaquer \u00e0 ce probl\u00e8me de mani\u00e8re efficace. (HCDC, 2015) Les violations des droits de l\u2019homme susmentionn\u00e9es comprennent le droit \u00e0 la libert\u00e9 de pens\u00e9e, de conscience et de religion, le droit \u00e0 la libert\u00e9 de circulation, le droit de ne pas \u00eatre d\u00e9tenu arbitrairement, le droit de \u00e0 la non-discrimination en raison de la religion ou de l\u2019appartenance ethnique, ainsi que le droit \u00e0 la protection contre la torture, les initiations infligeant de grandes souffrances et douleurs.<\/p>\n\n\n\n<h3 class=\"wp-block-heading\"><strong>Sorcellerie<\/strong><\/h3>\n\n\n\n<p class=\"wp-block-paragraph\">Les enfants accus\u00e9s de sorcellerie sont contraints d\u2019avouer leurs fautes ou d\u2019\u00eatre examin\u00e9s par un sorcier utilisant des m\u00e9thodes qui, en soi, constituent de mauvais traitements, par exemple, leur enfoncer un hame\u00e7on dans la gorge ou leur poser une machette br\u00fblante sur la peau. Les enfants qui avouent ou qui sont soup\u00e7onn\u00e9s d\u2019avoir utilis\u00e9 la sorcellerie, sont soumis \u00e0 des rituels de \u00ab\u2009purification\u2009\u00bb et sont punis. En guise de punition, ils peuvent \u00eatre priv\u00e9s d\u2019\u00e9ducation, ras\u00e9s en public et s\u00e9par\u00e9s de leurs familles afin de vivre aupr\u00e8s d\u2019un sorcier ou d\u2019un proph\u00e8te. Les enfants accus\u00e9s de sorcellerie sont souvent victimes d\u2019abus et de violences sexuelles et psychologiques, vivant souvent dans la rue et arborant des traumatismes physiques et psychologiques. (HCDH, 2015)<\/p>\n\n\n\n<h3 class=\"wp-block-heading\"><a href=\"https:\/\/www.humanium.org\/fr\/justice\/\"><strong>Justice des enfants<\/strong><\/a><\/h3>\n\n\n\n<p class=\"wp-block-paragraph\">En septembre 2011, la division de la justice pour enfants du Minist\u00e8re de la Justice du Lib\u00e9ria a fait un pas en avant en \u00e9tablissant un<a href=\"https:\/\/www.humanium.org\/fr\/justice-juvenile\/\"> syst\u00e8me de justice pour mineurs<\/a>. Malgr\u00e9 le mandat l\u00e9gislatif pour la cr\u00e9ation d\u2019un tribunal pour mineurs dans chaque comt\u00e9 du pays, le seul tribunal pour mineurs se trouve dans le comt\u00e9 de Montserrado. Dans les 15 autres comt\u00e9s, les tribunaux d\u2019instance font office de tribunaux pour enfants.<\/p>\n\n\n\n<p class=\"wp-block-paragraph\">L\u2019article 9 de la Loi Lib\u00e9rienne sur les Enfants d\u00e9finit la justice pour mineurs comme un syst\u00e8me de lutte contre la d\u00e9linquance, favorisant la r\u00e9int\u00e9gration de l\u2019enfant et son r\u00f4le significatif dans la soci\u00e9t\u00e9 (Loi sur les Enfants, 2012). Cette clause est fragilis\u00e9e par ses propres exceptions. Par exemple, les sections 3.3 et 3.4 de l\u2019article 9 autorisent l\u2019emprisonnement et le recours \u00e0 la violence physique si les autorit\u00e9s, pour la plupart inexperiment\u00e9es, estiment qu\u2019il n\u2019y a \u00ab\u2009pas d\u2019autres moyens de sanctionner l\u2019enfant\u2009\u00bb et que ce n\u2019est pas \u00ab\u2009abusif\u2009\u00bb (absence de tribunaux pour enfants).<\/p>\n\n\n\n<p class=\"wp-block-paragraph\">La perception culturelle d\u2019un manque de responsabilit\u00e9 des mineurs pour certains crimes est renforc\u00e9e par une interpr\u00e9tation erron\u00e9e de la loi selon laquelle les mineurs ne peuvent \u00eatre poursuivis pour des crimes tels que le viol. (United Nations Mission Liberia, 2016) \u00ab\u2009En raison des croyances traditionnelles et d\u2019une mauvaise compr\u00e9hension du code de proc\u00e9dure p\u00e9nale par les forces de l\u2019ordre, les mineurs ayant commis des crimes de violences sexuelles ont \u00e9t\u00e9 rel\u00e2ch\u00e9s par la police apr\u00e8s avoir \u00e9t\u00e9 verbalement r\u00e9primand\u00e9s.\u2009\u00bb (Mission des Nations Unies au Liberia, 2016)<\/p>\n\n\n\n<p class=\"wp-block-paragraph\">Malgr\u00e9 les engagements pris pour \u00e9tablir un syst\u00e8me de justice pour mineurs adapt\u00e9 \u00e0 l\u2019\u00e2ge des enfants, les centres de d\u00e9tention et les <a href=\"https:\/\/www.humanium.org\/fr\/enfants-detenus\/\">centres de d\u00e9tention pour mineurs<\/a>, s\u2019ils existent, sont surpeupl\u00e9s, manquent d\u2019eau et de nourriture, d\u2019installations sanitaires et de services m\u00e9dicaux ad\u00e9quats. (D\u00e9partement d&rsquo;\u00c9tat des \u00c9tats-Unis, 2018)&nbsp; D\u2019autre part, dans les comt\u00e9s o\u00f9 les centres de d\u00e9tention sont plus petits, les mineurs sont souvent enferm\u00e9s dans des cellules individuelles dans les prisons pour adultes.<\/p>\n\n\n\n<p class=\"wp-block-paragraph\"><em><strong>\u00c9crit par Alexander Weihrauch<\/strong><\/em><\/p>\n\n\n\n<p class=\"wp-block-paragraph\"><em><strong>Traduit par \u00c9lisa Lorcy<\/strong><\/em><\/p>\n\n\n\n<p class=\"wp-block-paragraph\"><em><strong>Relu par Dominique Jaensch<\/strong><\/em><\/p>\n\n\n\n<p class=\"wp-block-paragraph\"><em><strong>Derni\u00e8re mise \u00e0 jour le 8 mars 2021<\/strong><\/em><\/p>\n\n\n\n<h4 class=\"wp-block-heading\"><strong>Bibliographie :<\/strong><\/h4>\n\n\n\n<p class=\"has-small-font-size wp-block-paragraph\" id=\"block-27195c11-1d20-4494-91d2-5b9e12dad553\"><a href=\"https:\/\/webcache.googleusercontent.com\/search?q=cache:dTupKk0CnJIJ:https:\/\/www.winrock.org\/wp-content\/uploads\/2019\/01\/Liberia_RRCs_Manual_Dec_2018_LWOB-compressed.pdf+&amp;cd=21&amp;hl=en&amp;ct=clnk&amp;gl=es&amp;client=firefox-b-d\" target=\"_blank\" rel=\"noreferrer noopener\">Lawyers without borders (January 2018), Liberia Child Labor Manual and Rapod Reference Cards, Country level engagement and assistance to reduce child labor II (Clear II) Project, retrieved from Lawyers without borders<\/a>.<\/p>\n\n\n\n<p class=\"has-small-font-size wp-block-paragraph\" id=\"block-a47906a5-cbe9-4108-8e31-51dbce046eb5\"><a href=\"https:\/\/www.ohchr.org\/EN\/NewsEvents\/Pages\/DisplayNews.aspx?NewsID=20680&amp;LangID\" target=\"_blank\" rel=\"noreferrer noopener\">OHCHR (14 October 2016), UN report urges Liberia to act on rape, retrieved from ohchr.org.<\/a><\/p>\n\n\n\n<p class=\"has-small-font-size wp-block-paragraph\" id=\"block-bb3e8c9f-a634-489d-85f6-cf0549a2ffe8\">CRC Committee (13 December 2012), CRC\/C\/LBR\/CO\/2-4, Concluding observations on the combined second to fourth periodic reports of Liberia, adopted by the Committee at its sixty-first session (17 September-5 October 2012).<\/p>\n\n\n\n<p class=\"has-small-font-size wp-block-paragraph\" id=\"block-2a949826-7565-487a-8589-8c00c6d96a1c\">UNICEF (2012), Liberia Country Study: Global Initiative on out of school children. Monrovia: UNICEF.<\/p>\n\n\n\n<p class=\"has-small-font-size wp-block-paragraph\" id=\"block-a138b663-5df9-4f9d-ba30-489c5c18b997\"><a href=\"https:\/\/www.globalpartnership.org\/content\/getting-best-education-sector-plan-2017-2021-liberia\" target=\"_blank\" rel=\"noreferrer noopener\">Ministry of Education &#8211; Republic of Liberia (2016) Getting to Best Education Sector Plan, 2017-2021, retrieved from globalpartnership.org.<\/a><\/p>\n\n\n\n<p class=\"has-small-font-size wp-block-paragraph\" id=\"block-c25e141f-4f30-4f21-87f3-38605f91cbf4\"><a href=\"https:\/\/www.unicef.org\/liberia\/water-sanitation-and-hygiene\" target=\"_blank\" rel=\"noreferrer noopener\">UNICEF (n.d.), Water, sanitation and hygiene, retrieved from UNICEF.<\/a><\/p>\n\n\n\n<p class=\"has-small-font-size wp-block-paragraph\" id=\"block-d68b72c5-5773-4b39-8cd6-8e1c9cb3f4ed\"><a href=\"https:\/\/data.unicef.org\/country\/lbr\/\" target=\"_blank\" rel=\"noreferrer noopener\">UNICEF (2019), Country data: Liberia, retrieved from UNICEF.<\/a><\/p>\n\n\n\n<p class=\"has-small-font-size wp-block-paragraph\" id=\"block-44865a67-8fd5-401c-b066-c00911d5b7f0\"><a href=\"https:\/\/data.unicef.org\/country\/lbr\/\" target=\"_blank\" rel=\"noreferrer noopener\">Front Public Health (2019), Delays in Achieving Maternal, Newborn, and Child Health Targets for 2021 and 2030 in Liberia, retrieved from ncbi.nlm.nih.gov.<\/a><\/p>\n\n\n\n<p class=\"has-small-font-size wp-block-paragraph\" id=\"block-89f3e970-53b9-470d-a742-454adbce2286\"><a href=\"https:\/\/webcache.googleusercontent.com\/search?q=cache:UepjxRU0XcIJ:https:\/\/uprdoc.ohchr.org\/uprweb\/downloadfile.aspx%3Ffilename%3D8030%26file%3DEnglishTranslation+&amp;cd=1&amp;hl=fr&amp;ct=clnk&amp;gl=es&amp;client=firefox-b-d\" target=\"_blank\" rel=\"noreferrer noopener\">UNESCO (2020), Contribution to Universal Periodic Review (36<sup>th<\/sup> Session, April \u2013 May 2020), retrieved from UNESCO.<\/a><\/p>\n\n\n\n<p class=\"has-small-font-size wp-block-paragraph\" id=\"block-46ad78c5-c68e-4750-9975-b12a8fa672de\"><a href=\"https:\/\/data.worldbank.org\/indicator\/SP.POP.0014.TO.ZS?locations=LR\" target=\"_blank\" rel=\"noreferrer noopener\">The World Bank (2019), Population ages 0-14 (% of total population) \u2013 Liberia, retrieved from World Bank.<\/a><\/p>\n\n\n\n<p class=\"has-small-font-size wp-block-paragraph\" id=\"block-37f9da08-81f8-49a8-b0dc-2ec16689a09c\">Human Rights Committee (27 August 2018), Concluding Observations on the initial report of Liberia, International Covenant on Civil and Political Rights, CCPR\/C\/LBR\/CO\/1.<\/p>\n\n\n\n<p class=\"has-small-font-size wp-block-paragraph\" id=\"block-fdad28d0-b79a-46af-991f-f06113dd299b\">UNICEF Liberia (14 December 2020), PRESS RELEASE -The Government of France Supports Birth Registration in Liberia, Monrovia.<\/p>\n\n\n\n<p class=\"has-small-font-size wp-block-paragraph\" id=\"block-fed8bf0c-c0be-488e-b97a-320a5eb10b54\">OHCHR (December 2015), An Assessment of Human Rights Issues Emanating from Harmful Traditional Practices in Liberia, United Nations Mission in Liberia.<\/p>\n\n\n\n<p class=\"has-small-font-size wp-block-paragraph\" id=\"block-94bef6d0-bbf0-4735-aadf-b8c1c7e6fb4e\">Girls Not Brides (2020), Liberia, retrieved from Girls Not Brides.<\/p>\n\n\n\n<p class=\"has-small-font-size wp-block-paragraph\" id=\"block-651a8381-d9df-4df0-9b49-8083d079f0d9\"><a href=\"https:\/\/www.unicef.org\/reports\/state-of-worlds-children-2019\" target=\"_blank\" rel=\"noreferrer noopener\">UNICEF (2019), The State of the World\u2019s Children 2019 &#8211; Children, food and nutrition: Growing well in a changing world, retrieved from UNICEF<\/a>.<\/p>\n\n\n\n<p class=\"has-small-font-size wp-block-paragraph\" id=\"block-73d0ae79-c739-460e-afd4-1b3741888cf4\"><a href=\"https:\/\/www.imf.org\/en\/Publications\/CR\/Issues\/2021\/01\/07\/Liberia-Poverty-Reduction-and-Growth-Strategy-49996\" target=\"_blank\" rel=\"noreferrer noopener\">International Monetary Fund (January 2021), Liberia \u2013 Poverty Reduction and Growth Strategy, IMF Country Report No. 21\/10, retrieved from IMF.<\/a><\/p>\n\n\n\n<p class=\"has-small-font-size wp-block-paragraph\" id=\"block-c4364bee-5fbe-4b43-8eb5-c1080b0385ff\">Human Rights Council (25 February 2020), Summary of Stakeholders\u2019 submissions on Liberia, A\/HRC\/WG.6\/36\/LBR\/3.<\/p>\n\n\n\n<p class=\"has-small-font-size wp-block-paragraph\" id=\"block-698a5798-be5a-461b-994c-2e49e81b0245\">Human Rights Council (24 August 2020), National report submitted in accordance with paragraph 5 of the annex to Human Rights Council resolution 16\/21, A\/HRC\/WG.6\/36\/LBR\/1.<\/p>\n\n\n\n<p class=\"has-small-font-size wp-block-paragraph\" id=\"block-c556da03-b2c0-4472-96c4-dfc083561b39\">Human Rights Council (6 March 2020), Compilation on Liberia \u2013 Report of the Office of the United Nations High Commissioner for Human Rights, A\/HRC\/WG.6\/36\/LBR\/2.<\/p>\n\n\n\n<p class=\"has-small-font-size wp-block-paragraph\" id=\"block-f2dd3962-5143-4b7e-a13f-c36c188bfad3\"><a href=\"https:\/\/www.ohchr.org\/Documents\/Countries\/LR\/SGBV_ReportLiberia_October2016.docx\" target=\"_blank\" rel=\"noreferrer noopener\">United Nations Mission in Liberia, OHCHR (October 2016), Addressing Impunity for Rape in Liberia, retrieved from ohchr.org.<\/a><\/p>\n\n\n\n<p class=\"has-small-font-size wp-block-paragraph\" id=\"block-dfcdf3f5-6a5d-4a2d-b574-fbd84b439f22\">United States Department of State (2018), Country Reports on Human Rights Practices for 2018,&nbsp; Bureau of Democracy, Human Rights and Labor.<\/p>\n\n\n\n<p class=\"has-small-font-size wp-block-paragraph\" id=\"block-d6770657-583d-4b7a-a3a3-4de89a86e3d6\"><a href=\"https:\/\/dhsprogram.com\/publications\/publication-PR117-Preliminary-Reports-Key-Indicators-Reports.cfm\" target=\"_blank\" rel=\"noreferrer noopener\">Ministry of Health and Social Welfare (May 2020), Liberia &#8211; Demographic and Health Survey 2019-20 &#8211; Key Indicators Report, retrieved from dhsprogram.com.<\/a><\/p>\n\n\n\n<hr class=\"wp-block-separator has-css-opacity\"\/>\n\n\n\n<p class=\"has-small-font-size wp-block-paragraph\"><a href=\"#_ftnref1\">[1]<\/a> Cet article ne pr\u00e9tend en aucun cas donner un compte rendu complet ou repr\u00e9sentatif des droits de l\u2019enfant au Lib\u00e9ria. En effet, l\u2019une des principales difficult\u00e9s est due au peu d\u2019informations mises \u00e0 jour sur les enfants au Lib\u00e9ria, dont la plupart n\u2019est ni fiable, ni repr\u00e9sentative, obsol\u00e8te ou simplement inexistante.<\/p>\n","protected":false},"excerpt":{"rendered":"<p>Concr\u00e9tiser les droits de l&rsquo;enfant au Lib\u00e9ria Le Lib\u00e9ria a encore un long chemin \u00e0 parcourir pour assurer la reconnaissance et la mise en oeuvre efficace des droits de l\u2019enfant. Les pratiques culturelles et traditionnelles, encore tr\u00e8s pr\u00e9valantes dans la soci\u00e9t\u00e9 lib\u00e9rienne, et la tr\u00e8s jeune population du pays (41 % en dessous de 15 [&hellip;]<\/p>\n","protected":false},"author":65,"featured_media":0,"parent":0,"menu_order":0,"comment_status":"closed","ping_status":"closed","template":"","meta":{"footnotes":""},"class_list":["post-38249","page","type-page","status-publish","hentry"],"yoast_head":"<!-- This site is optimized with the Yoast SEO plugin v28.3 - https:\/\/yoast.com\/product\/yoast-seo-wordpress\/ -->\n<title>Enfant du Lib\u00e9ria - Humanium<\/title>\n<meta name=\"description\" content=\"Le Lib\u00e9ria a encore un long chemin \u00e0 parcourir pour assurer la reconnaissance et la mise en oeuvre efficace des droits de l\u2019enfant.\" \/>\n<meta name=\"robots\" content=\"index, follow, max-snippet:-1, max-image-preview:large, max-video-preview:-1\" \/>\n<link rel=\"canonical\" href=\"https:\/\/www.humanium.org\/fr\/liberia\/\" \/>\n<meta property=\"og:locale\" content=\"fr_FR\" \/>\n<meta property=\"og:type\" content=\"article\" \/>\n<meta property=\"og:title\" content=\"Enfant du Lib\u00e9ria - Humanium\" \/>\n<meta property=\"og:description\" content=\"Le Lib\u00e9ria a encore un long chemin \u00e0 parcourir pour assurer la reconnaissance et la mise en oeuvre efficace des droits de l\u2019enfant.\" \/>\n<meta property=\"og:url\" content=\"https:\/\/www.humanium.org\/fr\/liberia\/\" \/>\n<meta property=\"og:site_name\" content=\"Humanium\" \/>\n<meta property=\"article:modified_time\" content=\"2025-12-10T02:43:31+00:00\" \/>\n<meta property=\"og:image\" content=\"https:\/\/www.humanium.org\/fr\/wp-content\/uploads\/2021\/05\/shutterstock_1730544811.jpg\" \/>\n\t<meta property=\"og:image:width\" content=\"200\" \/>\n\t<meta property=\"og:image:height\" content=\"200\" \/>\n\t<meta property=\"og:image:type\" content=\"image\/jpeg\" \/>\n<meta name=\"twitter:card\" content=\"summary_large_image\" \/>\n<meta name=\"twitter:label1\" content=\"Dur\u00e9e de lecture estim\u00e9e\" \/>\n\t<meta name=\"twitter:data1\" content=\"23 minutes\" \/>\n<script type=\"application\/ld+json\" class=\"yoast-schema-graph\">{\"@context\":\"https:\\\/\\\/schema.org\",\"@graph\":[{\"@type\":\"WebPage\",\"@id\":\"https:\\\/\\\/www.humanium.org\\\/fr\\\/liberia\\\/\",\"url\":\"https:\\\/\\\/www.humanium.org\\\/fr\\\/liberia\\\/\",\"name\":\"Enfant du Lib\u00e9ria - Humanium\",\"isPartOf\":{\"@id\":\"https:\\\/\\\/www.humanium.org\\\/fr\\\/#website\"},\"primaryImageOfPage\":{\"@id\":\"https:\\\/\\\/www.humanium.org\\\/fr\\\/liberia\\\/#primaryimage\"},\"image\":{\"@id\":\"https:\\\/\\\/www.humanium.org\\\/fr\\\/liberia\\\/#primaryimage\"},\"thumbnailUrl\":\"https:\\\/\\\/www.humanium.org\\\/fr\\\/wp-content\\\/uploads\\\/2021\\\/05\\\/shutterstock_1730544811.jpg\",\"datePublished\":\"2012-05-16T07:44:56+00:00\",\"dateModified\":\"2025-12-10T02:43:31+00:00\",\"description\":\"Le Lib\u00e9ria a encore un long chemin \u00e0 parcourir pour assurer la reconnaissance et la mise en oeuvre efficace des droits de l\u2019enfant.\",\"breadcrumb\":{\"@id\":\"https:\\\/\\\/www.humanium.org\\\/fr\\\/liberia\\\/#breadcrumb\"},\"inLanguage\":\"fr-FR\",\"potentialAction\":[{\"@type\":\"ReadAction\",\"target\":[\"https:\\\/\\\/www.humanium.org\\\/fr\\\/liberia\\\/\"]}]},{\"@type\":\"ImageObject\",\"inLanguage\":\"fr-FR\",\"@id\":\"https:\\\/\\\/www.humanium.org\\\/fr\\\/liberia\\\/#primaryimage\",\"url\":\"https:\\\/\\\/www.humanium.org\\\/fr\\\/wp-content\\\/uploads\\\/2021\\\/05\\\/shutterstock_1730544811.jpg\",\"contentUrl\":\"https:\\\/\\\/www.humanium.org\\\/fr\\\/wp-content\\\/uploads\\\/2021\\\/05\\\/shutterstock_1730544811.jpg\",\"width\":200,\"height\":200},{\"@type\":\"BreadcrumbList\",\"@id\":\"https:\\\/\\\/www.humanium.org\\\/fr\\\/liberia\\\/#breadcrumb\",\"itemListElement\":[{\"@type\":\"ListItem\",\"position\":1,\"name\":\"Home\",\"item\":\"https:\\\/\\\/www.humanium.org\\\/fr\\\/\"},{\"@type\":\"ListItem\",\"position\":2,\"name\":\"Enfant du Lib\u00e9ria\"}]},{\"@type\":\"WebSite\",\"@id\":\"https:\\\/\\\/www.humanium.org\\\/fr\\\/#website\",\"url\":\"https:\\\/\\\/www.humanium.org\\\/fr\\\/\",\"name\":\"Humanium\",\"description\":\"Les enfants d\u2019abord !\",\"potentialAction\":[{\"@type\":\"SearchAction\",\"target\":{\"@type\":\"EntryPoint\",\"urlTemplate\":\"https:\\\/\\\/www.humanium.org\\\/fr\\\/?s={search_term_string}\"},\"query-input\":{\"@type\":\"PropertyValueSpecification\",\"valueRequired\":true,\"valueName\":\"search_term_string\"}}],\"inLanguage\":\"fr-FR\"}]}<\/script>\n<!-- \/ Yoast SEO plugin. -->","yoast_head_json":{"title":"Enfant du Lib\u00e9ria - Humanium","description":"Le Lib\u00e9ria a encore un long chemin \u00e0 parcourir pour assurer la reconnaissance et la mise en oeuvre efficace des droits de l\u2019enfant.","robots":{"index":"index","follow":"follow","max-snippet":"max-snippet:-1","max-image-preview":"max-image-preview:large","max-video-preview":"max-video-preview:-1"},"canonical":"https:\/\/www.humanium.org\/fr\/liberia\/","og_locale":"fr_FR","og_type":"article","og_title":"Enfant du Lib\u00e9ria - Humanium","og_description":"Le Lib\u00e9ria a encore un long chemin \u00e0 parcourir pour assurer la reconnaissance et la mise en oeuvre efficace des droits de l\u2019enfant.","og_url":"https:\/\/www.humanium.org\/fr\/liberia\/","og_site_name":"Humanium","article_modified_time":"2025-12-10T02:43:31+00:00","og_image":[{"width":200,"height":200,"url":"https:\/\/www.humanium.org\/fr\/wp-content\/uploads\/2021\/05\/shutterstock_1730544811.jpg","type":"image\/jpeg"}],"twitter_card":"summary_large_image","twitter_misc":{"Dur\u00e9e de lecture estim\u00e9e":"23 minutes"},"schema":{"@context":"https:\/\/schema.org","@graph":[{"@type":"WebPage","@id":"https:\/\/www.humanium.org\/fr\/liberia\/","url":"https:\/\/www.humanium.org\/fr\/liberia\/","name":"Enfant du Lib\u00e9ria - Humanium","isPartOf":{"@id":"https:\/\/www.humanium.org\/fr\/#website"},"primaryImageOfPage":{"@id":"https:\/\/www.humanium.org\/fr\/liberia\/#primaryimage"},"image":{"@id":"https:\/\/www.humanium.org\/fr\/liberia\/#primaryimage"},"thumbnailUrl":"https:\/\/www.humanium.org\/fr\/wp-content\/uploads\/2021\/05\/shutterstock_1730544811.jpg","datePublished":"2012-05-16T07:44:56+00:00","dateModified":"2025-12-10T02:43:31+00:00","description":"Le Lib\u00e9ria a encore un long chemin \u00e0 parcourir pour assurer la reconnaissance et la mise en oeuvre efficace des droits de l\u2019enfant.","breadcrumb":{"@id":"https:\/\/www.humanium.org\/fr\/liberia\/#breadcrumb"},"inLanguage":"fr-FR","potentialAction":[{"@type":"ReadAction","target":["https:\/\/www.humanium.org\/fr\/liberia\/"]}]},{"@type":"ImageObject","inLanguage":"fr-FR","@id":"https:\/\/www.humanium.org\/fr\/liberia\/#primaryimage","url":"https:\/\/www.humanium.org\/fr\/wp-content\/uploads\/2021\/05\/shutterstock_1730544811.jpg","contentUrl":"https:\/\/www.humanium.org\/fr\/wp-content\/uploads\/2021\/05\/shutterstock_1730544811.jpg","width":200,"height":200},{"@type":"BreadcrumbList","@id":"https:\/\/www.humanium.org\/fr\/liberia\/#breadcrumb","itemListElement":[{"@type":"ListItem","position":1,"name":"Home","item":"https:\/\/www.humanium.org\/fr\/"},{"@type":"ListItem","position":2,"name":"Enfant du Lib\u00e9ria"}]},{"@type":"WebSite","@id":"https:\/\/www.humanium.org\/fr\/#website","url":"https:\/\/www.humanium.org\/fr\/","name":"Humanium","description":"Les enfants d\u2019abord !","potentialAction":[{"@type":"SearchAction","target":{"@type":"EntryPoint","urlTemplate":"https:\/\/www.humanium.org\/fr\/?s={search_term_string}"},"query-input":{"@type":"PropertyValueSpecification","valueRequired":true,"valueName":"search_term_string"}}],"inLanguage":"fr-FR"}]}},"_links":{"self":[{"href":"https:\/\/www.humanium.org\/fr\/wp-json\/wp\/v2\/pages\/38249","targetHints":{"allow":["GET"]}}],"collection":[{"href":"https:\/\/www.humanium.org\/fr\/wp-json\/wp\/v2\/pages"}],"about":[{"href":"https:\/\/www.humanium.org\/fr\/wp-json\/wp\/v2\/types\/page"}],"author":[{"embeddable":true,"href":"https:\/\/www.humanium.org\/fr\/wp-json\/wp\/v2\/users\/65"}],"replies":[{"embeddable":true,"href":"https:\/\/www.humanium.org\/fr\/wp-json\/wp\/v2\/comments?post=38249"}],"version-history":[{"count":30,"href":"https:\/\/www.humanium.org\/fr\/wp-json\/wp\/v2\/pages\/38249\/revisions"}],"predecessor-version":[{"id":61035,"href":"https:\/\/www.humanium.org\/fr\/wp-json\/wp\/v2\/pages\/38249\/revisions\/61035"}],"wp:attachment":[{"href":"https:\/\/www.humanium.org\/fr\/wp-json\/wp\/v2\/media?parent=38249"}],"curies":[{"name":"wp","href":"https:\/\/api.w.org\/{rel}","templated":true}]}}