{"id":38254,"date":"2012-08-27T10:36:07","date_gmt":"2012-08-27T10:36:07","guid":{"rendered":"http:\/\/www.humanium.org\/fr\/?page_id=21811"},"modified":"2026-01-25T10:11:18","modified_gmt":"2026-01-25T10:11:18","slug":"estonie","status":"publish","type":"page","link":"https:\/\/www.humanium.org\/fr\/estonie\/","title":{"rendered":"Enfants d&rsquo;Estonie"},"content":{"rendered":"\n<h2 class=\"wp-block-heading\"><strong>Concr\u00e9tiser les droits des enfants en Estonie<\/strong><\/h2>\n\n\n\n<div class=\"wp-block-columns is-layout-flex wp-container-core-columns-is-layout-8f761849 wp-block-columns-is-layout-flex\">\n<div class=\"wp-block-column is-layout-flow wp-block-column-is-layout-flow\"><div class=\"wp-block-image is-style-rounded\">\n<figure class=\"aligncenter size-full is-resized\"><img decoding=\"async\" src=\"https:\/\/www.humanium.org\/en\/wp-content\/uploads\/2026\/01\/shutterstock_2296366677_edited.jpeg\" alt=\"\" class=\"wp-image-89280\" style=\"object-fit:cover;width:200px;height:200px\"\/><\/figure>\n<\/div><\/div>\n\n\n\n<div class=\"wp-block-column is-layout-flow wp-block-column-is-layout-flow\"><div class=\"wp-block-image is-style-rounded\">\n<figure class=\"aligncenter size-full is-resized\"><img decoding=\"async\" src=\"https:\/\/www.humanium.org\/en\/wp-content\/uploads\/2026\/01\/shutterstock_1925275037_edited-1.jpeg\" alt=\"\" class=\"wp-image-89281\" style=\"object-fit:cover;width:200px;height:200px\"\/><\/figure>\n<\/div><\/div>\n<\/div>\n\n\n\n<p class=\"wp-block-paragraph\"><strong><a href=\"https:\/\/www.humanium.org\/fr\/estonie\/\">L\u2019Estonie<\/a> a r\u00e9alis\u00e9 des progr\u00e8s consid\u00e9rables en mati\u00e8re de lutte contre l\u2019exploitation des enfants, d\u2019am\u00e9lioration de l\u2019acc\u00e8s aux soins et de renforcement du syst\u00e8me \u00e9ducatif. De nombreux enfants grandissent cependant encore dans la pauvret\u00e9, font face \u00e0 des probl\u00e8mes de sant\u00e9 mentale, rencontrent des obstacles dans leur scolarit\u00e9 et sont victimes de discrimination. Ils manquent souvent de protection ad\u00e9quate et de vraies opportunit\u00e9s leur permettant de prendre part aux d\u00e9cisions qui affectent leur vie. Les difficult\u00e9s \u00e9conomiques ont contribu\u00e9 \u00e0 l\u2019augmentation de la <a href=\"https:\/\/www.humanium.org\/fr\/prostitution-infantile\/\">prostitution<\/a> et de l\u2019exploitation sexuelle des enfants alors que les mauvais traitements et le trafic d\u2019enfants restent des probl\u00e8mes extr\u00eamement pr\u00e9occupants.<\/strong><\/p>\n\n\n\n<iframe src=\"https:\/\/www.google.com\/maps\/embed?pb=!1m18!1m12!1m3!1d2125793.9859527675!2d22.293916962859292!3d58.64647580232762!2m3!1f0!2f0!3f0!3m2!1i1024!2i768!4f13.1!3m3!1m2!1s0x4692949c82a04bfd%3A0x40ea9fba4fb425c3!2sEstonia!5e0!3m2!1sen!2shr!4v1769331738571!5m2!1sen!2shr\" width=\"600\" height=\"450\" style=\"border:0;\" allowfullscreen=\"\" loading=\"lazy\" referrerpolicy=\"no-referrer-when-downgrade\"><\/iframe>\n\n\n\n<div class=\"wp-block-columns is-layout-flex wp-container-core-columns-is-layout-8f761849 wp-block-columns-is-layout-flex\">\n<div class=\"wp-block-column is-layout-flow wp-block-column-is-layout-flow\">\n<p class=\"wp-block-paragraph\"><strong>Population:<\/strong> 1,3 million<strong><br>Pop. ages 0-14:<\/strong> 16%<\/p>\n<\/div>\n\n\n\n<div class=\"wp-block-column is-layout-flow wp-block-column-is-layout-flow\">\n<p class=\"wp-block-paragraph\"><strong>Life expectancy:<\/strong> 79,5 ans<strong><br>Under-5 mortality rate:<\/strong>\u00a02,2\u2030<\/p>\n<\/div>\n<\/div>\n\n\n\n<h2 class=\"wp-block-heading\"><strong><strong>L\u2019Estonie en bref<\/strong><\/strong><\/h2>\n\n\n\n<p class=\"wp-block-paragraph\">L\u2019Estonie est une r\u00e9publique parlementaire situ\u00e9e sur la c\u00f4te est de la mer Baltique en Europe du Nord. Elle est membre de l\u2019Union europ\u00e9enne et de l\u2019OTAN depuis 2004 et a rejoint la zone euro en 2011. En janvier 2025, sa population \u00e9tait d\u2019environ 1\u00a0369\u00a0285 habitants dont 70 % r\u00e9sidaient en zone urbaine (pluriel) et 30 % en zone rurale (Statistics Estonia, 2025).<\/p>\n\n\n\n<p class=\"wp-block-paragraph\">L\u2019\u00e2ge m\u00e9dian \u00e9tait de 42,8 ans (Worldometers, 2025). Les enfants \u00e2g\u00e9s de 0 \u00e0 14 ans repr\u00e9sentaient environ 16% de la population en d\u00e9cembre 2024, un chiffre en baisse constante en raison d\u2019un taux de natalit\u00e9 en dessous du seuil de renouvellement des g\u00e9n\u00e9rations (Trading Economics, 2025). Ce changement d\u00e9mographique a eu pour cons\u00e9quence le vieillissement de la population et le d\u00e9clin progressif de la population totale.<\/p>\n\n\n\n<p class=\"wp-block-paragraph\">L&rsquo;Estonie est reconnue au niveau international pour le niveau avanc\u00e9 de sa soci\u00e9t\u00e9 num\u00e9rique. Plus de 90% de la population ont acc\u00e8s \u00e0 Internet et le pays accorde une forte importance \u00e0 l\u2019e-gouvernance et aux services publics num\u00e9riques (DataReportal, 2025). Ces infrastructures num\u00e9riques ont am\u00e9lior\u00e9 l\u2019efficacit\u00e9 et l\u2019accessibilit\u00e9 \u00e0 des services tels que l\u2019\u00e9ducation et la <a href=\"https:\/\/www.humanium.org\/fr\/comprendre-droits-enfant\/droit-a-la-sante\/\">sant\u00e9<\/a>.<\/p>\n\n\n\n<h2 class=\"wp-block-heading\"><strong>Situation des <\/strong><a href=\"https:\/\/www.humanium.org\/fr\/droits-enfant\/\"><strong>droits des enfants<\/strong><\/a><a id=\"_ftnref1\" href=\"#_ftn1\"><strong> [1]<\/strong><\/a><\/h2>\n\n\n<div class=\"wp-block-image\">\n<figure class=\"alignright size-large is-resized\"><img loading=\"lazy\" decoding=\"async\" width=\"1024\" height=\"683\" src=\"https:\/\/www.humanium.org\/fr\/wp-content\/uploads\/2026\/01\/shutterstock_510854032-1024x683.jpg\" alt=\"\" class=\"wp-image-61704\" style=\"aspect-ratio:1.499330655957162;width:386px;height:auto\" srcset=\"https:\/\/www.humanium.org\/fr\/wp-content\/uploads\/2026\/01\/shutterstock_510854032-1024x683.jpg 1024w, https:\/\/www.humanium.org\/fr\/wp-content\/uploads\/2026\/01\/shutterstock_510854032-300x200.jpg 300w, https:\/\/www.humanium.org\/fr\/wp-content\/uploads\/2026\/01\/shutterstock_510854032-768x513.jpg 768w, https:\/\/www.humanium.org\/fr\/wp-content\/uploads\/2026\/01\/shutterstock_510854032-1536x1025.jpg 1536w, https:\/\/www.humanium.org\/fr\/wp-content\/uploads\/2026\/01\/shutterstock_510854032-2048x1367.jpg 2048w, https:\/\/www.humanium.org\/fr\/wp-content\/uploads\/2026\/01\/shutterstock_510854032-830x554.jpg 830w, https:\/\/www.humanium.org\/fr\/wp-content\/uploads\/2026\/01\/shutterstock_510854032-230x154.jpg 230w, https:\/\/www.humanium.org\/fr\/wp-content\/uploads\/2026\/01\/shutterstock_510854032-350x234.jpg 350w, https:\/\/www.humanium.org\/fr\/wp-content\/uploads\/2026\/01\/shutterstock_510854032-480x320.jpg 480w, https:\/\/www.humanium.org\/fr\/wp-content\/uploads\/2026\/01\/shutterstock_510854032-272x182.jpg 272w\" sizes=\"auto, (max-width: 1024px) 100vw, 1024px\" \/><\/figure>\n<\/div>\n\n\n<p class=\"wp-block-paragraph\">L\u2019Estonie a fait preuve d\u2019un profond engagement en mati\u00e8re de protection des droits de l\u2019Homme, en particulier ceux des enfants. Le pays a ratifi\u00e9 la <a href=\"https:\/\/www.humanium.org\/fr\/convention\/\">Convention internationale des droits de l\u2019enfant<\/a> (CIDE) en 1998 et rend r\u00e9guli\u00e8rement des comptes au Comit\u00e9 des droits des enfants des Nations Unies. Elle a aussi ratifi\u00e9 les deux premiers Protocoles facultatifs \u00e0 la CRC et en 2024, elle a commenc\u00e9 le processus de ratification du Troisi\u00e8me protocole facultatif qui permettrait aux enfants de d\u00e9poser plainte directement aupr\u00e8s du Comit\u00e9 (OHCHR, 2024a).<\/p>\n\n\n\n<p class=\"wp-block-paragraph\">L&rsquo;Estonie a aussi sign\u00e9 tous les trait\u00e9s clefs des Nations unies sur les droits de l\u2019Homme, dont le <a href=\"https:\/\/www.humanium.org\/fr\/normes\/pactes-internationaux-1966\/texte-integral-pacte-international-droits-civils-politiques\/\">Pacte international relatif aux droits civils et politiques<\/a>, le <a href=\"https:\/\/www.humanium.org\/fr\/normes\/pactes-internationaux-1966\/texte-integral-pacte-international-droits-economiques-sociaux-culturels\/\">Pacte international relatif aux droits \u00e9conomiques, sociaux et culturels<\/a>, la Convention contre la torture, la <a href=\"https:\/\/www.humanium.org\/fr\/autres\/convention-elimination-discrimination-raciale\/\">Convention internationale sur l\u2019\u00e9limination de toutes les formes de discrimination raciale<\/a> et la <a href=\"https:\/\/www.humanium.org\/fr\/autres\/convention-elimination-formes-discrimination-femmes\/\">Convention sur l\u2019\u00e9limination de toutes les formes de discrimination contre les femmes<\/a>.<\/p>\n\n\n\n<p class=\"wp-block-paragraph\">Au niveau r\u00e9gional, l\u2019Estonie est membre du Conseil de l\u2019Europe et a ratifi\u00e9 les outils clefs dont la Convention europ\u00e9enne des droits de l\u2019Homme, la Charte sociale europ\u00e9enne r\u00e9vis\u00e9e, et la Convention d\u2019Istanbul. Selon la Constitution estonienne, les trait\u00e9s internationaux ratifi\u00e9s par le parlement pr\u00e9valent sur les lois nationales qui seraient incompatibles, assurant ainsi leur int\u00e9gration dans le cadre juridique national.<\/p>\n\n\n\n<h2 class=\"wp-block-heading\"><strong>R\u00e9pondre aux besoins des enfants<\/strong><\/h2>\n\n\n\n<h3 class=\"wp-block-heading\"><a href=\"https:\/\/www.humanium.org\/fr\/droit-a-la-protection\/\"><strong>Droit \u00e0 la protection<\/strong><\/a><strong><\/strong><\/h3>\n\n\n\n<p class=\"wp-block-paragraph\">L\u2019Estonie a fait des progr\u00e8s notables en mati\u00e8re de protection des enfants contre <a href=\"https:\/\/www.humanium.org\/fr\/exploitation\/\">l\u2019exploitation<\/a> et la maltraitance. Les autorit\u00e9s combattent activement le trafic et l\u2019exploitation sexuelle. Les r\u00e9formes l\u00e9gislatives mises en place en 2025 ont pour but d\u2019am\u00e9liorer l\u2019identification et le soutien apport\u00e9 aux enfants en situation de vuln\u00e9rabilit\u00e9, d\u2019augmenter le nombre de familles d\u2019accueil et de renforcer la coordination entre les services de sant\u00e9 et les services sociaux pour les enfants ayant des besoins particuliers. <\/p>\n\n\n\n<p class=\"wp-block-paragraph\">La nouvelle Loi sur la protection de l\u2019enfance renforce le devoir qu\u2019ont les professionnels de signaler les enfants en difficult\u00e9 et renforce \u00e9galement le soutien apport\u00e9 aux <a href=\"https:\/\/www.humanium.org\/fr\/le-placement-denfants-les-enfants-places-en-famille-daccueil\/\">familles d\u2019accueil<\/a>, tuteurs et <a href=\"https:\/\/www.humanium.org\/fr\/ladoption-dun-enfant\/\">familles adoptives<\/a> (OHCHR, 2024a ; Riigikogu, 2025).<\/p>\n\n\n\n<p class=\"wp-block-paragraph\">Le mod\u00e8le Barnahus, une approche centr\u00e9e sur l\u2019enfant qui int\u00e8gre des processus de protection, de soins m\u00e9dicaux et juridiques, s\u2019est d\u00e9velopp\u00e9e en Estonie depuis 2017. En 2025, on compte cinq centres Barnahus dans le pays. Ces centres offrent des services sp\u00e9cialis\u00e9s aux enfants victimes de <a href=\"https:\/\/www.humanium.org\/fr\/exploitation-sexuelle-enfants\/\">s\u00e9vices sexuels<\/a> et \u00e0 ceux qui ont des comportements sexuels nuisibles. Il est pr\u00e9vu que ces services soient \u00e9tendus \u00e0 d\u2019autres r\u00e9gions et \u00e0 d\u2019autres formes de <a href=\"https:\/\/www.humanium.org\/fr\/violences\/\">violence<\/a> comme la maltraitance physique et \u00e9motionnelle ainsi que la n\u00e9gligence (OHCHR, 2024a).<\/p>\n\n\n\n<p class=\"wp-block-paragraph\">Si la l\u00e9gislation estonienne en mati\u00e8re de lutte contre la discrimination est conforme aux normes internationales, certaines formes de discrimination restent insuffisamment prises en compte. Les enfants de certains groupes minoritaires b\u00e9n\u00e9ficient encore d\u2019une protection ou de soutien insuffisant pour pr\u00e9server et exprimer leur identit\u00e9 culturelle, linguistique et religieuse, en particulier dans le cadre des politiques \u00e9ducatives qui tendent \u00e0 privil\u00e9gier l\u2019assimilation plut\u00f4t que le multiculturalisme (Russian School of Estonia, 2023).<\/p>\n\n\n\n<p class=\"wp-block-paragraph\">Les mauvais traitements et l\u2019institutionnalisation persistent dans le syst\u00e8me de protection de l\u2019enfance en Estonie. Malgr\u00e9 une transition progressive vers le placement en famille d\u2019accueil, un nombre important d\u2019enfants continuent d\u2019\u00eatre plac\u00e9s dans des institutions publiques qui manquent souvent de ressources ad\u00e9quates et de personnel sp\u00e9cialis\u00e9. <\/p>\n\n\n\n<p class=\"wp-block-paragraph\">Les enfants plac\u00e9s dans ces institutions sont expos\u00e9s \u00e0 des risques plus \u00e9lev\u00e9s d\u2019exclusion sociale, de troubles du comportement et de probl\u00e8mes de sant\u00e9 mentale. Le <a href=\"https:\/\/www.humanium.org\/fr\/genese-comite-droits-enfant\/\">Comit\u00e9 des droits de l\u2019enfant des Nations unies<\/a> a fait part de ses pr\u00e9occupations concernant la qualit\u00e9 du soutien apport\u00e9, soulignant la n\u00e9cessit\u00e9 de proposer des options de prise en charge plus ouvertes et ax\u00e9es sur la r\u00e9adaptation plut\u00f4t que des \u00e9tablissements ferm\u00e9s (Comit\u00e9 des droits de l\u2019enfant, 2024 ; HCDH, 2024b).<\/p>\n\n\n\n<p class=\"wp-block-paragraph\">Le Comit\u00e9 a en outre soulign\u00e9 que de nombreuses familles d\u2019accueil en Estonie ne disposent pas d\u2019une formation ad\u00e9quate pour r\u00e9pondre aux besoins complexes des enfants traumatis\u00e9s, ce qui peut nuire \u00e0 la qualit\u00e9 des soins et au bien-\u00eatre des enfants. De plus, des incitations financi\u00e8res peuvent parfois pousser au placement en famille d\u2019accueil, ce qui soul\u00e8ve des questions quant \u00e0 la motivation et la qualit\u00e9 des soins fournis (Comit\u00e9 des droits de l\u2019enfant, 2024 ; HCDH, 2024).<\/p>\n\n\n\n<p class=\"wp-block-paragraph\">Des rapports r\u00e9cents soulignent la n\u00e9cessit\u00e9 d\u2019un meilleur encadrement et d\u2019une formation continue des familles d\u2019accueil et de syst\u00e8mes de soutien psychosocial renforc\u00e9 afin de garantir un environnement s\u00fbr et stimulant pour les enfants plac\u00e9s en famille ou en institution (Eurochild, 2025a).&nbsp;La transition des structures d\u2019accueil institutionnelles vers des structures familiales et communautaires est un objectif politique d\u00e9clar\u00e9. Cependant, des difficult\u00e9s de mise en \u0153uvre persistent, et le risque de maltraitance ou de <a href=\"https:\/\/www.humanium.org\/fr\/la-maltraitance-des-enfants\/\">n\u00e9gligence<\/a> demeure pour certains enfants en situation d\u2019extr\u00eame vuln\u00e9rabilit\u00e9 (Eurochild, 2024).<\/p>\n\n\n\n<h3 class=\"wp-block-heading\"><a href=\"https:\/\/www.humanium.org\/fr\/comprendre-droits-enfant\/droit-a-l-education\/\"><strong>Droit \u00e0 l\u2019\u00e9ducation<\/strong><\/a><strong><\/strong><\/h3>\n\n\n\n<p class=\"wp-block-paragraph\">En Estonie, l\u2019\u00e9ducation est gratuite et obligatoire de 7 \u00e0 17 ans, mais des r\u00e9formes r\u00e9centes ont port\u00e9 cette limite d\u2019\u00e2ge \u00e0 18 ans afin de r\u00e9duire les taux d\u2019abandon scolaire et d\u2019am\u00e9liorer l\u2019acc\u00e8s \u00e0 l\u2019enseignement secondaire, sup\u00e9rieur et professionnel (Eurydice, 2024, The Baltic Times, 2024). La plupart des enfants suivent neuf ann\u00e9es d\u2019enseignement de base qui sont suivies d\u2019\u00e9tudes sup\u00e9rieures facultatives.<\/p>\n\n\n\n<p class=\"wp-block-paragraph\">L\u2019inscription \u00e0 l\u2019\u00e9ducation pr\u00e9scolaire reste stable. En 2023, 37,8% des enfants de moins de trois ans \u2013 soit l\u00e9g\u00e8rement plus que la moyenne de l\u2019UE \u2013 \u00e9taient inscrits dans des structures d\u2019accueil. Le taux de participation des enfants \u00e2g\u00e9s de 3 \u00e0 7 ans a atteint 92%, soit juste en-dessous de l\u2019objectif de 96% fix\u00e9 par l\u2019Union europ\u00e9enne pour 2030 (Commission europ\u00e9enne, 2024a).<\/p>\n\n\n\n<p class=\"wp-block-paragraph\">Bien que la loi estonienne sur les \u00e9tablissements d\u2019accueil pr\u00e9scolaire garantisse le droit \u00e0 l\u2019\u00e9ducation pr\u00e9scolaire d\u00e8s l\u2019\u00e2ge de 18 moins, l\u2019acc\u00e8s reste in\u00e9gal, en particulier dans les zones urbaines en pleine expansion o\u00f9 la demande d\u00e9passe l\u2019offre. En 2023, plus de 68000 enfants fr\u00e9quentaient 560 \u00e9coles maternelles, pour la plupart publiques. N\u00e9anmoins, de nombreuses municipalit\u00e9s continuent de rencontrer des difficult\u00e9s pour assurer un nombre suffisant de places en maternelle. Si les fonds de l\u2019Union europ\u00e9enne ont contribu\u00e9 \u00e0 soutenir l\u2019expansion de l\u2019\u00e9ducation de la petite enfance, des lacunes subsistent (Commission europ\u00e9enne, 2024a).<\/p>\n\n\n\n<p class=\"wp-block-paragraph\">Depuis 2024, l\u2019Estonie a commenc\u00e9 \u00e0 faire passer tout l\u2019enseignement g\u00e9n\u00e9ral en estonien, avec une mise en \u0153uvre compl\u00e8te pr\u00e9vue d\u2019ici 2030. Destin\u00e9e \u00e0 promouvoir l\u2019int\u00e9gration, cette r\u00e9forme a suscit\u00e9 des inqui\u00e9tudes quant aux droits des \u00e9l\u00e8ves issus de minorit\u00e9s, en particulier les russophones dont les r\u00e9sultats scolaires sont souvent inf\u00e9rieurs \u00e0 la moyenne (Education Estonia, 2024 ; Russian School of Estonia, 2023).<\/p>\n\n\n\n<p class=\"wp-block-paragraph\">Le gouvernement affirme que la r\u00e9forme linguistique vise \u00e0 garantir l\u2019\u00e9galit\u00e9 des chances et des r\u00e9sultats scolaires pour tous les enfants en Estonie, quelle que soit leur origine. Les autorit\u00e9s soulignent que les \u00e9coles enseignant en estonien obtiennent syst\u00e9matiquement de meilleurs r\u00e9sultats scolaires, les \u00e9l\u00e8ves des \u00e9coles russophones accusant g\u00e9n\u00e9ralement un retard d\u2019environ une ann\u00e9e scolaire, selon les r\u00e9sultats du test PISA. <\/p>\n\n\n\n<p class=\"wp-block-paragraph\">Le gouvernement insiste \u00e9galement sur l\u2019importance de favoriser la coh\u00e9sion sociale, de r\u00e9duire la s\u00e9gr\u00e9gation r\u00e9sultant de syst\u00e8mes \u00e9ducatifs parall\u00e8les et de garantir \u00e0 tous les \u00e9l\u00e8ves un acc\u00e8s \u00e9gal \u00e0 l\u2019enseignement sup\u00e9rieur et au march\u00e9 du travail. L\u2019objectif est de cr\u00e9er un syst\u00e8me \u00e9ducatif unifi\u00e9 qui renforce l\u2019identit\u00e9 nationale estonienne et l\u2019int\u00e9gration sociale (Antelme, 2025 ; Education Estonia, 2024 ; Wright &amp; Antelme, 2024).<\/p>\n\n\n\n<p class=\"wp-block-paragraph\">Des mesures de soutien, notamment un financement important pour la formation des enseignants (initiale et continue), des ressources pour acqu\u00e9rir les comp\u00e9tences linguistiques n\u00e9cessaires en estonien, des cours de langue suppl\u00e9mentaires pour les \u00e9l\u00e8ves et des programmes d\u2019int\u00e9gration pour les immigrants nouvellement arriv\u00e9s sont mises en place afin d\u2019aider les \u00e9l\u00e8ves et les enseignants \u00e0 s\u2019adapter au nouveau syst\u00e8me. <\/p>\n\n\n\n<p class=\"wp-block-paragraph\">Les \u00e9coles sont encourag\u00e9es \u00e0 adopter des approches p\u00e9dagogiques flexibles, par exemple en mettant l\u2019accent sur l\u2019apprentissage de la langue estonienne pendant la premi\u00e8re moiti\u00e9 de l\u2019ann\u00e9e scolaire, et \u00e0 offrir un soutien personnalis\u00e9 aux \u00e9l\u00e8ves ayant un niveau de langue diff\u00e9rent (Antelme, 2024 ; Eurydice, 2025).<\/p>\n\n\n\n<p class=\"wp-block-paragraph\">Toutefois, les in\u00e9galit\u00e9s socio-\u00e9conomiques et g\u00e9ographiques continuent d\u2019entraver l\u2019acc\u00e8s \u00e0 une \u00e9ducation de qualit\u00e9 et aux infrastructures num\u00e9riques, en particulier dans les zones rurales (Commission europ\u00e9enne, 2024a). Chaque ann\u00e9e, environ 600 dipl\u00f4m\u00e9s de l\u2019enseignement primaire ne poursuivent pas leurs \u00e9tudes, et le nombre d\u2019abandons est similaire lors de la premi\u00e8re ann\u00e9e d\u2019enseignement secondaire sup\u00e9rieur (Minist\u00e8re de l\u2019\u00c9ducation et de la Recherche, 2024).<\/p>\n\n\n\n<p class=\"wp-block-paragraph\">Des programmes complets de lutte contre le harc\u00e8lement tels que KiVa ont \u00e9t\u00e9 mis en \u0153uvre dans de nombreuses \u00e9coles, g\u00e9n\u00e9rant des r\u00e9sultats prometteurs en mati\u00e8re de r\u00e9duction des taux globaux de harc\u00e8lement lorsqu\u2019ils sont appliqu\u00e9s de mani\u00e8re syst\u00e9matique. Les \u00e9coles municipales de Tallinn, en particulier, ont obtenu de meilleurs r\u00e9sultats que celles qui n\u2019utilisent pas ces programmes. Cependant, le cyberharc\u00e8lement et le harc\u00e8lement sexuel n\u00e9cessitent une attention particuli\u00e8re (Tallin, 2025).<\/p>\n\n\n\n<h3 class=\"wp-block-heading\"><a href=\"https:\/\/www.humanium.org\/fr\/comprendre-droits-enfant\/droit-a-la-sante\/\"><strong>Droit \u00e0 la sant\u00e9<\/strong><\/a><strong><\/strong><\/h3>\n\n\n\n<p class=\"wp-block-paragraph\">La <a href=\"https:\/\/www.humanium.org\/fr\/pauvrete\/\">pauvret\u00e9<\/a> contribue \u00e0 la <a href=\"https:\/\/www.humanium.org\/fr\/alimentation-sous-nutrition-et-malnutrition\/\">malnutrition<\/a> et, dans certains cas extr\u00eames, contraint les enfants \u00e0 <a href=\"https:\/\/www.humanium.org\/fr\/travail-des-enfants\/\">travailler ill\u00e9galement<\/a> ou les expose \u00e0 l\u2019exploitation. En r\u00e9ponse \u00e0 cela, le gouvernement offre des repas scolaires gratuits dans de nombreuses \u00e9coles municipales et s\u2019efforce d\u2019am\u00e9liorer leur qualit\u00e9 nutritionnelle (Eurochild, 2024).<\/p>\n\n\n\n<p class=\"wp-block-paragraph\">En 2025, de nouvelles r\u00e9glementations sur les repas scolaires et des recommandations alimentaires nationales ont \u00e9t\u00e9 introduites, encourageant une plus grande consommation de fruits, l\u00e9gumes, baies, poissons et aliments d&rsquo;origine v\u00e9g\u00e9tale afin de lutter contre la <a href=\"https:\/\/www.humanium.org\/fr\/comprendre-droits-enfant\/droit-a-l-alimentation\/\">malnutrition<\/a> et l&rsquo;ob\u00e9sit\u00e9 infantile croissante (ERR News, 2025a).<\/p>\n\n\n\n<p class=\"wp-block-paragraph\">Pourtant, seul un enfant sur six respecte les recommandations quotidiennes en mati\u00e8re d&rsquo;activit\u00e9 physique, et moins de la moiti\u00e9 consomment des fruits et des l\u00e9gumes chaque jour (Commission europ\u00e9enne, 2023). Le projet \u00ab De la ferme \u00e0 l&rsquo;\u00e9cole \u00bb, lanc\u00e9 en 2024, encourage l&rsquo;utilisation d&rsquo;ingr\u00e9dients biologiques locaux dans les repas scolaires, ce qui profite \u00e0 la fois aux enfants et aux agriculteurs locaux (Education Estonia, 2023).<\/p>\n\n\n\n<p class=\"wp-block-paragraph\">La sant\u00e9 mentale est un probl\u00e8me important et croissant chez les enfants et les adolescents. Le fait que les enfants et les adolescents en Estonie aient besoin d&rsquo;aide est de plus en plus reconnu, en particulier en raison de la forte augmentation des probl\u00e8mes de sant\u00e9 mentale tels que l&rsquo;anxi\u00e9t\u00e9, la d\u00e9pression, les id\u00e9es suicidaires et les troubles du comportement. <\/p>\n\n\n\n<p class=\"wp-block-paragraph\">Au cours des quatre derni\u00e8res ann\u00e9es, le nombre d&rsquo;enfants officiellement identifi\u00e9s comme \u00e9tant en difficult\u00e9 a augment\u00e9 de 28 %, passant de 3052 en 2020 \u00e0 3903 en 2024 (Vahter, 2025). La situation est particuli\u00e8rement critique chez les 15-17 ans, le nombre d&rsquo;enfants en difficult\u00e9 ayant connu une augmentation stup\u00e9fiante de 50 %, atteignant 510 adolescents en 2024. <\/p>\n\n\n\n<p class=\"wp-block-paragraph\">Les gar\u00e7ons repr\u00e9sentent 55 % de tous les cas signal\u00e9s (2142), souvent li\u00e9s \u00e0 un comportement plus risqu\u00e9 et \u00e0 des signalements plus fr\u00e9quents. Sur le plan g\u00e9ographique, le comt\u00e9 de Harju est le plus touch\u00e9, avec 1522 enfants en difficult\u00e9, dont 1058 \u00e0 Tallinn, la capitale de l\u2019Estonie. Le comt\u00e9 de Tartu suit avec 582 cas, tandis que les comt\u00e9s plus petits, tels que J\u00f5geva et Hiiu, signalent chacun moins de 150 cas (Vahter, 2025).<\/p>\n\n\n\n<p class=\"wp-block-paragraph\">Les diagnostics de troubles mentaux et comportementaux ont augment\u00e9 de 4 % en 2024, avec une hausse de 14 % chez les enfants de moins de 15 ans. Les gar\u00e7ons de cette tranche d&rsquo;\u00e2ge sont presque deux fois plus susceptibles d&rsquo;\u00eatre diagnostiqu\u00e9s, bien que les filles pr\u00e9sentent des taux plus \u00e9lev\u00e9s de d\u00e9pression et d&rsquo;anxi\u00e9t\u00e9 (ERR News, 2025b). Pr\u00e8s de 30 % des adolescents pr\u00e9sentent des sympt\u00f4mes d\u00e9pressifs hebdomadaires, souvent li\u00e9s \u00e0 des pressions scolaires et familiales (Tatomir, 2025).<\/p>\n\n\n\n<p class=\"wp-block-paragraph\">L&rsquo;acc\u00e8s aux services de sant\u00e9 mentale reste in\u00e9gal, en particulier en dehors des grandes villes. L&rsquo;Estonie ne compte que 18 p\u00e9dopsychiatres dans tout le pays, et de nombreux professionnels de la sant\u00e9 mentale ne disposent pas de la formation sp\u00e9cialis\u00e9e n\u00e9cessaire pour aider les <a href=\"https:\/\/www.humanium.org\/fr\/suicide-enfants\/\">enfants suicidaires<\/a>. En r\u00e9ponse \u00e0 cette situation, le plan d&rsquo;action pour la sant\u00e9 mentale 2023-2026 a augment\u00e9 le financement des services de sant\u00e9 mentale en Estonie (Litvinova, 2024).<\/p>\n\n\n\n<h3 class=\"wp-block-heading\"><a href=\"https:\/\/www.humanium.org\/fr\/comprendre-droits-enfant\/droit-a-l-eau\/\"><strong>Droit \u00e0 l\u2019eau et \u00e0 l\u2019assainissement<\/strong><\/a><strong><\/strong><\/h3>\n\n\n\n<p class=\"wp-block-paragraph\">Les conditions de vie mettent en \u00e9vidence des in\u00e9galit\u00e9s persistantes. Plus de 51000 enfants en Estonie vivent dans des foyers sans eau courante et plus de 70000 n&rsquo;ont pas de toilettes \u00e0 domicile, des conditions particuli\u00e8rement critiques dans les zones rurales et marginalis\u00e9es (HCDH, 2024a). Ces disparit\u00e9s ont un impact significatif sur la sant\u00e9 et le bien-\u00eatre g\u00e9n\u00e9ral des enfants, soulignant l\u2019urgence d&rsquo;interventions cibl\u00e9es.<\/p>\n\n\n<div class=\"wp-block-image\">\n<figure class=\"alignleft size-large is-resized\"><img loading=\"lazy\" decoding=\"async\" width=\"1024\" height=\"684\" src=\"https:\/\/www.humanium.org\/fr\/wp-content\/uploads\/2026\/01\/shutterstock_1380924746-1024x684.jpg\" alt=\"\" class=\"wp-image-61705\" style=\"aspect-ratio:1.4971177142220613;width:368px;height:auto\" srcset=\"https:\/\/www.humanium.org\/fr\/wp-content\/uploads\/2026\/01\/shutterstock_1380924746-1024x684.jpg 1024w, https:\/\/www.humanium.org\/fr\/wp-content\/uploads\/2026\/01\/shutterstock_1380924746-300x200.jpg 300w, https:\/\/www.humanium.org\/fr\/wp-content\/uploads\/2026\/01\/shutterstock_1380924746-768x513.jpg 768w, https:\/\/www.humanium.org\/fr\/wp-content\/uploads\/2026\/01\/shutterstock_1380924746-1536x1025.jpg 1536w, https:\/\/www.humanium.org\/fr\/wp-content\/uploads\/2026\/01\/shutterstock_1380924746-2048x1367.jpg 2048w, https:\/\/www.humanium.org\/fr\/wp-content\/uploads\/2026\/01\/shutterstock_1380924746-830x554.jpg 830w, https:\/\/www.humanium.org\/fr\/wp-content\/uploads\/2026\/01\/shutterstock_1380924746-230x154.jpg 230w, https:\/\/www.humanium.org\/fr\/wp-content\/uploads\/2026\/01\/shutterstock_1380924746-350x234.jpg 350w, https:\/\/www.humanium.org\/fr\/wp-content\/uploads\/2026\/01\/shutterstock_1380924746-480x320.jpg 480w, https:\/\/www.humanium.org\/fr\/wp-content\/uploads\/2026\/01\/shutterstock_1380924746-272x182.jpg 272w\" sizes=\"auto, (max-width: 1024px) 100vw, 1024px\" \/><\/figure>\n<\/div>\n\n\n<p class=\"wp-block-paragraph\">Malgr\u00e9 les obligations l\u00e9gales et internationales de l&rsquo;Estonie, notamment en vertu de la CDE, de nombreux enfants n&rsquo;ont toujours pas acc\u00e8s \u00e0 l&rsquo;eau potable et \u00e0 des installations sanitaires ad\u00e9quates, ce qui porte atteinte \u00e0 leur droit \u00e0 un niveau de vie d\u00e9cent. Les lacunes en mati\u00e8re d&rsquo;infrastructures et de services font que de nombreux enfants, en particulier ceux qui vivent dans des zones recul\u00e9es et d\u00e9favoris\u00e9es, ne peuvent pas jouir pleinement de ce droit.<\/p>\n\n\n\n<h3 class=\"wp-block-heading\"><a href=\"https:\/\/www.humanium.org\/fr\/comprendre-droits-enfant\/droit-aux-libertes\/enjeux-liberte-participation\/\"><strong>Droit \u00e0 la libert\u00e9 et \u00e0 la participation<\/strong><\/a><strong><\/strong><\/h3>\n\n\n\n<p class=\"wp-block-paragraph\">L&rsquo;Estonie a mis en place plusieurs m\u00e9canismes pour soutenir la libert\u00e9 d&rsquo;expression et la <a href=\"https:\/\/www.humanium.org\/fr\/comprendre-droits-enfant\/droit-aux-libertes\/enjeux-liberte-participation\/\">participation<\/a> des enfants, notamment des conseils de jeunes et le droit de vote aux \u00e9lections municipales \u00e0 partir de 16 ans (Eurochild, 2025b). Ces initiatives visent \u00e0 donner aux enfants les moyens d&rsquo;exprimer leurs opinions et de faire entendre leur voix dans les affaires publiques et la gouvernance locale.<\/p>\n\n\n\n<p class=\"wp-block-paragraph\">N\u00e9anmoins, malgr\u00e9 ces dispositions l\u00e9gales, la jouissance effective de ces libert\u00e9s par les enfants \u2013 que ce soit dans la famille, \u00e0 l&rsquo;\u00e9cole ou dans la soci\u00e9t\u00e9 en g\u00e9n\u00e9ral \u2013 reste limit\u00e9e. Des obstacles pratiques, notamment des normes sociales profond\u00e9ment ancr\u00e9es, des contraintes institutionnelles et des attitudes culturelles, continuent de limiter la capacit\u00e9 des enfants \u00e0 exercer pleinement leurs libert\u00e9s, en particulier pour les groupes vuln\u00e9rables tels que les enfants plac\u00e9s en institution et ceux issus de minorit\u00e9s.<\/p>\n\n\n\n<p class=\"wp-block-paragraph\">En r\u00e9ponse \u00e0 cela, l&rsquo;Estonie s&rsquo;efforce de renforcer la participation et la libert\u00e9 d&rsquo;expression des enfants, conform\u00e9ment \u00e0 ses obligations internationales. Ces efforts comprennent la cr\u00e9ation de comit\u00e9s consultatifs, l&rsquo;\u00e9largissement des possibilit\u00e9s de consultation et la promotion de canaux d&rsquo;information et de communication adapt\u00e9s aux enfants. En outre, en 2025, de nouvelles lignes directrices et plateformes num\u00e9riques seront mises en place afin de faciliter l&rsquo;acc\u00e8s aux services et de garantir que la voix des enfants soit effectivement entendue dans les processus d&rsquo;\u00e9laboration des politiques (HCDH, 2024a ; Sotsiaalkindlustusamet, 2025).<\/p>\n\n\n\n<h2 class=\"wp-block-heading\"><strong>Facteurs de risque \u2192 D\u00e9fis sp\u00e9cifiques au pays<\/strong><\/h2>\n\n\n\n<h3 class=\"wp-block-heading\"><a href=\"https:\/\/www.humanium.org\/fr\/la-maltraitance-des-enfants\/\"><strong>Violence \u00e0 l&rsquo;encontre des enfants<\/strong><\/a><strong><\/strong><\/h3>\n\n\n\n<p class=\"wp-block-paragraph\">L&rsquo;Estonie affiche l&rsquo;un des taux les plus \u00e9lev\u00e9s d&rsquo;enfants victimes de harc\u00e8lement parmi les pays de l&rsquo;Union europ\u00e9enne. Ce harc\u00e8lement se produit \u00e0 l&rsquo;\u00e9cole et en ligne (HCDH, 2024a). Les principales formes de harc\u00e8lement sont physiques, \u00e9motionnelles, verbales et sociales (exclusion et propagation de rumeurs), le harc\u00e8lement verbal \u00e9tant particuli\u00e8rement r\u00e9pandu chez les \u00e9l\u00e8ves plus \u00e2g\u00e9s (K\u00f5iv &amp; \u0160tenclov\u00e1, 2024). Un \u00e9l\u00e8ve sur quatre est concern\u00e9, les \u00e9l\u00e8ves des \u00e9coles russophones et les gar\u00e7ons \u00e9tant plus susceptibles d&rsquo;\u00eatre pris pour cible (Commission europ\u00e9enne, 2024a).<\/p>\n\n\n\n<p class=\"wp-block-paragraph\">Le pays est \u00e9galement en t\u00eate de l&rsquo;Union europ\u00e9enne en mati\u00e8re d&rsquo;exposition des jeunes aux abus en ligne. Selon Eurostat, 69 % des jeunes Estoniens (\u00e2g\u00e9s de 16 \u00e0 29 ans) ont \u00e9t\u00e9 confront\u00e9s \u00e0 des contenus hostiles en ligne, ce qui repr\u00e9sente le taux le plus \u00e9lev\u00e9 d&rsquo;Europe (Moldovan, 2024).<\/p>\n\n\n\n<p class=\"wp-block-paragraph\">De plus, l&rsquo;Estonie reste \u00e0 la fois un pays d&rsquo;origine et de transit pour les <a href=\"https:\/\/www.humanium.org\/fr\/trafic-enfants\/\">enfants victimes de traite<\/a>, qui sont souvent transf\u00e9r\u00e9s vers d&rsquo;autres \u00c9tats membres de l&rsquo;Union europ\u00e9enne. Ce probl\u00e8me touche principalement les enfants vuln\u00e9rables, en particulier ceux qui sont d\u00e9favoris\u00e9s sur le plan \u00e9conomique, plac\u00e9s en institution ou issus de groupes marginalis\u00e9s (D\u00e9partement d&rsquo;\u00c9tat am\u00e9ricain, 2024). Les disparit\u00e9s \u00e9conomiques par rapport \u00e0 la moyenne de l&rsquo;Union europ\u00e9enne et la proximit\u00e9 de l&rsquo;Estonie avec des pays plus riches augmentent sa vuln\u00e9rabilit\u00e9 aux r\u00e9seaux de traite.<\/p>\n\n\n\n<p class=\"wp-block-paragraph\">Les <a href=\"https:\/\/www.humanium.org\/fr\/les-consequences-negatives-de-la-fracture-numerique-pour-des-millions-denfants\/\">plateformes en ligne<\/a> ont rendu les r\u00e9seaux de traite plus sophistiqu\u00e9s. En r\u00e9ponse, l&rsquo;Estonie a introduit des sanctions l\u00e9gales plus s\u00e9v\u00e8res, am\u00e9lior\u00e9 les processus d&rsquo;identification des victimes et \u00e9largi les services de soutien, notamment en mettant en place des proc\u00e9dures d&rsquo;enqu\u00eate adapt\u00e9es aux enfants, telles que celles propos\u00e9es par le mod\u00e8le Barnahus (HCDH, 2024a).<\/p>\n\n\n\n<p class=\"wp-block-paragraph\">Cependant, de nombreux cas ne sont pas signal\u00e9s en raison de la stigmatisation sociale et de la nature clandestine de ce crime ; ainsi, l&rsquo;ampleur r\u00e9elle du ph\u00e9nom\u00e8ne est probablement sous-estim\u00e9e (D\u00e9partement d&rsquo;\u00c9tat am\u00e9ricain, 2023). Les organismes internationaux continuent d&rsquo;exhorter l&rsquo;Estonie \u00e0 renforcer ses strat\u00e9gies de pr\u00e9vention, de protection et de poursuite (HCDH, 2024a). Les r\u00e9centes r\u00e9formes l\u00e9gislatives visent \u00e0 am\u00e9liorer l&rsquo;identification pr\u00e9coce des enfants dans le besoin, \u00e0 renforcer le soutien aux familles d&rsquo;accueil et adoptives, et \u00e0 mieux int\u00e9grer les services sociaux et de sant\u00e9 destin\u00e9s aux enfants ayant des besoins sp\u00e9cifiques (HCDH, 2024a ; Riigikogu, 2025).<\/p>\n\n\n\n<h3 class=\"wp-block-heading\"><a href=\"https:\/\/www.humanium.org\/fr\/pauvrete\/\"><strong>Pauvret\u00e9 infantile<\/strong><\/a><strong><\/strong><\/h3>\n\n\n\n<p class=\"wp-block-paragraph\">En Estonie, un enfant sur cinq vit dans la pauvret\u00e9. En 2024, le taux de risque de pauvret\u00e9 a atteint 20,2 %, avec 18,3 % des enfants expos\u00e9s au risque de pauvret\u00e9 ou d&rsquo;exclusion sociale en 2023 (Europe Data, 2024 ; Trading Economics, 2025b). Les m\u00e9nages monoparentaux et les <a href=\"https:\/\/www.humanium.org\/fr\/famille-droits-enfant\/\">familles<\/a> avec trois enfants ou plus sont particuli\u00e8rement vuln\u00e9rables, la pr\u00e9carit\u00e9 ayant consid\u00e9rablement augment\u00e9 en 2024. 25,3 % des m\u00e9nages monoparentaux ont connu une pr\u00e9carit\u00e9 mat\u00e9rielle, soit une augmentation de 34 % par rapport \u00e0 l&rsquo;ann\u00e9e pr\u00e9c\u00e9dente (Postimees, 2024 ; Statistics Estonia, 2024).<\/p>\n\n\n\n<p class=\"wp-block-paragraph\">Les disparit\u00e9s r\u00e9gionales sont prononc\u00e9es. Dans le comt\u00e9 d&rsquo;Ida-Viru, le taux de pauvret\u00e9 a atteint 35 %, soit plus du double de celui du comt\u00e9 de Harju (15,5 %) (Europe Data, 2024). Les enfants vivant dans des zones rurales ou isol\u00e9es ont moins acc\u00e8s aux services de base et sont plus susceptibles de grandir dans la pauvret\u00e9 que leurs pairs urbains.<\/p>\n\n\n\n<p class=\"wp-block-paragraph\">Pour relever ces d\u00e9fis, le Plan d&rsquo;Action de l\u2019Estonie pour la garantie de l\u2019Enfance vise \u00e0 r\u00e9duire la pauvret\u00e9 infantile. Ce plan comprend des services sociaux et de <a href=\"https:\/\/www.humanium.org\/fr\/comprendre-droits-enfant\/droit-a-la-sante\/\">sant\u00e9<\/a> int\u00e9gr\u00e9s, une augmentation des prestations familiales et un soutien cibl\u00e9 aux groupes vuln\u00e9rables (Commission europ\u00e9enne, 2024b).<\/p>\n\n\n\n<h3 class=\"wp-block-heading\"><a href=\"https:\/\/www.humanium.org\/fr\/discriminations\/\"><strong>Discrimination<\/strong><\/a><strong> et <\/strong><a href=\"https:\/\/www.humanium.org\/fr\/enfants-des-minorites\/\"><strong>enfants issus de minorit\u00e9s<\/strong><\/a><\/h3>\n\n\n\n<p class=\"wp-block-paragraph\">La discrimination continue d&rsquo;entraver la pleine r\u00e9alisation des droits des enfants en Estonie, en particulier au sein des communaut\u00e9s russophones et autres minorit\u00e9s. Les exigences linguistiques dans l&rsquo;\u00e9ducation et <a href=\"https:\/\/www.humanium.org\/fr\/travail-des-enfants\/\">l&#8217;emploi<\/a> notamment limitent les opportunit\u00e9s et renforcent les cycles de pauvret\u00e9 et d&rsquo;exclusion sociale.<\/p>\n\n\n\n<p class=\"wp-block-paragraph\">La pr\u00e9dominance de l&rsquo;estonien dans les \u00e9coles et sur les lieux de travail limite l&rsquo;acc\u00e8s \u00e0 une \u00e9ducation et \u00e0 des emplois de qualit\u00e9 pour les enfants russophones et issus d&rsquo;autres minorit\u00e9s, ce qui conduit \u00e0 leur marginalisation sociale et \u00e9conomique. Les enfants issus de minorit\u00e9s peuvent \u00e9galement \u00eatre victimes de st\u00e9r\u00e9otypes, de <a href=\"https:\/\/www.humanium.org\/fr\/harcelement-scolaire\/\">harc\u00e8lement<\/a> ou d&rsquo;exclusion dans les \u00e9tablissements scolaires et les espaces publics, ce qui nuit \u00e0 leur sentiment d&rsquo;appartenance et \u00e0 leur identit\u00e9 personnelle.<\/p>\n\n\n\n<p class=\"wp-block-paragraph\">En 2023, l&rsquo;Estonie a adopt\u00e9 une l\u00e9gislation exigeant que toute l&rsquo;\u00e9ducation pr\u00e9scolaire et scolaire soit dispens\u00e9e en estonien, limitant ainsi de fait les possibilit\u00e9s d&rsquo;enseignement dans les langues minoritaires, telles que le russe (HCDH, 2023). Si les droits fondamentaux \u00e0 l&rsquo;\u00e9ducation et \u00e0 la protection sont garantis pour tous les enfants, des inqui\u00e9tudes ont \u00e9t\u00e9 exprim\u00e9es quant \u00e0 la pr\u00e9servation de l&rsquo;identit\u00e9 culturelle et au droit \u00e0 l&rsquo;\u00e9ducation dans la langue maternelle des enfants issus de minorit\u00e9s. <\/p>\n\n\n\n<p class=\"wp-block-paragraph\">Malgr\u00e9 les efforts d\u00e9ploy\u00e9s par l&rsquo;Estonie pour renforcer sa l\u00e9gislation anti-discrimination, les protections juridiques existantes ne garantissent toujours pas l&rsquo;\u00e9galit\u00e9 de traitement pour tous les groupes minoritaires dans diff\u00e9rents domaines de la vie (Grossthal, s.d.).<\/p>\n\n\n<div class=\"wp-block-image\">\n<figure class=\"alignright size-large is-resized\"><img loading=\"lazy\" decoding=\"async\" width=\"1024\" height=\"683\" src=\"https:\/\/www.humanium.org\/fr\/wp-content\/uploads\/2026\/01\/shutterstock_2658776001-1024x683.jpg\" alt=\"\" class=\"wp-image-61706\" style=\"aspect-ratio:1.499330655957162;width:364px;height:auto\" srcset=\"https:\/\/www.humanium.org\/fr\/wp-content\/uploads\/2026\/01\/shutterstock_2658776001-1024x683.jpg 1024w, https:\/\/www.humanium.org\/fr\/wp-content\/uploads\/2026\/01\/shutterstock_2658776001-300x200.jpg 300w, https:\/\/www.humanium.org\/fr\/wp-content\/uploads\/2026\/01\/shutterstock_2658776001-768x512.jpg 768w, https:\/\/www.humanium.org\/fr\/wp-content\/uploads\/2026\/01\/shutterstock_2658776001-1536x1024.jpg 1536w, https:\/\/www.humanium.org\/fr\/wp-content\/uploads\/2026\/01\/shutterstock_2658776001-2048x1365.jpg 2048w, https:\/\/www.humanium.org\/fr\/wp-content\/uploads\/2026\/01\/shutterstock_2658776001-830x553.jpg 830w, https:\/\/www.humanium.org\/fr\/wp-content\/uploads\/2026\/01\/shutterstock_2658776001-230x153.jpg 230w, https:\/\/www.humanium.org\/fr\/wp-content\/uploads\/2026\/01\/shutterstock_2658776001-350x233.jpg 350w, https:\/\/www.humanium.org\/fr\/wp-content\/uploads\/2026\/01\/shutterstock_2658776001-480x320.jpg 480w, https:\/\/www.humanium.org\/fr\/wp-content\/uploads\/2026\/01\/shutterstock_2658776001-272x182.jpg 272w\" sizes=\"auto, (max-width: 1024px) 100vw, 1024px\" \/><\/figure>\n<\/div>\n\n\n<p class=\"wp-block-paragraph\">Depuis 2024, l&rsquo;Estonie a entam\u00e9 la transition de l&rsquo;enseignement g\u00e9n\u00e9ral vers l&rsquo;estonien exclusivement, la mise en \u0153uvre compl\u00e8te \u00e9tant pr\u00e9vue pour 2030 (Antelme, 2024). Si cette r\u00e9forme vise \u00e0 promouvoir l&rsquo;int\u00e9gration, ses d\u00e9tracteurs affirment qu&rsquo;elle pourrait conduire \u00e0 une assimilation forc\u00e9e. La fermeture des \u00e9coles russophones et l&rsquo;offre limit\u00e9e d&rsquo;options d&rsquo;enseignement bilingue ont accru la s\u00e9gr\u00e9gation et provoqu\u00e9 des <a href=\"https:\/\/www.humanium.org\/fr\/enfants-deplaces\/\">migrations internes<\/a> au sein des communaut\u00e9s minoritaires (Russian School of Estonia, 2023). De plus, les Russophones ont souvent des r\u00e9sultats scolaires inf\u00e9rieurs \u00e0 la moyenne (Education Estonia, 2024).<\/p>\n\n\n\n<p class=\"wp-block-paragraph\">Des organismes internationaux, notamment des experts des Nations unies, ont soulign\u00e9 que le passage \u00e0 un enseignement exclusivement en estonien dans l&rsquo;\u00e9ducation pr\u00e9scolaire et g\u00e9n\u00e9rale pourrait enfreindre les normes relatives aux droits humains qui prot\u00e8gent les droits linguistiques et culturels des enfants issus de minorit\u00e9s. La mise en \u0153uvre de la loi a entra\u00een\u00e9 la fermeture de plusieurs \u00e9coles de langues minoritaires et suscit\u00e9 un d\u00e9bat public, les d\u00e9tracteurs affirmant que les enfants issus de minorit\u00e9s linguistiques pourraient \u00eatre d\u00e9savantag\u00e9s, tant sur le plan scolaire que sur le plan social, s&rsquo;ils \u00e9taient contraints de s&rsquo;adapter \u00e0 une nouvelle langue d&rsquo;enseignement. <\/p>\n\n\n\n<p class=\"wp-block-paragraph\">Le gouvernement estonien soutient que cette politique vise \u00e0 favoriser l&rsquo;unit\u00e9 et l&rsquo;int\u00e9gration sociale, tout en poursuivant le dialogue avec ses partenaires internationaux afin de trouver un \u00e9quilibre entre l&rsquo;int\u00e9gration et la protection des droits des minorit\u00e9s (Hankewitz, 2023 ; HCDH, 2023).<\/p>\n\n\n\n<h3 class=\"wp-block-heading\"><a href=\"https:\/\/www.humanium.org\/fr\/suicide-enfants\/\"><strong>Suicide chez les enfants<\/strong><\/a><strong><\/strong><\/h3>\n\n\n\n<p class=\"wp-block-paragraph\">La pr\u00e9valence des pens\u00e9es suicidaires chez les jeunes en Estonie est particuli\u00e8rement alarmante. En 2022, 16,1 % des gar\u00e7ons et 33,6 % des filles de 15 ans ont d\u00e9clar\u00e9 avoir eu de telles pens\u00e9es au cours de l&rsquo;ann\u00e9e \u00e9coul\u00e9e. Selon une \u00e9tude de l&rsquo;universit\u00e9 de Tartu, cela signifie qu&rsquo;environ une fille de 15 ans sur trois a eu des id\u00e9es suicidaires, ce qui repr\u00e9sente une augmentation significative au cours de la derni\u00e8re d\u00e9cennie. Les filles \u00e9taient \u00e9galement plus susceptibles de d\u00e9clarer des \u00e9pisodes d\u00e9pressifs, 60,2 % d&rsquo;entre elles ayant connu une p\u00e9riode d\u00e9pressive d&rsquo;au moins deux semaines, contre 29,2 % des gar\u00e7ons (Saar, 2025).<\/p>\n\n\n\n<p class=\"wp-block-paragraph\">Les pens\u00e9es suicidaires et la d\u00e9pression ont augment\u00e9 chez les adolescents des deux sexes, et le nombre de suicides chez les jeunes a augment\u00e9 ces derni\u00e8res ann\u00e9es. Parall\u00e8lement, la plus forte augmentation des troubles mentaux et comportementaux a \u00e9t\u00e9 observ\u00e9e chez les enfants de moins de 15 ans, avec une hausse notable des diagnostics au cours de l&rsquo;ann\u00e9e \u00e9coul\u00e9e. Si les filles d\u00e9clarent plus fr\u00e9quemment avoir des id\u00e9es suicidaires, les gar\u00e7ons de moins de 15 ans pr\u00e9sentent des taux plus \u00e9lev\u00e9s de troubles mentaux diagnostiqu\u00e9s (ERR News, 2025b).<\/p>\n\n\n\n<p class=\"wp-block-paragraph\">En r\u00e9ponse \u00e0 cette situation, l&rsquo;Estonie a modifi\u00e9 la loi sur la sant\u00e9 mentale en 2021 afin de permettre aux enfants d&rsquo;acc\u00e9der \u00e0 des soins psychiatriques sans autorisation parentale, dans le but de r\u00e9duire les obstacles pour ceux qui ont besoin d&rsquo;une aide urgente (HCDH, 2024a). <\/p>\n\n\n\n<p class=\"wp-block-paragraph\">Elle investit \u00e9galement dans l&rsquo;am\u00e9lioration des programmes de formation des professionnels de la sant\u00e9 mentale et dans des \u00e9valuations syst\u00e9miques afin de renforcer le soutien aux jeunes \u00e0 risque et \u00e0 ceux qui souffrent de crises de sant\u00e9 mentale. Cependant, les experts continuent de souligner certaines lacunes, notamment l&rsquo;insuffisance de la formation sp\u00e9cialis\u00e9e pour accompagner les jeunes suicidaires et r\u00e9pondre \u00e0 leurs besoins sous-jacents (Litvinova, 2024).<\/p>\n\n\n\n<p class=\"wp-block-paragraph\"><em><strong>\u00c9crit par Or Salama<\/strong><\/em><\/p>\n\n\n\n<p class=\"wp-block-paragraph\"><em><strong>Relu en interne par Aditi Partha\u00a0<\/strong><\/em><\/p>\n\n\n\n<p class=\"wp-block-paragraph\"><em><strong>Traduit par Catheline Hannier<\/strong><\/em><\/p>\n\n\n\n<p class=\"wp-block-paragraph\"><em><strong>Relu par Ania Beznia<\/strong><\/em><\/p>\n\n\n\n<p class=\"wp-block-paragraph\"><em><strong>Derni\u00e8re mise \u00e0 jour le 2 ao\u00fbt 2025<\/strong><\/em><\/p>\n\n\n\n<h4 class=\"wp-block-heading\"><strong>R\u00e9f\u00e9rences :<\/strong><strong><\/strong><\/h4>\n\n\n\n<p class=\"has-small-font-size wp-block-paragraph\">Antelme, S. (2024, September 2). Overview: The transition to Estonian-language education. Retrieved from ERR News at <a href=\"https:\/\/news.err.ee\/1609440881\/overview-the-transition-to-estonian-language-education\">https:\/\/news.err.ee\/1609440881\/overview-the-transition-to-estonian-language-education<\/a>, accessed on July 23, 2025.<\/p>\n\n\n\n<p class=\"has-small-font-size wp-block-paragraph\">Committee on the Rights of the Child. (2024, June 18).&nbsp;Concluding observations on the combined fifth to seventh periodic reports of Estonia. Retrieved from the United Nations at <a href=\"https:\/\/documents.un.org\/doc\/undoc\/gen\/g24\/088\/81\/pdf\/g2408881.pdf\">https:\/\/documents.un.org\/doc\/undoc\/gen\/g24\/088\/81\/pdf\/g2408881.pdf<\/a>, accessed on July 10, 2025.<\/p>\n\n\n\n<p class=\"has-small-font-size wp-block-paragraph\">DataReportal. (2025, March 3). Digital 2025: Estonia. Retrieved from DataReportal at <a href=\"https:\/\/datareportal.com\/reports\/digital-2025-estonia\" target=\"_blank\" rel=\"noreferrer noopener\">https:\/\/datareportal.com\/reports\/digital-2025-estonia<\/a>, accessed on July 5, 2025.<\/p>\n\n\n\n<p class=\"has-small-font-size wp-block-paragraph\">Education Estonia. (2023, January 12). Estonia hopes to turn school canteens into restaurants. Retrieved from Education Estonia at <a href=\"https:\/\/www.educationestonia.org\/estonia-hopes-to-turn-school-canteens-into-restaurants\/\" target=\"_blank\" rel=\"noreferrer noopener\">https:\/\/www.educationestonia.org\/estonia-hopes-to-turn-school-canteens-into-restaurants\/<\/a>, accessed on July 5, 2025.<\/p>\n\n\n\n<p class=\"has-small-font-size wp-block-paragraph\">Education Estonia. (2024, March 27). A new chapter in Estonian education: Uniting through instruction language. Retrieved from Education Estonia at <a href=\"https:\/\/www.educationestonia.org\/estonian-education-language-reform\/\">https:\/\/www.educationestonia.org\/estonian-education-language-reform\/<\/a>, accessed on July 5, 2025.<\/p>\n\n\n\n<p class=\"has-small-font-size wp-block-paragraph\">ERR News. (2025a, May 9). Emphasis on fruit and vegetables in new school meals regulation. Retrieved from ERR News at <a href=\"https:\/\/news.err.ee\/1609689185\/emphasis-on-fruit-and-vegetables-in-new-school-meals-regulation\">https:\/\/news.err.ee\/1609689185\/emphasis-on-fruit-and-vegetables-in-new-school-meals-regulation<\/a>, accessed on July 5, 2025.<\/p>\n\n\n\n<p class=\"has-small-font-size wp-block-paragraph\">ERR News. (2025b, June 17). Mental health and behavioral disorder diagnoses on the rise in Estonia. Retrieved from ERR News at <a href=\"https:\/\/news.err.ee\/1609723791\/mental-health-and-behavioral-disorder-diagnoses-on-the-rise-in-estonia\">https:\/\/news.err.ee\/1609723791\/mental-health-and-behavioral-disorder-diagnoses-on-the-rise-in-estonia<\/a>, accessed on July 5, 2025.<\/p>\n\n\n\n<p class=\"has-small-font-size wp-block-paragraph\">Eurochild. (2024, May 27). Estonia\u2019s 2024 Biennial report on the implementation of the Child Guarantee \u2013 an overview. Retrieved from Eurochild at <a href=\"https:\/\/eurochild.org\/resource\/estonias-2024-biennial-report-on-the-implementation-of-the-child-guarantee-an-overview\/\">https:\/\/eurochild.org\/resource\/estonias-2024-biennial-report-on-the-implementation-of-the-child-guarantee-an-overview\/<\/a>, accessed on July 5, 2025.<\/p>\n\n\n\n<p class=\"has-small-font-size wp-block-paragraph\">Eurochild. (2025a, February). Child protection systems in Europe. Retrieved from Eurochild at <a href=\"https:\/\/eurochild.org\/uploads\/2025\/02\/Eurochild-2024-Flagship-Sub-report-on-Child-Protection.pdf\">https:\/\/eurochild.org\/uploads\/2025\/02\/Eurochild-2024-Flagship-Sub-report-on-Child-Protection.pdf<\/a>, accessed on July 10, 2025.<\/p>\n\n\n\n<p class=\"has-small-font-size wp-block-paragraph\">Eurochild. (2025b, February). Child participation in Europe. Retrieved from Eurochild at <a href=\"https:\/\/eurochild.org\/uploads\/2025\/02\/Eurochild-2024-Flagship-Sub-report-on-child-participation.pdf\">https:\/\/eurochild.org\/uploads\/2025\/02\/Eurochild-2024-Flagship-Sub-report-on-child-participation.pdf<\/a>, accessed on July 7, 2025.<\/p>\n\n\n\n<p class=\"has-small-font-size wp-block-paragraph\">Europe Data. (2024). One fifth of Estonia\u2019s population lives at risk of poverty. Retrieved from Europe Data at <a href=\"https:\/\/europe-data.com\/one-fifth-of-estonias-population-lives-at-risk-of-poverty\/\">https:\/\/europe-data.com\/one-fifth-of-estonias-population-lives-at-risk-of-poverty\/<\/a>, accessed on July 5, 2025.<\/p>\n\n\n\n<p class=\"has-small-font-size wp-block-paragraph\">European Commission. (2023, November 28). Estonia. General context. Retrieved from European Commission at <a href=\"https:\/\/national-policies.eacea.ec.europa.eu\/youthwiki\/chapters\/estonia\/71-general-context\">https:\/\/national-policies.eacea.ec.europa.eu\/youthwiki\/chapters\/estonia\/71-general-context<\/a>, accessed on July 5, 2025.<\/p>\n\n\n\n<p class=\"has-small-font-size wp-block-paragraph\">European Commission. (2024a). Education and Training Monitor 2024. Estonia. Retrieved from European Commission at <a href=\"https:\/\/op.europa.eu\/webpub\/eac\/education-and-training-monitor\/en\/country-reports\/estonia.html\">https:\/\/op.europa.eu\/webpub\/eac\/education-and-training-monitor\/en\/country-reports\/estonia.html<\/a>, accessed on July 5, 2025.<\/p>\n\n\n\n<p class=\"has-small-font-size wp-block-paragraph\">European Commission. (2024b). Estonian Child Guarantee Report 2024.\u202fRetrieved from European Commission at <a href=\"https:\/\/ec.europa.eu\/social\/ajax\/BlobServlet?docId=27546&amp;langId=en\">https:\/\/ec.europa.eu\/social\/ajax\/BlobServlet?docId=27546&amp;langId=en<\/a>, accessed on July 26, 2025.<\/p>\n\n\n\n<p class=\"has-small-font-size wp-block-paragraph\">Eurydice. (2024, June 20). Estonia: Extension of the compulsory education. Retrieved from Eurydice at <a href=\"https:\/\/eurydice.eacea.ec.europa.eu\/news\/estonia-extension-compulsory-education\">https:\/\/eurydice.eacea.ec.europa.eu\/news\/estonia-extension-compulsory-education<\/a>, accessed on July 5, 2025.<\/p>\n\n\n\n<p class=\"has-small-font-size wp-block-paragraph\">Eurydice. (2025, April 8).&nbsp;Estonia. National reforms in general school education. Retrieved from Eurydice at <a href=\"https:\/\/eurydice.eacea.ec.europa.eu\/eurypedia\/estonia\/national-reforms-general-school-education\" target=\"_blank\" rel=\"noreferrer noopener\">https:\/\/eurydice.eacea.ec.europa.eu\/eurypedia\/estonia\/national-reforms-general-school-education<\/a>, accessed on July 23, 2025.<\/p>\n\n\n\n<p class=\"has-small-font-size wp-block-paragraph\">Grossthal, K. (n.d.). Prohibition of discrimination. Retrieved from Estonian Human Rights Centre at <a href=\"https:\/\/humanrights.ee\/en\/materials\/inimoigused-eestis-2024\/diskrimineerimise-keeld\/\" target=\"_blank\" rel=\"noreferrer noopener\">https:\/\/humanrights.ee\/en\/materials\/inimoigused-eestis-2024\/diskrimineerimise-keeld\/<\/a>, accessed on July 5, 2025.<\/p>\n\n\n\n<p class=\"has-small-font-size wp-block-paragraph\">Hankewitz, S. (2023, August 18). UN experts: Estonia eliminating minorities\u2019 mother-tongue education may violate human rights. Retrieved from Estonian World at <a href=\"https:\/\/estonianworld.com\/knowledge\/un-experts-estonia-eliminating-minorities-mother-tongue-education-may-violate-human-rights\/\">https:\/\/estonianworld.com\/knowledge\/un-experts-estonia-eliminating-minorities-mother-tongue-education-may-violate-human-rights\/<\/a>, accessed on July 25, 2025.<\/p>\n\n\n\n<p class=\"has-small-font-size wp-block-paragraph\">K\u00f5iv, K., &amp; \u0160tenclov\u00e1, V. (2024). Traditional and cyber bullying behaviors among Czech and Estonian vocational learners. Retrieved from Emanate at <a href=\"https:\/\/www.emanate.education\/article\/10.70020\/eesh.2024.12.1\">https:\/\/www.emanate.education\/article\/10.70020\/eesh.2024.12.1<\/a>, accessed on July 25, 2025.<\/p>\n\n\n\n<p class=\"has-small-font-size wp-block-paragraph\">Litvinova, Y. (2024, March 25). Estonia sets to improve mental health outcomes with the Mental Health Action Plan 2023\u20132026. Retrieved from European Observatory on Health Systems and Policies at <a href=\"https:\/\/eurohealthobservatory.who.int\/monitors\/health-systems-monitor\/analyses\/hspm\/hspm-estonia-2023\/estonia-sets-to-improve-mental-health-outcomes-with-the-mental-health-action-plan-2023-2026\">https:\/\/eurohealthobservatory.who.int\/monitors\/health-systems-monitor\/analyses\/hspm\/hspm-estonia-2023\/estonia-sets-to-improve-mental-health-outcomes-with-the-mental-health-action-plan-2023-2026<\/a>, accessed on August 2, 2025.<\/p>\n\n\n\n<p class=\"has-small-font-size wp-block-paragraph\">Ministry of Education and Research. (2024). Key activities in the academic year 2024\/2025. Retrieved from Ministry of Education and Research at <a href=\"https:\/\/hm.ee\/sites\/default\/files\/documents\/2024-09\/Key%20activities%20in%20the%20academic%20year%202024_25.pdf\">https:\/\/hm.ee\/sites\/default\/files\/documents\/2024-09\/Key%20activities%20in%20the%20academic%20year%202024_25.pdf<\/a>, accessed on July 5, 2025.<\/p>\n\n\n\n<p class=\"has-small-font-size wp-block-paragraph\">Moldovan, L. (2024, December 11). Cyberbullying. About half of the young people in the European Union are exposed to online abuse. Retrieved from Radio Romania International at <a href=\"https:\/\/www.rri.ro\/en\/features-and-reports\/society-today\/cyberbullying-id840163.html\">https:\/\/www.rri.ro\/en\/features-and-reports\/society-today\/cyberbullying-id840163.html<\/a>, accessed on July 25, 2025.<\/p>\n\n\n\n<p class=\"has-small-font-size wp-block-paragraph\">OHCHR. (2023, August 17). Estonia: New law banning mother-tongue education for minorities may violate human rights, warn UN experts. Retrieved from OHCHR at <a href=\"https:\/\/www.ohchr.org\/en\/press-releases\/2023\/08\/estonia-new-law-banning-mother-tongue-education-minorities-may-violate-human\">https:\/\/www.ohchr.org\/en\/press-releases\/2023\/08\/estonia-new-law-banning-mother-tongue-education-minorities-may-violate-human<\/a>, accessed on July 25, 2025.<\/p>\n\n\n\n<p class=\"has-small-font-size wp-block-paragraph\">OHCHR. (2024a, May 16). Experts of the Committee on the Rights of the Child Welcome Estonia\u2019s Plans to Ratify the Committee\u2019s Third Optional Protocol, Ask about Rising Youth Suicides and Solitary Confinement of Minors. Retrieved from OHCHR at <a href=\"https:\/\/www.ohchr.org\/en\/meeting-summaries\/2024\/05\/experts-committee-rights-child-welcome-estonias-plans-ratify-committees\">https:\/\/www.ohchr.org\/en\/meeting-summaries\/2024\/05\/experts-committee-rights-child-welcome-estonias-plans-ratify-committees<\/a>, accessed on July 5, 2025.<\/p>\n\n\n\n<p class=\"has-small-font-size wp-block-paragraph\">OHCHR. (2024b, May 30). UN Child Rights Committee publishes findings on Bhutan, Egypt, Estonia, Georgia, Guatemala, Mali, Namibia, Paraguay and Panama. Retrieved from OHCHR at <a href=\"https:\/\/www.ohchr.org\/en\/press-releases\/2024\/05\/un-child-rights-committee-publishes-findings-bhutan-egypt-estonia-georgia\">https:\/\/www.ohchr.org\/en\/press-releases\/2024\/05\/un-child-rights-committee-publishes-findings-bhutan-egypt-estonia-georgia<\/a>, accessed on July 10, 2025.<\/p>\n\n\n\n<p class=\"has-small-font-size wp-block-paragraph\">Postimees. (2024, November 6). Number of people living in poverty down in Estonia year\u2011on\u2011year, perceived deprivation up. Retrieved from Postimees at <a href=\"https:\/\/news.postimees.ee\/8129674\/number-of-people-living-in-poverty-down-in-estonia-on-year-perceived-deprivation-up\">https:\/\/news.postimees.ee\/8129674\/number-of-people-living-in-poverty-down-in-estonia-on-year-perceived-deprivation-up<\/a>, accessed on July 5, 2025.<\/p>\n\n\n\n<p class=\"has-small-font-size wp-block-paragraph\">Riigikogu. (2025, January 1). Child Protection Act. Retrieved from Riigikogu at <a href=\"https:\/\/www.riigiteataja.ee\/en\/eli\/503022025002\/consolide\" target=\"_blank\" rel=\"noreferrer noopener\">https:\/\/www.riigiteataja.ee\/en\/eli\/503022025002\/consolide<\/a>, accessed on July 5, 2025.<\/p>\n\n\n\n<p class=\"has-small-font-size wp-block-paragraph\">Russian School of Estonia. (2023, January 20). Estonia: The forced assimilation of the Russian minority is now certain. Retrieved from Minority Monitor at <a href=\"https:\/\/minoritymonitor.eu\/case\/ESTONIA-THE-FORCED-ASSIMILATION-OF-THE-RUSSIAN-MINORITY-IS-NOW-CERTAIN\">https:\/\/minoritymonitor.eu\/case\/ESTONIA-THE-FORCED-ASSIMILATION-OF-THE-RUSSIAN-MINORITY-IS-NOW-CERTAIN<\/a>, accessed on January 20, 2025.<\/p>\n\n\n\n<p class=\"has-small-font-size wp-block-paragraph\">Saar, S. (2025, June 30). Master\u2019s thesis: Every third teenage girl in Estonia has thought about suicide. Retrieved from ERR News at <a href=\"https:\/\/news.err.ee\/1609733910\/master-s-thesis-every-third-teenage-girl-in-estonia-has-thought-about-suicide\">https:\/\/news.err.ee\/1609733910\/master-s-thesis-every-third-teenage-girl-in-estonia-has-thought-about-suicide<\/a>, accessed on July 23, 2025.<\/p>\n\n\n\n<p class=\"has-small-font-size wp-block-paragraph\">Sotsiaalkindlustusamet. (2025). Implementation of the child\u2019s right to participate \u2013 a guide for meaningful involvement of children. Retrieved from Sotsiaalkindlustusamet at <a href=\"https:\/\/www.sotsiaalkindlustusamet.ee\/sites\/default\/files\/documents\/2025-05\/Lapse-osalusoigus_en_29.05.2025.pdf\" target=\"_blank\" rel=\"noreferrer noopener\">https:\/\/www.sotsiaalkindlustusamet.ee\/sites\/default\/files\/documents\/2025-05\/Lapse-osalusoigus_en_29.05.2025.pdf<\/a>, accessed on July 5, 2025.<\/p>\n\n\n\n<p class=\"has-small-font-size wp-block-paragraph\">Statistics Estonia. (2024, November 6). Number of people living in poverty down year on year, perceived deprivation up. Retrieved from Statistics Estonia at <a href=\"https:\/\/www.stat.ee\/en\/news\/number-people-living-poverty-down-year-year-perceived-deprivation\">https:\/\/www.stat.ee\/en\/news\/number-people-living-poverty-down-year-year-perceived-deprivation<\/a>, accessed on July 5, 2025.<\/p>\n\n\n\n<p class=\"has-small-font-size wp-block-paragraph\">Statistics Estonia. (2025). Population. Retrieved from Statistics Estonia at <a href=\"https:\/\/stat.ee\/en\/find-statistics\/statistics-theme\/population\" target=\"_blank\" rel=\"noreferrer noopener\">https:\/\/stat.ee\/en\/find-statistics\/statistics-theme\/population<\/a>, accessed on July 5, 2025.<\/p>\n\n\n\n<p class=\"has-small-font-size wp-block-paragraph\">Tallinn. (2025, January 8). Report: Less bullying in Tallinn\u2019s municipal schools, but cyberbullying requires more attention. Retrieved from Tallinn at<a href=\"https:\/\/www.tallinn.ee\/en\/news\/report-less-bullying-tallinns-municipal-schools-cyberbullying-requires-more-attention\">https:\/\/www.tallinn.ee\/en\/news\/report-less-bullying-tallinns-municipal-schools-cyberbullying-requires-more-attention<\/a>, accessed on July 25, 2025. <strong><\/strong><\/p>\n\n\n\n<p class=\"has-small-font-size wp-block-paragraph\">Tatomir, S. (2025, May 19). Boosting efforts to improve mental health in Estonia. Retrieved from ECOSCOPE at <a href=\"https:\/\/oecdecoscope.blog\/2025\/05\/19\/boosting-efforts-to-improve-mental-health-in-estonia\/\" target=\"_blank\" rel=\"noreferrer noopener\">https:\/\/oecdecoscope.blog\/2025\/05\/19\/boosting-efforts-to-improve-mental-health-in-estonia\/<\/a>, accessed on July 5, 2025.<\/p>\n\n\n\n<p class=\"has-small-font-size wp-block-paragraph\">The Baltic Times. (2024, May 21). Estonian Education Ministry develops plan to extend compulsory education age. Retrieved from The Baltic Times at <a href=\"https:\/\/www.baltictimes.com\/estonian_education_ministry_develops_plan_to_extend_compulsory_education_age\/\">https:\/\/www.baltictimes.com\/estonian_education_ministry_develops_plan_to_extend_compulsory_education_age\/<\/a>, accessed on July 5, 2025.<\/p>\n\n\n\n<p class=\"has-small-font-size wp-block-paragraph\">Trading Economics. (2025a). Estonia &#8211; Proportion of population aged 0-14 years. Retrieved from Trading Economics at <a href=\"https:\/\/tradingeconomics.com\/estonia\/proportion-of-population-aged-0-14-years-eurostat-data.html\">https:\/\/tradingeconomics.com\/estonia\/proportion-of-population-aged-0-14-years-eurostat-data.html<\/a>, accessed on July 26, 2025.<\/p>\n\n\n\n<p class=\"has-small-font-size wp-block-paragraph\">Trading Economics. (2025b). Estonia \u2013 At risk of poverty rate. Retrieved from Trading Economics at <a href=\"https:\/\/tradingeconomics.com\/estonia\/at-risk-of-poverty-rate-eurostat-data.html\" target=\"_blank\" rel=\"noreferrer noopener\">https:\/\/tradingeconomics.com\/estonia\/at-risk-of-poverty-rate-eurostat-data.html<\/a>, accessed on July 5, 2025.<\/p>\n\n\n\n<p class=\"has-small-font-size wp-block-paragraph\">U.S. Department of State. (2023). 2023 Trafficking in Persons Report: Estonia. Retrieved from U.S. Department of State at <a href=\"https:\/\/www.state.gov\/reports\/2023-trafficking-in-persons-report\/estonia\">https:\/\/www.state.gov\/reports\/2023-trafficking-in-persons-report\/estonia<\/a>, accessed on July 7, 2025.<\/p>\n\n\n\n<p class=\"has-small-font-size wp-block-paragraph\">U.S. Department of State. (2024).\u202f2024 Trafficking in persons report: Estonia. Retrieved from U.S. Department of State at <a href=\"https:\/\/www.state.gov\/reports\/2024-trafficking-in-persons-report\/estonia\/\" target=\"_blank\" rel=\"noreferrer noopener\">https:\/\/www.state.gov\/reports\/2024-trafficking-in-persons-report\/estonia\/<\/a>, accessed on July 7, 2025.<\/p>\n\n\n\n<p class=\"has-small-font-size wp-block-paragraph\">Vahter, K. (2025, July 9). More children seeking help but services are overloaded. Retrieved from ERR News at <a href=\"https:\/\/news.err.ee\/1609741332\/more-children-seeking-help-but-services-are-overloaded\">https:\/\/news.err.ee\/1609741332\/more-children-seeking-help-but-services-are-overloaded<\/a>, accessed on July 25, 2025.<\/p>\n\n\n\n<p class=\"has-small-font-size wp-block-paragraph\">Worldometers. (2025). Estonia Population. Retrieved from Worldometers at <a href=\"https:\/\/www.worldometers.info\/world-population\/estonia-population\/\" target=\"_blank\" rel=\"noreferrer noopener\">https:\/\/www.worldometers.info\/world-population\/estonia-population\/<\/a>, accessed on July 5, 2025.<\/p>\n\n\n\n<p class=\"has-small-font-size wp-block-paragraph\">Wright, H., &amp; Antelme, S. (2024, September 2).&nbsp;Minister: Estonian education reform 10 years late, but better now than never. Retrieved from ERR News at&nbsp;<a href=\"https:\/\/news.err.ee\/1609437959\/minister-estonian-education-reform-10-years-late-but-better-now-than-never\" target=\"_blank\" rel=\"noreferrer noopener\">https:\/\/news.err.ee\/1609437959\/minister-estonian-education-reform-10-years-late-but-better-now-than-never<\/a>, accessed on July 23, 2025.<\/p>\n\n\n\n<hr class=\"wp-block-separator has-alpha-channel-opacity\"\/>\n\n\n\n<p class=\"has-small-font-size wp-block-paragraph\"><a id=\"_ftn1\" href=\"#_ftnref1\">[1]<\/a> Cet article ne pr\u00e9tend en aucune mani\u00e8re donner un compte-rendu complet et repr\u00e9sentatif des droits de l\u2019enfant en Estonie. En effet, l\u2019un des nombreux d\u00e9fis est le peu d\u2019informations mises \u00e0 jour concernant les enfants de ce pays dont une grande partie est non fiable, non repr\u00e9sentative, obsol\u00e8te ou simplement inexistante.<\/p>\n","protected":false},"excerpt":{"rendered":"<p>Concr\u00e9tiser les droits des enfants en Estonie L\u2019Estonie a r\u00e9alis\u00e9 des progr\u00e8s consid\u00e9rables en mati\u00e8re de lutte contre l\u2019exploitation des enfants, d\u2019am\u00e9lioration de l\u2019acc\u00e8s aux soins et de renforcement du syst\u00e8me \u00e9ducatif. De nombreux enfants grandissent cependant encore dans la pauvret\u00e9, font face \u00e0 des probl\u00e8mes de sant\u00e9 mentale, rencontrent des obstacles dans leur scolarit\u00e9 [&hellip;]<\/p>\n","protected":false},"author":65,"featured_media":61703,"parent":0,"menu_order":0,"comment_status":"closed","ping_status":"closed","template":"","meta":{"footnotes":""},"class_list":["post-38254","page","type-page","status-publish","has-post-thumbnail","hentry"],"yoast_head":"<!-- This site is optimized with the Yoast SEO plugin v28.3 - https:\/\/yoast.com\/product\/yoast-seo-wordpress\/ -->\n<title>Enfants d&#039;Estonie - Humanium<\/title>\n<meta name=\"description\" content=\"L\u2019Estonie a r\u00e9alis\u00e9 des progr\u00e8s dans la lutte contre l\u2019exploitation des enfants, l\u2019am\u00e9lioration de l\u2019acc\u00e8s aux soins et le renforcement du syst\u00e8me \u00e9ducatif.\" \/>\n<meta name=\"robots\" content=\"index, follow, max-snippet:-1, max-image-preview:large, max-video-preview:-1\" \/>\n<link rel=\"canonical\" href=\"https:\/\/www.humanium.org\/fr\/estonie\/\" \/>\n<meta property=\"og:locale\" content=\"fr_FR\" \/>\n<meta property=\"og:type\" content=\"article\" \/>\n<meta property=\"og:title\" content=\"Enfants d&#039;Estonie - Humanium\" \/>\n<meta property=\"og:description\" content=\"L\u2019Estonie a r\u00e9alis\u00e9 des progr\u00e8s dans la lutte contre l\u2019exploitation des enfants, l\u2019am\u00e9lioration de l\u2019acc\u00e8s aux soins et le renforcement du syst\u00e8me \u00e9ducatif.\" \/>\n<meta property=\"og:url\" content=\"https:\/\/www.humanium.org\/fr\/estonie\/\" \/>\n<meta property=\"og:site_name\" content=\"Humanium\" \/>\n<meta property=\"article:modified_time\" content=\"2026-01-25T10:11:18+00:00\" \/>\n<meta property=\"og:image\" content=\"https:\/\/www.humanium.org\/fr\/wp-content\/uploads\/2026\/01\/shutterstock_2296366677-scaled.jpg\" \/>\n\t<meta property=\"og:image:width\" content=\"2560\" \/>\n\t<meta property=\"og:image:height\" content=\"1707\" \/>\n\t<meta property=\"og:image:type\" content=\"image\/jpeg\" \/>\n<meta name=\"twitter:card\" content=\"summary_large_image\" \/>\n<meta name=\"twitter:label1\" content=\"Dur\u00e9e de lecture estim\u00e9e\" \/>\n\t<meta name=\"twitter:data1\" content=\"28 minutes\" \/>\n<script type=\"application\/ld+json\" class=\"yoast-schema-graph\">{\"@context\":\"https:\\\/\\\/schema.org\",\"@graph\":[{\"@type\":\"WebPage\",\"@id\":\"https:\\\/\\\/www.humanium.org\\\/fr\\\/estonie\\\/\",\"url\":\"https:\\\/\\\/www.humanium.org\\\/fr\\\/estonie\\\/\",\"name\":\"Enfants d'Estonie - Humanium\",\"isPartOf\":{\"@id\":\"https:\\\/\\\/www.humanium.org\\\/fr\\\/#website\"},\"primaryImageOfPage\":{\"@id\":\"https:\\\/\\\/www.humanium.org\\\/fr\\\/estonie\\\/#primaryimage\"},\"image\":{\"@id\":\"https:\\\/\\\/www.humanium.org\\\/fr\\\/estonie\\\/#primaryimage\"},\"thumbnailUrl\":\"https:\\\/\\\/www.humanium.org\\\/fr\\\/wp-content\\\/uploads\\\/2026\\\/01\\\/shutterstock_2296366677-scaled.jpg\",\"datePublished\":\"2012-08-27T10:36:07+00:00\",\"dateModified\":\"2026-01-25T10:11:18+00:00\",\"description\":\"L\u2019Estonie a r\u00e9alis\u00e9 des progr\u00e8s dans la lutte contre l\u2019exploitation des enfants, l\u2019am\u00e9lioration de l\u2019acc\u00e8s aux soins et le renforcement du syst\u00e8me \u00e9ducatif.\",\"breadcrumb\":{\"@id\":\"https:\\\/\\\/www.humanium.org\\\/fr\\\/estonie\\\/#breadcrumb\"},\"inLanguage\":\"fr-FR\",\"potentialAction\":[{\"@type\":\"ReadAction\",\"target\":[\"https:\\\/\\\/www.humanium.org\\\/fr\\\/estonie\\\/\"]}]},{\"@type\":\"ImageObject\",\"inLanguage\":\"fr-FR\",\"@id\":\"https:\\\/\\\/www.humanium.org\\\/fr\\\/estonie\\\/#primaryimage\",\"url\":\"https:\\\/\\\/www.humanium.org\\\/fr\\\/wp-content\\\/uploads\\\/2026\\\/01\\\/shutterstock_2296366677-scaled.jpg\",\"contentUrl\":\"https:\\\/\\\/www.humanium.org\\\/fr\\\/wp-content\\\/uploads\\\/2026\\\/01\\\/shutterstock_2296366677-scaled.jpg\",\"width\":2560,\"height\":1707},{\"@type\":\"BreadcrumbList\",\"@id\":\"https:\\\/\\\/www.humanium.org\\\/fr\\\/estonie\\\/#breadcrumb\",\"itemListElement\":[{\"@type\":\"ListItem\",\"position\":1,\"name\":\"Home\",\"item\":\"https:\\\/\\\/www.humanium.org\\\/fr\\\/\"},{\"@type\":\"ListItem\",\"position\":2,\"name\":\"Enfants d&rsquo;Estonie\"}]},{\"@type\":\"WebSite\",\"@id\":\"https:\\\/\\\/www.humanium.org\\\/fr\\\/#website\",\"url\":\"https:\\\/\\\/www.humanium.org\\\/fr\\\/\",\"name\":\"Humanium\",\"description\":\"Les enfants d\u2019abord !\",\"potentialAction\":[{\"@type\":\"SearchAction\",\"target\":{\"@type\":\"EntryPoint\",\"urlTemplate\":\"https:\\\/\\\/www.humanium.org\\\/fr\\\/?s={search_term_string}\"},\"query-input\":{\"@type\":\"PropertyValueSpecification\",\"valueRequired\":true,\"valueName\":\"search_term_string\"}}],\"inLanguage\":\"fr-FR\"}]}<\/script>\n<!-- \/ Yoast SEO plugin. -->","yoast_head_json":{"title":"Enfants d'Estonie - Humanium","description":"L\u2019Estonie a r\u00e9alis\u00e9 des progr\u00e8s dans la lutte contre l\u2019exploitation des enfants, l\u2019am\u00e9lioration de l\u2019acc\u00e8s aux soins et le renforcement du syst\u00e8me \u00e9ducatif.","robots":{"index":"index","follow":"follow","max-snippet":"max-snippet:-1","max-image-preview":"max-image-preview:large","max-video-preview":"max-video-preview:-1"},"canonical":"https:\/\/www.humanium.org\/fr\/estonie\/","og_locale":"fr_FR","og_type":"article","og_title":"Enfants d'Estonie - Humanium","og_description":"L\u2019Estonie a r\u00e9alis\u00e9 des progr\u00e8s dans la lutte contre l\u2019exploitation des enfants, l\u2019am\u00e9lioration de l\u2019acc\u00e8s aux soins et le renforcement du syst\u00e8me \u00e9ducatif.","og_url":"https:\/\/www.humanium.org\/fr\/estonie\/","og_site_name":"Humanium","article_modified_time":"2026-01-25T10:11:18+00:00","og_image":[{"width":2560,"height":1707,"url":"https:\/\/www.humanium.org\/fr\/wp-content\/uploads\/2026\/01\/shutterstock_2296366677-scaled.jpg","type":"image\/jpeg"}],"twitter_card":"summary_large_image","twitter_misc":{"Dur\u00e9e de lecture estim\u00e9e":"28 minutes"},"schema":{"@context":"https:\/\/schema.org","@graph":[{"@type":"WebPage","@id":"https:\/\/www.humanium.org\/fr\/estonie\/","url":"https:\/\/www.humanium.org\/fr\/estonie\/","name":"Enfants d'Estonie - Humanium","isPartOf":{"@id":"https:\/\/www.humanium.org\/fr\/#website"},"primaryImageOfPage":{"@id":"https:\/\/www.humanium.org\/fr\/estonie\/#primaryimage"},"image":{"@id":"https:\/\/www.humanium.org\/fr\/estonie\/#primaryimage"},"thumbnailUrl":"https:\/\/www.humanium.org\/fr\/wp-content\/uploads\/2026\/01\/shutterstock_2296366677-scaled.jpg","datePublished":"2012-08-27T10:36:07+00:00","dateModified":"2026-01-25T10:11:18+00:00","description":"L\u2019Estonie a r\u00e9alis\u00e9 des progr\u00e8s dans la lutte contre l\u2019exploitation des enfants, l\u2019am\u00e9lioration de l\u2019acc\u00e8s aux soins et le renforcement du syst\u00e8me \u00e9ducatif.","breadcrumb":{"@id":"https:\/\/www.humanium.org\/fr\/estonie\/#breadcrumb"},"inLanguage":"fr-FR","potentialAction":[{"@type":"ReadAction","target":["https:\/\/www.humanium.org\/fr\/estonie\/"]}]},{"@type":"ImageObject","inLanguage":"fr-FR","@id":"https:\/\/www.humanium.org\/fr\/estonie\/#primaryimage","url":"https:\/\/www.humanium.org\/fr\/wp-content\/uploads\/2026\/01\/shutterstock_2296366677-scaled.jpg","contentUrl":"https:\/\/www.humanium.org\/fr\/wp-content\/uploads\/2026\/01\/shutterstock_2296366677-scaled.jpg","width":2560,"height":1707},{"@type":"BreadcrumbList","@id":"https:\/\/www.humanium.org\/fr\/estonie\/#breadcrumb","itemListElement":[{"@type":"ListItem","position":1,"name":"Home","item":"https:\/\/www.humanium.org\/fr\/"},{"@type":"ListItem","position":2,"name":"Enfants d&rsquo;Estonie"}]},{"@type":"WebSite","@id":"https:\/\/www.humanium.org\/fr\/#website","url":"https:\/\/www.humanium.org\/fr\/","name":"Humanium","description":"Les enfants d\u2019abord !","potentialAction":[{"@type":"SearchAction","target":{"@type":"EntryPoint","urlTemplate":"https:\/\/www.humanium.org\/fr\/?s={search_term_string}"},"query-input":{"@type":"PropertyValueSpecification","valueRequired":true,"valueName":"search_term_string"}}],"inLanguage":"fr-FR"}]}},"_links":{"self":[{"href":"https:\/\/www.humanium.org\/fr\/wp-json\/wp\/v2\/pages\/38254","targetHints":{"allow":["GET"]}}],"collection":[{"href":"https:\/\/www.humanium.org\/fr\/wp-json\/wp\/v2\/pages"}],"about":[{"href":"https:\/\/www.humanium.org\/fr\/wp-json\/wp\/v2\/types\/page"}],"author":[{"embeddable":true,"href":"https:\/\/www.humanium.org\/fr\/wp-json\/wp\/v2\/users\/65"}],"replies":[{"embeddable":true,"href":"https:\/\/www.humanium.org\/fr\/wp-json\/wp\/v2\/comments?post=38254"}],"version-history":[{"count":16,"href":"https:\/\/www.humanium.org\/fr\/wp-json\/wp\/v2\/pages\/38254\/revisions"}],"predecessor-version":[{"id":61712,"href":"https:\/\/www.humanium.org\/fr\/wp-json\/wp\/v2\/pages\/38254\/revisions\/61712"}],"wp:featuredmedia":[{"embeddable":true,"href":"https:\/\/www.humanium.org\/fr\/wp-json\/wp\/v2\/media\/61703"}],"wp:attachment":[{"href":"https:\/\/www.humanium.org\/fr\/wp-json\/wp\/v2\/media?parent=38254"}],"curies":[{"name":"wp","href":"https:\/\/api.w.org\/{rel}","templated":true}]}}