{"id":48867,"date":"2020-10-29T10:28:35","date_gmt":"2020-10-29T10:28:35","guid":{"rendered":"https:\/\/www.humanium.org\/fr\/?page_id=48867"},"modified":"2025-12-10T02:43:00","modified_gmt":"2025-12-10T02:43:00","slug":"urgence-climatique","status":"publish","type":"page","link":"https:\/\/www.humanium.org\/fr\/focus\/environnement\/urgence-climatique\/","title":{"rendered":"Urgence Climatique"},"content":{"rendered":"\n<figure class=\"wp-block-pullquote\"><blockquote><p>\u00ab\u00a0C&rsquo;est une urgence. Il s&rsquo;agit d&rsquo;une crise existentielle. Et nous devons faire tout ce qui est en notre pouvoir pour l&rsquo;arr\u00eater\u00a0\u00bb <\/p><cite>Greta Thunberg (BBC, 2019)<\/cite><\/blockquote><\/figure>\n\n\n\n<p class=\"wp-block-paragraph\">La nature est cruciale pour la survie. Cependant, l&rsquo;humanit\u00e9 est t\u00e9moin de la destruction continue de la nature et par cons\u00e9quent, l&rsquo;impulsion pour un monde diff\u00e9rent a commenc\u00e9. Partout, les communaut\u00e9s s&rsquo;unissent pour lutter contre le <a href=\"https:\/\/www.humanium.org\/fr\/changement-climatique\/\">changement climatique<\/a> et prot\u00e9ger notre plan\u00e8te. Les enfants jouent un r\u00f4le essentiel dans cette lutte pour la <a href=\"https:\/\/www.humanium.org\/fr\/comprendre-droits-enfant\/droit-a-la-vie\/\">vie<\/a> et un environnement <a href=\"https:\/\/www.humanium.org\/fr\/comprendre-droits-enfant\/droit-a-la-sante\/\">sain<\/a>. <strong>Humanium soutient pleinement le droit des g\u00e9n\u00e9rations d&rsquo;enfants actuelles et futures \u00e0 vivre dans un monde s\u00fbr, beau et sain, et nous travaillons \u00e0 la r\u00e9alisation de cette vision.&nbsp;<\/strong><\/p>\n\n\n\n<figure class=\"wp-block-image size-large\"><img loading=\"lazy\" decoding=\"async\" width=\"1024\" height=\"683\" src=\"https:\/\/www.humanium.org\/fr\/wp-content\/uploads\/2020\/10\/shutterstock_1489282430_1200-1024x683.jpg\" alt=\"\" class=\"wp-image-48868\" srcset=\"https:\/\/www.humanium.org\/fr\/wp-content\/uploads\/2020\/10\/shutterstock_1489282430_1200-1024x683.jpg 1024w, https:\/\/www.humanium.org\/fr\/wp-content\/uploads\/2020\/10\/shutterstock_1489282430_1200-300x200.jpg 300w, https:\/\/www.humanium.org\/fr\/wp-content\/uploads\/2020\/10\/shutterstock_1489282430_1200-768x512.jpg 768w, https:\/\/www.humanium.org\/fr\/wp-content\/uploads\/2020\/10\/shutterstock_1489282430_1200-830x553.jpg 830w, https:\/\/www.humanium.org\/fr\/wp-content\/uploads\/2020\/10\/shutterstock_1489282430_1200-230x153.jpg 230w, https:\/\/www.humanium.org\/fr\/wp-content\/uploads\/2020\/10\/shutterstock_1489282430_1200-350x233.jpg 350w, https:\/\/www.humanium.org\/fr\/wp-content\/uploads\/2020\/10\/shutterstock_1489282430_1200-480x320.jpg 480w, https:\/\/www.humanium.org\/fr\/wp-content\/uploads\/2020\/10\/shutterstock_1489282430_1200-272x182.jpg 272w, https:\/\/www.humanium.org\/fr\/wp-content\/uploads\/2020\/10\/shutterstock_1489282430_1200.jpg 1200w\" sizes=\"auto, (max-width: 1024px) 100vw, 1024px\" \/><\/figure>\n\n\n\n<h2 class=\"wp-block-heading\"><strong>R\u00e9sum\u00e9 pour les enfants<\/strong><\/h2>\n\n\n\n<p class=\"wp-block-paragraph\"><em>Les gens du monde entier ont uni leurs forces pour donner une voix \u00e0 la lutte mondiale contre le <\/em><a href=\"https:\/\/www.humanium.org\/fr\/changement-climatique\/\"><em>changement climatique<\/em><\/a><em>. La combinaison d&rsquo;un signal d\u2019alarme g\u00e9n\u00e9ral pour l&rsquo;\u00e9tat environnemental de notre plan\u00e8te et de l&rsquo;augmentation des \u00e9v\u00e9nements climatiques extr\u00eames est connue sous le nom d'\u00a0\u00bburgence climatique\u00a0\u00bb. Cette urgence est le reflet du <\/em><a href=\"https:\/\/www.humanium.org\/fr\/changement-climatique\/\"><em>changement climatique <\/em><\/a><em>et de ses cons\u00e9quences vastes et d\u00e9vastatrices, notamment l\u2019\u00e9l\u00e9vation du niveau de la mer, l&rsquo;augmentation des temp\u00e9ratures mondiales, la multiplication des incendies de for\u00eat et des s\u00e9cheresses, ainsi que les d\u00e9placements massifs et forc\u00e9s d&rsquo;\u00eatres humains. Il n&rsquo;y a pas une seule raison ou un seul acteur responsable de cette catastrophe environnementale mondiale. Au contraire, les modes de vie contemporains, combin\u00e9s \u00e0 un monde industrialis\u00e9 qui consomme les combustibles fossiles sans restriction, nous y ont conduits. Bien que nous devrions tous essayer d&rsquo;am\u00e9liorer nos habitudes et d&rsquo;apporter des changements dans nos vies, ce sont avant tout les grandes entreprises et les soci\u00e9t\u00e9s g\u00e9antes qui doivent imp\u00e9rativement et radicalement changer leurs m\u00e9thodes de production et de vente, et les responsables politiques qui doivent les obliger \u00e0 le faire pour le bien de <\/em><a href=\"https:\/\/www.humanium.org\/fr\/changement-climatique\/\"><em>l&rsquo;environnement<\/em><\/a><em>. Il existe de nombreuses solutions \u00e0 l&rsquo;urgence actuelle et beaucoup de personnes travaillent chaque jour pour rendre possible ce changement pour la plan\u00e8te et ses habitants. Mais comme Greta Thunberg et beaucoup d&rsquo;autres le soulignent &#8211; il s&rsquo;agit d&rsquo;une <\/em><a href=\"https:\/\/www.humanium.org\/fr\/changement-climatique\/\"><em>urgence<\/em><\/a><em> &#8211; il est urgent et imp\u00e9ratif que les changements n\u00e9cessaires se produisent maintenant et non plus tard.<\/em><\/p>\n\n\n\n<h2 class=\"wp-block-heading\"><strong>Qu&rsquo;est-ce que l&rsquo;urgence climatique ?<\/strong><\/h2>\n\n\n\n<p class=\"wp-block-paragraph\">Au cours des dix derni\u00e8res ann\u00e9es, de nombreux mouvements civils ont vu le jour, appelant \u00e0 des changements dans le comportement humain vis-\u00e0-vis de l&rsquo;environnement. La plan\u00e8te souffre d&rsquo;une d\u00e9gradation et destruction extr\u00eames de son environnement et de ses \u00e9cosyst\u00e8mes qui pourraient toucher les humains, et tout ce qui vit sur Terre, \u00e0 jamais. Face \u00e0 cette situation d&rsquo;urgence mondiale, les gens du monde entier sont pr\u00eats \u00e0 changer leur mode de vie et \u00e0 agir pour provoquer un changement politique.&nbsp;<\/p>\n\n\n\n<p class=\"wp-block-paragraph\">Alors que les humains ont le sentiment que trop de catastrophes environnementales se produisent &#8211; \u00e9l\u00e9vation du niveau de la mer, augmentation des incendies de for\u00eat, cyclones et ph\u00e9nom\u00e8nes climatiques extr\u00eames &#8211; les <a href=\"https:\/\/www.humanium.org\/fr\/changement-climatique\/\"><em>scientifiques<\/em><\/a> du monde entier ont d\u00e9clar\u00e9 que l\u2019Homme est un acteur principal de cette perturbation environnementale, et qu&rsquo;\u00e0 la lumi\u00e8re de ce fait, il est possible de contrer l&rsquo;urgence climatique.<\/p>\n\n\n\n<p class=\"wp-block-paragraph\">En effet, 97 % des climatologues qui publient activement s&rsquo;accordent \u00e0 dire que le <a href=\"https:\/\/www.humanium.org\/fr\/changement-climatique\/\"><em>changement climatique<\/em><\/a> est en cours et que les activit\u00e9s humaines en sont la cause (NASA, 2020). La concentration de gaz \u00e0 effet de serre dans l&rsquo;atmosph\u00e8re est directement <a href=\"https:\/\/www.humanium.org\/fr\/changement-climatique\/\"><em>li\u00e9e<\/em><\/a> \u00e0 la temp\u00e9rature de la Terre, et une concentration croissante de gaz \u00e0 effet de serre a \u00e9t\u00e9 observ\u00e9e depuis la r\u00e9volution industrielle et la combustion de combustibles fossiles.<\/p>\n\n\n\n<h2 class=\"wp-block-heading\"><strong>Quels sont les principaux impacts de l&rsquo;urgence climatique ?<\/strong><\/h2>\n\n\n\n<h3 class=\"wp-block-heading\"><strong>Hausse des temp\u00e9ratures et \u00e9l\u00e9vation du niveau de la mer<\/strong><\/h3>\n\n\n\n<ul class=\"wp-block-list\"><li>Selon la plupart des \u00e9tudes, la temp\u00e9rature de la Terre a <a href=\"https:\/\/www.humanium.org\/fr\/changement-climatique\/\"><em>chang\u00e9<\/em><\/a>&nbsp; et continuera \u00e0 le faire. D\u00e9j\u00e0 en 2019, la temp\u00e9rature moyenne de la plan\u00e8te \u00e9tait sup\u00e9rieure de 1,1 \u00b0C \u00e0 celle des ann\u00e9es pr\u00e9c\u00e9dentes. La hausse des temp\u00e9ratures mondiales entra\u00eene des ph\u00e9nom\u00e8nes m\u00e9t\u00e9orologiques extr\u00eames tels que les vagues de chaleur, les s\u00e9cheresses, les inondations, les temp\u00eates d&rsquo;hiver, les ouragans et les incendies de for\u00eat (Programme des Nations unies pour l&rsquo;environnement, 2020).<\/li><\/ul>\n\n\n\n<p class=\"wp-block-paragraph\">En 2019, une vague de chaleur mondiale a provoqu\u00e9 la fonte de quantit\u00e9s de glace sans pr\u00e9c\u00e9dent et une \u00e9l\u00e9vation record du niveau de la mer, ainsi qu\u2019 une production massive de gaz \u00e0 effet de serre (Organisation m\u00e9t\u00e9orologique mondiale, 2019).<\/p>\n\n\n\n<p class=\"wp-block-paragraph\">Les scientifiques s&rsquo;accordent \u00e0 dire qu&rsquo;une augmentation de la temp\u00e9rature allant jusqu&rsquo;\u00e0 1,5 \u00b0C serait tr\u00e8s grave, mais&nbsp; aurait tout de m\u00eame un impact moindre qu&rsquo;une augmentation de la temp\u00e9rature au-del\u00e0 de cette limite (Programme environnemental, 2020). Nous sommes avertis qu&rsquo;au-del\u00e0 de 1,5 \u00b0C, des cons\u00e9quences encore plus graves menaceraient les moyens de subsistance, l\u2019\u00e9conomie et la vie de millions de personnes dans le monde. Parmi les exemples de ces cons\u00e9quences extr\u00eames, on peut citer le fait qu&rsquo;au-del\u00e0 de 1,5 \u00b0C, plus de 70 % des r\u00e9cifs coralliens mourraient et qu&rsquo;au-del\u00e0 de 2 \u00b0C, environ 99 % pourraient \u00eatre perdus. Les insectes, indispensables \u00e0 la pollinisation des cultures et des plantes, perdraient la moiti\u00e9 de leur habitat si la plan\u00e8te se r\u00e9chauffait de 1,5 \u00b0C. La situation s&rsquo;aggraverait si le r\u00e9chauffement atteignait 2 \u00b0C. Certains estiment qu&rsquo;une hausse de 2\u00b0C est tr\u00e8s probable (Programme environnemental, 2020).<\/p>\n\n\n\n<p class=\"wp-block-paragraph\">Au-del\u00e0 de 1,5 \u00b0C, la fr\u00e9quence et l&rsquo;intensit\u00e9 des s\u00e9cheresses augmenteraient, de m\u00eame que les temp\u00eates et les ph\u00e9nom\u00e8nes m\u00e9t\u00e9orologiques extr\u00eames qui sont d\u00e9j\u00e0 d\u00e9vastateurs dans de nombreux pays, et qui ne cessent de s&rsquo;intensifier.<\/p>\n\n\n\n<ul class=\"wp-block-list\"><li>Le niveau de la mer augmentera encore de 1 \u00e0 4 pieds d&rsquo;ici 2100. Les enregistrements ont commenc\u00e9 en 1880 et d\u00e9montrent qu&rsquo;en 2020, le niveau mondial de la mer a augment\u00e9 d&rsquo;environ 8 pouces (20,30 cm) depuis lors (Nasa, 2020).<\/li><li>Il faut \u00e9galement s&rsquo;attendre \u00e0 une augmentation des inondations et des affaissements de terrain<sup><a href=\"#footnote_1\">(1)<\/a><\/sup> en raison de la combinaison des mar\u00e9es de temp\u00eate et des mar\u00e9es hautes qui accompagnent l\u2019\u00e9l\u00e9vation du niveau de la mer.<\/li><\/ul>\n\n\n\n<p class=\"wp-block-paragraph\">L&rsquo;une des causes de l&rsquo;\u00e9l\u00e9vation du niveau de la mer est l&rsquo;impact du <a href=\"https:\/\/www.humanium.org\/fr\/les-droits-de-lenfant-en-peril-comment-le-changement-climatique-impacte-le-droit-des-enfants\/\"><em>changement<\/em><\/a> climatique dans les r\u00e9gions polaires. Les deux p\u00f4les sont indispensables \u00e0 la r\u00e9gulation naturelle du climat de la plan\u00e8te, en partie parce qu&rsquo;ils servent \u00e0 r\u00e9fl\u00e9chir une grande partie de l&rsquo;\u00e9nergie solaire. Dans l&rsquo;Arctique, les temp\u00e9ratures moyennes de l&rsquo;air ont augment\u00e9 de 5\u00b0 C au cours des 100 derni\u00e8res ann\u00e9es. De m\u00eame, l&rsquo;Antarctique joue un r\u00f4le cl\u00e9 dans la r\u00e9gulation du climat et contient 90 % de <a href=\"https:\/\/www.humanium.org\/fr\/comprendre-droits-enfant\/droit-a-l-eau\/\"><em>l&rsquo;eau douce<\/em><\/a> \u00e0 la surface de la terre (WWF, 2020).<\/p>\n\n\n\n<p class=\"wp-block-paragraph\">Tous ces facteurs contribuent au fait que chaque ann\u00e9e, la mer s&rsquo;\u00e9l\u00e8ve de 0,13 pouces (3,2 mm) ; il existe trois causes principales \u00e0 l&rsquo;\u00e9l\u00e9vation du niveau de la mer. Tout d&rsquo;abord, l&rsquo;expansion de <a href=\"https:\/\/www.humanium.org\/fr\/comprendre-droits-enfant\/droit-a-l-eau\/\"><em>l&rsquo;eau<\/em><\/a> qui se r\u00e9chauffe, connue sous le nom de \u00ab\u00a0dilatation thermique\u00a0\u00bb. En effet, environ la moiti\u00e9 de l&rsquo;\u00e9l\u00e9vation du niveau de la mer est due au r\u00e9chauffement des oc\u00e9ans qui occupent plus d&rsquo;espace. Deuxi\u00e8mement, la fonte des glaciers a d\u00e9montr\u00e9 la persistance de temp\u00e9ratures plus \u00e9lev\u00e9es qui, \u00e0 leur tour, d\u00e9r\u00e8glent l&rsquo;\u00e9quilibre du processus naturel de fonte des glaciers et la formation de nouvelles glaces. L\u2019augmentation de la fonte des glaces en \u00e9t\u00e9 entra\u00eene des hivers plus tardifs et des printemps pr\u00e9coces, ce qui cr\u00e9e un d\u00e9s\u00e9quilibre entre le ruissellement<sup><a href=\"#footnote_2\">(2)<\/a><\/sup> et l&rsquo;\u00e9vaporation des oc\u00e9ans, entra\u00eenant une \u00e9l\u00e9vation du niveau de la mer. Troisi\u00e8mement, la perte des inlandsis du Groenland et de l&rsquo;Antarctique joue un r\u00f4le important dans l&rsquo;\u00e9l\u00e9vation du niveau de la mer sur la plan\u00e8te (National Geographic, 2020).&nbsp;Les \u00e9v\u00e9nements climatiques extr\u00eames, les incendies de for\u00eat et les s\u00e9cheresses : L&rsquo;urgence <a href=\"https:\/\/www.humanium.org\/fr\/les-droits-de-lenfant-en-peril-comment-le-changement-climatique-impacte-le-droit-des-enfants\/\"><em>climatique<\/em><\/a> se refl\u00e8te par une augmentation consid\u00e9rable des s\u00e9cheresses dans le monde entier. En effet, des temp\u00e9ratures plus chaudes peuvent acc\u00e9l\u00e9rer l&rsquo;\u00e9vaporation \u00e0 partir du sol nu, ce qui entra\u00eene des p\u00e9riodes de plus faibles pr\u00e9cipitations. Les rivi\u00e8res atmosph\u00e9riques<sup><a href=\"#footnote_3\">(3)<\/a><\/sup> peuvent \u00e9galement \u00eatre affect\u00e9es par la perturbation du r\u00e9gime des pr\u00e9cipitations. Les inondations, par exemple, ont caus\u00e9 un nombre de morts et des destructions sans pr\u00e9c\u00e9dent dans de nombreux pays. Ces s\u00e9cheresses menacent l&rsquo;agriculture, les transports, les incendies de for\u00eat, l&rsquo;\u00e9nergie et d&rsquo;innombrables moyens de subsistance.<\/p>\n\n\n\n<p class=\"wp-block-paragraph\">La s\u00e9cheresse est caus\u00e9e par une \u00e9vaporation accrue de l\u2019eau du sol et de la v\u00e9g\u00e9tation, qui \u00e0 son tour est associ\u00e9e au r\u00e9chauffement de la terre. La prolif\u00e9ration des zones s\u00e8ches \u00e0 travers le monde a doubl\u00e9 depuis 1970. (Communication sur le climat, 2011).<\/p>\n\n\n\n<p class=\"wp-block-paragraph\">Parall\u00e8lement, les incendies de for\u00eat ont augment\u00e9. Les saisons des feux de for\u00eat sont plus longues car les ruissellements printaniers arrivent plus t\u00f4t, la chaleur s&rsquo;accumule plus rapidement et les p\u00e9riodes de chaleur se prolongent. Cesconditions plus s\u00e8ches augmentent la probabilit\u00e9 que des incendies se produisent (certains feux sont \u00e9galement d\u00e9clench\u00e9s volontairement pour d\u00e9fricher la for\u00eat). Les pr\u00e9cipitations diminuent \u00e0 mesure que les temp\u00e9ratures augmentent. La chaleur est propice \u00e0 de vastes infestations par insectes, provoquant un plus grand nombre d&rsquo;arbres morts et davantage inflammables. En outre, la fr\u00e9quence des \u00e9clairs et des orages augmente.&nbsp;&nbsp;L&rsquo;urgence climatique provoque \u00e9galement des d\u00e9placements massifs de population car les maisons et les villes sont rendues inhabitables et la population est oblig\u00e9e de partir. Le <a href=\"https:\/\/www.humanium.org\/fr\/les-droits-de-lenfant-en-peril-comment-le-changement-climatique-impacte-le-droit-des-enfants\/\"><em>changement<\/em><\/a> climatique a d\u00e9j\u00e0 forc\u00e9 deux fois plus de monde \u00e0 se d\u00e9placer que la <a href=\"https:\/\/www.humanium.org\/fr\/violences\/\"><em>violence<\/em><\/a> et les <a href=\"https:\/\/www.humanium.org\/fr\/enfants-dans-la-guerre\/\"><em>conflits<\/em><\/a>. On compte 7 millions de d\u00e9placements internes caus\u00e9s par des \u00e9v\u00e9nements climatiques extr\u00eames au cours du premier semestre 2019 seulement (cela n&rsquo;inclut pas les d\u00e9placements transfrontaliers). Ces personnes sont de plus en plus reconnues, bien qu&rsquo;officieusement, comme des r\u00e9fugi\u00e9s climatiques (Observatoire des situations de d\u00e9placement interne, 2019).<\/p>\n\n\n\n<h3 class=\"wp-block-heading\"><strong>Pollution<\/strong><\/h3>\n\n\n\n<p class=\"wp-block-paragraph\">La pollution de l&rsquo;air, de <a href=\"https:\/\/www.humanium.org\/fr\/comprendre-droits-enfant\/droit-a-l-eau\/\"><em>l&rsquo;eau<\/em><\/a>, de la terre, lumineuse et sonore sont des facteurs majeurs de <a href=\"https:\/\/www.humanium.org\/fr\/les-droits-de-lenfant-en-peril-comment-le-changement-climatique-impacte-le-droit-des-enfants\/\"><em>l&rsquo;urgence climatique<\/em><\/a>. La combustion de combustibles fossiles pollue l&rsquo;air que nous respirons et acc\u00e9l\u00e8re l&rsquo;urgence climatique. L&rsquo;Organisation mondiale de la sant\u00e9 (OMS) a d&rsquo;ailleurs qualifi\u00e9 la pollution atmosph\u00e9rique de \u00ab\u00a0nouveau tabac\u00a0\u00bb. En effet, 9 personnes sur 10 respirent de l&rsquo;air contenant des polluants (OMS, 2020), et environ 4,5 millions de personnes meurent chaque ann\u00e9e \u00e0 cause de la pollution atmosph\u00e9rique, les pays \u00e0 faible et moyen revenu \u00e9tant les plus touch\u00e9s. Greenpeace a qualifi\u00e9 cela d'\u00a0\u00bburgence de <a href=\"https:\/\/www.humanium.org\/fr\/comprendre-droits-enfant\/droit-a-la-sante\/\"><em>sant\u00e9<\/em><\/a> publique\u00a0\u00bb caus\u00e9e principalement par les compagnies de charbon, de p\u00e9trole et les constructeurs automobiles qui, \u00e0 leur tour, r\u00e9alisent de beaux b\u00e9n\u00e9fices (Greenpeace, 2020).&nbsp;<\/p>\n\n\n\n<p class=\"wp-block-paragraph\">La pollution de l&rsquo;oc\u00e9an et des <a href=\"https:\/\/www.humanium.org\/fr\/comprendre-droits-enfant\/droit-a-l-eau\/\"><em>eaux<\/em><\/a> mondiales constitue \u00e9galement un probl\u00e8me important qui contribue \u00e0 la destruction des\u00e9cosyst\u00e8mes et \u00e0 la mise en danger de la <a href=\"https:\/\/www.humanium.org\/fr\/comprendre-droits-enfant\/droit-a-la-sante\/\"><em>sant\u00e9<\/em><\/a> de nombreuses esp\u00e8ces. En effet, 80% de cette pollution provient de 20 pays seulement. Chaque ann\u00e9e, l&rsquo;\u00e9quivalent en plastique de pr\u00e8s de 57 000 baleines bleues se d\u00e9verse dans l&rsquo;oc\u00e9an, entra\u00eenant la formation d&rsquo;\u00e9normes bancs d&rsquo;ordures dans l&rsquo;oc\u00e9an, dont l&rsquo;un fait deux fois la taille du Texas et contient environ 1,8 trillion de d\u00e9chets (Conservation International, 2020).<\/p>\n\n\n\n<figure class=\"wp-block-image size-large\"><img loading=\"lazy\" decoding=\"async\" width=\"1024\" height=\"683\" src=\"https:\/\/www.humanium.org\/fr\/wp-content\/uploads\/2020\/10\/shutterstock_576032044_1200-1024x683.jpg\" alt=\"\" class=\"wp-image-48905\" srcset=\"https:\/\/www.humanium.org\/fr\/wp-content\/uploads\/2020\/10\/shutterstock_576032044_1200-1024x683.jpg 1024w, https:\/\/www.humanium.org\/fr\/wp-content\/uploads\/2020\/10\/shutterstock_576032044_1200-300x200.jpg 300w, https:\/\/www.humanium.org\/fr\/wp-content\/uploads\/2020\/10\/shutterstock_576032044_1200-768x512.jpg 768w, https:\/\/www.humanium.org\/fr\/wp-content\/uploads\/2020\/10\/shutterstock_576032044_1200-830x553.jpg 830w, https:\/\/www.humanium.org\/fr\/wp-content\/uploads\/2020\/10\/shutterstock_576032044_1200-230x153.jpg 230w, https:\/\/www.humanium.org\/fr\/wp-content\/uploads\/2020\/10\/shutterstock_576032044_1200-350x233.jpg 350w, https:\/\/www.humanium.org\/fr\/wp-content\/uploads\/2020\/10\/shutterstock_576032044_1200-480x320.jpg 480w, https:\/\/www.humanium.org\/fr\/wp-content\/uploads\/2020\/10\/shutterstock_576032044_1200-272x182.jpg 272w, https:\/\/www.humanium.org\/fr\/wp-content\/uploads\/2020\/10\/shutterstock_576032044_1200.jpg 1200w\" sizes=\"auto, (max-width: 1024px) 100vw, 1024px\" \/><\/figure>\n\n\n\n<h3 class=\"wp-block-heading\"><strong>Perte de la biodiversit\u00e9, d\u00e9forestation et d\u00e9sertification<\/strong><\/h3>\n\n\n\n<blockquote class=\"wp-block-quote is-layout-flow wp-block-quote-is-layout-flow\"><p>\u00ab\u00a0La <a href=\"https:\/\/www.humanium.org\/fr\/comprendre-droits-enfant\/droit-a-la-sante\/\"><em>sant\u00e9<\/em><\/a> des \u00e9cosyst\u00e8mes dont nous d\u00e9pendons, ainsi que toutes les autres esp\u00e8ces, se degrade plus vite que jamais. Nous sommes en train d\u2019\u00e9roder les fondements m\u00eames de nos \u00e9conomies, nos moyens de subsistance, la s\u00e9curit\u00e9 <a href=\"https:\/\/www.humanium.org\/fr\/comprendre-droits-enfant\/droit-a-l-alimentation\/\"><em>alimentaire<\/em><\/a>, la <a href=\"https:\/\/www.humanium.org\/fr\/comprendre-droits-enfant\/droit-a-la-sante\/\"><em>sant\u00e9<\/em><\/a> et la qualit\u00e9 de <a href=\"https:\/\/www.humanium.org\/fr\/comprendre-droits-enfant\/droit-a-la-vie\/\"><em>vie<\/em><\/a> dans le monde entier\u00a0\u00bb<\/p><cite>Sir Robert Watson, pr\u00e9sident de la Plateforme intergouvernementale scientifique et politique sur la biodiversit\u00e9 et les services \u00e9cosyst\u00e9miques (ONU, 2019).\u00a0<\/cite><\/blockquote>\n\n\n\n<p class=\"wp-block-paragraph\">La d\u00e9sertification et la d\u00e9forestation sont des cons\u00e9quences d\u00e9vastatrices du <a href=\"https:\/\/www.humanium.org\/fr\/les-droits-de-lenfant-en-peril-comment-le-changement-climatique-impacte-le-droit-des-enfants\/\"><em>changement<\/em><\/a> climatique qui d\u00e9truisent les moyens de subsistance et les habitats d&rsquo;innombrables personnes et d&rsquo;autres esp\u00e8ces dans le monde. En raison de la s\u00e9cheresse et de la d\u00e9sertification, des terres arables de la taille des <a href=\"https:\/\/www.humanium.org\/fr\/philippines\/\"><em>Philippines<\/em><\/a> sont perdues chaque ann\u00e9e, et la m\u00eame quantit\u00e9 de for\u00eat tropicale humide a \u00e9t\u00e9 perdue rien qu&rsquo;en <strong>2018<\/strong><sup><a href=\"#footnote_4\">(4)<\/a><\/sup>. Selon les Nations unies, environ 1,6 milliard de personnes d\u00e9pendent des for\u00eats, dont 70 millions <em>d&rsquo;autochtones<\/em>, et les for\u00eats abritent plus de 80 % de toutes les esp\u00e8ces d&rsquo;animaux terrestres, de plantes et d&rsquo;insectes. En outre, 2,6 milliards de personnes d\u00e9pendent directement de l&rsquo;agriculture, mais depuis 2019, plus de la moiti\u00e9 des terres traditionnellement utilis\u00e9es pour l&rsquo;agriculture sont touch\u00e9es par la d\u00e9gradation des sols (contribuant \u00e0 la d\u00e9sertification), ce qui r\u00e9duit la capacit\u00e9 des gens \u00e0 cultiver et \u00e0 \u00e9lever des animaux. Ce sont les personnes les plus <a href=\"https:\/\/www.humanium.org\/fr\/enfants-pauvres\/\"><em>pauvres<\/em><\/a> du monde, celles qui sont le plus gravement touch\u00e9es par les in\u00e9galit\u00e9s structurelles, qui sont les plus atteintes par la d\u00e9sertification et la d\u00e9forestation, les <a href=\"https:\/\/www.humanium.org\/fr\/droits-des-filles\/\"><em>femmes et les filles<\/em><\/a> \u00e9tant touch\u00e9es de mani\u00e8re disproportionn\u00e9e (UN SGD, 2019).<\/p>\n\n\n\n<p class=\"wp-block-paragraph\">Le rapport de l&rsquo;ONU \u00ab\u00a02019 Global Assessment Report on Biodiversity and Ecosystem Service\u00a0\u00bb d\u00e9crit l&rsquo;acc\u00e9l\u00e9ration du rythme d&rsquo;extinction des esp\u00e8ces et la destruction sans pr\u00e9c\u00e9dent de la nature qu&rsquo;a mis au jour l&rsquo;urgence climatique. Jusqu&rsquo;\u00e0 un million d&rsquo;esp\u00e8ces sont menac\u00e9es d&rsquo;extinction, dont beaucoup dans les prochaines d\u00e9cennies. Plus de 40 % des amphibiens, pr\u00e8s de 33 % des coraux formant des r\u00e9cifs, 10 % des insectes et plus de 30 % de tous les mammif\u00e8res marins sont menac\u00e9s d&rsquo;extinction. Les r\u00e9gions tropicales abritent les plus hauts niveaux de biodiversit\u00e9 de la plan\u00e8te et ont \u00e9t\u00e9 les plus touch\u00e9es par la perte des \u00e9cosyst\u00e8mes. Par exemple, les for\u00eats tropicales qui pouvaient couvrir la surface de <a href=\"https:\/\/www.humanium.org\/fr\/egypte\/\"><em>l&rsquo;\u00c9gypte<\/em><\/a> ont \u00e9t\u00e9 perdues entre 1980 et 2000<sup><a href=\"#footnote_5\">(5)<\/a><\/sup>, principalement \u00e0 cause de la d\u00e9forestation due \u00e0 l&rsquo;\u00e9levage de b\u00e9tail en <a href=\"https:\/\/www.humanium.org\/fr\/ameriques\/\"><em>Am\u00e9rique latine<\/em><\/a> et aux plantations en <a href=\"https:\/\/www.humanium.org\/fr\/asie-pacifique\/\"><em>Asie du Sud-Est <\/em><\/a>(dont 80 % pour l&rsquo;huile de palme). De m\u00eame, la mort tragique des habitats c\u00f4tiers augmente consid\u00e9rablement le risque d&rsquo;ouragans et d&rsquo;inondations (UN SDG, 2019).<\/p>\n\n\n\n<h3 class=\"wp-block-heading\"><strong>Comment les enfants sont-ils touch\u00e9s ?<\/strong><\/h3>\n\n\n\n<p class=\"wp-block-paragraph\">L&rsquo;urgence climatique menace les <a href=\"https:\/\/www.humanium.org\/fr\/les-droits-de-l-enfant\/\"><em>droits<\/em><\/a> les plus fondamentaux de l\u2019enfant (tels qu&rsquo;ils sont inscrits dans la<a href=\"https:\/\/www.humanium.org\/fr\/convention\/\"><em> Convention relative aux droits de l&rsquo;enfant<\/em><\/a>), entra\u00eenant de graves r\u00e9percussions sur leurs droits \u00e0 la <a href=\"https:\/\/www.humanium.org\/fr\/comprendre-droits-enfant\/droit-a-la-sante\/\"><em>sant\u00e9<\/em><\/a>, \u00e0 <a href=\"https:\/\/www.humanium.org\/fr\/comprendre-droits-enfant\/droit-a-l-alimentation\/\"><em>l&rsquo;alimentation<\/em><\/a>, \u00e0 <a href=\"https:\/\/www.humanium.org\/fr\/comprendre-droits-enfant\/droit-a-l-eau\/\"><em>l&rsquo;eau<\/em><\/a>, \u00e0 <a href=\"https:\/\/www.humanium.org\/fr\/comprendre-droits-enfant\/droit-a-l-education\/\"><em>l&rsquo;\u00e9ducation<\/em><\/a> et \u00e0 la <a href=\"https:\/\/www.humanium.org\/fr\/droit-a-la-protection\/\"><em>protection<\/em><\/a>. Les \u00e9v\u00e9nements climatiques extr\u00eames qui se produisent dans le monde entier mettent de plus en plus de vies d&rsquo;enfants en danger. Actuellement, les enfants sont touch\u00e9s de mani\u00e8re disproportionn\u00e9e par l&rsquo;urgence climatique et leur avenir d\u00e9pendra en grande partie de l&rsquo;\u00e9volution de la d\u00e9gradation du climat dans les ann\u00e9es \u00e0 venir. En effet, de nombreux enfants ont \u00e9t\u00e9 pouss\u00e9s \u00e0 s&rsquo;engager dans la lutte extr\u00eamement difficile et dangereuse pour la justice environnementale. En 2019, l&rsquo;UNICEF a d\u00e9clar\u00e9 que l&rsquo;urgence climatique \u00e9tait une crise des <a href=\"https:\/\/www.humanium.org\/fr\/droits-enfant\/\">droits de l&rsquo;enfant<\/a> (UNICEF, 2019) et a rapport\u00e9 ce qui suit:<\/p>\n\n\n\n<ul class=\"wp-block-list\"><li>Chaque ann\u00e9e, les facteurs environnementaux tuent 1,7 million d&rsquo;enfants de moins de cinq ans.<\/li><li>D&rsquo;ici 2040, un enfant sur quatre vivra dans des zones aux ressources en <a href=\"https:\/\/www.humanium.org\/fr\/comprendre-droits-enfant\/droit-a-l-eau\/\"><em>eau<\/em><\/a> extr\u00eamement limit\u00e9es.<\/li><li>Plus d&rsquo;un demi-milliard d&rsquo;enfants vivent dans des zones o\u00f9 la fr\u00e9quence des inondations est extr\u00eamement \u00e9lev\u00e9e en raison de ph\u00e9nom\u00e8nes m\u00e9t\u00e9orologiques extr\u00eames.<\/li><li>Environ 160 millions d&rsquo;enfants vivent dans des r\u00e9gions frapp\u00e9es par des s\u00e9cheresses graves.<\/li><li>Pr\u00e8s de 90 % des cas de <a href=\"https:\/\/www.humanium.org\/fr\/enfants-malades\/\"><em>maladies<\/em><\/a> imputables au <a href=\"https:\/\/www.humanium.org\/fr\/les-droits-de-lenfant-en-peril-comment-le-changement-climatique-impacte-le-droit-des-enfants\/\"><em>changement<\/em><\/a> climatique frappent les enfants de moins de cinq ans.&nbsp;<\/li><li>Environ 300 millions d&rsquo;enfants <a href=\"https:\/\/www.humanium.org\/fr\/enfants-malades\/\"><em>respirent<\/em><\/a> de l&rsquo;air toxique, dont 17 millions n&rsquo;ont pas encore atteint leur premier anniversaire (UNICEF, 2019).<\/li><\/ul>\n\n\n\n<h2 class=\"wp-block-heading\"><strong>Qui est impliqu\u00e9 dans l&rsquo;urgence climatique ?<\/strong><\/h2>\n\n\n\n<figure class=\"wp-block-image size-large\"><img loading=\"lazy\" decoding=\"async\" width=\"1024\" height=\"683\" src=\"https:\/\/www.humanium.org\/fr\/wp-content\/uploads\/2020\/10\/shutterstock_428958388_1200-1024x683.jpg\" alt=\"\" class=\"wp-image-48869\" srcset=\"https:\/\/www.humanium.org\/fr\/wp-content\/uploads\/2020\/10\/shutterstock_428958388_1200-1024x683.jpg 1024w, https:\/\/www.humanium.org\/fr\/wp-content\/uploads\/2020\/10\/shutterstock_428958388_1200-300x200.jpg 300w, https:\/\/www.humanium.org\/fr\/wp-content\/uploads\/2020\/10\/shutterstock_428958388_1200-768x512.jpg 768w, https:\/\/www.humanium.org\/fr\/wp-content\/uploads\/2020\/10\/shutterstock_428958388_1200-830x553.jpg 830w, https:\/\/www.humanium.org\/fr\/wp-content\/uploads\/2020\/10\/shutterstock_428958388_1200-230x153.jpg 230w, https:\/\/www.humanium.org\/fr\/wp-content\/uploads\/2020\/10\/shutterstock_428958388_1200-350x233.jpg 350w, https:\/\/www.humanium.org\/fr\/wp-content\/uploads\/2020\/10\/shutterstock_428958388_1200-480x320.jpg 480w, https:\/\/www.humanium.org\/fr\/wp-content\/uploads\/2020\/10\/shutterstock_428958388_1200-272x182.jpg 272w, https:\/\/www.humanium.org\/fr\/wp-content\/uploads\/2020\/10\/shutterstock_428958388_1200.jpg 1200w\" sizes=\"auto, (max-width: 1024px) 100vw, 1024px\" \/><\/figure>\n\n\n\n<p class=\"wp-block-paragraph\">Il est de plus en plus \u00e9vident que les <strong>citoyens et les communaut\u00e9s<\/strong> exercent une pression sur les gouvernements et les entreprises pour qu&rsquo;ils agissent pour le bien de l&rsquo;environnement. Ils sont donc devenus des acteurs cl\u00e9s de l&rsquo;urgence climatique et font partie de plusieurs mouvements mondiaux regroupant des milliers de personnes. Ces acteurs exigent une adh\u00e9sion significative aux conclusions et aux avertissements scientifiques, ainsi que l&rsquo;adoption d&rsquo;attitudes, de comportements et de politiques plus radicaux \u00e0 l&rsquo;\u00e9gard de l&rsquo;urgence climatique.<\/p>\n\n\n\n<p class=\"wp-block-paragraph\">Deuxi\u00e8mement, les <strong>gouvernements nationaux<\/strong> du monde entier prennent certaines mesures, mais sont souvent condescendants et partiaux \u00e0 l&rsquo;\u00e9gard des mouvements de la soci\u00e9t\u00e9 civile. Il est n\u00e9anmoins vrai que des progr\u00e8s, bien qu&rsquo;insuffisants, ont \u00e9t\u00e9 r\u00e9alis\u00e9s. Dans les ann\u00e9es 1980, des solutions ont \u00e9t\u00e9 apport\u00e9es dans l&rsquo;espoir d&rsquo;\u00e9viter un autre probl\u00e8me environnemental grave, alors que l&rsquo;appauvrissement de la couche d&rsquo;ozone suscitait des <a href=\"https:\/\/www.humanium.org\/fr\/changement-climatique\/\"><em>inqui\u00e9tudes \u00e0 l&rsquo;\u00e9chelle mondiale<\/em><\/a>. Le Protocole de Montr\u00e9al, sign\u00e9 en 1987 et ratifi\u00e9 par tous les pays du monde, a permis d&rsquo;atteindre cet objectif, marquant un changement important dans la perception internationale (Universit\u00e9 de Tampere, 2019). Le droit international et national de l&rsquo;environnement permet d&rsquo;offrir aux gens du monde entier des droits environnementaux.&nbsp;<\/p>\n\n\n\n<p class=\"wp-block-paragraph\">Toutefois, les probl\u00e8mes environnementaux sont aujourd&rsquo;hui plus larges et plus dramatiques que dans les ann\u00e9es 1980 et ne sont pas caus\u00e9s par un facteur environnemental particulier, mais par un amalgame complexe de probl\u00e8mes. La solution est donc aujourd&rsquo;hui plus complexe et n&rsquo;implique pas de s&rsquo;attaquer \u00e0 un seul probl\u00e8me, mais \u00e0 un syst\u00e8me mondial entier.<\/p>\n\n\n\n<p class=\"wp-block-paragraph\">Pekka Jokinen, professeur de politique environnementale \u00e0 l&rsquo;universit\u00e9 de Tampere, a d\u00e9clar\u00e9 : \u00ab\u00a0La politique climatique actuelle n&rsquo;a pas \u00e9t\u00e9 aussi fructueuse. Il n&rsquo;y a pas de solutions technologiques faciles, et le leadership politique concernant ce probl\u00e8me n&rsquo;est pas le m\u00eame que celui des ann\u00e9es 1980\u00a0\u00bb (Universit\u00e9 de Tampere, 2019).<\/p>\n\n\n\n<p class=\"wp-block-paragraph\">Enfin, <strong>les entreprises <\/strong>sont des acteurs essentiels sur la sc\u00e8ne mondiale o\u00f9 se joue l&rsquo;urgence climatique. Des \u00e9tudes montrent que pr\u00e8s des deux tiers (environ 63 %) de l&rsquo;ensemble du dioxyde de carbone et du m\u00e9thane industriels accumul\u00e9s dans l&rsquo;atmosph\u00e8re provient de la production de combustibles fossiles et de ciment de seulement <strong>90 entreprises<\/strong>. Il s&rsquo;agit notamment d\u2019enterprises priv\u00e9es comme Chevron et Exxon, ainsi que des entreprises d&rsquo;<a href=\"https:\/\/www.humanium.org\/fr\/droits-enfant\/\">Etat<\/a> telles que Gazprom et Saudi Aramco. Les <strong>20 premi\u00e8res entreprises \u00e9mettrices<\/strong> ont produit \u00e0 elles seules 48 % de toute la pollution industrielle par le carbone. L\u2019\u00e9tude pr\u00e9cise : \u00ab\u00a0La plupart des analyses r\u00e9alis\u00e9es \u00e0 ce jour, y compris la structure de la CCNUCC (Convention-cadre des Nations unies sur les changements climatiques), consid\u00e8rent que la responsabilit\u00e9 revient aux \u00c9tats-nations [&#8230;] Toutefois, les responsabilit\u00e9s peuvent \u00e9galement \u00eatre attribu\u00e9es \u00e0 d\u2019autres acteurs, comme d\u00e9montr\u00e9 dans la pr\u00e9sente analyse qui \u00e9tablit la tra\u00e7abilit\u00e9 des \u00e9missions des principaux producteurs de carbone [&#8230;]\u00a0\u00bb (Heede, 2013). La responsabilit\u00e9 de ces entreprises est primordiale pour faire face \u00e0 l&rsquo;urgence climatique, et les tenir strictement responsables de leurs actions ou inactions, tout en ayant une meilleure r\u00e9glementation, est un d\u00e9fi d&rsquo;une importance capitale pour la d\u00e9cennie \u00e0 venir.<\/p>\n\n\n\n<h2 class=\"wp-block-heading\"><strong>Que faut-il faire ?<\/strong><\/h2>\n\n\n\n<p class=\"wp-block-paragraph\">Des actions d\u00e9cisives et un changement de politique doivent \u00eatre entrepris afin de lutter efficacement contre le changement climatique et cela doit se faire maintenant.<\/p>\n\n\n\n<p class=\"wp-block-paragraph\">Les \u00e9missions de gaz \u00e0 effet de serre doivent \u00eatre r\u00e9duites de 7,6 % chaque ann\u00e9e d&rsquo;ici \u00e0 2030. Chaque ann\u00e9e o\u00f9 nous n\u2019agissons pas, il est plus difficile de r\u00e9parer les d\u00e9g\u00e2ts et le co\u00fbt de la r\u00e9duction des \u00e9missions augmente. L&rsquo;Accord de Paris n\u2019a pas honor\u00e9 ses objectifs pour 2015, \u00e0 savoir limiter l&rsquo;augmentation de la temp\u00e9rature mondiale \u00e0 2 \u00b0C au-dessus des niveaux pr\u00e9industriels. Ces objectifs seront revus en 2021 lors de la Conf\u00e9rence des Nations unies sur le changement climatique (COP26). Lors de la COP26, si les \u00c9tats \u2013ne se mettent pas d\u2019accord sur des objectifs plus efficaces, le monde sera certainement confront\u00e9 \u00e0 une augmentation des temp\u00e9ratures sup\u00e9rieure \u00e0 1,5 \u00b0C. Le probl\u00e8me est que les pays ne sont pas en voie de tenir les promesses qu&rsquo;ils ont d\u00e9j\u00e0 faites. La plan\u00e8te a d\u00e9sesp\u00e9r\u00e9ment besoin d&rsquo;un passage rapide \u00e0 des \u00e9missions nettes de carbone nulles, d&rsquo;une augmentation de la quantit\u00e9 d&rsquo;\u00e9nergie provenant des \u00e9nergies renouvelables et d&rsquo;une d\u00e9c\u00e9l\u00e9ration rapide de la d\u00e9pendance aux combustibles fossiles (programme des Nations unies pour l&rsquo;environnement, 2020).<\/p>\n\n\n\n<p class=\"wp-block-paragraph\"><strong>\u00c9crit par Adrian Lakrichi<\/strong><br><strong>Traduit par Ma\u00eblys Durrieu de Madron&nbsp;<\/strong><br><strong>Relu par Victoire Ramos<\/strong><br><strong>Derni\u00e8re mise \u00e0 jour le 24 juin 2020<\/strong><\/p>\n\n\n\n<p class=\"wp-block-paragraph\"><strong>Glossaire :<\/strong><\/p>\n\n\n\n<ol class=\"wp-block-list\"><li>Un affaissement de terrain est un tassement progressif ou un enfoncement soudain de la surface de la Terre. <\/li><li>Ruissellement : \u201cLa partie des pr\u00e9cipitations, de la fonte des neiges ou de l&rsquo;eau d&rsquo;irrigation qui appara\u00eet dans les cours d&rsquo;eau de surface non contr\u00f4l\u00e9s (non r\u00e9gul\u00e9s par un barrage en amont), les rivi\u00e8res, les collecteurs ou les \u00e9gouts\u201d (USGS, 2020) <\/li><li>Les rivi\u00e8res atmosph\u00e9riques sont d&rsquo;\u00e9troits courants d&rsquo;humidit\u00e9 concentr\u00e9s dans l&rsquo;atmosph\u00e8re <\/li><li>12 millions d\u2019hectares <\/li><li>100 millions d\u2019hectares <\/li><\/ol>\n\n\n\n<p class=\"wp-block-paragraph\"><strong>Bibliographie :<\/strong><\/p>\n\n\n\n<ul class=\"wp-block-list\"><li>BBC (2019), <em>Climate change: What is a climate emergency?, <\/em>retrieved from: <a href=\"https:\/\/www.bbc.co.uk\/news\/newsbeat-47570654\">https:\/\/www.bbc.co.uk\/news\/newsbeat-47570654<\/a>&nbsp;<\/li><li>WORLD METEOROLOGICAL ORGANISATION (2019),<em> 2019 concludes a decade of exceptional global heat and high-impact weather, <\/em>retrieved from: https:\/\/public.wmo.int\/en\/media\/press-release\/2019-concludes-decade-of-exceptional-global-heat-and-high-impact-weather&nbsp;<\/li><li>BYSKOV, Morten Fibierger (2019), <em>Climate change: focusing on how individuals can help is very convenient for corporation, The Conservation, <\/em>retrieved from: <a href=\"https:\/\/theconversation.com\/climate-change-focusing-on-how-individuals-can-help-is-very-convenient-for-corporations-108546\">https:\/\/theconversation.com\/climate-change-focusing-on-how-individuals-can-help-is-very-convenient-for-corporations-108546<\/a><\/li><li>FRUMHOFF, Peter (2013), <em>Who Is Responsible for Climate Change? New Study Identifies the Top 90 Producers of Industrial Carbon Emissions, Union of Concerned Scientists, <\/em>retrieved from: <a href=\"https:\/\/blog.ucsusa.org\/peter-frumhoff\/who-is-responsible-for-climate-change-new-study-identifies-the-top-90-producers-of-industrial-carbon-emissions-314\">https:\/\/blog.ucsusa.org\/peter-frumhoff\/who-is-responsible-for-climate-change-new-study-identifies-the-top-90-producers-of-industrial-carbon-emissions-314<\/a>&nbsp;<\/li><li>HEEDE, Richard (2013) <em>Tracing anthropogenic carbon dioxide and methane emissions to fossil fuel and cement producers, 1854\u20132010<\/em>, retrieved from: <a href=\"https:\/\/link.springer.com\/article\/10.1007\/s10584-013-0986-y\">https:\/\/link.springer.com\/article\/10.1007\/s10584-013-0986-y<\/a>&nbsp;<\/li><li>INTERNAL DISPLACEMENT MONITORING CENTRE (2019), <em>Mid-Year Figures: Internal Displacement from January to June 2019,<\/em> retrieved from: https:\/\/www.internal-displacement.org\/sites\/default\/files\/inline-files\/2019-mid-year-figures_for%20website%20upload.pdf&nbsp;<\/li><li>M\u00c4KI, Sabina (2019), <em>Who is responsible for tackling climate change? You, me, politicians or energy producers?, Tampere University, <\/em>retrieved from: https:\/\/www.tuni.fi\/unit-magazine\/en\/articles\/who-responsible-tackling-climate-change-you-me-politicians-or-energy-producers&nbsp;<\/li><li>CONSERVATION IN CHANGING ENVIRONMENT (2020), <em>Increasing Wildfires<\/em>, retrieved from: https:\/\/climatechange.lta.org\/climate-impacts\/increasing-wildfires\/&nbsp;<\/li><li>C2ES (2020), <em>Drought and Climate Change, Centre for Climate and Energy Solutions, <\/em>retrieved from: <a href=\"https:\/\/www.c2es.org\/content\/drought-and-climate-change\/\">https:\/\/www.c2es.org\/content\/drought-and-climate-change\/<\/a>&nbsp;<\/li><li>CLIMATE COMMUNICATION (2011), <em>Drought, <\/em>retrieved from: <a href=\"https:\/\/www.climatecommunication.org\/new\/features\/extreme-weather\/drought\/\">https:\/\/www.climatecommunication.org\/new\/features\/extreme-weather\/drought\/<\/a>&nbsp;<\/li><li>NASA (2020), <em>The Effects of Climate change<\/em>, retrieved from: <a href=\"https:\/\/climate.nasa.gov\/effects\/\">https:\/\/climate.nasa.gov\/effects\/<\/a>&nbsp;<\/li><li>NASA (2020), <em>Do scientists agree on climate change?, <\/em>retrieved from: <a href=\"https:\/\/climate.nasa.gov\/faq\/17\/do-scientists-agree-on-climate-change\/\">https:\/\/climate.nasa.gov\/faq\/17\/do-scientists-agree-on-climate-change\/<\/a>&nbsp;<\/li><li>UN ENVIRONMENT PROGRAMME (2020), <em>Facts About the Climate Emergency, <\/em>retrieved from: <a href=\"https:\/\/www.unenvironment.org\/explore-topics\/climate-change\/facts-about-climate-emergency\">https:\/\/www.unenvironment.org\/explore-topics\/climate-change\/facts-about-climate-emergency<\/a>&nbsp;&nbsp;<\/li><li>NUNEZ, Cristina (2020), <em>Sea level rise, explained, The National Geographic, <\/em>retrieved from: <a href=\"https:\/\/www.nationalgeographic.com\/environment\/global-warming\/sea-level-rise\/\">https:\/\/www.nationalgeographic.com\/environment\/global-warming\/sea-level-rise\/<\/a>&nbsp;<\/li><li>EUROPEAN COMMISSION (2020), <em>Causes of Climate change<\/em>,&nbsp; retrieved from: <a href=\"https:\/\/ec.europa.eu\/clima\/change\/causes_en\">https:\/\/ec.europa.eu\/clima\/change\/causes_en<\/a>&nbsp;<\/li><li>World Wildlife Fund (WWF) (2020), <em>The Effects of Climate Change,<\/em> retrieved from: <a href=\"https:\/\/www.wwf.org.uk\/learn\/effects-of\/climate-change\">https:\/\/www.wwf.org.uk\/learn\/effects-of\/climate-change<\/a>&nbsp;<\/li><li>WORLD HEALTH ORGANISATION (WHO) (2020), <em>Air Pollution<\/em>, retrieved from: <a href=\"https:\/\/www.who.int\/health-topics\/air-pollution#tab=tab_1\">https:\/\/www.who.int\/health-topics\/air-pollution#tab=tab_<\/a>1&nbsp;&nbsp;<\/li><li>GREENPEACE (2020) <em>Here\u2019s how people power is tackling air pollution, <\/em>retrieved from: <a href=\"https:\/\/www.greenpeace.org\/international\/story\/28643\/tackling-air-pollution-through-people-power\/\">https:\/\/www.greenpeace.org\/international\/story\/28643\/tackling-air-pollution-through-people-power\/<\/a>&nbsp;<\/li><li>CONSERVATION INTERNATIONAL (2020), <em>Ocean Pollution: 11 facts you need to know<\/em>, retrieved from: <a href=\"https:\/\/www.conservation.org\/stories\/ocean-pollution-11-facts-you-need-to-know\">https:\/\/www.conservation.org\/stories\/ocean-pollution-11-facts-you-need-to-know<\/a><\/li><li>UNITED NATIONS (2019), <em>UN Report: Nature\u2019s Dangerous Decline \u2018Unprecedented\u2019; Species Extinction Rates \u2018Accelerating\u2019<\/em>, retrieved from:&nbsp;<\/li><li><a href=\"https:\/\/www.un.org\/sustainabledevelopment\/blog\/2019\/05\/nature-decline-unprecedented-report\/\">https:\/\/www.un.org\/sustainabledevelopment\/blog\/2019\/05\/nature-decline-unprecedented-report\/<\/a><\/li><li>UNITED NATIONS (2019),<em> SDG 15 Life on Land<\/em>, retrieved from: <a href=\"https:\/\/www.un.org\/sustainabledevelopment\/biodiversity\/\">https:\/\/www.un.org\/sustainabledevelopment\/biodiversity\/<\/a>&nbsp;<\/li><li>UNICEF (2019), <em>FACT SHEET: \u2018The climate crisis is a child rights crisis\u2019<\/em> retrieved from: <a href=\"https:\/\/www.unicef.org\/press-releases\/fact-sheet-climate-crisis-child-rights-crisis\">https:\/\/www.unicef.org\/press-releases\/fact-sheet-climate-crisis-child-rights-crisis<\/a><\/li><\/ul>\n","protected":false},"excerpt":{"rendered":"<p>\u00ab\u00a0C&rsquo;est une urgence. Il s&rsquo;agit d&rsquo;une crise existentielle. Et nous devons faire tout ce qui est en notre pouvoir pour l&rsquo;arr\u00eater\u00a0\u00bb Greta Thunberg (BBC, 2019) La nature est cruciale pour la survie. Cependant, l&rsquo;humanit\u00e9 est t\u00e9moin de la destruction continue de la nature et par cons\u00e9quent, l&rsquo;impulsion pour un monde diff\u00e9rent a commenc\u00e9. Partout, les [&hellip;]<\/p>\n","protected":false},"author":69,"featured_media":48868,"parent":48810,"menu_order":0,"comment_status":"closed","ping_status":"closed","template":"","meta":{"footnotes":""},"class_list":["post-48867","page","type-page","status-publish","has-post-thumbnail","hentry"],"yoast_head":"<!-- This site is optimized with the Yoast SEO plugin v28.3 - https:\/\/yoast.com\/product\/yoast-seo-wordpress\/ -->\n<title>Urgence Climatique - Humanium<\/title>\n<meta name=\"robots\" content=\"index, follow, max-snippet:-1, max-image-preview:large, max-video-preview:-1\" \/>\n<link rel=\"canonical\" href=\"https:\/\/www.humanium.org\/fr\/focus\/environnement\/urgence-climatique\/\" \/>\n<meta property=\"og:locale\" content=\"fr_FR\" \/>\n<meta property=\"og:type\" content=\"article\" \/>\n<meta property=\"og:title\" content=\"Urgence Climatique - Humanium\" \/>\n<meta property=\"og:description\" content=\"\u00ab\u00a0C&rsquo;est une urgence. Il s&rsquo;agit d&rsquo;une crise existentielle. Et nous devons faire tout ce qui est en notre pouvoir pour l&rsquo;arr\u00eater\u00a0\u00bb Greta Thunberg (BBC, 2019) La nature est cruciale pour la survie. Cependant, l&rsquo;humanit\u00e9 est t\u00e9moin de la destruction continue de la nature et par cons\u00e9quent, l&rsquo;impulsion pour un monde diff\u00e9rent a commenc\u00e9. Partout, les [&hellip;]\" \/>\n<meta property=\"og:url\" content=\"https:\/\/www.humanium.org\/fr\/focus\/environnement\/urgence-climatique\/\" \/>\n<meta property=\"og:site_name\" content=\"Humanium\" \/>\n<meta property=\"article:modified_time\" content=\"2025-12-10T02:43:00+00:00\" \/>\n<meta property=\"og:image\" content=\"https:\/\/www.humanium.org\/fr\/wp-content\/uploads\/2020\/10\/shutterstock_1489282430_1200.jpg\" \/>\n\t<meta property=\"og:image:width\" content=\"1200\" \/>\n\t<meta property=\"og:image:height\" content=\"800\" \/>\n\t<meta property=\"og:image:type\" content=\"image\/jpeg\" \/>\n<meta name=\"twitter:card\" content=\"summary_large_image\" \/>\n<meta name=\"twitter:label1\" content=\"Dur\u00e9e de lecture estim\u00e9e\" \/>\n\t<meta name=\"twitter:data1\" content=\"20 minutes\" \/>\n<script type=\"application\/ld+json\" class=\"yoast-schema-graph\">{\"@context\":\"https:\\\/\\\/schema.org\",\"@graph\":[{\"@type\":\"WebPage\",\"@id\":\"https:\\\/\\\/www.humanium.org\\\/fr\\\/focus\\\/environnement\\\/urgence-climatique\\\/\",\"url\":\"https:\\\/\\\/www.humanium.org\\\/fr\\\/focus\\\/environnement\\\/urgence-climatique\\\/\",\"name\":\"Urgence Climatique - Humanium\",\"isPartOf\":{\"@id\":\"https:\\\/\\\/www.humanium.org\\\/fr\\\/#website\"},\"primaryImageOfPage\":{\"@id\":\"https:\\\/\\\/www.humanium.org\\\/fr\\\/focus\\\/environnement\\\/urgence-climatique\\\/#primaryimage\"},\"image\":{\"@id\":\"https:\\\/\\\/www.humanium.org\\\/fr\\\/focus\\\/environnement\\\/urgence-climatique\\\/#primaryimage\"},\"thumbnailUrl\":\"https:\\\/\\\/www.humanium.org\\\/fr\\\/wp-content\\\/uploads\\\/2020\\\/10\\\/shutterstock_1489282430_1200.jpg\",\"datePublished\":\"2020-10-29T10:28:35+00:00\",\"dateModified\":\"2025-12-10T02:43:00+00:00\",\"breadcrumb\":{\"@id\":\"https:\\\/\\\/www.humanium.org\\\/fr\\\/focus\\\/environnement\\\/urgence-climatique\\\/#breadcrumb\"},\"inLanguage\":\"fr-FR\",\"potentialAction\":[{\"@type\":\"ReadAction\",\"target\":[\"https:\\\/\\\/www.humanium.org\\\/fr\\\/focus\\\/environnement\\\/urgence-climatique\\\/\"]}]},{\"@type\":\"ImageObject\",\"inLanguage\":\"fr-FR\",\"@id\":\"https:\\\/\\\/www.humanium.org\\\/fr\\\/focus\\\/environnement\\\/urgence-climatique\\\/#primaryimage\",\"url\":\"https:\\\/\\\/www.humanium.org\\\/fr\\\/wp-content\\\/uploads\\\/2020\\\/10\\\/shutterstock_1489282430_1200.jpg\",\"contentUrl\":\"https:\\\/\\\/www.humanium.org\\\/fr\\\/wp-content\\\/uploads\\\/2020\\\/10\\\/shutterstock_1489282430_1200.jpg\",\"width\":1200,\"height\":800},{\"@type\":\"BreadcrumbList\",\"@id\":\"https:\\\/\\\/www.humanium.org\\\/fr\\\/focus\\\/environnement\\\/urgence-climatique\\\/#breadcrumb\",\"itemListElement\":[{\"@type\":\"ListItem\",\"position\":1,\"name\":\"Home\",\"item\":\"https:\\\/\\\/www.humanium.org\\\/fr\\\/\"},{\"@type\":\"ListItem\",\"position\":2,\"name\":\"Focus th\u00e9matiques\",\"item\":\"https:\\\/\\\/www.humanium.org\\\/fr\\\/focus\\\/\"},{\"@type\":\"ListItem\",\"position\":3,\"name\":\"Environnement\",\"item\":\"https:\\\/\\\/www.humanium.org\\\/fr\\\/focus\\\/environnement\\\/\"},{\"@type\":\"ListItem\",\"position\":4,\"name\":\"Urgence Climatique\"}]},{\"@type\":\"WebSite\",\"@id\":\"https:\\\/\\\/www.humanium.org\\\/fr\\\/#website\",\"url\":\"https:\\\/\\\/www.humanium.org\\\/fr\\\/\",\"name\":\"Humanium\",\"description\":\"Les enfants d\u2019abord !\",\"potentialAction\":[{\"@type\":\"SearchAction\",\"target\":{\"@type\":\"EntryPoint\",\"urlTemplate\":\"https:\\\/\\\/www.humanium.org\\\/fr\\\/?s={search_term_string}\"},\"query-input\":{\"@type\":\"PropertyValueSpecification\",\"valueRequired\":true,\"valueName\":\"search_term_string\"}}],\"inLanguage\":\"fr-FR\"}]}<\/script>\n<!-- \/ Yoast SEO plugin. -->","yoast_head_json":{"title":"Urgence Climatique - Humanium","robots":{"index":"index","follow":"follow","max-snippet":"max-snippet:-1","max-image-preview":"max-image-preview:large","max-video-preview":"max-video-preview:-1"},"canonical":"https:\/\/www.humanium.org\/fr\/focus\/environnement\/urgence-climatique\/","og_locale":"fr_FR","og_type":"article","og_title":"Urgence Climatique - Humanium","og_description":"\u00ab\u00a0C&rsquo;est une urgence. Il s&rsquo;agit d&rsquo;une crise existentielle. Et nous devons faire tout ce qui est en notre pouvoir pour l&rsquo;arr\u00eater\u00a0\u00bb Greta Thunberg (BBC, 2019) La nature est cruciale pour la survie. Cependant, l&rsquo;humanit\u00e9 est t\u00e9moin de la destruction continue de la nature et par cons\u00e9quent, l&rsquo;impulsion pour un monde diff\u00e9rent a commenc\u00e9. Partout, les [&hellip;]","og_url":"https:\/\/www.humanium.org\/fr\/focus\/environnement\/urgence-climatique\/","og_site_name":"Humanium","article_modified_time":"2025-12-10T02:43:00+00:00","og_image":[{"width":1200,"height":800,"url":"https:\/\/www.humanium.org\/fr\/wp-content\/uploads\/2020\/10\/shutterstock_1489282430_1200.jpg","type":"image\/jpeg"}],"twitter_card":"summary_large_image","twitter_misc":{"Dur\u00e9e de lecture estim\u00e9e":"20 minutes"},"schema":{"@context":"https:\/\/schema.org","@graph":[{"@type":"WebPage","@id":"https:\/\/www.humanium.org\/fr\/focus\/environnement\/urgence-climatique\/","url":"https:\/\/www.humanium.org\/fr\/focus\/environnement\/urgence-climatique\/","name":"Urgence Climatique - Humanium","isPartOf":{"@id":"https:\/\/www.humanium.org\/fr\/#website"},"primaryImageOfPage":{"@id":"https:\/\/www.humanium.org\/fr\/focus\/environnement\/urgence-climatique\/#primaryimage"},"image":{"@id":"https:\/\/www.humanium.org\/fr\/focus\/environnement\/urgence-climatique\/#primaryimage"},"thumbnailUrl":"https:\/\/www.humanium.org\/fr\/wp-content\/uploads\/2020\/10\/shutterstock_1489282430_1200.jpg","datePublished":"2020-10-29T10:28:35+00:00","dateModified":"2025-12-10T02:43:00+00:00","breadcrumb":{"@id":"https:\/\/www.humanium.org\/fr\/focus\/environnement\/urgence-climatique\/#breadcrumb"},"inLanguage":"fr-FR","potentialAction":[{"@type":"ReadAction","target":["https:\/\/www.humanium.org\/fr\/focus\/environnement\/urgence-climatique\/"]}]},{"@type":"ImageObject","inLanguage":"fr-FR","@id":"https:\/\/www.humanium.org\/fr\/focus\/environnement\/urgence-climatique\/#primaryimage","url":"https:\/\/www.humanium.org\/fr\/wp-content\/uploads\/2020\/10\/shutterstock_1489282430_1200.jpg","contentUrl":"https:\/\/www.humanium.org\/fr\/wp-content\/uploads\/2020\/10\/shutterstock_1489282430_1200.jpg","width":1200,"height":800},{"@type":"BreadcrumbList","@id":"https:\/\/www.humanium.org\/fr\/focus\/environnement\/urgence-climatique\/#breadcrumb","itemListElement":[{"@type":"ListItem","position":1,"name":"Home","item":"https:\/\/www.humanium.org\/fr\/"},{"@type":"ListItem","position":2,"name":"Focus th\u00e9matiques","item":"https:\/\/www.humanium.org\/fr\/focus\/"},{"@type":"ListItem","position":3,"name":"Environnement","item":"https:\/\/www.humanium.org\/fr\/focus\/environnement\/"},{"@type":"ListItem","position":4,"name":"Urgence Climatique"}]},{"@type":"WebSite","@id":"https:\/\/www.humanium.org\/fr\/#website","url":"https:\/\/www.humanium.org\/fr\/","name":"Humanium","description":"Les enfants d\u2019abord !","potentialAction":[{"@type":"SearchAction","target":{"@type":"EntryPoint","urlTemplate":"https:\/\/www.humanium.org\/fr\/?s={search_term_string}"},"query-input":{"@type":"PropertyValueSpecification","valueRequired":true,"valueName":"search_term_string"}}],"inLanguage":"fr-FR"}]}},"_links":{"self":[{"href":"https:\/\/www.humanium.org\/fr\/wp-json\/wp\/v2\/pages\/48867","targetHints":{"allow":["GET"]}}],"collection":[{"href":"https:\/\/www.humanium.org\/fr\/wp-json\/wp\/v2\/pages"}],"about":[{"href":"https:\/\/www.humanium.org\/fr\/wp-json\/wp\/v2\/types\/page"}],"author":[{"embeddable":true,"href":"https:\/\/www.humanium.org\/fr\/wp-json\/wp\/v2\/users\/69"}],"replies":[{"embeddable":true,"href":"https:\/\/www.humanium.org\/fr\/wp-json\/wp\/v2\/comments?post=48867"}],"version-history":[{"count":13,"href":"https:\/\/www.humanium.org\/fr\/wp-json\/wp\/v2\/pages\/48867\/revisions"}],"predecessor-version":[{"id":60954,"href":"https:\/\/www.humanium.org\/fr\/wp-json\/wp\/v2\/pages\/48867\/revisions\/60954"}],"up":[{"embeddable":true,"href":"https:\/\/www.humanium.org\/fr\/wp-json\/wp\/v2\/pages\/48810"}],"wp:featuredmedia":[{"embeddable":true,"href":"https:\/\/www.humanium.org\/fr\/wp-json\/wp\/v2\/media\/48868"}],"wp:attachment":[{"href":"https:\/\/www.humanium.org\/fr\/wp-json\/wp\/v2\/media?parent=48867"}],"curies":[{"name":"wp","href":"https:\/\/api.w.org\/{rel}","templated":true}]}}