{"id":48876,"date":"2020-10-29T11:11:06","date_gmt":"2020-10-29T11:11:06","guid":{"rendered":"https:\/\/www.humanium.org\/fr\/?page_id=48876"},"modified":"2025-12-10T02:43:00","modified_gmt":"2025-12-10T02:43:00","slug":"les-enfants-defenseurs-des-droits-environnementaux","status":"publish","type":"page","link":"https:\/\/www.humanium.org\/fr\/focus\/environnement\/les-enfants-defenseurs-des-droits-environnementaux\/","title":{"rendered":"Les enfants d\u00e9fenseurs des droits environnementaux"},"content":{"rendered":"\n<p class=\"wp-block-paragraph\"><strong>Les enfants d\u00e9fenseurs des droits environnementaux oeuvrent sur tous les continents pour prot\u00e9ger et promouvoir les droits de l&rsquo;homme et de l&rsquo;environnement. Ces enfants agissent souvent au risque de subir des repr\u00e9sailles personnelles et ont pour objectif de d\u00e9fendre les droits des g\u00e9n\u00e9rations actuelles et futures.<\/strong><\/p>\n\n\n\n<figure class=\"wp-block-image size-large\"><img loading=\"lazy\" decoding=\"async\" width=\"1024\" height=\"684\" src=\"https:\/\/www.humanium.org\/fr\/wp-content\/uploads\/2020\/10\/shutterstock_512818693_1200-1024x684.jpg\" alt=\"\" class=\"wp-image-48878\" srcset=\"https:\/\/www.humanium.org\/fr\/wp-content\/uploads\/2020\/10\/shutterstock_512818693_1200-1024x684.jpg 1024w, https:\/\/www.humanium.org\/fr\/wp-content\/uploads\/2020\/10\/shutterstock_512818693_1200-300x200.jpg 300w, https:\/\/www.humanium.org\/fr\/wp-content\/uploads\/2020\/10\/shutterstock_512818693_1200-768x513.jpg 768w, https:\/\/www.humanium.org\/fr\/wp-content\/uploads\/2020\/10\/shutterstock_512818693_1200-830x554.jpg 830w, https:\/\/www.humanium.org\/fr\/wp-content\/uploads\/2020\/10\/shutterstock_512818693_1200-230x154.jpg 230w, https:\/\/www.humanium.org\/fr\/wp-content\/uploads\/2020\/10\/shutterstock_512818693_1200-350x234.jpg 350w, https:\/\/www.humanium.org\/fr\/wp-content\/uploads\/2020\/10\/shutterstock_512818693_1200-480x320.jpg 480w, https:\/\/www.humanium.org\/fr\/wp-content\/uploads\/2020\/10\/shutterstock_512818693_1200-272x182.jpg 272w, https:\/\/www.humanium.org\/fr\/wp-content\/uploads\/2020\/10\/shutterstock_512818693_1200.jpg 1200w\" sizes=\"auto, (max-width: 1024px) 100vw, 1024px\" \/><\/figure>\n\n\n\n<h2 class=\"wp-block-heading\">Les enfants agissent pour d\u00e9fendre l\u2019environnement<\/h2>\n\n\n\n<p class=\"wp-block-paragraph\">Les enfants d\u00e9fenseurs des droits environnementaux sont, d&rsquo;une certaine mani\u00e8re, \u00e0 la fois des t\u00e9moins tragiques de l&rsquo;ampleur de l&rsquo;urgence climatique mondiale, et d&rsquo;incroyables symboles d&rsquo;espoir pour l&rsquo;avenir de notre plan\u00e8te. Il n&rsquo;est plus possible d&rsquo;ignorer les liens inextricables entre la justice environnementale et la justice sociale, et les enfants d\u00e9fenseurs des droits environnementaux en sont parfaitement conscients.<\/p>\n\n\n\n<blockquote class=\"wp-block-quote is-layout-flow wp-block-quote-is-layout-flow\"><p>\u00ab&nbsp;Je veux un avenir meilleur. Je veux sauver mon avenir. Je veux sauver notre avenir. Je veux sauver l&rsquo;avenir de tous les enfants et de toutes les personnes des g\u00e9n\u00e9rations futures&nbsp;\u00bb. <\/p><cite>Ridhima Pandey, 11 ans (Amnesty International, 2019).<\/cite><\/blockquote>\n\n\n\n<p class=\"wp-block-paragraph\">Les enfants sont, et ont \u00e9t\u00e9 depuis des g\u00e9n\u00e9rations, impliqu\u00e9s dans la protection de l&rsquo;environnement. Les injustices et les violations de la situation d&rsquo;urgence climatique qui perdure sont extr\u00eamement d\u00e9vastatrices. Des d\u00e9cennies de politique mondiale n\u00e9olib\u00e9rale, ainsi que l&rsquo;immense escalade des activit\u00e9s industrielles qui ont suivi le colonialisme et les r\u00e9volutions industrielles, parall\u00e8lement \u00e0 un capitalisme de consommation mal r\u00e9glement\u00e9, ont vu la destruction durable des habitats naturels ainsi que la destruction des maisons, des communaut\u00e9s et du bien-\u00eatre de la vie humaine, v\u00e9g\u00e9tale et animale dans le monde entier (Galeano, 1971).<\/p>\n\n\n\n<h2 class=\"wp-block-heading\">Qui sont les enfants d\u00e9fenseurs des droits environnementaux ?<\/h2>\n\n\n\n<p class=\"wp-block-paragraph\">Tout enfant peut \u00eatre un d\u00e9fenseur des droits de l&rsquo;environnement. Il ne s&rsquo;agit pas d&rsquo;un titre ou d&rsquo;une cat\u00e9gorie officielle et le terme peut englober des enfants qui sont des activistes, des \u00e9crivains, des orateurs, des militants, des organisateurs et autres (Assembl\u00e9e g\u00e9n\u00e9rale des Nations unies, 2019). Ainsi, un enfant d\u00e9fenseur des droits environnementaux est un <a href=\"https:\/\/www.humanium.org\/fr\/enfants-defenseurs-des-droits-de-lhomme\/\">d\u00e9fenseur des droits de l&rsquo;homme <\/a>\u00e2g\u00e9 de moins de 18 ans qui se concentre sur les questions environnementales. Il n&rsquo;existe pas de d\u00e9finition du d\u00e9fenseur des droits de l&rsquo;homme ou du d\u00e9fenseur des droits environnementaux. Ce sont donc avant tout les actions d&rsquo;un enfant qui en font un d\u00e9fenseur des droits environnementaux (HCDH, 2019).<\/p>\n\n\n\n<blockquote class=\"wp-block-quote is-layout-flow wp-block-quote-is-layout-flow\"><p>\u00ab\u00a0Nous ne parlons pas beaucoup de l&rsquo;impact de la crise sur les communaut\u00e9s noires, indig\u00e8nes et \u00e0 faible revenu [&#8230;] Quand nous parlons de la crise climatique et que nous ne parlons pas de ces communaut\u00e9s qui sont touch\u00e9es, nous cr\u00e9ons ce cercle o\u00f9 elle devient un probl\u00e8me blanc, ou un probl\u00e8me qui ne se soucie pas des \u00eatres&nbsp; noirs, et qui offre des solutions qui ne se soucient pas des personnes noires \u00ab\u00a0.&nbsp;<\/p><cite>Isra Hirsi, 16 ans (Pages de la ville, 2019).<\/cite><\/blockquote>\n\n\n\n<p class=\"wp-block-paragraph\">Les enfants d\u00e9fenseurs des droits de l&rsquo;homme et les d\u00e9fenseurs (adultes) des droits de l&rsquo;environnement font l&rsquo;objet d&rsquo;une attention croissante. Les enfants d\u00e9fenseurs des droits de l&rsquo;environnement continuent d&rsquo;\u00eatre insuffisamment reconnus, soutenus et prot\u00e9g\u00e9s. Parmi les enfants d\u00e9fenseurs des droits de l&rsquo;environnement les plus en vue citons Timoci Naulusala, Mari Copeny, Aditya Mukarji, Lilly Platt, Nadia Nazar, Holly Gillibrand, Jamie Margolin, Autumn Peltier (connu sous le nom de \u00ab\u00a0Water Warrior\u00a0\u00bb) et Greta Thumberg, ainsi que chaque enfant cit\u00e9 dans cet article. Cependant, la plupart de ces enfants oeuvrent&nbsp; loin des projecteurs.&nbsp;<\/p>\n\n\n\n<h2 class=\"wp-block-heading\">Les actions men\u00e9es par les enfants pour l\u2019environnement<\/h2>\n\n\n\n<p class=\"wp-block-paragraph\">Ces enfants agissent pour d\u00e9fendre les droits de l&rsquo;homme et de l&rsquo;environnement ainsi que pour lutter contre le pillage et la destruction de l&rsquo;environnement mais aussi contre les violations des droits de l&rsquo;homme et les injustices que la destruction de l&rsquo;environnement entra\u00eene. Les enfants qui d\u00e9fendent l&rsquo;environnement le font souvent en prenant de grands risques personnels. Nombre de ces enfants sont originaires des terres qu&rsquo;ils d\u00e9fendent, et le fait d&rsquo;\u00eatre une minorit\u00e9 ethnique ajoute \u00e0 leur vuln\u00e9rabilit\u00e9 en augmentant les risques li\u00e9s \u00e0 leur action.&nbsp;<\/p>\n\n\n\n<blockquote class=\"wp-block-quote is-layout-flow wp-block-quote-is-layout-flow\"><p>\u00ab\u00a0<em>Le silence sur l&rsquo;injustice environnementale semble \u00eatre intentionnel. La plupart des gens ne se soucient pas de ce qu&rsquo;ils font \u00e0 l&rsquo;environnement. J&rsquo;ai remarqu\u00e9 que les adultes n&rsquo;\u00e9taient pas pr\u00eats \u00e0 offrir leurs comp\u00e9tences de dirigeants et j&rsquo;ai choisi de me porter volontaire. L&rsquo;injustice environnementale est une injustice pour moi<\/em>\u00ab\u00a0.&nbsp;<\/p><cite>Leah Namugerwa, 15 ans (Amnesty International, 2019).<\/cite><\/blockquote>\n\n\n\n<p class=\"wp-block-paragraph\">Cette d\u00e9fense des droits de l&rsquo;enfant peut inclure la r\u00e9sistance \u00e0 des activit\u00e9s telles que l&rsquo;agrobusiness, la d\u00e9forestation, l&rsquo;exploitation foresti\u00e8re, l&rsquo;exploitation mini\u00e8re, la fracturation et la cr\u00e9ation de plantations, de pipelines et de barrages, qui menacent r\u00e9guli\u00e8rement la sant\u00e9, le mode de vie et l&rsquo;existence de nombreuses communaut\u00e9s. Bien que la d\u00e9fense de l&rsquo;environnement soit en grande partie assur\u00e9e par les adultes, les enfants jouent un r\u00f4le central. Certains enfants dirigent ou <a href=\"https:\/\/www.humanium.org\/fr\/comprendre-droits-enfant\/droit-aux-libertes\/\">participent<\/a> \u00e0 des manifestations et \u00e0 des activit\u00e9s militantes organis\u00e9es, et s&rsquo;adressent aux m\u00e9dias locaux, aux acteurs politiques, \u00e0 la soci\u00e9t\u00e9 civile au sens large, et \u00e0 la communaut\u00e9 internationale afin de sensibiliser aux cons\u00e9quences de la destruction de l&rsquo;environnement sur les communaut\u00e9s. Ces activit\u00e9s peuvent avoir lieu en ligne ou hors ligne. On insiste de plus en plus sur la n\u00e9cessit\u00e9 d&rsquo;une d\u00e9fense intersectionnelle des droits environnementaux, qui met au centre des questions inextricables telles que la justice raciale, l&rsquo;in\u00e9galit\u00e9 des classes et les droits des populations autochtones.<\/p>\n\n\n\n<blockquote class=\"wp-block-quote is-layout-flow wp-block-quote-is-layout-flow\"><p>\u00ab&nbsp;<em>Les premi\u00e8res \u00e0 \u00eatre touch\u00e9es sont les communaut\u00e9s indig\u00e8nes qui sont d\u00e9plac\u00e9es \u00e0 cause des infrastructures et du manque de respect du sol. Ce ne sont pas seulement les communaut\u00e9s noires, m\u00e9tisses et indig\u00e8nes qui sont victimes de la pollution engendr\u00e9e par l&rsquo;industrie des combustibles fossiles. C&rsquo;est bien plus grave que cela. Quels espaces ont-ils choisis pour contaminer et pour construire des infrastructures en premier lieu ?<\/em>&nbsp;\u00bb<\/p><cite>Xiye Bastida, 17 ans (Vox, 2019).<\/cite><\/blockquote>\n\n\n\n<p class=\"wp-block-paragraph\">Les enfants d\u00e9fenseurs des droits environnementaux peuvent \u00e9galement s&rsquo;engager aupr\u00e8s des Nations unies (ONU). Par exemple, un groupe de 16 enfants d\u00e9fenseurs des droits environnementaux de 12 pays diff\u00e9rents a d\u00e9pos\u00e9 une plainte en 2019 aupr\u00e8s du Comit\u00e9 des droits de l&rsquo;enfant des Nations unies (CDE) contre <a href=\"https:\/\/www.humanium.org\/fr\/allemagne\/\">l&rsquo;Allemagne<\/a>, la <a href=\"https:\/\/www.humanium.org\/fr\/france\/\">France<\/a>, le <a href=\"https:\/\/www.humanium.org\/fr\/bresil\/\">Br\u00e9sil<\/a>, <a href=\"https:\/\/www.humanium.org\/fr\/argentine\/\">l&rsquo;Argentine<\/a> et la <a href=\"https:\/\/www.humanium.org\/fr\/turquie\/\">Turquie<\/a> pour manquement \u00e0 leurs obligations en mati\u00e8re de droits de l&rsquo;enfant. La plainte exigeait que les \u00c9tats en question s&rsquo;attaquent imm\u00e9diatement \u00e0 la crise climatique mondiale, et les tenait responsables de leur inaction p\u00e9rilleuse. En annon\u00e7ant la p\u00e9tition \u00e0 New York, Alexandria Villase\u00f1or, 14 ans, a d\u00e9clar\u00e9 :&nbsp;<\/p>\n\n\n\n<blockquote class=\"wp-block-quote is-layout-flow wp-block-quote-is-layout-flow\"><p>\u00ab\u00a0<em>Nous sommes ici en tant que victimes de la pollution qui a \u00e9t\u00e9 n\u00e9gligemment d\u00e9vers\u00e9e dans nos terres, notre air et notre mer depuis des g\u00e9n\u00e9rations, et en tant qu&rsquo;enfants dont les droits sont viol\u00e9s. Aujourd&rsquo;hui, nous ripostons<\/em>\u00ab\u00a0. <\/p><cite>Alexandria Villase\u00f1or, 14 ans (Groupe principal des peuples autochtones pour le d\u00e9veloppement durable, 2019).<\/cite><\/blockquote>\n\n\n\n<h2 class=\"wp-block-heading\">Les droits des enfants d\u00e9fenseurs de l\u2019environnement<\/h2>\n\n\n\n<p class=\"wp-block-paragraph\">Les enfants poss\u00e8dent tous les droits de l&rsquo;homme, avec des<a href=\"https:\/\/www.humanium.org\/fr\/droits-enfant\/\"> droits suppl\u00e9mentaires<\/a>, y compris le droit d&rsquo;\u00eatre prot\u00e9g\u00e9 par les adultes &#8211; et l&rsquo;obligation correspondante des adultes de prot\u00e9ger les enfants. Les enfants qui r\u00e9sistent \u00e0 la destruction de l&rsquo;environnement et \u00e0 ses cons\u00e9quences exercent souvent certains de leurs droits les plus fondamentaux en tant qu&rsquo;\u00eatres humains et en tant qu&rsquo;enfants. Leur droit \u00e0 la <a href=\"https:\/\/www.humanium.org\/fr\/comprendre-droits-enfant\/droit-aux-libertes\/\">participation<\/a>, d\u2019\u00eatre entendus, \u00e0 la <a href=\"https:\/\/www.humanium.org\/fr\/comprendre-droits-enfant\/droit-aux-libertes\/\">libert\u00e9<\/a> d&rsquo;expression, d&rsquo;opinion et de r\u00e9union ainsi que leurs droits \u00e0 la <a href=\"https:\/\/www.humanium.org\/fr\/comprendre-droits-enfant\/droit-a-la-vie\/\">vie<\/a>, \u00e0 la <a href=\"https:\/\/www.humanium.org\/fr\/droit-non-discrimination\/\">non-discrimination<\/a>, \u00e0 <a href=\"https:\/\/www.humanium.org\/fr\/comprendre-droits-enfant\/droit-a-l-eau\/\">l&rsquo;eau<\/a>, \u00e0 la <a href=\"https:\/\/www.humanium.org\/fr\/comprendre-droits-enfant\/droit-a-la-sante\/\">sant\u00e9<\/a> et \u00e0 un environnement s\u00fbr, sain et durable sont \u00e9galement revendiqu\u00e9s.&nbsp;<\/p>\n\n\n\n<blockquote class=\"wp-block-quote is-layout-flow wp-block-quote-is-layout-flow\"><p><em>Vous avez vol\u00e9 mes r\u00eaves et mon enfance avec vos mots vides de sens. Et pourtant, je fais partie des chanceux. Les gens souffrent. Des gens meurent. Des \u00e9cosyst\u00e8mes entiers s&rsquo;effondrent. Nous sommes au d\u00e9but d&rsquo;une extinction massive, et tout ce dont vous pouvez parler, c&rsquo;est d&rsquo;argent et de contes de f\u00e9es d&rsquo;une croissance \u00e9conomique \u00e9ternelle. Comment osez-vous ?\u00a0\u00bb<\/em> <\/p><cite>Greta Thunberg, 17 ans (NPR, 2019).<\/cite><\/blockquote>\n\n\n\n<h3 class=\"wp-block-heading\">Droits sp\u00e9cifiques aux enfants d\u00e9fenseurs de l\u2019environnement&nbsp;<\/h3>\n\n\n\n<p class=\"wp-block-paragraph\">L&rsquo;Assembl\u00e9e g\u00e9n\u00e9rale des Nations unies a officiellement reconnu l&rsquo;importance des d\u00e9fenseurs des droits environnementaux en mars 2019 lors de la 40\u00e8me session du Conseil des droits de l&rsquo;homme. Il est reconnu que les d\u00e9fenseurs des droits environnementaux sont parmi les d\u00e9fenseurs des droits les plus menac\u00e9s et qui subissent le plus souvent des r\u00e9torsions et des repr\u00e9sailles <a href=\"https:\/\/www.humanium.org\/fr\/violences\/\">violentes<\/a>, les enfants \u00e9tant particuli\u00e8rement vuln\u00e9rables (Assembl\u00e9e g\u00e9n\u00e9rale des Nations unies, 2019). En effet, l&rsquo;ONU a appel\u00e9 les \u00c9tats \u00e0 \u00ab\u00a0<em>fournir un environnement s\u00fbr et responsabilisant pour les initiatives organis\u00e9es par les jeunes et les enfants afin de&nbsp; d\u00e9fendre les droits de l&rsquo;homme relatifs \u00e0 l&rsquo;environnemen<\/em>t\u00a0\u00bb, reconnaissant le r\u00f4le des enfants d\u00e9fenseurs des droits environnementaux, l&rsquo;importance de leur action et leur besoin de <a href=\"https:\/\/www.humanium.org\/fr\/comprendre-droits-enfant\/droit-a-la-protection\/\">protection<\/a> (Assembl\u00e9e g\u00e9n\u00e9rale des Nations Unies, 2019).&nbsp;<br>Le Comit\u00e9 des droits de l&rsquo;enfant des Nations unies a consacr\u00e9 sa Journ\u00e9e de d\u00e9bat g\u00e9n\u00e9ral (DGD) de 2018 au th\u00e8me \u00ab\u00a0Prot\u00e9ger et donner aux enfants les moyens d&rsquo;agir en tant que d\u00e9fenseurs des droits de l&rsquo;homme\u00a0\u00bb et la section 4.4.6. de son rapport final a trait\u00e9 sp\u00e9cifiquement des enfants d\u00e9fenseurs des droits environnementaux, en notant qu&rsquo;ils pourraient \u00eatre confront\u00e9s \u00e0 un acc\u00e8s in\u00e9gal aux ressources, qu&rsquo;ils ont besoin d&rsquo;une <a href=\"https:\/\/www.humanium.org\/fr\/comprendre-droits-enfant\/droit-a-la-protection\/\">protection<\/a> accrue, et que des r\u00e9glementations applicables devraient \u00eatre \u00e9labor\u00e9es pour les entreprises afiny contribuant (CDE, 2018). En outre, la DGD 2016 s&rsquo;est concentr\u00e9e sur les droits de l&rsquo;enfant et l&rsquo;environnement, et a not\u00e9 que les enfants qui d\u00e9fendent l&rsquo;environnement sont souvent confront\u00e9s \u00e0 des <a href=\"https:\/\/www.humanium.org\/fr\/violences\/\">attaques<\/a> violentes,. Elle indique que \u00ab\u00a0<em>les \u00c9tats devraient fournir un environnement s\u00fbr et favorable aux militants qui d\u00e9fendent les droits environnementaux, et ont un devoir accru de diligence envers les militants de moins de 18 ans<\/em>\u00a0\u00bb (CDE, 2016).&nbsp;<\/p>\n\n\n\n<figure class=\"wp-block-image size-large\"><img loading=\"lazy\" decoding=\"async\" width=\"1024\" height=\"683\" src=\"https:\/\/www.humanium.org\/fr\/wp-content\/uploads\/2020\/10\/shutterstock_1533453056_1200-1024x683.jpg\" alt=\"\" class=\"wp-image-48887\" srcset=\"https:\/\/www.humanium.org\/fr\/wp-content\/uploads\/2020\/10\/shutterstock_1533453056_1200-1024x683.jpg 1024w, https:\/\/www.humanium.org\/fr\/wp-content\/uploads\/2020\/10\/shutterstock_1533453056_1200-300x200.jpg 300w, https:\/\/www.humanium.org\/fr\/wp-content\/uploads\/2020\/10\/shutterstock_1533453056_1200-768x512.jpg 768w, https:\/\/www.humanium.org\/fr\/wp-content\/uploads\/2020\/10\/shutterstock_1533453056_1200-830x553.jpg 830w, https:\/\/www.humanium.org\/fr\/wp-content\/uploads\/2020\/10\/shutterstock_1533453056_1200-230x153.jpg 230w, https:\/\/www.humanium.org\/fr\/wp-content\/uploads\/2020\/10\/shutterstock_1533453056_1200-350x233.jpg 350w, https:\/\/www.humanium.org\/fr\/wp-content\/uploads\/2020\/10\/shutterstock_1533453056_1200-480x320.jpg 480w, https:\/\/www.humanium.org\/fr\/wp-content\/uploads\/2020\/10\/shutterstock_1533453056_1200-272x182.jpg 272w, https:\/\/www.humanium.org\/fr\/wp-content\/uploads\/2020\/10\/shutterstock_1533453056_1200.jpg 1200w\" sizes=\"auto, (max-width: 1024px) 100vw, 1024px\" \/><\/figure>\n\n\n\n<p class=\"wp-block-paragraph\">Il n&rsquo;existe pas de droits de l&rsquo;homme internationaux contraignants sp\u00e9cifiques aux enfants d\u00e9fenseurs des droits environnementaux et il est primordial que ces enfants b\u00e9n\u00e9ficient d&rsquo;une protection accrue.&nbsp;<\/p>\n\n\n\n<h3 class=\"wp-block-heading\">Droits issus du droit international<\/h3>\n\n\n\n<p class=\"wp-block-paragraph\">Les enfants qui agissent en tant que d\u00e9fenseurs des droits environnementaux exercent nombre de leurs <a href=\"https:\/\/www.humanium.org\/fr\/droits-enfant\/\">droits humains les plus fondamentaux<\/a>, tels qu&rsquo;ils sont inscrits dans les principaux instruments du droit international, notamment la <a href=\"https:\/\/www.humanium.org\/fr\/texte-integral-convention-internationale-relative-droits-enfant-1989\/\">Convention relative aux droits de l&rsquo;enfant<\/a> (\u00ab\u00a0CDE\u00a0\u00bb et ses deux protocoles facultatifs) et la D\u00e9claration universelle des droits de l&rsquo;homme. Ces droits comprennent le droit d&rsquo;\u00eatre entendu (Convention des Nations unies relative aux droits de l&rsquo;enfant, 2009), le droit \u00e0 la <a href=\"https:\/\/www.humanium.org\/fr\/comprendre-droits-enfant\/droit-aux-libertes\/\">participation<\/a>, le droit \u00e0 un environnement sain, le droit \u00e0 la <a href=\"https:\/\/www.humanium.org\/fr\/comprendre-droits-enfant\/droit-aux-libertes\/\">libert\u00e9<\/a> d&rsquo;expression (article 13 de la CDE), la <a href=\"https:\/\/www.humanium.org\/fr\/comprendre-droits-enfant\/droit-aux-libertes\/\">libert\u00e9<\/a> de pens\u00e9e, de conscience et de religion (article 14 de la CDE), la <a href=\"https:\/\/www.humanium.org\/fr\/comprendre-droits-enfant\/droit-aux-libertes\/\">libert\u00e9<\/a> d&rsquo;association et de r\u00e9union pacifique (article 15 de la CDE), le droit \u00e0 la vie priv\u00e9e (article 16 de la CDE) et le droit \u00e0 l&rsquo;information (article 17 de la CDE). De m\u00eame, les enfants qui agissent pour d\u00e9fendre leur environnement invoquent souvent leurs droits \u00e0 la <a href=\"https:\/\/www.humanium.org\/fr\/droit-non-discrimination\/\">non-discrimination<\/a> (article 2, CDE), \u00e0 b\u00e9n\u00e9ficier d\u2019action dans leur int\u00e9r\u00eat (article 3, CDE) et \u00e0 la survie et au d\u00e9veloppement (article 6, CDE). Ce ne sont l\u00e0 que quelques-uns des droits fondamentaux don\u2019t b\u00e9n\u00e9ficientles enfants. Chaque enfant poss\u00e8de de nombreux autres <a href=\"https:\/\/www.humanium.org\/fr\/droits-enfant\/\">droits<\/a> en vertu du droit international et selon la l\u00e9gislation nationale de son pays de r\u00e9sidence.&nbsp;<\/p>\n\n\n\n<h3 class=\"wp-block-heading\">Droits issus des lois r\u00e9gionales<\/h3>\n\n\n\n<p class=\"wp-block-paragraph\">L&rsquo;accord d&rsquo;Escaz\u00fa traite des questions de justice environnementale en <a href=\"https:\/\/www.humanium.org\/fr\/ameriques\/\">Am\u00e9rique latine <\/a>et dans les Cara\u00efbes. Bien qu&rsquo;il ne mentionne pas explicitement les enfants, l&rsquo;article 9 offre une protection contraignante aux \u00ab\u00a0d\u00e9fenseurs des droits de l&rsquo;homme en mati\u00e8re d&rsquo;environnement\u00a0\u00bb. Il s&rsquo;agit l\u00e0 d&rsquo;un jalon l\u00e9gislatif extr\u00eamement important, puisque, comme l&rsquo;ont soulign\u00e9 \u00e0 maintes reprises les organisations internationales de d\u00e9fense des droits de l&rsquo;homme, des dizaines, voire des centaines de d\u00e9fenseurs des droits de l&rsquo;homme concernant l\u2019environnement et les indig\u00e8nes, sont tu\u00e9s chaque ann\u00e9e en Am\u00e9rique latine. Il s&rsquo;agit d&rsquo;un \u00a0\u00bb tournant historique pour la d\u00e9mocratie environnementale \u00a0\u00bb et c&rsquo;est en grande partie gr\u00e2ce au travail accru des soci\u00e9t\u00e9s civiles latino-am\u00e9ricaines (Civicus, 2018).&nbsp;<\/p>\n\n\n\n<p class=\"wp-block-paragraph\">Bien qu&rsquo;il existe de nombreux autres m\u00e9canismes r\u00e9gionaux qui traitent des droits environnementaux, y compris pour les personnes d\u00e9plac\u00e9es (comme la Convention de Kampala), ceux qui pr\u00e9voient des droits explicites pour les d\u00e9fenseurs des droits environnementaux sont peu nombreux. Beaucoup d\u2019Etats et organisations internationales ont d\u00e9velopp\u00e9 des approches de \u00ab\u00a0loi flexible\u00a0\u00bb pour assurer ces droits en cr\u00e9ant des politiques et des lignes directrices &#8211; comme le document politique du <a href=\"https:\/\/www.humanium.org\/fr\/royaume-uni\/\">Royaume-Uni<\/a> sur le soutien aux d\u00e9fenseurs des droits de l&rsquo;homme (Gouvernement de Sa Majest\u00e9, 2019). Ces actions ne vont pas assez loin, n\u2018ent\u00e9rinent pas de droits ou d&rsquo;obligations l\u00e9gislatives pour <a href=\"https:\/\/www.humanium.org\/fr\/droit-a-la-protection\/\">prot\u00e9ger<\/a> les d\u00e9fenseurs des droits, et n&#8217;emp\u00eachent souvent pas les \u00c9tats de continuer \u00e0 n\u00e9gliger les d\u00e9fenseurs des droits et \u00e0 agir en dehors de leurs int\u00e9r\u00eats.&nbsp;<\/p>\n\n\n\n<p class=\"wp-block-paragraph\"><strong>\u00c9crit par Josie Thum<\/strong><br><strong>Traduit par Ma\u00eblys Durrieu de Madron&nbsp;<\/strong><br><strong>Relu par Marion Brasseur-Ordaz<\/strong><\/p>\n\n\n\n<p class=\"wp-block-paragraph\"><strong>Bibliographie<\/strong> :<\/p>\n\n\n\n<ul class=\"wp-block-list\"><li>AMNESTY INTERNATIONAL UK (2020) &lsquo;Five young women of colour fighting climate change worldwide\u2019,<em> Amnesty International Online,<\/em> retrieved from: <a href=\"https:\/\/www.amnesty.org.uk\/climate\/five-women-colour-fighting-climate-change-worldwide\" target=\"_blank\" rel=\"noreferrer noopener\">https:\/\/www.amnesty.org.uk\/climate\/five-women-colour-fighting-climate-change-worldwide<\/a>.<\/li><li>BRITISH BROADCASTING CORPORATION (2019) &lsquo;Climate change: 7 young climate activists from around the world\u2019, <em>BBC News Online,<\/em> retrieved from: <a href=\"https:\/\/www.bbc.co.uk\/newsround\/49676291\" target=\"_blank\" rel=\"noreferrer noopener\">https:\/\/www.bbc.co.uk\/newsround\/49676291<\/a>.<\/li><li>BURTON, Nylah (2019) &lsquo;Meet the young activists of color who are leading the charge against climate disaster\u2019, <em>Vox<\/em>, retrieved from: <a href=\"https:\/\/www.vox.com\/identities\/2019\/10\/11\/20904791\/young-climate-activists-of-color\" target=\"_blank\" rel=\"noreferrer noopener\">https:\/\/www.vox.com\/identities\/2019\/10\/11\/20904791\/young-climate-activists-of-color<\/a>.<\/li><li>CIVICUS (2018) \u2018Escaz\u00fa Agreement\u2019,<em>Civicus Online, <\/em>&nbsp;retrieved from: <a href=\"https:\/\/www.civicus.org\/index.php\/es\/component\/tags\/tag\/escazu-agreement\" target=\"_blank\" rel=\"noreferrer noopener\">https:\/\/www.civicus.org\/index.php\/es\/component\/tags\/tag\/escazu-agreement<\/a>.<\/li><li>COMMITTEE ON THE RIGHTS OF THE CHILD (2019) \u2018Petition to Argentina, Brazil, France, Germany, and Turkey\u2019, retrieved from: <a href=\"https:\/\/childrenvsclimatecrisis.org\/wp-content\/uploads\/2019\/09\/2019.09.23-CRC-communication-Sacchi-et-al-v.-Argentina-et-al-2.pdf\" target=\"_blank\" rel=\"noreferrer noopener\">https:\/\/childrenvsclimatecrisis.org\/wp-content\/uploads\/2019\/09\/2019.09.23-CRC-communication-Sacchi-et-al-v.-Argentina-et-al-2.pdf<\/a>.<\/li><li>COMMITTEE ON THE RIGHTS OF THE CHILD (2018) <em>Report of the 2018 Day of General Discussion,<\/em> retrieved from: <a href=\"https:\/\/www.ohchr.org\/EN\/HRBodies\/CRC\/Pages\/Discussion2018.aspx\" target=\"_blank\" rel=\"noreferrer noopener\">https:\/\/www.ohchr.org\/EN\/HRBodies\/CRC\/Pages\/Discussion2018.aspx<\/a>.&nbsp;<\/li><li>COMMITTEE ON THE RIGHTS OF THE CHILD (2016) <em>Report of the 2016 Day of General Discussion,<\/em> retrieved from: <a href=\"https:\/\/www.ohchr.org\/Documents\/HRBodies\/CRC\/Discussions\/2016\/DGDoutcomereport-May2017.pdf\" target=\"_blank\" rel=\"noreferrer noopener\">https:\/\/www.ohchr.org\/Documents\/HRBodies\/CRC\/Discussions\/2016\/DGDoutcomereport-May2017.pdf<\/a>.&nbsp;<\/li><li>CONVENTION ON THE RIGHTS OF THE CHILD, General Comment No. 12 (2009) retrieved from: <a href=\"http:\/\/tbinternet.ohchr.org\/_layouts\/treatybodyexternal\/Download.aspx?symbolno=CRC\/C\/GC\/12&amp;Lang=en\" target=\"_blank\" rel=\"noreferrer noopener\">tbinternet.ohchr.org\/_layouts\/treatybodyexternal\/Download.aspx?symbolno=CRC\/C\/GC\/12&amp;Lang=en<\/a>.<\/li><li>COP23: 23rd annual Conference of the Parties to the 1992 United Nations Framework Convention on Climate Change (2017) \u2019Timoci Naulusala Addresses the High-Level Opening of COP23\u2019, <em>YouTube, <\/em>retrieved from: <a href=\"https:\/\/www.youtube.com\/watch?v=zg60sr38oic\" target=\"_blank\" rel=\"noreferrer noopener\">https:\/\/www.youtube.com\/watch?v=zg60sr38oic<\/a>.<\/li><li>CASSEL, Emily (2019) &lsquo;Isra Hirsi: The Climate Activist\u2019 in <em>City Pages,<\/em> retrieved from: <a href=\"http:\/\/www.citypages.com\/news\/isra-hirsi-the-climate-activist\/561264211\" target=\"_blank\" rel=\"noreferrer noopener\">http:\/\/www.citypages.com\/news\/isra-hirsi-the-climate-activist\/561264211<\/a>.<\/li><li>ETTACHFINI, Leila (2019) \u2018Isra Hirsi Is 16, Unbothered, and Saving the Planet\u2019, <em>Vice,<\/em> retrieved from: <a href=\"https:\/\/www.vice.com\/en_us\/article\/a357wp\/isra-hirsi-ilhan-omar-daughter-climate-strike-profile\" target=\"_blank\" rel=\"noreferrer noopener\">https:\/\/www.vice.com\/en_us\/article\/a357wp\/isra-hirsi-ilhan-omar-daughter-climate-strike-profile<\/a><\/li><li>GALEANO, Eduardo (1971) <em>Las Venas Abiertas de Am\u00e9rica Latina<\/em>, Serpent\u2019s Tail 2009: London.&nbsp;<\/li><li>HM GOVERNMENT (2019) <em>UK Support for Human Rights Defenders,<\/em> Crown Copyright 2019, retrieved from: <a href=\"https:\/\/assets.publishing.service.gov.uk\/government\/uploads\/system\/uploads\/attachment_data\/file\/819299\/UK-Support-for-Human-Rights-Defenders.pdf\" target=\"_blank\" rel=\"noreferrer noopener\">https:\/\/assets.publishing.service.gov.uk\/government\/uploads\/system\/uploads\/attachment_data\/file\/819299\/UK-Support-for-Human-Rights-Defenders.pdf<\/a>&nbsp;<\/li><li>INITIATIVE FOR CHILDREN IN MIGRATION (2020) \u2018Why does children\u2019s participation in advocacy matter?\u2019, <em>Initiative for Children in Migration Online, <\/em>retrieved from: http:\/\/childreninmigration.eu\/child-participation.<\/li><li>KNOX, John (2017) \u2018Environmental Human Rights Defenders: a global crisis\u2019, <em>Universal Rights Group Geneva, <\/em>retrieved from: <a href=\"https:\/\/www.universal-rights.org\/urg-policy-reports\/environmental-human-rights-defenders-ehrds-risking-today-tomorrow\/\" target=\"_blank\" rel=\"noreferrer noopener\">https:\/\/www.universal-rights.org\/urg-policy-reports\/environmental-human-rights-defenders-ehrds-risking-today-tomorrow\/<\/a>.<\/li><li>MAYRON, Sapeer (2019) \u2018Pacific children file climate crisis complaint to the United Nations\u2019, <em>Indigenous Peoples Major Group for Sustainable Development<\/em>, retrieved from: <a href=\"https:\/\/www.indigenouspeoples-sdg.org\/index.php\/english\/all-global-news\/1241-pacific-children-file-climate-crisis-complaint-to-the-united-nations\" target=\"_blank\" rel=\"noreferrer noopener\">https:\/\/www.indigenouspeoples-sdg.org\/index.php\/english\/all-global-news\/1241-pacific-children-file-climate-crisis-complaint-to-the-united-nations<\/a>.<\/li><li>NPR (2019) &lsquo;Transcript: Greta Thunberg&rsquo;s Speech At The U.N. Climate Action Summit\u2019, <em>NPR Online,<\/em> retrieved from: <a href=\"https:\/\/www.npr.org\/2019\/09\/23\/763452863\/transcript-greta-thunbergs-speech-at-the-u-n-climate-action-summit\" target=\"_blank\" rel=\"noreferrer noopener\">https:\/\/www.npr.org\/2019\/09\/23\/763452863\/transcript-greta-thunbergs-speech-at-the-u-n-climate-action-summit<\/a>.&nbsp;<\/li><li>R. Sasha (2019) \u2018These 5 young activists apart from Greta Thunberg are fighting the climate change war\u2019, <em>Your Story<\/em>, retrieved from: <a href=\"https:\/\/yourstory.com\/herstory\/2019\/10\/5-young-climate-change-activists-autumn-peltier-ridhima-pandey\" target=\"_blank\" rel=\"noreferrer noopener\">https:\/\/yourstory.com\/herstory\/2019\/10\/5-young-climate-change-activists-autumn-peltier-ridhima-pandey<\/a>.&nbsp;<\/li><li>SAVE THE CHILDREN (2018) &lsquo;Submission by Save the Children to inform the UN Committee on the Rights of the Child Day of General Discussion on 28 September, 2018, on \u2018Protecting and Empowering Children as Human Rights Defenders\u2019\u2019, retrieved from: <a href=\"https:\/\/www.ohchr.org\/Documents\/HRBodies\/CRC\/Discussions\/2018\/SaveTheChildren.pdf\" target=\"_blank\" rel=\"noreferrer noopener\">https:\/\/www.ohchr.org\/Documents\/HRBodies\/CRC\/Discussions\/2018\/SaveTheChildren.pdf<\/a>.<\/li><li>UN ECLAC (2018) <em>Regional Agreement on Access to Information, Public Participation and Justice in Environmental Matters in Latin America and the Caribbean<\/em>, retrieved from <a href=\"https:\/\/repositorio.cepal.org\/bitstream\/handle\/11362\/43583\/1\/S1800428_en.pdf\" target=\"_blank\" rel=\"noreferrer noopener\">https:\/\/repositorio.cepal.org\/bitstream\/handle\/11362\/43583\/1\/S1800428_en.pdf<\/a>.<\/li><li>UN ENVIRONMENT PROGRAMME (2019) &lsquo;The environment has become the new frontline for human rights defenders\u2019,<em> UN Environment Online,<\/em> retrieved from: <a href=\"https:\/\/www.unenvironment.org\/news-and-stories\/story\/environment-has-become-new-frontline-human-rights-defenders\" target=\"_blank\" rel=\"noreferrer noopener\">https:\/\/www.unenvironment.org\/news-and-stories\/story\/environment-has-become-new-frontline-human-rights-defenders<\/a>.<\/li><li>UN GENERAL ASSEMBLY (2019) HRC\/40\/L.22\/Rev.1; GA HRC; Fortieth session; 25 February\u201322 March 2019; Agenda item 3 retrieved from: <a href=\"https:\/\/undocs.org\/A\/HRC\/40\/L.22\/Rev.1\" target=\"_blank\" rel=\"noreferrer noopener\">https:\/\/undocs.org\/A\/HRC\/40\/L.22\/Rev.1<\/a>.<\/li><li>UN GENERAL ASSEMBLY(1999) \u2018Declaration on the Right and Responsibility of Individuals, Groups and Organs of Society to Promote and Protect Universally Recognized Human Rights and Fundamental Freedoms\u2019, retrieved from: <a href=\"https:\/\/www.ohchr.org\/Documents\/Issues\/Defenders\/Declaration\/declaration.pdf\" target=\"_blank\" rel=\"noreferrer noopener\">https:\/\/www.ohchr.org\/Documents\/Issues\/Defenders\/Declaration\/declaration.pdf<\/a>.<\/li><\/ul>\n","protected":false},"excerpt":{"rendered":"<p>Les enfants d\u00e9fenseurs des droits environnementaux oeuvrent sur tous les continents pour prot\u00e9ger et promouvoir les droits de l&rsquo;homme et de l&rsquo;environnement. Ces enfants agissent souvent au risque de subir des repr\u00e9sailles personnelles et ont pour objectif de d\u00e9fendre les droits des g\u00e9n\u00e9rations actuelles et futures. Les enfants agissent pour d\u00e9fendre l\u2019environnement Les enfants d\u00e9fenseurs [&hellip;]<\/p>\n","protected":false},"author":69,"featured_media":48878,"parent":48810,"menu_order":0,"comment_status":"closed","ping_status":"closed","template":"","meta":{"footnotes":""},"class_list":["post-48876","page","type-page","status-publish","has-post-thumbnail","hentry"],"yoast_head":"<!-- This site is optimized with the Yoast SEO plugin v28.3 - https:\/\/yoast.com\/product\/yoast-seo-wordpress\/ -->\n<title>Les enfants d\u00e9fenseurs des droits environnementaux - Humanium<\/title>\n<meta name=\"robots\" content=\"index, follow, max-snippet:-1, max-image-preview:large, max-video-preview:-1\" \/>\n<link rel=\"canonical\" href=\"https:\/\/www.humanium.org\/fr\/focus\/environnement\/les-enfants-defenseurs-des-droits-environnementaux\/\" \/>\n<meta property=\"og:locale\" content=\"fr_FR\" \/>\n<meta property=\"og:type\" content=\"article\" \/>\n<meta property=\"og:title\" content=\"Les enfants d\u00e9fenseurs des droits environnementaux - Humanium\" \/>\n<meta property=\"og:description\" content=\"Les enfants d\u00e9fenseurs des droits environnementaux oeuvrent sur tous les continents pour prot\u00e9ger et promouvoir les droits de l&rsquo;homme et de l&rsquo;environnement. Ces enfants agissent souvent au risque de subir des repr\u00e9sailles personnelles et ont pour objectif de d\u00e9fendre les droits des g\u00e9n\u00e9rations actuelles et futures. Les enfants agissent pour d\u00e9fendre l\u2019environnement Les enfants d\u00e9fenseurs [&hellip;]\" \/>\n<meta property=\"og:url\" content=\"https:\/\/www.humanium.org\/fr\/focus\/environnement\/les-enfants-defenseurs-des-droits-environnementaux\/\" \/>\n<meta property=\"og:site_name\" content=\"Humanium\" \/>\n<meta property=\"article:modified_time\" content=\"2025-12-10T02:43:00+00:00\" \/>\n<meta property=\"og:image\" content=\"https:\/\/www.humanium.org\/fr\/wp-content\/uploads\/2020\/10\/shutterstock_512818693_1200.jpg\" \/>\n\t<meta property=\"og:image:width\" content=\"1200\" \/>\n\t<meta property=\"og:image:height\" content=\"801\" \/>\n\t<meta property=\"og:image:type\" content=\"image\/jpeg\" \/>\n<meta name=\"twitter:card\" content=\"summary_large_image\" \/>\n<meta name=\"twitter:label1\" content=\"Dur\u00e9e de lecture estim\u00e9e\" \/>\n\t<meta name=\"twitter:data1\" content=\"14 minutes\" \/>\n<script type=\"application\/ld+json\" class=\"yoast-schema-graph\">{\"@context\":\"https:\\\/\\\/schema.org\",\"@graph\":[{\"@type\":\"WebPage\",\"@id\":\"https:\\\/\\\/www.humanium.org\\\/fr\\\/focus\\\/environnement\\\/les-enfants-defenseurs-des-droits-environnementaux\\\/\",\"url\":\"https:\\\/\\\/www.humanium.org\\\/fr\\\/focus\\\/environnement\\\/les-enfants-defenseurs-des-droits-environnementaux\\\/\",\"name\":\"Les enfants d\u00e9fenseurs des droits environnementaux - Humanium\",\"isPartOf\":{\"@id\":\"https:\\\/\\\/www.humanium.org\\\/fr\\\/#website\"},\"primaryImageOfPage\":{\"@id\":\"https:\\\/\\\/www.humanium.org\\\/fr\\\/focus\\\/environnement\\\/les-enfants-defenseurs-des-droits-environnementaux\\\/#primaryimage\"},\"image\":{\"@id\":\"https:\\\/\\\/www.humanium.org\\\/fr\\\/focus\\\/environnement\\\/les-enfants-defenseurs-des-droits-environnementaux\\\/#primaryimage\"},\"thumbnailUrl\":\"https:\\\/\\\/www.humanium.org\\\/fr\\\/wp-content\\\/uploads\\\/2020\\\/10\\\/shutterstock_512818693_1200.jpg\",\"datePublished\":\"2020-10-29T11:11:06+00:00\",\"dateModified\":\"2025-12-10T02:43:00+00:00\",\"breadcrumb\":{\"@id\":\"https:\\\/\\\/www.humanium.org\\\/fr\\\/focus\\\/environnement\\\/les-enfants-defenseurs-des-droits-environnementaux\\\/#breadcrumb\"},\"inLanguage\":\"fr-FR\",\"potentialAction\":[{\"@type\":\"ReadAction\",\"target\":[\"https:\\\/\\\/www.humanium.org\\\/fr\\\/focus\\\/environnement\\\/les-enfants-defenseurs-des-droits-environnementaux\\\/\"]}]},{\"@type\":\"ImageObject\",\"inLanguage\":\"fr-FR\",\"@id\":\"https:\\\/\\\/www.humanium.org\\\/fr\\\/focus\\\/environnement\\\/les-enfants-defenseurs-des-droits-environnementaux\\\/#primaryimage\",\"url\":\"https:\\\/\\\/www.humanium.org\\\/fr\\\/wp-content\\\/uploads\\\/2020\\\/10\\\/shutterstock_512818693_1200.jpg\",\"contentUrl\":\"https:\\\/\\\/www.humanium.org\\\/fr\\\/wp-content\\\/uploads\\\/2020\\\/10\\\/shutterstock_512818693_1200.jpg\",\"width\":1200,\"height\":801},{\"@type\":\"BreadcrumbList\",\"@id\":\"https:\\\/\\\/www.humanium.org\\\/fr\\\/focus\\\/environnement\\\/les-enfants-defenseurs-des-droits-environnementaux\\\/#breadcrumb\",\"itemListElement\":[{\"@type\":\"ListItem\",\"position\":1,\"name\":\"Home\",\"item\":\"https:\\\/\\\/www.humanium.org\\\/fr\\\/\"},{\"@type\":\"ListItem\",\"position\":2,\"name\":\"Focus th\u00e9matiques\",\"item\":\"https:\\\/\\\/www.humanium.org\\\/fr\\\/focus\\\/\"},{\"@type\":\"ListItem\",\"position\":3,\"name\":\"Environnement\",\"item\":\"https:\\\/\\\/www.humanium.org\\\/fr\\\/focus\\\/environnement\\\/\"},{\"@type\":\"ListItem\",\"position\":4,\"name\":\"Les enfants d\u00e9fenseurs des droits environnementaux\"}]},{\"@type\":\"WebSite\",\"@id\":\"https:\\\/\\\/www.humanium.org\\\/fr\\\/#website\",\"url\":\"https:\\\/\\\/www.humanium.org\\\/fr\\\/\",\"name\":\"Humanium\",\"description\":\"Les enfants d\u2019abord !\",\"potentialAction\":[{\"@type\":\"SearchAction\",\"target\":{\"@type\":\"EntryPoint\",\"urlTemplate\":\"https:\\\/\\\/www.humanium.org\\\/fr\\\/?s={search_term_string}\"},\"query-input\":{\"@type\":\"PropertyValueSpecification\",\"valueRequired\":true,\"valueName\":\"search_term_string\"}}],\"inLanguage\":\"fr-FR\"}]}<\/script>\n<!-- \/ Yoast SEO plugin. -->","yoast_head_json":{"title":"Les enfants d\u00e9fenseurs des droits environnementaux - Humanium","robots":{"index":"index","follow":"follow","max-snippet":"max-snippet:-1","max-image-preview":"max-image-preview:large","max-video-preview":"max-video-preview:-1"},"canonical":"https:\/\/www.humanium.org\/fr\/focus\/environnement\/les-enfants-defenseurs-des-droits-environnementaux\/","og_locale":"fr_FR","og_type":"article","og_title":"Les enfants d\u00e9fenseurs des droits environnementaux - Humanium","og_description":"Les enfants d\u00e9fenseurs des droits environnementaux oeuvrent sur tous les continents pour prot\u00e9ger et promouvoir les droits de l&rsquo;homme et de l&rsquo;environnement. Ces enfants agissent souvent au risque de subir des repr\u00e9sailles personnelles et ont pour objectif de d\u00e9fendre les droits des g\u00e9n\u00e9rations actuelles et futures. Les enfants agissent pour d\u00e9fendre l\u2019environnement Les enfants d\u00e9fenseurs [&hellip;]","og_url":"https:\/\/www.humanium.org\/fr\/focus\/environnement\/les-enfants-defenseurs-des-droits-environnementaux\/","og_site_name":"Humanium","article_modified_time":"2025-12-10T02:43:00+00:00","og_image":[{"width":1200,"height":801,"url":"https:\/\/www.humanium.org\/fr\/wp-content\/uploads\/2020\/10\/shutterstock_512818693_1200.jpg","type":"image\/jpeg"}],"twitter_card":"summary_large_image","twitter_misc":{"Dur\u00e9e de lecture estim\u00e9e":"14 minutes"},"schema":{"@context":"https:\/\/schema.org","@graph":[{"@type":"WebPage","@id":"https:\/\/www.humanium.org\/fr\/focus\/environnement\/les-enfants-defenseurs-des-droits-environnementaux\/","url":"https:\/\/www.humanium.org\/fr\/focus\/environnement\/les-enfants-defenseurs-des-droits-environnementaux\/","name":"Les enfants d\u00e9fenseurs des droits environnementaux - Humanium","isPartOf":{"@id":"https:\/\/www.humanium.org\/fr\/#website"},"primaryImageOfPage":{"@id":"https:\/\/www.humanium.org\/fr\/focus\/environnement\/les-enfants-defenseurs-des-droits-environnementaux\/#primaryimage"},"image":{"@id":"https:\/\/www.humanium.org\/fr\/focus\/environnement\/les-enfants-defenseurs-des-droits-environnementaux\/#primaryimage"},"thumbnailUrl":"https:\/\/www.humanium.org\/fr\/wp-content\/uploads\/2020\/10\/shutterstock_512818693_1200.jpg","datePublished":"2020-10-29T11:11:06+00:00","dateModified":"2025-12-10T02:43:00+00:00","breadcrumb":{"@id":"https:\/\/www.humanium.org\/fr\/focus\/environnement\/les-enfants-defenseurs-des-droits-environnementaux\/#breadcrumb"},"inLanguage":"fr-FR","potentialAction":[{"@type":"ReadAction","target":["https:\/\/www.humanium.org\/fr\/focus\/environnement\/les-enfants-defenseurs-des-droits-environnementaux\/"]}]},{"@type":"ImageObject","inLanguage":"fr-FR","@id":"https:\/\/www.humanium.org\/fr\/focus\/environnement\/les-enfants-defenseurs-des-droits-environnementaux\/#primaryimage","url":"https:\/\/www.humanium.org\/fr\/wp-content\/uploads\/2020\/10\/shutterstock_512818693_1200.jpg","contentUrl":"https:\/\/www.humanium.org\/fr\/wp-content\/uploads\/2020\/10\/shutterstock_512818693_1200.jpg","width":1200,"height":801},{"@type":"BreadcrumbList","@id":"https:\/\/www.humanium.org\/fr\/focus\/environnement\/les-enfants-defenseurs-des-droits-environnementaux\/#breadcrumb","itemListElement":[{"@type":"ListItem","position":1,"name":"Home","item":"https:\/\/www.humanium.org\/fr\/"},{"@type":"ListItem","position":2,"name":"Focus th\u00e9matiques","item":"https:\/\/www.humanium.org\/fr\/focus\/"},{"@type":"ListItem","position":3,"name":"Environnement","item":"https:\/\/www.humanium.org\/fr\/focus\/environnement\/"},{"@type":"ListItem","position":4,"name":"Les enfants d\u00e9fenseurs des droits environnementaux"}]},{"@type":"WebSite","@id":"https:\/\/www.humanium.org\/fr\/#website","url":"https:\/\/www.humanium.org\/fr\/","name":"Humanium","description":"Les enfants d\u2019abord !","potentialAction":[{"@type":"SearchAction","target":{"@type":"EntryPoint","urlTemplate":"https:\/\/www.humanium.org\/fr\/?s={search_term_string}"},"query-input":{"@type":"PropertyValueSpecification","valueRequired":true,"valueName":"search_term_string"}}],"inLanguage":"fr-FR"}]}},"_links":{"self":[{"href":"https:\/\/www.humanium.org\/fr\/wp-json\/wp\/v2\/pages\/48876","targetHints":{"allow":["GET"]}}],"collection":[{"href":"https:\/\/www.humanium.org\/fr\/wp-json\/wp\/v2\/pages"}],"about":[{"href":"https:\/\/www.humanium.org\/fr\/wp-json\/wp\/v2\/types\/page"}],"author":[{"embeddable":true,"href":"https:\/\/www.humanium.org\/fr\/wp-json\/wp\/v2\/users\/69"}],"replies":[{"embeddable":true,"href":"https:\/\/www.humanium.org\/fr\/wp-json\/wp\/v2\/comments?post=48876"}],"version-history":[{"count":9,"href":"https:\/\/www.humanium.org\/fr\/wp-json\/wp\/v2\/pages\/48876\/revisions"}],"predecessor-version":[{"id":60955,"href":"https:\/\/www.humanium.org\/fr\/wp-json\/wp\/v2\/pages\/48876\/revisions\/60955"}],"up":[{"embeddable":true,"href":"https:\/\/www.humanium.org\/fr\/wp-json\/wp\/v2\/pages\/48810"}],"wp:featuredmedia":[{"embeddable":true,"href":"https:\/\/www.humanium.org\/fr\/wp-json\/wp\/v2\/media\/48878"}],"wp:attachment":[{"href":"https:\/\/www.humanium.org\/fr\/wp-json\/wp\/v2\/media?parent=48876"}],"curies":[{"name":"wp","href":"https:\/\/api.w.org\/{rel}","templated":true}]}}