{"id":48884,"date":"2020-10-29T11:40:54","date_gmt":"2020-10-29T11:40:54","guid":{"rendered":"https:\/\/www.humanium.org\/fr\/?page_id=48884"},"modified":"2025-12-06T15:55:16","modified_gmt":"2025-12-06T15:55:16","slug":"les-enfants-refugies-climatiques","status":"publish","type":"page","link":"https:\/\/www.humanium.org\/fr\/focus\/environnement\/les-enfants-refugies-climatiques\/","title":{"rendered":"Les enfants r\u00e9fugi\u00e9s climatiques"},"content":{"rendered":"\n<p class=\"wp-block-paragraph\">Ces derni\u00e8res ann\u00e9es, le concept de r\u00e9fugi\u00e9s climatiques a pris une nouvelle importance, car l&rsquo;urgence climatique mondiale a menac\u00e9 les moyens de subsistance de millions de personnes, ce qui a pouss\u00e9 beaucoup d&rsquo;entre elles \u00e0 <a href=\"https:\/\/www.humanium.org\/fr\/enfants-deplaces\/\">quitter leur foyer<\/a>. Les r\u00e9fugi\u00e9s climatiques repr\u00e9sentent l&rsquo;un des plus grands d\u00e9fis humanitaires d&rsquo;aujourd&rsquo;hui (HCR, 2015). Les enfants qui sont forc\u00e9s de quitter leur foyer avec leurs <a href=\"https:\/\/www.humanium.org\/fr\/famille-droits-enfant\/\">parents<\/a> ou par eux-m\u00eames en raison des effets du <a href=\"https:\/\/www.humanium.org\/fr\/changement-climatique\/\">changement climatique<\/a> sont laiss\u00e9s dans des situations vuln\u00e9rables et doivent recevoir la protection n\u00e9cessaire des \u00c9tats. Malheureusement, comme il n&rsquo;existe pas de d\u00e9finition internationalement reconnue de ce qui constitue un \u00ab&nbsp;r\u00e9fugi\u00e9 climatique&nbsp;\u00bb, la <a href=\"https:\/\/www.humanium.org\/fr\/droit-a-la-protection\/\">protection<\/a> indispensable des enfants en situation de vuln\u00e9rabilit\u00e9 fait cruellement d\u00e9faut.<\/p>\n\n\n\n<figure class=\"wp-block-image size-large\"><img loading=\"lazy\" decoding=\"async\" width=\"1024\" height=\"679\" src=\"https:\/\/www.humanium.org\/fr\/wp-content\/uploads\/2020\/10\/childclimaterefugees_1200-1024x679.jpg\" alt=\"\" class=\"wp-image-48885\" srcset=\"https:\/\/www.humanium.org\/fr\/wp-content\/uploads\/2020\/10\/childclimaterefugees_1200-1024x679.jpg 1024w, https:\/\/www.humanium.org\/fr\/wp-content\/uploads\/2020\/10\/childclimaterefugees_1200-300x199.jpg 300w, https:\/\/www.humanium.org\/fr\/wp-content\/uploads\/2020\/10\/childclimaterefugees_1200-768x509.jpg 768w, https:\/\/www.humanium.org\/fr\/wp-content\/uploads\/2020\/10\/childclimaterefugees_1200-830x551.jpg 830w, https:\/\/www.humanium.org\/fr\/wp-content\/uploads\/2020\/10\/childclimaterefugees_1200-230x153.jpg 230w, https:\/\/www.humanium.org\/fr\/wp-content\/uploads\/2020\/10\/childclimaterefugees_1200-350x232.jpg 350w, https:\/\/www.humanium.org\/fr\/wp-content\/uploads\/2020\/10\/childclimaterefugees_1200-480x318.jpg 480w, https:\/\/www.humanium.org\/fr\/wp-content\/uploads\/2020\/10\/childclimaterefugees_1200.jpg 1200w\" sizes=\"auto, (max-width: 1024px) 100vw, 1024px\" \/><\/figure>\n\n\n\n<h2 class=\"wp-block-heading\">D\u00e9finition peu claire des r\u00e9fugi\u00e9s climatiques<\/h2>\n\n\n\n<p class=\"wp-block-paragraph\">Le terme \u00ab&nbsp;r\u00e9fugi\u00e9 climatique&nbsp;\u00bb est souvent utilis\u00e9 dans les m\u00e9dias, cependant, cette expression peut pr\u00eater \u00e0 confusion car elle n&rsquo;existe pas dans les droits environnementaux (HCR, 2015).&nbsp; Un \u00ab&nbsp;r\u00e9fugi\u00e9&nbsp;\u00bb est d\u00e9fini comme une personne qui a travers\u00e9 une fronti\u00e8re internationale \u00ab&nbsp;parce qu&rsquo;elle craignait avec raison d&rsquo;\u00eatre pers\u00e9cut\u00e9e du fait de sa race, de sa religion, de sa nationalit\u00e9, de son appartenance \u00e0 un groupe social particulier ou de ses opinions politiques&nbsp;\u00bb (HCR, 2011).<\/p>\n\n\n\n<p class=\"wp-block-paragraph\">En raison de l&rsquo;absence d&rsquo;une d\u00e9finition claire des enfants r\u00e9fugi\u00e9s climatiques, les agresseurs sont plus facilement en mesure de <a href=\"https:\/\/www.humanium.org\/fr\/la-maltraitance-des-enfants\/\">maltraiter<\/a> et <a href=\"https:\/\/www.humanium.org\/fr\/exploitation\/\">d&rsquo;exploiter<\/a> les enfants <a href=\"https:\/\/www.humanium.org\/fr\/enfants-deplaces\/\">d\u00e9plac\u00e9s<\/a>. Une partie du d\u00e9fi consiste \u00e0 formuler une d\u00e9finition commune pour cette cat\u00e9gorie de <a href=\"https:\/\/www.humanium.org\/fr\/enfants-deplaces\/\">r\u00e9fugi\u00e9s<\/a>. Le terme \u00ab&nbsp;r\u00e9fugi\u00e9s environnementaux&nbsp;\u00bb a \u00e9t\u00e9 cr\u00e9\u00e9 par Lester Brown en 1976. Depuis lors, l&rsquo;utilisation de ce terme a prolif\u00e9r\u00e9 (Brown, Lester R, McGarth, &amp; Stoke, 1976). En 1986, Essam El-Hinnawi, expert du Programme des Nations Unies pour l&rsquo;environnement (PNUE), d\u00e9crit \u00ab&nbsp;les personnes qui ont \u00e9t\u00e9 <a href=\"https:\/\/www.humanium.org\/fr\/enfants-deplaces\/\">forc\u00e9es de quitter<\/a> leur habitat traditionnel, temporairement ou d\u00e9finitivement, en raison d&rsquo;une perturbation environnementale marqu\u00e9e (naturelle et\/ou provoqu\u00e9e par l&rsquo;Homme) qui met en p\u00e9ril leur existence et\/ou affecte s\u00e9rieusement la qualit\u00e9 de vie&nbsp;\u00bb (PNUE, 1985).<\/p>\n\n\n\n<p class=\"wp-block-paragraph\">Cette d\u00e9finition est \u00e9galement utilis\u00e9e pour le terme \u00ab&nbsp;r\u00e9fugi\u00e9s climatiques&nbsp;\u00bb, mais il n&rsquo;y a pas encore d&rsquo;indication claire quant \u00e0 l&rsquo;existence d&rsquo;une diff\u00e9rence pratique entre les deux termes. En outre, l&rsquo;absence d&rsquo;une d\u00e9finition commune prive in\u00e9vitablement les enfants de leurs droits fondamentaux inscrits dans la <a href=\"https:\/\/www.humanium.org\/fr\/convention-droits-enfant-adaptee-aux-enfants-des-10-ans\/\">Convention des Nations Unies sur les Droits de l&rsquo;Enfant<\/a> (CNUDE).<\/p>\n\n\n\n<h2 class=\"wp-block-heading\">En quoi cela concerne-t-il les enfants ?<\/h2>\n\n\n\n<p class=\"wp-block-paragraph\">L&rsquo;absence d&rsquo;une d\u00e9finition claire permettant de classer efficacement cette forme de r\u00e9fugi\u00e9&nbsp;, entra\u00eenera l\u2019augmentation du nombre d&rsquo;enfants <a href=\"https:\/\/www.humanium.org\/fr\/enfants-deplaces\/\">d\u00e9plac\u00e9s<\/a> de force, priv\u00e9s de toute <a href=\"https:\/\/www.humanium.org\/fr\/droit-a-la-protection\/\">protection<\/a> et d\u2019<a href=\"https:\/\/www.humanium.org\/fr\/justice\/\">assistance<\/a> juridique appropri\u00e9e. Les enfants r\u00e9fugi\u00e9s climatiques sont laiss\u00e9s dans un \u00e9tat pr\u00e9caire. En vertu du droit international, en particulier de la Convention des Nations Unies relative au statut des r\u00e9fugi\u00e9s, pour demander le statut de r\u00e9fugi\u00e9, un demandeur doit prouver qu&rsquo;il a \u00e9t\u00e9 pers\u00e9cut\u00e9 pour l&rsquo;un des <a href=\"https:\/\/www.humanium.org\/fr\/discriminations\/\">motifs<\/a> suivants : race, religion, nationalit\u00e9, appartenance \u00e0 un groupe social particulier ou opinions politiques. Par cons\u00e9quent, le <a href=\"https:\/\/www.humanium.org\/fr\/enfants-deplaces\/\">d\u00e9placement<\/a> pour des raisons li\u00e9es au changement climatique ou \u00e0 l&rsquo;environnement, n&rsquo;est pas consid\u00e9r\u00e9 comme une raison valable pour demander le statut de r\u00e9fugi\u00e9.&nbsp;<\/p>\n\n\n\n<p class=\"wp-block-paragraph\">Les effets du <a href=\"https:\/\/www.humanium.org\/fr\/changement-climatique\/\">changement climatique<\/a> se produisent de mani\u00e8re in\u00e9gale et les <a href=\"https:\/\/www.humanium.org\/fr\/droits-enfant\/\">enfants<\/a> vivant dans des environnements vuln\u00e9rables en ressentent davantage les effets que les adultes. Par exemple, les enfants de <a href=\"https:\/\/www.humanium.org\/fr\/tuvalu\/\">Tuvalu<\/a> sont confront\u00e9s \u00e0 la menace de l&rsquo;\u00e9l\u00e9vation du niveau des mers d\u00fb au changement climatique. L&rsquo;\u00e9l\u00e9vation du niveau des mers affecte l&rsquo;acc\u00e8s \u00e0 <a href=\"https:\/\/www.humanium.org\/fr\/comprendre-droits-enfant\/droit-a-l-eau\/\">l&rsquo;eau<\/a> potable, \u00e0 la <a href=\"https:\/\/www.humanium.org\/fr\/comprendre-droits-enfant\/droit-a-l-alimentation\/\">nourriture<\/a> et \u00e0 la terre. \u00c9tant donn\u00e9 que <a href=\"https:\/\/www.humanium.org\/fr\/tuvalu\/\">Tuvalu<\/a> est une \u00eele de faible altitude, les Tuvaluans risquent de perdre leur pays et les experts estiment que d&rsquo;ici 2050, Tuvalu n&rsquo;existera plus (Humanium, 2020). En ce qui concerne les enfants de <a href=\"https:\/\/www.humanium.org\/fr\/tuvalu\/\">Tuvalu<\/a>, il est clair qu&rsquo;il y a une violation de plusieurs articles de la <a href=\"https:\/\/www.humanium.org\/fr\/convention-droits-enfant-adaptee-aux-enfants-des-10-ans\/\">CNUDE<\/a> ainsi que des principes des droits environnementaux dans l&rsquo;Agenda 2030 pour le d\u00e9veloppement durable (SDG) et l&rsquo;Accord de Paris sur le <a href=\"https:\/\/www.humanium.org\/fr\/changement-climatique\/\">changement climatique<\/a> 2015 (Accord de Paris, 2015). Dans un monde de plus en plus marqu\u00e9 par le changement climatique, la <a href=\"https:\/\/www.humanium.org\/fr\/pauvrete\/\">pauvret\u00e9<\/a> et les <a href=\"https:\/\/www.humanium.org\/fr\/enfants-dans-la-guerre\/\">conflits<\/a>, les SDG ne peuvent \u00eatre r\u00e9alis\u00e9s sans tenir compte des droits et des besoins des r\u00e9fugi\u00e9s, des personnes <a href=\"https:\/\/www.humanium.org\/fr\/enfants-deplaces\/\">d\u00e9plac\u00e9es<\/a> \u00e0 l&rsquo;int\u00e9rieur de leur pays et des <a href=\"https:\/\/www.humanium.org\/fr\/enfants-sans-identite\/\">apatrides<\/a> (HCR, 2020).<\/p>\n\n\n\n<blockquote class=\"wp-block-quote is-layout-flow wp-block-quote-is-layout-flow\"><p><em>\u00ab\u00a0Les \u00c9tats parties reconnaissent que tout enfant a un droit inh\u00e9rent \u00e0 la vie. En outre, les \u00c9tats parties assurent dans toute la mesure possible la survie et le d\u00e9veloppement de l&rsquo;enfant\u00a0\u00bb.<\/em><\/p><cite>CRDE Article 6 &#8211; vie, survie et d\u00e9veloppement<\/cite><\/blockquote>\n\n\n\n<p class=\"wp-block-paragraph\">L&rsquo;absence de toute reconnaissance officielle des enfants r\u00e9fugi\u00e9s climatiques peut conduire \u00e0 la privation de services essentiels pour les enfants, tels que le <a href=\"https:\/\/www.humanium.org\/fr\/comprendre-droits-enfant\/droit-a-l-education\/\">droit \u00e0 l&rsquo;\u00e9ducation<\/a> et l&rsquo;acc\u00e8s \u00e0 des soins de <a href=\"https:\/\/www.humanium.org\/fr\/comprendre-droits-enfant\/droit-a-la-sante\/\">sant\u00e9<\/a> ad\u00e9quats, raison pour laquelle les <a href=\"https:\/\/www.humanium.org\/fr\/droits-enfant\/\">enfants<\/a> ne pourraient pas r\u00e9aliser pleinement leur potentiel. Si les gouvernements continuent \u00e0 ne pas \u00e9tablir une d\u00e9finition des enfants <a href=\"https:\/\/www.humanium.org\/fr\/enfants-deplaces\/\">r\u00e9fugi\u00e9s<\/a> climatiques, cela renforcera les barri\u00e8res sociales et \u00e9conomiques entre les enfants, ce qui conduira effectivement \u00e0 plus d&rsquo;in\u00e9galit\u00e9s.<\/p>\n\n\n\n<blockquote class=\"wp-block-quote is-layout-flow wp-block-quote-is-layout-flow\"><p><em>\u00ab&nbsp;Les \u00c9tats parties prennent les mesures appropri\u00e9es pour qu&rsquo;un enfant qui cherche \u00e0 obtenir le statut de r\u00e9fugi\u00e9 ou qui est consid\u00e9r\u00e9 comme r\u00e9fugi\u00e9 conform\u00e9ment au droit et aux proc\u00e9dures internes ou internationales applicables, qu&rsquo;il soit seul ou accompagn\u00e9 de ses parents ou de toute autre personne, b\u00e9n\u00e9ficie d&rsquo;une protection et d&rsquo;une assistance humanitaire appropri\u00e9es dans l&rsquo;exercice des droits applicables \u00e9nonc\u00e9s dans la pr\u00e9sente Convention et dans les autres instruments internationaux relatifs aux droits de l&rsquo;homme ou \u00e0 caract\u00e8re humanitaire auxquels lesdits \u00c9tats sont parties&nbsp;\u00bb.<\/em><\/p><cite>Article 22 de la CRDE &#8211; enfants r\u00e9fugi\u00e9s<\/cite><\/blockquote>\n\n\n\n<p class=\"wp-block-paragraph\">Le texte de la <a href=\"https:\/\/www.humanium.org\/fr\/convention-droits-enfant-adaptee-aux-enfants-des-10-ans\/\">Convention<\/a> de 1951 a \u00e9t\u00e9 r\u00e9dig\u00e9 \u00e0 l&rsquo;\u00e9poque o\u00f9 les questions environnementales n&rsquo;\u00e9taient pas encore consid\u00e9r\u00e9es comme un facteur de migration. Malheureusement, ce m\u00eame langage a \u00e9t\u00e9 mis en \u0153uvre dans des instruments r\u00e9gionaux tels que la D\u00e9claration de Carthag\u00e8ne sur les r\u00e9fugi\u00e9s de 1984 et la Convention de l&rsquo;Organisation de l&rsquo;Unit\u00e9 Africaine (OUA) r\u00e9gissant les aspects propres aux probl\u00e8mes des r\u00e9fugi\u00e9s en Afrique en 1969. L&rsquo;absence de garanties juridiques peut se manifester par <a href=\"https:\/\/www.humanium.org\/fr\/enfants-sans-identite\/\">l&rsquo;apatridie<\/a> des enfants, l&rsquo;effet d&rsquo;entra\u00eenement qui fait que les enfants sont trop souvent victimes de la <a href=\"https:\/\/www.humanium.org\/fr\/trafic-enfants\/\">traite<\/a>, de <a href=\"https:\/\/www.humanium.org\/fr\/exploitation\/\">l&rsquo;exploitation<\/a> li\u00e9e aux pires formes de <a href=\"https:\/\/www.humanium.org\/fr\/travail-des-enfants\/\">travail<\/a>, des <a href=\"https:\/\/www.humanium.org\/fr\/mariage-enfants\/\">mariages<\/a> forc\u00e9s et, dans certains cas, <a href=\"https:\/\/www.humanium.org\/fr\/la-maltraitance-des-enfants\/\">des abus<\/a> par l\u2019utilisation de drogues.&nbsp;<\/p>\n\n\n\n<blockquote class=\"wp-block-quote is-layout-flow wp-block-quote-is-layout-flow\"><p><em>\u00ab&nbsp;Promouvoir des m\u00e9canismes visant \u00e0 renforcer les capacit\u00e9s de planification et de gestion efficaces en mati\u00e8re de changement climatique dans les pays les moins avanc\u00e9s et les petits \u00c9tats insulaires en d\u00e9veloppement, en mettant notamment l&rsquo;accent sur les femmes, les jeunes et les communaut\u00e9s locales et marginalis\u00e9es&nbsp;\u00bb. <\/em><\/p><cite>SDG 13.B &#8211; Action pour le climat<\/cite><\/blockquote>\n\n\n\n<p class=\"wp-block-paragraph\">Les pays pauvres et en d\u00e9veloppement, en particulier les pays les moins avanc\u00e9s, seront parmi les plus touch\u00e9s et les moins capables de faire face aux chocs pr\u00e9vus, que l&rsquo;urgence climatique imposera \u00e0 leurs syst\u00e8mes sociaux, \u00e9conomiques et naturels. (UNSD, 2020) Il est imp\u00e9ratif d&rsquo;assurer la <a href=\"https:\/\/www.humanium.org\/fr\/droit-a-la-protection\/\">protection<\/a> des groupes vuln\u00e9rables de la soci\u00e9t\u00e9, tels que les enfants r\u00e9fugi\u00e9s climatiques. Cependant, sans une planification ad\u00e9quate et des mesures de pr\u00e9caution sur place, les SDG ne peuvent \u00eatre pleinement r\u00e9alis\u00e9s.<\/p>\n\n\n\n<blockquote class=\"wp-block-quote is-layout-flow wp-block-quote-is-layout-flow\"><p><em>\u00ab&nbsp;Mettre fin aux abus, \u00e0 l&rsquo;exploitation, \u00e0 la traite et \u00e0 toutes les formes de violence et de torture \u00e0 l&rsquo;encontre des enfants&nbsp;\u00bb.<\/em> <\/p><cite>SDG 16.2 &#8211; Paix, justice et institutions fortes<\/cite><\/blockquote>\n\n\n\n<p class=\"wp-block-paragraph\">Ce SDG est un nouvel \u00e9lan vers la r\u00e9alisation du droit de chaque enfant \u00e0 vivre \u00e0 l&rsquo;abri de la peur, de la <a href=\"https:\/\/www.humanium.org\/fr\/droit-a-la-protection\/\">n\u00e9gligence<\/a>, des <a href=\"https:\/\/www.humanium.org\/fr\/la-maltraitance-des-enfants\/\">abus<\/a> et de <a href=\"https:\/\/www.humanium.org\/fr\/exploitation\/\">l&rsquo;exploitation<\/a> (UNSD, 2020). Cet objectif particulier devrait \u00eatre appliqu\u00e9 dans un sens plus large pour inclure les enfants r\u00e9fugi\u00e9s climatiques, car ils sont souvent consid\u00e9r\u00e9s comme des cibles faciles par les agresseurs.&nbsp;<\/p>\n\n\n\n<blockquote class=\"wp-block-quote is-layout-flow wp-block-quote-is-layout-flow\"><p><em>\u00ab&nbsp;Demande \u00e9galement au Comit\u00e9 Ex\u00e9cutif du M\u00e9canisme International de Varsovie d&rsquo;\u00e9tablir, conform\u00e9ment \u00e0 ses proc\u00e9dures et \u00e0 son mandat, un groupe de travail [&#8230;] charg\u00e9 d&rsquo;\u00e9laborer des recommandations pour des approches int\u00e9gr\u00e9es visant \u00e0 pr\u00e9venir, r\u00e9duire au minimum et traiter les d\u00e9placements li\u00e9s aux effets n\u00e9fastes du changement climatique&nbsp;\u00bb. <\/em><\/p><cite>Conf\u00e9rence des parties \u00e0 la Convention-cadre des Nations Unies sur les changements climatiques, 2015<\/cite><\/blockquote>\n\n\n\n<p class=\"wp-block-paragraph\">Dans la pratique, cependant, il n&rsquo;est pas certain que ces approches se concentrent uniquement sur les \u00e9v\u00e9nements m\u00e9t\u00e9orologiques extr\u00eames et soudains tels que les cyclones, ou qu\u2019elles incluent des \u00e9v\u00e9nements lents et progressifs tels que la mont\u00e9e du niveau des mers. L&rsquo;absence d&rsquo;orientation concernant ces approches peut conduire les <a href=\"https:\/\/www.humanium.org\/fr\/enfants-monde\/\">\u00c9tats<\/a> \u00e0 adopter des mesures contrast\u00e9es qui, \u00e0 leur tour, pourraient conduire \u00e0 un nouveau d\u00e9placement des r\u00e9fugi\u00e9s climatiques et des personnes <a href=\"https:\/\/www.humanium.org\/fr\/enfants-deplaces\/\">d\u00e9plac\u00e9es<\/a> \u00e0 l&rsquo;int\u00e9rieur de leur pays. En outre, le \u00ab&nbsp;groupe de travail&nbsp;\u00bb concern\u00e9 fonctionne \u00e0 titre consultatif et n&rsquo;obligerait pas les <a href=\"https:\/\/www.humanium.org\/fr\/enfants-monde\/\">\u00c9tats<\/a> \u00e0 suivre ses recommandations (Wilkinson, Schipper, Simonet et Kubik, 2016).<\/p>\n\n\n\n<h2 class=\"wp-block-heading\"><strong>Les effets d\u00e9vastateurs du changement climatique et les enfants&nbsp;<\/strong><\/h2>\n\n\n\n<figure class=\"wp-block-image size-large\"><img loading=\"lazy\" decoding=\"async\" width=\"1024\" height=\"683\" src=\"https:\/\/www.humanium.org\/fr\/wp-content\/uploads\/2020\/10\/shutterstock_367744034_1200-1024x683.jpg\" alt=\"\" class=\"wp-image-48886\" srcset=\"https:\/\/www.humanium.org\/fr\/wp-content\/uploads\/2020\/10\/shutterstock_367744034_1200-1024x683.jpg 1024w, https:\/\/www.humanium.org\/fr\/wp-content\/uploads\/2020\/10\/shutterstock_367744034_1200-300x200.jpg 300w, https:\/\/www.humanium.org\/fr\/wp-content\/uploads\/2020\/10\/shutterstock_367744034_1200-768x512.jpg 768w, https:\/\/www.humanium.org\/fr\/wp-content\/uploads\/2020\/10\/shutterstock_367744034_1200-830x553.jpg 830w, https:\/\/www.humanium.org\/fr\/wp-content\/uploads\/2020\/10\/shutterstock_367744034_1200-230x153.jpg 230w, https:\/\/www.humanium.org\/fr\/wp-content\/uploads\/2020\/10\/shutterstock_367744034_1200-350x233.jpg 350w, https:\/\/www.humanium.org\/fr\/wp-content\/uploads\/2020\/10\/shutterstock_367744034_1200-480x320.jpg 480w, https:\/\/www.humanium.org\/fr\/wp-content\/uploads\/2020\/10\/shutterstock_367744034_1200-272x182.jpg 272w, https:\/\/www.humanium.org\/fr\/wp-content\/uploads\/2020\/10\/shutterstock_367744034_1200.jpg 1200w\" sizes=\"auto, (max-width: 1024px) 100vw, 1024px\" \/><\/figure>\n\n\n\n<p class=\"wp-block-paragraph\">Chaque ann\u00e9e, des millions de personnes quittent leur domicile en raison de catastrophes naturelles ou d&rsquo;autres ramifications de l&rsquo;urgence climatique. Ce nombre devrait augmenter, avec des projections allant de 25 millions \u00e0 1 milliard de migrants climatiques d&rsquo;ici 2050 (Black, 2019).<\/p>\n\n\n\n<h3 class=\"wp-block-heading\">Les catastrophes naturelles d\u00e9placent 3 \u00e0 10 fois plus de personnes que les conflits ou les guerres<\/h3>\n\n\n\n<ul class=\"wp-block-list\"><li>Comme dans toutes les crises, les enfants sont les plus menac\u00e9s physiquement et \u00e9motionnellement. Et lorsque les <a href=\"https:\/\/www.humanium.org\/fr\/famille-droits-enfant\/\">familles<\/a> sont contraintes de quitter leur foyer, les <a href=\"https:\/\/www.humanium.org\/fr\/droits-enfant\/\">enfants<\/a> sont plus susceptibles d&rsquo;\u00eatre s\u00e9par\u00e9s de leurs <a href=\"https:\/\/www.humanium.org\/fr\/famille-droits-enfant\/\">parents<\/a>, ce qui les rend plus vuln\u00e9rables \u00e0 la <a href=\"https:\/\/www.humanium.org\/fr\/violences\/\">violence<\/a>, \u00e0 <a href=\"https:\/\/www.humanium.org\/fr\/exploitation\/\">l&rsquo;exploitation<\/a> et aux <a href=\"https:\/\/www.humanium.org\/fr\/la-maltraitance-des-enfants\/\">abus<\/a> (Black, 2019).<\/li><li>Selon le Bureau des Nations Unies pour la r\u00e9duction des risques de catastrophe (UNDRR), les catastrophes soudaines laissent 14 millions de personnes <a href=\"https:\/\/www.humanium.org\/fr\/enfants-des-rues\/\">sans abri<\/a> chaque ann\u00e9e. Les pays du Sud en voie de d\u00e9veloppement, sont les moins susceptibles de contribuer au changement climatique, mais les plus susceptibles d&rsquo;en subir les cons\u00e9quences. Les pays en voie de d\u00e9veloppement sont les plus menac\u00e9s, car ils vivent souvent dans des zones sujettes aux catastrophes et ont le plus de difficult\u00e9s \u00e0 se remettre et \u00e0 s&rsquo;adapter aux dommages li\u00e9s au choc climatique (Black, 2019).<\/li><\/ul>\n\n\n\n<h3 class=\"wp-block-heading\">Un changement climatique \u00e0 \u00e9volution lente peut faire bien plus de d\u00e9g\u00e2ts qu&rsquo;une simple temp\u00eate&nbsp;<\/h3>\n\n\n\n<ul class=\"wp-block-list\"><li>Les catastrophes naturelles sont la preuve dramatique des p\u00e9rils croissants de l&rsquo;urgence climatique, mais d&rsquo;autres forces d\u00e9vastatrices sont \u00e9galement \u00e0 l&rsquo;\u0153uvre. Un changement climatique \u00e0 \u00e9volution lente, par exemple l&rsquo;expansion du d\u00e9sert et l&rsquo;\u00e9l\u00e9vation du niveau de la mer, peut faire bien plus de d\u00e9g\u00e2ts qu&rsquo;une seule temp\u00eate (Black, 2019).<\/li><li>La lenteur du changement climatique favorise les <a href=\"https:\/\/www.humanium.org\/fr\/violences\/\">conflits<\/a> et les <a href=\"https:\/\/www.humanium.org\/fr\/enfants-deplaces\/\">d\u00e9placements<\/a> correspondants, souvent en raison de la diminution des ressources. En <a href=\"https:\/\/www.humanium.org\/fr\/syrie\/\">Syrie<\/a>, une s\u00e9rie de graves s\u00e9cheresses commen\u00e7ant \u00e0 la fin des ann\u00e9es 1990 a \u00e9t\u00e9 le moteur initial, mais les tensions politiques et le manque d&rsquo;opportunit\u00e9s ont finalement conduit \u00e0 la crise actuelle des r\u00e9fugi\u00e9s <a href=\"https:\/\/www.humanium.org\/fr\/syrie\/\">Syriens<\/a>. De m\u00eame, dans la r\u00e9gion du Sahel en <a href=\"https:\/\/www.humanium.org\/fr\/afrique\/\">Afrique<\/a>, les conflits s&rsquo;intensifient \u00e0 mesure que les ressources naturelles se rar\u00e9fient (Black, 2019).<\/li><\/ul>\n\n\n\n<h3 class=\"wp-block-heading\">La migration est la plus grande cons\u00e9quence du changement climatique<\/h3>\n\n\n\n<ul class=\"wp-block-list\"><li>D\u00e8s 1990, le Groupe d&rsquo;Experts Intergouvernemental sur l&rsquo;Evolution du Climat (GIEC) des Nations Unies a cit\u00e9 la migration comme la principale cons\u00e9quence du changement climatique. Les cons\u00e9quences pr\u00e9vues semblent famili\u00e8res : s\u00e9cheresse extr\u00eame, \u00e9l\u00e9vation du niveau des mers, incendies et p\u00e9nuries alimentaires. Tout cela, de mani\u00e8re concluante, a provoqu\u00e9 et provoquera d&rsquo;autres <a href=\"https:\/\/www.humanium.org\/fr\/enfants-deplaces\/\">migrations forc\u00e9es<\/a> (Black, 2019).<\/li><li>Les s\u00e9cheresses tuent plus de gens que toute autre catastrophe m\u00e9t\u00e9orologique et les conflits entre communaut\u00e9s sur la p\u00e9nurie d&rsquo;eau se multiplient. Plus d&rsquo;un milliard de personnes n&rsquo;ont pas acc\u00e8s \u00e0 <a href=\"https:\/\/www.humanium.org\/fr\/comprendre-droits-enfant\/droit-a-l-eau\/\">l&rsquo;eau<\/a> potable aujourd&rsquo;hui, et la demande augmentera de 30 % d&rsquo;ici 2030. La d\u00e9sertification peut \u00eatre tout aussi fatale et mena\u00e7ante : on estime que quelques 135 millions de personnes pourraient \u00eatre <a href=\"https:\/\/www.humanium.org\/fr\/enfants-deplaces\/\">d\u00e9plac\u00e9es<\/a> d&rsquo;ici 2045 en raison de la d\u00e9sertification (Black, 2019).<\/li><\/ul>\n\n\n\n<h3 class=\"wp-block-heading\">Les d\u00e9placements internes provoquent des migrations transfrontali\u00e8res<\/h3>\n\n\n\n<ul class=\"wp-block-list\"><li>Au <a href=\"https:\/\/www.humanium.org\/fr\/bangladesh\/\">Bangladesh<\/a>, des centaines de milliers de personnes sont r\u00e9guli\u00e8rement d\u00e9racin\u00e9es par les inondations c\u00f4ti\u00e8res et l&rsquo;\u00e9rosion des rivi\u00e8res. La d\u00e9sertification en <a href=\"https:\/\/www.humanium.org\/fr\/afrique\/\">Afrique<\/a> de l&rsquo;Ouest a donn\u00e9 du pouvoir aux terroristes et a d\u00e9plac\u00e9 plus de 4 millions de personnes. L&rsquo;\u00e9l\u00e9vation du niveau de la mer dans les \u00eeles du <a href=\"https:\/\/www.humanium.org\/fr\/asie-pacifique\/\">Pacifique<\/a> et de l&rsquo;Oc\u00e9anie, o\u00f9 une personne sur dix a migr\u00e9 au cours de la derni\u00e8re d\u00e9cennie, laisse les habitants pris au pi\u00e8ge ou menace leur statut d&rsquo;\u00c9tat. En <a href=\"https:\/\/www.humanium.org\/fr\/ameriques\/\">Am\u00e9rique<\/a>, des milliers de personnes d\u00e9plac\u00e9es par l&rsquo;ouragan Maria n&rsquo;ont toujours pas de logement (Black, 2019).<\/li><li>Dans le monde entier, environ 1 <a href=\"https:\/\/www.humanium.org\/fr\/droits-enfant\/\">enfant<\/a> sur 45 est un migrant. Pr\u00e8s de 50 millions d&rsquo;enfants ont <a href=\"https:\/\/www.humanium.org\/fr\/enfants-deplaces\/\">franchi<\/a> des fronti\u00e8res ou ont \u00e9t\u00e9 <a href=\"https:\/\/www.humanium.org\/fr\/enfants-deplaces\/\">d\u00e9plac\u00e9s<\/a> de force dans leur propre pays. Les \u00e9v\u00e9nements et les impacts li\u00e9s au climat contribuent d\u00e9j\u00e0 \u00e0 ces chiffres stup\u00e9fiants et on s&rsquo;attend \u00e0 ce qu&rsquo;ils augmentent (Black, 2019).<\/li><\/ul>\n\n\n\n<h2 class=\"wp-block-heading\">Solutions pour prot\u00e9ger les enfants r\u00e9fugi\u00e9s climatiques<\/h2>\n\n\n\n<ul class=\"wp-block-list\"><li>Les migrations forc\u00e9es n\u00e9cessiteront des solutions internationales et des arrangements institutionnels pour soutenir ceux qui doivent se d\u00e9placer. Il est n\u00e9cessaire de veiller \u00e0 ce que les <a href=\"https:\/\/www.humanium.org\/fr\/droits-enfant\/\">droits des enfants<\/a> et des <a href=\"https:\/\/www.humanium.org\/fr\/famille-droits-enfant\/\">familles<\/a> vuln\u00e9rables soient <a href=\"https:\/\/www.humanium.org\/fr\/droit-a-la-protection\/\">prot\u00e9g\u00e9s<\/a> et pr\u00e9serv\u00e9s.<\/li><li>Les <a href=\"https:\/\/www.humanium.org\/fr\/enfants-monde\/\">\u00c9tats<\/a> doivent prendre des mesures urgentes en mati\u00e8re de changement climatique pour pr\u00e9server l&rsquo;environnement afin que les g\u00e9n\u00e9rations actuelles et futures puissent en profiter.&nbsp;<\/li><li>L&rsquo;\u00e9laboration et la d\u00e9livrance d&rsquo;un visa humanitaire sp\u00e9cial permettrait aux \u00c9tats d&rsquo;int\u00e9grer des motifs humanitaires plus larges, y compris les mouvements li\u00e9s au climat, ce qui cr\u00e9era un itin\u00e9raire l\u00e9gal s\u00fbr pour les <a href=\"https:\/\/www.humanium.org\/fr\/enfants-deplaces\/\">r\u00e9fugi\u00e9s<\/a> climatiques (Climate News Network, 2017).<\/li><li>Le Haut- Commissariat des Nations Unies pour les r\u00e9fugi\u00e9s (HCR) peut fournir protection et assistance \u00e0 de nombreuses personnes d\u00e9plac\u00e9es de force par les effets du changement climatique et des catastrophes, entre autres facteurs, et s&rsquo;efforce d&rsquo;accro\u00eetre leur r\u00e9silience (HCR, 2015).<\/li><li>L&rsquo;UNICEF et ses partenaires peuvent fournir des lignes directrices pour am\u00e9liorer la prise en charge et la <a href=\"https:\/\/www.humanium.org\/fr\/droit-a-la-protection\/\">protection<\/a> des <a href=\"https:\/\/www.humanium.org\/fr\/enfants-deplaces\/\">enfants r\u00e9fugi\u00e9s et migrants<\/a>, qu&rsquo;ils voyagent seuls ou avec leurs <a href=\"https:\/\/www.humanium.org\/fr\/famille-droits-enfant\/\">parents<\/a> ou les personnes qui s&rsquo;occupent d&rsquo;eux (UNICEF, 2020).<\/li><li>S&rsquo;assurer qu&rsquo;un tuteur bien form\u00e9 assume la responsabilit\u00e9 imm\u00e9diate de l&rsquo;enfant, engager des m\u00e9diateurs culturels et mobiliser les membres des communaut\u00e9s d&rsquo;accueil sont des mesures essentielles qui peuvent aider \u00e0 \u00e9tablir une relation de confiance et \u00e0 prot\u00e9ger les enfants contre les passeurs, les <a href=\"https:\/\/www.humanium.org\/fr\/trafic-enfants\/\">trafiquants<\/a> ou l&rsquo;impact de pressions importantes sur une <a href=\"https:\/\/www.humanium.org\/fr\/famille-droits-enfant\/\">famille<\/a> (UNICEF, 2020).<\/li><li>Au niveau national, les partenariats entre les <a href=\"https:\/\/www.humanium.org\/fr\/enfants-monde\/\">\u00c9tats<\/a>, les organisations internationales et les organisations \u00e0 but non lucratif doivent r\u00e9pondre aux besoins imm\u00e9diats des enfants, notamment en mati\u00e8re de s\u00e9curit\u00e9, de <a href=\"https:\/\/www.humanium.org\/fr\/droit-a-la-protection\/\">protection<\/a>, de soins de sant\u00e9, de nutrition ad\u00e9quate et <a href=\"https:\/\/www.humanium.org\/fr\/comprendre-droits-enfant\/droit-a-l-education\/\">d&rsquo;\u00e9ducation<\/a> (UNICEF, 2020).<\/li><li>Des services psychosociaux et une <a href=\"https:\/\/www.humanium.org\/fr\/comprendre-droits-enfant\/droit-a-l-education\/\">\u00e9ducation<\/a> pour les enfants r\u00e9fugi\u00e9s et migrants devraient \u00eatre fournis tout en renfor\u00e7ant les syst\u00e8mes nationaux de protection de l&rsquo;enfance afin que tous les enfants vuln\u00e9rables en b\u00e9n\u00e9ficient. (UNICEF, 2020)<\/li><\/ul>\n\n\n\n<h2 class=\"wp-block-heading\"><strong>Remarques finales<\/strong><\/h2>\n\n\n\n<p class=\"wp-block-paragraph\">Les effets du changement climatique \u00e9tant plus \u00e9vidents, il est clair que les r\u00e9fugi\u00e9s climatiques constitueront l&rsquo;un des plus grands d\u00e9fis humanitaires. C&rsquo;est un ph\u00e9nom\u00e8ne auquel tous les \u00c9tats seront confront\u00e9s, \u00e0 moins que nous n&rsquo;agissions maintenant et que nous n&rsquo;entamions un effort de collaboration pour prot\u00e9ger notre plan\u00e8te.&nbsp;<\/p>\n\n\n\n<p class=\"wp-block-paragraph\"><strong>\u00c9crit par Igi Nderi<\/strong><br><strong>Traduit par M\u00e9laine Athimon<\/strong><br><strong>Relu par Nathalie Nurbel<\/strong><br><strong>Derni\u00e8re mise \u00e0 jour le 24 juin 2020<\/strong><\/p>\n\n\n\n<p class=\"wp-block-paragraph\"><strong>Bibliographie&nbsp;:<\/strong><\/p>\n\n\n\n<ul class=\"wp-block-list\"><li>Black, M. (2019, September 4). <em>Fleeing Climate Change<\/em>. Retrieved from UNICEF USA: <a href=\"https:\/\/www.unicefusa.org\/histoires\/ceux\">https:\/\/www.unicefusa.org\/histoires\/ceux<\/a> qui fuient-changement-climat \/35277<\/li><li>Brown, Lester R, McGarth, P. L., &amp; Stoke, B. (1976). <em>Twenty-Two Dimensions of the Population Problem.<\/em> Washington D.C: Worldwatch Paper 5.<\/li><li>Climate News Network. (2017, November 7). <em>Climate refugees move up the agenda<\/em>. Retrieved from Eco Business: https:\/\/www.eco-business.com\/actualit\u00e9s\/climat-refugi\u00e9s-en t\u00eate- du programme\/<\/li><li>Conference of the Parties to the United Nations Framework Convention on Climate Change. (2015). <em>Report of the Conference of the Parties on its 21st session, held in Paris from 30 November to 13 December 2015 : addendum.<\/em> Geneva: United Nations.<\/li><li>Humanium. (2020, May 8). <em>Children of Tuvalu <\/em>. Retrieved from Humanium : <a href=\"https:\/\/www.humanium.org\/fr\/tuvalu\/\">https:\/\/www.humanium.org\/fr\/tuvalu\/<\/a><\/li><li>OHCHR. (1989, November 20). <em>Convention on the Rights of the Child<\/em>. Retrieved from OHCHR: <a href=\"https:\/\/www.ohchr.org\/Documents\/Int\u00e9r\u00eatprofessionnel\/crc.pdf\" target=\"_blank\" rel=\"noreferrer noopener\">https:\/\/www.ohchr.org\/Documents\/Int\u00e9r\u00eatprofessionnel\/crc.pdf<\/a><\/li><li>UNEP, E. E.-H. (1985). <em>Environmental Refugees.<\/em> Nairobi: United Nations Environment Programme.<\/li><li>UNFCCC. (2015, December 12). <em>The Paris Agreement<\/em>. Retrieved from United Nations Framework Convention on Climate Change: <a href=\"https:\/\/unfccc.int\/ressource\/docs\/2015\/cop21\/fr\/l09r01.pdf\" target=\"_blank\" rel=\"noreferrer noopener\">https:\/\/unfccc.int\/ressource\/docs\/2015\/cop21\/fr\/l09r01.pdf<\/a><\/li><li>UNHCR . (2015, January 1). <em>Climate Change and Disaster Displacement<\/em>. Retrieved from UNHCR: http:\/\/www.hcr.org\/climat-changement-et-d\u00e9sastres.html.<\/li><li>UNHCR. (2011, September 1). <em>The 1951 Convention Relating to the Status of Refugees and Its 1967 Protocol <\/em>. Retrieved from UNHCR: <a href=\"https:\/\/www.unhcr.org\/fr\/about-us\/background\/4b14f4a62\/convention-protocole-relatifs-statut-refugies.html\" target=\"_blank\" rel=\"noreferrer noopener\">https:\/\/www.hcr.org\/ausujet-fr\/contexte\/4ec262df9\/1951-convention-sur-statuts-refugi\u00e9s-son-1967-protocole.html<\/a><\/li><li>UNHCR. (2020, April 20). <em>2030 Agenda for Sustainable Development<\/em>. Retrieved from UNHCR: https:\/\/www.hcr.org\/2030-ordre du-pour- d\u00e9veloppement-durable.html<\/li><li>UNICEF. (2020, April 27). <em>Refugee and migrant children in Europe<\/em>. Retrieved from UNICEF Europe and Central Asia: <a href=\"https:\/\/www.unicef.org\/cea\/urgences\/refugi\u00e9s-et-enfant-migrant-europe\" target=\"_blank\" rel=\"noreferrer noopener\">https:\/\/www.unicef.org\/cea\/urgences\/refugi\u00e9s-et-enfant-migrant-europe<\/a><\/li><li>UNSD. (2020, April 24). <em>Climate Change<\/em>. Retrieved from United Nations Sustainable Development Goals: https:\/\/d\u00e9veloppmentdurable.fr.org\/sujets\/changementclimatique<\/li><li>UNSD. (2020, April 24). <em>Sustainable D\u00e9veloppement Goal 13<\/em>. Retrieved from United Nations Sustainable Development Goals: https:\/\/d\u00e9veloppementdurable.nu.org\/sdg13<\/li><li>UNSD. (2020, April 24). <em>&nbsp;Development Goal 16<\/em>. Retrieved from United Nations Sustainable Development Goals: https:\/\/d\u00e9veloppement-durable.fr.org\/sdg16<\/li><li>UNSD. (2020, April 24). <em>Violence Against Children <\/em>. Retrieved from United Nations Sustainable Development Goals: https:\/\/d\u00e9veloppmentdurable.fr.org\/sujets\/violenceenverslesenfants<\/li><li>Wilkinson, E., Schipper, L., Simonet, C., &amp; Kubik, Z. (2016, December 1). <em>Climate change, migration and the 2030 Agenda for Sustainable Development.<\/em> Retrieved from Environmental Migration Portal: <a href=\"https:\/\/www.odi.org\/sites\/odi.org.fr\/dossiers\/ressource-documents\/11144.pdf\" target=\"_blank\" rel=\"noreferrer noopener\">https:\/\/www.odi.org\/sites\/odi.org.fr\/dossiers\/ressource-documents\/11144.pdf&nbsp;<\/a><\/li><\/ul>\n","protected":false},"excerpt":{"rendered":"<p>Ces derni\u00e8res ann\u00e9es, le concept de r\u00e9fugi\u00e9s climatiques a pris une nouvelle importance, car l&rsquo;urgence climatique mondiale a menac\u00e9 les moyens de subsistance de millions de personnes, ce qui a pouss\u00e9 beaucoup d&rsquo;entre elles \u00e0 quitter leur foyer. Les r\u00e9fugi\u00e9s climatiques repr\u00e9sentent l&rsquo;un des plus grands d\u00e9fis humanitaires d&rsquo;aujourd&rsquo;hui (HCR, 2015). Les enfants qui sont [&hellip;]<\/p>\n","protected":false},"author":69,"featured_media":48885,"parent":48810,"menu_order":0,"comment_status":"closed","ping_status":"closed","template":"","meta":{"footnotes":""},"class_list":["post-48884","page","type-page","status-publish","has-post-thumbnail","hentry"],"yoast_head":"<!-- This site is optimized with the Yoast SEO plugin v28.3 - https:\/\/yoast.com\/product\/yoast-seo-wordpress\/ -->\n<title>Les enfants r\u00e9fugi\u00e9s climatiques - Humanium<\/title>\n<meta name=\"robots\" content=\"index, follow, max-snippet:-1, max-image-preview:large, max-video-preview:-1\" \/>\n<link rel=\"canonical\" href=\"https:\/\/www.humanium.org\/fr\/focus\/environnement\/les-enfants-refugies-climatiques\/\" \/>\n<meta property=\"og:locale\" content=\"fr_FR\" \/>\n<meta property=\"og:type\" content=\"article\" \/>\n<meta property=\"og:title\" content=\"Les enfants r\u00e9fugi\u00e9s climatiques - Humanium\" \/>\n<meta property=\"og:description\" content=\"Ces derni\u00e8res ann\u00e9es, le concept de r\u00e9fugi\u00e9s climatiques a pris une nouvelle importance, car l&rsquo;urgence climatique mondiale a menac\u00e9 les moyens de subsistance de millions de personnes, ce qui a pouss\u00e9 beaucoup d&rsquo;entre elles \u00e0 quitter leur foyer. Les r\u00e9fugi\u00e9s climatiques repr\u00e9sentent l&rsquo;un des plus grands d\u00e9fis humanitaires d&rsquo;aujourd&rsquo;hui (HCR, 2015). Les enfants qui sont [&hellip;]\" \/>\n<meta property=\"og:url\" content=\"https:\/\/www.humanium.org\/fr\/focus\/environnement\/les-enfants-refugies-climatiques\/\" \/>\n<meta property=\"og:site_name\" content=\"Humanium\" \/>\n<meta property=\"article:modified_time\" content=\"2025-12-06T15:55:16+00:00\" \/>\n<meta property=\"og:image\" content=\"https:\/\/www.humanium.org\/fr\/wp-content\/uploads\/2020\/10\/childclimaterefugees_1200.jpg\" \/>\n\t<meta property=\"og:image:width\" content=\"1200\" \/>\n\t<meta property=\"og:image:height\" content=\"796\" \/>\n\t<meta property=\"og:image:type\" content=\"image\/jpeg\" \/>\n<meta name=\"twitter:card\" content=\"summary_large_image\" \/>\n<meta name=\"twitter:label1\" content=\"Dur\u00e9e de lecture estim\u00e9e\" \/>\n\t<meta name=\"twitter:data1\" content=\"15 minutes\" \/>\n<script type=\"application\/ld+json\" class=\"yoast-schema-graph\">{\"@context\":\"https:\\\/\\\/schema.org\",\"@graph\":[{\"@type\":\"WebPage\",\"@id\":\"https:\\\/\\\/www.humanium.org\\\/fr\\\/focus\\\/environnement\\\/les-enfants-refugies-climatiques\\\/\",\"url\":\"https:\\\/\\\/www.humanium.org\\\/fr\\\/focus\\\/environnement\\\/les-enfants-refugies-climatiques\\\/\",\"name\":\"Les enfants r\u00e9fugi\u00e9s climatiques - Humanium\",\"isPartOf\":{\"@id\":\"https:\\\/\\\/www.humanium.org\\\/fr\\\/#website\"},\"primaryImageOfPage\":{\"@id\":\"https:\\\/\\\/www.humanium.org\\\/fr\\\/focus\\\/environnement\\\/les-enfants-refugies-climatiques\\\/#primaryimage\"},\"image\":{\"@id\":\"https:\\\/\\\/www.humanium.org\\\/fr\\\/focus\\\/environnement\\\/les-enfants-refugies-climatiques\\\/#primaryimage\"},\"thumbnailUrl\":\"https:\\\/\\\/www.humanium.org\\\/fr\\\/wp-content\\\/uploads\\\/2020\\\/10\\\/childclimaterefugees_1200.jpg\",\"datePublished\":\"2020-10-29T11:40:54+00:00\",\"dateModified\":\"2025-12-06T15:55:16+00:00\",\"breadcrumb\":{\"@id\":\"https:\\\/\\\/www.humanium.org\\\/fr\\\/focus\\\/environnement\\\/les-enfants-refugies-climatiques\\\/#breadcrumb\"},\"inLanguage\":\"fr-FR\",\"potentialAction\":[{\"@type\":\"ReadAction\",\"target\":[\"https:\\\/\\\/www.humanium.org\\\/fr\\\/focus\\\/environnement\\\/les-enfants-refugies-climatiques\\\/\"]}]},{\"@type\":\"ImageObject\",\"inLanguage\":\"fr-FR\",\"@id\":\"https:\\\/\\\/www.humanium.org\\\/fr\\\/focus\\\/environnement\\\/les-enfants-refugies-climatiques\\\/#primaryimage\",\"url\":\"https:\\\/\\\/www.humanium.org\\\/fr\\\/wp-content\\\/uploads\\\/2020\\\/10\\\/childclimaterefugees_1200.jpg\",\"contentUrl\":\"https:\\\/\\\/www.humanium.org\\\/fr\\\/wp-content\\\/uploads\\\/2020\\\/10\\\/childclimaterefugees_1200.jpg\",\"width\":1200,\"height\":796},{\"@type\":\"BreadcrumbList\",\"@id\":\"https:\\\/\\\/www.humanium.org\\\/fr\\\/focus\\\/environnement\\\/les-enfants-refugies-climatiques\\\/#breadcrumb\",\"itemListElement\":[{\"@type\":\"ListItem\",\"position\":1,\"name\":\"Home\",\"item\":\"https:\\\/\\\/www.humanium.org\\\/fr\\\/\"},{\"@type\":\"ListItem\",\"position\":2,\"name\":\"Focus th\u00e9matiques\",\"item\":\"https:\\\/\\\/www.humanium.org\\\/fr\\\/focus\\\/\"},{\"@type\":\"ListItem\",\"position\":3,\"name\":\"Environnement\",\"item\":\"https:\\\/\\\/www.humanium.org\\\/fr\\\/focus\\\/environnement\\\/\"},{\"@type\":\"ListItem\",\"position\":4,\"name\":\"Les enfants r\u00e9fugi\u00e9s climatiques\"}]},{\"@type\":\"WebSite\",\"@id\":\"https:\\\/\\\/www.humanium.org\\\/fr\\\/#website\",\"url\":\"https:\\\/\\\/www.humanium.org\\\/fr\\\/\",\"name\":\"Humanium\",\"description\":\"Les enfants d\u2019abord !\",\"potentialAction\":[{\"@type\":\"SearchAction\",\"target\":{\"@type\":\"EntryPoint\",\"urlTemplate\":\"https:\\\/\\\/www.humanium.org\\\/fr\\\/?s={search_term_string}\"},\"query-input\":{\"@type\":\"PropertyValueSpecification\",\"valueRequired\":true,\"valueName\":\"search_term_string\"}}],\"inLanguage\":\"fr-FR\"}]}<\/script>\n<!-- \/ Yoast SEO plugin. -->","yoast_head_json":{"title":"Les enfants r\u00e9fugi\u00e9s climatiques - Humanium","robots":{"index":"index","follow":"follow","max-snippet":"max-snippet:-1","max-image-preview":"max-image-preview:large","max-video-preview":"max-video-preview:-1"},"canonical":"https:\/\/www.humanium.org\/fr\/focus\/environnement\/les-enfants-refugies-climatiques\/","og_locale":"fr_FR","og_type":"article","og_title":"Les enfants r\u00e9fugi\u00e9s climatiques - Humanium","og_description":"Ces derni\u00e8res ann\u00e9es, le concept de r\u00e9fugi\u00e9s climatiques a pris une nouvelle importance, car l&rsquo;urgence climatique mondiale a menac\u00e9 les moyens de subsistance de millions de personnes, ce qui a pouss\u00e9 beaucoup d&rsquo;entre elles \u00e0 quitter leur foyer. Les r\u00e9fugi\u00e9s climatiques repr\u00e9sentent l&rsquo;un des plus grands d\u00e9fis humanitaires d&rsquo;aujourd&rsquo;hui (HCR, 2015). Les enfants qui sont [&hellip;]","og_url":"https:\/\/www.humanium.org\/fr\/focus\/environnement\/les-enfants-refugies-climatiques\/","og_site_name":"Humanium","article_modified_time":"2025-12-06T15:55:16+00:00","og_image":[{"width":1200,"height":796,"url":"https:\/\/www.humanium.org\/fr\/wp-content\/uploads\/2020\/10\/childclimaterefugees_1200.jpg","type":"image\/jpeg"}],"twitter_card":"summary_large_image","twitter_misc":{"Dur\u00e9e de lecture estim\u00e9e":"15 minutes"},"schema":{"@context":"https:\/\/schema.org","@graph":[{"@type":"WebPage","@id":"https:\/\/www.humanium.org\/fr\/focus\/environnement\/les-enfants-refugies-climatiques\/","url":"https:\/\/www.humanium.org\/fr\/focus\/environnement\/les-enfants-refugies-climatiques\/","name":"Les enfants r\u00e9fugi\u00e9s climatiques - Humanium","isPartOf":{"@id":"https:\/\/www.humanium.org\/fr\/#website"},"primaryImageOfPage":{"@id":"https:\/\/www.humanium.org\/fr\/focus\/environnement\/les-enfants-refugies-climatiques\/#primaryimage"},"image":{"@id":"https:\/\/www.humanium.org\/fr\/focus\/environnement\/les-enfants-refugies-climatiques\/#primaryimage"},"thumbnailUrl":"https:\/\/www.humanium.org\/fr\/wp-content\/uploads\/2020\/10\/childclimaterefugees_1200.jpg","datePublished":"2020-10-29T11:40:54+00:00","dateModified":"2025-12-06T15:55:16+00:00","breadcrumb":{"@id":"https:\/\/www.humanium.org\/fr\/focus\/environnement\/les-enfants-refugies-climatiques\/#breadcrumb"},"inLanguage":"fr-FR","potentialAction":[{"@type":"ReadAction","target":["https:\/\/www.humanium.org\/fr\/focus\/environnement\/les-enfants-refugies-climatiques\/"]}]},{"@type":"ImageObject","inLanguage":"fr-FR","@id":"https:\/\/www.humanium.org\/fr\/focus\/environnement\/les-enfants-refugies-climatiques\/#primaryimage","url":"https:\/\/www.humanium.org\/fr\/wp-content\/uploads\/2020\/10\/childclimaterefugees_1200.jpg","contentUrl":"https:\/\/www.humanium.org\/fr\/wp-content\/uploads\/2020\/10\/childclimaterefugees_1200.jpg","width":1200,"height":796},{"@type":"BreadcrumbList","@id":"https:\/\/www.humanium.org\/fr\/focus\/environnement\/les-enfants-refugies-climatiques\/#breadcrumb","itemListElement":[{"@type":"ListItem","position":1,"name":"Home","item":"https:\/\/www.humanium.org\/fr\/"},{"@type":"ListItem","position":2,"name":"Focus th\u00e9matiques","item":"https:\/\/www.humanium.org\/fr\/focus\/"},{"@type":"ListItem","position":3,"name":"Environnement","item":"https:\/\/www.humanium.org\/fr\/focus\/environnement\/"},{"@type":"ListItem","position":4,"name":"Les enfants r\u00e9fugi\u00e9s climatiques"}]},{"@type":"WebSite","@id":"https:\/\/www.humanium.org\/fr\/#website","url":"https:\/\/www.humanium.org\/fr\/","name":"Humanium","description":"Les enfants d\u2019abord !","potentialAction":[{"@type":"SearchAction","target":{"@type":"EntryPoint","urlTemplate":"https:\/\/www.humanium.org\/fr\/?s={search_term_string}"},"query-input":{"@type":"PropertyValueSpecification","valueRequired":true,"valueName":"search_term_string"}}],"inLanguage":"fr-FR"}]}},"_links":{"self":[{"href":"https:\/\/www.humanium.org\/fr\/wp-json\/wp\/v2\/pages\/48884","targetHints":{"allow":["GET"]}}],"collection":[{"href":"https:\/\/www.humanium.org\/fr\/wp-json\/wp\/v2\/pages"}],"about":[{"href":"https:\/\/www.humanium.org\/fr\/wp-json\/wp\/v2\/types\/page"}],"author":[{"embeddable":true,"href":"https:\/\/www.humanium.org\/fr\/wp-json\/wp\/v2\/users\/69"}],"replies":[{"embeddable":true,"href":"https:\/\/www.humanium.org\/fr\/wp-json\/wp\/v2\/comments?post=48884"}],"version-history":[{"count":9,"href":"https:\/\/www.humanium.org\/fr\/wp-json\/wp\/v2\/pages\/48884\/revisions"}],"predecessor-version":[{"id":60553,"href":"https:\/\/www.humanium.org\/fr\/wp-json\/wp\/v2\/pages\/48884\/revisions\/60553"}],"up":[{"embeddable":true,"href":"https:\/\/www.humanium.org\/fr\/wp-json\/wp\/v2\/pages\/48810"}],"wp:featuredmedia":[{"embeddable":true,"href":"https:\/\/www.humanium.org\/fr\/wp-json\/wp\/v2\/media\/48885"}],"wp:attachment":[{"href":"https:\/\/www.humanium.org\/fr\/wp-json\/wp\/v2\/media?parent=48884"}],"curies":[{"name":"wp","href":"https:\/\/api.w.org\/{rel}","templated":true}]}}