{"id":50168,"date":"2021-05-02T16:04:23","date_gmt":"2021-05-02T16:04:23","guid":{"rendered":"https:\/\/www.humanium.org\/fr\/?page_id=50168"},"modified":"2025-12-06T15:32:56","modified_gmt":"2025-12-06T15:32:56","slug":"le-principe-de-non-discrimination","status":"publish","type":"page","link":"https:\/\/www.humanium.org\/fr\/le-principe-de-non-discrimination\/","title":{"rendered":"Le principe de non-discrimination"},"content":{"rendered":"\n<p class=\"wp-block-paragraph\"><strong>L\u2019\u00e9galit\u00e9 est un principe profond\u00e9ment ancr\u00e9 dans la moralit\u00e9 humaine et prot\u00e9g\u00e9e par le principe de la non-discrimination, qui est un principe r\u00e9current et dominant dans plusieurs trait\u00e9s internationaux relatifs aux droits de l&rsquo;homme. Nous avons tous le droit d\u2019\u00eatre trait\u00e9s de mani\u00e8re \u00e9gale, ind\u00e9pendamment de notre race, couleur, sexe, nationalit\u00e9, langue, religion ou origine ethnique, nationale ou sociale (article 1 Convention internationale sur l\u2019\u00e9limination de toutes les formes de discrimination raciale (CIEFDR)).&nbsp;<\/strong><\/p>\n\n\n\n<figure class=\"wp-block-image size-large\"><img loading=\"lazy\" decoding=\"async\" width=\"1024\" height=\"731\" src=\"https:\/\/www.humanium.org\/fr\/wp-content\/uploads\/2021\/05\/shutterstock_1283062879-1-1024x731.jpg\" alt=\"\" class=\"wp-image-50171\" srcset=\"https:\/\/www.humanium.org\/fr\/wp-content\/uploads\/2021\/05\/shutterstock_1283062879-1-1024x731.jpg 1024w, https:\/\/www.humanium.org\/fr\/wp-content\/uploads\/2021\/05\/shutterstock_1283062879-1-300x214.jpg 300w, https:\/\/www.humanium.org\/fr\/wp-content\/uploads\/2021\/05\/shutterstock_1283062879-1-768x548.jpg 768w, https:\/\/www.humanium.org\/fr\/wp-content\/uploads\/2021\/05\/shutterstock_1283062879-1-1536x1096.jpg 1536w, https:\/\/www.humanium.org\/fr\/wp-content\/uploads\/2021\/05\/shutterstock_1283062879-1-2048x1462.jpg 2048w, https:\/\/www.humanium.org\/fr\/wp-content\/uploads\/2021\/05\/shutterstock_1283062879-1-830x592.jpg 830w, https:\/\/www.humanium.org\/fr\/wp-content\/uploads\/2021\/05\/shutterstock_1283062879-1-230x164.jpg 230w, https:\/\/www.humanium.org\/fr\/wp-content\/uploads\/2021\/05\/shutterstock_1283062879-1-350x250.jpg 350w, https:\/\/www.humanium.org\/fr\/wp-content\/uploads\/2021\/05\/shutterstock_1283062879-1-480x343.jpg 480w\" sizes=\"auto, (max-width: 1024px) 100vw, 1024px\" \/><\/figure>\n\n\n\n<p class=\"wp-block-paragraph\">La discrimination d\u00e9crit le traitement injuste et pr\u00e9judiciable d\u2019un individu ou d\u2019un groupe d\u2019individus en fonction de ce qu\u2019ils sont ou de qui ils sont soup\u00e7onn\u00e9s d\u2019\u00eatre. Le traitement peut \u00eatre une action, une d\u00e9cision, une r\u00e8gle ou une loi qui a un effet, tel qu\u2019une distinction, une exclusion ou une restriction, sur une personne ou un groupe de personnes (article 1 de la CIEFDR). \u00c0 la suite d\u2019un tel traitement, la personne discrimin\u00e9e est incapable de jouir de ses droits de l\u2019Homme ou de tout autre droit ou subit un d\u00e9savantage important dans la jouissance de ces droits.&nbsp;<\/p>\n\n\n\n<p class=\"wp-block-paragraph\">La discrimination peut \u00eatre \u00e0 la fois directe et indirecte. D\u2019une part, la discrimination directe d\u00e9crit la diff\u00e9rence de traitement dans la m\u00eame situation d\u2019une personne par rapport \u00e0 une autre \u00e0 son d\u00e9savantage en fonction de leurs caract\u00e9ristiques. D\u2019autre part, la discrimination peut \u00eatre indirecte, lorsqu\u2019une \u00e9galit\u00e9 de traitement ou un traitement dit neutre affecte diff\u00e9rents groupes de personnes significativement diff\u00e9rentes.&nbsp;<\/p>\n\n\n\n<h2 class=\"wp-block-heading\"><strong>Le principe de non-discrimination dans la Convention des Nations Unies relative aux droits de l\u2019enfant (CNUDE)<\/strong><\/h2>\n\n\n\n<p class=\"wp-block-paragraph\">Malgr\u00e9 le principe bien \u00e9tabli de non-discrimination dans le droit international, moins d\u2019attention a \u00e9t\u00e9 accord\u00e9e \u00e0 la mani\u00e8re dont un enfant subit la discrimination. Outre la discrimination li\u00e9e au groupe, la pr\u00e9tendue discrimination li\u00e9e \u00e0 l\u2019\u00e2ge et les motifs de discrimination inclus dans la Convention relative aux droits de l\u2019enfant (<a href=\"https:\/\/www.humanium.org\/fr\/convention\/\">CDE<\/a>), les enfants sont confront\u00e9s \u00e0 une vari\u00e9t\u00e9 de motifs de discrimination sp\u00e9cifiques aux enfants qui ne sont pas explicitement inclus dans la disposition de la <a href=\"https:\/\/www.humanium.org\/fr\/convention\/\">CDE<\/a>. <\/p>\n\n\n\n<p class=\"wp-block-paragraph\">La nature flexible de la <a href=\"https:\/\/www.humanium.org\/fr\/convention\/\">CDE<\/a> lui permet d\u2019inclure les d\u00e9veloppements r\u00e9cents afin d\u2019\u00e9tablir une liste indicative non-exhaustive des motifs de discrimination sp\u00e9cifiques aux enfants que le Comit\u00e9 des droits de l\u2019enfant (Comit\u00e9 de la CDE) d\u00e9veloppe \u00e0 travers ses Observations g\u00e9n\u00e9rales et ses Observations finales (Besson, 2005). L\u2019orientation sexuelle, l\u2019identit\u00e9 de genre (Comit\u00e9 des droits de l\u2019enfant, 2019) et le <a href=\"https:\/\/www.humanium.org\/fr\/enfant-et-sida\/#:~:text=Les%20enfants%20contamin%C3%A9s%20par%20le%20VIH&amp;text=Selon%20ONU%20SIDA%2C%20370%20000,ans%20sont%20contamin%C3%A9es%20par%20minute.\">VIH\/Sida<\/a> (Comit\u00e9 des droits de l\u2019enfant, 2003) en sont des exemples.&nbsp;<\/p>\n\n\n\n<p class=\"wp-block-paragraph\">Les enfants ont \u00e9galement droit \u00e0 la non-discrimination. Par cons\u00e9quent, tous les enfants ont le droit de b\u00e9n\u00e9ficier, de mani\u00e8re \u00e9gale, d\u2019une protection effective et des droits \u00e9nonc\u00e9s dans la <a href=\"https:\/\/www.humanium.org\/fr\/convention\/\">CDE<\/a>, sans aucune exception. L\u2019article 2.1 de la <a href=\"https:\/\/www.humanium.org\/fr\/convention\/\">CDE<\/a> interdit explicitement la discrimination d\u2019un enfant fond\u00e9e sur \u00ab&nbsp;la race, la couleur, le sexe, la langue, la religion, l\u2019opinion politique ou tout autre opinion, l\u2019origine nationale, ethnique ou sociale, la situation de fortune, l\u2019incapacit\u00e9, la naissance ou tout autre situation&nbsp;de l\u2019enfant ou de ses parents ou de ses tuteurs&nbsp;\u00bb. <\/p>\n\n\n\n<p class=\"wp-block-paragraph\">En outre, \u00ab&nbsp;le statut, les activit\u00e9s, les opinions exprim\u00e9es, ou les croyances des parents, des tuteurs ou des membres de la famille de l\u2019enfant&nbsp;\u00bb s\u2019ajoutent \u00e0 l\u2019article 2.1, comme des motifs de discrimination interdits. Ils sont consid\u00e9r\u00e9s comme des obligations positives \u2013 obligations qui exigent de prendre des mesures de pr\u00e9vention et de veiller \u00e0 l\u2019application de l\u2019article.<\/p>\n\n\n\n<p class=\"wp-block-paragraph\">L\u2019essentiel pour parvenir \u00e0 une \u00e9galit\u00e9 de traitement substantielle et \u00e0 l\u2019\u00e9galit\u00e9 mat\u00e9rielle pour les enfants est la n\u00e9cessit\u00e9 de consid\u00e9rer l\u2019opportunit\u00e9 pour chaque enfant de jouir pleinement et sans d\u00e9savantage de ses droits et de son d\u00e9veloppement par rapport aux autres enfants. Cela exige que les enfants soient particuli\u00e8rement prot\u00e9g\u00e9s contre la discrimination indirecte, car chaque enfant a des besoins sp\u00e9cifiques et uniques qui doivent \u00eatre pris en consid\u00e9ration.&nbsp;<\/p>\n\n\n\n<p class=\"wp-block-paragraph\">Les formes principales de discrimination envers les enfants dont la discrimination bas\u00e9e sur le sexe, le statut social, la race et l\u2019incapacit\u00e9 ou tout autre \u00e9tat de sant\u00e9 entra\u00eenent de multiples probl\u00e8mes tels que l\u2019exclusion du syst\u00e8me \u00e9ducatif, des opportunit\u00e9s d\u2019\u00e9volution et de la communaut\u00e9 ainsi que les abus, les violences physiques et sexuelles.<\/p>\n\n\n\n<p class=\"wp-block-paragraph\"><strong><em>\u00c9crit par Alexander Weihrauch<\/em><\/strong><\/p>\n\n\n\n<p class=\"wp-block-paragraph\"><strong><em>Traduit par Karen Castillo<\/em><\/strong><\/p>\n\n\n\n<p class=\"wp-block-paragraph\"><strong><em>Relu par<\/em><\/strong> <strong><em>Ania Beznia<\/em><\/strong><\/p>\n\n\n\n<p class=\"wp-block-paragraph\"><strong><em>Derni\u00e8re mise \u00e0 jour le 2 mars 2021<\/em><\/strong><\/p>\n\n\n\n<h4 class=\"wp-block-heading\"><strong>Bibliographie :<\/strong><\/h4>\n\n\n\n<p class=\"has-small-font-size wp-block-paragraph\">1969 International Convention on the Elimination of All Forms of Racial Discrimination<\/p>\n\n\n\n<p class=\"has-small-font-size wp-block-paragraph\">Besson, Samantha (2005), The Principle of Non-Discrimination in the Convention on the Rights of the Child, The International Journal of Children s Rights. 13: 433-461.&nbsp;<\/p>\n\n\n\n<p class=\"has-small-font-size wp-block-paragraph\"><a href=\"https:\/\/www.refworld.org\/docid\/4538834e15.html\" target=\"_blank\" rel=\"noreferrer noopener\">Committee on the Rights of the Child (17 March 2003),&nbsp;<em>General comment No. 3 on HIV\/AIDS and the Rights of the Child<\/em>,&nbsp;CRC\/GC\/2003\/3,&nbsp;retrieved from reworld.org.<\/a><\/p>\n\n\n\n<p class=\"has-small-font-size wp-block-paragraph\">Committee on the Rights of the Child (28 February 2019), Concluding observations on the combined fifth and sixth periodic reports of Italy, CRC\/C\/ITA\/CO\/5-6, retrieved from hdocstore.ohchr.org.<\/p>\n","protected":false},"excerpt":{"rendered":"<p>L\u2019\u00e9galit\u00e9 est un principe profond\u00e9ment ancr\u00e9 dans la moralit\u00e9 humaine et prot\u00e9g\u00e9e par le principe de la non-discrimination, qui est un principe r\u00e9current et dominant dans plusieurs trait\u00e9s internationaux relatifs aux droits de l&rsquo;homme. Nous avons tous le droit d\u2019\u00eatre trait\u00e9s de mani\u00e8re \u00e9gale, ind\u00e9pendamment de notre race, couleur, sexe, nationalit\u00e9, langue, religion ou origine [&hellip;]<\/p>\n","protected":false},"author":22,"featured_media":50171,"parent":0,"menu_order":0,"comment_status":"closed","ping_status":"closed","template":"","meta":{"footnotes":""},"class_list":["post-50168","page","type-page","status-publish","has-post-thumbnail","hentry"],"yoast_head":"<!-- This site is optimized with the Yoast SEO plugin v28.3 - https:\/\/yoast.com\/product\/yoast-seo-wordpress\/ -->\n<title>Le principe de non-discrimination - Humanium<\/title>\n<meta name=\"description\" content=\"L\u2019\u00e9galit\u00e9 est un principe profond\u00e9ment ancr\u00e9 dans la moralit\u00e9 humaine et prot\u00e9g\u00e9e par le principe de la non-discrimination.\" \/>\n<meta name=\"robots\" content=\"index, follow, max-snippet:-1, max-image-preview:large, max-video-preview:-1\" \/>\n<link rel=\"canonical\" href=\"https:\/\/www.humanium.org\/fr\/le-principe-de-non-discrimination\/\" \/>\n<meta property=\"og:locale\" content=\"fr_FR\" \/>\n<meta property=\"og:type\" content=\"article\" \/>\n<meta property=\"og:title\" content=\"Le principe de non-discrimination - Humanium\" \/>\n<meta property=\"og:description\" content=\"L\u2019\u00e9galit\u00e9 est un principe profond\u00e9ment ancr\u00e9 dans la moralit\u00e9 humaine et prot\u00e9g\u00e9e par le principe de la non-discrimination.\" \/>\n<meta property=\"og:url\" content=\"https:\/\/www.humanium.org\/fr\/le-principe-de-non-discrimination\/\" \/>\n<meta property=\"og:site_name\" content=\"Humanium\" \/>\n<meta property=\"article:modified_time\" content=\"2025-12-06T15:32:56+00:00\" \/>\n<meta property=\"og:image\" content=\"https:\/\/www.humanium.org\/fr\/wp-content\/uploads\/2021\/05\/shutterstock_1283062879-1-scaled.jpg\" \/>\n\t<meta property=\"og:image:width\" content=\"2560\" \/>\n\t<meta property=\"og:image:height\" content=\"1827\" \/>\n\t<meta property=\"og:image:type\" content=\"image\/jpeg\" \/>\n<meta name=\"twitter:card\" content=\"summary_large_image\" \/>\n<meta name=\"twitter:label1\" content=\"Dur\u00e9e de lecture estim\u00e9e\" \/>\n\t<meta name=\"twitter:data1\" content=\"4 minutes\" \/>\n<script type=\"application\/ld+json\" class=\"yoast-schema-graph\">{\"@context\":\"https:\\\/\\\/schema.org\",\"@graph\":[{\"@type\":\"WebPage\",\"@id\":\"https:\\\/\\\/www.humanium.org\\\/fr\\\/le-principe-de-non-discrimination\\\/\",\"url\":\"https:\\\/\\\/www.humanium.org\\\/fr\\\/le-principe-de-non-discrimination\\\/\",\"name\":\"Le principe de non-discrimination - Humanium\",\"isPartOf\":{\"@id\":\"https:\\\/\\\/www.humanium.org\\\/fr\\\/#website\"},\"primaryImageOfPage\":{\"@id\":\"https:\\\/\\\/www.humanium.org\\\/fr\\\/le-principe-de-non-discrimination\\\/#primaryimage\"},\"image\":{\"@id\":\"https:\\\/\\\/www.humanium.org\\\/fr\\\/le-principe-de-non-discrimination\\\/#primaryimage\"},\"thumbnailUrl\":\"https:\\\/\\\/www.humanium.org\\\/fr\\\/wp-content\\\/uploads\\\/2021\\\/05\\\/shutterstock_1283062879-1-scaled.jpg\",\"datePublished\":\"2021-05-02T16:04:23+00:00\",\"dateModified\":\"2025-12-06T15:32:56+00:00\",\"description\":\"L\u2019\u00e9galit\u00e9 est un principe profond\u00e9ment ancr\u00e9 dans la moralit\u00e9 humaine et prot\u00e9g\u00e9e par le principe de la non-discrimination.\",\"breadcrumb\":{\"@id\":\"https:\\\/\\\/www.humanium.org\\\/fr\\\/le-principe-de-non-discrimination\\\/#breadcrumb\"},\"inLanguage\":\"fr-FR\",\"potentialAction\":[{\"@type\":\"ReadAction\",\"target\":[\"https:\\\/\\\/www.humanium.org\\\/fr\\\/le-principe-de-non-discrimination\\\/\"]}]},{\"@type\":\"ImageObject\",\"inLanguage\":\"fr-FR\",\"@id\":\"https:\\\/\\\/www.humanium.org\\\/fr\\\/le-principe-de-non-discrimination\\\/#primaryimage\",\"url\":\"https:\\\/\\\/www.humanium.org\\\/fr\\\/wp-content\\\/uploads\\\/2021\\\/05\\\/shutterstock_1283062879-1-scaled.jpg\",\"contentUrl\":\"https:\\\/\\\/www.humanium.org\\\/fr\\\/wp-content\\\/uploads\\\/2021\\\/05\\\/shutterstock_1283062879-1-scaled.jpg\",\"width\":2560,\"height\":1827},{\"@type\":\"BreadcrumbList\",\"@id\":\"https:\\\/\\\/www.humanium.org\\\/fr\\\/le-principe-de-non-discrimination\\\/#breadcrumb\",\"itemListElement\":[{\"@type\":\"ListItem\",\"position\":1,\"name\":\"Home\",\"item\":\"https:\\\/\\\/www.humanium.org\\\/fr\\\/\"},{\"@type\":\"ListItem\",\"position\":2,\"name\":\"Le principe de non-discrimination\"}]},{\"@type\":\"WebSite\",\"@id\":\"https:\\\/\\\/www.humanium.org\\\/fr\\\/#website\",\"url\":\"https:\\\/\\\/www.humanium.org\\\/fr\\\/\",\"name\":\"Humanium\",\"description\":\"Les enfants d\u2019abord !\",\"potentialAction\":[{\"@type\":\"SearchAction\",\"target\":{\"@type\":\"EntryPoint\",\"urlTemplate\":\"https:\\\/\\\/www.humanium.org\\\/fr\\\/?s={search_term_string}\"},\"query-input\":{\"@type\":\"PropertyValueSpecification\",\"valueRequired\":true,\"valueName\":\"search_term_string\"}}],\"inLanguage\":\"fr-FR\"}]}<\/script>\n<!-- \/ Yoast SEO plugin. -->","yoast_head_json":{"title":"Le principe de non-discrimination - Humanium","description":"L\u2019\u00e9galit\u00e9 est un principe profond\u00e9ment ancr\u00e9 dans la moralit\u00e9 humaine et prot\u00e9g\u00e9e par le principe de la non-discrimination.","robots":{"index":"index","follow":"follow","max-snippet":"max-snippet:-1","max-image-preview":"max-image-preview:large","max-video-preview":"max-video-preview:-1"},"canonical":"https:\/\/www.humanium.org\/fr\/le-principe-de-non-discrimination\/","og_locale":"fr_FR","og_type":"article","og_title":"Le principe de non-discrimination - Humanium","og_description":"L\u2019\u00e9galit\u00e9 est un principe profond\u00e9ment ancr\u00e9 dans la moralit\u00e9 humaine et prot\u00e9g\u00e9e par le principe de la non-discrimination.","og_url":"https:\/\/www.humanium.org\/fr\/le-principe-de-non-discrimination\/","og_site_name":"Humanium","article_modified_time":"2025-12-06T15:32:56+00:00","og_image":[{"width":2560,"height":1827,"url":"https:\/\/www.humanium.org\/fr\/wp-content\/uploads\/2021\/05\/shutterstock_1283062879-1-scaled.jpg","type":"image\/jpeg"}],"twitter_card":"summary_large_image","twitter_misc":{"Dur\u00e9e de lecture estim\u00e9e":"4 minutes"},"schema":{"@context":"https:\/\/schema.org","@graph":[{"@type":"WebPage","@id":"https:\/\/www.humanium.org\/fr\/le-principe-de-non-discrimination\/","url":"https:\/\/www.humanium.org\/fr\/le-principe-de-non-discrimination\/","name":"Le principe de non-discrimination - Humanium","isPartOf":{"@id":"https:\/\/www.humanium.org\/fr\/#website"},"primaryImageOfPage":{"@id":"https:\/\/www.humanium.org\/fr\/le-principe-de-non-discrimination\/#primaryimage"},"image":{"@id":"https:\/\/www.humanium.org\/fr\/le-principe-de-non-discrimination\/#primaryimage"},"thumbnailUrl":"https:\/\/www.humanium.org\/fr\/wp-content\/uploads\/2021\/05\/shutterstock_1283062879-1-scaled.jpg","datePublished":"2021-05-02T16:04:23+00:00","dateModified":"2025-12-06T15:32:56+00:00","description":"L\u2019\u00e9galit\u00e9 est un principe profond\u00e9ment ancr\u00e9 dans la moralit\u00e9 humaine et prot\u00e9g\u00e9e par le principe de la non-discrimination.","breadcrumb":{"@id":"https:\/\/www.humanium.org\/fr\/le-principe-de-non-discrimination\/#breadcrumb"},"inLanguage":"fr-FR","potentialAction":[{"@type":"ReadAction","target":["https:\/\/www.humanium.org\/fr\/le-principe-de-non-discrimination\/"]}]},{"@type":"ImageObject","inLanguage":"fr-FR","@id":"https:\/\/www.humanium.org\/fr\/le-principe-de-non-discrimination\/#primaryimage","url":"https:\/\/www.humanium.org\/fr\/wp-content\/uploads\/2021\/05\/shutterstock_1283062879-1-scaled.jpg","contentUrl":"https:\/\/www.humanium.org\/fr\/wp-content\/uploads\/2021\/05\/shutterstock_1283062879-1-scaled.jpg","width":2560,"height":1827},{"@type":"BreadcrumbList","@id":"https:\/\/www.humanium.org\/fr\/le-principe-de-non-discrimination\/#breadcrumb","itemListElement":[{"@type":"ListItem","position":1,"name":"Home","item":"https:\/\/www.humanium.org\/fr\/"},{"@type":"ListItem","position":2,"name":"Le principe de non-discrimination"}]},{"@type":"WebSite","@id":"https:\/\/www.humanium.org\/fr\/#website","url":"https:\/\/www.humanium.org\/fr\/","name":"Humanium","description":"Les enfants d\u2019abord !","potentialAction":[{"@type":"SearchAction","target":{"@type":"EntryPoint","urlTemplate":"https:\/\/www.humanium.org\/fr\/?s={search_term_string}"},"query-input":{"@type":"PropertyValueSpecification","valueRequired":true,"valueName":"search_term_string"}}],"inLanguage":"fr-FR"}]}},"_links":{"self":[{"href":"https:\/\/www.humanium.org\/fr\/wp-json\/wp\/v2\/pages\/50168","targetHints":{"allow":["GET"]}}],"collection":[{"href":"https:\/\/www.humanium.org\/fr\/wp-json\/wp\/v2\/pages"}],"about":[{"href":"https:\/\/www.humanium.org\/fr\/wp-json\/wp\/v2\/types\/page"}],"author":[{"embeddable":true,"href":"https:\/\/www.humanium.org\/fr\/wp-json\/wp\/v2\/users\/22"}],"replies":[{"embeddable":true,"href":"https:\/\/www.humanium.org\/fr\/wp-json\/wp\/v2\/comments?post=50168"}],"version-history":[{"count":4,"href":"https:\/\/www.humanium.org\/fr\/wp-json\/wp\/v2\/pages\/50168\/revisions"}],"predecessor-version":[{"id":60305,"href":"https:\/\/www.humanium.org\/fr\/wp-json\/wp\/v2\/pages\/50168\/revisions\/60305"}],"wp:featuredmedia":[{"embeddable":true,"href":"https:\/\/www.humanium.org\/fr\/wp-json\/wp\/v2\/media\/50171"}],"wp:attachment":[{"href":"https:\/\/www.humanium.org\/fr\/wp-json\/wp\/v2\/media?parent=50168"}],"curies":[{"name":"wp","href":"https:\/\/api.w.org\/{rel}","templated":true}]}}