{"id":5027,"date":"2010-08-27T13:32:55","date_gmt":"2010-08-27T13:32:55","guid":{"rendered":"http:\/\/www.humanium.org\/fr\/"},"modified":"2017-10-04T11:09:40","modified_gmt":"2017-10-04T11:09:40","slug":"genese-comite-droits-enfant","status":"publish","type":"page","link":"https:\/\/www.humanium.org\/fr\/genese-comite-droits-enfant\/","title":{"rendered":"Le Comit\u00e9 des droits de l&rsquo;enfant : Gen\u00e8se et fonctionnement"},"content":{"rendered":"<h1>Le Comit\u00e9 des droits de l&rsquo;enfant<\/h1>\n<h2>Gen\u00e8se et fonctionnement<\/h2>\n<p><strong>Le Comit\u00e9 des droits de l\u2019enfant est l\u2019organe de contr\u00f4le de la mise en \u0153uvre de la <a href=\"https:\/\/www.humanium.org\/fr\/texte-integral-convention-internationale-relative-droits-enfant-1989\/\">Convention relative aux droits de l\u2019enfant<\/a>. Le Comit\u00e9 a \u00e9t\u00e9 cr\u00e9\u00e9 par la Convention et a vu le jour le 27 f\u00e9vrier 1991. <\/strong><\/p>\n<h3>Cr\u00e9ation du Comit\u00e9<\/h3>\n<p><img loading=\"lazy\" decoding=\"async\" class=\"size-full wp-image-5042 alignright\" title=\"Le Comit\u00e9 a pour r\u00f4le d'assurer le respect de la Convention des droits de l'enfant - \u00a9 UN\" src=\"https:\/\/www.humanium.org\/fr\/wp-content\/uploads\/16-UN-Photo-x1.jpg\" alt=\"\" width=\"165\" height=\"210\" \/>Lors de l\u2019\u00e9laboration de la convention dans les ann\u00e9es 80, la Pologne avait propos\u00e9 d\u2019\u00e9tablir un m\u00e9canisme de surveillance qui imposerait aux \u00c9tats de transmettre r\u00e9guli\u00e8rement des rapports au Conseil \u00c9conomique et Social des Nations Unies. Cette proposition ne fut pas retenue mais lan\u00e7a l\u2019id\u00e9e d&rsquo;un Comit\u00e9 des droits de l\u2019enfant qui serait l\u2019organe exclusivement consacr\u00e9 \u00e0 cet objectif.<\/p>\n<p>Ainsi, le projet de la Convention fut compl\u00e9t\u00e9 par\u00a0 3 articles pr\u00e9voyant la cr\u00e9ation de ce Comit\u00e9, ainsi que sa composition, son fonctionnement et son r\u00f4le.<\/p>\n<p>Lorsque la Convention est adopt\u00e9e, le 20 novembre 1989, d\u00e9marre alors le processus d\u2019\u00e9lection des membres du Comit\u00e9. Les repr\u00e9sentants des \u00c9tats parties \u00e0 la Convention sont convoqu\u00e9s pour \u00e9lire les membres du Comit\u00e9 des droits de l&rsquo;enfant.<br \/>\nLe 27 f\u00e9vrier 1991, le Comit\u00e9 est install\u00e9 et est investi de ses fonctions.<\/p>\n<h3>Composition et fonctionnement du Comit\u00e9.<\/h3>\n<p>L\u2019article 43 de la <a href=\"https:\/\/www.humanium.org\/fr\/texte-integral-convention-internationale-relative-droits-enfant-1989\/\">Convention internationale des Droits de l\u2019Enfant<\/a>, pr\u00e9voit la composition et le fonctionnement du Comit\u00e9 des Droits de l\u2019Enfant :<\/p>\n<p>Le Comit\u00e9 est un organe international ind\u00e9pendant qui contr\u00f4le l\u2019application de la Convention relative aux Droits de l\u2019Enfant par les \u00c9tats parties. Il est compos\u00e9 de 18 experts ind\u00e9pendants de haute moralit\u00e9 et poss\u00e9dant une comp\u00e9tence reconnue dans le domaine des droits de l\u2019enfant.<\/p>\n<p><img loading=\"lazy\" decoding=\"async\" class=\"size-full wp-image-5037 aligncenter\" title=\"Les membres actuels du Comit\u00e9 des droits de l'enfant - \u00a9 UN\" src=\"https:\/\/www.humanium.org\/fr\/wp-content\/uploads\/un-crc.jpg\" alt=\"\" width=\"300\" height=\"141\" \/><br \/>\nLe Comit\u00e9 tient chaque ann\u00e9e 3 sessions \u00e0 Gen\u00e8ve, d\u2019une dur\u00e9e de trois semaines (Janvier, Mai et Septembre).<\/p>\n<p>Le Comit\u00e9 rempli son r\u00f4le de garant de la convention notamment en assistant les \u00c9tats dans la mise en \u0153uvre de la convention, en collaborant avec les autres agences des Nations Unies et les organisations non-gouvernementales et en diffusant le plus largement possible des informations sur les droits de l\u2019enfant.<\/p>\n<p><strong>Voir aussi<\/strong><\/p>\n<ul>\n<li><a href=\"https:\/\/www.humanium.org\/fr\/comite-droits-enfant-examen-rapports-et-communications\/\">R\u00f4le et comp\u00e9tences du Comit\u00e9 &#8211; Examen des rapports et des communications<\/a><\/li>\n<li><a href=\"https:\/\/www.humanium.org\/fr\/comite-droits-enfant-observations-generales-et-journees-debat-general\/\">R\u00f4le et comp\u00e9tences du Comit\u00e9 &#8211; Observations G\u00e9n\u00e9rales et Journ\u00e9es de d\u00e9bat g\u00e9n\u00e9ral<\/a><\/li>\n<li><a href=\"https:\/\/www.humanium.org\/fr\/limites-comite-droits-enfant\/\">Limites du Comit\u00e9<\/a><\/li>\n<li><a href=\"https:\/\/www.humanium.org\/fr\/convention\/\">Convention relative aux droit de l&rsquo;enfant<\/a><\/li>\n<\/ul>\n<p><strong>Sources<\/strong><\/p>\n<ul>\n<li>Eugeen Verhellen, <em>La Convention relative aux droits de l&rsquo;enfant<\/em>, Garant, 1999<\/li>\n<li><a href=\"http:\/\/www2.ohchr.org\/french\/bodies\/crc\/\" target=\"_blank\" rel=\"noopener\">Haut-commissariat aux Droits de l&rsquo;Homme des Nations Unies, le Comit\u00e9 des droits de l&rsquo;enfant <\/a><\/li>\n<\/ul>\n<p><strong>Pour aller plus loin<\/strong><\/p>\n<ul>\n<li><a href=\"https:\/\/fr.wikipedia.org\/wiki\/Comit%C3%A9_des_droits_de_l%27enfant\" target=\"_blank\" rel=\"noopener\">Wikip\u00e9dia, Comit\u00e9 des droits de l&rsquo;enfant<\/a><\/li>\n<li>AIDH, Comit\u00e9 des droits de l&rsquo;enfant<\/li>\n<\/ul>\n","protected":false},"excerpt":{"rendered":"<p>Le Comit\u00e9 des droits de l&rsquo;enfant Gen\u00e8se et fonctionnement Le Comit\u00e9 des droits de l\u2019enfant est l\u2019organe de contr\u00f4le de la mise en \u0153uvre de la Convention relative aux droits de l\u2019enfant. Le Comit\u00e9 a \u00e9t\u00e9 cr\u00e9\u00e9 par la Convention et a vu le jour le 27 f\u00e9vrier 1991. Cr\u00e9ation du Comit\u00e9 Lors de l\u2019\u00e9laboration [&hellip;]<\/p>\n","protected":false},"author":65,"featured_media":0,"parent":0,"menu_order":0,"comment_status":"closed","ping_status":"closed","template":"","meta":{"footnotes":""},"class_list":["post-5027","page","type-page","status-publish","hentry"],"yoast_head":"<!-- This site is optimized with the Yoast SEO plugin v28.3 - https:\/\/yoast.com\/product\/yoast-seo-wordpress\/ -->\n<title>Le Comit\u00e9 des droits de l&#039;enfant : Gen\u00e8se et fonctionnement - Humanium<\/title>\n<meta name=\"robots\" content=\"index, follow, max-snippet:-1, max-image-preview:large, max-video-preview:-1\" \/>\n<link rel=\"canonical\" href=\"https:\/\/www.humanium.org\/fr\/genese-comite-droits-enfant\/\" \/>\n<meta property=\"og:locale\" content=\"fr_FR\" \/>\n<meta property=\"og:type\" content=\"article\" \/>\n<meta property=\"og:title\" content=\"Le Comit\u00e9 des droits de l&#039;enfant : Gen\u00e8se et fonctionnement - Humanium\" \/>\n<meta property=\"og:description\" content=\"Le Comit\u00e9 des droits de l&rsquo;enfant Gen\u00e8se et fonctionnement Le Comit\u00e9 des droits de l\u2019enfant est l\u2019organe de contr\u00f4le de la mise en \u0153uvre de la Convention relative aux droits de l\u2019enfant. Le Comit\u00e9 a \u00e9t\u00e9 cr\u00e9\u00e9 par la Convention et a vu le jour le 27 f\u00e9vrier 1991. Cr\u00e9ation du Comit\u00e9 Lors de l\u2019\u00e9laboration [&hellip;]\" \/>\n<meta property=\"og:url\" content=\"https:\/\/www.humanium.org\/fr\/genese-comite-droits-enfant\/\" \/>\n<meta property=\"og:site_name\" content=\"Humanium\" \/>\n<meta property=\"article:modified_time\" content=\"2017-10-04T11:09:40+00:00\" \/>\n<meta property=\"og:image\" content=\"https:\/\/www.humanium.org\/fr\/wp-content\/uploads\/16-UN-Photo-x1.jpg\" \/>\n<meta name=\"twitter:card\" content=\"summary_large_image\" \/>\n<meta name=\"twitter:label1\" content=\"Dur\u00e9e de lecture estim\u00e9e\" \/>\n\t<meta name=\"twitter:data1\" content=\"2 minutes\" \/>\n<script type=\"application\/ld+json\" class=\"yoast-schema-graph\">{\"@context\":\"https:\\\/\\\/schema.org\",\"@graph\":[{\"@type\":\"WebPage\",\"@id\":\"https:\\\/\\\/www.humanium.org\\\/fr\\\/genese-comite-droits-enfant\\\/\",\"url\":\"https:\\\/\\\/www.humanium.org\\\/fr\\\/genese-comite-droits-enfant\\\/\",\"name\":\"Le Comit\u00e9 des droits de l'enfant : Gen\u00e8se et fonctionnement - Humanium\",\"isPartOf\":{\"@id\":\"https:\\\/\\\/www.humanium.org\\\/fr\\\/#website\"},\"primaryImageOfPage\":{\"@id\":\"https:\\\/\\\/www.humanium.org\\\/fr\\\/genese-comite-droits-enfant\\\/#primaryimage\"},\"image\":{\"@id\":\"https:\\\/\\\/www.humanium.org\\\/fr\\\/genese-comite-droits-enfant\\\/#primaryimage\"},\"thumbnailUrl\":\"https:\\\/\\\/www.humanium.org\\\/fr\\\/wp-content\\\/uploads\\\/16-UN-Photo-x1.jpg\",\"datePublished\":\"2010-08-27T13:32:55+00:00\",\"dateModified\":\"2017-10-04T11:09:40+00:00\",\"breadcrumb\":{\"@id\":\"https:\\\/\\\/www.humanium.org\\\/fr\\\/genese-comite-droits-enfant\\\/#breadcrumb\"},\"inLanguage\":\"fr-FR\",\"potentialAction\":[{\"@type\":\"ReadAction\",\"target\":[\"https:\\\/\\\/www.humanium.org\\\/fr\\\/genese-comite-droits-enfant\\\/\"]}]},{\"@type\":\"ImageObject\",\"inLanguage\":\"fr-FR\",\"@id\":\"https:\\\/\\\/www.humanium.org\\\/fr\\\/genese-comite-droits-enfant\\\/#primaryimage\",\"url\":\"https:\\\/\\\/www.humanium.org\\\/fr\\\/wp-content\\\/uploads\\\/16-UN-Photo-x1.jpg\",\"contentUrl\":\"https:\\\/\\\/www.humanium.org\\\/fr\\\/wp-content\\\/uploads\\\/16-UN-Photo-x1.jpg\"},{\"@type\":\"BreadcrumbList\",\"@id\":\"https:\\\/\\\/www.humanium.org\\\/fr\\\/genese-comite-droits-enfant\\\/#breadcrumb\",\"itemListElement\":[{\"@type\":\"ListItem\",\"position\":1,\"name\":\"Home\",\"item\":\"https:\\\/\\\/www.humanium.org\\\/fr\\\/\"},{\"@type\":\"ListItem\",\"position\":2,\"name\":\"Le Comit\u00e9 des droits de l&rsquo;enfant : Gen\u00e8se et fonctionnement\"}]},{\"@type\":\"WebSite\",\"@id\":\"https:\\\/\\\/www.humanium.org\\\/fr\\\/#website\",\"url\":\"https:\\\/\\\/www.humanium.org\\\/fr\\\/\",\"name\":\"Humanium\",\"description\":\"Les enfants d\u2019abord !\",\"potentialAction\":[{\"@type\":\"SearchAction\",\"target\":{\"@type\":\"EntryPoint\",\"urlTemplate\":\"https:\\\/\\\/www.humanium.org\\\/fr\\\/?s={search_term_string}\"},\"query-input\":{\"@type\":\"PropertyValueSpecification\",\"valueRequired\":true,\"valueName\":\"search_term_string\"}}],\"inLanguage\":\"fr-FR\"}]}<\/script>\n<!-- \/ Yoast SEO plugin. -->","yoast_head_json":{"title":"Le Comit\u00e9 des droits de l'enfant : Gen\u00e8se et fonctionnement - Humanium","robots":{"index":"index","follow":"follow","max-snippet":"max-snippet:-1","max-image-preview":"max-image-preview:large","max-video-preview":"max-video-preview:-1"},"canonical":"https:\/\/www.humanium.org\/fr\/genese-comite-droits-enfant\/","og_locale":"fr_FR","og_type":"article","og_title":"Le Comit\u00e9 des droits de l'enfant : Gen\u00e8se et fonctionnement - Humanium","og_description":"Le Comit\u00e9 des droits de l&rsquo;enfant Gen\u00e8se et fonctionnement Le Comit\u00e9 des droits de l\u2019enfant est l\u2019organe de contr\u00f4le de la mise en \u0153uvre de la Convention relative aux droits de l\u2019enfant. Le Comit\u00e9 a \u00e9t\u00e9 cr\u00e9\u00e9 par la Convention et a vu le jour le 27 f\u00e9vrier 1991. Cr\u00e9ation du Comit\u00e9 Lors de l\u2019\u00e9laboration [&hellip;]","og_url":"https:\/\/www.humanium.org\/fr\/genese-comite-droits-enfant\/","og_site_name":"Humanium","article_modified_time":"2017-10-04T11:09:40+00:00","og_image":[{"url":"https:\/\/www.humanium.org\/fr\/wp-content\/uploads\/16-UN-Photo-x1.jpg","type":"","width":"","height":""}],"twitter_card":"summary_large_image","twitter_misc":{"Dur\u00e9e de lecture estim\u00e9e":"2 minutes"},"schema":{"@context":"https:\/\/schema.org","@graph":[{"@type":"WebPage","@id":"https:\/\/www.humanium.org\/fr\/genese-comite-droits-enfant\/","url":"https:\/\/www.humanium.org\/fr\/genese-comite-droits-enfant\/","name":"Le Comit\u00e9 des droits de l'enfant : Gen\u00e8se et fonctionnement - Humanium","isPartOf":{"@id":"https:\/\/www.humanium.org\/fr\/#website"},"primaryImageOfPage":{"@id":"https:\/\/www.humanium.org\/fr\/genese-comite-droits-enfant\/#primaryimage"},"image":{"@id":"https:\/\/www.humanium.org\/fr\/genese-comite-droits-enfant\/#primaryimage"},"thumbnailUrl":"https:\/\/www.humanium.org\/fr\/wp-content\/uploads\/16-UN-Photo-x1.jpg","datePublished":"2010-08-27T13:32:55+00:00","dateModified":"2017-10-04T11:09:40+00:00","breadcrumb":{"@id":"https:\/\/www.humanium.org\/fr\/genese-comite-droits-enfant\/#breadcrumb"},"inLanguage":"fr-FR","potentialAction":[{"@type":"ReadAction","target":["https:\/\/www.humanium.org\/fr\/genese-comite-droits-enfant\/"]}]},{"@type":"ImageObject","inLanguage":"fr-FR","@id":"https:\/\/www.humanium.org\/fr\/genese-comite-droits-enfant\/#primaryimage","url":"https:\/\/www.humanium.org\/fr\/wp-content\/uploads\/16-UN-Photo-x1.jpg","contentUrl":"https:\/\/www.humanium.org\/fr\/wp-content\/uploads\/16-UN-Photo-x1.jpg"},{"@type":"BreadcrumbList","@id":"https:\/\/www.humanium.org\/fr\/genese-comite-droits-enfant\/#breadcrumb","itemListElement":[{"@type":"ListItem","position":1,"name":"Home","item":"https:\/\/www.humanium.org\/fr\/"},{"@type":"ListItem","position":2,"name":"Le Comit\u00e9 des droits de l&rsquo;enfant : Gen\u00e8se et fonctionnement"}]},{"@type":"WebSite","@id":"https:\/\/www.humanium.org\/fr\/#website","url":"https:\/\/www.humanium.org\/fr\/","name":"Humanium","description":"Les enfants d\u2019abord !","potentialAction":[{"@type":"SearchAction","target":{"@type":"EntryPoint","urlTemplate":"https:\/\/www.humanium.org\/fr\/?s={search_term_string}"},"query-input":{"@type":"PropertyValueSpecification","valueRequired":true,"valueName":"search_term_string"}}],"inLanguage":"fr-FR"}]}},"_links":{"self":[{"href":"https:\/\/www.humanium.org\/fr\/wp-json\/wp\/v2\/pages\/5027","targetHints":{"allow":["GET"]}}],"collection":[{"href":"https:\/\/www.humanium.org\/fr\/wp-json\/wp\/v2\/pages"}],"about":[{"href":"https:\/\/www.humanium.org\/fr\/wp-json\/wp\/v2\/types\/page"}],"author":[{"embeddable":true,"href":"https:\/\/www.humanium.org\/fr\/wp-json\/wp\/v2\/users\/65"}],"replies":[{"embeddable":true,"href":"https:\/\/www.humanium.org\/fr\/wp-json\/wp\/v2\/comments?post=5027"}],"version-history":[{"count":8,"href":"https:\/\/www.humanium.org\/fr\/wp-json\/wp\/v2\/pages\/5027\/revisions"}],"predecessor-version":[{"id":42783,"href":"https:\/\/www.humanium.org\/fr\/wp-json\/wp\/v2\/pages\/5027\/revisions\/42783"}],"wp:attachment":[{"href":"https:\/\/www.humanium.org\/fr\/wp-json\/wp\/v2\/media?parent=5027"}],"curies":[{"name":"wp","href":"https:\/\/api.w.org\/{rel}","templated":true}]}}