{"id":5076,"date":"2010-08-27T15:14:21","date_gmt":"2010-08-27T15:14:21","guid":{"rendered":"http:\/\/www.humanium.org\/fr\/"},"modified":"2017-10-04T11:09:40","modified_gmt":"2017-10-04T11:09:40","slug":"comite-droits-enfant-observations-generales-et-journees-debat-general","status":"publish","type":"page","link":"https:\/\/www.humanium.org\/fr\/comite-droits-enfant-observations-generales-et-journees-debat-general\/","title":{"rendered":"Le Comit\u00e9 des droits de l\u2019enfant : R\u00f4le et comp\u00e9tences \u2013 Observations G\u00e9n\u00e9rales et Journ\u00e9es de d\u00e9bat g\u00e9n\u00e9ral"},"content":{"rendered":"<h1>Le Comit\u00e9 des droits de l\u2019enfant<\/h1>\n<h2>R\u00f4le et comp\u00e9tences \u2013 Observations G\u00e9n\u00e9rales et Journ\u00e9es de d\u00e9bat g\u00e9n\u00e9ral<\/h2>\n<p><strong>Au-del\u00e0 de l\u2019examen des rapports et des communications \u00e9tatiques, le Comit\u00e9 des droits de l\u2019enfant publie des Observations G\u00e9n\u00e9rales et organise des Journ\u00e9es de d\u00e9bat g\u00e9n\u00e9ral.<br \/>\n<\/strong><br \/>\n&nbsp;<\/p>\n<h3>Les Observations G\u00e9n\u00e9rales<\/h3>\n<p><img loading=\"lazy\" decoding=\"async\" class=\"alignleft size-full wp-image-5542\" title=\"Les Observations G\u00e9n\u00e9rales permettent d'expliquer le sens et les objectifs de certains droits consacr\u00e9s par la Convention - \u00a9 UNESCO\/P.Calinescu\" src=\"https:\/\/www.humanium.org\/fr\/wp-content\/uploads\/UNESCO-P-Calinescu-11.jpg\" alt=\"\" width=\"189\" height=\"126\" \/>Le Comit\u00e9 des droits de l\u2019enfant formule des interpr\u00e9tations sur certaines dispositions de la <a href=\"https:\/\/www.humanium.org\/fr\/texte-integral-convention-internationale-relative-droits-enfant-1989\/\">Convention relative aux droits de l&rsquo;enfant<\/a>, pour expliquer le sens de certains droits et ainsi guider les \u00c9tats dans leur mise en \u0153uvre.<\/p>\n<p>Ces interpr\u00e9tations sont publi\u00e9es sous la forme d\u2019Observations g\u00e9n\u00e9rales.\u00a0\u00c0 l\u2019heure actuelle, le Comit\u00e9 \u00e0 publi\u00e9 12 Observations g\u00e9n\u00e9rales (1) :<\/p>\n<ul>\n<li>2001 : Observation g\u00e9n\u00e9rale n\u00b01 \u00ab Les buts de l&rsquo;\u00e9ducation \u00bb<\/li>\n<li>2002 : Observation g\u00e9n\u00e9rale n\u00b02 \u00ab Le r\u00f4le des institutions nationales ind\u00e9pendantes de d\u00e9fense des droits de l&rsquo;homme \u00bb<\/li>\n<li>2003 : Observation g\u00e9n\u00e9rale n\u00b03 \u00ab Le VIH\/sida et les droits de l&rsquo;enfant \u00bb<\/li>\n<li>2003 : Observation g\u00e9n\u00e9rale n\u00b04 \u00ab La sant\u00e9 et le d\u00e9veloppement de l&rsquo;adolescent \u00bb<\/li>\n<li>2003 : Observation g\u00e9n\u00e9rale n\u00b05 \u00abMesures d&rsquo;application g\u00e9n\u00e9rales de la Convention relative aux droits de l&rsquo;enfant \u00bb<\/li>\n<li>2005 : Observation g\u00e9n\u00e9rale n\u00b06 \u00abTraitement des enfants non accompagn\u00e9s et des enfants s\u00e9par\u00e9s en dehors de leur pays d&rsquo;origine \u00bb<\/li>\n<li>2005 : Observation g\u00e9n\u00e9rale n\u00b07 \u00abMise en \u0153uvre des droits de l&rsquo;enfant dans la petite enfance \u00bb<\/li>\n<li>2005 : Observation g\u00e9n\u00e9rale n\u00b08 \u00abLe droit de l&rsquo;enfant \u00e0 une protection contre les ch\u00e2timents corporels et les autres formes cruelles ou d\u00e9gradantes de ch\u00e2timents \u00bb<\/li>\n<li>2006 : Observation g\u00e9n\u00e9rale n\u00b0 9 \u00ab Les droits des enfants handicap\u00e9s \u00bb<\/li>\n<li>2007 : Observation g\u00e9n\u00e9rale n\u00b010 \u00ab Les droits de l&rsquo;enfant dans le syst\u00e8me de justice pour mineurs \u00bb<\/li>\n<li>2009 : Observation g\u00e9n\u00e9rale n\u00b011 \u00ab Les enfants autochtones et leurs droits en vertu de la Convention \u00bb<\/li>\n<li>2009 : Observation g\u00e9n\u00e9rale n\u00b012 \u00ab Le droit de l&rsquo;enfant d&rsquo;\u00eatre entendu \u00bb<\/li>\n<\/ul>\n<p>&nbsp;<\/p>\n<h3>Les Journ\u00e9es de d\u00e9bat g\u00e9n\u00e9ral<\/h3>\n<p><img loading=\"lazy\" decoding=\"async\" class=\"alignright size-full wp-image-5539\" title=\"Lors des Journ\u00e9es de d\u00e9bat g\u00e9n\u00e9ral, certains th\u00e8mes et certaines dispositions de la Convention font l'objet de l'attention des experts - \u00a9 Humanium\" src=\"https:\/\/www.humanium.org\/fr\/wp-content\/uploads\/100_15021.jpg\" alt=\"\" width=\"227\" height=\"180\" \/>Depuis 1992, le Comit\u00e9 des droits de l\u2019enfant tient chaque ann\u00e9e une journ\u00e9e de d\u00e9bat g\u00e9n\u00e9ral.<\/p>\n<p>L\u2019objectif est de cette journ\u00e9e favoriser une meilleure compr\u00e9hension du contenu et des enjeux de la Convention s\u2019agissant de certaines dispositions ou certain th\u00e8me sp\u00e9cifique.<\/p>\n<p>Lors de cette journ\u00e9e, des d\u00e9bats publics sont organis\u00e9s avec tous les acteurs agissant pour la promotion et la protection des droits de l\u2019enfant de participer.<\/p>\n<p>Ainsi sont convi\u00e9s les repr\u00e9sentants des gouvernements, d\u2019organisations non gouvernementales, des m\u00e9canismes des Nations Unies relatifs aux droits de l\u2019homme et d\u2019organes sp\u00e9cialis\u00e9es des Nations Unies, ainsi que des experts.<br \/>\nA la fin de cette journ\u00e9e, le Comit\u00e9 adopte une recommandation qui r\u00e9sume l\u2019ensemble des questions soulev\u00e9e et les r\u00e9ponses apport\u00e9es (2).<br \/>\n&nbsp;<br \/>\n<strong>Voir aussi<\/strong><\/p>\n<ul>\n<li><a href=\"https:\/\/www.humanium.org\/fr\/comite-droits-enfant-examen-rapports-et-communications\/\">R\u00f4le et comp\u00e9tences du Comit\u00e9 &#8211; Examen des rapports et des communications<\/a><\/li>\n<li><a href=\"https:\/\/www.humanium.org\/fr\/genese-comite-droits-enfant\/\">Gen\u00e8se et fonctionnement du Comit\u00e9<\/a><\/li>\n<li><a href=\"https:\/\/www.humanium.org\/fr\/comite-droits-enfant-examen-rapports-et-communications\/\">Limites du Comit\u00e9<\/a><\/li>\n<li><a href=\"https:\/\/www.humanium.org\/fr\/convention\/\">Convention internationale relative aux droit de l&rsquo;enfant<\/a><\/li>\n<\/ul>\n<p>&nbsp;<\/p>\n<p><strong>Sources<\/strong><\/p>\n<div>\n<ul>\n<li>Eugeen Verhellen, <em>La Convention relative aux droits de l&rsquo;enfant<\/em>, Garant, 1999<\/li>\n<li style=\"text-align: left;\"><a href=\"http:\/\/www2.ohchr.org\/french\/bodies\/crc\/\" target=\"_blank\" rel=\"noopener\">Haut-commissariat aux Droits de l&rsquo;Homme des Nations Unies, le Comit\u00e9 des droits de l&rsquo;enfant <\/a><\/li>\n<li>(1) Haut-commissariat aux Droits de l&rsquo;Homme des Nations Unies, le Comit\u00e9 des droits de l&rsquo;enfant, Liste des Observations G\u00e9n\u00e9rales<\/li>\n<li>(2) Haut-commissariat aux Droits de l&rsquo;Homme des Nations Unies, le Comit\u00e9 des droits de l&rsquo;enfant, Liste des th\u00e8mes abord\u00e9s lors des Journ\u00e9es de d\u00e9bats g\u00e9n\u00e9ral<\/li>\n<\/ul>\n<p><strong>Pour aller plus loin<\/strong><\/p>\n<ul>\n<li>Tout (ou presque) sur les Droits de l\u2019enfant ;<\/li>\n<li><a href=\"https:\/\/fr.wikipedia.org\/wiki\/Comit%C3%A9_des_droits_de_l%27enfant\" target=\"_blank\" rel=\"noopener\">Wikip\u00e9dia, Comit\u00e9 des droits de l\u2019enfant ;<\/a><\/li>\n<li>AIDH, Comit\u00e9 des droits de l\u2019enfant .<\/li>\n<\/ul>\n<\/div>\n","protected":false},"excerpt":{"rendered":"<p>Le Comit\u00e9 des droits de l\u2019enfant R\u00f4le et comp\u00e9tences \u2013 Observations G\u00e9n\u00e9rales et Journ\u00e9es de d\u00e9bat g\u00e9n\u00e9ral Au-del\u00e0 de l\u2019examen des rapports et des communications \u00e9tatiques, le Comit\u00e9 des droits de l\u2019enfant publie des Observations G\u00e9n\u00e9rales et organise des Journ\u00e9es de d\u00e9bat g\u00e9n\u00e9ral. &nbsp; Les Observations G\u00e9n\u00e9rales Le Comit\u00e9 des droits de l\u2019enfant formule des [&hellip;]<\/p>\n","protected":false},"author":65,"featured_media":0,"parent":0,"menu_order":0,"comment_status":"closed","ping_status":"closed","template":"","meta":{"footnotes":""},"class_list":["post-5076","page","type-page","status-publish","hentry"],"yoast_head":"<!-- This site is optimized with the Yoast SEO plugin v28.3 - https:\/\/yoast.com\/product\/yoast-seo-wordpress\/ -->\n<title>Le Comit\u00e9 des droits de l\u2019enfant : R\u00f4le et comp\u00e9tences \u2013 Observations G\u00e9n\u00e9rales et Journ\u00e9es de d\u00e9bat g\u00e9n\u00e9ral - Humanium<\/title>\n<meta name=\"robots\" content=\"index, follow, max-snippet:-1, max-image-preview:large, max-video-preview:-1\" \/>\n<link rel=\"canonical\" href=\"https:\/\/www.humanium.org\/fr\/comite-droits-enfant-observations-generales-et-journees-debat-general\/\" \/>\n<meta property=\"og:locale\" content=\"fr_FR\" \/>\n<meta property=\"og:type\" content=\"article\" \/>\n<meta property=\"og:title\" content=\"Le Comit\u00e9 des droits de l\u2019enfant : R\u00f4le et comp\u00e9tences \u2013 Observations G\u00e9n\u00e9rales et Journ\u00e9es de d\u00e9bat g\u00e9n\u00e9ral - Humanium\" \/>\n<meta property=\"og:description\" content=\"Le Comit\u00e9 des droits de l\u2019enfant R\u00f4le et comp\u00e9tences \u2013 Observations G\u00e9n\u00e9rales et Journ\u00e9es de d\u00e9bat g\u00e9n\u00e9ral Au-del\u00e0 de l\u2019examen des rapports et des communications \u00e9tatiques, le Comit\u00e9 des droits de l\u2019enfant publie des Observations G\u00e9n\u00e9rales et organise des Journ\u00e9es de d\u00e9bat g\u00e9n\u00e9ral. &nbsp; Les Observations G\u00e9n\u00e9rales Le Comit\u00e9 des droits de l\u2019enfant formule des [&hellip;]\" \/>\n<meta property=\"og:url\" content=\"https:\/\/www.humanium.org\/fr\/comite-droits-enfant-observations-generales-et-journees-debat-general\/\" \/>\n<meta property=\"og:site_name\" content=\"Humanium\" \/>\n<meta property=\"article:modified_time\" content=\"2017-10-04T11:09:40+00:00\" \/>\n<meta property=\"og:image\" content=\"https:\/\/www.humanium.org\/fr\/wp-content\/uploads\/UNESCO-P-Calinescu-11.jpg\" \/>\n<meta name=\"twitter:card\" content=\"summary_large_image\" \/>\n<meta name=\"twitter:label1\" content=\"Dur\u00e9e de lecture estim\u00e9e\" \/>\n\t<meta name=\"twitter:data1\" content=\"3 minutes\" \/>\n<script type=\"application\/ld+json\" class=\"yoast-schema-graph\">{\"@context\":\"https:\\\/\\\/schema.org\",\"@graph\":[{\"@type\":\"WebPage\",\"@id\":\"https:\\\/\\\/www.humanium.org\\\/fr\\\/comite-droits-enfant-observations-generales-et-journees-debat-general\\\/\",\"url\":\"https:\\\/\\\/www.humanium.org\\\/fr\\\/comite-droits-enfant-observations-generales-et-journees-debat-general\\\/\",\"name\":\"Le Comit\u00e9 des droits de l\u2019enfant : R\u00f4le et comp\u00e9tences \u2013 Observations G\u00e9n\u00e9rales et Journ\u00e9es de d\u00e9bat g\u00e9n\u00e9ral - Humanium\",\"isPartOf\":{\"@id\":\"https:\\\/\\\/www.humanium.org\\\/fr\\\/#website\"},\"primaryImageOfPage\":{\"@id\":\"https:\\\/\\\/www.humanium.org\\\/fr\\\/comite-droits-enfant-observations-generales-et-journees-debat-general\\\/#primaryimage\"},\"image\":{\"@id\":\"https:\\\/\\\/www.humanium.org\\\/fr\\\/comite-droits-enfant-observations-generales-et-journees-debat-general\\\/#primaryimage\"},\"thumbnailUrl\":\"https:\\\/\\\/www.humanium.org\\\/fr\\\/wp-content\\\/uploads\\\/UNESCO-P-Calinescu-11.jpg\",\"datePublished\":\"2010-08-27T15:14:21+00:00\",\"dateModified\":\"2017-10-04T11:09:40+00:00\",\"breadcrumb\":{\"@id\":\"https:\\\/\\\/www.humanium.org\\\/fr\\\/comite-droits-enfant-observations-generales-et-journees-debat-general\\\/#breadcrumb\"},\"inLanguage\":\"fr-FR\",\"potentialAction\":[{\"@type\":\"ReadAction\",\"target\":[\"https:\\\/\\\/www.humanium.org\\\/fr\\\/comite-droits-enfant-observations-generales-et-journees-debat-general\\\/\"]}]},{\"@type\":\"ImageObject\",\"inLanguage\":\"fr-FR\",\"@id\":\"https:\\\/\\\/www.humanium.org\\\/fr\\\/comite-droits-enfant-observations-generales-et-journees-debat-general\\\/#primaryimage\",\"url\":\"https:\\\/\\\/www.humanium.org\\\/fr\\\/wp-content\\\/uploads\\\/UNESCO-P-Calinescu-11.jpg\",\"contentUrl\":\"https:\\\/\\\/www.humanium.org\\\/fr\\\/wp-content\\\/uploads\\\/UNESCO-P-Calinescu-11.jpg\"},{\"@type\":\"BreadcrumbList\",\"@id\":\"https:\\\/\\\/www.humanium.org\\\/fr\\\/comite-droits-enfant-observations-generales-et-journees-debat-general\\\/#breadcrumb\",\"itemListElement\":[{\"@type\":\"ListItem\",\"position\":1,\"name\":\"Home\",\"item\":\"https:\\\/\\\/www.humanium.org\\\/fr\\\/\"},{\"@type\":\"ListItem\",\"position\":2,\"name\":\"Le Comit\u00e9 des droits de l\u2019enfant : R\u00f4le et comp\u00e9tences \u2013 Observations G\u00e9n\u00e9rales et Journ\u00e9es de d\u00e9bat g\u00e9n\u00e9ral\"}]},{\"@type\":\"WebSite\",\"@id\":\"https:\\\/\\\/www.humanium.org\\\/fr\\\/#website\",\"url\":\"https:\\\/\\\/www.humanium.org\\\/fr\\\/\",\"name\":\"Humanium\",\"description\":\"Les enfants d\u2019abord !\",\"potentialAction\":[{\"@type\":\"SearchAction\",\"target\":{\"@type\":\"EntryPoint\",\"urlTemplate\":\"https:\\\/\\\/www.humanium.org\\\/fr\\\/?s={search_term_string}\"},\"query-input\":{\"@type\":\"PropertyValueSpecification\",\"valueRequired\":true,\"valueName\":\"search_term_string\"}}],\"inLanguage\":\"fr-FR\"}]}<\/script>\n<!-- \/ Yoast SEO plugin. -->","yoast_head_json":{"title":"Le Comit\u00e9 des droits de l\u2019enfant : R\u00f4le et comp\u00e9tences \u2013 Observations G\u00e9n\u00e9rales et Journ\u00e9es de d\u00e9bat g\u00e9n\u00e9ral - Humanium","robots":{"index":"index","follow":"follow","max-snippet":"max-snippet:-1","max-image-preview":"max-image-preview:large","max-video-preview":"max-video-preview:-1"},"canonical":"https:\/\/www.humanium.org\/fr\/comite-droits-enfant-observations-generales-et-journees-debat-general\/","og_locale":"fr_FR","og_type":"article","og_title":"Le Comit\u00e9 des droits de l\u2019enfant : R\u00f4le et comp\u00e9tences \u2013 Observations G\u00e9n\u00e9rales et Journ\u00e9es de d\u00e9bat g\u00e9n\u00e9ral - Humanium","og_description":"Le Comit\u00e9 des droits de l\u2019enfant R\u00f4le et comp\u00e9tences \u2013 Observations G\u00e9n\u00e9rales et Journ\u00e9es de d\u00e9bat g\u00e9n\u00e9ral Au-del\u00e0 de l\u2019examen des rapports et des communications \u00e9tatiques, le Comit\u00e9 des droits de l\u2019enfant publie des Observations G\u00e9n\u00e9rales et organise des Journ\u00e9es de d\u00e9bat g\u00e9n\u00e9ral. &nbsp; Les Observations G\u00e9n\u00e9rales Le Comit\u00e9 des droits de l\u2019enfant formule des [&hellip;]","og_url":"https:\/\/www.humanium.org\/fr\/comite-droits-enfant-observations-generales-et-journees-debat-general\/","og_site_name":"Humanium","article_modified_time":"2017-10-04T11:09:40+00:00","og_image":[{"url":"https:\/\/www.humanium.org\/fr\/wp-content\/uploads\/UNESCO-P-Calinescu-11.jpg","type":"","width":"","height":""}],"twitter_card":"summary_large_image","twitter_misc":{"Dur\u00e9e de lecture estim\u00e9e":"3 minutes"},"schema":{"@context":"https:\/\/schema.org","@graph":[{"@type":"WebPage","@id":"https:\/\/www.humanium.org\/fr\/comite-droits-enfant-observations-generales-et-journees-debat-general\/","url":"https:\/\/www.humanium.org\/fr\/comite-droits-enfant-observations-generales-et-journees-debat-general\/","name":"Le Comit\u00e9 des droits de l\u2019enfant : R\u00f4le et comp\u00e9tences \u2013 Observations G\u00e9n\u00e9rales et Journ\u00e9es de d\u00e9bat g\u00e9n\u00e9ral - Humanium","isPartOf":{"@id":"https:\/\/www.humanium.org\/fr\/#website"},"primaryImageOfPage":{"@id":"https:\/\/www.humanium.org\/fr\/comite-droits-enfant-observations-generales-et-journees-debat-general\/#primaryimage"},"image":{"@id":"https:\/\/www.humanium.org\/fr\/comite-droits-enfant-observations-generales-et-journees-debat-general\/#primaryimage"},"thumbnailUrl":"https:\/\/www.humanium.org\/fr\/wp-content\/uploads\/UNESCO-P-Calinescu-11.jpg","datePublished":"2010-08-27T15:14:21+00:00","dateModified":"2017-10-04T11:09:40+00:00","breadcrumb":{"@id":"https:\/\/www.humanium.org\/fr\/comite-droits-enfant-observations-generales-et-journees-debat-general\/#breadcrumb"},"inLanguage":"fr-FR","potentialAction":[{"@type":"ReadAction","target":["https:\/\/www.humanium.org\/fr\/comite-droits-enfant-observations-generales-et-journees-debat-general\/"]}]},{"@type":"ImageObject","inLanguage":"fr-FR","@id":"https:\/\/www.humanium.org\/fr\/comite-droits-enfant-observations-generales-et-journees-debat-general\/#primaryimage","url":"https:\/\/www.humanium.org\/fr\/wp-content\/uploads\/UNESCO-P-Calinescu-11.jpg","contentUrl":"https:\/\/www.humanium.org\/fr\/wp-content\/uploads\/UNESCO-P-Calinescu-11.jpg"},{"@type":"BreadcrumbList","@id":"https:\/\/www.humanium.org\/fr\/comite-droits-enfant-observations-generales-et-journees-debat-general\/#breadcrumb","itemListElement":[{"@type":"ListItem","position":1,"name":"Home","item":"https:\/\/www.humanium.org\/fr\/"},{"@type":"ListItem","position":2,"name":"Le Comit\u00e9 des droits de l\u2019enfant : R\u00f4le et comp\u00e9tences \u2013 Observations G\u00e9n\u00e9rales et Journ\u00e9es de d\u00e9bat g\u00e9n\u00e9ral"}]},{"@type":"WebSite","@id":"https:\/\/www.humanium.org\/fr\/#website","url":"https:\/\/www.humanium.org\/fr\/","name":"Humanium","description":"Les enfants d\u2019abord !","potentialAction":[{"@type":"SearchAction","target":{"@type":"EntryPoint","urlTemplate":"https:\/\/www.humanium.org\/fr\/?s={search_term_string}"},"query-input":{"@type":"PropertyValueSpecification","valueRequired":true,"valueName":"search_term_string"}}],"inLanguage":"fr-FR"}]}},"_links":{"self":[{"href":"https:\/\/www.humanium.org\/fr\/wp-json\/wp\/v2\/pages\/5076","targetHints":{"allow":["GET"]}}],"collection":[{"href":"https:\/\/www.humanium.org\/fr\/wp-json\/wp\/v2\/pages"}],"about":[{"href":"https:\/\/www.humanium.org\/fr\/wp-json\/wp\/v2\/types\/page"}],"author":[{"embeddable":true,"href":"https:\/\/www.humanium.org\/fr\/wp-json\/wp\/v2\/users\/65"}],"replies":[{"embeddable":true,"href":"https:\/\/www.humanium.org\/fr\/wp-json\/wp\/v2\/comments?post=5076"}],"version-history":[{"count":8,"href":"https:\/\/www.humanium.org\/fr\/wp-json\/wp\/v2\/pages\/5076\/revisions"}],"predecessor-version":[{"id":42785,"href":"https:\/\/www.humanium.org\/fr\/wp-json\/wp\/v2\/pages\/5076\/revisions\/42785"}],"wp:attachment":[{"href":"https:\/\/www.humanium.org\/fr\/wp-json\/wp\/v2\/media?parent=5076"}],"curies":[{"name":"wp","href":"https:\/\/api.w.org\/{rel}","templated":true}]}}