{"id":56,"date":"2010-06-30T02:43:01","date_gmt":"2010-06-30T02:43:01","guid":{"rendered":"http:\/\/www.humanium.org\/fr\/?page_id=56"},"modified":"2026-08-20T17:24:24","modified_gmt":"2026-08-20T17:24:24","slug":"droit-a-l-identite","status":"publish","type":"page","link":"https:\/\/www.humanium.org\/fr\/comprendre-droits-enfant\/droit-a-l-identite\/","title":{"rendered":"Le droit \u00e0 l\u2019identit\u00e9"},"content":{"rendered":"\n<p class=\"wp-block-paragraph\"><strong>Chaque enfant a depuis la naissance le droit \u00e0 <a href=\"https:\/\/www.humanium.org\/fr\/situation-monde\/droit-a-l-identite\/\">l\u2019identit\u00e9<\/a>. Ce <a href=\"https:\/\/www.humanium.org\/fr\/les-droits-de-l-enfant\/\">droit humain<\/a> fondamental rev\u00eat une importance particuli\u00e8re pour les enfants, car il consacre leur existence au sein de la soci\u00e9t\u00e9 et reconna\u00eet leur individualit\u00e9. L\u2019identit\u00e9 d\u2019un enfant comprend plusieurs \u00e9l\u00e9ments essentiels, tels que le pr\u00e9nom, le nom de famille, la date de naissance, le sexe et la nationalit\u00e9, qui contribuent tous \u00e0 la construction de son identit\u00e9 personnelle et \u00e0 sa place au sein de la communaut\u00e9. Reconna\u00eetre et prot\u00e9ger ce droit est essentiel afin d\u2019assurer le <a href=\"https:\/\/www.humanium.org\/fr\/le-bien-etre-mental-des-enfants\/\">bien-\u00eatre<\/a> et le <a href=\"https:\/\/www.humanium.org\/fr\/le-developpement-de-la-petite-enfance-la-fondation-pour-une-societe-durable-et-prospere\/\">d\u00e9veloppement<\/a> des enfants dans le monde entier.<\/strong><\/p>\n\n\n\n<figure class=\"wp-block-image size-large\"><img loading=\"lazy\" decoding=\"async\" width=\"1024\" height=\"578\" src=\"https:\/\/www.humanium.org\/fr\/wp-content\/uploads\/2025\/09\/shutterstock_2464725521-1024x578.jpg\" alt=\"\" class=\"wp-image-58956\" srcset=\"https:\/\/www.humanium.org\/fr\/wp-content\/uploads\/2025\/09\/shutterstock_2464725521-1024x578.jpg 1024w, https:\/\/www.humanium.org\/fr\/wp-content\/uploads\/2025\/09\/shutterstock_2464725521-300x169.jpg 300w, https:\/\/www.humanium.org\/fr\/wp-content\/uploads\/2025\/09\/shutterstock_2464725521-768x434.jpg 768w, https:\/\/www.humanium.org\/fr\/wp-content\/uploads\/2025\/09\/shutterstock_2464725521-1536x867.jpg 1536w, https:\/\/www.humanium.org\/fr\/wp-content\/uploads\/2025\/09\/shutterstock_2464725521-2048x1156.jpg 2048w, https:\/\/www.humanium.org\/fr\/wp-content\/uploads\/2025\/09\/shutterstock_2464725521-830x469.jpg 830w, https:\/\/www.humanium.org\/fr\/wp-content\/uploads\/2025\/09\/shutterstock_2464725521-230x130.jpg 230w, https:\/\/www.humanium.org\/fr\/wp-content\/uploads\/2025\/09\/shutterstock_2464725521-350x198.jpg 350w, https:\/\/www.humanium.org\/fr\/wp-content\/uploads\/2025\/09\/shutterstock_2464725521-480x271.jpg 480w\" sizes=\"auto, (max-width: 1024px) 100vw, 1024px\" \/><\/figure>\n\n\n\n<h2 class=\"wp-block-heading\"><strong>Comprendre les diff\u00e9rentes composantes de l\u2019identit\u00e9<\/strong><\/h2>\n\n\n\n<p class=\"wp-block-paragraph\">L\u2019identit\u00e9 d\u2019un enfant se composent des principaux \u00e9l\u00e9ments suivants&nbsp;:<\/p>\n\n\n\n<ol class=\"wp-block-list\">\n<li>Le pr\u00e9nom et le nom: d\u00e8s sa naissance, chaque enfant se voit attribuer un pr\u00e9nom et un nom (Child Rights International Network, s.d.&nbsp;; Nations unies, 1989). Les <a href=\"https:\/\/www.humanium.org\/fr\/famille-droits-enfant\/\">parents<\/a> ont la responsabilit\u00e9 de d\u00e9clarer ces informations, ainsi que la date de naissance de leur nouveau-n\u00e9 aux autorit\u00e9s comp\u00e9tentes (van der Straaten et al., 2013). Cet enregistrement reconnait l\u2019existence de l\u2019enfant et officialise son statut juridique (van der Straaten et al., 2013). De plus, gr\u00e2ce \u00e0 un nom et \u00e0 son inscription sur les registres d\u2019\u00e9tat civil, l\u2019enfant peut \u00e9tablir une filiation, c\u2019est-\u00e0-dire le lien de parent\u00e9 biologique avec son p\u00e8re et sa m\u00e8re.<\/li>\n<\/ol>\n\n\n\n<p class=\"wp-block-paragraph\">Le nom porte souvent un fort h\u00e9ritage culturel, familial ou religieux, liant l\u2019enfant \u00e0 ses origines et \u00e0 sa communaut\u00e9 (van der Straaten et al., 2013). Dans de nombreuses cultures, le choix du nom est accompagn\u00e9 d\u2019un rituel ou d\u2019une c\u00e9r\u00e9monie significative, mettant en \u00e9vidence l\u2019importance symbolique de cet \u00e9l\u00e9ment fondamental de l\u2019identit\u00e9.<\/p>\n\n\n\n<ol start=\"2\" class=\"wp-block-list\">\n<li>La nationalit\u00e9: d\u00e8s sa naissance, un enfant a droit \u00e0 une nationalit\u00e9, g\u00e9n\u00e9ralement celle de son pays de naissance ou de celui de ses parents (Child Rights International Network, s.d.&nbsp;; Nations unies, 1989). La nationalit\u00e9 peut \u00eatre acquise de deux mani\u00e8res principales&nbsp;:<\/li>\n<\/ol>\n\n\n\n<ul class=\"wp-block-list\">\n<li><em>Jus sanguinis<\/em> (le droit du sang)&nbsp;: L\u2019enfant h\u00e9rite de la nationalit\u00e9 de ses parents.<\/li>\n\n\n\n<li><em>Jus soli<\/em> (le droit du sol)&nbsp;: L\u2019enfant acquiert la nationalit\u00e9 de son pays de naissance, m\u00eame lorsque ses parents sont de nationalit\u00e9 \u00e9trang\u00e8re.<\/li>\n<\/ul>\n\n\n\n<p class=\"wp-block-paragraph\">La nationalit\u00e9, une fois confirm\u00e9e et enregistr\u00e9e par un acte de naissance, constitue un aspect fondamental de la vie d\u2019un individu et un attribut essentiel de la citoyennet\u00e9 (Nations unies, 1948). Elle \u00e9tablit le lien d\u2019un individu avec une nation et lui procure un sentiment d\u2019appartenance, une histoire personnelle, ainsi qu\u2019une compr\u00e9hension de sa place au sein de sa <a href=\"https:\/\/www.humanium.org\/fr\/famille-droits-enfant\/\">famille<\/a>, de sa communaut\u00e9 et, \u00e0 une \u00e9chelle plus large, du monde. <\/p>\n\n\n\n<p class=\"wp-block-paragraph\">Ce sentiment d\u2019appartenance est crucial pour le d\u00e9veloppement psychologique et \u00e9motionnel de l\u2019enfant, contribuant ainsi \u00e0 son bien-\u00eatre et \u00e0 l\u2019estime de soi. Le droit \u00e0 une nationalit\u00e9 est tout aussi essentiel, car il permet d\u2019\u00e9viter les situations <a href=\"https:\/\/www.humanium.org\/fr\/enfants-sans-identite\/\">d\u2019apatridie<\/a>, lesquelles peuvent priver l\u2019enfant de l\u2019acc\u00e8s \u00e0 des droits et services fondamentaux.<\/p>\n\n\n\n<ol start=\"3\" class=\"wp-block-list\">\n<li>Les relations familiales: cet \u00e9l\u00e9ment inclut le droit de conna\u00eetre ses parents et de recevoir leur \u00e9ducation, comme le stipule la <a href=\"https:\/\/www.humanium.org\/fr\/convention\/\">Convention internationale des droits de l\u2019enfant (CIDE)<\/a>, qui reconna\u00eet l\u2019impact profond des liens familiaux sur le d\u00e9veloppement de l\u2019enfant (Child Rights International Network, s.d.&nbsp;; Nations unis, 1989). Le concept d\u2019identit\u00e9 s\u2019\u00e9tend au-del\u00e0 de la famille imm\u00e9diate pour inclure les relations familiales \u00e9largies et, dans certaines cultures, l\u2019appartenance \u00e0 un clan ou \u00e0 une tribu.&nbsp;<\/li>\n<\/ol>\n\n\n\n<ol start=\"4\" class=\"wp-block-list\">\n<li>L\u2019identit\u00e9 culturelle: Chaque enfant a le droit de pr\u00e9server son patrimoine culturel, religieux et linguistique (Nations unies, 1989). Le droit de pratiquer sa <a href=\"https:\/\/www.humanium.org\/fr\/enfants-religions\/\">religion<\/a>, de parler sa langue maternelle et de participer \u00e0 des traditions culturelles sont des aspects tout aussi essentiels du droit \u00e0 l\u2019identit\u00e9 de l\u2019enfant (Apland et al., 2014). C\u2019est notamment le cas pour les enfants issus de <a href=\"https:\/\/www.humanium.org\/fr\/enfants-des-minorites\/\">minorit\u00e9s<\/a> ou de <a href=\"https:\/\/www.humanium.org\/fr\/les-enfants-autochtones\/\">communaut\u00e9s autochtones<\/a>, qui rencontrent souvent des difficult\u00e9s \u00e0 pr\u00e9server leur identit\u00e9 culturelle au sein de la soci\u00e9t\u00e9.<\/li>\n<\/ol>\n\n\n\n<h2 class=\"wp-block-heading\"><strong>Encadrement juridique du droit \u00e0 l\u2019identit\u00e9<\/strong><\/h2>\n\n\n\n<p class=\"wp-block-paragraph\">Le droit \u00e0 l\u2019identit\u00e9 est dot\u00e9 de plusieurs instruments juridiques internationaux.&nbsp;<\/p>\n\n\n\n<h3 class=\"wp-block-heading\"><strong>Convention internationale des droits de l\u2019enfant&nbsp;<\/strong><\/h3>\n\n\n\n<ul class=\"wp-block-list\">\n<li>Article 7: L\u2019enfant est enregistr\u00e9 juste apr\u00e8s sa naissance et a d\u00e8s celle-ci le droit d\u2019avoir un nom, d\u2019acqu\u00e9rir une nationalit\u00e9 et, dans la mesure du possible, de conna\u00eetre ses parents et d\u2019\u00eatre \u00e9lev\u00e9 par eux (Nations Unies, 1989).&nbsp;<\/li>\n\n\n\n<li>Article 8: Les \u00c9tats parties s\u2019engagent \u00e0 respecter le droit de l\u2019enfant \u00e0 pr\u00e9server son identit\u00e9, ce qui inclut sa nationalit\u00e9, son nom et ses relations familiales, tels qu\u2019ils sont reconnus par la loi, sans ing\u00e9rence ill\u00e9gale (Nations Unies, 1989). Si un enfant est ill\u00e9galement priv\u00e9 des \u00e9l\u00e9ments constitutifs de son identit\u00e9 ou de certains d\u2019entre eux, les \u00c9tats parties doivent lui accorder une assistance et une <a href=\"https:\/\/www.humanium.org\/fr\/comprendre-droits-enfant\/protection\/\">protection<\/a> appropri\u00e9es, afin que son identit\u00e9 soit r\u00e9tablie aussi rapidement que possible (Child Rights International Network, s.d.&nbsp;; Nations unies, 1989).<\/li>\n<\/ul>\n\n\n\n<h3 class=\"wp-block-heading\"><a href=\"https:\/\/www.humanium.org\/fr\/normes\/declaration-universelle-droits-homme-1948\/#:~:text=Les%20Droits%20de%20l%E2%80%99Homme%20sont,en%20dignit%C3%A9%20et%20en%20droits.%C2%A0%C2%BB\"><strong>D\u00e9claration Universelle des Droits de l\u2019Homme<\/strong><\/a><\/h3>\n\n\n\n<ul class=\"wp-block-list\">\n<li>Article 15: Tout individu a droit \u00e0 une nationalit\u00e9.<\/li>\n<\/ul>\n\n\n\n<h3 class=\"wp-block-heading\"><a href=\"https:\/\/www.humanium.org\/fr\/normes\/pactes-internationaux-1966\/texte-integral-pacte-international-droits-civils-politiques\/\"><strong>Pacte international relatif aux droits civils et politiques<\/strong><\/a><\/h3>\n\n\n\n<ul class=\"wp-block-list\">\n<li>Article 24: Tout enfant doit \u00eatre enregistr\u00e9 imm\u00e9diatement apr\u00e8s sa naissance, avoir un nom et a le droit d&rsquo;acqu\u00e9rir une nationalit\u00e9. (Nations unies, 1996).<\/li>\n<\/ul>\n\n\n\n<h3 class=\"wp-block-heading\"><strong>Identit\u00e9 juridique des enfants<\/strong><\/h3>\n\n\n<div class=\"wp-block-image\">\n<figure class=\"alignleft size-large is-resized\"><img loading=\"lazy\" decoding=\"async\" width=\"1024\" height=\"683\" src=\"https:\/\/www.humanium.org\/fr\/wp-content\/uploads\/2025\/09\/shutterstock_2674415893-1024x683.jpg\" alt=\"\" class=\"wp-image-58944\" style=\"width:316px;height:auto\" srcset=\"https:\/\/www.humanium.org\/fr\/wp-content\/uploads\/2025\/09\/shutterstock_2674415893-1024x683.jpg 1024w, https:\/\/www.humanium.org\/fr\/wp-content\/uploads\/2025\/09\/shutterstock_2674415893-300x200.jpg 300w, https:\/\/www.humanium.org\/fr\/wp-content\/uploads\/2025\/09\/shutterstock_2674415893-768x512.jpg 768w, https:\/\/www.humanium.org\/fr\/wp-content\/uploads\/2025\/09\/shutterstock_2674415893-1536x1024.jpg 1536w, https:\/\/www.humanium.org\/fr\/wp-content\/uploads\/2025\/09\/shutterstock_2674415893-2048x1365.jpg 2048w, https:\/\/www.humanium.org\/fr\/wp-content\/uploads\/2025\/09\/shutterstock_2674415893-830x553.jpg 830w, https:\/\/www.humanium.org\/fr\/wp-content\/uploads\/2025\/09\/shutterstock_2674415893-230x153.jpg 230w, https:\/\/www.humanium.org\/fr\/wp-content\/uploads\/2025\/09\/shutterstock_2674415893-350x233.jpg 350w, https:\/\/www.humanium.org\/fr\/wp-content\/uploads\/2025\/09\/shutterstock_2674415893-480x320.jpg 480w, https:\/\/www.humanium.org\/fr\/wp-content\/uploads\/2025\/09\/shutterstock_2674415893-272x182.jpg 272w\" sizes=\"auto, (max-width: 1024px) 100vw, 1024px\" \/><\/figure>\n<\/div>\n\n\n<p class=\"wp-block-paragraph\">L\u2019enregistrement d\u2019une naissance et l\u2019attribution d\u2019une nationalit\u00e9 \u00e0 un enfant lui conf\u00e8rent une reconnaissance juridique. Cela signifie qu\u2019il sera officiellement reconnu comme un membre de la soci\u00e9t\u00e9 avec des droits et des devoirs (Apland et al., 2014&nbsp;; Dambach, 2022). Cependant, des disparit\u00e9s importantes persistent dans certaines r\u00e9gions du monde, notamment <a href=\"https:\/\/www.humanium.org\/fr\/asie-pacifique\/\">l\u2019Asie du Sud<\/a> et <a href=\"https:\/\/www.humanium.org\/fr\/afrique\/\">l\u2019Afrique subsaharienne<\/a> qui comptent la majorit\u00e9 des enfants non enregistr\u00e9s (IN Groupe, s.d.). <\/p>\n\n\n\n<p class=\"wp-block-paragraph\">Sans documents d\u2019identit\u00e9 ou de naissance, un enfant peut se voir refuser <a href=\"https:\/\/www.humanium.org\/fr\/comprendre-droits-enfant\/droit-a-l-education\/\">l\u2019entr\u00e9e \u00e0 l\u2019\u00e9cole<\/a> ou l\u2019acc\u00e8s aux <a href=\"https:\/\/www.humanium.org\/fr\/comprendre-droits-enfant\/droit-a-la-sante\/\">soins m\u00e9dicaux<\/a>, ce qui a de graves r\u00e9percussions sur sa sant\u00e9 et ses chances de r\u00e9ussite future (UNICEF, 2019a). Dans de nombreux pays, l\u2019enregistrement d\u2019une naissance est une condition pr\u00e9alable \u00e0 l\u2019obtention d\u2019autres formes d\u2019identification, telles que la carte d\u2019identit\u00e9 nationale ou le passeport, qui sont souvent n\u00e9cessaires pour acc\u00e9der \u00e0 divers services et opportunit\u00e9s tout au long de la vie.<\/p>\n\n\n\n<p class=\"wp-block-paragraph\">Une identit\u00e9 l\u00e9gale garantit \u00e0 l\u2019enfant de recevoir une protection juridique adapt\u00e9e \u00e0 son \u00e2ge, essentielle en cas <a href=\"https:\/\/www.humanium.org\/fr\/la-maltraitance-des-enfants\/\">d\u2019abus<\/a>, <a href=\"https:\/\/www.humanium.org\/fr\/exploitation\/\">d\u2019exploitation<\/a> ou de <a href=\"https:\/\/www.humanium.org\/fr\/droit-des-mineurs\/\">conflit avec la loi<\/a> (Dambach, 2022). Par exemple, sans preuve de l\u2019\u00e2ge de l\u2019enfant, celui-ci peut \u00eatre consid\u00e9r\u00e9 comme un adulte par le <a href=\"https:\/\/www.humanium.org\/fr\/enfants-face-justice\/\">syst\u00e8me judiciaire<\/a>, ce qui lui retire les protections sp\u00e9ciales r\u00e9serv\u00e9es aux mineurs.<\/p>\n\n\n\n<h3 class=\"wp-block-heading\"><strong>Protection juridique&nbsp;<\/strong><\/h3>\n\n\n\n<p class=\"wp-block-paragraph\">Une identit\u00e9 l\u00e9galement reconnue donne \u00e0 un enfant acc\u00e8s \u00e0 la protection juridique assur\u00e9e par ses parents et l\u2019\u00c9tat. \u00c0 l\u2019inverse, un enfant qui n\u2019a pas d\u2019identit\u00e9 reconnue devient alors invisible aux yeux de la soci\u00e9t\u00e9 et de la loi. Il risque de ne pas b\u00e9n\u00e9ficier de la protection et des services sociaux essentiels \u00e0 son d\u00e9veloppement et son bien-\u00eatre. Ce manque de reconnaissance le rend vuln\u00e9rable \u00e0 de nombreuses formes de <a href=\"https:\/\/www.humanium.org\/fr\/la-maltraitance-des-enfants\/\">maltraitances<\/a> et exploitations (UNICEF, 2019a) telles que le <a href=\"https:\/\/www.humanium.org\/fr\/travail-des-enfants\/\">travail infantile<\/a>, <a href=\"https:\/\/www.humanium.org\/fr\/trafic-enfants\/\">la traite des enfants<\/a> et le <a href=\"https:\/\/www.humanium.org\/fr\/mariage-enfants\/\">mariage forc\u00e9<\/a> (van der Straaten et al., 2013).<\/p>\n\n\n\n<p class=\"wp-block-paragraph\">De plus, lorsqu\u2019un enfant est impliqu\u00e9 dans des actes de d\u00e9linquance, son identit\u00e9 l\u00e9gale lui permet d\u2019acc\u00e9der \u00e0 la justice p\u00e9nale des mineurs adapt\u00e9e \u00e0 son \u00e2ge, sa maturit\u00e9 et sa capacit\u00e9 de discernement. Cela permet \u00e9galement de prot\u00e9ger l\u2019enfant contre des peines disproportionn\u00e9es ou excessives, consid\u00e9r\u00e9es comme cruelles ou inadapt\u00e9es \u00e0 son \u00e2ge (Nations Unies, 1989). Par exemple, un enfant est prot\u00e9g\u00e9 contre la peine de mort ou <a href=\"https:\/\/www.humanium.org\/fr\/enfants-detenus\/\">l\u2019emprisonnement \u00e0 vie<\/a> sans possibilit\u00e9 de lib\u00e9ration conditionnelle, comme le stipule l\u2019article 37&nbsp;de la CIDE (Nations unies, 1989).&nbsp;<\/p>\n\n\n\n<p class=\"wp-block-paragraph\">Les Lignes directrices relatives \u00e0 la protection de remplacement pour les enfants, adopt\u00e9es par l\u2019Assembl\u00e9e g\u00e9n\u00e9rale des Nations Unies en 2009, rappellent l\u2019importance de disposer d\u2019une identit\u00e9 afin de b\u00e9n\u00e9ficier d\u2019une protection juridique (Assembl\u00e9e g\u00e9n\u00e9rale des Nations unies, 2009). Elles mettent en avant la n\u00e9cessit\u00e9 d\u2019\u00e9tablir des documents appropri\u00e9s et de pr\u00e9server l\u2019identit\u00e9 des enfants b\u00e9n\u00e9ficiant d\u2019une <a href=\"https:\/\/www.humanium.org\/fr\/orphelins\/\">protection de remplacement<\/a>, soulignant ainsi le r\u00f4le crucial d\u2019une identit\u00e9 dans la garantie d\u2019une prise en charge et d\u2019une protection adapt\u00e9es (Assembl\u00e9e g\u00e9n\u00e9rale des Nations unies, 2009).<\/p>\n\n\n\n<h2 class=\"wp-block-heading\"><strong>D\u00e9fis mondiaux<\/strong><\/h2>\n\n\n\n<h3 class=\"wp-block-heading\"><strong>Enregistrement des naissances<\/strong><\/h3>\n\n\n\n<p class=\"wp-block-paragraph\">L\u2019un des principaux d\u00e9fis pour garantir le droit \u00e0 l\u2019identit\u00e9 d\u2019un enfant est de parvenir \u00e0 l\u2019enregistrement universel des naissances. L\u2019importance de ces enregistrements a \u00e9t\u00e9 reconnue par les Objectifs de d\u00e9veloppement durable des Nations unies. Plus pr\u00e9cis\u00e9ment, l\u2019objectif 16.9 vise \u00e0 garantir que chaque individu dispose d\u2019une identit\u00e9 l\u00e9gale, avec l\u2019enregistrement des naissances comme \u00e9l\u00e9ment essentiel, d\u2019ici 2030 (Haut-Commissariat des Nations Unies pour les r\u00e9fugi\u00e9s [HCR], s.d.).<\/p>\n\n\n\n<p class=\"wp-block-paragraph\">Environ 237&nbsp;millions d\u2019enfants de moins de cinq ans n\u2019ont pas de certificat de naissance (UNICEF, 2019a, Veridos GmbH, 2023). En 2019, on estime que 166&nbsp;millions d\u2019enfants de ce groupe d\u2019\u00e2ge n\u2019ont pas \u00e9t\u00e9 enregistr\u00e9s \u00e0 la naissance (HCR, s.d.&nbsp;; UNICEF, 2019a). Dans la r\u00e9gion <a href=\"https:\/\/www.humanium.org\/fr\/asie-pacifique\/\">Asie-Pacifique<\/a> seule, on estime que 65&nbsp;millions d\u2019enfants de moins de cinq ans ne sont pas enregistr\u00e9s, et 97&nbsp;millions n\u2019ont pas de certificat de naissance, selon les donn\u00e9es de l\u2019UNICEF pour 2021 (Child Identity Protection, 2022). <\/p>\n\n\n\n<p class=\"wp-block-paragraph\">Ces chiffres soulignent les obstacles persistants qui entravent l\u2019acc\u00e8s universel au droit \u00e0 l\u2019identit\u00e9, notamment dans les pays en d\u00e9veloppement o\u00f9 les syst\u00e8mes d\u2019enregistrement sont souvent inad\u00e9quats, en raison de facteurs tels que les <a href=\"https:\/\/www.humanium.org\/fr\/enfants-deplaces\/\">d\u00e9placements de populations<\/a> li\u00e9s \u00e0 des <a href=\"https:\/\/www.humanium.org\/fr\/enfants-dans-la-guerre\/\">conflits<\/a> ou des <a href=\"https:\/\/www.humanium.org\/fr\/focus\/environnement\/urgence-climatique\/#:~:text=Chaque%20ann%C3%A9e%2C%20les,ph%C3%A9nom%C3%A8nes%20m%C3%A9t%C3%A9orologiques%20extr%C3%AAmes.\">catastrophes naturelles<\/a>, ainsi que des <a href=\"https:\/\/www.humanium.org\/fr\/normes\/convention-elimination-toutes-formes-discrimination-raciale\">discriminations fond\u00e9es sur la race<\/a>, l\u2019appartenance ethnique, la religion ou d\u2019autres crit\u00e8res. La <a href=\"https:\/\/www.humanium.org\/fr\/pauvrete\/\">pauvret\u00e9<\/a> et l\u2019exclusion sociale limitent souvent l\u2019acc\u00e8s aux services d\u2019enregistrement, et le manque de sensibilisation \u00e0 l\u2019importance de l\u2019enregistrement des naissances aggrave encore ce probl\u00e8me (UNICEF, 2019a, 2019b).&nbsp;<\/p>\n\n\n\n<p class=\"wp-block-paragraph\">Au <a href=\"https:\/\/www.humanium.org\/fr\/pakistan\/\">Pakistan<\/a>, ces obstacles sont particuli\u00e8rement prononc\u00e9s pour les enfants vuln\u00e9rables et marginalis\u00e9s, avec environ 60&nbsp;millions d\u2019entre eux qui ne disposent pas d\u2019un acte de naissance enregistr\u00e9 (Idris, 2021&nbsp;; World Federation of Advertisers [WFA], 2021). L\u2019absence de documentation l\u00e9gale prive les enfants de l\u2019acc\u00e8s \u00e0 des services essentiels tels que les soins m\u00e9dicaux, la s\u00e9curit\u00e9 sociale et l\u2019\u00e9ducation publique, et les rend plus vuln\u00e9rables au <a href=\"https:\/\/www.humanium.org\/fr\/mariage-enfants\/\">mariage pr\u00e9coce<\/a>, au travail infantile et \u00e0 la traite des enfants. Ce probl\u00e8me est particuli\u00e8rement pr\u00e9valant dans les <a href=\"https:\/\/www.humanium.org\/fr\/les-enfants-des-zones-rurales\/\">zones rurales<\/a>, o\u00f9 l\u2019illettrisme et le manque de sensibilisation sur le processus d\u2019enregistrement des naissances exacerbent la situation en particulier chez des groupes vuln\u00e9rables, tels que les <a href=\"https:\/\/www.humanium.org\/fr\/afghanistan\/\">r\u00e9fugi\u00e9s afghans<\/a> au Pakistan (WFA, 2021).<\/p>\n\n\n\n<h3 class=\"wp-block-heading\"><strong>Technologies de procr\u00e9ation m\u00e9dicalement assist\u00e9e<\/strong><\/h3>\n\n\n\n<p class=\"wp-block-paragraph\">Le probl\u00e8me du droit \u00e0 l\u2019identit\u00e9 pour les enfants est encore plus complexe dans les contextes modernes, notamment avec l\u2019av\u00e8nement de la procr\u00e9ation m\u00e9dicalement assist\u00e9e, qui soul\u00e8vent la question du droit de conna\u00eetre ses origines biologiques (Blyth &amp; Farrand, 2004). Le recours \u00e0 des <a href=\"https:\/\/www.humanium.org\/fr\/la-protection-des-droits-des-enfants-concus-a-la-suite-dun-don-selon-les-pratiques-de-dons-de-gametes-au-canada\/\">dons anonymes de sperme et d\u2019ovules<\/a> entrave le droit de l\u2019enfant \u00e0 conna\u00eetre ses origines biologiques en tant que partie int\u00e9grante de son identit\u00e9 (Blyth &amp; Farrand, 2004). <\/p>\n\n\n\n<p class=\"wp-block-paragraph\">Cela a donn\u00e9 lieu \u00e0 des d\u00e9bats quant \u00e0 l\u2019\u00e9quilibre \u00e0 trouver entre le respect de la vie priv\u00e9e du donneur et le droit de l\u2019enfant \u00e0 \u00eatre inform\u00e9 sur son patrimoine g\u00e9n\u00e9tique. En 2019, environ huit millions d\u2019enfants sont n\u00e9s par le biais de dons de sperme et d\u2019ovocytes (De Sutter, 2019).<\/p>\n\n\n\n<h3 class=\"wp-block-heading\"><strong>D\u00e9fis juridiques face aux questions d\u2019identit\u00e9<\/strong><\/h3>\n\n\n\n<p class=\"wp-block-paragraph\">Lorsque plusieurs \u00c9tats sont impliqu\u00e9s, des conflits juridiques peuvent survenir entre les juridictions et autorit\u00e9s comp\u00e9tentes, notamment en ce qui concerne la d\u00e9termination de la loi applicable et la r\u00e9solution des questions d\u2019identit\u00e9 (Child Identity Protection, s.d.). Cette situation peut se compliquer encore davantage si les informations sur les origines de l\u2019enfant ont \u00e9t\u00e9 obtenues de mani\u00e8re illicite ou si leur enregistrement n\u2019est pas s\u00e9curis\u00e9. <\/p>\n\n\n\n<p class=\"wp-block-paragraph\">Dans certains cas, l\u2019identit\u00e9 originale d\u2019un enfant peut \u00eatre modifi\u00e9e ind\u00fbment ou ill\u00e9galement, ce qui rend difficile la pr\u00e9servation ou la r\u00e9cup\u00e9ration des informations li\u00e9es \u00e0 son identit\u00e9 (Child Identity Protection, s.d.). Les cons\u00e9quences de ces probl\u00e8mes peuvent gravement affecter l\u2019avenir d\u2019un enfant, qui aura du mal \u00e0 faire valoir ses droits, \u00e0 acc\u00e9der \u00e0 des services essentiels ou \u00e0 \u00e9tablir une identit\u00e9 juridique claire.<\/p>\n\n\n\n<h3 class=\"wp-block-heading\"><strong>Apatridie et risques identitaires<\/strong><\/h3>\n\n\n<div class=\"wp-block-image\">\n<figure class=\"alignright size-large is-resized\"><img loading=\"lazy\" decoding=\"async\" width=\"1024\" height=\"683\" src=\"https:\/\/www.humanium.org\/fr\/wp-content\/uploads\/2025\/09\/shutterstock_2114028749-1024x683.jpg\" alt=\"\" class=\"wp-image-58946\" style=\"width:343px;height:auto\" srcset=\"https:\/\/www.humanium.org\/fr\/wp-content\/uploads\/2025\/09\/shutterstock_2114028749-1024x683.jpg 1024w, https:\/\/www.humanium.org\/fr\/wp-content\/uploads\/2025\/09\/shutterstock_2114028749-300x200.jpg 300w, https:\/\/www.humanium.org\/fr\/wp-content\/uploads\/2025\/09\/shutterstock_2114028749-768x512.jpg 768w, https:\/\/www.humanium.org\/fr\/wp-content\/uploads\/2025\/09\/shutterstock_2114028749-1536x1024.jpg 1536w, https:\/\/www.humanium.org\/fr\/wp-content\/uploads\/2025\/09\/shutterstock_2114028749-2048x1365.jpg 2048w, https:\/\/www.humanium.org\/fr\/wp-content\/uploads\/2025\/09\/shutterstock_2114028749-830x553.jpg 830w, https:\/\/www.humanium.org\/fr\/wp-content\/uploads\/2025\/09\/shutterstock_2114028749-230x153.jpg 230w, https:\/\/www.humanium.org\/fr\/wp-content\/uploads\/2025\/09\/shutterstock_2114028749-350x233.jpg 350w, https:\/\/www.humanium.org\/fr\/wp-content\/uploads\/2025\/09\/shutterstock_2114028749-480x320.jpg 480w, https:\/\/www.humanium.org\/fr\/wp-content\/uploads\/2025\/09\/shutterstock_2114028749-272x182.jpg 272w\" sizes=\"auto, (max-width: 1024px) 100vw, 1024px\" \/><\/figure>\n<\/div>\n\n\n<p class=\"wp-block-paragraph\">De nombreux enfants sont expos\u00e9s au risque d\u2019apatridie, notamment dans les contextes de <a href=\"https:\/\/www.humanium.org\/fr\/examen-de-limpact-du-pacte-sur-la-migration-et-lasile-sur-les-droits-des-enfants\/\">migration<\/a>, de d\u00e9placement ou lorsque les parents ont des nationalit\u00e9s diff\u00e9rentes. Les enfants n\u00e9s pendant les d\u00e9placements font face \u00e0 des d\u00e9fis sp\u00e9cifiques pour enregistrer leur naissance et acqu\u00e9rir une nationalit\u00e9 (R\u00e9seau europ\u00e9en sur l\u2019apatridie, 2020). Ces difficult\u00e9s d\u00e9coulent souvent d\u2019exigences de documentation rigoureuses, de la faiblesse des syst\u00e8mes d\u2019\u00e9tat civil dans les pays de transit ou de lois et pratiques discriminatoires \u00e0 l\u2019\u00e9gard des personnes en d\u00e9placement (Albarazi &amp; van Waas, s.d.).<\/p>\n\n\n\n<p class=\"wp-block-paragraph\">Les <a href=\"https:\/\/www.humanium.org\/fr\/autres\/convention-statut-refugies\/\">enfants r\u00e9fugi\u00e9s<\/a> sont particuli\u00e8rement expos\u00e9s \u00e0 l\u2019apatridie lorsqu\u2019ils naissent en dehors du pays d\u2019origine de leurs parents, notamment s\u2019ils sont n\u00e9s dans un pays o\u00f9 la nationalit\u00e9 ne s\u2019acquiert pas par le droit du sol (R\u00e9seau europ\u00e9en sur l\u2019apatridie, 2020). Ce risque est encore aggrav\u00e9 pour les r\u00e9fugi\u00e9s qui ne peuvent pas contacter les autorit\u00e9s de leur pays d\u2019origine pour \u00e9tablir la nationalit\u00e9 de leurs enfants, car cela pourrait mettre en danger leur s\u00e9curit\u00e9 ou leur statut de protection internationale (R\u00e9seau europ\u00e9en sur l\u2019apatridie, 2020).<\/p>\n\n\n\n<p class=\"wp-block-paragraph\">Les enfants isol\u00e9s ou <a href=\"https:\/\/www.humanium.org\/fr\/migration-infantile\/\">non accompagn\u00e9s<\/a> qui se d\u00e9placent sont \u00e9galement expos\u00e9s \u00e0 un risque accru d\u2019apatridie, car ils rencontrent souvent des difficult\u00e9s \u00e0 \u00e9tablir leur identit\u00e9 et \u00e0 prouver leurs liens de filiation ou leur nationalit\u00e9 d\u2019origine (R\u00e9seau europ\u00e9en sur l\u2019apatridie, 2020). Les enfants issus de familles ayant une histoire de d\u00e9placement complexe, comme les r\u00e9fugi\u00e9s afghans qui ont v\u00e9cu en <a href=\"https:\/\/www.humanium.org\/fr\/iran\/\">Iran<\/a> pendant plusieurs g\u00e9n\u00e9rations avant de s\u2019installer en <a href=\"https:\/\/www.humanium.org\/fr\/europe-caucase\/\">Europe<\/a>, \u00e9prouvent souvent de grandes difficult\u00e9s \u00e0 \u00e9tablir leur nationalit\u00e9 (R\u00e9seau europ\u00e9en sur l\u2019apatridie, 2020). <\/p>\n\n\n\n<p class=\"wp-block-paragraph\">Ces facteurs peuvent accro\u00eetre le risque d\u2019apatridie pour leurs enfants (R\u00e9seau europ\u00e9en sur l\u2019apatridie, 2020). En outre, les enfants issus de groupes d\u00e9favoris\u00e9s, tels que les minorit\u00e9s culturelles ou raciales et les enfants <a href=\"https:\/\/www.humanium.org\/fr\/enfants-handicapes\/\">handicap\u00e9s<\/a>, sont souvent victimes d\u2019une \u00ab&nbsp;double discrimination&nbsp;\u00bb en raison de leur \u00e2ge et d\u2019autres caract\u00e9ristiques, comme leur origine ethnique, leur statut socio-\u00e9conomique, leur sexe ou leur handicap. (Daly et al., 2016). Par cons\u00e9quent, ces difficult\u00e9s rendent encore plus difficiles la protection de leur droit \u00e0 une identit\u00e9 et leur <a href=\"https:\/\/www.humanium.org\/fr\/le-cycle-vertueux-de-la-participation-effective-de-lenfant\/\">participation<\/a> effective \u00e0 la soci\u00e9t\u00e9.<\/p>\n\n\n\n<h2 class=\"wp-block-heading\"><strong>Initiatives mondiales<\/strong><\/h2>\n\n\n\n<h3 class=\"wp-block-heading\"><strong>Campagnes<\/strong><\/h3>\n\n\n\n<p class=\"wp-block-paragraph\">Plusieurs initiatives sont actuellement en cours pour relever les d\u00e9fis li\u00e9s \u00e0 la garantie du droit des enfants \u00e0 une identit\u00e9. Des pays, tels que le <a href=\"https:\/\/www.humanium.org\/fr\/cameroun\/\">Cameroun<\/a>, organisent des campagnes pour promouvoir l\u2019enregistrement universel des naissances et aborder le retard des enfants non enregistr\u00e9s (Child Identity Protection, 2024). Ces efforts visent \u00e0 sensibiliser et \u00e0 am\u00e9liorer l\u2019acc\u00e8s aux services d\u2019enregistrement des naissances.<\/p>\n\n\n\n<h3 class=\"wp-block-heading\"><strong>\u00c9ducation et sensibilisation&nbsp;<\/strong><\/h3>\n\n\n\n<p class=\"wp-block-paragraph\">L\u2019\u00e9ducation et la sensibilisation jouent aussi un r\u00f4le essentiel. Les organisations telle que Amnesty International au Royaume-Uni d\u00e9veloppent des ressources p\u00e9dagogiques pour informer les enfants sur leurs droits, y compris le droit \u00e0 l\u2019identit\u00e9 (Amnesty International Royaume-Uni, 2023). Ces efforts permettent \u00e0 chacun de conna\u00eetre ses droits et l\u2019importance d\u2019une identit\u00e9 juridique.<\/p>\n\n\n\n<h3 class=\"wp-block-heading\"><strong>R\u00e9formes juridiques<\/strong><\/h3>\n\n\n\n<p class=\"wp-block-paragraph\">Des r\u00e9formes juridiques sont aussi mises en \u0153uvre dans certains pays pour mieux prot\u00e9ger le droit \u00e0 l\u2019identit\u00e9 des enfants, en particulier dans les cas d\u2019adoption ou de procr\u00e9ation assist\u00e9e. Par exemple, <a href=\"https:\/\/www.humanium.org\/fr\/estonie\/\">l\u2019Estonie<\/a> est pass\u00e9e \u00e0 un registre de population enti\u00e8rement \u00e9lectronique qui int\u00e8gre les donn\u00e9es de l\u2019\u00e9tat civil, simplifiant ainsi le processus d\u2019enregistrement des naissances (Banque mondiale, 2019).<\/p>\n\n\n\n<h3 class=\"wp-block-heading\"><strong>Syst\u00e8me d\u2019enregistrement des naissances<\/strong><\/h3>\n\n\n\n<p class=\"wp-block-paragraph\">De nombreux gouvernements et organisations, comme Child Identity Protection, travaillent \u00e0 relever ces d\u00e9fis \u00e0 travers diverses initiatives. Les pays renforcent leur syst\u00e8me d\u2019enregistrement des naissances, souvent avec le soutien d\u2019organisations internationales. <\/p>\n\n\n\n<p class=\"wp-block-paragraph\">Cela passe par la digitalisation des proc\u00e9dures, la formation des agents d\u2019\u00e9tat civil ou la mise en place de lieux d\u2019enregistrement plus accessibles (van der Straaten et al., 2013). Dans certains pays, comme <a href=\"https:\/\/www.humanium.org\/fr\/afrique-du-sud\/\">l\u2019Afrique du Sud<\/a> ou la <a href=\"https:\/\/www.humanium.org\/fr\/colombie\/\">Colombie<\/a>, des unit\u00e9s d\u2019enregistrement mobiles ont \u00e9t\u00e9 d\u00e9ploy\u00e9es pour atteindre des zones recul\u00e9es ou mal desservies, fournissant ainsi des services d\u2019enregistrement directement aux familles qui pourraient autrement avoir du mal \u00e0 y acc\u00e9der (Apland et al., 2014&nbsp;; Bureau international du travail, 2015).<\/p>\n\n\n\n<h3 class=\"wp-block-heading\"><strong>Coop\u00e9rations internationales<\/strong><\/h3>\n\n\n\n<p class=\"wp-block-paragraph\">Des coop\u00e9rations internationales sont essentielles pour prot\u00e9ger le droit \u00e0 l\u2019identit\u00e9 des <a href=\"https:\/\/www.humanium.org\/fr\/migration-infantile\/\">mineurs non accompagn\u00e9s<\/a>, particuli\u00e8rement dans des contextes o\u00f9 la migration et les d\u00e9placements mondiaux augmentent (UNHCR, 2023). Il s\u2019agit notamment de veiller \u00e0 ce que les enfants r\u00e9fugi\u00e9s et migrants aient acc\u00e8s \u00e0 l\u2019enregistrement de leur naissance et aux documents n\u00e9cessaires, m\u00eame lorsqu\u2019ils se trouvent en dehors de leur pays d\u2019origine.<\/p>\n\n\n\n<h2 class=\"wp-block-heading\"><strong>Investir dans l\u2019identit\u00e9 de chaque enfant<\/strong><\/h2>\n\n\n\n<figure class=\"wp-block-image size-large\"><img loading=\"lazy\" decoding=\"async\" width=\"1024\" height=\"683\" src=\"https:\/\/www.humanium.org\/fr\/wp-content\/uploads\/2025\/09\/shutterstock_2460115785-1024x683.jpg\" alt=\"\" class=\"wp-image-58945\" srcset=\"https:\/\/www.humanium.org\/fr\/wp-content\/uploads\/2025\/09\/shutterstock_2460115785-1024x683.jpg 1024w, https:\/\/www.humanium.org\/fr\/wp-content\/uploads\/2025\/09\/shutterstock_2460115785-300x200.jpg 300w, https:\/\/www.humanium.org\/fr\/wp-content\/uploads\/2025\/09\/shutterstock_2460115785-768x512.jpg 768w, https:\/\/www.humanium.org\/fr\/wp-content\/uploads\/2025\/09\/shutterstock_2460115785-1536x1025.jpg 1536w, https:\/\/www.humanium.org\/fr\/wp-content\/uploads\/2025\/09\/shutterstock_2460115785-2048x1366.jpg 2048w, https:\/\/www.humanium.org\/fr\/wp-content\/uploads\/2025\/09\/shutterstock_2460115785-830x554.jpg 830w, https:\/\/www.humanium.org\/fr\/wp-content\/uploads\/2025\/09\/shutterstock_2460115785-230x153.jpg 230w, https:\/\/www.humanium.org\/fr\/wp-content\/uploads\/2025\/09\/shutterstock_2460115785-350x233.jpg 350w, https:\/\/www.humanium.org\/fr\/wp-content\/uploads\/2025\/09\/shutterstock_2460115785-480x320.jpg 480w, https:\/\/www.humanium.org\/fr\/wp-content\/uploads\/2025\/09\/shutterstock_2460115785-272x182.jpg 272w\" sizes=\"auto, (max-width: 1024px) 100vw, 1024px\" \/><\/figure>\n\n\n\n<p class=\"wp-block-paragraph\">Le droit \u00e0 l\u2019identit\u00e9 est essentiel pour le bien-\u00eatre et le d\u00e9veloppement de chaque enfant. Avoir une identit\u00e9 le prot\u00e8ge, lui donne acc\u00e8s \u00e0 des services et lui reconnait ses droits dans la soci\u00e9t\u00e9. Malgr\u00e9 les progr\u00e8s importants r\u00e9alis\u00e9s dans la reconnaissance et la protection de ce droit, les d\u00e9fis persistent, notamment pour les enfants les plus vuln\u00e9rables et marginalis\u00e9s. <\/p>\n\n\n\n<p class=\"wp-block-paragraph\">Des efforts \u00e0 l\u2019\u00e9chelle mondiale doivent continuer d\u2019\u00eatre fournis pour garantir \u00e0 chaque enfant le droit d\u2019avoir un nom, une nationalit\u00e9 et une identit\u00e9 juridique, quelles que soient sa situation et ses origines. Les gouvernements, les organisations internationales et la soci\u00e9t\u00e9 civile doivent faire preuve d\u2019un engagement soutenu et adopter des approches innovantes pour r\u00e9soudre \u00e0 la fois les probl\u00e8mes de longue date et les nouveaux d\u00e9fis.<\/p>\n\n\n\n<p class=\"wp-block-paragraph\"><em><strong>\u00c9crit par Or Salama<\/strong><\/em><\/p>\n\n\n\n<p class=\"wp-block-paragraph\"><em><strong>R\u00e9vis\u00e9 en interne par Aditi Partha<\/strong><\/em><\/p>\n\n\n\n<p class=\"wp-block-paragraph\"><em><strong>Traduit par Ana\u00efs Lacroix<\/strong><\/em><\/p>\n\n\n\n<p class=\"wp-block-paragraph\"><em><strong>Relu par Ania Beznia<\/strong><\/em><\/p>\n\n\n\n<p class=\"wp-block-paragraph\"><em><strong>Derni\u00e8re mise \u00e0 jour le 4 d\u00e9cembre 2024<\/strong><\/em><\/p>\n\n\n\n<h4 class=\"wp-block-heading\"><strong>Bibliographie:<\/strong><\/h4>\n\n\n\n<p class=\"has-small-font-size wp-block-paragraph\">Albarazi, Z., &amp; van Waas, L. (n.d.). Statelessness and displacement. Retrieved from the Norwegian Refugee Council at <a href=\"https:\/\/www.nrc.no\/globalassets\/pdf\/reports\/statelessness-and-displacement.pdf\">https:\/\/www.nrc.no\/globalassets\/pdf\/reports\/statelessness-and-displacement.pdf<\/a>, accessed on November 2, 2024.<\/p>\n\n\n\n<p class=\"has-small-font-size wp-block-paragraph\">Amnesty International UK. (2023, May 17). Education resources on children\u2019s rights. Retrieved from Amnesty International UK at <a href=\"https:\/\/www.amnesty.org.uk\/education-resources-childrens-human-rights\">https:\/\/www.amnesty.org.uk\/education-resources-childrens-human-rights<\/a>, &nbsp;accessed on October 30, 2024.&nbsp;<\/p>\n\n\n\n<p class=\"has-small-font-size wp-block-paragraph\">Apland, K., Blitz, B., Hamilton, C., Lagaay, M., Lakshman, R. W. D., &amp; Yarrow, E. (2014, May). Birth registration and children\u2019s rights: A complex story. Retrieved from ResearchGate at <a href=\"https:\/\/www.researchgate.net\/publication\/266202969_Birth_Registration_and_Children's_Rights_A_Complex_Story\">https:\/\/www.researchgate.net\/publication\/266202969_Birth_Registration_and_Children&rsquo;s_Rights_A_Complex_Story<\/a>, accessed on November 3, 2024.&nbsp;<\/p>\n\n\n\n<p class=\"has-small-font-size wp-block-paragraph\">Blyth, E., &amp; Farrand, A. (2004, June). Anonymity in donor-assisted conception and the UN Convention on the Rights of the Child. Retrieved from ResearchGate at <a href=\"https:\/\/www.researchgate.net\/publication\/249570466_Anonymity_in_donor-assisted_conception_and_the_UN_Convention_on_the_Rights_of_the_Child\">https:\/\/www.researchgate.net\/publication\/249570466_Anonymity_in_donor-assisted_conception_and_the_UN_Convention_on_the_Rights_of_the_Child<\/a>, accessed on December 2, 2024.<\/p>\n\n\n\n<p class=\"has-small-font-size wp-block-paragraph\">Child Identity Protection. (2022, January 28). Progress and challenges for birth registration and delivery of birth certificates. Retrieved from Child Identity Protection at&nbsp;<a href=\"https:\/\/www.child-identity.org\/progress-and-challenges-for-birth-registration-and-delivery-of-birth-certificates\/\">https:\/\/www.child-identity.org\/progress-and-challenges-for-birth-registration-and-delivery-of-birth-certificates\/<\/a>, accessed on November 3, 2024.<\/p>\n\n\n\n<p class=\"has-small-font-size wp-block-paragraph\">Child Identity Protection. (2024, May 2). Quest to ensure #everychild is #visible. Retrieved from Child Identity Protection at&nbsp;<a href=\"https:\/\/www.child-identity.org\/quest-to-ensure-everychild-is-visible\/\">https:\/\/www.child-identity.org\/quest-to-ensure-everychild-is-visible\/<\/a>, accessed on November 1, 2024.<\/p>\n\n\n\n<p class=\"has-small-font-size wp-block-paragraph\">Child Identity Protection. (n.d.). What are the implementation challenges to respecting identity rights?&nbsp;Retrieved from Child Identity Protection at <a href=\"https:\/\/www.child-identity.org\/implementation-challenges\/\">https:\/\/www.child-identity.org\/implementation-challenges\/<\/a>, accessed on November 2, 2024.<\/p>\n\n\n\n<p class=\"has-small-font-size wp-block-paragraph\">Child Rights International Network (CRIN). (n.d.). Article 8: Preservation of identity. Retrieved from CRIN at <a href=\"https:\/\/archive.crin.org\/en\/home\/rights\/convention\/articles\/article-8-preservation-identity.html\">https:\/\/archive.crin.org\/en\/home\/rights\/convention\/articles\/article-8-preservation-identity.html<\/a>, accessed on November 2, 2024.<\/p>\n\n\n\n<p class=\"has-small-font-size wp-block-paragraph\">Daly, A., Ruxton, S., &amp; Schuurman, M. (2016, March). Challenges to children&rsquo;s rights today: What do children think? Retrieved from the Council of Europe at&nbsp;https:\/\/rm.coe.int\/1680643ded, accessed on November 2, 2024.<\/p>\n\n\n\n<p class=\"has-small-font-size wp-block-paragraph\">Dambach, M. (2022). Policy Brief 2: Child\u2019s right to identity in alternative care. Retrieved from Child Identity Protection at <a href=\"https:\/\/www.child-identity.org\/images\/files\/CHIP-Policy-Brief-AlternativeCare-EN.pdf\">https:\/\/www.child-identity.org\/images\/files\/CHIP-Policy-Brief-AlternativeCare-EN.pdf<\/a>, accessed on November 2, 2024.<\/p>\n\n\n\n<p class=\"has-small-font-size wp-block-paragraph\">De Sutter, P. (2019, February 20). Anonymous donation of sperm and oocytes: balancing the rights of parents, donors and children. Retrieved from Better Care Network at&nbsp;<a href=\"https:\/\/bettercarenetwork.org\/library\/principles-of-good-care-practices\/parent-participation\/anonymous-donation-of-sperm-and-oocytes-balancing-the-rights-of-parents-donors-and-children\">https:\/\/bettercarenetwork.org\/library\/principles-of-good-care-practices\/parent-participation\/anonymous-donation-of-sperm-and-oocytes-balancing-the-rights-of-parents-donors-and-children<\/a>, accessed on November 1, 2024.<\/p>\n\n\n\n<p class=\"has-small-font-size wp-block-paragraph\">European Network on Statelessness. (2020).&nbsp;No child should be stateless: Ensuring the right to a nationality for children in migration in Europe. Retrieved from the European Network on Statelessness at&nbsp;<a href=\"https:\/\/www.statelessness.eu\/sites\/default\/files\/2020-09\/ENS_Right-to-a-nationality-for-children-in-migration.pdf\">https:\/\/www.statelessness.eu\/sites\/default\/files\/2020-09\/ENS_Right-to-a-nationality-for-children-in-migration.pdf<\/a>, accessed on November 2, 2024.&nbsp;<\/p>\n\n\n\n<p class=\"has-small-font-size wp-block-paragraph\">Idris, I. (2021, July 16). Increasing birth registration of children from marginalised groups in Pakistan. Retrieved from reliefweb at <a href=\"https:\/\/reliefweb.int\/report\/pakistan\/increasing-birth-registration-children-marginalised-groups-pakistan\">https:\/\/reliefweb.int\/report\/pakistan\/increasing-birth-registration-children-marginalised-groups-pakistan<\/a>, accessed on November 2, 2024.&nbsp;<\/p>\n\n\n\n<p class=\"has-small-font-size wp-block-paragraph\">IN Groupe. (n.d.). A legal identity at birth, a right for every child. Retrieved from IN Groupe at&nbsp;<a href=\"https:\/\/ingroupe.com\/insights\/legal-identity-birth-right-child\/\">https:\/\/ingroupe.com\/insights\/legal-identity-birth-right-child\/<\/a>, accessed on November 2, 2024.&nbsp;<\/p>\n\n\n\n<p class=\"has-small-font-size wp-block-paragraph\">International Labour Office. (2015, May). ICROP: Reaching out to rural poor through mobile service units. Retrieved form Social Protection platform at <a href=\"https:\/\/www.social-protection.org\/gimi\/Media.action;jsessionid=Q5KETOXKm3jiVE30E3kKkN8bj6PEpUEF9KAMaZDrYolQtJpQPq1_!-458942951?id=14947\">https:\/\/www.social-protection.org\/gimi\/Media.action;jsessionid=Q5KETOXKm3jiVE30E3kKkN8bj6PEpUEF9KAMaZDrYolQtJpQPq1_!-458942951?id=14947<\/a>, accessed on December 2, 2024.&nbsp;<\/p>\n\n\n\n<p class=\"has-small-font-size wp-block-paragraph\">United Nations. (1948, December 10). Universal Declaration of Human Rights. Retrieved from the United Nations at <a href=\"https:\/\/www.un.org\/en\/about-us\/universal-declaration-of-human-rights\">https:\/\/www.un.org\/en\/about-us\/universal-declaration-of-human-rights<\/a>, accessed on November 1, 2024.<\/p>\n\n\n\n<p class=\"has-small-font-size wp-block-paragraph\">United Nations. (1966, December 16). International Covenant on Civil and Political Rights. Retrieved from the Office of the High Commissioner for Human Rights at https:\/\/www.ohchr.org\/en\/instruments-mechanisms\/instruments\/international-covenant-civil-and-political-rights, accessed on November 1, 2024.<\/p>\n\n\n\n<p class=\"has-small-font-size wp-block-paragraph\">United Nations. (1989, November 20). Convention on the Rights of the Child. Retrieved from the Office of the High Commissioner for Human Rights at <a href=\"https:\/\/www.ohchr.org\/en\/instruments-mechanisms\/instruments\/convention-rights-child\">https:\/\/www.ohchr.org\/en\/instruments-mechanisms\/instruments\/convention-rights-child<\/a>, accessed on November 1, 2024.<\/p>\n\n\n\n<p class=\"has-small-font-size wp-block-paragraph\">United Nations&nbsp;Children\u2019s Fund<strong> <\/strong>(UNICEF). (2019a, December). Birth registration for every child by 2030: Are we on track? Retrieved from UNICEF at https:\/\/www.unicef.de\/_cae\/resource\/blob\/208020\/1608b40477f988a75105f96cd4d3d1f0\/birth-registration-for-every-child-by-2030-are-we-on-track&#8211;data.pdf, accessed on November 3, 2024.&nbsp;<\/p>\n\n\n\n<p class=\"has-small-font-size wp-block-paragraph\">United Nations&nbsp;Children\u2019s Fund<strong> <\/strong>(UNICEF). (2019b, December 10). Despite significant increase in birth registration, a quarter of the world\u2019s children remain &lsquo;invisible&rsquo;. Retrieved from UNICEF at <a href=\"https:\/\/www.unicef.org\/press-releases\/despite-significant-increase-birth-registration-quarter-worlds-children-remain\">https:\/\/www.unicef.org\/press-releases\/despite-significant-increase-birth-registration-quarter-worlds-children-remain<\/a>, accessed on November 3, 2024.<\/p>\n\n\n\n<p class=\"has-small-font-size wp-block-paragraph\">United Nations General Assembly. (2009).&nbsp;Guidelines for the alternative care of children: Resolution \/ adopted by the General Assembly (A\/RES\/64\/142). Retrieved from the United Nations Digital Library at&nbsp;<a href=\"https:\/\/digitallibrary.un.org\/record\/673583\">https:\/\/digitallibrary.un.org\/record\/673583<\/a>, accessed on October 29, 2024.&nbsp;<\/p>\n\n\n\n<p class=\"has-small-font-size wp-block-paragraph\">United Nations High Commissioner for Refugees (UNHCR). (2023, June 14). Global trends: Forced displacement in 2022. Retrieved from UNHCR at <a href=\"https:\/\/www.unhcr.org\/sites\/default\/files\/2023-06\/global-trends-report-2022.pdf\">https:\/\/www.unhcr.org\/sites\/default\/files\/2023-06\/global-trends-report-2022.pdf<\/a>, accessed on November 3, 2024.&nbsp;<\/p>\n\n\n\n<p class=\"has-small-font-size wp-block-paragraph\">United Nations High Commissioner for Refugees (UNHCR). (n.d.). Born into a refugee life. Retrieved from UNHCR at <a href=\"https:\/\/www.unhcr.org\/refugee-statistics\/insights\/explainers\/children-born-into-refugee-life.html\">https:\/\/www.unhcr.org\/refugee-statistics\/insights\/explainers\/children-born-into-refugee-life.html<\/a>, accessed on November 3, 2024.&nbsp;<\/p>\n\n\n\n<p class=\"has-small-font-size wp-block-paragraph\">van der Straaten, J., Balagopal, G., Civil Registration Center for Development, &amp; United Nations Children\u2019s Fund (UNICEF). (2013). A passport to protection: A guide to birth registration programming. Retrieved from Social Science Research Network at <a href=\"https:\/\/papers.ssrn.com\/sol3\/papers.cfm?abstract_id=3989367\">https:\/\/papers.ssrn.com\/sol3\/papers.cfm?abstract_id=3989367<\/a>, accessed on November 6, 2024.&nbsp;<\/p>\n\n\n\n<p class=\"has-small-font-size wp-block-paragraph\">Veridos GmbH. (2023, December 20). Far too many children still don\u2019t have birth certificates.&nbsp;Retrieved form Veridos at https:\/\/www.veridos.com\/en\/news\/far-too-many-children-still-don-t-have-birth-certificates.html, accessed on November 3, 2024.&nbsp;<\/p>\n\n\n\n<p class=\"has-small-font-size wp-block-paragraph\">World Bank. (2019, August). Options for digital birth certificates. Retrieved from the World Bank at&nbsp;https:\/\/documents1.worldbank.org\/curated\/fr\/807381570770265619\/text\/Options-for-Digital-Birth-Certificates.txt, accessed on November 3, 2024.&nbsp;<\/p>\n\n\n\n<p class=\"has-small-font-size wp-block-paragraph\">World Federation of Advertisers (WFA). (2021, October 4). Insight &amp; strategy: Naming the invisible by digital birth registration. Retrieved from WFA at <a href=\"https:\/\/wfanet.org\/knowledge\/diversity-and-inclusion\/item\/2021\/10\/13\/Insight--Strategy-Naming-the-Invisible-by-Digital-Birth-Registration\">https:\/\/wfanet.org\/knowledge\/diversity-and-inclusion\/item\/2021\/10\/13\/Insight&#8211;Strategy-Naming-the-Invisible-by-Digital-Birth-Registration<\/a>, accessed on December 2, 2024.<\/p>\n","protected":false},"excerpt":{"rendered":"<p>Chaque enfant a depuis la naissance le droit \u00e0 l\u2019identit\u00e9. Ce droit humain fondamental rev\u00eat une importance particuli\u00e8re pour les enfants, car il consacre leur existence au sein de la soci\u00e9t\u00e9 et reconna\u00eet leur individualit\u00e9. L\u2019identit\u00e9 d\u2019un enfant comprend plusieurs \u00e9l\u00e9ments essentiels, tels que le pr\u00e9nom, le nom de famille, la date de naissance, le [&hellip;]<\/p>\n","protected":false},"author":65,"featured_media":58956,"parent":349,"menu_order":6,"comment_status":"closed","ping_status":"closed","template":"","meta":{"footnotes":""},"class_list":["post-56","page","type-page","status-publish","has-post-thumbnail","hentry"],"yoast_head":"<!-- This site is optimized with the Yoast SEO plugin v28.3 - https:\/\/yoast.com\/product\/yoast-seo-wordpress\/ -->\n<title>Le droit \u00e0 l\u2019identit\u00e9 - Humanium<\/title>\n<meta name=\"description\" content=\"Il est essentiel de respecter le droit des enfants \u00e0 l&#039;identit\u00e9 pour garantir leur bien-\u00eatre et leur d\u00e9veloppement.\" \/>\n<meta name=\"robots\" content=\"index, follow, max-snippet:-1, max-image-preview:large, max-video-preview:-1\" \/>\n<link rel=\"canonical\" href=\"https:\/\/www.humanium.org\/fr\/comprendre-droits-enfant\/droit-a-l-identite\/\" \/>\n<meta property=\"og:locale\" content=\"fr_FR\" \/>\n<meta property=\"og:type\" content=\"article\" \/>\n<meta property=\"og:title\" content=\"Le droit \u00e0 l\u2019identit\u00e9 - Humanium\" \/>\n<meta property=\"og:description\" content=\"Il est essentiel de respecter le droit des enfants \u00e0 l&#039;identit\u00e9 pour garantir leur bien-\u00eatre et leur d\u00e9veloppement.\" \/>\n<meta property=\"og:url\" content=\"https:\/\/www.humanium.org\/fr\/comprendre-droits-enfant\/droit-a-l-identite\/\" \/>\n<meta property=\"og:site_name\" content=\"Humanium\" \/>\n<meta property=\"article:modified_time\" content=\"2026-08-20T17:24:24+00:00\" \/>\n<meta property=\"og:image\" content=\"https:\/\/www.humanium.org\/fr\/wp-content\/uploads\/2025\/09\/shutterstock_2464725521-scaled.jpg\" \/>\n\t<meta property=\"og:image:width\" content=\"2560\" \/>\n\t<meta property=\"og:image:height\" content=\"1445\" \/>\n\t<meta property=\"og:image:type\" content=\"image\/jpeg\" \/>\n<meta name=\"twitter:card\" content=\"summary_large_image\" \/>\n<meta name=\"twitter:label1\" content=\"Dur\u00e9e de lecture estim\u00e9e\" \/>\n\t<meta name=\"twitter:data1\" content=\"20 minutes\" \/>\n<script type=\"application\/ld+json\" class=\"yoast-schema-graph\">{\"@context\":\"https:\\\/\\\/schema.org\",\"@graph\":[{\"@type\":\"WebPage\",\"@id\":\"https:\\\/\\\/www.humanium.org\\\/fr\\\/comprendre-droits-enfant\\\/droit-a-l-identite\\\/\",\"url\":\"https:\\\/\\\/www.humanium.org\\\/fr\\\/comprendre-droits-enfant\\\/droit-a-l-identite\\\/\",\"name\":\"Le droit \u00e0 l\u2019identit\u00e9 - Humanium\",\"isPartOf\":{\"@id\":\"https:\\\/\\\/www.humanium.org\\\/fr\\\/#website\"},\"primaryImageOfPage\":{\"@id\":\"https:\\\/\\\/www.humanium.org\\\/fr\\\/comprendre-droits-enfant\\\/droit-a-l-identite\\\/#primaryimage\"},\"image\":{\"@id\":\"https:\\\/\\\/www.humanium.org\\\/fr\\\/comprendre-droits-enfant\\\/droit-a-l-identite\\\/#primaryimage\"},\"thumbnailUrl\":\"https:\\\/\\\/www.humanium.org\\\/fr\\\/wp-content\\\/uploads\\\/2025\\\/09\\\/shutterstock_2464725521-scaled.jpg\",\"datePublished\":\"2010-06-30T02:43:01+00:00\",\"dateModified\":\"2026-08-20T17:24:24+00:00\",\"description\":\"Il est essentiel de respecter le droit des enfants \u00e0 l'identit\u00e9 pour garantir leur bien-\u00eatre et leur d\u00e9veloppement.\",\"breadcrumb\":{\"@id\":\"https:\\\/\\\/www.humanium.org\\\/fr\\\/comprendre-droits-enfant\\\/droit-a-l-identite\\\/#breadcrumb\"},\"inLanguage\":\"fr-FR\",\"potentialAction\":[{\"@type\":\"ReadAction\",\"target\":[\"https:\\\/\\\/www.humanium.org\\\/fr\\\/comprendre-droits-enfant\\\/droit-a-l-identite\\\/\"]}]},{\"@type\":\"ImageObject\",\"inLanguage\":\"fr-FR\",\"@id\":\"https:\\\/\\\/www.humanium.org\\\/fr\\\/comprendre-droits-enfant\\\/droit-a-l-identite\\\/#primaryimage\",\"url\":\"https:\\\/\\\/www.humanium.org\\\/fr\\\/wp-content\\\/uploads\\\/2025\\\/09\\\/shutterstock_2464725521-scaled.jpg\",\"contentUrl\":\"https:\\\/\\\/www.humanium.org\\\/fr\\\/wp-content\\\/uploads\\\/2025\\\/09\\\/shutterstock_2464725521-scaled.jpg\",\"width\":2560,\"height\":1445},{\"@type\":\"BreadcrumbList\",\"@id\":\"https:\\\/\\\/www.humanium.org\\\/fr\\\/comprendre-droits-enfant\\\/droit-a-l-identite\\\/#breadcrumb\",\"itemListElement\":[{\"@type\":\"ListItem\",\"position\":1,\"name\":\"Home\",\"item\":\"https:\\\/\\\/www.humanium.org\\\/fr\\\/\"},{\"@type\":\"ListItem\",\"position\":2,\"name\":\"Comprendre les diff\u00e9rents droits de l&rsquo;enfant\",\"item\":\"https:\\\/\\\/www.humanium.org\\\/fr\\\/comprendre-droits-enfant\\\/\"},{\"@type\":\"ListItem\",\"position\":3,\"name\":\"Le droit \u00e0 l\u2019identit\u00e9\"}]},{\"@type\":\"WebSite\",\"@id\":\"https:\\\/\\\/www.humanium.org\\\/fr\\\/#website\",\"url\":\"https:\\\/\\\/www.humanium.org\\\/fr\\\/\",\"name\":\"Humanium\",\"description\":\"Les enfants d\u2019abord !\",\"potentialAction\":[{\"@type\":\"SearchAction\",\"target\":{\"@type\":\"EntryPoint\",\"urlTemplate\":\"https:\\\/\\\/www.humanium.org\\\/fr\\\/?s={search_term_string}\"},\"query-input\":{\"@type\":\"PropertyValueSpecification\",\"valueRequired\":true,\"valueName\":\"search_term_string\"}}],\"inLanguage\":\"fr-FR\"}]}<\/script>\n<!-- \/ Yoast SEO plugin. -->","yoast_head_json":{"title":"Le droit \u00e0 l\u2019identit\u00e9 - Humanium","description":"Il est essentiel de respecter le droit des enfants \u00e0 l'identit\u00e9 pour garantir leur bien-\u00eatre et leur d\u00e9veloppement.","robots":{"index":"index","follow":"follow","max-snippet":"max-snippet:-1","max-image-preview":"max-image-preview:large","max-video-preview":"max-video-preview:-1"},"canonical":"https:\/\/www.humanium.org\/fr\/comprendre-droits-enfant\/droit-a-l-identite\/","og_locale":"fr_FR","og_type":"article","og_title":"Le droit \u00e0 l\u2019identit\u00e9 - Humanium","og_description":"Il est essentiel de respecter le droit des enfants \u00e0 l'identit\u00e9 pour garantir leur bien-\u00eatre et leur d\u00e9veloppement.","og_url":"https:\/\/www.humanium.org\/fr\/comprendre-droits-enfant\/droit-a-l-identite\/","og_site_name":"Humanium","article_modified_time":"2026-08-20T17:24:24+00:00","og_image":[{"width":2560,"height":1445,"url":"https:\/\/www.humanium.org\/fr\/wp-content\/uploads\/2025\/09\/shutterstock_2464725521-scaled.jpg","type":"image\/jpeg"}],"twitter_card":"summary_large_image","twitter_misc":{"Dur\u00e9e de lecture estim\u00e9e":"20 minutes"},"schema":{"@context":"https:\/\/schema.org","@graph":[{"@type":"WebPage","@id":"https:\/\/www.humanium.org\/fr\/comprendre-droits-enfant\/droit-a-l-identite\/","url":"https:\/\/www.humanium.org\/fr\/comprendre-droits-enfant\/droit-a-l-identite\/","name":"Le droit \u00e0 l\u2019identit\u00e9 - Humanium","isPartOf":{"@id":"https:\/\/www.humanium.org\/fr\/#website"},"primaryImageOfPage":{"@id":"https:\/\/www.humanium.org\/fr\/comprendre-droits-enfant\/droit-a-l-identite\/#primaryimage"},"image":{"@id":"https:\/\/www.humanium.org\/fr\/comprendre-droits-enfant\/droit-a-l-identite\/#primaryimage"},"thumbnailUrl":"https:\/\/www.humanium.org\/fr\/wp-content\/uploads\/2025\/09\/shutterstock_2464725521-scaled.jpg","datePublished":"2010-06-30T02:43:01+00:00","dateModified":"2026-08-20T17:24:24+00:00","description":"Il est essentiel de respecter le droit des enfants \u00e0 l'identit\u00e9 pour garantir leur bien-\u00eatre et leur d\u00e9veloppement.","breadcrumb":{"@id":"https:\/\/www.humanium.org\/fr\/comprendre-droits-enfant\/droit-a-l-identite\/#breadcrumb"},"inLanguage":"fr-FR","potentialAction":[{"@type":"ReadAction","target":["https:\/\/www.humanium.org\/fr\/comprendre-droits-enfant\/droit-a-l-identite\/"]}]},{"@type":"ImageObject","inLanguage":"fr-FR","@id":"https:\/\/www.humanium.org\/fr\/comprendre-droits-enfant\/droit-a-l-identite\/#primaryimage","url":"https:\/\/www.humanium.org\/fr\/wp-content\/uploads\/2025\/09\/shutterstock_2464725521-scaled.jpg","contentUrl":"https:\/\/www.humanium.org\/fr\/wp-content\/uploads\/2025\/09\/shutterstock_2464725521-scaled.jpg","width":2560,"height":1445},{"@type":"BreadcrumbList","@id":"https:\/\/www.humanium.org\/fr\/comprendre-droits-enfant\/droit-a-l-identite\/#breadcrumb","itemListElement":[{"@type":"ListItem","position":1,"name":"Home","item":"https:\/\/www.humanium.org\/fr\/"},{"@type":"ListItem","position":2,"name":"Comprendre les diff\u00e9rents droits de l&rsquo;enfant","item":"https:\/\/www.humanium.org\/fr\/comprendre-droits-enfant\/"},{"@type":"ListItem","position":3,"name":"Le droit \u00e0 l\u2019identit\u00e9"}]},{"@type":"WebSite","@id":"https:\/\/www.humanium.org\/fr\/#website","url":"https:\/\/www.humanium.org\/fr\/","name":"Humanium","description":"Les enfants d\u2019abord !","potentialAction":[{"@type":"SearchAction","target":{"@type":"EntryPoint","urlTemplate":"https:\/\/www.humanium.org\/fr\/?s={search_term_string}"},"query-input":{"@type":"PropertyValueSpecification","valueRequired":true,"valueName":"search_term_string"}}],"inLanguage":"fr-FR"}]}},"_links":{"self":[{"href":"https:\/\/www.humanium.org\/fr\/wp-json\/wp\/v2\/pages\/56","targetHints":{"allow":["GET"]}}],"collection":[{"href":"https:\/\/www.humanium.org\/fr\/wp-json\/wp\/v2\/pages"}],"about":[{"href":"https:\/\/www.humanium.org\/fr\/wp-json\/wp\/v2\/types\/page"}],"author":[{"embeddable":true,"href":"https:\/\/www.humanium.org\/fr\/wp-json\/wp\/v2\/users\/65"}],"replies":[{"embeddable":true,"href":"https:\/\/www.humanium.org\/fr\/wp-json\/wp\/v2\/comments?post=56"}],"version-history":[{"count":17,"href":"https:\/\/www.humanium.org\/fr\/wp-json\/wp\/v2\/pages\/56\/revisions"}],"predecessor-version":[{"id":62228,"href":"https:\/\/www.humanium.org\/fr\/wp-json\/wp\/v2\/pages\/56\/revisions\/62228"}],"up":[{"embeddable":true,"href":"https:\/\/www.humanium.org\/fr\/wp-json\/wp\/v2\/pages\/349"}],"wp:featuredmedia":[{"embeddable":true,"href":"https:\/\/www.humanium.org\/fr\/wp-json\/wp\/v2\/media\/58956"}],"wp:attachment":[{"href":"https:\/\/www.humanium.org\/fr\/wp-json\/wp\/v2\/media?parent=56"}],"curies":[{"name":"wp","href":"https:\/\/api.w.org\/{rel}","templated":true}]}}