{"id":56409,"date":"2024-02-04T09:25:49","date_gmt":"2024-02-04T09:25:49","guid":{"rendered":"https:\/\/www.humanium.org\/fr\/?page_id=56409"},"modified":"2025-12-06T15:32:57","modified_gmt":"2025-12-06T15:32:57","slug":"la-pollution-plastique-et-les-droits-de-lenfant","status":"publish","type":"page","link":"https:\/\/www.humanium.org\/fr\/la-pollution-plastique-et-les-droits-de-lenfant\/","title":{"rendered":"La pollution plastique et les droits de l\u2019enfant"},"content":{"rendered":"\n<p class=\"wp-block-paragraph\"><strong>Aucun groupe n\u2019est plus vuln\u00e9rable aux dommages environnementaux que les enfants. La production du plastique, son usage et sa destruction ont un impact significatif sur les droits de l\u2019enfant. Les plastiques contiennent des additifs chimiques toxiques qui peuvent constituer une menace importante pour le d\u00e9veloppement des enfants. Donc, m\u00eame s\u2019il est maintenant clair que le plastique a un impact n\u00e9faste \u00e0 la fois sur l\u2019environnement et sur la vie des enfants, ce qui reste non r\u00e9solu est la mani\u00e8re dont les trait\u00e9s internationaux peuvent r\u00e9pondre efficacement \u00e0 la crise du plastique, aux implications \u00e0 venir et \u00e0 long terme de la pollution plastique pouvant influencer le bien- \u00eatre des enfants, ainsi qu\u2019aux solutions adopt\u00e9es pouvant \u00eatre utilis\u00e9es contre la pollution plastique.<\/strong><\/p>\n\n\n\n<figure class=\"wp-block-image size-large\"><img loading=\"lazy\" decoding=\"async\" width=\"1024\" height=\"683\" src=\"https:\/\/www.humanium.org\/fr\/wp-content\/uploads\/2024\/02\/shutterstock_1294508779-1024x683.jpg\" alt=\"\" class=\"wp-image-56410\" srcset=\"https:\/\/www.humanium.org\/fr\/wp-content\/uploads\/2024\/02\/shutterstock_1294508779-1024x683.jpg 1024w, https:\/\/www.humanium.org\/fr\/wp-content\/uploads\/2024\/02\/shutterstock_1294508779-300x200.jpg 300w, https:\/\/www.humanium.org\/fr\/wp-content\/uploads\/2024\/02\/shutterstock_1294508779-768x512.jpg 768w, https:\/\/www.humanium.org\/fr\/wp-content\/uploads\/2024\/02\/shutterstock_1294508779-1536x1024.jpg 1536w, https:\/\/www.humanium.org\/fr\/wp-content\/uploads\/2024\/02\/shutterstock_1294508779-2048x1365.jpg 2048w, https:\/\/www.humanium.org\/fr\/wp-content\/uploads\/2024\/02\/shutterstock_1294508779-830x553.jpg 830w, https:\/\/www.humanium.org\/fr\/wp-content\/uploads\/2024\/02\/shutterstock_1294508779-230x153.jpg 230w, https:\/\/www.humanium.org\/fr\/wp-content\/uploads\/2024\/02\/shutterstock_1294508779-350x233.jpg 350w, https:\/\/www.humanium.org\/fr\/wp-content\/uploads\/2024\/02\/shutterstock_1294508779-480x320.jpg 480w, https:\/\/www.humanium.org\/fr\/wp-content\/uploads\/2024\/02\/shutterstock_1294508779-272x182.jpg 272w\" sizes=\"auto, (max-width: 1024px) 100vw, 1024px\" \/><\/figure>\n\n\n\n<h2 class=\"wp-block-heading\"><strong>Qu\u2019est- ce que la pollution plastique ?<\/strong><\/h2>\n\n\n\n<p class=\"wp-block-paragraph\">Le plastique est un polluant qui requiert une attention unique et accrue, \u00e9tant donn\u00e9 qu\u2019il se d\u00e9compose tr\u00e8s lentement et donc s\u2019accumule dans l\u2019<a href=\"https:\/\/www.humanium.org\/fr\/focus\/environnement\/\">environnement<\/a>. Certains plastiques sont <a href=\"https:\/\/www.humanium.org\/fr\/droit-a-la-sante-2\/\">intrins\u00e8quement toxiques<\/a> alors que d\u2019autres sont toxiques \u00e0 cause de leurs additifs. Ils ont un impact toxique tout au long de leur cycle de vie \u2013 du forage p\u00e9trolier ou gazier, jusqu\u2019\u00e0 la raffinerie du plastique et la manufacture, \u00e0 la gestion des d\u00e9chets dont le recyclage, et enfin \u00e0 la pollution des plastiques qui terminent dans nos oc\u00e9ans et dans notre environnement (Centre for International Environmental Law, 2021).&nbsp;<\/p>\n\n\n\n<p class=\"wp-block-paragraph\">Les liaisons chimiques qui composent le plastique sont solides et sont faites pour durer. Le taux de d\u00e9composition du plastique peut varier en fonction du type de plastique cependant cela va g\u00e9n\u00e9ralement de 50 \u00e0 600 ans (City of Westminster, 2022). Entre 1950 et 2015, environ 60&nbsp;% de tous les plastiques produits (4,900 million de tonnes (United Nations Environment Programme, 2022) ont \u00e9t\u00e9 jet\u00e9s et accumul\u00e9s dans les d\u00e9charges et dans l\u2019<a href=\"https:\/\/www.humanium.org\/fr\/focus\/environnement\/\">environnement naturel<\/a>. <\/p>\n\n\n\n<p class=\"wp-block-paragraph\">De nos jours, on estime que 300 millions de tonnes de d\u00e9chets plastiques sont produits chaque ann\u00e9e. Pour remettre les choses en perspective, c\u2019est l\u2019\u00e9quivalent du poids de la population humaine dans son enti\u00e8ret\u00e9 (United Nations Environment Programme, 2022).<\/p>\n\n\n\n<p class=\"wp-block-paragraph\">Soixante pourcents de ce plastique est entr\u00e9 dans l\u2019environnement (soit dans les d\u00e9charges soit par les d\u00e9chets marins et terrestres), douze pourcents a \u00e9t\u00e9 incin\u00e9r\u00e9, et seulement neuf pourcents a \u00e9t\u00e9 reconverti gr\u00e2ce au <a href=\"https:\/\/www.humanium.org\/fr\/focus\/environnement\/\">recyclage<\/a> (Centre for International Environmental Law, 2019). Les fausses solutions \u00e0 la <a href=\"https:\/\/www.humanium.org\/fr\/focus\/environnement\/urgence-climatique\/\">crise de la pollution plastique<\/a> incluent l\u2019incin\u00e9ration des d\u00e9chets, le recyclage chimique, le plastique biosourc\u00e9 d\u00e9cycl\u00e9 et compostable ainsi que la mise en d\u00e9charge. <\/p>\n\n\n\n<p class=\"wp-block-paragraph\">Le recyclage conduit \u00e0 une pollution chimique et par les micro- plastiques significative des masses d\u2019<a href=\"https:\/\/www.humanium.org\/fr\/comprendre-droits-enfant\/droit-a-l-eau\/\">eau<\/a> quand les eaux us\u00e9es ne sont pas correctement filtr\u00e9es et nettoy\u00e9es. En outre, le commerce des d\u00e9chets plastiques contribue directement au d\u00e9versement de plastique dans l\u2019oc\u00e9an.&nbsp;<\/p>\n\n\n\n<p class=\"wp-block-paragraph\">Le plastique mal g\u00e9r\u00e9 ainsi que les substances et produits chimiques issus de d\u00e9chets plastiques mal g\u00e9r\u00e9s et commercialis\u00e9s sont dangereux pour l\u2019environnement et \u2013 que ce soit \u00e0 cause de fuites, des r\u00e9sidus, de br\u00fblures, des d\u00e9charges ou des d\u00e9potoirs \u2013 se retrouvent dans notre <a href=\"https:\/\/www.humanium.org\/fr\/les-enfants-indonesiens-menaces-par-la-pollution-atmospherique\/\">air<\/a>, notre <a href=\"https:\/\/www.humanium.org\/fr\/comprendre-droits-enfant\/droit-a-l-eau\/\">eau<\/a> et nos sols. Luttant pour g\u00e9rer le nombre sans cesse croissant de d\u00e9chets plastiques, certaines villes et gouvernements, influenc\u00e9s par le puissant lobby des soci\u00e9t\u00e9s de gestion des d\u00e9chets, se&nbsp; tourne vers l\u2019incin\u00e9ration des d\u00e9chets.<\/p>\n\n\n\n<h2 class=\"wp-block-heading\"><strong>L\u2019impact des plastiques sur l\u2019environnement<\/strong><\/h2>\n\n\n\n<p class=\"wp-block-paragraph\">L\u2019actuelle crise mondiale des plastiques aggrave la situation de la plan\u00e8te et affaibli la capacit\u00e9 des g\u00e9n\u00e9rations \u00e0 jouir de ses droits humains dans un environnement propice \u00e0 une <a href=\"https:\/\/www.humanium.org\/fr\/comprendre-droits-enfant\/droit-a-la-vie\/\">vie<\/a> digne. En outre, le volume croissant de d\u00e9chets plastiques impose une dette aux futures g\u00e9n\u00e9rations (Alana Institute, 2022).<\/p>\n\n\n<div class=\"wp-block-image\">\n<figure class=\"alignleft size-large is-resized\"><img loading=\"lazy\" decoding=\"async\" width=\"1024\" height=\"683\" src=\"https:\/\/www.humanium.org\/fr\/wp-content\/uploads\/2024\/02\/shutterstock_1081439510-1024x683.jpg\" alt=\"\" class=\"wp-image-56411\" style=\"width:374px;height:auto\" srcset=\"https:\/\/www.humanium.org\/fr\/wp-content\/uploads\/2024\/02\/shutterstock_1081439510-1024x683.jpg 1024w, https:\/\/www.humanium.org\/fr\/wp-content\/uploads\/2024\/02\/shutterstock_1081439510-300x200.jpg 300w, https:\/\/www.humanium.org\/fr\/wp-content\/uploads\/2024\/02\/shutterstock_1081439510-768x512.jpg 768w, https:\/\/www.humanium.org\/fr\/wp-content\/uploads\/2024\/02\/shutterstock_1081439510-1536x1024.jpg 1536w, https:\/\/www.humanium.org\/fr\/wp-content\/uploads\/2024\/02\/shutterstock_1081439510-2048x1365.jpg 2048w, https:\/\/www.humanium.org\/fr\/wp-content\/uploads\/2024\/02\/shutterstock_1081439510-830x553.jpg 830w, https:\/\/www.humanium.org\/fr\/wp-content\/uploads\/2024\/02\/shutterstock_1081439510-230x153.jpg 230w, https:\/\/www.humanium.org\/fr\/wp-content\/uploads\/2024\/02\/shutterstock_1081439510-350x233.jpg 350w, https:\/\/www.humanium.org\/fr\/wp-content\/uploads\/2024\/02\/shutterstock_1081439510-480x320.jpg 480w, https:\/\/www.humanium.org\/fr\/wp-content\/uploads\/2024\/02\/shutterstock_1081439510-272x182.jpg 272w\" sizes=\"auto, (max-width: 1024px) 100vw, 1024px\" \/><\/figure>\n<\/div>\n\n\n<p class=\"wp-block-paragraph\">Les communaut\u00e9s c\u00f4ti\u00e8res \u00e0 travers le monde sont inond\u00e9es de d\u00e9chets plastiques marins. Les recherches scientifiques montrent comment le plastique dans l\u2019oc\u00e9an peut impacter la chaine <a href=\"https:\/\/www.humanium.org\/fr\/comprendre-droits-enfant\/droit-a-l-alimentation\/malnutrition\/\">alimentaire<\/a>, avoir des cons\u00e9quences n\u00e9gatives sur la <a href=\"https:\/\/www.humanium.org\/fr\/comprendre-droits-enfant\/droit-a-la-sante\/\">sant\u00e9<\/a> \u00e0 cause des polluants introduits dans les tissus des poissons par ingestion des plastiques (Forrest &amp; Hindell, 2018). On estime que 5,25 millions de d\u00e9bris de plastiques pesant quelques 269 000 tonnes sont pr\u00e9sents dans l\u2019oc\u00e9an (Azoulay, D., et al., 2019). Il existe plusieurs liens entre le plastique, le <a href=\"https:\/\/www.humanium.org\/fr\/focus\/environnement\/urgence-climatique\/\">changement climatique<\/a> et la crise de la biodiversit\u00e9 (Centre for International Environmental Law, 2019).&nbsp; <\/p>\n\n\n\n<blockquote class=\"wp-block-quote is-layout-flow wp-block-quote-is-layout-flow\">\n<p class=\"wp-block-paragraph\">\u00ab&nbsp;Les plastiques conventionnels \u00e0 base de combustibles fossiles produits en 2015 repr\u00e9sentent 3,8 pourcents. Si la production et l\u2019utilisation du plastique augmentent, tel qu\u2019envisag\u00e9 actuellement, d\u2019ici \u00e0 2023 les \u00e9missions de plastiques pourraient atteindre 1,34 gigatonnes par an \u00e9quivalant aux \u00e9missions rejet\u00e9es par plus de 295 nouvelles centrales \u00e0 charbon de 500 m\u00e9gawatts&nbsp;.\u00bb <\/p>\n<cite>&#8211; Centre for International Environmental Law, 2019&nbsp;<\/cite><\/blockquote>\n\n\n\n<p class=\"wp-block-paragraph\">En outre, selon les Perspectives Mondiales pour la Biodiversit\u00e9 2020, dans le cadre d\u2019un sc\u00e9nario \u00ab&nbsp;business as usual&nbsp;\u00bb, le rythme auquel la <a href=\"https:\/\/www.humanium.org\/fr\/focus\/environnement\/\">pollution<\/a> de plastique p\u00e9n\u00e8tre dans les \u00e9cosyst\u00e8mes marins devrait augmenter de 2,6 fois son niveau de 2016 en 2040. M\u00eame si les engagements actuels de r\u00e9duire la pollution plastique ont \u00e9t\u00e9 enti\u00e8rement mis en \u0153uvre, la r\u00e9duction des taux de pollution devrait seulement diminuer de 6,6 pourcent&nbsp;\u00bb (Lau, Shiran, Bailey, &amp; Cook, 2020).&nbsp;<\/p>\n\n\n\n<p class=\"wp-block-paragraph\">L\u2019Agenda pour le D\u00e9veloppement Durable 2030 aborde la question de la pollution plastique comme une priorit\u00e9 globale. L\u2019objectif de d\u00e9veloppement durable 14.1 sp\u00e9cifie la n\u00e9cessit\u00e9 \u00ab de pr\u00e9venir et de r\u00e9duire significativement les pollutions marines de toute sorte, en particulier celles d\u00e9coulant des activit\u00e9s terrestres, y compris les d\u00e9bris marins et la pollution par les nutriments&nbsp;\u00bb d\u2019ici \u00e0 2025 (The Office of the United Nations High Commissioner for Human Rights, 2022).<\/p>\n\n\n\n<h2 class=\"wp-block-heading\"><strong>Les outils internationaux relatifs aux plastiques<\/strong><\/h2>\n\n\n\n<p class=\"wp-block-paragraph\">Actuellement, il n\u2019existe aucun outil international juridiquement contraignant qui traite des risques et dangers pour la <a href=\"https:\/\/www.humanium.org\/fr\/comprendre-droits-enfant\/droit-a-la-sante\/\">sant\u00e9<\/a> humaine et l\u2019<a href=\"https:\/\/www.humanium.org\/fr\/focus\/environnement\/\">environnement<\/a> \u00e0 chaque \u00e9tape du cycle du plastique. Alors que ce cycle est mondial, les outils internationaux existant ne couvrent que certaines r\u00e9gions marines ou certains aspects du cycle du plastique (Wienrich, Weiand, &amp; Unger, 2019). Ceux-ci proposent des r\u00e9ponses fragment\u00e9es qui se sont r\u00e9v\u00e9l\u00e9es inadapt\u00e9es pour faire face \u00e0 la crise mondiale du plastique (Japan Ministry of the Environment, 2020).&nbsp;<\/p>\n\n\n\n<p class=\"wp-block-paragraph\">La Convention Internationale pour la Pr\u00e9vention de la Pollution par les Navires de 1973 et les Protocoles de 1978 et de 1997 (Organisation maritime internationale, 2022), (ci-apr\u00e8s la convention MARPOL de 1973 et les protocoles de 1978 et 1997) sont les principaux instruments juridiques qui couvrent la pr\u00e9vention de la pollution marine, y compris par les plastiques.&nbsp;<\/p>\n\n\n\n<p class=\"wp-block-paragraph\">En outre, les Principes directeurs des Nations-Unies de 2011 relatifs aux entreprises et aux droits humains pr\u00e9sentent un cadre de travail qui offre une opportunit\u00e9 pour les entreprises de pr\u00e9venir et de r\u00e9parer les violations des droits humains, dont l\u2019\u00e9laboration d\u2019\u00e9valuations environnementales, comme une \u00e9vidence dans leurs processus de diligence raisonnable (The Office of the United Nations High Commissioner for Human Rights, 2022). <\/p>\n\n\n\n<p class=\"wp-block-paragraph\">Les Objectifs de D\u00e9veloppement durable 2015 (ci-apr\u00e8sSDGs 2015) sont un outil important pour aborder les dimensions des droits humains dans le cycle des plastiques (D\u00e9partement des Nations- Unies des Affaires Economiques et Sociales, 2016). Par exemple, l\u2019objectif 14, sur la conservation et le d\u00e9veloppement durable des oc\u00e9ans, des mers et des ressources marines, mentionne explicitement les mati\u00e8res plastiques.<\/p>\n\n\n\n<p class=\"wp-block-paragraph\">Bien que chaque outil contienne certaines dispositions concernant les d\u00e9chets plastiques et certains additifs plastiques, ils ne rel\u00e8vent pas le d\u00e9fi de r\u00e9duire les volumes de production et de d\u00e9chets plastiques, et de contr\u00f4ler tous les additifs dangereux (Lau, Shiran, Bailey, &amp; Cook, 2020).&nbsp;<\/p>\n\n\n\n<h2 class=\"wp-block-heading\"><strong>Les implications pour les droits de l\u2019enfant<\/strong><\/h2>\n\n\n\n<blockquote class=\"wp-block-quote is-layout-flow wp-block-quote-is-layout-flow\">\n<p class=\"wp-block-paragraph\"><strong>\u00ab&nbsp;<\/strong>Les d\u00e9chets plastiques d\u00e9coulent principalement des pays du Nord vers les pays du Sud. La plupart des pays importateurs ne peuvent pas toujours garantir que ces d\u00e9chets soient g\u00e9r\u00e9s de mani\u00e8re \u00e0 minimiser les dommages sur la<a href=\"https:\/\/www.humanium.org\/fr\/comprendre-droits-enfant\/droit-a-la-sante\/\"> sant\u00e9 humaine<\/a> et sur l\u2019<a href=\"https:\/\/www.humanium.org\/fr\/focus\/environnement\/\">environnement<\/a>.&nbsp;\u00bb&nbsp; <\/p>\n<cite>&#8211; Basel Action Network (BAN) et al., 2021<\/cite><\/blockquote>\n\n\n\n<p class=\"wp-block-paragraph\">L\u2019exp\u00e9dition et la mauvaise gestion des d\u00e9chets plastiques, ainsi que leur fardeau toxique exacerbent les in\u00e9galit\u00e9s mondiales.&nbsp;Les <a href=\"https:\/\/www.humanium.org\/fr\/enfants-monde\/\">Etats<\/a> ont l\u2019obligation de <a href=\"https:\/\/www.humanium.org\/fr\/comprendre-droits-enfant\/protection\/\">prot\u00e9ger<\/a> les enfants des nuisances, dont les causes environnementales \u00e9vitables incluant \u00ab&nbsp;la <a href=\"https:\/\/www.humanium.org\/fr\/comprendre-droits-enfant\/protection\/\">protection<\/a> des droits des enfants \u00e0 la <a href=\"https:\/\/www.humanium.org\/fr\/comprendre-droits-enfant\/droit-a-la-vie\/\">vie<\/a>, \u00e0 la <a href=\"https:\/\/www.humanium.org\/fr\/comprendre-droits-enfant\/droit-a-la-sante\/\">sant\u00e9<\/a>, \u00e0 l\u2019<a href=\"https:\/\/www.humanium.org\/fr\/comprendre-droits-enfant\/droit-a-l-alimentation\/malnutrition\/\">alimentation<\/a>, \u00e0 l\u2019<a href=\"https:\/\/www.humanium.org\/fr\/comprendre-droits-enfant\/droit-a-l-eau\/\">eau<\/a>, \u00e0 l\u2019essentiel, \u00e0 vivre dans un <a href=\"https:\/\/www.humanium.org\/fr\/focus\/environnement\/\">environnement<\/a>&nbsp; sain, ils ont des obligations \u00e0 l\u2019\u00e9gard de chacun de ces enfants individuellement&nbsp;\u00bb&nbsp; (Basel Action Network (BAN) et al., 2021). Les moyens susmentionn\u00e9s de gestion des d\u00e9chets plastiques affectent directement la jouissance des droits des enfants \u00e0 la <a href=\"https:\/\/www.humanium.org\/fr\/le-principe-de-vie-de-survie-et-de-developpement\/\">vie, \u00e0 la survie et au d\u00e9veloppement<\/a> (article 6 de la <a href=\"https:\/\/www.humanium.org\/fr\/convention\/\">Convention des Droits de l\u2019Enfant<\/a> (ci- apr\u00e8s CIDE)).<\/p>\n\n\n\n<p class=\"wp-block-paragraph\">La concr\u00e9tisation de ces droits n\u2019est pas possible sans respecter le droit \u00e0 un <a href=\"https:\/\/www.humanium.org\/fr\/focus\/environnement\/\">environnement sain<\/a>. Les Etats devraient donc prendre des mesures renforc\u00e9es pour respecter, prot\u00e9ger et valoriser les droits de l\u2019enfants en lien avec le plastique (Hamilton, 2019).<\/p>\n\n\n\n<p class=\"wp-block-paragraph\">Les fuites de substances toxiques et de m\u00e9taux lourds ainsi que de microplastiques peuvent directement affecter la<a href=\"https:\/\/www.humanium.org\/fr\/comprendre-droits-enfant\/droit-a-la-sante\/\"> sant\u00e9<\/a> des communaut\u00e9s locales vivant pr\u00e8s des endroits o\u00f9 des probl\u00e8mes de gestion (incin\u00e9ration et d\u00e9charges) surviennent, ou indirectement par la contamination des cultures, des l\u00e9gumes, des fruits et de la viande ainsi que par la<a href=\"https:\/\/www.humanium.org\/fr\/comprendre-droits-enfant\/droit-a-l-eau\/\"> pollution de l\u2019eau<\/a> et <a href=\"https:\/\/www.humanium.org\/fr\/les-enfants-indonesiens-menaces-par-la-pollution-atmospherique\/\">de l\u2019air<\/a>. La fum\u00e9e, les polluants et autres particules \u00e9mises lors de l\u2019incin\u00e9ration et de la combustion du plastique peuvent d\u00e9clencher un large \u00e9ventail de probl\u00e8mes de sant\u00e9, en particulier chez les enfants.&nbsp;<\/p>\n\n\n\n<p class=\"wp-block-paragraph\">En raison de leur vuln\u00e9rabilit\u00e9 particuli\u00e8re, les enfants sont plus sensibles que les adultes aux effets n\u00e9fastes de la pollution. Cancers, perturbations endocriniennes et troubles du d\u00e9veloppement sont quelques-uns des principaux probl\u00e8mes auxquels les enfants sont confront\u00e9s et qui sont li\u00e9s aux produits chimiques utilis\u00e9s dans le plastique (Hamilton, 2019). En outre, les enfants <a href=\"https:\/\/www.humanium.org\/fr\/mortalite-infantile\/\">naissent<\/a> pr\u00e9- pollu\u00e9s, ce qui signifie que des produits chimiques dangereux et des polluants se trouvent dans leur corps \u00e0 leur naissance.&nbsp;<\/p>\n\n\n\n<p class=\"wp-block-paragraph\">Chaque ann\u00e9e, environ 600 000 enfants \u00e2g\u00e9s de moins de <a href=\"https:\/\/www.humanium.org\/fr\/mortalite-infantile\/\">cinq ans<\/a> meurent \u00e0 cause de la<a href=\"https:\/\/www.humanium.org\/fr\/les-enfants-indonesiens-menaces-par-la-pollution-atmospherique\/\"> pollution de l\u2019air<\/a> et 350 000 d\u00e9c\u00e8s suppl\u00e9mentaires sont directement caus\u00e9s par la <a href=\"https:\/\/www.humanium.org\/fr\/comprendre-droits-enfant\/droit-a-l-eau\/\">pollution de l\u2019eau<\/a>, \u00e9l\u00e9ments par lesquels ils ont \u00e9t\u00e9 expos\u00e9s via leur m\u00e8re. C\u2019est le cas pendant la grossesse et cela peut \u00e9galement survenir pendant la m\u00e9nopause avec le Biph\u00e9nyl A, ce qui apporte l\u2019exemple d\u2019un \u00e9l\u00e9ment qui affecte n\u00e9gativement la sant\u00e9 ovarienne et ut\u00e9rine (Maffini, 2006).<\/p>\n\n\n\n<p class=\"wp-block-paragraph\">Un autre probl\u00e8me r\u00e9current li\u00e9 \u00e0 la gestion des d\u00e9chets plastiques, par l\u2019utilisation des d\u00e9charges, est le <a href=\"https:\/\/www.humanium.org\/fr\/travail-des-enfants\/\">travail des enfants<\/a>. Les familles \u00e0 bas revenus des collectivit\u00e9s locales voisines cherchent dans les d\u00e9charges un moyen de <a href=\"https:\/\/www.humanium.org\/fr\/le-principe-de-vie-de-survie-et-de-developpement\/\">survie<\/a>.&nbsp; L\u2019extr\u00eame <a href=\"https:\/\/www.humanium.org\/fr\/pauvrete\/\">pauvret\u00e9<\/a> oblige les familles \u00e0 se tourner vers le <a href=\"https:\/\/www.humanium.org\/fr\/travail-des-enfants\/\">travail des enfants<\/a> comme l\u2019une des seules options pour <a href=\"https:\/\/www.humanium.org\/fr\/le-principe-de-vie-de-survie-et-de-developpement\/\">survivre<\/a>. <\/p>\n\n\n<div class=\"wp-block-image\">\n<figure class=\"alignright size-large is-resized\"><img loading=\"lazy\" decoding=\"async\" width=\"1024\" height=\"683\" src=\"https:\/\/www.humanium.org\/fr\/wp-content\/uploads\/2024\/02\/shutterstock_1294508869-1024x683.jpg\" alt=\"\" class=\"wp-image-56413\" style=\"width:348px;height:auto\" srcset=\"https:\/\/www.humanium.org\/fr\/wp-content\/uploads\/2024\/02\/shutterstock_1294508869-1024x683.jpg 1024w, https:\/\/www.humanium.org\/fr\/wp-content\/uploads\/2024\/02\/shutterstock_1294508869-300x200.jpg 300w, https:\/\/www.humanium.org\/fr\/wp-content\/uploads\/2024\/02\/shutterstock_1294508869-768x512.jpg 768w, https:\/\/www.humanium.org\/fr\/wp-content\/uploads\/2024\/02\/shutterstock_1294508869-1536x1024.jpg 1536w, https:\/\/www.humanium.org\/fr\/wp-content\/uploads\/2024\/02\/shutterstock_1294508869-2048x1365.jpg 2048w, https:\/\/www.humanium.org\/fr\/wp-content\/uploads\/2024\/02\/shutterstock_1294508869-830x553.jpg 830w, https:\/\/www.humanium.org\/fr\/wp-content\/uploads\/2024\/02\/shutterstock_1294508869-230x153.jpg 230w, https:\/\/www.humanium.org\/fr\/wp-content\/uploads\/2024\/02\/shutterstock_1294508869-350x233.jpg 350w, https:\/\/www.humanium.org\/fr\/wp-content\/uploads\/2024\/02\/shutterstock_1294508869-480x320.jpg 480w, https:\/\/www.humanium.org\/fr\/wp-content\/uploads\/2024\/02\/shutterstock_1294508869-272x182.jpg 272w\" sizes=\"auto, (max-width: 1024px) 100vw, 1024px\" \/><\/figure>\n<\/div>\n\n\n<p class=\"wp-block-paragraph\">Cette pire forme de<a href=\"https:\/\/www.humanium.org\/fr\/travail-des-enfants\/\"> travail infantile<\/a> ne viole pas seulement la Convention sur les pires Formes de Travail des Enfants de 1999&nbsp; (International Labour Organisation, 2022) ainsi que l\u2019article 32 de la CIDE, mais elle viole \u00e9galement le droit des enfants \u00e0 une <a href=\"https:\/\/www.humanium.org\/fr\/comprendre-droits-enfant\/droit-a-l-education\/\">\u00e9ducation<\/a>, droit prot\u00e9g\u00e9 par les articles 28 et 32 de la CIDE. La vuln\u00e9rabilit\u00e9 des enfants est aggrav\u00e9e quand ils vivent dans la <a href=\"https:\/\/www.humanium.org\/fr\/pauvrete\/\">pauvret\u00e9<\/a>, sont expos\u00e9s \u00e0 des d\u00e9charges ou travaillent comme ramasseurs de d\u00e9chets (World Wide Fund for Nature and United Nations Major Group for Children and Youth, 2019).&nbsp;<\/p>\n\n\n\n<p class=\"wp-block-paragraph\">Avec la pr\u00e9sence des mati\u00e8res plastiques, on constate que ce mat\u00e9riau joue un r\u00f4le important et significatif dans le <a href=\"https:\/\/www.humanium.org\/fr\/le-principe-de-vie-de-survie-et-de-developpement\/\">d\u00e9veloppement<\/a> des enfants. Ils grandissent autour d\u2019amas de plastiques, des jouets aux d\u00e9chets domestiques ainsi que la publicit\u00e9 excessive normalisant la consommation de produits plastiques sans crit\u00e8res environnementaux. Le terme enfance plastifi\u00e9e a \u00e9t\u00e9 invent\u00e9 pour exprimer cet ensemble de valeurs et l\u2019impact du cycle de vie du plastique sur le d\u00e9veloppement de l\u2019enfant (Alana Institute, 2022).&nbsp;<\/p>\n\n\n\n<p class=\"wp-block-paragraph\">De plus, le niveau \u00e9lev\u00e9 d\u2019<a href=\"https:\/\/www.humanium.org\/fr\/focus\/environnement\/urgence-climatique\/\">\u00e9mission de gaz \u00e0 effet de serre<\/a> caus\u00e9 par le cycle de vie du plastique, en particulier dans le processus de gestion des d\u00e9chets plastiques, acc\u00e9l\u00e8re le processus de la <a href=\"https:\/\/www.humanium.org\/fr\/focus\/environnement\/urgence-climatique\/\">crise climatique mondiale <\/a>et augmente les risques sous-jacents du <a href=\"https:\/\/www.humanium.org\/fr\/focus\/environnement\/urgence-climatique\/\">changement climatique<\/a> impactant la jouissance des <a href=\"https:\/\/www.humanium.org\/fr\/convention\/\">droits de l\u2019enfant<\/a>. Les \u00e9missions actuelles de gaz \u00e0 effet de serre li\u00e9es au cycle de vie du plastique menacent la capacit\u00e9 \u00e0 atteindre les objectifs climatiques mondiaux et donc ne sont pas conforme aux engagements promis lors de l\u2019Accord de Paris en 2015.<\/p>\n\n\n\n<h2 class=\"wp-block-heading\"><strong>Que peut- on faire&nbsp;?<\/strong><\/h2>\n\n\n\n<figure class=\"wp-block-image size-large\"><img loading=\"lazy\" decoding=\"async\" width=\"1024\" height=\"683\" src=\"https:\/\/www.humanium.org\/fr\/wp-content\/uploads\/2024\/02\/shutterstock_1929176294-1024x683.jpg\" alt=\"\" class=\"wp-image-56412\" srcset=\"https:\/\/www.humanium.org\/fr\/wp-content\/uploads\/2024\/02\/shutterstock_1929176294-1024x683.jpg 1024w, https:\/\/www.humanium.org\/fr\/wp-content\/uploads\/2024\/02\/shutterstock_1929176294-300x200.jpg 300w, https:\/\/www.humanium.org\/fr\/wp-content\/uploads\/2024\/02\/shutterstock_1929176294-768x512.jpg 768w, https:\/\/www.humanium.org\/fr\/wp-content\/uploads\/2024\/02\/shutterstock_1929176294-1536x1024.jpg 1536w, https:\/\/www.humanium.org\/fr\/wp-content\/uploads\/2024\/02\/shutterstock_1929176294-2048x1365.jpg 2048w, https:\/\/www.humanium.org\/fr\/wp-content\/uploads\/2024\/02\/shutterstock_1929176294-830x553.jpg 830w, https:\/\/www.humanium.org\/fr\/wp-content\/uploads\/2024\/02\/shutterstock_1929176294-230x153.jpg 230w, https:\/\/www.humanium.org\/fr\/wp-content\/uploads\/2024\/02\/shutterstock_1929176294-350x233.jpg 350w, https:\/\/www.humanium.org\/fr\/wp-content\/uploads\/2024\/02\/shutterstock_1929176294-480x320.jpg 480w, https:\/\/www.humanium.org\/fr\/wp-content\/uploads\/2024\/02\/shutterstock_1929176294-272x182.jpg 272w\" sizes=\"auto, (max-width: 1024px) 100vw, 1024px\" \/><\/figure>\n\n\n\n<p class=\"wp-block-paragraph\">Le cadre juridique et politique international actuel r\u00e9gissant les plastiques est fragment\u00e9 et inadapt\u00e9 pour faire face \u00e0 l\u2019ampleur de la menace mondiale du plastique. Les volumes croissant de d\u00e9chets plastiques et l\u2019exposition \u00e0 des additifs toxiques dans les plastiques aggravent les <a href=\"https:\/\/www.humanium.org\/fr\/regles-internationales-justice-des-enfants\/\">injustices<\/a> environnementales. Cette situation d\u00e9sastreuse exige des r\u00e9ponses politiques fortes au niveau mondial, r\u00e9gional et national (Haut-Commissariat des Nations-Unies aux Droits de l\u2019Homme, 2022).&nbsp;<\/p>\n\n\n\n<p class=\"wp-block-paragraph\">Les gouvernements r\u00e9gionaux et nationaux devraient en outre explorer les cadres l\u00e9gislatifs nationaux sur la Responsabilit\u00e9 Elargie des Producteurs. Ceux-ci apparaissent comme des solutions innovantes et peu co\u00fbteuses tout comme les politiques visant \u00e0 promouvoir l\u2019\u00e9conomie circulaire (International Union for Conservation of Nature (IUCN), 2021). <\/p>\n\n\n\n<p class=\"wp-block-paragraph\">Un nouveau cadre de travail ambitieux est donc n\u00e9cessaire pour atteindre les Objectifs de D\u00e9veloppement Durable de l\u2019ONU, avec l\u2019objectif de coexistence harmonieuse avec la nature d\u2019ici \u00e0 2050 (International Union for Conservation of Nature (IUCN), 2021). Les gouvernements, les instituts de recherche et les industries doivent travailler en collaboration pour concevoir les produits et repenser leurs utilisations et leur \u00e9limination pour r\u00e9duire les micro-d\u00e9chets plastiques des granul\u00e9s, des textiles synth\u00e9tiques et des pneus. <\/p>\n\n\n\n<p class=\"wp-block-paragraph\">Les consommateurs et la soci\u00e9t\u00e9 doivent passer \u00e0 des modes de consommation plus durables. Cela n\u00e9cessitera des solutions allant au-del\u00e0 de la gestion des d\u00e9chets et de prendre en compte l\u2019ensemble du cycle de vie des produits plastiques, de la conception \u00e0 l\u2019infrastructure et \u00e0 l\u2019utilisation domestique (Haut-Commissariat des Nations- Unies aux Droits de l\u2019Homme, 2022).&nbsp;<\/p>\n\n\n\n<p class=\"wp-block-paragraph\">Une approche bas\u00e9e sur les droits humains est la cl\u00e9 pour que les gouvernements s\u2019acquitte de leur devoir de pr\u00e9venir l\u2019exposition et la transition vers une \u00e9conomie circulaire \u00e0 toutes les \u00e9tapes du cycle du plastique. La <a href=\"https:\/\/www.humanium.org\/fr\/le-principe-dinclusion-et-de-participation\/\">participation<\/a> inform\u00e9e du public peut garantir que la politique sur le plastique ne compromet pas la jouissance effective des droits humains pour des motifs d\u2019aspiration au profit dans certaines entit\u00e9s commerciales. Les principes de pr\u00e9vention, de pr\u00e9caution et de pollueurs-payeurs sont essentiels pour internaliser les co\u00fbts et \u00e9viter les fausses solutions.<\/p>\n\n\n\n<p class=\"wp-block-paragraph\">La responsabilit\u00e9 et le droit \u00e0 un recours effectif devraient guider la transformation des cadres juridiques et politiques nationaux et internationaux existants concernant le plastique. Ils devraient \u00e9galement garantir un<a href=\"https:\/\/www.humanium.org\/fr\/quest-ce-la-justice\/\"> recours<\/a> effectif aux personnes et aux communaut\u00e9s ayant subi un <a href=\"https:\/\/www.humanium.org\/fr\/droit-a-la-protection\/\">pr\u00e9judice<\/a>. Une r\u00e9affirmation du droit \u00e0 un <a href=\"https:\/\/www.humanium.org\/fr\/focus\/environnement\/\">environnement<\/a> non toxique est d\u00e9sesp\u00e9r\u00e9ment n\u00e9cessaire (Union Internationale pour la Conservation de la Nature (UICN), 2021).&nbsp;<\/p>\n\n\n\n<p class=\"wp-block-paragraph\">Nous devons mettre fin \u00e0 la production et \u00e0 l\u2019usage unique des produits jetables en plastique. Dans le contexte des \u00e9missions li\u00e9es \u00e0 l\u2019extraction, des \u00e9missions provenant de la fabrication ou de la r\u00e9duction de l\u2019impact des plastiques sur l\u2019environnement, la voie la plus directe et efficace pour faire face \u00e0 la crise du plastique est de r\u00e9duire drastiquement la production de plastique inutile. Lutter contre la pollution plastique \u00e0 sa source et arr\u00eater la production de plastique non essentiel est le moyen le plus s\u00fbre pour r\u00e9duire les <a href=\"https:\/\/www.humanium.org\/fr\/focus\/environnement\/urgence-climatique\/\">\u00e9missions<\/a> tout au long du cycle de vie du plastique (Centre for International Environmental Law, 2019).&nbsp;<\/p>\n\n\n\n<p class=\"wp-block-paragraph\">Les entreprises commerciales devraient \u00eatre tenues de divulguer la composition chimique compl\u00e8te des produits en plastique en incluant les additifs ajout\u00e9s et de veiller \u00e0 ce que les informations sur la composition des plastiques et sur les additifs soient accessibles au public. <\/p>\n\n\n\n<p class=\"wp-block-paragraph\">De plus, les entreprises commerciales devraient travailler activement pour \u00e9liminer la pr\u00e9sence d\u2019additifs toxiques dans le plastique, dans la pratique du recyclage des plastiques contenant des substances dangereuses et pour investir dans des syst\u00e8mes en boucle ferm\u00e9e qui ne g\u00e9n\u00e8rent pas d\u2019<a href=\"https:\/\/www.humanium.org\/fr\/focus\/environnement\/urgence-climatique\/\">\u00e9missions<\/a> ou de d\u00e9chets dangereux (The Office of the United Nations High Commissioner for Human Rights, 2022).<\/p>\n\n\n\n<p class=\"wp-block-paragraph\">De fa\u00e7on plus large, il est important de promouvoir le lien entre les <a href=\"https:\/\/www.humanium.org\/fr\/comprendre-droits-enfant\/\">droits<\/a> humains et la nature en reconnaissant que les <a href=\"https:\/\/www.humanium.org\/fr\/enfants-monde\/\">enfants<\/a> ont le droit inh\u00e9rent de se connecter avec la nature de mani\u00e8re significative, comme une partie importante de leur vie quotidienne et de leur d\u00e9veloppement sain.<\/p>\n\n\n\n<p class=\"wp-block-paragraph\"><em><strong>Ecrit par Alexander Weihrauch et Igi Nderi<\/strong><\/em><\/p>\n\n\n\n<p class=\"wp-block-paragraph\"><em><strong>Traduit par Clarisse Dehaeck<\/strong><\/em><\/p>\n\n\n\n<p class=\"wp-block-paragraph\"><em><strong>Relu par Line Goddi<\/strong><\/em><\/p>\n\n\n\n<p class=\"wp-block-paragraph\"><em><strong>Derni\u00e8re mise \u00e0 jour le 22 janvier 2023<\/strong><\/em><\/p>\n\n\n\n<h3 class=\"wp-block-heading\"><strong>Bibliographie&nbsp;:<\/strong><\/h3>\n\n\n\n<p class=\"has-small-font-size wp-block-paragraph\">1989 Convention on the Rights of the Child. Retrieved from OHCHR at https:\/\/www.ohchr.org\/documents\/professionalinterest\/crc.pdf, accessed on 8 January 2022.<\/p>\n\n\n\n<p class=\"has-small-font-size wp-block-paragraph\">Alana Institute. Children\u2019s rights in regards to the lifecycle of plastics and human rights. Retrieved from OHCHR at <a href=\"https:\/\/www.ohchr.org\/Documents\/Issues\/Environment\/SREnvironment\/ToxicWastes\/CFI-lifecycle-plastics\/Alana-institute.pdf\" target=\"_blank\" rel=\"noreferrer noopener\">https:\/\/www.ohchr.org\/Documents\/Issues\/Environment\/SREnvironment\/ToxicWastes\/CFI-lifecycle-plastics\/Alana-institute.pdf<\/a>, accessed on 11 January 2022.<\/p>\n\n\n\n<p class=\"has-small-font-size wp-block-paragraph\">Alice K. Forrest &amp; Mark Hindell, Ingestion of plastic by fish destined for human consumption in remote South Pacific Islands. Retrieved from Australian Journal of Maritime &amp; Ocean Affairs at <a href=\"https:\/\/ourworldindata.org\/plastic-pollution\" target=\"_blank\" rel=\"noreferrer noopener\">https:\/\/ourworldindata.org\/plastic-pollution<\/a> accessed on 9 January 2022.<\/p>\n\n\n\n<p class=\"has-small-font-size wp-block-paragraph\">Azoulay, D., Villa, P., Arellano, Y., Gordon, M. F., Moon, D., Miller, K. A., &amp; Thompson, K. Plastic &amp; Health: The Hidden Costs Of A Plastic Planet. Retrieved from CIEL at https:\/\/static.sched.com\/hosted_files\/pacificunforumbhr\/81\/Plastic-and-Health-The-Hidden-Costs-of-a- Plastic-Planet-February-2019.pdf, accessed on 11 January 2022.<\/p>\n\n\n\n<p class=\"has-small-font-size wp-block-paragraph\">Basel Action Network (BAN), Centre for International Environmental Law (CIEL), European Environmental Bureau (EEB), Environmental Investigation Agency (EIA), Global Alliance for Incinerator Alternatives (GAIA), Naturschutzbund Deutschland (NABU), &amp; Zero Waste Europe (ZWE). Irresponsibly Managed Plastic Waste Trade Has No Place In A Circular Economy (2021). Retrieved from The Plastic Waste Trade Manifesto at <a href=\"https:\/\/www.breakfreefromplastic.org\/wp-content\/uploads\/2021\/04\/Waste-Trade-Manifesto-TEXTSIGN-1.pdf\" target=\"_blank\" rel=\"noreferrer noopener\">https:\/\/www.breakfreefromplastic.org\/wp-content\/uploads\/2021\/04\/Waste-Trade-Manifesto-TEXTSIGN-1.pdf<\/a> accessed on 11 January 2022.<\/p>\n\n\n\n<p class=\"has-small-font-size wp-block-paragraph\">Centre for International Environmental Law, \u201cPlastic\u201d. Retrieved from CIEL at <a href=\"https:\/\/www.ciel.org\/issues\/plastic\/\" target=\"_blank\" rel=\"noreferrer noopener\">https:\/\/www.ciel.org\/issues\/plastic\/<\/a> accessed on 7 January 2022.<\/p>\n\n\n\n<p class=\"has-small-font-size wp-block-paragraph\">Centre for International Environmental Law,Plastic and Health \u2013 The Hidden Costs of a Plastic Planet. Retrieved from CIEL at <a href=\"https:\/\/www.ciel.org\/wp-content\/uploads\/2019\/02\/Plastic-and-Health-The-Hidden-Costs-of-a-Plastic-Planet-February-2019.pdf\" target=\"_blank\" rel=\"noreferrer noopener\">https:\/\/www.ciel.org\/wp-content\/uploads\/2019\/02\/Plastic-and-Health-The-Hidden-Costs-of-a-Plastic-Planet-February-2019.pdf<\/a> accessed on 6 January 2022.<\/p>\n\n\n\n<p class=\"has-small-font-size wp-block-paragraph\">City of Westminster, Plastic Waste and Pollution. Retrieved from Clean Streets Westminster at https:\/\/cleanstreets.westminster.gov.uk\/plastic-waste-complete-guide\/accessed on 4 January 2022.<\/p>\n\n\n\n<p class=\"has-small-font-size wp-block-paragraph\">International Labour Organization, \u201cC182- the Worst Forms of Child Labour Convention 1999. Retrieved from ILO at <a href=\"https:\/\/www.ilo.org\/dyn\/normlex\/en\/f?p=NORMLEXPUB:12100:0::NO::P12100_INSTRUMENT_ID:312327\" target=\"_blank\" rel=\"noreferrer noopener\">https:\/\/www.ilo.org\/dyn\/normlex\/en\/f?p=NORMLEXPUB:12100:0::NO::P12100_INSTRUMENT_ID:312327<\/a> accessed on 7 January 2022.<\/p>\n\n\n\n<p class=\"has-small-font-size wp-block-paragraph\">International Maritime Organisation. The International Convention for the Prevention of Pollution from Ships, 1973 (MARPOL). Retrieved from IMO at <a href=\"https:\/\/www.imo.org\/en\/KnowledgeCentre\/ConferencesMeetings\/Pages\/Marpol.aspx\">https:\/\/www.imo.org\/en\/KnowledgeCentre\/ConferencesMeetings\/Pages\/Marpol.aspx<\/a> accessed on 7 January 2022.<\/p>\n\n\n\n<p class=\"has-small-font-size wp-block-paragraph\">International Union for Conservation of Nature (IUCN). Marine plastic pollution. Retrieved from IUCN at <a href=\"https:\/\/www.iucn.org\/resources\/issues-briefs\/marine-plastic-pollution\" target=\"_blank\" rel=\"noreferrer noopener\">https:\/\/www.iucn.org\/resources\/issues-briefs\/marine-plastic-pollution<\/a> accessed on 8 January 2022.<\/p>\n\n\n\n<p class=\"has-small-font-size wp-block-paragraph\">International Union for Conservation of Nature (IUCN). Post-2020 global biodiversity framework. Retrieved from IUCN at <a href=\"https:\/\/www.iucn.org\/resources\/issues-briefs\/post-2020-global-biodiversity-framework\" target=\"_blank\" rel=\"noreferrer noopener\">https:\/\/www.iucn.org\/resources\/issues-briefs\/post-2020-global-biodiversity-framework<\/a> accessed on 8 January 2022.<\/p>\n\n\n\n<p class=\"has-small-font-size wp-block-paragraph\">Japan Ministry of the Environment. G20 Report on Actions against Marine Plastic Litter: Second Information Sharing Based on the G20 Implementation Framework-2020 (2020). Retrieved from G20 Report on Actions against Marine Plastic Litter at <a href=\"https:\/\/g20mpl.org\/wp-content\/uploads\/2021\/07\/G20MPL-report-2021_final-edition1119.pdf\" target=\"_blank\" rel=\"noreferrer noopener\">https:\/\/g20mpl.org\/wp-content\/uploads\/2021\/07\/G20MPL-report-2021_final-edition1119.pd<\/a> accessed on 7 January 2022.<\/p>\n\n\n\n<p class=\"has-small-font-size wp-block-paragraph\">Lisa Anne Hamilton and others. Plastics and Climate: The Hidden Cost of a Plastic Planet. Retrieved from the Centre for International Environmental Law at <a href=\"https:\/\/greenwire.greenpeace.de\/system\/files\/2019-05\/20190515-report-plastic-and-climate-ciel.pdf\" target=\"_blank\" rel=\"noreferrer noopener\">https:\/\/greenwire.greenpeace.de\/system\/files\/2019-05\/20190515-report-plastic-and-climate-ciel.pdf<\/a> accessed on 9 January 2022.<\/p>\n\n\n\n<p class=\"has-small-font-size wp-block-paragraph\">Marricel V. Maffini and others. \u201cEndocrine disruptors and reproductive health: the case of bisphenol-A\u201d,Molecular and Cellular Endocrinology. Retrieved from PubMed at doi: 10.1016\/j.mce.2006.04.033 accessed on 9 January 2022.<\/p>\n\n\n\n<p class=\"has-small-font-size wp-block-paragraph\">Nicole Wienrich, Laura Weiand and Sebastian Unger, Stronger Together: The Role of Regional Instruments in Strengthening Global Governance of Marine Plastic Pollution. Retrieved from Institute for Advanced Sustainability Studies at <a href=\"https:\/\/publications.rifs-potsdam.de\/rest\/items\/item_6000714_10\/component\/file_6000763\/content\" target=\"_blank\" rel=\"noreferrer noopener\">https:\/\/publications.rifs-potsdam.de\/rest\/items\/item_6000714_10\/component\/file_6000763\/content<\/a> accessed on 7 January 2022.<\/p>\n\n\n\n<p class=\"has-small-font-size wp-block-paragraph\">Lau, W. W. Y., Shiran, Y., Bailey, R. M., Cook, E., et al. \u00ab\u00a0Evaluating scenarios toward zero plastic pollution\u00a0\u00bb.Retrieved from The Global Biodiversity Outlook at <a href=\"https:\/\/doi.org\/10.1126\/science.aba9475\" target=\"_blank\" rel=\"noreferrer noopener\">https:\/\/doi.org\/10.1126\/science.aba947<\/a> accessed on 6 January 2022.<\/p>\n\n\n\n<p class=\"has-small-font-size wp-block-paragraph\">Office of the High Commissioner for Human Rights, Convention on the Rights of the Child, 1989. Retrieved from OHCHR at https:\/\/www.ohchr.org\/documents\/professionalinterest\/crc.pdf accessed on 4 January 2022.<\/p>\n\n\n\n<p class=\"has-small-font-size wp-block-paragraph\">The Office of the United Nations High Commissioner for Human Rights, Call for submission, \u201cthe lifecycle of plastics and human rights\u201d. Mandate of the Special Rapporteur on toxics and human rights. Retrieved from OHCHR at <a href=\"https:\/\/www.ohchr.org\/EN\/Issues\/Environment\/SRToxicsandhumanrights\/Pages\/lifecylce-plastics.aspx\" target=\"_blank\" rel=\"noreferrer noopener\">https:\/\/www.ohchr.org\/EN\/Issues\/Environment\/SRToxicsandhumanrights\/Pages\/lifecylce-plastics.aspx<\/a> accessed on 6 January 2022.<\/p>\n\n\n\n<p class=\"has-small-font-size wp-block-paragraph\">United Nations Department of Economic and Social Affairs, The 17 Sustainable Development Goals. Retrieved from UNSDGs at <a href=\"https:\/\/sdgs.un.org\/goals\" target=\"_blank\" rel=\"noreferrer noopener\">https:\/\/sdgs.un.org\/goals<\/a> accessed on 7 January 2022.<\/p>\n\n\n\n<p class=\"has-small-font-size wp-block-paragraph\">United Nations Environment Programme, Beat Plastic Pollution. Retrieved from Our planet is choking on plastic at <a href=\"https:\/\/www.unep.org\/interactive\/beat-plastic-pollution\/\" target=\"_blank\" rel=\"noreferrer noopener\">https:\/\/www.unep.org\/interactive\/beat-plastic-pollution\/<\/a> accessed on 4 January 2022.<\/p>\n\n\n\n<p class=\"has-small-font-size wp-block-paragraph\">United Nations Environment Programme, Basel Convention on the Control of Transboundary Movements of Hazardous Wastes and their Disposals, 1989. Retrieved from UNEP at <a href=\"https:\/\/www.basel.int\/Portals\/4\/Basel%20Convention\/docs\/text\/BaselConventionText-e.pdf\" target=\"_blank\" rel=\"noreferrer noopener\">https:\/\/www.basel.int\/Portals\/4\/Basel%20Convention\/docs\/text\/BaselConventionText-e.pdf<\/a> accessed on 7 January 2022.<\/p>\n\n\n\n<p class=\"has-small-font-size wp-block-paragraph\">United Nations Environment Programme, the Stockholm Convention on Persistent Organic Pollutants 2001. Retrieved from UNEP at&nbsp; <a href=\"http:\/\/chm.pops.int\/Portals\/0\/Repository\/convention_text\/UNEP-POPS-COP-CONVTEXT-FULL.English.PDF\" target=\"_blank\" rel=\"noreferrer noopener\">http:\/\/chm.pops.int\/Portals\/0\/Repository\/convention_text\/UNEP-POPS-COP-CONVTEXT-FULL.English.PDF<\/a> accessed on 7 January 2022.<\/p>\n\n\n\n<p class=\"has-small-font-size wp-block-paragraph\">World Wide Fund for Nature and United Nations Major Group for Children and Youth. Solving Plastic Pollution through Accountability. Retrieved from WWF at <a href=\"https:\/\/www.worldwildlife.org\/publications\/solving-plastic-pollution-through-accountability\" target=\"_blank\" rel=\"noreferrer noopener\">https:\/\/www.worldwildlife.org\/publications\/solving-plastic-pollution-through-accountability<\/a> accessed on 9 January 2022.<\/p>\n","protected":false},"excerpt":{"rendered":"<p>Aucun groupe n\u2019est plus vuln\u00e9rable aux dommages environnementaux que les enfants. La production du plastique, son usage et sa destruction ont un impact significatif sur les droits de l\u2019enfant. Les plastiques contiennent des additifs chimiques toxiques qui peuvent constituer une menace importante pour le d\u00e9veloppement des enfants. Donc, m\u00eame s\u2019il est maintenant clair que le [&hellip;]<\/p>\n","protected":false},"author":69,"featured_media":56410,"parent":0,"menu_order":0,"comment_status":"closed","ping_status":"closed","template":"","meta":{"footnotes":""},"class_list":["post-56409","page","type-page","status-publish","has-post-thumbnail","hentry"],"yoast_head":"<!-- This site is optimized with the Yoast SEO plugin v28.3 - https:\/\/yoast.com\/product\/yoast-seo-wordpress\/ -->\n<title>La pollution plastique et les droits de l\u2019enfant - Humanium<\/title>\n<meta name=\"description\" content=\"Le plastique nuit \u00e0 l&#039;environnement et aux enfants, mais les solutions internationales concernant son impact sur le bien-\u00eatre restent en suspens.\" \/>\n<meta name=\"robots\" content=\"index, follow, max-snippet:-1, max-image-preview:large, max-video-preview:-1\" \/>\n<link rel=\"canonical\" href=\"https:\/\/www.humanium.org\/fr\/la-pollution-plastique-et-les-droits-de-lenfant\/\" \/>\n<meta property=\"og:locale\" content=\"fr_FR\" \/>\n<meta property=\"og:type\" content=\"article\" \/>\n<meta property=\"og:title\" content=\"La pollution plastique et les droits de l\u2019enfant - Humanium\" \/>\n<meta property=\"og:description\" content=\"Le plastique nuit \u00e0 l&#039;environnement et aux enfants, mais les solutions internationales concernant son impact sur le bien-\u00eatre restent en suspens.\" \/>\n<meta property=\"og:url\" content=\"https:\/\/www.humanium.org\/fr\/la-pollution-plastique-et-les-droits-de-lenfant\/\" \/>\n<meta property=\"og:site_name\" content=\"Humanium\" \/>\n<meta property=\"article:modified_time\" content=\"2025-12-06T15:32:57+00:00\" \/>\n<meta property=\"og:image\" content=\"https:\/\/www.humanium.org\/fr\/wp-content\/uploads\/2024\/02\/shutterstock_1294508779-scaled.jpg\" \/>\n\t<meta property=\"og:image:width\" content=\"2560\" \/>\n\t<meta property=\"og:image:height\" content=\"1707\" \/>\n\t<meta property=\"og:image:type\" content=\"image\/jpeg\" \/>\n<meta name=\"twitter:card\" content=\"summary_large_image\" \/>\n<meta name=\"twitter:label1\" content=\"Dur\u00e9e de lecture estim\u00e9e\" \/>\n\t<meta name=\"twitter:data1\" content=\"18 minutes\" \/>\n<script type=\"application\/ld+json\" class=\"yoast-schema-graph\">{\"@context\":\"https:\\\/\\\/schema.org\",\"@graph\":[{\"@type\":\"WebPage\",\"@id\":\"https:\\\/\\\/www.humanium.org\\\/fr\\\/la-pollution-plastique-et-les-droits-de-lenfant\\\/\",\"url\":\"https:\\\/\\\/www.humanium.org\\\/fr\\\/la-pollution-plastique-et-les-droits-de-lenfant\\\/\",\"name\":\"La pollution plastique et les droits de l\u2019enfant - Humanium\",\"isPartOf\":{\"@id\":\"https:\\\/\\\/www.humanium.org\\\/fr\\\/#website\"},\"primaryImageOfPage\":{\"@id\":\"https:\\\/\\\/www.humanium.org\\\/fr\\\/la-pollution-plastique-et-les-droits-de-lenfant\\\/#primaryimage\"},\"image\":{\"@id\":\"https:\\\/\\\/www.humanium.org\\\/fr\\\/la-pollution-plastique-et-les-droits-de-lenfant\\\/#primaryimage\"},\"thumbnailUrl\":\"https:\\\/\\\/www.humanium.org\\\/fr\\\/wp-content\\\/uploads\\\/2024\\\/02\\\/shutterstock_1294508779-scaled.jpg\",\"datePublished\":\"2024-02-04T09:25:49+00:00\",\"dateModified\":\"2025-12-06T15:32:57+00:00\",\"description\":\"Le plastique nuit \u00e0 l'environnement et aux enfants, mais les solutions internationales concernant son impact sur le bien-\u00eatre restent en suspens.\",\"breadcrumb\":{\"@id\":\"https:\\\/\\\/www.humanium.org\\\/fr\\\/la-pollution-plastique-et-les-droits-de-lenfant\\\/#breadcrumb\"},\"inLanguage\":\"fr-FR\",\"potentialAction\":[{\"@type\":\"ReadAction\",\"target\":[\"https:\\\/\\\/www.humanium.org\\\/fr\\\/la-pollution-plastique-et-les-droits-de-lenfant\\\/\"]}]},{\"@type\":\"ImageObject\",\"inLanguage\":\"fr-FR\",\"@id\":\"https:\\\/\\\/www.humanium.org\\\/fr\\\/la-pollution-plastique-et-les-droits-de-lenfant\\\/#primaryimage\",\"url\":\"https:\\\/\\\/www.humanium.org\\\/fr\\\/wp-content\\\/uploads\\\/2024\\\/02\\\/shutterstock_1294508779-scaled.jpg\",\"contentUrl\":\"https:\\\/\\\/www.humanium.org\\\/fr\\\/wp-content\\\/uploads\\\/2024\\\/02\\\/shutterstock_1294508779-scaled.jpg\",\"width\":2560,\"height\":1707},{\"@type\":\"BreadcrumbList\",\"@id\":\"https:\\\/\\\/www.humanium.org\\\/fr\\\/la-pollution-plastique-et-les-droits-de-lenfant\\\/#breadcrumb\",\"itemListElement\":[{\"@type\":\"ListItem\",\"position\":1,\"name\":\"Home\",\"item\":\"https:\\\/\\\/www.humanium.org\\\/fr\\\/\"},{\"@type\":\"ListItem\",\"position\":2,\"name\":\"La pollution plastique et les droits de l\u2019enfant\"}]},{\"@type\":\"WebSite\",\"@id\":\"https:\\\/\\\/www.humanium.org\\\/fr\\\/#website\",\"url\":\"https:\\\/\\\/www.humanium.org\\\/fr\\\/\",\"name\":\"Humanium\",\"description\":\"Les enfants d\u2019abord !\",\"potentialAction\":[{\"@type\":\"SearchAction\",\"target\":{\"@type\":\"EntryPoint\",\"urlTemplate\":\"https:\\\/\\\/www.humanium.org\\\/fr\\\/?s={search_term_string}\"},\"query-input\":{\"@type\":\"PropertyValueSpecification\",\"valueRequired\":true,\"valueName\":\"search_term_string\"}}],\"inLanguage\":\"fr-FR\"}]}<\/script>\n<!-- \/ Yoast SEO plugin. -->","yoast_head_json":{"title":"La pollution plastique et les droits de l\u2019enfant - Humanium","description":"Le plastique nuit \u00e0 l'environnement et aux enfants, mais les solutions internationales concernant son impact sur le bien-\u00eatre restent en suspens.","robots":{"index":"index","follow":"follow","max-snippet":"max-snippet:-1","max-image-preview":"max-image-preview:large","max-video-preview":"max-video-preview:-1"},"canonical":"https:\/\/www.humanium.org\/fr\/la-pollution-plastique-et-les-droits-de-lenfant\/","og_locale":"fr_FR","og_type":"article","og_title":"La pollution plastique et les droits de l\u2019enfant - Humanium","og_description":"Le plastique nuit \u00e0 l'environnement et aux enfants, mais les solutions internationales concernant son impact sur le bien-\u00eatre restent en suspens.","og_url":"https:\/\/www.humanium.org\/fr\/la-pollution-plastique-et-les-droits-de-lenfant\/","og_site_name":"Humanium","article_modified_time":"2025-12-06T15:32:57+00:00","og_image":[{"width":2560,"height":1707,"url":"https:\/\/www.humanium.org\/fr\/wp-content\/uploads\/2024\/02\/shutterstock_1294508779-scaled.jpg","type":"image\/jpeg"}],"twitter_card":"summary_large_image","twitter_misc":{"Dur\u00e9e de lecture estim\u00e9e":"18 minutes"},"schema":{"@context":"https:\/\/schema.org","@graph":[{"@type":"WebPage","@id":"https:\/\/www.humanium.org\/fr\/la-pollution-plastique-et-les-droits-de-lenfant\/","url":"https:\/\/www.humanium.org\/fr\/la-pollution-plastique-et-les-droits-de-lenfant\/","name":"La pollution plastique et les droits de l\u2019enfant - Humanium","isPartOf":{"@id":"https:\/\/www.humanium.org\/fr\/#website"},"primaryImageOfPage":{"@id":"https:\/\/www.humanium.org\/fr\/la-pollution-plastique-et-les-droits-de-lenfant\/#primaryimage"},"image":{"@id":"https:\/\/www.humanium.org\/fr\/la-pollution-plastique-et-les-droits-de-lenfant\/#primaryimage"},"thumbnailUrl":"https:\/\/www.humanium.org\/fr\/wp-content\/uploads\/2024\/02\/shutterstock_1294508779-scaled.jpg","datePublished":"2024-02-04T09:25:49+00:00","dateModified":"2025-12-06T15:32:57+00:00","description":"Le plastique nuit \u00e0 l'environnement et aux enfants, mais les solutions internationales concernant son impact sur le bien-\u00eatre restent en suspens.","breadcrumb":{"@id":"https:\/\/www.humanium.org\/fr\/la-pollution-plastique-et-les-droits-de-lenfant\/#breadcrumb"},"inLanguage":"fr-FR","potentialAction":[{"@type":"ReadAction","target":["https:\/\/www.humanium.org\/fr\/la-pollution-plastique-et-les-droits-de-lenfant\/"]}]},{"@type":"ImageObject","inLanguage":"fr-FR","@id":"https:\/\/www.humanium.org\/fr\/la-pollution-plastique-et-les-droits-de-lenfant\/#primaryimage","url":"https:\/\/www.humanium.org\/fr\/wp-content\/uploads\/2024\/02\/shutterstock_1294508779-scaled.jpg","contentUrl":"https:\/\/www.humanium.org\/fr\/wp-content\/uploads\/2024\/02\/shutterstock_1294508779-scaled.jpg","width":2560,"height":1707},{"@type":"BreadcrumbList","@id":"https:\/\/www.humanium.org\/fr\/la-pollution-plastique-et-les-droits-de-lenfant\/#breadcrumb","itemListElement":[{"@type":"ListItem","position":1,"name":"Home","item":"https:\/\/www.humanium.org\/fr\/"},{"@type":"ListItem","position":2,"name":"La pollution plastique et les droits de l\u2019enfant"}]},{"@type":"WebSite","@id":"https:\/\/www.humanium.org\/fr\/#website","url":"https:\/\/www.humanium.org\/fr\/","name":"Humanium","description":"Les enfants d\u2019abord !","potentialAction":[{"@type":"SearchAction","target":{"@type":"EntryPoint","urlTemplate":"https:\/\/www.humanium.org\/fr\/?s={search_term_string}"},"query-input":{"@type":"PropertyValueSpecification","valueRequired":true,"valueName":"search_term_string"}}],"inLanguage":"fr-FR"}]}},"_links":{"self":[{"href":"https:\/\/www.humanium.org\/fr\/wp-json\/wp\/v2\/pages\/56409","targetHints":{"allow":["GET"]}}],"collection":[{"href":"https:\/\/www.humanium.org\/fr\/wp-json\/wp\/v2\/pages"}],"about":[{"href":"https:\/\/www.humanium.org\/fr\/wp-json\/wp\/v2\/types\/page"}],"author":[{"embeddable":true,"href":"https:\/\/www.humanium.org\/fr\/wp-json\/wp\/v2\/users\/69"}],"replies":[{"embeddable":true,"href":"https:\/\/www.humanium.org\/fr\/wp-json\/wp\/v2\/comments?post=56409"}],"version-history":[{"count":11,"href":"https:\/\/www.humanium.org\/fr\/wp-json\/wp\/v2\/pages\/56409\/revisions"}],"predecessor-version":[{"id":60313,"href":"https:\/\/www.humanium.org\/fr\/wp-json\/wp\/v2\/pages\/56409\/revisions\/60313"}],"wp:featuredmedia":[{"embeddable":true,"href":"https:\/\/www.humanium.org\/fr\/wp-json\/wp\/v2\/media\/56410"}],"wp:attachment":[{"href":"https:\/\/www.humanium.org\/fr\/wp-json\/wp\/v2\/media?parent=56409"}],"curies":[{"name":"wp","href":"https:\/\/api.w.org\/{rel}","templated":true}]}}