{"id":56773,"date":"2024-04-05T22:36:43","date_gmt":"2024-04-05T22:36:43","guid":{"rendered":"https:\/\/www.humanium.org\/fr\/?page_id=56773"},"modified":"2025-12-10T02:43:06","modified_gmt":"2025-12-10T02:43:06","slug":"les-enfants-des-zones-rurales","status":"publish","type":"page","link":"https:\/\/www.humanium.org\/fr\/les-enfants-des-zones-rurales\/","title":{"rendered":"Les enfants des zones rurales"},"content":{"rendered":"\n<p class=\"wp-block-paragraph\"><strong>Les zones rurales sont d\u00e9finies par opposition aux zones urbaines et comprennent donc les zones non urbaines. Bien que la population rurale ait augment\u00e9 au fil des ann\u00e9es, il y a toujours plus de personnes vivant en zones urbaines que dans les zones rurales. Les d\u00e9fis auxquels sont confront\u00e9s les enfants des zones rurales sont principalement li\u00e9s \u00e0 la <\/strong><a href=\"https:\/\/www.humanium.org\/fr\/pauvrete\/\"><strong>pauvret\u00e9<\/strong><\/a><strong>, au manque d&rsquo;acc\u00e8s \u00e0 l&rsquo;<\/strong><a href=\"https:\/\/www.humanium.org\/fr\/comprendre-droits-enfant\/droit-a-l-education\/#:~:text=L%27%C3%A9ducation%20doit%20%C3%AAtre%20accessible,de%20se%20construire%20un%20avenir.\"><strong>\u00e9ducation<\/strong><\/a><strong> ainsi qu&rsquo;aux moyens de transports et \u00e0 la violence. N\u00e9anmoins, la vie dans les communaut\u00e9s rurales peut \u00e9galement apporter des aspects positifs, tels que le fait d&rsquo;<\/strong><strong>appartenir \u00e0 une communaut\u00e9 ferm\u00e9e<\/strong><strong>, d&rsquo;avoir un sentiment d&rsquo;appartenance et d&rsquo;\u00eatre plus en phase avec certaines traditions culturelles.<\/strong><\/p>\n\n\n\n<figure class=\"wp-block-image size-large\"><img loading=\"lazy\" decoding=\"async\" width=\"1024\" height=\"683\" src=\"https:\/\/www.humanium.org\/fr\/wp-content\/uploads\/2024\/04\/shutterstock_2440871751-1024x683.jpg\" alt=\"\" class=\"wp-image-56774\" srcset=\"https:\/\/www.humanium.org\/fr\/wp-content\/uploads\/2024\/04\/shutterstock_2440871751-1024x683.jpg 1024w, https:\/\/www.humanium.org\/fr\/wp-content\/uploads\/2024\/04\/shutterstock_2440871751-300x200.jpg 300w, https:\/\/www.humanium.org\/fr\/wp-content\/uploads\/2024\/04\/shutterstock_2440871751-768x512.jpg 768w, https:\/\/www.humanium.org\/fr\/wp-content\/uploads\/2024\/04\/shutterstock_2440871751-1536x1024.jpg 1536w, https:\/\/www.humanium.org\/fr\/wp-content\/uploads\/2024\/04\/shutterstock_2440871751-2048x1365.jpg 2048w, https:\/\/www.humanium.org\/fr\/wp-content\/uploads\/2024\/04\/shutterstock_2440871751-830x553.jpg 830w, https:\/\/www.humanium.org\/fr\/wp-content\/uploads\/2024\/04\/shutterstock_2440871751-230x153.jpg 230w, https:\/\/www.humanium.org\/fr\/wp-content\/uploads\/2024\/04\/shutterstock_2440871751-350x233.jpg 350w, https:\/\/www.humanium.org\/fr\/wp-content\/uploads\/2024\/04\/shutterstock_2440871751-480x320.jpg 480w, https:\/\/www.humanium.org\/fr\/wp-content\/uploads\/2024\/04\/shutterstock_2440871751-272x182.jpg 272w\" sizes=\"auto, (max-width: 1024px) 100vw, 1024px\" \/><\/figure>\n\n\n\n<h2 class=\"wp-block-heading\"><strong>D\u00e9finition d&rsquo;une zone rurale<\/strong><\/h2>\n\n\n\n<p class=\"wp-block-paragraph\">Une zone rurale est une zone situ\u00e9e en dehors des zones urbaines dens\u00e9ment peupl\u00e9es d&rsquo;une ville ou d&rsquo;un village. Les zones rurales sont traditionnellement des zones qui ne sont pas incluses dans la d\u00e9finition urbaine, et sont g\u00e9n\u00e9ralement de grandes zones ouvertes avec peu de maisons et peu de personnes, par opposition aux zones urbaines qui ont une population plus importante (IGI Global, 2023).<\/p>\n\n\n\n<p class=\"wp-block-paragraph\">La ruralit\u00e9 est principalement associ\u00e9e \u00e0 des sentiments d&rsquo;appartenance \u00e0 une communaut\u00e9 ferm\u00e9e li\u00e9e \u00e0 des activit\u00e9s agricoles (FRA, 2002). N\u00e9anmoins, les diff\u00e9rents contextes socioculturels des zones rurales rendent difficile le fait de parler de ruralit\u00e9, car il n&rsquo;existe pas de d\u00e9finition standard. Les zones rurales pr\u00e9sentent certaines caract\u00e9ristiques communes malgr\u00e9 le contexte g\u00e9ographique et socioculturel, mais \u00e9galement certains d\u00e9fis et menaces pour les enfants qui y vivent.<\/p>\n\n\n\n<h2 class=\"wp-block-heading\"><strong>La population rurale en chiffres<\/strong><\/h2>\n\n\n\n<p class=\"wp-block-paragraph\">Selon les donn\u00e9es de la Banque mondiale, la population rurale a augment\u00e9 au fil des ann\u00e9es. En 2010, 3,37 milliards de personnes vivaient en zones rurales telles que d\u00e9finies par les instituts nationaux de statistiques, alors qu&rsquo;en 2015, la population rurale \u00e9tait d&rsquo;environ 3,42 milliards de personnes et en 2021, d&rsquo;environ 3,43 milliards (Banque mondiale, Population rurale, 2023). Bien que la population rurale ait augment\u00e9 au fil du temps, il y a toujours plus de personnes vivant en zones urbaines que dans les zones rurales.<\/p>\n\n\n\n<p class=\"wp-block-paragraph\">Selon la Banque mondiale, le pourcentage de la population rurale par rapport \u00e0 la population urbaine \u00e9tait de 48&nbsp;% en 2010, de 46&nbsp;% en 2015 et de 44&nbsp;% en 2021 (Banque mondiale, pourcentage de la population rurale, 2023). Ces chiffres montrent \u00e0 quel point la population rurale augmente, mais plus lentement que la population urbaine.<\/p>\n\n\n\n<p class=\"wp-block-paragraph\">D&rsquo;ici 2030, la part mondiale de la population rurale devrait encore diminuer pour atteindre 40&nbsp;% (Glass, 2022). Ce d\u00e9clin progressif signifie que les zones rurales deviennent de plus en plus petites et que les espaces urbains se d\u00e9veloppent dans le monde entier.<\/p>\n\n\n\n<p class=\"wp-block-paragraph\">Le pourcentage de la population rurale varie consid\u00e9rablement d&rsquo;un pays \u00e0 l&rsquo;autre. Dans l&rsquo;<a href=\"https:\/\/www.humanium.org\/fr\/europe-caucase\/\">Union europ\u00e9enne<\/a> (UE), pr\u00e8s de 30&nbsp;% de la population (137 millions de personnes) vit en zones rurales, qui couvrent plus de 80&nbsp;% du territoire europ\u00e9en (49,2&nbsp;% des jeunes de l&rsquo;UE \u00e2g\u00e9s de 15 \u00e0 24 ans vivent en zones rurales). En Russie, en 2020, 25&nbsp;% de la population vivait en zones rurales, apr\u00e8s une tendance \u00e0 la baisse depuis 2010.<\/p>\n\n\n\n<p class=\"wp-block-paragraph\">La m\u00eame ann\u00e9e en outre, 23&nbsp;% de la population turque vivait en zones rurales, et cette tendance \u00e0 la baisse se poursuit depuis les ann\u00e9es 60, avec une forte acc\u00e9l\u00e9ration dans les ann\u00e9es 80 (Glass, 2022). Selon les donn\u00e9es de la Banque mondiale, le pourcentage de la population rurale vivant en Afrique subsaharienne \u00e9tait d&rsquo;environ 58&nbsp;% en 2021 (Banque mondiale, pourcentage de la population rurale en Afrique subsaharienne, 2023).<\/p>\n\n\n\n<h2 class=\"wp-block-heading\"><strong>Les d\u00e9fis rencontr\u00e9s par les enfants vivant dans les zones rurales<\/strong><\/h2>\n\n\n\n<p class=\"wp-block-paragraph\">Les zones rurales sont d\u00e9finies de fa\u00e7on assez large et ne prennent pas en compte les particularit\u00e9s d&rsquo;un contexte sp\u00e9cifique. C&rsquo;est la raison pour laquelle certains des d\u00e9fis suivants peuvent \u00eatre pr\u00e9sents ou non en fonction des conditions socioculturelles et \u00e9conomiques de la zone g\u00e9ographique concern\u00e9e.<\/p>\n\n\n\n<h3 class=\"wp-block-heading\"><strong>L&rsquo;acc\u00e8s \u00e0 l&rsquo;\u00e9ducation<\/strong><\/h3>\n\n\n<div class=\"wp-block-image\">\n<figure class=\"alignleft size-large is-resized\"><img loading=\"lazy\" decoding=\"async\" width=\"1024\" height=\"680\" src=\"https:\/\/www.humanium.org\/fr\/wp-content\/uploads\/2024\/04\/shutterstock_1941270655-1024x680.jpg\" alt=\"\" class=\"wp-image-56775\" style=\"width:304px;height:auto\" srcset=\"https:\/\/www.humanium.org\/fr\/wp-content\/uploads\/2024\/04\/shutterstock_1941270655-1024x680.jpg 1024w, https:\/\/www.humanium.org\/fr\/wp-content\/uploads\/2024\/04\/shutterstock_1941270655-300x199.jpg 300w, https:\/\/www.humanium.org\/fr\/wp-content\/uploads\/2024\/04\/shutterstock_1941270655-768x510.jpg 768w, https:\/\/www.humanium.org\/fr\/wp-content\/uploads\/2024\/04\/shutterstock_1941270655-1536x1020.jpg 1536w, https:\/\/www.humanium.org\/fr\/wp-content\/uploads\/2024\/04\/shutterstock_1941270655-2048x1360.jpg 2048w, https:\/\/www.humanium.org\/fr\/wp-content\/uploads\/2024\/04\/shutterstock_1941270655-830x551.jpg 830w, https:\/\/www.humanium.org\/fr\/wp-content\/uploads\/2024\/04\/shutterstock_1941270655-230x153.jpg 230w, https:\/\/www.humanium.org\/fr\/wp-content\/uploads\/2024\/04\/shutterstock_1941270655-350x232.jpg 350w, https:\/\/www.humanium.org\/fr\/wp-content\/uploads\/2024\/04\/shutterstock_1941270655-480x319.jpg 480w, https:\/\/www.humanium.org\/fr\/wp-content\/uploads\/2024\/04\/shutterstock_1941270655-272x182.jpg 272w\" sizes=\"auto, (max-width: 1024px) 100vw, 1024px\" \/><\/figure>\n<\/div>\n\n\n<p class=\"wp-block-paragraph\">L&rsquo;\u00e9cart entre les performances d&rsquo;apprentissage des \u00e9l\u00e8ves des zones urbaines et rurales est un <a href=\"https:\/\/www.humanium.org\/fr\/comprendre-droits-enfant\/droit-a-l-education\/\">ph\u00e9nom\u00e8ne mondial<\/a>. Dans la plupart des pays, cet <a href=\"https:\/\/www.humanium.org\/fr\/les-consequences-negatives-de-la-fracture-numerique-pour-des-millions-denfants\/\">\u00e9cart<\/a> est d\u00fb \u00e0 la sous-performance des \u00e9l\u00e8ves des zones rurales, alors que dans certains pays o\u00f9 les gouvernements et\/ou les organisations internationales fournissent un soutien \u00e9ducatif sp\u00e9cifiquement con\u00e7u pour les zones rurales, comme en Am\u00e9rique latine, l&rsquo;\u00e9cart est d\u00fb \u00e0 la surperformance des \u00e9l\u00e8ves provenant des zones rurales. <\/p>\n\n\n\n<p class=\"wp-block-paragraph\">Par exemple, en Afrique subsaharienne, les enfants provenant des zones rurales obtiennent syst\u00e9matiquement de moins bons r\u00e9sultats que les enfants des zones urbaines et, par rapport \u00e0 la moyenne mondiale, l&rsquo;\u00e9cart est particuli\u00e8rement important (Sugata, Keisuke, 2021).<\/p>\n\n\n\n<p class=\"wp-block-paragraph\">Les causes principales de ce ph\u00e9nom\u00e8ne sont le co\u00fbt plus \u00e9lev\u00e9 d\u2019offres \u00e9ducatives par habitant dans les zones rurales, le manque d&rsquo;infrastructures et de professionnels pour assurer la formation ainsi que l&rsquo;absence de transports en commun pour se rendre \u00e0 l&rsquo;\u00e9cole (Glass, 2022). Les comp\u00e9tences en mati\u00e8re d&rsquo;alphab\u00e9tisation d\u00e8s le plus jeune \u00e2ge sont un facteur d\u00e9terminant dans la r\u00e9ussite scolaire des enfants, et il a \u00e9t\u00e9 constat\u00e9 que les jeunes peu instruits et peu qualifi\u00e9s sont particuli\u00e8rement expos\u00e9s \u00e0 l&rsquo;exclusion et \u00e0 la marginalisation dans les zones rurales, avec des disparit\u00e9s dans le niveau d&rsquo;\u00e9ducation (Glass, 2022).<\/p>\n\n\n\n<p class=\"wp-block-paragraph\">Mais le contexte rural pr\u00e9sente des aspects positifs. Il a \u00e9t\u00e9 constat\u00e9 que les \u00e9coles en zones rurales entretiennent davantage de <a href=\"https:\/\/www.humanium.org\/fr\/famille-droits-enfant\/#:~:text=La%20Convention%20internationale%20des%20droits,la%20violation%20de%20ses%20droits.\">liens interg\u00e9n\u00e9rationnels<\/a> que les \u00e9coles en zones urbaines (par exemple, des parents et des enseignants qui ont grandi ensemble). Aussi, il existe une coh\u00e9sion communautaire en dehors de l&rsquo;\u00e9cole qui permet aux enseignants et aux familles d&rsquo;interagir de mani\u00e8re informelle (Glass, 2022).<\/p>\n\n\n\n<h3 class=\"wp-block-heading\"><strong>La pauvret\u00e9<\/strong><\/h3>\n\n\n\n<p class=\"wp-block-paragraph\">Selon l&rsquo;UNICEF, les enfants sont deux fois plus susceptibles de vivre dans l&rsquo;extr\u00eame <a href=\"https:\/\/www.humanium.org\/fr\/enfants-pauvres\/\">pauvret\u00e9<\/a> que les adultes. En 2013, 19,5&nbsp;% des enfants vivant dans des pays en voie de d\u00e9veloppement \u00e9taient issus de m\u00e9nages qui survivent avec une moyenne de 1,90 dollar par jour, voire moins par personne, contre seulement 9,2&nbsp;% des adultes.<\/p>\n\n\n\n<p class=\"wp-block-paragraph\">Dans le monde, pr\u00e8s de 593 millions d&rsquo;enfants sont en situation de <a href=\"https:\/\/www.humanium.org\/fr\/enfants-pauvres\/\">pauvret\u00e9<\/a> multidimensionnelle (World Vision, 2023). Les enfants sont touch\u00e9s de mani\u00e8re disproportionn\u00e9e, puisqu&rsquo;ils repr\u00e9sentent environ un tiers de la population \u00e9tudi\u00e9e, mais ils repr\u00e9sentent aussi la moiti\u00e9 des personnes extr\u00eamement pauvres. Les enfants les plus jeunes sont les plus expos\u00e9s. En effet, dans les <a href=\"https:\/\/www.humanium.org\/fr\/enfants-monde\/\">pays en voie de d\u00e9veloppement<\/a>, plus d&rsquo;un cinqui\u00e8me des enfants de moins de cinq ans vit dans des m\u00e9nages extr\u00eamement pauvres (UNICEF, 2016).<\/p>\n\n\n\n<p class=\"wp-block-paragraph\">L&rsquo;<a href=\"https:\/\/www.humanium.org\/fr\/afrique\/\">Afrique<\/a> subsaharienne pr\u00e9sente \u00e0 la fois le taux le plus \u00e9lev\u00e9 d&rsquo;enfants vivant dans l&rsquo;extr\u00eame pauvret\u00e9 (un peu moins de 50&nbsp;%) mais \u00e9galement le taux le plus \u00e9lev\u00e9 d&rsquo;enfants extr\u00eamement pauvres dans le monde (un peu plus de 50&nbsp;%). L&rsquo;<a href=\"https:\/\/www.humanium.org\/fr\/asie-pacifique\/\">Asie<\/a> du Sud vient en deuxi\u00e8me position, avec pr\u00e8s de 36&nbsp;%, et plus de 30&nbsp;% des enfants extr\u00eamement pauvres vivent en Inde. Plus de quatre enfants sur cinq en situation d&rsquo;extr\u00eame pauvret\u00e9 vivent dans des zones rurales (UNICEF, 2016).<\/p>\n\n\n\n<h3 class=\"wp-block-heading\"><strong>Le travail des enfants&nbsp;<\/strong><\/h3>\n\n\n<div class=\"wp-block-image\">\n<figure class=\"alignright size-large is-resized\"><img loading=\"lazy\" decoding=\"async\" width=\"1024\" height=\"683\" src=\"https:\/\/www.humanium.org\/fr\/wp-content\/uploads\/2024\/04\/shutterstock_1931756645-1024x683.jpg\" alt=\"\" class=\"wp-image-56776\" style=\"width:308px;height:auto\" srcset=\"https:\/\/www.humanium.org\/fr\/wp-content\/uploads\/2024\/04\/shutterstock_1931756645-1024x683.jpg 1024w, https:\/\/www.humanium.org\/fr\/wp-content\/uploads\/2024\/04\/shutterstock_1931756645-300x200.jpg 300w, https:\/\/www.humanium.org\/fr\/wp-content\/uploads\/2024\/04\/shutterstock_1931756645-768x512.jpg 768w, https:\/\/www.humanium.org\/fr\/wp-content\/uploads\/2024\/04\/shutterstock_1931756645-1536x1024.jpg 1536w, https:\/\/www.humanium.org\/fr\/wp-content\/uploads\/2024\/04\/shutterstock_1931756645-2048x1365.jpg 2048w, https:\/\/www.humanium.org\/fr\/wp-content\/uploads\/2024\/04\/shutterstock_1931756645-830x553.jpg 830w, https:\/\/www.humanium.org\/fr\/wp-content\/uploads\/2024\/04\/shutterstock_1931756645-230x153.jpg 230w, https:\/\/www.humanium.org\/fr\/wp-content\/uploads\/2024\/04\/shutterstock_1931756645-350x233.jpg 350w, https:\/\/www.humanium.org\/fr\/wp-content\/uploads\/2024\/04\/shutterstock_1931756645-480x320.jpg 480w, https:\/\/www.humanium.org\/fr\/wp-content\/uploads\/2024\/04\/shutterstock_1931756645-272x182.jpg 272w\" sizes=\"auto, (max-width: 1024px) 100vw, 1024px\" \/><\/figure>\n<\/div>\n\n\n<p class=\"wp-block-paragraph\">Le <a href=\"https:\/\/www.humanium.org\/fr\/travail-des-enfants\/\">travail des enfants<\/a> est beaucoup plus r\u00e9pandu dans les zones rurales. Il touche 122,7 millions d&rsquo;enfants, contre 37,3 millions d&rsquo;enfants en zones urbaines. La pr\u00e9valence du travail des enfants dans les zones rurales (76,7&nbsp;%) est pr\u00e8s de trois fois plus \u00e9lev\u00e9e que dans les zones urbaines (23,3&nbsp;%). Les principales r\u00e9gions touch\u00e9es par ce probl\u00e8me sont l&rsquo;Afrique subsaharienne (82,1&nbsp;% des enfants provenant des zones rurales sont impliqu\u00e9s dans le travail des enfants contre 17,9&nbsp;% des enfants des zones urbaines), l&rsquo;Asie centrale et m\u00e9ridionale (75,2 % contre 24,8&nbsp;%) ainsi que l&rsquo;Asie de l&rsquo;Est et du Sud-Est (75,2&nbsp;% contre 24,8&nbsp;%) (OIT, 2022).<\/p>\n\n\n\n<p class=\"wp-block-paragraph\">Le <a href=\"https:\/\/www.humanium.org\/fr\/travail-des-enfants\/\">travail des enfants<\/a> dans les zones rurales touche davantage les gar\u00e7ons (16,1&nbsp;%) que les <a href=\"https:\/\/www.humanium.org\/fr\/droits-des-filles\/\">filles<\/a> (11,6&nbsp;%). De plus, le travail des enfants est li\u00e9 \u00e0 l&rsquo;abandon scolaire. En effet, 34,7&nbsp;% des enfants des zones rurales ne vont pas \u00e0 l&rsquo;\u00e9cole (contre 35,5&nbsp;% en zones urbaines), ce qui confirme la tendance mondiale (35&nbsp;%). <\/p>\n\n\n\n<p class=\"wp-block-paragraph\">Lorsqu&rsquo;il s&rsquo;agit d&rsquo;enfants exer\u00e7ant un travail dangereux, le pourcentage d&rsquo;abandon scolaire est encore plus \u00e9lev\u00e9. En effet, 43,6&nbsp;% des enfants ne vont pas \u00e0 l&rsquo;\u00e9cole, m\u00eame s&rsquo;il n&rsquo;y a pas de grande diff\u00e9rence entre les zones rurales et les zones urbaines.<\/p>\n\n\n\n<p class=\"wp-block-paragraph\">C&rsquo;est dans l&rsquo;agriculture que le <a href=\"https:\/\/www.humanium.org\/fr\/travail-des-enfants\/\">travail des enfants<\/a> est le plus fr\u00e9quent. Les statistiques montrent qu&rsquo;il repr\u00e9sente 70 % de l\u2019effectif total dans le monde et jusqu&rsquo;\u00e0 82 % en <a href=\"https:\/\/www.humanium.org\/fr\/afrique\/\">Afrique<\/a> subsaharienne. Il est particuli\u00e8rement fr\u00e9quent chez les jeunes, pour qui les exigences physiques et les dangers du travail agricole peuvent \u00eatre particuli\u00e8rement n\u00e9fastes. Le <a href=\"https:\/\/www.humanium.org\/fr\/limpact-de-la-pandemie-de-covid-19-sur-la-mortalite-infantile-et-ses-dommages-collateraux\/#:~:text=Parmi%20elles%20se%20trouvent%20la,sanitaire%20(UNICEF%2C%202021).\">COVID-19<\/a> a provoqu\u00e9 une hausse du travail des enfants dans l&rsquo;agriculture car les familles qui ont perdu leur emploi dans un autre domaine sont retourn\u00e9es \u00e0 l&rsquo;agriculture de subsistance pour survivre.<\/p>\n\n\n\n<h3 class=\"wp-block-heading\"><strong>La maltraitance infantile&nbsp;<\/strong><\/h3>\n\n\n\n<p class=\"wp-block-paragraph\">La pauvret\u00e9, le manque de moyens de transport, l&rsquo;isolement physique et la \u00ab&nbsp;stigmatisation&nbsp;\u00bb associ\u00e9e aux probl\u00e8mes domestiques sont autant de facteurs de <a href=\"https:\/\/www.humanium.org\/fr\/violences\/\">violence infantile<\/a>. Dans les zones rurales, ces probl\u00e8mes sont aggrav\u00e9s car beaucoup de personnes dans le besoin ont du mal \u00e0 acc\u00e9der \u00e0 l&rsquo;aide, \u00e0 l&rsquo;information et au soutien (Save the Children 2003). S&rsquo;attaquer \u00e0 la question de la <a href=\"https:\/\/www.humanium.org\/fr\/la-maltraitance-des-enfants\/\">maltraitance infantile<\/a> dans les zones rurales implique le fait de traiter tous les autres probl\u00e8mes mentionn\u00e9s ci-dessus, afin de diminuer les \u00e9l\u00e9ments susceptibles d&rsquo;avoir un impact sur les enfants.<\/p>\n\n\n\n<p class=\"wp-block-paragraph\">Les donn\u00e9es r\u00e9v\u00e8lent que les signalements de maltraitance infantile sont plus nombreux dans les zones rurales que dans les zones urbaines (ABA, 2015). Aux <a href=\"https:\/\/www.humanium.org\/fr\/etats-unis\/\">\u00c9tats-Unis<\/a>, les statistiques montrent que le taux de maltraitance infantile dans les zones rurales est deux fois plus \u00e9lev\u00e9 que celui de la population g\u00e9n\u00e9rale. Dans les comt\u00e9s ruraux, la maltraitance est 1,7 fois plus fr\u00e9quente que dans les grands comt\u00e9s urbains (10,8 contre 6,4 enfants sur 1000) et le taux d&rsquo;<a href=\"https:\/\/www.humanium.org\/fr\/la-maltraitance-des-enfants\/\">abus sexuels <\/a>dans les comt\u00e9s ruraux (2,8 enfants sur 1000) est deux fois plus \u00e9lev\u00e9 que dans les grands comt\u00e9s urbains (1,4 enfant sur 1000).<\/p>\n\n\n\n<p class=\"wp-block-paragraph\">Les taux de violence psychologique et de n\u00e9gligence \u00e9motionnelle sont plus \u00e9lev\u00e9s chez les enfants vivant dans les zones rurales que dans les comt\u00e9s urbains. En ce qui concerne les taux de <a href=\"https:\/\/www.humanium.org\/fr\/la-maltraitance-des-enfants\/\">violence<\/a> psychologique, les enfants des zones rurales sont 2,6 fois plus touch\u00e9s que les enfants des comt\u00e9s urbains (3,4 contre 1,3 enfant sur 1000). Concernant la n\u00e9gligence \u00e9motionnelle, les enfants des comt\u00e9s ruraux (4,7 enfants sur 1000) sont plus affect\u00e9s que les enfants des grands comt\u00e9s urbains (1,8 enfant sur 1000) (ABA, 2015).<\/p>\n\n\n\n<p class=\"wp-block-paragraph\">Une autre \u00e9tude men\u00e9e en <a href=\"https:\/\/www.humanium.org\/fr\/pologne\/\">Pologne<\/a> montre que la fr\u00e9quence des diff\u00e9rentes formes de <a href=\"https:\/\/www.humanium.org\/fr\/violences\/\">violence<\/a> domestique dans les zones rurales varie en fonction du type de violence. Par exemple, la violence psychologique est davantage associ\u00e9e aux zones urbaines (60,5&nbsp;%) qu&rsquo;aux zones rurales (42,4&nbsp;%). N\u00e9anmoins, si l&rsquo;on prend en compte la violence sexuelle, les recherches prouvent que le pourcentage li\u00e9 \u00e0 la forme d&rsquo;abus contre les enfants est moins important (8,1 % en zones rurales contre 3,2 % en zones urbaines) (Terelak, Ko\u0142odziejczak, Bulsa, 2019).<\/p>\n\n\n\n<h3 class=\"wp-block-heading\"><strong>La mortalit\u00e9 infantile<\/strong><\/h3>\n\n\n\n<p class=\"wp-block-paragraph\">L&rsquo;\u00e9cart entre les zones rurales et urbaines concernant la <a href=\"https:\/\/www.humanium.org\/fr\/mortalite-infantile\/\">mortalit\u00e9<\/a> des enfants de moins de cinq ans s&rsquo;est r\u00e9duit, passant de 44 enfants sur 1000 entre 1992 et 1993 \u00e0 30 enfants sur 1000 entre 2004 et 2005, puis \u00e0 14 enfants sur 1000 entre 2019 et 2021. Malgr\u00e9 cette baisse rapide en zones rurales, le taux reste plus \u00e9lev\u00e9 que dans les zones urbaines (Kumar, Piyasa &amp; Saikia, 2022).<\/p>\n\n\n\n<p class=\"wp-block-paragraph\">De plus, la centralisation des services d&rsquo;aide m\u00e9dicale urgente a entra\u00een\u00e9 une augmentation du temps de trajet pour les patients et une augmentation des co\u00fbts associ\u00e9s. Ces \u00e9l\u00e9ments ont un impact sur la qualit\u00e9 et l&rsquo;acc\u00e8s aux soins de sant\u00e9, tant pour les enfants que pour les m\u00e8res, en termes de traitement et de pr\u00e9vention.<\/p>\n\n\n\n<h3 class=\"wp-block-heading\"><strong>La malnutrition<\/strong><\/h3>\n\n\n\n<p class=\"wp-block-paragraph\">En ce qui concerne la <a href=\"https:\/\/www.humanium.org\/fr\/alimentation-sous-nutrition-et-malnutrition\/\">malnutrition<\/a>, les enfants des zones urbaines ont g\u00e9n\u00e9ralement un <a href=\"https:\/\/www.humanium.org\/fr\/droit-a-l-alimentation-3\/\">meilleur statut nutritionnel<\/a> que les enfants des zones rurales, m\u00eame si des recherches r\u00e9centes indiquent que la <a href=\"https:\/\/www.humanium.org\/fr\/comprendre-droits-enfant\/droit-a-l-alimentation\/malnutrition\/#:~:text=Il%20existe%202%20types%20de%20malnutrition%20%3A&amp;text=La%20malnutrition%20chronique%20%3A%20elle%20se,par%20rapport%20%C3%A0%20son%20%C3%A2ge.&amp;text=La%20malnutrition%20aig%C3%BCe%20%3A%20elle%20se,l%27enfant%20(%C3%A9maciation).\">malnutrition<\/a> en milieu urbain est en hausse. Le fait que les enfants des zones urbaines ait un meilleur statut nutritionnel est probablement d\u00fb \u00e0 l&rsquo;effet cumulatif d&rsquo;une s\u00e9rie de conditions socio-\u00e9conomiques plus favorables, qui, \u00e0 leur tour, semblent conduire \u00e0 de meilleures pratiques de soins pour les enfants et leurs m\u00e8res (Smith, Ruel, Ndiaye, 2004).<\/p>\n\n\n\n<h3 class=\"wp-block-heading\"><strong>L&rsquo;acc\u00e8s aux transports<\/strong><\/h3>\n\n\n\n<p class=\"wp-block-paragraph\">L&rsquo;acc\u00e8s aux transports est un probl\u00e8me majeur pour les jeunes en zones rurales. L&rsquo;insuffisance et le prix co\u00fbteux des transports publics et priv\u00e9s ont \u00e9t\u00e9 largement reconnus comme des facteurs cl\u00e9s pouvant conduire \u00e0 l&rsquo;exclusion des jeunes en zones rurales du syst\u00e8me \u00e9ducatif et\/ou du march\u00e9 du travail. Le co\u00fbt des transports peut \u00e9galement avoir un impact sur la participation sociale des jeunes, qui n&rsquo;ont pas les moyens d&rsquo;assister \u00e0 des activit\u00e9s\/\u00e9v\u00e9nements culturels dans des lieux \u00e9loign\u00e9s de leur domicile (Glass, 2022).<\/p>\n\n\n\n<p class=\"wp-block-paragraph\">Le manque de moyens de transport pose probl\u00e8me non seulement pour l&rsquo;acc\u00e8s \u00e0 l&rsquo;\u00e9ducation et au march\u00e9 du travail, mais \u00e9galement pour l&rsquo;isolement social et la marginalisation des enfants et des jeunes des zones rurales. Cela affecte n\u00e9gativement la <a href=\"https:\/\/www.humanium.org\/fr\/le-principe-dinclusion-et-de-participation\/\">participation des enfants<\/a> ainsi que leur d\u00e9veloppement et leur bien-\u00eatre physique, mental et \u00e9motionnel.<\/p>\n\n\n\n<p class=\"wp-block-paragraph\"><em><strong>\u00c9crit par Arianna Braga<\/strong><\/em><\/p>\n\n\n\n<p class=\"wp-block-paragraph\"><em><strong>Relu en interne par Aditi Partha<\/strong><\/em><\/p>\n\n\n\n<p class=\"wp-block-paragraph\"><em><strong>Traduit par Victoire Ramos<\/strong><\/em><\/p>\n\n\n\n<p class=\"wp-block-paragraph\"><em><strong>Relu par Ruthy Gbogbu<\/strong><\/em><\/p>\n\n\n\n<p class=\"wp-block-paragraph\"><em><strong>Derni\u00e8re mise \u00e0 jour le 12 mars 2023<\/strong><\/em><\/p>\n\n\n\n<h4 class=\"wp-block-heading\"><strong>R\u00e9f\u00e9rence :&nbsp;<\/strong><\/h4>\n\n\n\n<p class=\"has-small-font-size wp-block-paragraph\">ABA (2015). Meeting the Challenge of Child Maltreatment in Rural Areas. Retrieved from the American Bar Association at <a href=\"https:\/\/www.americanbar.org\/groups\/public_interest\/child_law\/resources\/child_law_practiceonline\/child_law_practice\/vol-34\/march-2015\/meeting-the-challenge-of-child-maltreatment-in-rural-areas\/\" target=\"_blank\" rel=\"noreferrer noopener\">https:\/\/www.americanbar.org\/groups\/public_interest\/child_law\/resources\/child_law_practiceonline\/child_law_practice\/vol-34\/march-2015\/meeting-the-challenge-of-child-maltreatment-in-rural-areas\/<\/a>, accessed on 14 April 2023.&nbsp;<\/p>\n\n\n\n<p class=\"has-small-font-size wp-block-paragraph\">FRA, 2002. Racism in rural areas. Retrieved from FRA at http:\/\/fra.europa.eu\/en\/publication\/2005\/racism-rural-areas, accessed on 11 March 2023.&nbsp;<\/p>\n\n\n\n<p class=\"has-small-font-size wp-block-paragraph\">Glass, J. (2022). The future of youth in rural areas: responsibilities of local and regional authorities: Expert report to the Council of Europe Congress of Regional and Local Authorities Current Affairs Committee. Retrieved from the Council of Europe at&nbsp; <a href=\"https:\/\/pure.sruc.ac.uk\/en\/publications\/the-future-of-youth-in-rural-areas-responsibilities-of-local-and-\" target=\"_blank\" rel=\"noreferrer noopener\">https:\/\/pure.sruc.ac.uk\/en\/publications\/the-future-of-youth-in-rural-areas-responsibilities-of-local-and-<\/a>, accessed on 11 March 2023.&nbsp;<\/p>\n\n\n\n<p class=\"has-small-font-size wp-block-paragraph\">IGI Global (2023). What is Rural Areas. Retrieved from IGI Global at https:\/\/www.igi-global.com\/dictionary\/importance-of-plant-production-in-development-of-rural-areas\/64889, accessed on 11 March 2023.&nbsp;<\/p>\n\n\n\n<p class=\"has-small-font-size wp-block-paragraph\">ILO, 2020. Child Labour: Global estimates 2020, trends and the road forward. Retrieved from ILO at https:\/\/www.ilo.org\/ipec\/Informationresources\/WCMS_797515\/lang&#8211;en\/index.htm, accessed on 11 March 2023.&nbsp;<\/p>\n\n\n\n<p class=\"has-small-font-size wp-block-paragraph\">Kumar, C., Piyasa &amp; Saikia, N. An update on explaining the rural-urban gap in under-five mortality in India, in BMC Public Health 22, 2093 (2022). Retrieved from BMC Public Health at <a href=\"https:\/\/doi.org\/10.1186\/s12889-022-14436-7\" target=\"_blank\" rel=\"noreferrer noopener\">https:\/\/doi.org\/10.1186\/s12889-022-14436-7<\/a>, accessed on 12 March 2023.<\/p>\n\n\n\n<p class=\"has-small-font-size wp-block-paragraph\">Save the Children (2003). Children and Domestic Violence in Rural Areas: A child-focused assessment of service provision. Retrieved from Save the Children at <a href=\"https:\/\/resourcecentre.savethechildren.net\/pdf\/children_and_domestic_violence_in_rural_areas.pdf\/\" target=\"_blank\" rel=\"noreferrer noopener\">https:\/\/resourcecentre.savethechildren.net\/pdf\/children_and_domestic_violence_in_rural_areas.pdf\/<\/a>, accessed on 12 March 2023.&nbsp;<\/p>\n\n\n\n<p class=\"has-small-font-size wp-block-paragraph\">Smith, L. C., Ruel, M. T., Ndiaye, A. (2004). Why is child malnutrition lower in urban than rural areas?. Retrieved from IFPRI at https:\/\/ebrary.ifpri.org\/utils\/getfile\/collection\/p15738coll2\/id\/63532\/filename\/63533.pdf, accessed on 12 March 2023.&nbsp;<\/p>\n\n\n\n<p class=\"has-small-font-size wp-block-paragraph\">Sugata S., Keisuke K. (2021). An analysis of the learning performance gap between urban and rural areas in Sub-Saharan Africa, in South African Journal of Education, Volume 41, Number 2, May 2021 1, Art. #1779, 17 pages. Retrieved from the South African Journal of Education at <a href=\"https:\/\/doi.org\/10.15700\/saje.v41n2a1779\" target=\"_blank\" rel=\"noreferrer noopener\">https:\/\/doi.org\/10.15700\/saje.v41n2a1779<\/a>, accessed on 12 March 2023.&nbsp;<\/p>\n\n\n\n<p class=\"has-small-font-size wp-block-paragraph\">Terelak, A., Ko\u0142odziejczak, S., Bulsa, M. (2019). Scale and forms of domestic violence against schoolchildren in rural, rural-urban and urban areas.&nbsp;Ann Agric Environ Med.,&nbsp;26(4), 572-578. Retrieved from Annals of Agricultural and Environmental Medicine (AAEM) at <a href=\"https:\/\/doi.org\/10.26444\/aaem\/103871\" target=\"_blank\" rel=\"noreferrer noopener\">https:\/\/doi.org\/10.26444\/aaem\/103871<\/a>, accessed on 14 April 2023.&nbsp;<\/p>\n\n\n\n<p class=\"has-small-font-size wp-block-paragraph\">UNICEF (2016). Ending Extreme Poverty: A Focus on Children. Retrieved from UNICEF at <a href=\"https:\/\/www.unicef.org\/reports\/ending-extreme-poverty-focus-children\" target=\"_blank\" rel=\"noreferrer noopener\">https:\/\/www.unicef.org\/reports\/ending-extreme-poverty-focus-children<\/a>, accessed on 12 March 2023.&nbsp;<\/p>\n\n\n\n<p class=\"has-small-font-size wp-block-paragraph\">Weeks, John (2010). Defining Urban Areas, in Remote Sensing of Urban and Suburban Areas (pp. 33-45), DOI:10.1007\/978-1-4020-4385-7_3. Retrieved from ResearchGate at <a href=\"https:\/\/www.researchgate.net\/publication\/226018640_Defining_Urban_Areas\" target=\"_blank\" rel=\"noreferrer noopener\">https:\/\/www.researchgate.net\/publication\/226018640_Defining_Urban_Areas<\/a>, accessed on 11 March 2023.&nbsp;<\/p>\n\n\n\n<p class=\"has-small-font-size wp-block-paragraph\">World Bank, Rural population (2023). Rural population. Retrieved form World Bank at <a href=\"https:\/\/data.worldbank.org\/indicator\/SP.RUR.TOTL\" target=\"_blank\" rel=\"noreferrer noopener\">https:\/\/data.worldbank.org\/indicator\/SP.RUR.TOTL<\/a>, accessed on 12 March 2023.&nbsp;<\/p>\n\n\n\n<p class=\"has-small-font-size wp-block-paragraph\">World Bank, Rural population percentage (2023). Rural population (per cent of total population). Retrieved form World Bank at <a href=\"https:\/\/data.worldbank.org\/indicator\/SP.RUR.TOTL.ZS\" target=\"_blank\" rel=\"noreferrer noopener\">https:\/\/data.worldbank.org\/indicator\/SP.RUR.TOTL.ZS<\/a>, accessed on 12 March 2023.<\/p>\n\n\n\n<p class=\"has-small-font-size wp-block-paragraph\">World Bank, Rural population percentage Sub-Saharan Africa (2023). Rural population (per cent of total population) &#8211; Sub-Saharan Africa. Retrieved from World Bank at <a href=\"https:\/\/data.worldbank.org\/indicator\/SP.RUR.TOTL.ZS?locations=ZG\" target=\"_blank\" rel=\"noreferrer noopener\">https:\/\/data.worldbank.org\/indicator\/SP.RUR.TOTL.ZS?locations=ZG<\/a>, accessed on 12 March 2023.<\/p>\n\n\n\n<p class=\"has-small-font-size wp-block-paragraph\">World Vision (2023). Global poverty: Facts, FAQs, and how to help. Retrieved from World Vision at <a href=\"https:\/\/www.worldvision.org\/sponsorship-news-stories\/global-poverty-facts#:~:text=593%20million%20children%20are%20experiencing,for%2011.1%20million%20of%20those\">https:\/\/www.<\/a><a href=\"https:\/\/www.worldvision.org\/sponsorship-news-stories\/global-poverty-facts#:~:text=593%20million%20children%20are%20experiencing,for%2011.1%20million%20of%20those\" target=\"_blank\" rel=\"noreferrer noopener\">worldvision<\/a><a href=\"https:\/\/www.worldvision.org\/sponsorship-news-stories\/global-poverty-facts#:~:text=593%20million%20children%20are%20experiencing,for%2011.1%20million%20of%20those\">.org\/sponsorship-news-stories\/global-poverty-facts#:~:text=593%20million%20children%20are%20experiencing,for%2011.1%20million%20of%20those<\/a>, accessed on 14 April 2023.&nbsp;<\/p>\n","protected":false},"excerpt":{"rendered":"<p>Les zones rurales sont d\u00e9finies par opposition aux zones urbaines et comprennent donc les zones non urbaines. Bien que la population rurale ait augment\u00e9 au fil des ann\u00e9es, il y a toujours plus de personnes vivant en zones urbaines que dans les zones rurales. Les d\u00e9fis auxquels sont confront\u00e9s les enfants des zones rurales sont [&hellip;]<\/p>\n","protected":false},"author":65,"featured_media":56774,"parent":0,"menu_order":0,"comment_status":"closed","ping_status":"closed","template":"","meta":{"footnotes":""},"class_list":["post-56773","page","type-page","status-publish","has-post-thumbnail","hentry"],"yoast_head":"<!-- This site is optimized with the Yoast SEO plugin v28.3 - https:\/\/yoast.com\/product\/yoast-seo-wordpress\/ -->\n<title>Les enfants des zones rurales - Humanium<\/title>\n<meta name=\"description\" content=\"Les d\u00e9fis auxquels sont confront\u00e9s les enfants des zones rurales sont principalement li\u00e9s \u00e0 la pauvret\u00e9 et au manque d&#039;acc\u00e8s \u00e0 l&#039;\u00e9ducation.\" \/>\n<meta name=\"robots\" content=\"index, follow, max-snippet:-1, max-image-preview:large, max-video-preview:-1\" \/>\n<link rel=\"canonical\" href=\"https:\/\/www.humanium.org\/fr\/les-enfants-des-zones-rurales\/\" \/>\n<meta property=\"og:locale\" content=\"fr_FR\" \/>\n<meta property=\"og:type\" content=\"article\" \/>\n<meta property=\"og:title\" content=\"Les enfants des zones rurales - Humanium\" \/>\n<meta property=\"og:description\" content=\"Les d\u00e9fis auxquels sont confront\u00e9s les enfants des zones rurales sont principalement li\u00e9s \u00e0 la pauvret\u00e9 et au manque d&#039;acc\u00e8s \u00e0 l&#039;\u00e9ducation.\" \/>\n<meta property=\"og:url\" content=\"https:\/\/www.humanium.org\/fr\/les-enfants-des-zones-rurales\/\" \/>\n<meta property=\"og:site_name\" content=\"Humanium\" \/>\n<meta property=\"article:modified_time\" content=\"2025-12-10T02:43:06+00:00\" \/>\n<meta property=\"og:image\" content=\"https:\/\/www.humanium.org\/fr\/wp-content\/uploads\/2024\/04\/shutterstock_2440871751-scaled.jpg\" \/>\n\t<meta property=\"og:image:width\" content=\"2560\" \/>\n\t<meta property=\"og:image:height\" content=\"1707\" \/>\n\t<meta property=\"og:image:type\" content=\"image\/jpeg\" \/>\n<meta name=\"twitter:card\" content=\"summary_large_image\" \/>\n<meta name=\"twitter:label1\" content=\"Dur\u00e9e de lecture estim\u00e9e\" \/>\n\t<meta name=\"twitter:data1\" content=\"15 minutes\" \/>\n<script type=\"application\/ld+json\" class=\"yoast-schema-graph\">{\"@context\":\"https:\\\/\\\/schema.org\",\"@graph\":[{\"@type\":\"WebPage\",\"@id\":\"https:\\\/\\\/www.humanium.org\\\/fr\\\/les-enfants-des-zones-rurales\\\/\",\"url\":\"https:\\\/\\\/www.humanium.org\\\/fr\\\/les-enfants-des-zones-rurales\\\/\",\"name\":\"Les enfants des zones rurales - Humanium\",\"isPartOf\":{\"@id\":\"https:\\\/\\\/www.humanium.org\\\/fr\\\/#website\"},\"primaryImageOfPage\":{\"@id\":\"https:\\\/\\\/www.humanium.org\\\/fr\\\/les-enfants-des-zones-rurales\\\/#primaryimage\"},\"image\":{\"@id\":\"https:\\\/\\\/www.humanium.org\\\/fr\\\/les-enfants-des-zones-rurales\\\/#primaryimage\"},\"thumbnailUrl\":\"https:\\\/\\\/www.humanium.org\\\/fr\\\/wp-content\\\/uploads\\\/2024\\\/04\\\/shutterstock_2440871751-scaled.jpg\",\"datePublished\":\"2024-04-05T22:36:43+00:00\",\"dateModified\":\"2025-12-10T02:43:06+00:00\",\"description\":\"Les d\u00e9fis auxquels sont confront\u00e9s les enfants des zones rurales sont principalement li\u00e9s \u00e0 la pauvret\u00e9 et au manque d'acc\u00e8s \u00e0 l'\u00e9ducation.\",\"breadcrumb\":{\"@id\":\"https:\\\/\\\/www.humanium.org\\\/fr\\\/les-enfants-des-zones-rurales\\\/#breadcrumb\"},\"inLanguage\":\"fr-FR\",\"potentialAction\":[{\"@type\":\"ReadAction\",\"target\":[\"https:\\\/\\\/www.humanium.org\\\/fr\\\/les-enfants-des-zones-rurales\\\/\"]}]},{\"@type\":\"ImageObject\",\"inLanguage\":\"fr-FR\",\"@id\":\"https:\\\/\\\/www.humanium.org\\\/fr\\\/les-enfants-des-zones-rurales\\\/#primaryimage\",\"url\":\"https:\\\/\\\/www.humanium.org\\\/fr\\\/wp-content\\\/uploads\\\/2024\\\/04\\\/shutterstock_2440871751-scaled.jpg\",\"contentUrl\":\"https:\\\/\\\/www.humanium.org\\\/fr\\\/wp-content\\\/uploads\\\/2024\\\/04\\\/shutterstock_2440871751-scaled.jpg\",\"width\":2560,\"height\":1707},{\"@type\":\"BreadcrumbList\",\"@id\":\"https:\\\/\\\/www.humanium.org\\\/fr\\\/les-enfants-des-zones-rurales\\\/#breadcrumb\",\"itemListElement\":[{\"@type\":\"ListItem\",\"position\":1,\"name\":\"Home\",\"item\":\"https:\\\/\\\/www.humanium.org\\\/fr\\\/\"},{\"@type\":\"ListItem\",\"position\":2,\"name\":\"Les enfants des zones rurales\"}]},{\"@type\":\"WebSite\",\"@id\":\"https:\\\/\\\/www.humanium.org\\\/fr\\\/#website\",\"url\":\"https:\\\/\\\/www.humanium.org\\\/fr\\\/\",\"name\":\"Humanium\",\"description\":\"Les enfants d\u2019abord !\",\"potentialAction\":[{\"@type\":\"SearchAction\",\"target\":{\"@type\":\"EntryPoint\",\"urlTemplate\":\"https:\\\/\\\/www.humanium.org\\\/fr\\\/?s={search_term_string}\"},\"query-input\":{\"@type\":\"PropertyValueSpecification\",\"valueRequired\":true,\"valueName\":\"search_term_string\"}}],\"inLanguage\":\"fr-FR\"}]}<\/script>\n<!-- \/ Yoast SEO plugin. -->","yoast_head_json":{"title":"Les enfants des zones rurales - Humanium","description":"Les d\u00e9fis auxquels sont confront\u00e9s les enfants des zones rurales sont principalement li\u00e9s \u00e0 la pauvret\u00e9 et au manque d'acc\u00e8s \u00e0 l'\u00e9ducation.","robots":{"index":"index","follow":"follow","max-snippet":"max-snippet:-1","max-image-preview":"max-image-preview:large","max-video-preview":"max-video-preview:-1"},"canonical":"https:\/\/www.humanium.org\/fr\/les-enfants-des-zones-rurales\/","og_locale":"fr_FR","og_type":"article","og_title":"Les enfants des zones rurales - Humanium","og_description":"Les d\u00e9fis auxquels sont confront\u00e9s les enfants des zones rurales sont principalement li\u00e9s \u00e0 la pauvret\u00e9 et au manque d'acc\u00e8s \u00e0 l'\u00e9ducation.","og_url":"https:\/\/www.humanium.org\/fr\/les-enfants-des-zones-rurales\/","og_site_name":"Humanium","article_modified_time":"2025-12-10T02:43:06+00:00","og_image":[{"width":2560,"height":1707,"url":"https:\/\/www.humanium.org\/fr\/wp-content\/uploads\/2024\/04\/shutterstock_2440871751-scaled.jpg","type":"image\/jpeg"}],"twitter_card":"summary_large_image","twitter_misc":{"Dur\u00e9e de lecture estim\u00e9e":"15 minutes"},"schema":{"@context":"https:\/\/schema.org","@graph":[{"@type":"WebPage","@id":"https:\/\/www.humanium.org\/fr\/les-enfants-des-zones-rurales\/","url":"https:\/\/www.humanium.org\/fr\/les-enfants-des-zones-rurales\/","name":"Les enfants des zones rurales - Humanium","isPartOf":{"@id":"https:\/\/www.humanium.org\/fr\/#website"},"primaryImageOfPage":{"@id":"https:\/\/www.humanium.org\/fr\/les-enfants-des-zones-rurales\/#primaryimage"},"image":{"@id":"https:\/\/www.humanium.org\/fr\/les-enfants-des-zones-rurales\/#primaryimage"},"thumbnailUrl":"https:\/\/www.humanium.org\/fr\/wp-content\/uploads\/2024\/04\/shutterstock_2440871751-scaled.jpg","datePublished":"2024-04-05T22:36:43+00:00","dateModified":"2025-12-10T02:43:06+00:00","description":"Les d\u00e9fis auxquels sont confront\u00e9s les enfants des zones rurales sont principalement li\u00e9s \u00e0 la pauvret\u00e9 et au manque d'acc\u00e8s \u00e0 l'\u00e9ducation.","breadcrumb":{"@id":"https:\/\/www.humanium.org\/fr\/les-enfants-des-zones-rurales\/#breadcrumb"},"inLanguage":"fr-FR","potentialAction":[{"@type":"ReadAction","target":["https:\/\/www.humanium.org\/fr\/les-enfants-des-zones-rurales\/"]}]},{"@type":"ImageObject","inLanguage":"fr-FR","@id":"https:\/\/www.humanium.org\/fr\/les-enfants-des-zones-rurales\/#primaryimage","url":"https:\/\/www.humanium.org\/fr\/wp-content\/uploads\/2024\/04\/shutterstock_2440871751-scaled.jpg","contentUrl":"https:\/\/www.humanium.org\/fr\/wp-content\/uploads\/2024\/04\/shutterstock_2440871751-scaled.jpg","width":2560,"height":1707},{"@type":"BreadcrumbList","@id":"https:\/\/www.humanium.org\/fr\/les-enfants-des-zones-rurales\/#breadcrumb","itemListElement":[{"@type":"ListItem","position":1,"name":"Home","item":"https:\/\/www.humanium.org\/fr\/"},{"@type":"ListItem","position":2,"name":"Les enfants des zones rurales"}]},{"@type":"WebSite","@id":"https:\/\/www.humanium.org\/fr\/#website","url":"https:\/\/www.humanium.org\/fr\/","name":"Humanium","description":"Les enfants d\u2019abord !","potentialAction":[{"@type":"SearchAction","target":{"@type":"EntryPoint","urlTemplate":"https:\/\/www.humanium.org\/fr\/?s={search_term_string}"},"query-input":{"@type":"PropertyValueSpecification","valueRequired":true,"valueName":"search_term_string"}}],"inLanguage":"fr-FR"}]}},"_links":{"self":[{"href":"https:\/\/www.humanium.org\/fr\/wp-json\/wp\/v2\/pages\/56773","targetHints":{"allow":["GET"]}}],"collection":[{"href":"https:\/\/www.humanium.org\/fr\/wp-json\/wp\/v2\/pages"}],"about":[{"href":"https:\/\/www.humanium.org\/fr\/wp-json\/wp\/v2\/types\/page"}],"author":[{"embeddable":true,"href":"https:\/\/www.humanium.org\/fr\/wp-json\/wp\/v2\/users\/65"}],"replies":[{"embeddable":true,"href":"https:\/\/www.humanium.org\/fr\/wp-json\/wp\/v2\/comments?post=56773"}],"version-history":[{"count":9,"href":"https:\/\/www.humanium.org\/fr\/wp-json\/wp\/v2\/pages\/56773\/revisions"}],"predecessor-version":[{"id":60968,"href":"https:\/\/www.humanium.org\/fr\/wp-json\/wp\/v2\/pages\/56773\/revisions\/60968"}],"wp:featuredmedia":[{"embeddable":true,"href":"https:\/\/www.humanium.org\/fr\/wp-json\/wp\/v2\/media\/56774"}],"wp:attachment":[{"href":"https:\/\/www.humanium.org\/fr\/wp-json\/wp\/v2\/media?parent=56773"}],"curies":[{"name":"wp","href":"https:\/\/api.w.org\/{rel}","templated":true}]}}