{"id":57111,"date":"2024-07-13T19:39:12","date_gmt":"2024-07-13T19:39:12","guid":{"rendered":"https:\/\/www.humanium.org\/fr\/?page_id=57111"},"modified":"2026-08-20T17:24:21","modified_gmt":"2026-08-20T17:24:21","slug":"les-enfants-autochtones","status":"publish","type":"page","link":"https:\/\/www.humanium.org\/fr\/les-enfants-autochtones\/","title":{"rendered":"Les enfants autochtones"},"content":{"rendered":"\n<p class=\"wp-block-paragraph\"><strong>Les enfants autochtones doivent surmonter de nombreux enjeux pour faire valoir leurs droits fondamentaux,&nbsp;notamment la pauvret\u00e9, la discrimination et la mise en danger de leur culture. Confront\u00e9s \u00e0 toutes sortes de fl\u00e9aux qui menacent la protection et l\u2019application de leurs droits, les \u00c9tats doivent mettre en place une protection particuli\u00e8re qui prend en compte leurs d\u00e9fis quotidiens, li\u00e9s au pass\u00e9 de la colonisation.&nbsp;<\/strong><\/p>\n\n\n\n<figure class=\"wp-block-image size-large\"><img loading=\"lazy\" decoding=\"async\" width=\"1024\" height=\"683\" src=\"https:\/\/www.humanium.org\/fr\/wp-content\/uploads\/2024\/06\/shutterstock_1072871408-1024x683.jpg\" alt=\"\" class=\"wp-image-57114\" srcset=\"https:\/\/www.humanium.org\/fr\/wp-content\/uploads\/2024\/06\/shutterstock_1072871408-1024x683.jpg 1024w, https:\/\/www.humanium.org\/fr\/wp-content\/uploads\/2024\/06\/shutterstock_1072871408-300x200.jpg 300w, https:\/\/www.humanium.org\/fr\/wp-content\/uploads\/2024\/06\/shutterstock_1072871408-768x512.jpg 768w, https:\/\/www.humanium.org\/fr\/wp-content\/uploads\/2024\/06\/shutterstock_1072871408-1536x1024.jpg 1536w, https:\/\/www.humanium.org\/fr\/wp-content\/uploads\/2024\/06\/shutterstock_1072871408-2048x1365.jpg 2048w, https:\/\/www.humanium.org\/fr\/wp-content\/uploads\/2024\/06\/shutterstock_1072871408-830x553.jpg 830w, https:\/\/www.humanium.org\/fr\/wp-content\/uploads\/2024\/06\/shutterstock_1072871408-230x153.jpg 230w, https:\/\/www.humanium.org\/fr\/wp-content\/uploads\/2024\/06\/shutterstock_1072871408-350x233.jpg 350w, https:\/\/www.humanium.org\/fr\/wp-content\/uploads\/2024\/06\/shutterstock_1072871408-480x320.jpg 480w, https:\/\/www.humanium.org\/fr\/wp-content\/uploads\/2024\/06\/shutterstock_1072871408-272x182.jpg 272w\" sizes=\"auto, (max-width: 1024px) 100vw, 1024px\" \/><\/figure>\n\n\n\n<h2 class=\"wp-block-heading\"><strong>Qui sont les enfants autochtones&nbsp;?<\/strong><\/h2>\n\n\n\n<p class=\"wp-block-paragraph\">Afin de savoir ce qu\u2019est un enfant autochtone et ses droits, il est important de d\u00e9finir tout d\u2019abord ce qu\u2019est l\u2019autochtonie et les communaut\u00e9s qui en d\u00e9coulent. Il n\u2019existe pas de d\u00e9finition officielle \u2013 la D\u00e9claration des Nations unies sur les droits des peuples autochtones n\u2019en fait pas mention (Peuples autochtones, s.d.).\u00a0<\/p>\n\n\n\n<p class=\"wp-block-paragraph\">N\u00e9anmoins, en additionnant plusieurs sources, il est possible de comprendre ce qu\u2019est une communaut\u00e9 autochtone. Selon les documents des Nations unies, une communaut\u00e9 autochtone est un groupe social et culturel, uni par des liens ancestraux collectifs avec la terre et les ressources dont il est initialement issu (Peuples autochtones, 2021). Par ses coutumes et sa structure organique, la communaut\u00e9 autochtone se distingue de la culture dominante de l\u2019\u00c9tat, le crit\u00e8re le plus important restant l\u2019autoidentification (Comit\u00e9 des droits de l&rsquo;Enfant, 2009, \u00a7 19).<\/p>\n\n\n\n<p class=\"wp-block-paragraph\">Les communaut\u00e9s autochtones occupaient des territoires bien avant qu\u2019ils ne soient envahis ou colonis\u00e9s par les cultures dominantes d\u2019aujourd\u2019hui (UNHCR, 2023). Elles ont \u00e9t\u00e9 d\u00e9cim\u00e9es et leurs droits ont \u00e9t\u00e9 abus\u00e9s par les soci\u00e9t\u00e9s colonisatrices (Henderson &amp; Bell, 2009&nbsp;; Hadden, 2019&nbsp;; Wolfe, 2006).&nbsp;<\/p>\n\n\n\n<p class=\"wp-block-paragraph\">Ce pass\u00e9 se refl\u00e8te encore aujourd\u2019hui, avec de fortes in\u00e9galit\u00e9s et <a href=\"https:\/\/www.humanium.org\/fr\/discriminations\/\">discriminations<\/a> ainsi que la perte de nombreuses pratiques et coutumes<strong> <\/strong>(UNHCR, 2023&nbsp;; Culture, s.d.). Par exemple, les populations autochtones sont plus susceptibles d\u2019\u00eatre pauvres et vuln\u00e9rables (United Nations Development Programme, 2021) avec une probabilit\u00e9 trois fois plus \u00e9lev\u00e9e de vivre dans l\u2019extr\u00eame <a href=\"https:\/\/www.humanium.org\/fr\/pauvrete\/\">pauvret\u00e9<\/a>, de souffrir de malnutrition et de ne pas b\u00e9n\u00e9ficier de protection sociale (United Nations Development Programme, 2021).&nbsp;<\/p>\n\n\n\n<h2 class=\"wp-block-heading\"><strong>Les enfants autochtones et le droit international&nbsp;<\/strong><\/h2>\n\n\n\n<p class=\"wp-block-paragraph\">L\u2019Assembl\u00e9e G\u00e9n\u00e9rale des Nations Unies a \u00e9rig\u00e9 la D\u00e9claration des Nations unies sur les droits des peuples autochtones le 13 septembre 2007. En r\u00e9sum\u00e9, ce document vise \u00e0 prot\u00e9ger les communaut\u00e9s autochtones, leur particularit\u00e9, en reprenant le mod\u00e8le de la D\u00e9claration universelle des droits de l&rsquo;homme (Assembl\u00e9e g\u00e9n\u00e9rale des Nations Unies, 1948).&nbsp;&nbsp;<\/p>\n\n\n\n<p class=\"wp-block-paragraph\">Par exemple, l\u2019article 14 met en avant le droit \u00e0 l\u2019\u00e9ducation ainsi que sur la transmission des savoirs ancestraux, en particulier \u00e0 destination des enfants, pour la sauvegarde des diff\u00e9rentes cultures autochtones (Assembl\u00e9e g\u00e9n\u00e9rale des Nations Unies, 2007). Dans la m\u00eame id\u00e9e, l\u2019article 17 veut prot\u00e9ger les enfants autochtones de l\u2019exploitation \u00e9conomique.<\/p>\n\n\n\n<p class=\"wp-block-paragraph\">Comme chaque enfant est cens\u00e9 avoir une nationalit\u00e9, comme le mentionne les articles 7 et 8 de la <a href=\"https:\/\/www.humanium.org\/fr\/convention\/\">Convention internationale des droits de l\u2019enfant<\/a><sup>1<\/sup> (Assembl\u00e9e g\u00e9n\u00e9rale des Nations Unies, 1989), et une <a href=\"https:\/\/www.humanium.org\/fr\/comprendre-droits-enfant\/droit-a-l-identite\/\">identit\u00e9<\/a>, les enfants autochtones tombent sous la protection des trait\u00e9s internationaux ratifi\u00e9s par leur pays de r\u00e9sidence, et donc <a href=\"https:\/\/www.humanium.org\/fr\/etats-signataires-et-parties\/\">sous celle de la CIDE<\/a>.<\/p>\n\n\n\n<p class=\"wp-block-paragraph\">Ainsi, les enfants autochtones doivent jouir des m\u00eames droits et protections que chaque enfant peut b\u00e9n\u00e9ficier, tout en respectant leur particularit\u00e9 li\u00e9e \u00e0 leur autochtonie. La CIDE, en plus d\u2019\u00eatre le <a href=\"https:\/\/www.humanium.org\/fr\/histoire-des-droits-de-l-enfant\/\">premier instrument international<\/a> juridiquement contraignant \u00e0 inclure les besoins et les droits sp\u00e9cifiques aux enfants, a \u00e9t\u00e9 \u00e9galement le premier document \u00e0 inclure des r\u00e9f\u00e9rences sp\u00e9cifiques aux enfants autochtones (Freemantle, s.d.).&nbsp;<\/p>\n\n\n\n<p class=\"wp-block-paragraph\">Ces derni\u00e8res ont pour objectif de favoriser la culture autochtone, que cela soit pour faciliter la compr\u00e9hension d\u2019enjeux par les enfants autochtones (Nations Unies, 1989, art. 17) ou pour tenir en compte l\u2019origine de l\u2019enfant lorsqu\u2019il s\u2019agit de le prot\u00e9ger de son milieu familial (Nations Unies, 1989, art. 20). L\u2019article 30 \u00e9dicte clairement qu\u2019\u00ab&nbsp;un enfant autochtone ou appartenant \u00e0 une de ces minorit\u00e9s ne peut \u00eatre priv\u00e9 du droit d&rsquo;avoir sa propre vie culturelle, de professer et de pratiquer sa propre religion ou d&#8217;employer sa propre langue en commun avec les autres membres de son groupe&nbsp;\u00bb.&nbsp;<\/p>\n\n\n\n<p class=\"wp-block-paragraph\">La CIDE, \u00e9tant un document g\u00e9n\u00e9ral, le <a href=\"https:\/\/www.humanium.org\/fr\/genese-comite-droits-enfant\/\">Comit\u00e9 des droits de l\u2019enfant<\/a><sup>2<\/sup> publie des <a href=\"https:\/\/www.humanium.org\/fr\/comite-droits-enfant-observations-generales-et-journees-debat-general\/\">observations g\u00e9n\u00e9rales<\/a> pour \u00e9largir la port\u00e9e des articles, interpr\u00e9ter son contenu et aider les \u00c9tats \u00e0 r\u00e9pondre aux exigences demand\u00e9es par l\u2019application de ses dispositions. Ce qui a \u00e9t\u00e9 le cas pour les enfants autochtones avec l\u2019observation g\u00e9n\u00e9rale n\u00b011 publi\u00e9e en 2009 intitul\u00e9e Les enfants autochtones et leurs droits en vertu de la Convention.<\/p>\n\n\n\n<p class=\"wp-block-paragraph\">Dans cette d\u00e9claration, le Comit\u00e9 rappelle l\u2019existence d\u2019autres instruments internationaux \u00e0 prendre en compte pour d\u00e9finir les droits des enfants autochtones, \u00e0 savoir la Convention internationale sur l\u2019\u00e9limination de toutes les formes de discrimination raciale (1965), le Pacte international relatif aux droits civils et politiques (1966), le Pacte international relatif aux droits \u00e9conomiques, sociaux et culturels (1966) ou encore la D\u00e9claration des Nations Unies sur les droits des peuples autochtones de 2007 (Comit\u00e9 des droits de l\u2019enfant, 2009, \u00a7 6-8, 82).&nbsp;<\/p>\n\n\n\n<p class=\"wp-block-paragraph\">Au-del\u00e0 de ces documents, la D\u00e9claration am\u00e9ricaine sur les droits des peuples autochtones de 2016, la Convention n\u00b0169 de l\u2019OIT (soit la Convention relative aux peuples indig\u00e8nes et tribaux), l\u2019Instance permanente des Nations Unies sur les questions autochtones, le&nbsp;M\u00e9canisme d\u2019experts sur les droits des peuples autochtones et l\u2019existence du Rapporteur sp\u00e9cial sur les droits des peuples autochtones doivent \u00e9galement \u00eatre pris en compte, en fonction de l&rsquo;\u00c9tat partie (Peuples autochtones, 2021).&nbsp;<\/p>\n\n\n\n<h2 class=\"wp-block-heading\"><strong>Les enjeux auxquels doivent faire face les enfants autochtones&nbsp;<\/strong><\/h2>\n\n\n\n<p class=\"wp-block-paragraph\">M\u00eame s\u2019il y a une sensibilisation accrue pour les droits des populations autochtones dans les instances internationales, les enfants autochtones font partie des groupes les plus marginalis\u00e9s et ce, quel que soit le pays (Freemantle, s.d.) au point que le Comit\u00e9 a ressenti le besoin de clarifier les dispositions de la CIDE avec une Observation g\u00e9n\u00e9rale.<\/p>\n\n\n\n<h3 class=\"wp-block-heading\"><strong>Absence de droit \u00e0 l&rsquo;\u00e9ducation<\/strong><\/h3>\n\n\n\n<p class=\"wp-block-paragraph\">Le droit \u00e0 l\u2019<a href=\"https:\/\/www.humanium.org\/fr\/comprendre-droits-enfant\/droit-a-l-education\/\">\u00e9ducation<\/a> est un droit humain reconnu par divers instruments de droit international \u2013 notamment le Pacte international relatif aux droits \u00e9conomiques, sociaux et culturels, la Convention sur l\u2019\u00e9limination de toutes les formes de discrimination \u00e0 l\u2019\u00e9gard des femmes et la CIDE (Droit \u00e0 l\u2019\u00e9ducation, s.d.). Pour le Comit\u00e9 des droits \u00e9conomiques, sociaux et culturels,&nbsp;\u00ab&nbsp;l\u2019\u00e9ducation est \u00e0 la fois un droit fondamental en soi et une des clefs de l\u2019exercice des autres droits inh\u00e9rents \u00e0 la personne humaine.&nbsp;\u00bb (Comit\u00e9s des droits \u00e9conomiques, sociaux et culturels, 1999, \u00a7 1).<\/p>\n\n\n\n<p class=\"wp-block-paragraph\">Cependant, les enfants autochtones sont moins souvent inscrits \u00e0 l\u2019\u00e9cole et risquent davantage d&rsquo;abandonner leurs \u00e9tudes, ce qui se traduit par un taux d\u2019analphab\u00e9tisme sup\u00e9rieur \u00e0 la moyenne (Comit\u00e9 des droits de l&rsquo;Enfant, 2009, \u00a7 59).&nbsp;<\/p>\n\n\n\n<p class=\"wp-block-paragraph\">Plusieurs facteurs constituent des freins \u00e0 l\u2019application de ce droit (Education, s.d.&nbsp;; Comit\u00e9 des droits de l&rsquo;Enfant, 2009, \u00a7 59) :&nbsp;<\/p>\n\n\n\n<ul class=\"wp-block-list\">\n<li>Le manque de respect et de ressources sur les communaut\u00e9s autochtones.<\/li>\n\n\n\n<li>La barri\u00e8re de la langue et le manque de contenu culturellement adapt\u00e9 et bilingue.&nbsp;<\/li>\n\n\n\n<li>La situation pr\u00e9caire des enfants autochtones qui a un impact sur le bien-\u00eatre et la capacit\u00e9 d\u2019apprendre (par exemple la <a href=\"https:\/\/www.humanium.org\/fr\/comprendre-droits-enfant\/droit-a-l-alimentation\/\">malnutrition<\/a>).<\/li>\n\n\n\n<li>La discrimination ethnique et culturelle, la discrimination fond\u00e9e sur le genre, le racisme, la <a href=\"https:\/\/www.humanium.org\/fr\/la-maltraitance-des-enfants\/\">violence<\/a> et les abus sexuels que peuvent subir ces populations, ce qui instaure un environnement hostile.<\/li>\n\n\n\n<li>Le fait de devoir s\u2019adapter au syst\u00e8me allochtone qui est tr\u00e8s diff\u00e9rent \u2013 bas\u00e9 sur l\u2019individualisme et la comp\u00e9tition, au d\u00e9triment du mode de vie communautaire qui s\u2019appuie sur la coop\u00e9ration et le bien-\u00eatre collectif g\u00e9n\u00e9ralement pr\u00f4n\u00e9 par les communaut\u00e9s autochtones.&nbsp;<\/li>\n\n\n\n<li>Le manque de contenus \u00e9ducatifs appropri\u00e9s pour le mode de vie autochtone&nbsp;: ce qu\u2019apprennent les enfants autochtones est difficilement applicable lorsqu\u2019ils retournent dans leur communaut\u00e9.<\/li>\n\n\n\n<li>La n\u00e9cessit\u00e9 de devoir s\u2019assimiler au syst\u00e8me allochtone et la difficult\u00e9 pour les enfants de devoir jumeler avec deux structures soci\u00e9tales (Education, s.d.).<\/li>\n<\/ul>\n\n\n\n<p class=\"wp-block-paragraph\">Le droit \u00e0 l\u2019<a href=\"https:\/\/www.humanium.org\/fr\/comprendre-droits-enfant\/droit-a-l-education\/\">\u00e9ducation<\/a> se heurte ainsi fortement \u00e0 l\u2019enjeu du droit \u00e0 la culture dont sont titulaires les enfants autochtones. Par exemple, le fait qu\u2019il existe peu ou pas de programmes bilingues, adapt\u00e9s pour les enfants autochtones (ce qui est contraire \u00e0 l\u2019article 30 de la CIDE), constitue une entrave non seulement \u00e0 l&rsquo;\u00e9ducation mais aussi \u00e0 la pr\u00e9servation de la culture autochtone de l\u2019enfant (Education, s.d.).<\/p>\n\n\n\n<h3 class=\"wp-block-heading\"><strong>Absence de droit \u00e0 la culture&nbsp;<\/strong><\/h3>\n\n\n\n<p class=\"wp-block-paragraph\">L\u2019article 30 de la CIDE, le droit \u00e0 la culture, est particuli\u00e8rement mis en avant dans l\u2019Observation n\u00b011 du Comit\u00e9 (Comit\u00e9 des droits de l&rsquo;Enfant, 2009). Tous deux proclament le droit individuel et collectif \u00e0 avoir sa propre vie culturelle et religieuse et de recourir \u00e0 sa propre langue (Comit\u00e9 des droits de l&rsquo;Enfant, 2009, \u00a7 16). Il convient de noter que le Comit\u00e9 souligne que le \u00ab droit des peuples autochtones d\u2019exercer leurs droits culturels peut \u00eatre \u00e9troitement associ\u00e9 \u00e0 l\u2019utilisation du territoire traditionnel et \u00e0 l\u2019utilisation de ses ressources \u00bb (Comit\u00e9 des droits de l&rsquo;Enfant, 2009, \u00a7 16).&nbsp;<\/p>\n\n\n\n<p class=\"wp-block-paragraph\">Par ailleurs, le Comit\u00e9 ainsi que le Comit\u00e9 pour l\u2019\u00e9limination de la discrimination raciale demandent aux \u00c9tats partis de \u00ab reconnaitre que la culture, l\u2019histoire, la langue et le mode de vie propres des populations autochtones enrichissent l\u2019identit\u00e9 culturelle d\u2019un \u00c9tat, de les respecter en tant que telles, et de promouvoir leur pr\u00e9servation \u00bb (Comit\u00e9 des droits de l&rsquo;Enfant, 2009, \u00a7 18). De m\u00eame, pour le Comit\u00e9, pour qu\u2019un \u00c9tat puisse respecter ses engagements en mati\u00e8re de droits de l\u2019homme, les enfants autochtones doivent pouvoir exprimer leur culture, leur langue et leur religion. Il est ainsi n\u00e9cessaire que l\u2019\u00c9tat coop\u00e8re avec les diff\u00e9rentes communaut\u00e9s autochtones pour enfin mettre en \u0153uvre les droits des enfants autochtones (Comit\u00e9 des droits de l&rsquo;Enfant, 2009, \u00a7 82).<\/p>\n\n\n\n<h3 class=\"wp-block-heading\"><strong>Absence de droit \u00e0 la sant\u00e9<\/strong><\/h3>\n\n\n\n<p class=\"wp-block-paragraph\">Un probl\u00e8me majeur qui ressort est la <a href=\"https:\/\/www.humanium.org\/fr\/discriminations\/\">discrimination<\/a> dans plusieurs secteurs tels que la sant\u00e9 et l\u2019<a href=\"https:\/\/www.humanium.org\/fr\/comprendre-droits-enfant\/droit-a-l-education\/\">\u00e9ducation<\/a>, ce qui viole l\u2019article 2 de la CIDE (Comit\u00e9 des droits de l&rsquo;Enfant, 2009, \u00a7 5 et 6).<\/p>\n\n\n\n<p class=\"wp-block-paragraph\">En ce qui concerne la sant\u00e9, la difficult\u00e9 d\u2019acc\u00e8s au syst\u00e8me de sant\u00e9 et l\u2019enjeux du racisme syst\u00e9mique ont un impact sur le bien-\u00eatre des enfants autochtones. Ces populations sont g\u00e9n\u00e9ralement en moins bonne sant\u00e9 que les enfants allochtones. Cette tendance se retrouve aussi bien dans les pays dits d\u00e9velopp\u00e9s que ceux en voie de d\u00e9veloppement (Comit\u00e9 des droits de l&rsquo;Enfant, 2009, \u00a7 49).&nbsp;<\/p>\n\n\n\n<p class=\"wp-block-paragraph\">C\u2019est d\u2019autant plus le cas pour les enfants autochtones vivants dans des communaut\u00e9s rurales et\/ou \u00e9loign\u00e9es ou dans des situations de conflits ou de d\u00e9placements de population (Comit\u00e9 des droits de l&rsquo;Enfant, 2009, \u00a7 51). Les taux de mortalit\u00e9 infantile et juv\u00e9nile, de&nbsp; <a href=\"https:\/\/www.humanium.org\/fr\/comprendre-droits-enfant\/droit-a-l-alimentation\/\">malnutrition<\/a> et de maladies juv\u00e9niles sont plus \u00e9lev\u00e9s dans les communaut\u00e9s autochtones (Comit\u00e9 des droits de l&rsquo;Enfant, 2009, \u00a7 34).<\/p>\n\n\n\n<h3 class=\"wp-block-heading\"><strong>Absence de droit \u00e0 la protection<\/strong><\/h3>\n\n\n<div class=\"wp-block-image\">\n<figure class=\"alignleft size-large is-resized\"><img loading=\"lazy\" decoding=\"async\" width=\"1024\" height=\"683\" src=\"https:\/\/www.humanium.org\/fr\/wp-content\/uploads\/2024\/06\/shutterstock_88498321-1024x683.jpg\" alt=\"\" class=\"wp-image-57113\" style=\"width:323px;height:auto\" srcset=\"https:\/\/www.humanium.org\/fr\/wp-content\/uploads\/2024\/06\/shutterstock_88498321-1024x683.jpg 1024w, https:\/\/www.humanium.org\/fr\/wp-content\/uploads\/2024\/06\/shutterstock_88498321-300x200.jpg 300w, https:\/\/www.humanium.org\/fr\/wp-content\/uploads\/2024\/06\/shutterstock_88498321-768x512.jpg 768w, https:\/\/www.humanium.org\/fr\/wp-content\/uploads\/2024\/06\/shutterstock_88498321-1536x1024.jpg 1536w, https:\/\/www.humanium.org\/fr\/wp-content\/uploads\/2024\/06\/shutterstock_88498321-2048x1365.jpg 2048w, https:\/\/www.humanium.org\/fr\/wp-content\/uploads\/2024\/06\/shutterstock_88498321-830x553.jpg 830w, https:\/\/www.humanium.org\/fr\/wp-content\/uploads\/2024\/06\/shutterstock_88498321-230x153.jpg 230w, https:\/\/www.humanium.org\/fr\/wp-content\/uploads\/2024\/06\/shutterstock_88498321-350x233.jpg 350w, https:\/\/www.humanium.org\/fr\/wp-content\/uploads\/2024\/06\/shutterstock_88498321-480x320.jpg 480w, https:\/\/www.humanium.org\/fr\/wp-content\/uploads\/2024\/06\/shutterstock_88498321-272x182.jpg 272w\" sizes=\"auto, (max-width: 1024px) 100vw, 1024px\" \/><\/figure>\n<\/div>\n\n\n<p class=\"wp-block-paragraph\">Les enfants autochtones subissent de la discrimination et font partie de communaut\u00e9s marginalis\u00e9es socialement, \u00e9conomiquement, politiquement et culturellement. Ce qui est d\u2019autant plus renforc\u00e9 avec l\u2019h\u00e9ritage historique fort de la colonisation. Du fait des conflits, des pers\u00e9cutions<strong> <\/strong>ethniques et\/ou religieuses, des violences et des effets des <a href=\"https:\/\/www.humanium.org\/fr\/focus\/environnement\/urgence-climatique\/\">changements climatiques<\/a>, les communaut\u00e9s autochtones peuvent avoir besoin d\u2019une protection particuli\u00e8re comme le reconnait l\u2019HCR (UNHCR, 2023).&nbsp;<\/p>\n\n\n\n<p class=\"wp-block-paragraph\">Les enfants sont par d\u00e9finition une population vuln\u00e9rable. L\u2019acc\u00e8s difficile \u00e0 l\u2019\u00e9ducation et la barri\u00e8re de la langue, due notamment de peu d\u2019interpr\u00e8tes autochtones, renforcent ce besoin de <a href=\"https:\/\/www.humanium.org\/fr\/droit-a-la-protection\/\">protection<\/a>. De plus, comme souvent les fronti\u00e8res de leurs territoires peuvent ne pas correspondre aux fronti\u00e8res \u00e9tatiques, cela peut engendrer des situations difficiles voire dangereuses (UNHCR, 2023). Ces situations renforcent cette vuln\u00e9rabilit\u00e9 pour ceux issus des communaut\u00e9s autochtones.<\/p>\n\n\n\n<p class=\"wp-block-paragraph\">En outre, les enfants n\u00e9cessitent une <a href=\"https:\/\/www.humanium.org\/fr\/comprendre-droits-enfant\/droit-aux-libertes\/\">attention particuli\u00e8re<\/a> dans les syst\u00e8mes de protection des communaut\u00e9s autochtone. Le Comit\u00e9 a d\u2019ailleurs d\u00e9j\u00e0 alert\u00e9 que la situation critique des enfants autochtones a d\u00e9j\u00e0 pu \u00eatre balay\u00e9e pour des consid\u00e9rations plus larges et collectives, comme les droits fonciers ou la repr\u00e9sentation politique. Pourtant, comme le rappelle le comit\u00e9 \u00ab&nbsp;l\u2019int\u00e9r\u00eat sup\u00e9rieur de l\u2019enfant ne saurait \u00eatre n\u00e9glig\u00e9 ou bafou\u00e9 au profit de l\u2019int\u00e9r\u00eat sup\u00e9rieur du groupe.&nbsp;\u00bb. (Comit\u00e9 des droits de l&rsquo;Enfant, 2009, \u00a7 30).<\/p>\n\n\n\n<h3 class=\"wp-block-heading\"><strong>Exploitation<\/strong><\/h3>\n\n\n\n<p class=\"wp-block-paragraph\">Comme les enfants autochtones sont particuli\u00e8rement vuln\u00e9rables, ils le sont d\u2019autant plus face aux diff\u00e9rentes exploitations \u00e9conomiques, sexuelles et dans les <a href=\"https:\/\/www.humanium.org\/fr\/enfants-dans-la-guerre\/\">conflits arm\u00e9s<\/a> notamment pour l\u2019esclavage et la <a href=\"https:\/\/www.humanium.org\/fr\/exploitation-sexuelle-enfants\/\">traite d\u2019enfants<\/a>, l\u2019<a href=\"https:\/\/www.humanium.org\/fr\/exploitation-sexuelle-enfants\/\">exploitation sexuelle<\/a>, le <a href=\"https:\/\/www.humanium.org\/fr\/travail-des-enfants\/\">travail<\/a> dangereux et la servitude pour rembourser une dette (Comit\u00e9 des droits de l&rsquo;Enfant, 2009, \u00a7 70, UNHCR, 2023). Les <a href=\"https:\/\/www.humanium.org\/fr\/droits-des-filles\/\">filles<\/a> sont vuln\u00e9rables \u00e0 l\u2019exploitation sexuelle (Comit\u00e9 des droits de l&rsquo;Enfant, 2009, \u00a7 72) et donc \u00e0 la <a href=\"https:\/\/www.humanium.org\/fr\/prostitution-infantile\/\">prostitution infantile<\/a> tandis que les gar\u00e7ons sont plut\u00f4t victimes de recrutement lorsqu\u2019un conflit arm\u00e9 se d\u00e9roule sur le territoire (Comit\u00e9 des droits de l&rsquo;Enfant, 2009, \u00a7 16). La vuln\u00e9rabilit\u00e9 face \u00e0 ces fl\u00e9aux se renforcent, encore une fois, \u00e0 cause des situations d\u2019<a href=\"https:\/\/www.humanium.org\/fr\/enfants-sans-identite\/\">apatridie<\/a> (Comit\u00e9 des droits de l&rsquo;Enfant, 2009, \u00a7 72).&nbsp;<\/p>\n\n\n\n<h3 class=\"wp-block-heading\"><strong>Pauvret\u00e9<\/strong><\/h3>\n\n\n<div class=\"wp-block-image\">\n<figure class=\"alignright size-large is-resized\"><img loading=\"lazy\" decoding=\"async\" width=\"1024\" height=\"683\" src=\"https:\/\/www.humanium.org\/fr\/wp-content\/uploads\/2024\/06\/shutterstock_1112283485-1024x683.jpg\" alt=\"\" class=\"wp-image-57115\" style=\"width:314px;height:auto\" srcset=\"https:\/\/www.humanium.org\/fr\/wp-content\/uploads\/2024\/06\/shutterstock_1112283485-1024x683.jpg 1024w, https:\/\/www.humanium.org\/fr\/wp-content\/uploads\/2024\/06\/shutterstock_1112283485-300x200.jpg 300w, https:\/\/www.humanium.org\/fr\/wp-content\/uploads\/2024\/06\/shutterstock_1112283485-768x512.jpg 768w, https:\/\/www.humanium.org\/fr\/wp-content\/uploads\/2024\/06\/shutterstock_1112283485-1536x1024.jpg 1536w, https:\/\/www.humanium.org\/fr\/wp-content\/uploads\/2024\/06\/shutterstock_1112283485-2048x1365.jpg 2048w, https:\/\/www.humanium.org\/fr\/wp-content\/uploads\/2024\/06\/shutterstock_1112283485-830x553.jpg 830w, https:\/\/www.humanium.org\/fr\/wp-content\/uploads\/2024\/06\/shutterstock_1112283485-230x153.jpg 230w, https:\/\/www.humanium.org\/fr\/wp-content\/uploads\/2024\/06\/shutterstock_1112283485-350x233.jpg 350w, https:\/\/www.humanium.org\/fr\/wp-content\/uploads\/2024\/06\/shutterstock_1112283485-480x320.jpg 480w, https:\/\/www.humanium.org\/fr\/wp-content\/uploads\/2024\/06\/shutterstock_1112283485-272x182.jpg 272w\" sizes=\"auto, (max-width: 1024px) 100vw, 1024px\" \/><\/figure>\n<\/div>\n\n\n<p class=\"wp-block-paragraph\">Les peuples autochtones repr\u00e9sentent 15\u202f% de la population mondiale vivant dans l\u2019extr\u00eame pauvret\u00e9 (Peuples autochtones, 2021) alors que la communaut\u00e9 internationale consid\u00e8re que 6,2 % de la population&nbsp;mondiale est autochtone, soit plus de 476 millions de personnes autochtones dans le monde, r\u00e9parties dans plus de 90 pays (United Nations Development Programme, 2021). Cela a un impact sur leur esp\u00e9rance de vie qui peut \u00eatre r\u00e9duit de 20 ans compar\u00e9e \u00e0 celle du reste de la population mondiale (Peuples autochtones, 2021).<\/p>\n\n\n\n<p class=\"wp-block-paragraph\">Les enfants autochtones sont ainsi particuli\u00e8rement sujets \u00e0 la <a href=\"https:\/\/www.humanium.org\/fr\/pauvrete\/\">pauvret\u00e9<\/a> (Comit\u00e9 des droits de l&rsquo;Enfant, 2009, \u00a7 34 et 70, UNHCR, 2023). Au-del\u00e0 d\u2019avoir un impact n\u00e9gatif sur leur survie et leur d\u00e9veloppement (Comit\u00e9 des droits de l&rsquo;Enfant, 2009, \u00a7 34), cela augmente le risque d\u2019<a href=\"https:\/\/www.humanium.org\/fr\/prostitution-infantile\/\">exploitation<\/a> \u00e9conomique et sous les pires formes, ce qui se renforce avec l\u2019exode rural (Comit\u00e9 des droits de l&rsquo;Enfant, 2009, \u00a7 72).&nbsp;<\/p>\n\n\n\n<p class=\"wp-block-paragraph\">Ces situations pr\u00e9caires et <a href=\"https:\/\/www.humanium.org\/fr\/discriminations\/\">discriminantes<\/a> ont un impact certain sur les droits des peuples autochtones et donc sur les enfants de ces communaut\u00e9s, engendrant plusieurs d\u00e9fis pour les faire appliquer et respecter.<\/p>\n\n\n\n<h3 class=\"wp-block-heading\"><strong>Apatridie<\/strong><\/h3>\n\n\n\n<p class=\"wp-block-paragraph\">Pour pouvoir revendiquer des droits, il est important que la personne, quel que soit son \u00e2ge, ait une nationalit\u00e9. L\u2019<a href=\"https:\/\/www.humanium.org\/fr\/enfants-sans-identite\/\">apatridie<\/a>, signifie que la personne est sans nationalit\u00e9 et ne peut b\u00e9n\u00e9ficier de la protection d\u2019aucun \u00c9tat, et encore moins de celle o\u00f9 elle habite. Ainsi, les personnes apatrides sont confront\u00e9es \u00e0 de nombreux obstacles garantir leurs droits fondamentaux, tels que l\u2019<a href=\"https:\/\/www.humanium.org\/fr\/comprendre-droits-enfant\/droit-a-l-education\/\">\u00e9ducation<\/a> et la <a href=\"https:\/\/www.humanium.org\/fr\/comprendre-droits-enfant\/droit-a-la-sante\/\">sant\u00e9<\/a> (\u00c0 propos de l&rsquo;apatridie, s.d.&nbsp;; Education, s.d.).&nbsp;<\/p>\n\n\n\n<p class=\"wp-block-paragraph\">Les communaut\u00e9s autochtones sont particuli\u00e8rement sujettes \u00e0 l\u2019apatridie (UNHCR, 2023). Celle-ci arrive notamment lorsque l\u2019enfant qui vient de na\u00eetre n\u2019est pas enregistr\u00e9. Or le pourcentage de <a href=\"https:\/\/www.humanium.org\/fr\/situation-monde\/droit-a-l-identite\/\">non-enregistrement \u00e0 la naissance<\/a> est plus \u00e9lev\u00e9 pour les enfants autochtones qu\u2019allochtones (Comit\u00e9 des droits de l&rsquo;Enfant, 2009, \u00a7 41), ce qui constitue un probl\u00e8me majeur.&nbsp;<\/p>\n\n\n\n<p class=\"wp-block-paragraph\">Lorsque les enfants autochtones ne sont pas enregistr\u00e9s \u00e0 la naissance, ils n\u2019ont pas acc\u00e8s \u00e0 la protection \u00e9tatique et au respect de leurs droits, ce qui peut rendre invisible la violation de leurs droits. Une fois adulte, ils ne peuvent pas participer activement \u00e0 la soci\u00e9t\u00e9 (Education, s.d.).&nbsp;<\/p>\n\n\n\n<p class=\"wp-block-paragraph\"><em><strong>\u00c9crit par Juliette Bail<\/strong><\/em><\/p>\n\n\n\n<p class=\"wp-block-paragraph\"><em><strong>Relu en interne par Aditi Partha<\/strong><\/em><\/p>\n\n\n\n<p class=\"wp-block-paragraph\"><em><strong>Mise \u00e0 jour le 18 juin 2023<\/strong><\/em><\/p>\n\n\n\n<h4 class=\"wp-block-heading\"><strong>Bibliographie&nbsp;:<\/strong><\/h4>\n\n\n\n<p class=\"has-small-font-size wp-block-paragraph\"><em>\u00c0 propos de l&rsquo;apatridie<\/em>. (s.d.). Consult\u00e9 le juin 17, 2023, sur Haut Commissariat des Nations unies pour les r\u00e9fugi\u00e9s: <a href=\"https:\/\/www.unhcr.org\/ibelong\/fr\/quest-ce-que-lapatridie\/\" target=\"_blank\" rel=\"noreferrer noopener\">https:\/\/www.unhcr.org\/ibelong\/fr\/quest-ce-que-lapatridie\/<\/a><\/p>\n\n\n\n<p class=\"has-small-font-size wp-block-paragraph\">Assembl\u00e9e g\u00e9n\u00e9rale des Nations Unies. (1948, d\u00e9cembre 10). <em>La D\u00e9claration universelle des droits de l&rsquo;homme [Texte imprim\u00e9].<\/em> Consult\u00e9 le juin 3, 2023, sur Nations Unies: https:\/\/www.un.org\/fr\/universal-declaration-human-rights\/<\/p>\n\n\n\n<p class=\"has-small-font-size wp-block-paragraph\">Assembl\u00e9e g\u00e9n\u00e9rale des Nations Unies. (1989, novembre 20). <em>Convention relative aux droits de l&rsquo;enfant.<\/em> Consult\u00e9 le juin 4, 2023, sur OHCHR: <a href=\"https:\/\/www.ohchr.org\/fr\/instruments-mechanisms\/instruments\/convention-rights-child\" target=\"_blank\" rel=\"noreferrer noopener\">https:\/\/www.ohchr.org\/fr\/instruments-mechanisms\/instruments\/convention-rights-child<\/a><\/p>\n\n\n\n<p class=\"has-small-font-size wp-block-paragraph\">Assembl\u00e9e g\u00e9n\u00e9rale des Nations Unies. (2007, septembre 13). <em>D\u00e9claration des Nations Unies sur les droits des peuples autochtones.<\/em> Consult\u00e9 le juin 4, 2023, sur Nations Unies: <a href=\"https:\/\/www.un.org\/development\/desa\/indigenouspeoples\/wp-content\/uploads\/sites\/19\/2018\/11\/UNDRIP_F_web.pdf\" target=\"_blank\" rel=\"noreferrer noopener\">https:\/\/www.un.org\/development\/desa\/indigenouspeoples\/wp-content\/uploads\/sites\/19\/2018\/11\/UNDRIP_F_web.pdf<\/a><\/p>\n\n\n\n<p class=\"has-small-font-size wp-block-paragraph\">Bergeron, O. (2019, mars 5). <em>L&rsquo;intimidation v\u00e9cue par les populations autochtones<\/em>. Consult\u00e9 le juin 17, 2023, sur Centre d&rsquo;expertise et de r\u00e9f\u00e9rence en sant\u00e9 publique &#8211; INSPQ: <a href=\"https:\/\/www.inspq.qc.ca\/intimidation\/autochtones\" target=\"_blank\" rel=\"noreferrer noopener\">https:\/\/www.inspq.qc.ca\/intimidation\/autochtones<\/a><\/p>\n\n\n\n<p class=\"has-small-font-size wp-block-paragraph\">Comit\u00e9 des droits de l&rsquo;Enfant. (2009, f\u00e9vrier 12). <em>Observation n\u00b011 : les enfants autochtones et leurs droits en vertu de la Convention.<\/em> Consult\u00e9 le juin 3, 2023, sur OHCHR: http:\/\/docstore.ohchr.org\/SelfServices\/FilesHandler.ashx?enc=6QkG1d%2FPPRiCAqhKb7yhsqIkirKQZLK2M58RF%2F5F0vHfIzasSO0EEdqdWmq9j7BR9v9%2F3qjm26iQuysaPAzxEHtB%2Fk1TP65u97EvgtcuOHzfNBOKa2O%2Bmgqkr9YvAB8S<\/p>\n\n\n\n<p class=\"has-small-font-size wp-block-paragraph\">Comit\u00e9s des droits \u00e9conomiques, sociaux et culturels. (1999, d\u00e9cembre 8). <em>Observation g\u00e9n\u00e9rale n\u00b013 : Le droit \u00e0 l&rsquo;\u00e9ducation<\/em>. Consult\u00e9 le juin 17, 2023, sur OHCHR: https:\/\/docstore.ohchr.org\/SelfServices\/FilesHandler.ashx?enc=4slQ6QSmlBEDzFEovLCuW%2BKyH%2BnXprasyMzd2e8mx4cYlD1VMUKXaG3Jw9bomilLrIh8ia0WISYZGeWr0fc2541K0m2M7MEBasyxRekKmJDCRnq49NidcIUWdJqsGbuH<\/p>\n\n\n\n<p class=\"has-small-font-size wp-block-paragraph\"><em>Culture<\/em>. (s.d.). Consult\u00e9 le juin 17, 2023, sur Department of Economic and Social Affairs : Indigenous Peoples &#8211; United Nations: <a href=\"https:\/\/www.un.org\/development\/desa\/indigenouspeoples\/mandated-areas1\/culture.html\">https:\/\/www.un.org\/development\/desa\/indigenouspeoples\/mandated-areas1\/culture.html<\/a>.<\/p>\n\n\n\n<p class=\"has-small-font-size wp-block-paragraph\"><em>Droit \u00e0 l\u2019\u00e9ducation<\/em>. (s.d.). Consult\u00e9 le juin 13, 2023, sur Ligue des droits et libert\u00e9s: <a href=\"https:\/\/liguedesdroits.ca\/cat\/themes\/droits-economiques-sociaux-et-culturels\/droit-a-leducation\/\" target=\"_blank\" rel=\"noreferrer noopener\">https:\/\/liguedesdroits.ca\/cat\/themes\/droits-economiques-sociaux-et-culturels\/droit-a-leducation\/<\/a><\/p>\n\n\n\n<p class=\"has-small-font-size wp-block-paragraph\">Economic and Social Council. (2010, avril 29). <em>Indigenous Peoples Excluded from Political Power, Ejected from Lands, Faced Corporations Bent on Destroying Life-Giving Forests, Permanent Forum Told<\/em>. Consult\u00e9 le juin 17, 2023, sur Meetings Coverage and Press Releases &#8211; United Nations: <a href=\"https:\/\/press.un.org\/en\/2010\/hr5021.doc.htm\" target=\"_blank\" rel=\"noreferrer noopener\">https:\/\/press.un.org\/en\/2010\/hr5021.doc.htm<\/a><\/p>\n\n\n\n<p class=\"has-small-font-size wp-block-paragraph\"><em>Education<\/em>. (s.d.). Consult\u00e9 le juin 17, 2023, sur Department of Economic and Social Affairs Indigenous Peoples &#8211; Nations Unies: https:\/\/www.un.org\/development\/desa\/indigenouspeoples\/mandated-areas1\/education.html<\/p>\n\n\n\n<p class=\"has-small-font-size wp-block-paragraph\">Freemantle, J. (s.d.). <em>Les enfants autochtones &#8211; Leurs droits fondamentaux, leur taux de mortalit\u00e9 et les Objectifs du Mill\u00e9naire pour le d\u00e9veloppement<\/em>. Consult\u00e9 le juin 4, 2023, sur Nations Unies: <a href=\"https:\/\/www.un.org\/fr\/chronicle\/article\/les-enfants-autochtones-leurs-droits-fondamentaux-leur-taux-de-mortalite-et-les-objectifs-du\" target=\"_blank\" rel=\"noreferrer noopener\">https:\/\/www.un.org\/fr\/chronicle\/article\/les-enfants-autochtones-leurs-droits-fondamentaux-leur-taux-de-mortalite-et-les-objectifs-du<\/a><\/p>\n\n\n\n<p class=\"has-small-font-size wp-block-paragraph\">Hadden, J. (2019, F\u00e9vrier 19). <em>\u2018Little Ice Age\u2019 caused by death of 55-million Indigenous people after colonization: study<\/em>. Consult\u00e9 le juin 17, 2023, sur Global News: <a href=\"https:\/\/globalnews.ca\/news\/4924534\/little-ice-age-death-55-million-indigenous-people-colonization-study\/#:~:text=The%20elimination%20of%20nearly%2055,century%2C%20a%20recent%20study%20finds\" target=\"_blank\" rel=\"noreferrer noopener\">https:\/\/globalnews.ca\/news\/4924534\/little-ice-age-death-55-million-indigenous-people-colonization-study\/#:~:text=The%20elimination%20of%20nearly%2055,century%2C%20a%20recent%20study%20finds<\/a><\/p>\n\n\n\n<p class=\"has-small-font-size wp-block-paragraph\">Henderson, W. B., &amp; Bell, C. (2009, D\u00e9cembre 11). <em>Droits des Autochtones au Canada<\/em>. Consult\u00e9 le juin 17, 2023, sur L&rsquo;encylop\u00e9die canadienne: <a href=\"https:\/\/www.thecanadianencyclopedia.ca\/fr\/article\/droits-ancestraux\" target=\"_blank\" rel=\"noreferrer noopener\">https:\/\/www.thecanadianencyclopedia.ca\/fr\/article\/droits-ancestraux<\/a><\/p>\n\n\n\n<p class=\"has-small-font-size wp-block-paragraph\"><em>Human Rights<\/em>. (s.d.). Consult\u00e9 le juin 17, 2023, sur Department of Economic and Social Affairs : Indigenous Peoples &#8211; United Nations: <a href=\"https:\/\/www.un.org\/development\/desa\/indigenouspeoples\/mandated-areas1\/human-rights.html\" target=\"_blank\" rel=\"noreferrer noopener\">https:\/\/www.un.org\/development\/desa\/indigenouspeoples\/mandated-areas1\/human-rights.html<\/a><\/p>\n\n\n\n<p class=\"has-small-font-size wp-block-paragraph\"><em>Indigenous people<\/em>. (s.d.). Consult\u00e9 le juin 17, 2023, sur Amnesty international: <a href=\"https:\/\/www.amnesty.org\/en\/what-we-do\/indigenous-peoples\/\" target=\"_blank\" rel=\"noreferrer noopener\">https:\/\/www.amnesty.org\/en\/what-we-do\/indigenous-peoples\/<\/a><\/p>\n\n\n\n<p class=\"has-small-font-size wp-block-paragraph\"><em>Intersectionnalit\u00e9<\/em>. (s.d.). Consult\u00e9 le juin 17, 2023, sur Ligue des droits et libert\u00e9s: https:\/\/liguedesdroits.ca\/lexique\/intersectionnalite\/<\/p>\n\n\n\n<p class=\"has-small-font-size wp-block-paragraph\"><em>Les \u00c9tats doivent \u00e9duquer les enfants des peuples autochtones dans leur langue maternelle (expert)<\/em>. (s.d.). Consult\u00e9 le juin 17, 2023, sur ONU Info &#8211; Nations Unies: <a href=\"https:\/\/news.un.org\/fr\/story\/2020\/03\/1063731\" target=\"_blank\" rel=\"noreferrer noopener\">https:\/\/news.un.org\/fr\/story\/2020\/03\/1063731<\/a><\/p>\n\n\n\n<p class=\"has-small-font-size wp-block-paragraph\"><em>Peuples autochtones<\/em>. (s.d.). Consult\u00e9 le Juin 13, 2023, sur Nations Unies: <a href=\"https:\/\/www.un.org\/fr\/fight-racism\/vulnerable-groups\/indigenous-peoples\" target=\"_blank\" rel=\"noreferrer noopener\">https:\/\/www.un.org\/fr\/fight-racism\/vulnerable-groups\/indigenous-peoples<\/a><\/p>\n\n\n\n<p class=\"has-small-font-size wp-block-paragraph\"><em>Peuples autochtones<\/em>. (2021, mars 19). Consult\u00e9 le juin 3, 2023, sur La Banque mondiale: <a href=\"https:\/\/www.banquemondiale.org\/fr\/topic\/indigenouspeoples\" target=\"_blank\" rel=\"noreferrer noopener\">https:\/\/www.banquemondiale.org\/fr\/topic\/indigenouspeoples<\/a><\/p>\n\n\n\n<p class=\"has-small-font-size wp-block-paragraph\"><em>Peuples autochtones<\/em>. (2021, mars 19). Consult\u00e9 le juin 17, 2023, sur Banque mondiale: <a href=\"https:\/\/www.banquemondiale.org\/fr\/topic\/indigenouspeoples#2\" target=\"_blank\" rel=\"noreferrer noopener\">https:\/\/www.banquemondiale.org\/fr\/topic\/indigenouspeoples#2<\/a><\/p>\n\n\n\n<p class=\"has-small-font-size wp-block-paragraph\">UNHCR. (2023, mars 7). <em>Minorit\u00e9s nationales, ethniques, religieuses et linguistiques et peuples autochtones<\/em>. Consult\u00e9 le juin 2, 2023, sur Le Haut Commissariat des Nations unies pour les r\u00e9fugi\u00e9s: <a href=\"https:\/\/emergency.unhcr.org\/fr\/protection\/minorit\u00e9s-nationales-ethniques-religieuses-et-linguistiques-et-peuples-autochtones\" target=\"_blank\" rel=\"noreferrer noopener\">https:\/\/emergency.unhcr.org\/fr\/protection\/minorit\u00e9s-nationales-ethniques-religieuses-et-linguistiques-et-peuples-autochtones<\/a><\/p>\n\n\n\n<p class=\"has-small-font-size wp-block-paragraph\">United Nations Development Programme. (2021, ao\u00fbt 1er). <em>10 choses \u00e0 savoir sur les peuples autochtones<\/em>. Consult\u00e9 le juin 3, 2023, sur UNDP: <a href=\"https:\/\/stories.undp.org\/6f447fb250957c4b464307f1dff45302\" target=\"_blank\" rel=\"noreferrer noopener\">https:\/\/stories.undp.org\/6f447fb250957c4b464307f1dff45302<\/a><\/p>\n\n\n\n<p class=\"has-small-font-size wp-block-paragraph\">Wolfe, P. (2006, D\u00e9cembre 21). <em>Settler colonialism and the elimination of the native.<\/em> Consult\u00e9 le juin 17, 2023, sur Journal of Genocide Research: <a href=\"https:\/\/www.tandfonline.com\/doi\/full\/10.1080\/14623520601056240\" target=\"_blank\" rel=\"noreferrer noopener\">https:\/\/www.tandfonline.com\/doi\/full\/10.1080\/14623520601056240<\/a><\/p>\n\n\n\n<hr class=\"wp-block-separator has-alpha-channel-opacity\"\/>\n\n\n\n<p class=\"has-small-font-size wp-block-paragraph\"><sup>1 <\/sup>La CIDE ci-apr\u00e8s<\/p>\n\n\n\n<p class=\"has-small-font-size wp-block-paragraph\">&nbsp;<sup>2 <\/sup>Le Comit\u00e9 ci-apr\u00e8s<\/p>\n","protected":false},"excerpt":{"rendered":"<p>Les enfants autochtones doivent surmonter de nombreux enjeux pour faire valoir leurs droits fondamentaux,&nbsp;notamment la pauvret\u00e9, la discrimination et la mise en danger de leur culture. Confront\u00e9s \u00e0 toutes sortes de fl\u00e9aux qui menacent la protection et l\u2019application de leurs droits, les \u00c9tats doivent mettre en place une protection particuli\u00e8re qui prend en compte leurs [&hellip;]<\/p>\n","protected":false},"author":65,"featured_media":57114,"parent":0,"menu_order":0,"comment_status":"closed","ping_status":"closed","template":"","meta":{"footnotes":""},"class_list":["post-57111","page","type-page","status-publish","has-post-thumbnail","hentry"],"yoast_head":"<!-- This site is optimized with the Yoast SEO plugin v28.3 - https:\/\/yoast.com\/product\/yoast-seo-wordpress\/ -->\n<title>Les enfants autochtones - Humanium<\/title>\n<meta name=\"description\" content=\"Les enfants autochtones sont confront\u00e9s \u00e0 de nombreuses difficult\u00e9s pour faire valoir leurs droits fondamentaux.\" \/>\n<meta name=\"robots\" content=\"index, follow, max-snippet:-1, max-image-preview:large, max-video-preview:-1\" \/>\n<link rel=\"canonical\" href=\"https:\/\/www.humanium.org\/fr\/les-enfants-autochtones\/\" \/>\n<meta property=\"og:locale\" content=\"fr_FR\" \/>\n<meta property=\"og:type\" content=\"article\" \/>\n<meta property=\"og:title\" content=\"Les enfants autochtones - Humanium\" \/>\n<meta property=\"og:description\" content=\"Les enfants autochtones sont confront\u00e9s \u00e0 de nombreuses difficult\u00e9s pour faire valoir leurs droits fondamentaux.\" \/>\n<meta property=\"og:url\" content=\"https:\/\/www.humanium.org\/fr\/les-enfants-autochtones\/\" \/>\n<meta property=\"og:site_name\" content=\"Humanium\" \/>\n<meta property=\"article:modified_time\" content=\"2026-08-20T17:24:21+00:00\" \/>\n<meta property=\"og:image\" content=\"https:\/\/www.humanium.org\/fr\/wp-content\/uploads\/2024\/06\/shutterstock_1072871408-scaled.jpg\" \/>\n\t<meta property=\"og:image:width\" content=\"2560\" \/>\n\t<meta property=\"og:image:height\" content=\"1707\" \/>\n\t<meta property=\"og:image:type\" content=\"image\/jpeg\" \/>\n<meta name=\"twitter:card\" content=\"summary_large_image\" \/>\n<meta name=\"twitter:label1\" content=\"Dur\u00e9e de lecture estim\u00e9e\" \/>\n\t<meta name=\"twitter:data1\" content=\"17 minutes\" \/>\n<script type=\"application\/ld+json\" class=\"yoast-schema-graph\">{\"@context\":\"https:\\\/\\\/schema.org\",\"@graph\":[{\"@type\":\"WebPage\",\"@id\":\"https:\\\/\\\/www.humanium.org\\\/fr\\\/les-enfants-autochtones\\\/\",\"url\":\"https:\\\/\\\/www.humanium.org\\\/fr\\\/les-enfants-autochtones\\\/\",\"name\":\"Les enfants autochtones - Humanium\",\"isPartOf\":{\"@id\":\"https:\\\/\\\/www.humanium.org\\\/fr\\\/#website\"},\"primaryImageOfPage\":{\"@id\":\"https:\\\/\\\/www.humanium.org\\\/fr\\\/les-enfants-autochtones\\\/#primaryimage\"},\"image\":{\"@id\":\"https:\\\/\\\/www.humanium.org\\\/fr\\\/les-enfants-autochtones\\\/#primaryimage\"},\"thumbnailUrl\":\"https:\\\/\\\/www.humanium.org\\\/fr\\\/wp-content\\\/uploads\\\/2024\\\/06\\\/shutterstock_1072871408-scaled.jpg\",\"datePublished\":\"2024-07-13T19:39:12+00:00\",\"dateModified\":\"2026-08-20T17:24:21+00:00\",\"description\":\"Les enfants autochtones sont confront\u00e9s \u00e0 de nombreuses difficult\u00e9s pour faire valoir leurs droits fondamentaux.\",\"breadcrumb\":{\"@id\":\"https:\\\/\\\/www.humanium.org\\\/fr\\\/les-enfants-autochtones\\\/#breadcrumb\"},\"inLanguage\":\"fr-FR\",\"potentialAction\":[{\"@type\":\"ReadAction\",\"target\":[\"https:\\\/\\\/www.humanium.org\\\/fr\\\/les-enfants-autochtones\\\/\"]}]},{\"@type\":\"ImageObject\",\"inLanguage\":\"fr-FR\",\"@id\":\"https:\\\/\\\/www.humanium.org\\\/fr\\\/les-enfants-autochtones\\\/#primaryimage\",\"url\":\"https:\\\/\\\/www.humanium.org\\\/fr\\\/wp-content\\\/uploads\\\/2024\\\/06\\\/shutterstock_1072871408-scaled.jpg\",\"contentUrl\":\"https:\\\/\\\/www.humanium.org\\\/fr\\\/wp-content\\\/uploads\\\/2024\\\/06\\\/shutterstock_1072871408-scaled.jpg\",\"width\":2560,\"height\":1707},{\"@type\":\"BreadcrumbList\",\"@id\":\"https:\\\/\\\/www.humanium.org\\\/fr\\\/les-enfants-autochtones\\\/#breadcrumb\",\"itemListElement\":[{\"@type\":\"ListItem\",\"position\":1,\"name\":\"Home\",\"item\":\"https:\\\/\\\/www.humanium.org\\\/fr\\\/\"},{\"@type\":\"ListItem\",\"position\":2,\"name\":\"Les enfants autochtones\"}]},{\"@type\":\"WebSite\",\"@id\":\"https:\\\/\\\/www.humanium.org\\\/fr\\\/#website\",\"url\":\"https:\\\/\\\/www.humanium.org\\\/fr\\\/\",\"name\":\"Humanium\",\"description\":\"Les enfants d\u2019abord !\",\"potentialAction\":[{\"@type\":\"SearchAction\",\"target\":{\"@type\":\"EntryPoint\",\"urlTemplate\":\"https:\\\/\\\/www.humanium.org\\\/fr\\\/?s={search_term_string}\"},\"query-input\":{\"@type\":\"PropertyValueSpecification\",\"valueRequired\":true,\"valueName\":\"search_term_string\"}}],\"inLanguage\":\"fr-FR\"}]}<\/script>\n<!-- \/ Yoast SEO plugin. -->","yoast_head_json":{"title":"Les enfants autochtones - Humanium","description":"Les enfants autochtones sont confront\u00e9s \u00e0 de nombreuses difficult\u00e9s pour faire valoir leurs droits fondamentaux.","robots":{"index":"index","follow":"follow","max-snippet":"max-snippet:-1","max-image-preview":"max-image-preview:large","max-video-preview":"max-video-preview:-1"},"canonical":"https:\/\/www.humanium.org\/fr\/les-enfants-autochtones\/","og_locale":"fr_FR","og_type":"article","og_title":"Les enfants autochtones - Humanium","og_description":"Les enfants autochtones sont confront\u00e9s \u00e0 de nombreuses difficult\u00e9s pour faire valoir leurs droits fondamentaux.","og_url":"https:\/\/www.humanium.org\/fr\/les-enfants-autochtones\/","og_site_name":"Humanium","article_modified_time":"2026-08-20T17:24:21+00:00","og_image":[{"width":2560,"height":1707,"url":"https:\/\/www.humanium.org\/fr\/wp-content\/uploads\/2024\/06\/shutterstock_1072871408-scaled.jpg","type":"image\/jpeg"}],"twitter_card":"summary_large_image","twitter_misc":{"Dur\u00e9e de lecture estim\u00e9e":"17 minutes"},"schema":{"@context":"https:\/\/schema.org","@graph":[{"@type":"WebPage","@id":"https:\/\/www.humanium.org\/fr\/les-enfants-autochtones\/","url":"https:\/\/www.humanium.org\/fr\/les-enfants-autochtones\/","name":"Les enfants autochtones - Humanium","isPartOf":{"@id":"https:\/\/www.humanium.org\/fr\/#website"},"primaryImageOfPage":{"@id":"https:\/\/www.humanium.org\/fr\/les-enfants-autochtones\/#primaryimage"},"image":{"@id":"https:\/\/www.humanium.org\/fr\/les-enfants-autochtones\/#primaryimage"},"thumbnailUrl":"https:\/\/www.humanium.org\/fr\/wp-content\/uploads\/2024\/06\/shutterstock_1072871408-scaled.jpg","datePublished":"2024-07-13T19:39:12+00:00","dateModified":"2026-08-20T17:24:21+00:00","description":"Les enfants autochtones sont confront\u00e9s \u00e0 de nombreuses difficult\u00e9s pour faire valoir leurs droits fondamentaux.","breadcrumb":{"@id":"https:\/\/www.humanium.org\/fr\/les-enfants-autochtones\/#breadcrumb"},"inLanguage":"fr-FR","potentialAction":[{"@type":"ReadAction","target":["https:\/\/www.humanium.org\/fr\/les-enfants-autochtones\/"]}]},{"@type":"ImageObject","inLanguage":"fr-FR","@id":"https:\/\/www.humanium.org\/fr\/les-enfants-autochtones\/#primaryimage","url":"https:\/\/www.humanium.org\/fr\/wp-content\/uploads\/2024\/06\/shutterstock_1072871408-scaled.jpg","contentUrl":"https:\/\/www.humanium.org\/fr\/wp-content\/uploads\/2024\/06\/shutterstock_1072871408-scaled.jpg","width":2560,"height":1707},{"@type":"BreadcrumbList","@id":"https:\/\/www.humanium.org\/fr\/les-enfants-autochtones\/#breadcrumb","itemListElement":[{"@type":"ListItem","position":1,"name":"Home","item":"https:\/\/www.humanium.org\/fr\/"},{"@type":"ListItem","position":2,"name":"Les enfants autochtones"}]},{"@type":"WebSite","@id":"https:\/\/www.humanium.org\/fr\/#website","url":"https:\/\/www.humanium.org\/fr\/","name":"Humanium","description":"Les enfants d\u2019abord !","potentialAction":[{"@type":"SearchAction","target":{"@type":"EntryPoint","urlTemplate":"https:\/\/www.humanium.org\/fr\/?s={search_term_string}"},"query-input":{"@type":"PropertyValueSpecification","valueRequired":true,"valueName":"search_term_string"}}],"inLanguage":"fr-FR"}]}},"_links":{"self":[{"href":"https:\/\/www.humanium.org\/fr\/wp-json\/wp\/v2\/pages\/57111","targetHints":{"allow":["GET"]}}],"collection":[{"href":"https:\/\/www.humanium.org\/fr\/wp-json\/wp\/v2\/pages"}],"about":[{"href":"https:\/\/www.humanium.org\/fr\/wp-json\/wp\/v2\/types\/page"}],"author":[{"embeddable":true,"href":"https:\/\/www.humanium.org\/fr\/wp-json\/wp\/v2\/users\/65"}],"replies":[{"embeddable":true,"href":"https:\/\/www.humanium.org\/fr\/wp-json\/wp\/v2\/comments?post=57111"}],"version-history":[{"count":8,"href":"https:\/\/www.humanium.org\/fr\/wp-json\/wp\/v2\/pages\/57111\/revisions"}],"predecessor-version":[{"id":62207,"href":"https:\/\/www.humanium.org\/fr\/wp-json\/wp\/v2\/pages\/57111\/revisions\/62207"}],"wp:featuredmedia":[{"embeddable":true,"href":"https:\/\/www.humanium.org\/fr\/wp-json\/wp\/v2\/media\/57114"}],"wp:attachment":[{"href":"https:\/\/www.humanium.org\/fr\/wp-json\/wp\/v2\/media?parent=57111"}],"curies":[{"name":"wp","href":"https:\/\/api.w.org\/{rel}","templated":true}]}}