{"id":58456,"date":"2025-05-13T17:40:08","date_gmt":"2025-05-13T17:40:08","guid":{"rendered":"https:\/\/www.humanium.org\/fr\/?page_id=58456"},"modified":"2025-12-06T15:34:08","modified_gmt":"2025-12-06T15:34:08","slug":"le-placement-denfants-les-enfants-places-en-famille-daccueil","status":"publish","type":"page","link":"https:\/\/www.humanium.org\/fr\/le-placement-denfants-les-enfants-places-en-famille-daccueil\/","title":{"rendered":"Le placement d\u2019enfants (les enfants plac\u00e9s en famille d\u2019accueil)"},"content":{"rendered":"\n<p class=\"wp-block-paragraph\"><strong>\u00c0 travers le monde, des enfants sont s\u00e9par\u00e9s de leurs familles et sont plac\u00e9s dans des syst\u00e8mes de <a href=\"https:\/\/www.humanium.org\/fr\/journee-de-discussion-generale-2021-droits-de-lenfant-et-protection-de-remplacement\/\">protection de remplacement<\/a> \u00e0 la suite de divers \u00e9v\u00e8nements d\u00e9stabilisants et perturbateurs. En r\u00e9ponse \u00e0 cette situation et conform\u00e9ment aux directives et r\u00e9gulations internationales, les institutions nationales ont mis en place plusieurs structures, tant formelles qu\u2019informelles, pour leur apporter de l\u2019aide.<\/strong><\/p>\n\n\n\n<figure class=\"wp-block-image size-large\"><img loading=\"lazy\" decoding=\"async\" width=\"1024\" height=\"684\" src=\"https:\/\/www.humanium.org\/fr\/wp-content\/uploads\/2025\/05\/shutterstock_2500212333-1024x684.jpg\" alt=\"\" class=\"wp-image-58461\" srcset=\"https:\/\/www.humanium.org\/fr\/wp-content\/uploads\/2025\/05\/shutterstock_2500212333-1024x684.jpg 1024w, https:\/\/www.humanium.org\/fr\/wp-content\/uploads\/2025\/05\/shutterstock_2500212333-300x200.jpg 300w, https:\/\/www.humanium.org\/fr\/wp-content\/uploads\/2025\/05\/shutterstock_2500212333-768x513.jpg 768w, https:\/\/www.humanium.org\/fr\/wp-content\/uploads\/2025\/05\/shutterstock_2500212333-1536x1025.jpg 1536w, https:\/\/www.humanium.org\/fr\/wp-content\/uploads\/2025\/05\/shutterstock_2500212333-2048x1367.jpg 2048w, https:\/\/www.humanium.org\/fr\/wp-content\/uploads\/2025\/05\/shutterstock_2500212333-830x554.jpg 830w, https:\/\/www.humanium.org\/fr\/wp-content\/uploads\/2025\/05\/shutterstock_2500212333-230x154.jpg 230w, https:\/\/www.humanium.org\/fr\/wp-content\/uploads\/2025\/05\/shutterstock_2500212333-350x234.jpg 350w, https:\/\/www.humanium.org\/fr\/wp-content\/uploads\/2025\/05\/shutterstock_2500212333-480x320.jpg 480w, https:\/\/www.humanium.org\/fr\/wp-content\/uploads\/2025\/05\/shutterstock_2500212333-272x182.jpg 272w\" sizes=\"auto, (max-width: 1024px) 100vw, 1024px\" \/><\/figure>\n\n\n\n<h2 class=\"wp-block-heading\">Comprendre ce qu\u2019est le placement d\u2019enfants<\/h2>\n\n\n\n<p class=\"wp-block-paragraph\">Le placement d\u2019enfants est un syst\u00e8me de <a href=\"https:\/\/www.humanium.org\/fr\/journee-de-discussion-generale-2021-droits-de-lenfant-et-protection-de-remplacement\/\">protection de remplacement<\/a> formel dans lequel une autorit\u00e9 comp\u00e9tente place les enfants dans un environnement familial qui n\u2019est pas la leur. La famille \u00ab\u2009d\u2019accueil\u2009\u00bb comme on la nomme est identifi\u00e9e, \u00e9valu\u00e9e et approuv\u00e9e afin d&rsquo;assumer&nbsp; la prise en charge \u00e0 de l\u2019enfant pour une dur\u00e9e ind\u00e9termin\u00e9e.<\/p>\n\n\n\n<p class=\"wp-block-paragraph\">Le placement d\u2019enfants se distingue de l\u2019adoption officielle par son caract\u00e8re temporaire\u2009; la responsabilit\u00e9 l\u00e9gale concernant le <a href=\"https:\/\/www.humanium.org\/fr\/le-bien-etre-mental-des-enfants\/\">bien-\u00eatre<\/a> de l\u2019enfant reste, du moins en partie, assum\u00e9e par l\u2019autorit\u00e9 locale qui a facilit\u00e9 le dispositif d\u2019accueil (UNICEF, 2022).<\/p>\n\n\n\n<h2 class=\"wp-block-heading\"><strong>Les principes directeurs de la protection de remplacement<\/strong><\/h2>\n\n\n\n<p class=\"wp-block-paragraph\">Le placement d\u2019enfants est une forme sp\u00e9cifique d\u2019un dispositif d\u2019aide et de prise en charge alternative. Ainsi, l\u2019application des dispositifs d\u2019accueil est soumise aux m\u00eames structures de contr\u00f4le et directives que les autres moyens de protection de remplacement. Les Lignes directrices des Nations Unies (ONU) relatives \u00e0 la protection de remplacement pour les enfants offrent un cadre visant \u00e0 assurer que les enfants qui sont priv\u00e9s de protection parentale de fa\u00e7on temporaire ou permanente re\u00e7oivent une prise en charge appropri\u00e9e et s\u00e9curisante.<\/p>\n\n\n\n<p class=\"wp-block-paragraph\">Cette prise en charge est fournie dans un cadre familial ou r\u00e9sidentiel en dehors de la famille biologique de l\u2019enfant. Les directives visent \u00e0 promouvoir la protection et le bien-\u00eatre des enfants qui ont besoin d\u2019une protection de remplacement, en fournissant des principes clairs aux \u00c9tats et aux organismes impliqu\u00e9s dans la protection de l\u2019enfance.&nbsp;<\/p>\n\n\n\n<p class=\"wp-block-paragraph\">Les lignes directrices des Nations Unies relatives \u00e0 la protection de remplacement pour les enfants insistent sur les principes suivants&nbsp;(UN General Assembly, 2010)&nbsp;:<\/p>\n\n\n\n<ol class=\"wp-block-list\">\n<li>Le principe de n\u00e9cessit\u00e9&nbsp;: garantir qu&rsquo;une mesure de protection soit mise en place uniquement lorsque cela est indispensable, apr\u00e8s que tous les efforts pour pr\u00e9venir la s\u00e9paration des enfants de leurs parents biologiques ont \u00e9t\u00e9 d\u00e9ploy\u00e9s.<\/li>\n\n\n\n<li>Le principe d\u2019adaptation&nbsp;: s\u2019assurer que la nature et la qualit\u00e9 de la protection fournie soient adapt\u00e9es aux besoins sp\u00e9cifiques et aux <a href=\"https:\/\/www.humanium.org\/fr\/interet-superieur-de-lenfant\/\">int\u00e9r\u00eats sup\u00e9rieurs<\/a> de l\u2019enfant.<\/li>\n\n\n\n<li>Promouvoir la protection parentale&nbsp;: prioriser les options de prise en charge dans une structure familiale comme le placement au sein de la <a href=\"https:\/\/www.humanium.org\/fr\/famille-droits-enfant\/#:~:text=La%20Convention%20internationale%20des%20droits,la%20violation%20de%20ses%20droits.\">famille \u00e9largie<\/a> (sous la responsabilit\u00e9 de membres de la famille ou d\u2019amis proches de la famille de l\u2019enfant), le placement en famille d\u2019accueil ou l\u2019adoption avant d\u2019envisager la prise en charge dans une structure institutionnelle ou un milieu r\u00e9sidentiel.<\/li>\n\n\n\n<li>Soutenir les familles&nbsp;: offrir un soutien ad\u00e9quat aux familles afin de pr\u00e9venir la n\u00e9cessit\u00e9 d\u2019une mesure de protection et de r\u00e9int\u00e9grer les enfants dans leurs familles d\u00e8s que possible.&nbsp; La <a href=\"https:\/\/www.humanium.org\/fr\/pauvrete\/#:~:text=La%20pauvret%C3%A9%20chez%20les%20enfants,d'acc%C3%A8s%20aux%20besoins%20fondamentaux.\">pauvret\u00e9<\/a>, \u00e0, elle seule, ne devrait \u00eatre en aucun cas un motif du retrait de l\u2019enfant de la protection parentale, son placement en protection de remplacement ou en l\u2019emp\u00eachement de son retour aupr\u00e8s de ses parents biologiques. Au contraire, la <a href=\"https:\/\/www.humanium.org\/fr\/pauvrete\/#:~:text=La%20pauvret%C3%A9%20chez%20les%20enfants,d'acc%C3%A8s%20aux%20besoins%20fondamentaux.\">pauvret\u00e9<\/a> devrait \u00eatre reconnue comme signe que la famille a besoin de toute l\u2019aide n\u00e9cessaire.<\/li>\n\n\n\n<li><a href=\"https:\/\/www.humanium.org\/fr\/interet-superieur-de-lenfant\/#:~:text=Le%20principe%20de%20%E2%80%9Cl'int%C3%A9r%C3%AAt,de%20son%20%E2%80%9Cint%C3%A9r%C3%AAt%20sup%C3%A9rieur%E2%80%9D.\">Les int\u00e9r\u00eats sup\u00e9rieurs de l\u2019enfant&nbsp;<\/a>: s\u2019assurer que toutes les d\u00e9cisions et actions concernant les protections de remplacement privil\u00e9gient les droits et les int\u00e9r\u00eats sup\u00e9rieurs de l\u2019enfant, dont son droit de participer aux d\u00e9cisions qui affectent sa vie conform\u00e9ment \u00e0 <a href=\"https:\/\/www.humanium.org\/fr\/texte-integral-convention-internationale-relative-droits-enfant-1989\/\">l\u2019article&nbsp;12<\/a> de la Convention des Nations Unies relative aux droits de l\u2019enfant.<\/li>\n\n\n\n<li>La protection contre les abus et l\u2019exploitation&nbsp;: veiller \u00e0 ce que les enfants en protection de remplacement soient prot\u00e9g\u00e9s contre toutes formes de <a href=\"https:\/\/www.humanium.org\/fr\/la-maltraitance-des-enfants\/\">maltraitance<\/a>, de n\u00e9gligence et d\u2019<a href=\"https:\/\/www.humanium.org\/fr\/exploitation\/\">exploitation<\/a>.<\/li>\n\n\n\n<li>Le caract\u00e8re temporaire&nbsp;: veiller \u00e0 ce que les dispositifs de protection de remplacement soient temporaires, en apportant une attention particuli\u00e8re \u00e0 la recherche de solutions permanentes pour l\u2019enfant, comme la r\u00e9unification avec sa famille biologique et le placement en famille adoptive.<\/li>\n\n\n\n<li>La prise en compte des aspects culturels et sociaux&nbsp;: veiller \u00e0 ce que tous les dispositifs de protection de remplacement respectent la culture, la religion, et le milieu social de l\u2019enfant\u2009; et s\u2019assurer que ces aspects sont pris en compte dans son placement.<\/li>\n<\/ol>\n\n\n\n<h2 class=\"wp-block-heading\"><strong>Les raisons pour lesquelles les enfants ont besoin d\u2019\u00eatre en famille d\u2019accueil<\/strong><\/h2>\n\n\n\n<p class=\"wp-block-paragraph\">Il existe plusieurs raisons pour lesquelles les enfants doivent \u00eatre plac\u00e9s en famille d\u2019accueil. Souvent, ces raisons sont li\u00e9es \u00e0 leur s\u00e9curit\u00e9, \u00e0 leur bien-\u00eatre et \u00e0 leurs int\u00e9r\u00eats sup\u00e9rieurs. Parmi les principales causes justifiant le recours aux dispositifs de placement, on retrouve notamment&nbsp;:<\/p>\n\n\n\n<h3 class=\"wp-block-heading\"><a href=\"https:\/\/www.humanium.org\/fr\/la-maltraitance-des-enfants\/\">La n\u00e9gligence&nbsp;<\/a><\/h3>\n\n\n\n<p class=\"wp-block-paragraph\">Il existe plusieurs formes de n\u00e9gligence qui sont susceptibles de conduire au placement d\u2019un enfant en famille d\u2019accueil, parmi lesquelles figurent&nbsp;: la n\u00e9gligence \u00e9motionnelle, la n\u00e9gligence m\u00e9dicale, et la n\u00e9gligence chronique. La n\u00e9gligence \u00e9motionnelle se produit lorsqu\u2019un parent ou une personne responsable ne parvient pas \u00e0 apporter le soutien \u00e9motionnel, l\u2019attention et l\u2019affection dont leur enfant a besoin.<\/p>\n\n\n\n<p class=\"wp-block-paragraph\">La n\u00e9gligence m\u00e9dicale d\u00e9signe les situations dans lesquelles un parent ou une personne responsable ne parvient pas \u00e0 fournir les soins m\u00e9dicaux appropri\u00e9s ou les traitements n\u00e9cessaires aux besoins de sant\u00e9 de l\u2019enfant, exposant ainsi ce dernier \u00e0 un risque de pr\u00e9judice grave ou de souffrance. La n\u00e9gligence chronique se manifeste lorsque les besoins essentiels de l\u2019enfant \u2014 comme la nourriture, l\u2019eau potable, un foyer, des soins m\u00e9dicaux et l\u2019\u00e9ducation \u2014 ne sont pas satisfaits (Foster Care, 2024).<\/p>\n\n\n\n<h3 class=\"wp-block-heading\"><a href=\"https:\/\/www.humanium.org\/fr\/la-maltraitance-des-enfants\/\">La maltraitance&nbsp;<\/a><\/h3>\n\n\n<div class=\"wp-block-image\">\n<figure class=\"alignleft size-large is-resized\"><img loading=\"lazy\" decoding=\"async\" width=\"1024\" height=\"683\" src=\"https:\/\/www.humanium.org\/fr\/wp-content\/uploads\/2025\/05\/shutterstock_1926869879-1024x683.jpg\" alt=\"\" class=\"wp-image-58459\" style=\"width:311px;height:auto\" srcset=\"https:\/\/www.humanium.org\/fr\/wp-content\/uploads\/2025\/05\/shutterstock_1926869879-1024x683.jpg 1024w, https:\/\/www.humanium.org\/fr\/wp-content\/uploads\/2025\/05\/shutterstock_1926869879-300x200.jpg 300w, https:\/\/www.humanium.org\/fr\/wp-content\/uploads\/2025\/05\/shutterstock_1926869879-768x512.jpg 768w, https:\/\/www.humanium.org\/fr\/wp-content\/uploads\/2025\/05\/shutterstock_1926869879-1536x1024.jpg 1536w, https:\/\/www.humanium.org\/fr\/wp-content\/uploads\/2025\/05\/shutterstock_1926869879-2048x1365.jpg 2048w, https:\/\/www.humanium.org\/fr\/wp-content\/uploads\/2025\/05\/shutterstock_1926869879-830x553.jpg 830w, https:\/\/www.humanium.org\/fr\/wp-content\/uploads\/2025\/05\/shutterstock_1926869879-230x153.jpg 230w, https:\/\/www.humanium.org\/fr\/wp-content\/uploads\/2025\/05\/shutterstock_1926869879-350x233.jpg 350w, https:\/\/www.humanium.org\/fr\/wp-content\/uploads\/2025\/05\/shutterstock_1926869879-480x320.jpg 480w, https:\/\/www.humanium.org\/fr\/wp-content\/uploads\/2025\/05\/shutterstock_1926869879-272x182.jpg 272w\" sizes=\"auto, (max-width: 1024px) 100vw, 1024px\" \/><\/figure>\n<\/div>\n\n\n<p class=\"wp-block-paragraph\">Il existe plusieurs formes de maltraitance \u00e0 l\u2019\u00e9gard des enfants qui peut mener au placement d\u2019un enfant en famille d\u2019accueil, parmi lesquelles figurent&nbsp;: la maltraitance \u00e9motionnelle, la maltraitance physique et la maltraitance sexuelle. Semblable \u00e0 la n\u00e9gligence \u00e9motionnelle, la maltraitance peut \u00eatre difficile \u00e0 prouver. Elle inclut des cris, des formes de d\u00e9nigrements, des actes de harc\u00e8lement ou le fait de provoquer un sentiment d\u2019ins\u00e9curit\u00e9 chez l\u2019enfant, ainsi que d\u2019autres formes d\u2019agressions.<\/p>\n\n\n\n<p class=\"wp-block-paragraph\">La maltraitance physique est l\u2019une des formes les plus courantes de maltraitance qui peuvent entra\u00eener le placement d\u2019un enfant en famille d\u2019accueil. Elle inclut les blessures physiques r\u00e9sultant d\u2019actes tels que de le frapper, le battre, le secouer, le br\u00fbler, le mordre ou toute autre forme de violence physique exerc\u00e9e par une personne proche de l\u2019enfant.<\/p>\n\n\n\n<p class=\"wp-block-paragraph\">La maltraitance sexuelle d\u00e9signe la participation d\u2019un enfant \u00e0 des actes sexuels pour le plaisir de l\u2019agresseur. Elle inclut le viol, les attouchements, la <a href=\"https:\/\/www.humanium.org\/fr\/prostitution-infantile\/\">prostitution<\/a> ou la pornographie, l\u2019exposition \u00e0 des comportements ind\u00e9cents ou des gestes inappropri\u00e9s, entre autres (Foster Care, 2024). L\u2019exposition aux violences familiales peut entra\u00eener d\u2019importants risques au niveau de la sant\u00e9 mentale et physique des enfants, d\u2019o\u00f9 le besoin de les retirer de cet environnement (Foster Care, 2024).<\/p>\n\n\n\n<h3 class=\"wp-block-heading\">La <a href=\"https:\/\/www.humanium.org\/fr\/enfants-dependances\/#:~:text=Cette%20addiction%20peut%20avoir%20un,et%20un%20sentiment%20d'isolement.\">d\u00e9pendance<\/a> des parents<\/h3>\n\n\n\n<p class=\"wp-block-paragraph\">Les parents qui ont des difficult\u00e9s avec leur addiction \u00e0 l\u2019alcool ou aux drogues ne sont pas en mesure d\u2019offrir un environnement s\u00fbr et stable pour leur enfant (Foster Care, 2024).<\/p>\n\n\n\n<h3 class=\"wp-block-heading\">La <a href=\"https:\/\/www.humanium.org\/fr\/le-bien-etre-mental-des-enfants\/\">sant\u00e9 mentale<\/a><\/h3>\n\n\n\n<p class=\"wp-block-paragraph\">Les parents confront\u00e9s \u00e0 des troubles de sant\u00e9 mentale peuvent voir leur jugement alt\u00e9r\u00e9, ce qui les rend incapables de fournir les soins n\u00e9cessaires \u00e0 leurs enfants (Foster Care, 2024).<\/p>\n\n\n\n<h3 class=\"wp-block-heading\">L\u2019abandon ou l\u2019absence de parents<\/h3>\n\n\n\n<p class=\"wp-block-paragraph\">Les enfants qui ont \u00e9t\u00e9 abandonn\u00e9s par leurs parents <em>de facto <\/em>n\u00e9cessitent une forme sp\u00e9cifique de soutien et d\u2019encadrement. Les autorit\u00e9s comp\u00e9tentes peuvent fournir \u00e0 ces enfants une place en famille d\u2019accueil lorsque cette option sert leurs int\u00e9r\u00eats sup\u00e9rieurs et en attente d\u2019une d\u00e9cision concr\u00e8te sur leur plan \u00e0 long terme.<\/p>\n\n\n\n<p class=\"wp-block-paragraph\">Par ailleurs, dans les situations o\u00f9 un parent n\u2019est pas capable de prendre soin de son enfant suite \u00e0 une mutation, \u00e0 un transfert d\u2019emploi ou \u00e0 d\u2019autres probl\u00e8mes temporaires les amenant \u00e0 \u00eatre absents de la vie de leur enfant, les autorit\u00e9s comp\u00e9tentes peuvent assurer qu\u2019un placement en famille d\u2019accueil adapt\u00e9 soit trouv\u00e9 pour une p\u00e9riode temporaire (Foster Care, 2024).<\/p>\n\n\n\n<h3 class=\"wp-block-heading\">L\u2019incarc\u00e9ration des parents&nbsp;<\/h3>\n\n\n\n<p class=\"wp-block-paragraph\">Si les parents ont \u00e9t\u00e9 incarc\u00e9r\u00e9s et qu\u2019aucun proche ne peut accueillir l\u2019enfant, un placement dans une famille d\u2019accueil adapt\u00e9 sera trouv\u00e9 pour lui (Foster Care, 2024).<\/p>\n\n\n\n<h3 class=\"wp-block-heading\">Maladie grave ou d\u00e9c\u00e8s des parents&nbsp;<\/h3>\n\n\n\n<p class=\"wp-block-paragraph\">Quand les parents ne sont pas capables de prendre soin de leur enfant en raison d\u2019une maladie grave ou d\u2019une hospitalisation, une famille d\u2019accueil peut \u00eatre n\u00e9cessaire pour assurer une prise en charge imm\u00e9diate (Foster Care, 2024).<\/p>\n\n\n\n<h3 class=\"wp-block-heading\">Les enfants demandeurs d\u2019asile non accompagn\u00e9s<\/h3>\n\n\n\n<p class=\"wp-block-paragraph\">Les familles d\u2019accueil pour les <a href=\"https:\/\/www.humanium.org\/fr\/migration-infantile\/\">mineurs non accompagn\u00e9s<\/a> d\u00e9signent le placement d\u2019un enfant arriv\u00e9 dans un pays sans ses parents ou tuteurs l\u00e9gaux dans un environnement sain dans une structure familiale temporaire. Ces mineurs sont g\u00e9n\u00e9ralement des r\u00e9fugi\u00e9s, des demandeurs d\u2019asile ou des migrants qui ont quitt\u00e9 leur foyer \u00e0 cause de la guerre, de pers\u00e9cution, de violences sexuelles ou physiques, de torture, de catastrophes naturelles ou d\u2019autres crises.<\/p>\n\n\n\n<p class=\"wp-block-paragraph\">Une majorit\u00e9 d\u2019enfants demandeurs d\u2019asile viennent de pays qui ont v\u00e9cu des troubles g\u00e9n\u00e9ralis\u00e9s ou des conflits arm\u00e9s. Ces derni\u00e8res ann\u00e9es, cela comprend des pays tels que&nbsp;:<\/p>\n\n\n\n<p class=\"wp-block-paragraph\">La <a href=\"https:\/\/www.humanium.org\/fr\/libye\/\">Libye<\/a>, l\u2019<a href=\"https:\/\/www.humanium.org\/fr\/ethiopie\/\">\u00c9thiopie<\/a>, l\u2019<a href=\"https:\/\/www.humanium.org\/fr\/erythree\/\">\u00c9rythr\u00e9e<\/a>, la <a href=\"https:\/\/www.humanium.org\/fr\/syrie\/\">Syrie<\/a>, le <a href=\"https:\/\/www.humanium.org\/fr\/soudan\/\">Soudan<\/a>, la <a href=\"https:\/\/www.humanium.org\/fr\/somalie\/\">Somalie<\/a>, le <a href=\"https:\/\/www.humanium.org\/fr\/vietnam\/\">Vietnam<\/a>, l\u2019<a href=\"https:\/\/www.humanium.org\/fr\/albanie\/\">Albanie<\/a>, l\u2019<a href=\"https:\/\/www.humanium.org\/fr\/afghanistan\/\">Afghanistan<\/a>, l\u2019<a href=\"https:\/\/www.humanium.org\/fr\/iran\/\">Iran<\/a> et l\u2019<a href=\"https:\/\/www.humanium.org\/fr\/irak\/\">Irak<\/a> (FosterTalk, n,d).&nbsp;<\/p>\n\n\n\n<h3 class=\"wp-block-heading\">Probl\u00e8mes comportementaux<\/h3>\n\n\n\n<p class=\"wp-block-paragraph\">\u00c9galement connu sous le nom d\u2019\u00ab\u2009h\u00e9bergement volontaire\u2009\u00bb, ce type de placement intervient en premier lieu lorsqu\u2019un parent n\u2019est pas capable ou est r\u00e9ticent \u00e0 s\u2019occuper de son enfant pour des raisons pouvant inclure la fugue, l\u2019absent\u00e9isme scolaire ou la <a href=\"https:\/\/www.humanium.org\/fr\/justice\/\">d\u00e9linquance juv\u00e9nile<\/a> (Foster Care, 2024).<\/p>\n\n\n\n<h2 class=\"wp-block-heading\"><strong>Les types de placements en famille d\u2019accueil<\/strong><\/h2>\n\n\n\n<p class=\"wp-block-paragraph\">Il existe plusieurs types de placements en famille d\u2019accueil pouvant r\u00e9pondre aux besoins d\u2019un enfant ou d\u2019un groupe d\u2019enfants.<\/p>\n\n\n\n<h3 class=\"wp-block-heading\">Placement \u00e0 court terme<\/h3>\n\n\n\n<p class=\"wp-block-paragraph\">Le placement \u00e0 court terme, aussi connu sous le nom de placement temporaire, consiste \u00e0 placer un enfant dans une famille d\u2019accueil pour une dur\u00e9e d\u00e9termin\u00e9e, qui peut aller de quelques jours \u00e0 une dur\u00e9e maximale de deux ans avant que l\u2019enfant retourne dans sa famille biologique ou une famille d\u2019accueil plus adapt\u00e9e sur le long terme.<\/p>\n\n\n\n<p class=\"wp-block-paragraph\">Pendant la dur\u00e9e de ce placement, les autorit\u00e9s comp\u00e9tentes vont d\u00e9terminer quels types de conditions de vie seraient dans l\u2019int\u00e9r\u00eat sup\u00e9rieur de l\u2019enfant et si un retour dans sa famille biologique, dans une famille d\u2019accueil \u00e0 long terme ou dans une adoption potentielle est appropri\u00e9 (Barnardo\u2019s, 2024).<\/p>\n\n\n\n<p class=\"wp-block-paragraph\">Il existe plusieurs raisons pour lesquelles les enfants ont besoin d\u2019\u00eatre plac\u00e9s en famille d\u2019accueil \u00e0 court terme. Parmi celles-ci, figurent l\u2019attente d\u2019une d\u00e9cision sur un placement en famille d\u2019accueil \u00e0 court terme ou la possibilit\u00e9 de ramener l\u2019enfant \u00e0 ses parents biologiques, des proc\u00e9dures judiciaires, de probl\u00e8mes relatifs \u00e0 la protection de l\u2019enfant, la maltraitance ou la n\u00e9gligence, ainsi que des d\u00e9cisions li\u00e9es aux plans d\u2019intervention et des analyses, entre autres (Barnardo\u2019s, 2024).<\/p>\n\n\n\n<h3 class=\"wp-block-heading\">Placement \u00e0 long terme<\/h3>\n\n\n\n<p class=\"wp-block-paragraph\">Le placement \u00e0 long terme, \u00e9galement connu sous le nom de placement permanent, est une forme de placement dans laquelle un enfant reste sous la protection de la famille d\u2019accueil jusqu\u2019\u00e0 l\u2019\u00e2ge adulte, car il ne peut pas revenir dans sa famille biologique et que l\u2019option de l\u2019adoption est impossible. Initialement, la majorit\u00e9 des enfants concern\u00e9s int\u00e8grent un h\u00e9bergement \u00e0 court terme tandis que des d\u00e9cisions concernant leur avenir sont prises.<\/p>\n\n\n\n<p class=\"wp-block-paragraph\">Si un juge d\u00e9cide qu\u2019un enfant ne peut pas retourner dans sa famille biologique, alors il est plac\u00e9 dans une famille d\u2019accueil \u00e0 long terme. Les parents d\u2019accueils ne d\u00e9tiennent pas l\u2019enti\u00e8re responsabilit\u00e9 juridique de l\u2019enfant, celle-ci restant sous la responsabilit\u00e9 de l\u2019autorit\u00e9 locale comp\u00e9tente (Barnardo\u2019s, 2024).<\/p>\n\n\n\n<p class=\"wp-block-paragraph\">Les placements en famille d\u2019accueil \u00e0 long terme pr\u00e9sentent de nombreux avantages notables. Parmi ceux-ci, les longues p\u00e9riodes de protection fournissent aux enfants un environnement coh\u00e9rent, stable et un sentiment de continuit\u00e9 lorsqu\u2019ils grandissent (Barnardo\u2019s, 2024).&nbsp;<\/p>\n\n\n\n<h3 class=\"wp-block-heading\">Placement d\u2019urgence<\/h3>\n\n\n\n<p class=\"wp-block-paragraph\">Les placements d\u2019urgence en famille d\u2019accueil consistent \u00e0 placer un enfant qui est en danger imminent dans un foyer temporaire, souvent \u00e0 la derni\u00e8re minute. Dans des circonstances aussi urgentes, la s\u00e9curit\u00e9 de l\u2019enfant est prioritaire, et il n\u2019y a g\u00e9n\u00e9ralement pas de temps pour pr\u00e9senter l\u2019enfant \u00e0 la famille d\u2019accueil.<\/p>\n\n\n\n<p class=\"wp-block-paragraph\">Il existe de nombreuses raisons pour lesquelles un enfant peut avoir besoin d\u2019\u00eatre plac\u00e9 dans une famille d\u2019accueil en urgence, comme le fait d\u2019\u00eatre t\u00e9moin ou victime de violence, la maltraitance ou la n\u00e9gligence, le risque d\u2019\u00eatre victime d\u2019un accident grave, des probl\u00e8mes juridiques ayant recours aux forces de l\u2019ordre, ou des probl\u00e8mes de sant\u00e9 ou d\u2019addictions, ainsi que le d\u00e9c\u00e8s d\u2019un parent ou d\u2019un tuteur l\u00e9gal (National Fostering Group, 2024).<\/p>\n\n\n\n<h3 class=\"wp-block-heading\">Placement de d\u00e9pannage&nbsp;<\/h3>\n\n\n\n<p class=\"wp-block-paragraph\">Les familles d\u2019accueil de d\u00e9pannage sont des placements temporaires qui offrent une pause \u00e0 court terme pour les principaux parents d\u2019accueil ou les familles biologiques. Ce type de placement peut durer quelques heures, ou quelques jours et il est con\u00e7u pour offrir aux principaux parents d\u2019accueil ou aux familles biologiques une pause dans leurs responsabilit\u00e9s de garde ou du temps pour s\u2019occuper d\u2019affaires personnelles.<\/p>\n\n\n\n<p class=\"wp-block-paragraph\">Cette forme de placement se d\u00e9roule habituellement pendant les vacances scolaires ou durant les week-ends. Pendant ces placements, la s\u00e9curit\u00e9 de l\u2019enfant ainsi que ses besoins sont prioritaires (Barnardo\u2019s, 2024).&nbsp;&nbsp;<\/p>\n\n\n\n<h3 class=\"wp-block-heading\">Placement en cas de d\u00e9tention provisoire<\/h3>\n\n\n\n<p class=\"wp-block-paragraph\">Un placement en cas de d\u00e9tention provisoire est un placement \u00e0 caract\u00e8re juridique destin\u00e9 aux enfants qui attendent une date de comparution pour une infraction pr\u00e9sum\u00e9e. Ce type de famille d\u2019accueil offre un environnement familial structur\u00e9 et accueillant, servant d\u2019alternative \u00e0 la d\u00e9tention ou au centre de d\u00e9tention pour mineurs.<\/p>\n\n\n\n<p class=\"wp-block-paragraph\">Les enfants qui ont \u00e9t\u00e9 plac\u00e9s en familles d\u2019accueil dans le cadre d\u2019une d\u00e9tention provisoire sont soumis \u00e0 des conditions strictes qu\u2019ils doivent respecter et doivent assister aux audiences, et aux r\u00e9unions avec les autorit\u00e9s comp\u00e9tentes qui les soutiennent. Les placements en ces de d\u00e9tention provisoire fournissent aux enfants la stabilit\u00e9 et le soutien pour les aider \u00e0 faire face auxpoursuites judiciaires dont ils sont l\u2019objet (National Fostering Group, 2024).<\/p>\n\n\n\n<h3 class=\"wp-block-heading\">Logements accompagn\u00e9s<\/h3>\n\n\n\n<p class=\"wp-block-paragraph\">Les logements accompagn\u00e9s sont une forme de placement pour les jeunes, g\u00e9n\u00e9ralement \u00e2g\u00e9s de 16 \u00e0 21, qui quittent une famille d\u2019accueil traditionnelle ou qui risquent de devenir sans-abris, pour aller vivre dans une famille d\u2019accueil ou chez une seule personne.<\/p>\n\n\n\n<p class=\"wp-block-paragraph\">Ces logements accompagn\u00e9s offrent un environnement de vie semi-ind\u00e9pendante dans lequel ils b\u00e9n\u00e9ficient d\u2019un accompagnement pour apprendre \u00e0 g\u00e9rer leur budget, cuisiner, rechercher un emploi ou des opportunit\u00e9s \u2019\u00e9ducatives, les pr\u00e9parant ainsi \u00e0 une vie autonome (Barnardo\u2019s, 2024).<\/p>\n\n\n\n<h3 class=\"wp-block-heading\">Placement pour adoption<\/h3>\n\n\n\n<p class=\"wp-block-paragraph\">Le placement pour adoption est une forme de placement dans lequel les futurs parents adoptifs accueillent un enfant dans l\u2019intention de l\u2019adopter quand celui-ci sera l\u00e9galement disponible. Lors de ce placement, l\u2019enfant vit avec les parents d\u2019accueil pendant que l\u2019assistante sociale compl\u00e8te les \u00e9valuations et formule des recommandations au tribunal par rapport \u00e0 l\u2019avenir de l\u2019enfant.<\/p>\n\n\n\n<p class=\"wp-block-paragraph\">Ce type de placement vise \u00e0 diminuer le nombre de placements qu\u2019un enfant peut subir, ce qui permet \u00e0 l\u2019enfant de rester avec ses parents d\u2019accueil pendant la proc\u00e9dure judiciaire. Si la r\u00e9unification avec la famille biologique est impossible, il est possible de donner aux parents d\u2019accueil l\u2019opportunit\u00e9 d\u2019adopter l\u2019enfant (Barnardo\u2019s, 2024).&nbsp;<\/p>\n\n\n\n<h3 class=\"wp-block-heading\">Les placements d\u2019enfants demandeurs d\u2019asile non accompagn\u00e9s et d\u2019enfants r\u00e9fugi\u00e9s<\/h3>\n\n\n\n<p class=\"wp-block-paragraph\">Le placement en famille d\u2019accueil pour les <a href=\"https:\/\/www.humanium.org\/fr\/migration-infantile\/\">mineurs demandeurs d\u2019asile non accompagn\u00e9<\/a> vise \u00e0 fournir un environnement familial accueillant e protecteur pour prendre soin des enfants en situation de vuln\u00e9rabilit\u00e9.<\/p>\n\n\n\n<p class=\"wp-block-paragraph\">Les \u00e9l\u00e9ments cl\u00e9s de ce type de placement en famille d\u2019accueil incluent la sensibilit\u00e9 culturelle, les efforts de r\u00e9unification, le soutien \u00e0 l\u2019int\u00e9gration, la protection juridique,&nbsp; <a href=\"https:\/\/www.humanium.org\/fr\/comprendre-droits-enfant\/droit-a-la-sante\/\">les soins m\u00e9dicaux<\/a>, l\u2019<a href=\"https:\/\/www.humanium.org\/fr\/comprendre-droits-enfant\/droit-a-l-education\/\">\u00e9ducation<\/a>, ainsi que la s\u00e9curit\u00e9 et la stabilit\u00e9 (FosterTalk, n,d).<\/p>\n\n\n\n<h2 class=\"wp-block-heading\"><strong>Emp\u00eacher les enfants d\u2019int\u00e9grer une famille d\u2019accueil<\/strong><\/h2>\n\n\n\n<p class=\"wp-block-paragraph\">Les Lignes directrices des Nations Unies relatives \u00e0 la protection de remplacement pour les enfants soulignent le fait que la famille d\u2019accueil doit \u00eatre trait\u00e9e comme une solution de dernier recours. Avant cela, elles identifient plusieurs domaines d\u2019intervention visant \u00e0 combattre&nbsp; les facteurs socio-\u00e9conomiques, psychologiques et structurels, pour aider les familles et les communaut\u00e9s \u00e0 garantir un environnement s\u00e9curis\u00e9 et favorable au d\u00e9veloppement des enfants. Ceux-ci comportent&nbsp;:<\/p>\n\n\n\n<h3 class=\"wp-block-heading\">Les efforts pour favoriser la protection parentale<\/h3>\n\n\n\n<p class=\"wp-block-paragraph\">Tout d\u2019abord, les \u00c9tats doivent d\u00e9ployer tous les efforts possibles afin de s\u2019assurer que les enfants sont capables de rester sous la protection de leurs parents. Cela consiste \u00e0 mettre en place des mesures pour&nbsp;:<\/p>\n\n\n\n<ol class=\"wp-block-list\">\n<li>Renforcer les comp\u00e9tences des familles&nbsp;: \u00e0 l\u2019aide de cours sur l\u2019\u00e9ducation parentale et des groupes d\u2019aide, des groupes pour apaiser les conflits entre les parents et les enfants et des groupes d\u2019aide \u00e0 la recherche d\u2019emploi. Ces initiatives ont pour objectif commun de garantir que les parents poss\u00e8dent les moyens et les connaissances n\u00e9cessaires pour prendre soin de leur enfant (Action for Children, n,d).<\/li>\n\n\n\n<li>Fournir des services sociaux&nbsp;: ceux-ci comportent des dispositifs visant \u00e0 all\u00e9ger&nbsp; les charges parentales, comme la garde d\u2019enfants, l\u2019assistance financi\u00e8re et l\u2019aide au logement, et dse traitement pour les difficult\u00e9s caus\u00e9es par la sant\u00e9 mentale et l\u2019abus de substance. Ils comprennent \u00e9galement dles&nbsp;services con\u00e7us pour aider directement les enfants, comme les dispositions mises en place pour les enfants en situation de handicap et des programmes de traitement pour les victimes de maltraitance.<\/li>\n\n\n\n<li>\u00c9tablir des politiques de jeunesse&nbsp;: celles-ci visent \u00e0 aider les enfants dans leur d\u00e9veloppement en dehors de leur foyer, ce&nbsp; qui, en retour,&nbsp; affecte leurs exp\u00e9riences dans leurs familles.<\/li>\n<\/ol>\n\n\n\n<h3 class=\"wp-block-heading\">Les efforts pour renforcer les communaut\u00e9s<\/h3>\n\n\n\n<p class=\"wp-block-paragraph\">Les \u00c9tats devraient \u00e9galement veiller \u00e0 la mise en place de programmes de pr\u00e9vention communautaires, dirig\u00e9s et g\u00e9r\u00e9s par les communaut\u00e9s elles-m\u00eames, afin de garantir qu\u2019elles aient une opportunit\u00e9 primordiale pour soutenir les enfants \u00e0 risque. L\u2019avantage des interventions communautaires, par rapport \u00e0 celles dirig\u00e9es par l\u2019\u00e9tat, est le fait que les enfants re\u00e7oivent de l\u2019aide d\u2019un environnement qu\u2019ils connaissent, ce qui permet d\u2019\u00e9viter&nbsp; les perturbations et de limiter les dangers associ\u00e9s au fait d\u2019\u00eatre retir\u00e9 de son domicile. Ces interventions peuvent comporter&nbsp;:<\/p>\n\n\n\n<ol class=\"wp-block-list\">\n<li>Des programmes de visites \u00e0 domicile&nbsp;: pour conseiller les parents et chercher \u00e0 adresser d\u2019\u00e9ventuels probl\u00e8mes et vuln\u00e9rabilit\u00e9s avant qu\u2019ils ne surviennent (What Works for Children\u2019s Social Care, n,d).<\/li>\n<\/ol>\n\n\n\n<p class=\"wp-block-paragraph\">Des r\u00e9seaux d\u2019aide communautaire&nbsp;: les groupes de communaut\u00e9s et les r\u00e9seaux peuvent mobiliser plusieurs intervenants pour aider les parents \u00e0 prendre soin de leurs enfants. Ces groupes permettent aux parents de recevoir un soutien de personnes de confiance dans des environnements familiers, souvent avec moins de jugement et davantage de compr\u00e9hension.&nbsp;<\/p>\n\n\n\n<h3 class=\"wp-block-heading\">Les efforts pour assurer une l\u00e9gislation et une politique ad\u00e9quate<\/h3>\n\n\n\n<p class=\"wp-block-paragraph\">Les \u00c9tats doivent \u00e9galement veiller \u00e0 ce que la l\u00e9gislation et les politiques soient modernes, culturellement adapt\u00e9es, sensibles et conformes aux lignes directrices internationales. Le d\u00e9veloppement de la l\u00e9gislation pour emp\u00eacher la s\u00e9paration des familles a \u00e9t\u00e9 approuv\u00e9 en Roumanie, en mentionnant l\u2019importance des strat\u00e9gies incorpor\u00e9es pour combiner les services d\u2019aides pour les parents aupr\u00e8s des services sociaux importants (UNICEF, 2023).<\/p>\n\n\n\n<p class=\"wp-block-paragraph\">En compl\u00e9ment des lignes directrices internationales formelles, la communaut\u00e9 des ONG a fourni d\u2019importants efforts pour d\u00e9velopper des lignes directrices transversales dans la mise en \u0153uvre des principes relatifs \u00e0 la s\u00e9paration des familles. En 2022, une note d\u2019orientation cl\u00e9 a \u00e9t\u00e9 publi\u00e9e, en insistant sur le besoin de (The Alliance, 2023)&nbsp;:<\/p>\n\n\n\n<ol class=\"wp-block-list\">\n<li>Comprendre les mesures de pr\u00e9vention \u00e0 trois niveaux&nbsp;: premi\u00e8rement, en s\u2019attaquant aux causes profondes&nbsp; avant les abus ne surviennent\u2009; deuxi\u00e8mement, en r\u00e9pondant \u00e0 des risques sp\u00e9cifiques\u2009; et troisi\u00e8mement, en att\u00e9nuant les impacts sur le long terme des pr\u00e9judices.<\/li>\n\n\n\n<li>Assurer un cadre coh\u00e9rent pour la pr\u00e9vention du placement en protection alternative, permettant des actions adapt\u00e9es au contexte, un suivi continu du bien-\u00eatre des enfants, une appropriation par la&nbsp; communaut\u00e9 ainsi que des politiques centr\u00e9es sur l\u2019enfant.<\/li>\n\n\n\n<li>Contextualiser les efforts de pr\u00e9vention dans des contextes plus vastes&nbsp;: en notant les diff\u00e9rences, par exemple, entre les efforts n\u00e9cessaires dans les zones de conflit, dans des pays \u00e0 diff\u00e9rentes \u00e9tapes de d\u00e9veloppement et en prenant en consid\u00e9ration les normes socioculturelles, les limitations et les cons\u00e9quences.<\/li>\n<\/ol>\n\n\n\n<h2 class=\"wp-block-heading\"><strong>Actes cl\u00e9s internationaux et l\u00e9gaux<\/strong><\/h2>\n\n\n\n<figure class=\"wp-block-image size-large\"><img loading=\"lazy\" decoding=\"async\" width=\"1024\" height=\"576\" src=\"https:\/\/www.humanium.org\/fr\/wp-content\/uploads\/2025\/05\/shutterstock_1530934706-1024x576.jpg\" alt=\"\" class=\"wp-image-58458\" srcset=\"https:\/\/www.humanium.org\/fr\/wp-content\/uploads\/2025\/05\/shutterstock_1530934706-1024x576.jpg 1024w, https:\/\/www.humanium.org\/fr\/wp-content\/uploads\/2025\/05\/shutterstock_1530934706-300x169.jpg 300w, https:\/\/www.humanium.org\/fr\/wp-content\/uploads\/2025\/05\/shutterstock_1530934706-768x432.jpg 768w, https:\/\/www.humanium.org\/fr\/wp-content\/uploads\/2025\/05\/shutterstock_1530934706-1536x864.jpg 1536w, https:\/\/www.humanium.org\/fr\/wp-content\/uploads\/2025\/05\/shutterstock_1530934706-2048x1152.jpg 2048w, https:\/\/www.humanium.org\/fr\/wp-content\/uploads\/2025\/05\/shutterstock_1530934706-830x467.jpg 830w, https:\/\/www.humanium.org\/fr\/wp-content\/uploads\/2025\/05\/shutterstock_1530934706-230x129.jpg 230w, https:\/\/www.humanium.org\/fr\/wp-content\/uploads\/2025\/05\/shutterstock_1530934706-350x197.jpg 350w, https:\/\/www.humanium.org\/fr\/wp-content\/uploads\/2025\/05\/shutterstock_1530934706-480x270.jpg 480w\" sizes=\"auto, (max-width: 1024px) 100vw, 1024px\" \/><\/figure>\n\n\n\n<p class=\"wp-block-paragraph\">Ces conventions et lignes directrices fournissent un cadre qui rappelle que les \u00c9tats doivent investir dans les prises en charge dans les communaut\u00e9s centr\u00e9es sur les enfants et les familles, d\u00e9velopper et renforcer les lois concern\u00e9es, les politiques et programmes, et s\u2019attaquer aux causes profondes pour emp\u00eacher la s\u00e9paration inutile entre les enfants et leurs familles biologiques. Parmi certains de ces actes les plus importants, nous pouvons trouver&nbsp;:<\/p>\n\n\n\n<ul class=\"wp-block-list\">\n<li>Les Lignes directrices des Nations Unies relatives \u00e0 la protection de remplacement pour les enfants<\/li>\n\n\n\n<li><a href=\"https:\/\/www.humanium.org\/fr\/autres\/convention-protection-enfants-et-adoption-internationale\/\">La Convention de la Hague sur la protection des enfants et la coop\u00e9ration en mati\u00e8re d&rsquo;adoption internationale<\/a><\/li>\n\n\n\n<li><a href=\"https:\/\/www.humanium.org\/fr\/convention-droits-enfant-adaptee-aux-enfants-des-10-ans\/\">La Convention des Nations Unies relative aux droits de l\u2019enfant<\/a><\/li>\n\n\n\n<li><a href=\"https:\/\/www.humanium.org\/fr\/autres\/charte-africaine-droits-bien-etre-enfant\/\">La Charte africaine sur les droits et le&nbsp; bien-\u00eatre de l&rsquo;enfant<\/a><\/li>\n\n\n\n<li>La Convention des Nations Unies relative aux droits des personnes handicap\u00e9es<\/li>\n<\/ul>\n\n\n\n<p class=\"wp-block-paragraph\"><em><strong>Ecrit par Vanessa Cazarita Cordeiro<\/strong><\/em><\/p>\n\n\n\n<p class=\"wp-block-paragraph\"><em><strong>Relu par Aditi Partha<\/strong><\/em><\/p>\n\n\n\n<p class=\"wp-block-paragraph\"><em><strong>Traduit par Ruthy Gbogbu<\/strong><\/em><\/p>\n\n\n\n<p class=\"wp-block-paragraph\"><em><strong>Relu par J-Christophe Brunet<\/strong><\/em><\/p>\n\n\n\n<p class=\"wp-block-paragraph\"><em><strong>Derni\u00e8re modification le 28&nbsp;juillet 2024<\/strong><\/em><\/p>\n\n\n\n<h4 class=\"wp-block-heading\"><strong>R\u00e9f\u00e9rence&nbsp;:&nbsp;<\/strong><\/h4>\n\n\n\n<p class=\"has-small-font-size wp-block-paragraph\">Action for Children. (n,d). <a href=\"https:\/\/www.actionforchildren.org.uk\/our-work-and-impact\/children-and-families\/parenting-support\/\" target=\"_blank\" rel=\"noreferrer noopener\">\u201cParenting support.\u201d<\/a> Retrieved from Action for Children, accessed on 1 September 2024.&nbsp;<\/p>\n\n\n\n<p class=\"has-small-font-size wp-block-paragraph\">Barnardo\u2019s. (2024). <a href=\"https:\/\/www.barnardos.org.uk\/get-support\/support-for-young-people\/leaving-care\/young-person\/supported-lodgings\" target=\"_blank\" rel=\"noreferrer noopener\">\u201cSupported lodging for young people leaving care.\u201d<\/a> Retrieved from Barnardo\u2019s, accessed on 10 July 2024.&nbsp;<\/p>\n\n\n\n<p class=\"has-small-font-size wp-block-paragraph\">Barnardo\u2019s. (2024). <a href=\"https:\/\/www.barnardos.org.uk\/foster\/types-of-fostering\" target=\"_blank\" rel=\"noreferrer noopener\">\u201cTypes of foster care.\u201d<\/a> Retrieved from Barnardo\u2019s, accessed on 8 July 2024.&nbsp;<\/p>\n\n\n\n<p class=\"has-small-font-size wp-block-paragraph\">Bezeczky, Z., El-Banna, A., Petrou, S., et al. (2020, April). <a href=\"https:\/\/pubmed.ncbi.nlm.nih.gov\/32018213\/\" target=\"_blank\" rel=\"noreferrer noopener\">\u201cIntensive family preservation services to prevent out-of-home placement of children: A systemic review and meta-analysis.\u201d<\/a> Retrieved from National Library of Medicine, accessed on 2 September 2024.&nbsp;<\/p>\n\n\n\n<p class=\"has-small-font-size wp-block-paragraph\">Cappa, C., Petrowski, N., Deliege, A., Khan, M. (2021, March 1). <a href=\"https:\/\/www.tandfonline.com\/doi\/full\/10.1080\/17450128.2021.1996669\" target=\"_blank\" rel=\"noreferrer noopener\">\u201cMonitoring the situation of children living in residential care: data gaps and innovations.\u201d<\/a> Retrieved from Vulnerable Children and Youth Studies An International Interdisciplinary Journal for Research, Policy and Care, accessed on 8 July 2024.&nbsp;<\/p>\n\n\n\n<p class=\"has-small-font-size wp-block-paragraph\">Foster Care. (2024). \u201cReasons for a child to be taken into care.\u201d Retrieved from Foster Care, accessed on 19 July 2024.&nbsp;<\/p>\n\n\n\n<p class=\"has-small-font-size wp-block-paragraph\">FosterTalk. (n,d). <a href=\"https:\/\/fostertalk.org\/wp-content\/uploads\/2022\/02\/Fostering_Unaccompanied_Asylum_Seeking_Children_and_Young_People.pdf\" target=\"_blank\" rel=\"noreferrer noopener\">\u201cFostering unaccompanied asylum-seeking children and young people.\u201d<\/a> Retrieved from FosterTalk, accessed on 22 July 2024.&nbsp;<\/p>\n\n\n\n<p class=\"has-small-font-size wp-block-paragraph\">National Fostering Group. (2024). <a href=\"https:\/\/www.nfa.co.uk\/thinking-about-fostering\/types-of-foster-care\/emergency-foster-care\/\" target=\"_blank\" rel=\"noreferrer noopener\">\u201cTypes of foster care.\u201d<\/a> Retrieved from National Fostering Group, accessed on 10 July 2024.&nbsp;<\/p>\n\n\n\n<p class=\"has-small-font-size wp-block-paragraph\">National Children\u2019s Bureau. (n,d). <a href=\"https:\/\/www.ncb.org.uk\/what-we-do\/improving-practice\/developing-effective-social-care-services\/family-help-listing-0\" target=\"_blank\" rel=\"noreferrer noopener\">\u201cSupporting and strengthening families through early help \u2013 a rapid review of evidence.\u201d<\/a> Retrieved from National Children\u2019s Bureau, accessed on 1 September 2024.&nbsp;<\/p>\n\n\n\n<p class=\"has-small-font-size wp-block-paragraph\">PCIT International. (n,d). <a href=\"https:\/\/www.pcit.org\/what-is-pcit.html\" target=\"_blank\" rel=\"noreferrer noopener\">\u201cWhat is parent-child interaction therapy?\u201d<\/a> Retrieved from PCIT International, accessed on 1 September 2024.&nbsp;<\/p>\n\n\n\n<p class=\"has-small-font-size wp-block-paragraph\">The Alliance. (2022). <a href=\"https:\/\/alliancecpha.org\/sites\/default\/files\/news\/attachments\/Guidance%20Note%20-%20Primary%20Prevention%20of%20Family%20Separation_Final_Nov14.pdf\">\u201c<\/a><a href=\"https:\/\/alliancecpha.org\/sites\/default\/files\/news\/attachments\/Guidance%20Note%20-%20Primary%20Prevention%20of%20Family%20Separation_Final_Nov14.pdf\" target=\"_blank\" rel=\"noreferrer noopener\">Guidance<\/a><a href=\"https:\/\/alliancecpha.org\/sites\/default\/files\/news\/attachments\/Guidance%20Note%20-%20Primary%20Prevention%20of%20Family%20Separation_Final_Nov14.pdf\"> note: Primary prevention of family separation.\u201d<\/a> Retrieved from The Alliance for child protection in humanitarian action, accessed on 2 September 2024.&nbsp;<\/p>\n\n\n\n<p class=\"has-small-font-size wp-block-paragraph\">UN General Assembly. (2010, February 24). <a href=\"https:\/\/bettercarenetwork.org\/sites\/default\/files\/2021-03\/GuidelinesAlternativeCareofChildrenEnglish.pdf\" target=\"_blank\" rel=\"noreferrer noopener\">\u201cGuidelines for the Alternative Care of Children.\u201d<\/a> Retrieved from United Nations General Assembly, accessed on 17 July 2024.&nbsp;<\/p>\n\n\n\n<p class=\"has-small-font-size wp-block-paragraph\">UNICEF. (2022). \u201cSupporting foster care in Eastern and Southern Africa.\u201d Retrieved from UNICEF, accessed on 22 July 2024.&nbsp;<\/p>\n\n\n\n<p class=\"has-small-font-size wp-block-paragraph\">UNICEF. (2023, April 28). <a href=\"https:\/\/www.unicef.org\/romania\/press-releases\/unicefs-position-new-legislation-prevent-separation-children-their-families\" target=\"_blank\" rel=\"noreferrer noopener\">\u201cUNICEF\u2019s position on new legislation to prevent the separation of children from their families.\u201d<\/a> Retrieved from UNICEF, accessed on 2 September 2024.&nbsp;<\/p>\n\n\n\n<p class=\"has-small-font-size wp-block-paragraph\">UNICEF. (n,d). <a href=\"https:\/\/www.unicef.org\/eca\/media\/34291\/file\/Development%20of%20foster%20care%20in%20the%20Europe%20and%20Central%20Asia.pdf\" target=\"_blank\" rel=\"noreferrer noopener\">\u201cDevelopment of foster care in the Europe and Central Asia Region.\u201d<\/a> Retrieved from UNICEF, accessed on 8 July 2024.&nbsp;<\/p>\n\n\n\n<p class=\"has-small-font-size wp-block-paragraph\">Victim Support. (n,d). <a href=\"https:\/\/www.victimsupport.org.uk\/crime-info\/types-crime\/domestic-abuse\/#:~:text=Your%20IDVA%20will%20speak%20with,address%20your%20immediate%20safety%20needs.\" target=\"_blank\" rel=\"noreferrer noopener\">\u201cDomestic abuse.\u201d<\/a> Retrieved from Victim Support, accessed on 1 September 2024.&nbsp;<\/p>\n\n\n\n<p class=\"has-small-font-size wp-block-paragraph\">What works for children\u2019s social care. (n,d). \u201cHome visit programmes.\u201d Retrieved from What works for children\u2019s social care, accessed on 1 September 2024.&nbsp;<\/p>\n","protected":false},"excerpt":{"rendered":"<p>\u00c0 travers le monde, des enfants sont s\u00e9par\u00e9s de leurs familles et sont plac\u00e9s dans des syst\u00e8mes de protection de remplacement \u00e0 la suite de divers \u00e9v\u00e8nements d\u00e9stabilisants et perturbateurs. En r\u00e9ponse \u00e0 cette situation et conform\u00e9ment aux directives et r\u00e9gulations internationales, les institutions nationales ont mis en place plusieurs structures, tant formelles qu\u2019informelles, pour [&hellip;]<\/p>\n","protected":false},"author":69,"featured_media":58461,"parent":0,"menu_order":0,"comment_status":"closed","ping_status":"closed","template":"","meta":{"footnotes":""},"class_list":["post-58456","page","type-page","status-publish","has-post-thumbnail","hentry"],"yoast_head":"<!-- This site is optimized with the Yoast SEO plugin v28.3 - https:\/\/yoast.com\/product\/yoast-seo-wordpress\/ -->\n<title>Le placement d\u2019enfants (les enfants plac\u00e9s en famille d\u2019accueil) - Humanium<\/title>\n<meta name=\"description\" content=\"Dans le monde entier, des enfants sont s\u00e9par\u00e9s de leur famille en raison d&#039;un certain nombre d&#039;\u00e9v\u00e9nements d\u00e9stabilisants et perturbateurs.\" \/>\n<meta name=\"robots\" content=\"index, follow, max-snippet:-1, max-image-preview:large, max-video-preview:-1\" \/>\n<link rel=\"canonical\" href=\"https:\/\/www.humanium.org\/fr\/le-placement-denfants-les-enfants-places-en-famille-daccueil\/\" \/>\n<meta property=\"og:locale\" content=\"fr_FR\" \/>\n<meta property=\"og:type\" content=\"article\" \/>\n<meta property=\"og:title\" content=\"Le placement d\u2019enfants (les enfants plac\u00e9s en famille d\u2019accueil) - Humanium\" \/>\n<meta property=\"og:description\" content=\"Dans le monde entier, des enfants sont s\u00e9par\u00e9s de leur famille en raison d&#039;un certain nombre d&#039;\u00e9v\u00e9nements d\u00e9stabilisants et perturbateurs.\" \/>\n<meta property=\"og:url\" content=\"https:\/\/www.humanium.org\/fr\/le-placement-denfants-les-enfants-places-en-famille-daccueil\/\" \/>\n<meta property=\"og:site_name\" content=\"Humanium\" \/>\n<meta property=\"article:modified_time\" content=\"2025-12-06T15:34:08+00:00\" \/>\n<meta property=\"og:image\" content=\"https:\/\/www.humanium.org\/fr\/wp-content\/uploads\/2025\/05\/shutterstock_2500212333-scaled.jpg\" \/>\n\t<meta property=\"og:image:width\" content=\"2560\" \/>\n\t<meta property=\"og:image:height\" content=\"1709\" \/>\n\t<meta property=\"og:image:type\" content=\"image\/jpeg\" \/>\n<meta name=\"twitter:card\" content=\"summary_large_image\" \/>\n<meta name=\"twitter:label1\" content=\"Dur\u00e9e de lecture estim\u00e9e\" \/>\n\t<meta name=\"twitter:data1\" content=\"20 minutes\" \/>\n<script type=\"application\/ld+json\" class=\"yoast-schema-graph\">{\"@context\":\"https:\\\/\\\/schema.org\",\"@graph\":[{\"@type\":\"WebPage\",\"@id\":\"https:\\\/\\\/www.humanium.org\\\/fr\\\/le-placement-denfants-les-enfants-places-en-famille-daccueil\\\/\",\"url\":\"https:\\\/\\\/www.humanium.org\\\/fr\\\/le-placement-denfants-les-enfants-places-en-famille-daccueil\\\/\",\"name\":\"Le placement d\u2019enfants (les enfants plac\u00e9s en famille d\u2019accueil) - Humanium\",\"isPartOf\":{\"@id\":\"https:\\\/\\\/www.humanium.org\\\/fr\\\/#website\"},\"primaryImageOfPage\":{\"@id\":\"https:\\\/\\\/www.humanium.org\\\/fr\\\/le-placement-denfants-les-enfants-places-en-famille-daccueil\\\/#primaryimage\"},\"image\":{\"@id\":\"https:\\\/\\\/www.humanium.org\\\/fr\\\/le-placement-denfants-les-enfants-places-en-famille-daccueil\\\/#primaryimage\"},\"thumbnailUrl\":\"https:\\\/\\\/www.humanium.org\\\/fr\\\/wp-content\\\/uploads\\\/2025\\\/05\\\/shutterstock_2500212333-scaled.jpg\",\"datePublished\":\"2025-05-13T17:40:08+00:00\",\"dateModified\":\"2025-12-06T15:34:08+00:00\",\"description\":\"Dans le monde entier, des enfants sont s\u00e9par\u00e9s de leur famille en raison d'un certain nombre d'\u00e9v\u00e9nements d\u00e9stabilisants et perturbateurs.\",\"breadcrumb\":{\"@id\":\"https:\\\/\\\/www.humanium.org\\\/fr\\\/le-placement-denfants-les-enfants-places-en-famille-daccueil\\\/#breadcrumb\"},\"inLanguage\":\"fr-FR\",\"potentialAction\":[{\"@type\":\"ReadAction\",\"target\":[\"https:\\\/\\\/www.humanium.org\\\/fr\\\/le-placement-denfants-les-enfants-places-en-famille-daccueil\\\/\"]}]},{\"@type\":\"ImageObject\",\"inLanguage\":\"fr-FR\",\"@id\":\"https:\\\/\\\/www.humanium.org\\\/fr\\\/le-placement-denfants-les-enfants-places-en-famille-daccueil\\\/#primaryimage\",\"url\":\"https:\\\/\\\/www.humanium.org\\\/fr\\\/wp-content\\\/uploads\\\/2025\\\/05\\\/shutterstock_2500212333-scaled.jpg\",\"contentUrl\":\"https:\\\/\\\/www.humanium.org\\\/fr\\\/wp-content\\\/uploads\\\/2025\\\/05\\\/shutterstock_2500212333-scaled.jpg\",\"width\":2560,\"height\":1709},{\"@type\":\"BreadcrumbList\",\"@id\":\"https:\\\/\\\/www.humanium.org\\\/fr\\\/le-placement-denfants-les-enfants-places-en-famille-daccueil\\\/#breadcrumb\",\"itemListElement\":[{\"@type\":\"ListItem\",\"position\":1,\"name\":\"Home\",\"item\":\"https:\\\/\\\/www.humanium.org\\\/fr\\\/\"},{\"@type\":\"ListItem\",\"position\":2,\"name\":\"Le placement d\u2019enfants (les enfants plac\u00e9s en famille d\u2019accueil)\"}]},{\"@type\":\"WebSite\",\"@id\":\"https:\\\/\\\/www.humanium.org\\\/fr\\\/#website\",\"url\":\"https:\\\/\\\/www.humanium.org\\\/fr\\\/\",\"name\":\"Humanium\",\"description\":\"Les enfants d\u2019abord !\",\"potentialAction\":[{\"@type\":\"SearchAction\",\"target\":{\"@type\":\"EntryPoint\",\"urlTemplate\":\"https:\\\/\\\/www.humanium.org\\\/fr\\\/?s={search_term_string}\"},\"query-input\":{\"@type\":\"PropertyValueSpecification\",\"valueRequired\":true,\"valueName\":\"search_term_string\"}}],\"inLanguage\":\"fr-FR\"}]}<\/script>\n<!-- \/ Yoast SEO plugin. -->","yoast_head_json":{"title":"Le placement d\u2019enfants (les enfants plac\u00e9s en famille d\u2019accueil) - Humanium","description":"Dans le monde entier, des enfants sont s\u00e9par\u00e9s de leur famille en raison d'un certain nombre d'\u00e9v\u00e9nements d\u00e9stabilisants et perturbateurs.","robots":{"index":"index","follow":"follow","max-snippet":"max-snippet:-1","max-image-preview":"max-image-preview:large","max-video-preview":"max-video-preview:-1"},"canonical":"https:\/\/www.humanium.org\/fr\/le-placement-denfants-les-enfants-places-en-famille-daccueil\/","og_locale":"fr_FR","og_type":"article","og_title":"Le placement d\u2019enfants (les enfants plac\u00e9s en famille d\u2019accueil) - Humanium","og_description":"Dans le monde entier, des enfants sont s\u00e9par\u00e9s de leur famille en raison d'un certain nombre d'\u00e9v\u00e9nements d\u00e9stabilisants et perturbateurs.","og_url":"https:\/\/www.humanium.org\/fr\/le-placement-denfants-les-enfants-places-en-famille-daccueil\/","og_site_name":"Humanium","article_modified_time":"2025-12-06T15:34:08+00:00","og_image":[{"width":2560,"height":1709,"url":"https:\/\/www.humanium.org\/fr\/wp-content\/uploads\/2025\/05\/shutterstock_2500212333-scaled.jpg","type":"image\/jpeg"}],"twitter_card":"summary_large_image","twitter_misc":{"Dur\u00e9e de lecture estim\u00e9e":"20 minutes"},"schema":{"@context":"https:\/\/schema.org","@graph":[{"@type":"WebPage","@id":"https:\/\/www.humanium.org\/fr\/le-placement-denfants-les-enfants-places-en-famille-daccueil\/","url":"https:\/\/www.humanium.org\/fr\/le-placement-denfants-les-enfants-places-en-famille-daccueil\/","name":"Le placement d\u2019enfants (les enfants plac\u00e9s en famille d\u2019accueil) - Humanium","isPartOf":{"@id":"https:\/\/www.humanium.org\/fr\/#website"},"primaryImageOfPage":{"@id":"https:\/\/www.humanium.org\/fr\/le-placement-denfants-les-enfants-places-en-famille-daccueil\/#primaryimage"},"image":{"@id":"https:\/\/www.humanium.org\/fr\/le-placement-denfants-les-enfants-places-en-famille-daccueil\/#primaryimage"},"thumbnailUrl":"https:\/\/www.humanium.org\/fr\/wp-content\/uploads\/2025\/05\/shutterstock_2500212333-scaled.jpg","datePublished":"2025-05-13T17:40:08+00:00","dateModified":"2025-12-06T15:34:08+00:00","description":"Dans le monde entier, des enfants sont s\u00e9par\u00e9s de leur famille en raison d'un certain nombre d'\u00e9v\u00e9nements d\u00e9stabilisants et perturbateurs.","breadcrumb":{"@id":"https:\/\/www.humanium.org\/fr\/le-placement-denfants-les-enfants-places-en-famille-daccueil\/#breadcrumb"},"inLanguage":"fr-FR","potentialAction":[{"@type":"ReadAction","target":["https:\/\/www.humanium.org\/fr\/le-placement-denfants-les-enfants-places-en-famille-daccueil\/"]}]},{"@type":"ImageObject","inLanguage":"fr-FR","@id":"https:\/\/www.humanium.org\/fr\/le-placement-denfants-les-enfants-places-en-famille-daccueil\/#primaryimage","url":"https:\/\/www.humanium.org\/fr\/wp-content\/uploads\/2025\/05\/shutterstock_2500212333-scaled.jpg","contentUrl":"https:\/\/www.humanium.org\/fr\/wp-content\/uploads\/2025\/05\/shutterstock_2500212333-scaled.jpg","width":2560,"height":1709},{"@type":"BreadcrumbList","@id":"https:\/\/www.humanium.org\/fr\/le-placement-denfants-les-enfants-places-en-famille-daccueil\/#breadcrumb","itemListElement":[{"@type":"ListItem","position":1,"name":"Home","item":"https:\/\/www.humanium.org\/fr\/"},{"@type":"ListItem","position":2,"name":"Le placement d\u2019enfants (les enfants plac\u00e9s en famille d\u2019accueil)"}]},{"@type":"WebSite","@id":"https:\/\/www.humanium.org\/fr\/#website","url":"https:\/\/www.humanium.org\/fr\/","name":"Humanium","description":"Les enfants d\u2019abord !","potentialAction":[{"@type":"SearchAction","target":{"@type":"EntryPoint","urlTemplate":"https:\/\/www.humanium.org\/fr\/?s={search_term_string}"},"query-input":{"@type":"PropertyValueSpecification","valueRequired":true,"valueName":"search_term_string"}}],"inLanguage":"fr-FR"}]}},"_links":{"self":[{"href":"https:\/\/www.humanium.org\/fr\/wp-json\/wp\/v2\/pages\/58456","targetHints":{"allow":["GET"]}}],"collection":[{"href":"https:\/\/www.humanium.org\/fr\/wp-json\/wp\/v2\/pages"}],"about":[{"href":"https:\/\/www.humanium.org\/fr\/wp-json\/wp\/v2\/types\/page"}],"author":[{"embeddable":true,"href":"https:\/\/www.humanium.org\/fr\/wp-json\/wp\/v2\/users\/69"}],"replies":[{"embeddable":true,"href":"https:\/\/www.humanium.org\/fr\/wp-json\/wp\/v2\/comments?post=58456"}],"version-history":[{"count":5,"href":"https:\/\/www.humanium.org\/fr\/wp-json\/wp\/v2\/pages\/58456\/revisions"}],"predecessor-version":[{"id":60328,"href":"https:\/\/www.humanium.org\/fr\/wp-json\/wp\/v2\/pages\/58456\/revisions\/60328"}],"wp:featuredmedia":[{"embeddable":true,"href":"https:\/\/www.humanium.org\/fr\/wp-json\/wp\/v2\/media\/58461"}],"wp:attachment":[{"href":"https:\/\/www.humanium.org\/fr\/wp-json\/wp\/v2\/media?parent=58456"}],"curies":[{"name":"wp","href":"https:\/\/api.w.org\/{rel}","templated":true}]}}