{"id":59117,"date":"2025-10-25T17:44:33","date_gmt":"2025-10-25T17:44:33","guid":{"rendered":"https:\/\/www.humanium.org\/fr\/?page_id=59117"},"modified":"2025-10-26T11:18:26","modified_gmt":"2025-10-26T11:18:26","slug":"le-droit-de-vote-chez-les-enfants-et-les-jeunes","status":"publish","type":"page","link":"https:\/\/www.humanium.org\/fr\/le-droit-de-vote-chez-les-enfants-et-les-jeunes\/","title":{"rendered":"Le droit de vote chez les enfants et les jeunes"},"content":{"rendered":"\n<p class=\"wp-block-paragraph\"><strong>Les enfants sont g\u00e9n\u00e9ralement exclus du droit de vote, \u00e0 quelques exceptions pr\u00e8s, comme dans les pays o\u00f9 la majorit\u00e9 \u00e9lectorale est fix\u00e9e \u00e0 seize ans. La raison principale est la croyance que les enfants n&rsquo;ont pas les comp\u00e9tences n\u00e9cessaires pour prendre des d\u00e9cisions en connaissance de cause. Cependant, plusieurs \u00e9l\u00e9ments indiquent que l&rsquo;abaissement de la majorit\u00e9 \u00e9lectorale \u00e0 seize ans, voire \u00e0 six ans ou z\u00e9ro, pourrait \u00eatre b\u00e9n\u00e9fique non seulement pour les droits de l&rsquo;enfant, mais \u00e9galement pour la repr\u00e9sentation d\u00e9mocratique. Les \u00e9coles et les organismes de participation des jeunes, tels que les conseils nationaux de la jeunesse (CNJ), ont un impact significatif sur la participation politique des jeunes.<\/strong><\/p>\n\n\n\n<figure class=\"wp-block-image size-large\"><img loading=\"lazy\" decoding=\"async\" width=\"1024\" height=\"683\" src=\"https:\/\/www.humanium.org\/fr\/wp-content\/uploads\/2025\/10\/shutterstock_1556002430-1024x683.jpg\" alt=\"\" class=\"wp-image-59124\" srcset=\"https:\/\/www.humanium.org\/fr\/wp-content\/uploads\/2025\/10\/shutterstock_1556002430-1024x683.jpg 1024w, https:\/\/www.humanium.org\/fr\/wp-content\/uploads\/2025\/10\/shutterstock_1556002430-300x200.jpg 300w, https:\/\/www.humanium.org\/fr\/wp-content\/uploads\/2025\/10\/shutterstock_1556002430-768x512.jpg 768w, https:\/\/www.humanium.org\/fr\/wp-content\/uploads\/2025\/10\/shutterstock_1556002430-1536x1024.jpg 1536w, https:\/\/www.humanium.org\/fr\/wp-content\/uploads\/2025\/10\/shutterstock_1556002430-2048x1365.jpg 2048w, https:\/\/www.humanium.org\/fr\/wp-content\/uploads\/2025\/10\/shutterstock_1556002430-830x553.jpg 830w, https:\/\/www.humanium.org\/fr\/wp-content\/uploads\/2025\/10\/shutterstock_1556002430-230x153.jpg 230w, https:\/\/www.humanium.org\/fr\/wp-content\/uploads\/2025\/10\/shutterstock_1556002430-350x233.jpg 350w, https:\/\/www.humanium.org\/fr\/wp-content\/uploads\/2025\/10\/shutterstock_1556002430-480x320.jpg 480w, https:\/\/www.humanium.org\/fr\/wp-content\/uploads\/2025\/10\/shutterstock_1556002430-272x182.jpg 272w\" sizes=\"auto, (max-width: 1024px) 100vw, 1024px\" \/><\/figure>\n\n\n\n<h2 class=\"wp-block-heading\"><strong>Le droit de vote des enfants en tant que droit de citoyennet\u00e9<\/strong><\/h2>\n\n\n\n<p class=\"wp-block-paragraph\">Le droit de vote est un droit fondamental de la citoyennet\u00e9 qui devrait s&rsquo;\u00e9tendre \u00e0 tous les individus, y compris les enfants. Si les enfants sont affect\u00e9s par des d\u00e9cisions politiques, ils devraient avoir leur mot \u00e0 dire sur les personnes qui prennent ces d\u00e9cisions. Garantir l\u2019inclusion d\u00e9mocratique signifie entendre toutes les voix, et pas seulement celles des adultes (Runciman, 2021).<\/p>\n\n\n\n<p class=\"wp-block-paragraph\">L&rsquo;\u00e9mancipation des enfants n&rsquo;est pas seulement b\u00e9n\u00e9fique pour les droits de l\u2019enfant, elle est \u00e9galement bonne pour la repr\u00e9sentation d\u00e9mocratique. L&rsquo;un des principes de la d\u00e9mocratie veut que toutes les personnes concern\u00e9es par la d\u00e9cision collective aient leur mot \u00e0 dire et puissent faire entendre leur voix dans le processus (Van der Straeten, Runciman, 2023).<\/p>\n\n\n\n<p class=\"wp-block-paragraph\">Si l&rsquo;on affirme que les enfants ne partagent pas \u00e0 la vie de la communaut\u00e9 de la m\u00eame mani\u00e8re que les adultes, parce qu&rsquo;ils ne gagnent pas d&rsquo;argent, ne paient pas d&rsquo;imp\u00f4ts, ou n\u2019exercent pas de fonction publique, il est important de souligner que ces conditions pr\u00e9alables \u00e0 l&rsquo;\u00e9mancipation ont \u00e9t\u00e9 abandonn\u00e9es il y a&nbsp; longtemps.&nbsp;<\/p>\n\n\n\n<p class=\"wp-block-paragraph\">Aujourd&rsquo;hui, les adultes votent ind\u00e9pendamment du fait qu&rsquo;ils paient des imp\u00f4ts, qu&rsquo;ils contribuent aux services publics ou qu&rsquo;ils d\u00e9pendent de l&rsquo;aide de l&rsquo;\u00c9tat. Le droit de vote ne d\u00e9pend pas des contributions individuelles, mais est plut\u00f4t ancr\u00e9 dans les exp\u00e9riences partag\u00e9es qui nous lient en tant que membres de la soci\u00e9t\u00e9 (Runciman, 2021).<\/p>\n\n\n\n<h2 class=\"wp-block-heading\"><strong>La majorit\u00e9 \u00e9lectorale dans le monde<\/strong><\/h2>\n\n\n\n<p class=\"wp-block-paragraph\">Les enfants sont g\u00e9n\u00e9ralement exclus du droit de vote, au motif qu&rsquo;ils ne sont pas assez m\u00fbrs pour prendre des d\u00e9cisions raisonn\u00e9es et autonomes. Cependant, cette approche a \u00e9t\u00e9 remise en question ces derni\u00e8res ann\u00e9es et certains \u00c9tats reconnaissent aujourd&rsquo;hui le droit de vote aux personnes \u00e2g\u00e9es de moins de dix-huit ans (FRA, 2017).<\/p>\n\n\n\n<h3 class=\"wp-block-heading\"><strong>Majorit\u00e9 \u00e9lectorale \u00e0 seize ans<\/strong><\/h3>\n\n\n\n<p class=\"wp-block-paragraph\">Au <a href=\"https:\/\/www.humanium.org\/fr\/nicaragua\/#:~:text=En%202020%2C%20l'ouragan%20Eta,Costa%20Rica%20et%20le%20Belize.\">Nicaragua<\/a>, en \u00c9cosse, \u00e0 l&rsquo;\u00eele de Man, \u00e0 Guernesey, en <a href=\"https:\/\/www.humanium.org\/fr\/ethiopie\/#:~:text=La%20population%20de%20l'%C3%89thiopie,6%20%25%20de%20la%20population%20africaine.\">\u00c9thiopie<\/a>, en <a href=\"https:\/\/www.humanium.org\/fr\/equateur\/\">\u00c9quateur<\/a>, \u00e0 <a href=\"https:\/\/www.humanium.org\/fr\/cuba\/#:~:text=Selon%20le%20minist%C3%A8re%20de%20l,%C3%A9ducation%20de%20la%20petite%20enfance.\">Cuba<\/a>, au <a href=\"https:\/\/www.humanium.org\/fr\/bresil\/#:~:text=Depuis%20la%20pand%C3%A9mie%20de%20Covid,infantile%20%C3%A0%20travers%20le%20Br%C3%A9sil.\">Br\u00e9sil<\/a> et en <a href=\"https:\/\/www.humanium.org\/fr\/autriche\/#:~:text=Environ%20un%20enfant%20sur%20dix,d%C3%A9volu%20%C3%A0%20l'aide%20sociale.\">Autriche<\/a>, la majorit\u00e9 \u00e9lectorale&nbsp; l\u00e9gale est de seize ans. De plus, en <a href=\"https:\/\/www.humanium.org\/fr\/estonie\/#:~:text=En%20Estonie%2C%20plus%20d'un,les%20enfants%20en%20souffrent%20particuli%C3%A8rement.\">Estonie<\/a> et \u00e0 <a href=\"https:\/\/www.humanium.org\/fr\/malte\/#:~:text=La%20situation%20des%20enfants%20maltais,et%20le%20traitement%20des%20migrants.\">Malte<\/a>, les enfants ont le droit de voter aux \u00e9lections locales d\u00e8s l&rsquo;\u00e2ge de seize ans, et il en va de m\u00eame pour les \u00e9lections locales et r\u00e9gionales dans certaines r\u00e9gions <a href=\"https:\/\/www.humanium.org\/fr\/allemagne\/#:~:text=En%20Allemagne%2C%20on%20estime%20%C3%A0,famille%20%C3%A0%20revenus%20tr%C3%A8s%20modestes.\">d&rsquo;Allemagne<\/a> (L\u00e4nder) et du <a href=\"https:\/\/www.humanium.org\/fr\/royaume-uni\/#:~:text=Plus%20de%2020%20%25%20des%20jeunes,ou%20encore%20de%20groupes%20minoritaires.&amp;text=Au%20Royaume%2DUni%2C%20environ%20un,dix%20est%20victime%20d'abus.\">Royaume-Uni<\/a> (\u00c9cosse) (FRA, 2017). La <a href=\"https:\/\/www.humanium.org\/fr\/jeunes-citoyens-jeunes-electeurs-la-belgique-abaisse-lage-du-vote-a-16-ans-pour-les-elections-europeennes\/\">Belgique<\/a> a \u00e9t\u00e9 le dernier pays de l&rsquo;UE \u00e0 introduire une loi \u00e9tendant le droit de vote aux \u00e9lections europ\u00e9ennes aux jeunes de seize et dix-sept ans (Elections Europa, 2024).<\/p>\n\n\n\n<h3 class=\"wp-block-heading\"><strong>Majorit\u00e9 \u00e9lectorale \u00e0 dix-sept ans<\/strong><\/h3>\n\n\n\n<p class=\"wp-block-paragraph\">Les pays o\u00f9 la majorit\u00e9 \u00e9lectorale est fix\u00e9e \u00e0 dix-sept ans sont le <a href=\"https:\/\/www.humanium.org\/fr\/soudan\/#:~:text=Le%20Soudan%20en%20un%20coup%20d'%C5%93il&amp;text=L'%C3%A9valuation%20des%20droits%20des,%2C%20%C2%AB%20Child%20Protection%E2%80%9D).\">Soudan<\/a>, le <a href=\"https:\/\/www.humanium.org\/fr\/soudan-du-sud\/#:~:text=Le%20pays%20a%20l'un,pneumonie%20(UNICEF%2C%202020).\">Soudan du Sud<\/a>, la <a href=\"https:\/\/www.humanium.org\/fr\/coree-du-nord\/#:~:text=La%20situation%20des%20plus%20jeunes,un%20bon%20nombre%20d'enfants.&amp;text=Le%20taux%20de%20mortalit%C3%A9%20infantile,%E2%80%B0%20en%20Cor%C3%A9e%20du%20Nord.\">Cor\u00e9e du Nord<\/a>, l&rsquo;Indon\u00e9sie, la <a href=\"https:\/\/www.humanium.org\/fr\/grece\/#:~:text=En%20Gr%C3%A8ce%2C%20les%20enfants%20sont,la%20p%C3%A9dophilie%20comme%20un%20handicap.&amp;text=De%20mani%C3%A8re%20g%C3%A9n%C3%A9rale%2C%20la%20Constitution%20grecque%20interdit%20le%20travail%20forc%C3%A9.\">Gr\u00e8ce<\/a> et le <a href=\"https:\/\/www.humanium.org\/fr\/timor-oriental\/#:~:text=Quarante%2Dsix%20pourcent%20des%20Est,moins%20de%202%24%20par%20jour.\">Timor oriental<\/a>. M\u00eame si la majorit\u00e9 \u00e9lectorale est de dix-sept ans en <a href=\"https:\/\/www.humanium.org\/fr\/indonesie\/\">Indon\u00e9sie<\/a>, les personnes mari\u00e9es sont tenues de voter quel que soit leur \u00e2ge (WorldAtlas, n.d.).<\/p>\n\n\n\n<h3 class=\"wp-block-heading\"><strong>Majorit\u00e9 \u00e9lectorale \u00e0 dix-huit ans<\/strong><\/h3>\n\n\n\n<p class=\"wp-block-paragraph\">Dans la plupart des pays, la majorit\u00e9 \u00e9lectorale est fix\u00e9e \u00e0 dix-huit ans. Plus de cent pays font partie de cette cat\u00e9gorie, dont l&rsquo;<a href=\"https:\/\/www.humanium.org\/fr\/afghanistan\/\">Afghanistan<\/a>, la Chine, l&rsquo;Australie, les Bahamas, la Belgique, le Botswana, le Canada, les Comores, le Danemark, l&rsquo;\u00c9gypte, la Finlande, la France, la G\u00e9orgie, l&rsquo;Allemagne, le Guatemala, l&rsquo;Isra\u00ebl, la Jama\u00efque, la Jordanie, le Liban, les \u00celes Marshall, la <a href=\"https:\/\/www.humanium.org\/fr\/macedoine\/#:~:text=Les%20enfants%20sont%20%C3%A9galement%20parfois,d'une%20protection%20sociale%20particuli%C3%A8re.\">Mac\u00e9doine<\/a>, la Mauritanie, le Kenya, la Mongolie, les Philippines, Sainte-H\u00e9l\u00e8ne, la <a href=\"https:\/\/www.humanium.org\/fr\/tanzanie\/#:~:text=Avec%20une%20moyenne%20d'%C3%A2ge,le%20droit%20%C3%A0%20l'%C3%A9ducation.\">Tanzanie<\/a>, les \u00c9tats-Unis, le Y\u00e9men, le Zimbabwe, le Japon, l&rsquo;Italie et bien d&rsquo;autres (WorldAtlas, n.d.).&nbsp;<\/p>\n\n\n\n<h3 class=\"wp-block-heading\"><strong>Majorit\u00e9 \u00e9lectorale \u00e0 dix-neuf ans<\/strong><\/h3>\n\n\n\n<p class=\"wp-block-paragraph\"><a href=\"https:\/\/www.humanium.org\/fr\/coree-du-sud\/#:~:text=Le%20syst%C3%A8me%20%C3%A9ducatif%2C%20en%20Cor%C3%A9e,mettent%20fin%20%C3%A0%20leur%20vie.\">La Cor\u00e9e du Sud<\/a> est le seul pays dans lequel la majorit\u00e9 \u00e9lectorale est fix\u00e9e \u00e0 dix-neuf ans (WorldAtlas, n.d.).<\/p>\n\n\n\n<h3 class=\"wp-block-heading\"><strong>Majorit\u00e9 \u00e9lectorale \u00e0 vingt ans ou plus<\/strong><\/h3>\n\n\n\n<p class=\"wp-block-paragraph\">Les pays dont la majorit\u00e9 \u00e9lectorale est de vingt ans sont <a href=\"https:\/\/www.humanium.org\/fr\/nauru\/#:~:text=Droit%20%C3%A0%20l'identit%C3%A9,enregistr%C3%A9%20en%20tant%20que%20Nauruan.\">Nauru<\/a>, Ta\u00efwan et <a href=\"https:\/\/www.humanium.org\/fr\/bahrein\/\">Bahre\u00efn<\/a>. En revanche, les \u00c9tats o\u00f9 l\u2019on peut voter \u00e0 partir de 21 ans sont Oman, Samoa, Tokelau, Tonga, Singapour, la Malaisie, le Kowe\u00eft,&nbsp; Jersey et le Cameroun. Les <a href=\"https:\/\/www.humanium.org\/fr\/emirats-arabes-unis\/\">\u00c9mirats arabes unis<\/a> d\u00e9tiennent l&rsquo;\u00e2ge l\u00e9gal de vote le plus \u00e9lev\u00e9 au monde. Les citoyens ne peuvent voter que lorsqu&rsquo;ils atteignent l&rsquo;\u00e2ge de 25 ans (WorldAtlas, n.d.). L&rsquo;Italie a fix\u00e9 \u00e0 25 ans l&rsquo;\u00e2ge requis pour voter au S\u00e9nat (FRA, 2017).<\/p>\n\n\n\n<h2 class=\"wp-block-heading\"><strong>Les arguments en faveur de l&rsquo;abaissement de la majorit\u00e9 \u00e9lectorale&nbsp;<\/strong><\/h2>\n\n\n\n<p class=\"wp-block-paragraph\">Les opposants \u00e0 cette id\u00e9e affirment que les enfants n&rsquo;ont pas les comp\u00e9tences n\u00e9cessaires pour prendre des d\u00e9cisions \u00e9clair\u00e9es, mais de nombreux adultes ont \u00e9galement du mal \u00e0 comprendre la complexit\u00e9 de la politique, ce qui rend incoh\u00e9rent le fait de fixer des normes plus \u00e9lev\u00e9es pour les enfants (Van der Straeten, Runciman, 2023).&nbsp;<\/p>\n\n\n\n<figure class=\"wp-block-image size-large\"><img loading=\"lazy\" decoding=\"async\" width=\"1024\" height=\"683\" src=\"https:\/\/www.humanium.org\/fr\/wp-content\/uploads\/2025\/10\/shutterstock_205240237-1024x683.jpg\" alt=\"\" class=\"wp-image-59123\" srcset=\"https:\/\/www.humanium.org\/fr\/wp-content\/uploads\/2025\/10\/shutterstock_205240237-1024x683.jpg 1024w, https:\/\/www.humanium.org\/fr\/wp-content\/uploads\/2025\/10\/shutterstock_205240237-300x200.jpg 300w, https:\/\/www.humanium.org\/fr\/wp-content\/uploads\/2025\/10\/shutterstock_205240237-768x512.jpg 768w, https:\/\/www.humanium.org\/fr\/wp-content\/uploads\/2025\/10\/shutterstock_205240237-1536x1024.jpg 1536w, https:\/\/www.humanium.org\/fr\/wp-content\/uploads\/2025\/10\/shutterstock_205240237-2048x1365.jpg 2048w, https:\/\/www.humanium.org\/fr\/wp-content\/uploads\/2025\/10\/shutterstock_205240237-830x553.jpg 830w, https:\/\/www.humanium.org\/fr\/wp-content\/uploads\/2025\/10\/shutterstock_205240237-230x153.jpg 230w, https:\/\/www.humanium.org\/fr\/wp-content\/uploads\/2025\/10\/shutterstock_205240237-350x233.jpg 350w, https:\/\/www.humanium.org\/fr\/wp-content\/uploads\/2025\/10\/shutterstock_205240237-480x320.jpg 480w, https:\/\/www.humanium.org\/fr\/wp-content\/uploads\/2025\/10\/shutterstock_205240237-272x182.jpg 272w\" sizes=\"auto, (max-width: 1024px) 100vw, 1024px\" \/><\/figure>\n\n\n\n<p class=\"wp-block-paragraph\">Le vote est li\u00e9 \u00e0 des responsabilit\u00e9s telles que le paiement d&rsquo;imp\u00f4ts, l&rsquo;exercice d&rsquo;une fonction et la participation \u00e0 des jurys, des droits dont les enfants sont exclus bien qu&rsquo;ils soient soumis \u00e0 des lois (Van der Straeten, Runciman, 2023). Contrairement \u00e0 l&rsquo;\u00e9mancipation des femmes, l&rsquo;objectif n&rsquo;est pas que les enfants exercent des fonctions, mais qu&rsquo;ils puissent faire entendre leur voix (Van der Straeten, Runciman, 2023).<\/p>\n\n\n\n<p class=\"wp-block-paragraph\">Les recherches men\u00e9es par Mark Franklin soulignent que la premi\u00e8re exp\u00e9rience de vote d&rsquo;un individu influence son engagement futur, ce qui rend le vote \u00e0 un jeune \u00e2ge essentiel pour favoriser la participation civique \u00e0 long terme. Selon lui, les adolescents \u00e2g\u00e9s de quinze ou seize ans sont mieux plac\u00e9s pour voter que les adolescents plus \u00e2g\u00e9s, car ils sont davantage ancr\u00e9s dans des r\u00e9seaux de soutien et des environnements structur\u00e9s comme l&rsquo;\u00e9cole (Van der Straeten, Runciman, 2023).<\/p>\n\n\n\n<p class=\"wp-block-paragraph\">De plus, des \u00e9tudes montrent que les enfants se pr\u00e9occupent davantage des questions environnementales qui les touchent plus directement, comme les cons\u00e9quences de la mode rapide (Runciman, 2021). Les jeunes s&rsquo;engagent activement dans des initiatives et des manifestations pour le climat, plaidant pour des changements de politique, des changements dans les habitudes de consommation et des solutions plus vertes. Les inclure dans le discours politique garantirait que leurs priorit\u00e9s sont repr\u00e9sent\u00e9es dans la soci\u00e9t\u00e9, renfor\u00e7ant ainsi la d\u00e9mocratie.<\/p>\n\n\n\n<h2 class=\"wp-block-heading\"><strong>Voter \u00e0 l&rsquo;\u00e2ge de six ans ou m\u00eame z\u00e9ro ?<\/strong><\/h2>\n\n\n\n<p class=\"wp-block-paragraph\">David Runciman, professeur de politique \u00e0 l&rsquo;universit\u00e9 de Cambridge, plaide pour l&rsquo;abaissement de la majorit\u00e9 \u00e9lectorale \u00e0 six ans. Selon lui, six est un beau chiffre rond qui correspond \u00e0 l&rsquo;\u00e2ge auquel les enfants commencent l&rsquo;\u00e9cole. Il ne s&rsquo;agit pas d&rsquo;un \u00e2ge de comp\u00e9tence, mais plut\u00f4t d&rsquo;une capacit\u00e9 \u00e0 rejoindre l&rsquo;\u00e9cole, qu&rsquo;il consid\u00e8re comme le seuil minimal \u00e0 atteindre (Van der Straeten, Runciman, 2023).<\/p>\n\n\n\n<blockquote class=\"wp-block-quote is-layout-flow wp-block-quote-is-layout-flow\">\n<p class=\"wp-block-paragraph\">\u00ab&nbsp;Je viens de passer les derniers mois \u00e0 travailler dans une \u00e9cole primaire \u00e0 Cambridge avec des enfants, discutant avec eux non pas de citoyennet\u00e9 ou d\u2019autres choses de ce genre, mais simplement de leur attitude face au fait qu&rsquo;ils n&rsquo;ont pas le droit de voter. Ce que j&rsquo;ai surtout retenu, c&rsquo;est que l&rsquo;\u00e9cole est en fait un endroit id\u00e9al pour int\u00e9resser les enfants, m\u00eame ceux de six ans, \u00e0 la politique d\u00e9mocratique. C&rsquo;est un endroit s\u00fbr, c&rsquo;est une exp\u00e9rience vivante et amicale pour les enfants (&#8230;). Les enseignants et l&rsquo;\u00e9ducation repr\u00e9sentent un bon cadre pour la politique d\u00e9mocratique.\u00bb<\/p>\n\n\n\n<p class=\"wp-block-paragraph\"><em>&#8211; David Runciman (Van der Straeten, Runciman, 2023).&nbsp;<\/em><\/p>\n<\/blockquote>\n\n\n\n<p class=\"wp-block-paragraph\">Jonathan Bernstein, politologue, a propos\u00e9 une autre option : abaisser la majorit\u00e9 \u00e9lectorale \u00e0 z\u00e9ro et consid\u00e9rer le droit de vote comme un droit de l&rsquo;homme ou un droit de <a href=\"https:\/\/www.humanium.org\/fr\/les-droits-de-l-enfant\/\">naissance<\/a>. Cependant, cela serait extr\u00eamement compliqu\u00e9, car les tr\u00e8s jeunes enfants n&rsquo;ont ni la comp\u00e9tence ni la capacit\u00e9 physique d&rsquo;exprimer leur vote. Dans ce cas, ce serait aux parents de voter pour eux, ce qui impliquerait l&rsquo;utilisation de syst\u00e8mes de procuration pour filtrer le droit de vote (Van der Straeten, Runciman, 2023).<\/p>\n\n\n\n<p class=\"wp-block-paragraph\">De plus, la plus grande question qui se pose est que permettre \u00e0 un parent de voter pour son enfant va \u00e0 l&rsquo;encontre du principe \u00ab&nbsp;une personne, une voix&nbsp;\u00bb (Crippes, 2011). Par cons\u00e9quent, m\u00eame si le droit de vote est consid\u00e9r\u00e9 comme un droit fondamental, ses implications pratiques emp\u00eachent de le consid\u00e9rer comme un droit inh\u00e9rent \u00e0 la naissance. Cet aspect exige des gouvernements qu&rsquo;ils fixent un \u00e2ge minimum pour exercer le droit de vote, li\u00e9 \u00e0 un ensemble minimum de comp\u00e9tences et de connaissances que les enfants devraient avoir pour exprimer leur point de vue.&nbsp;<\/p>\n\n\n\n<h2 class=\"wp-block-heading\"><strong>Les cons\u00e9quences de l&rsquo;abaissement de la majorit\u00e9 \u00e9lectorale<\/strong><\/h2>\n\n\n\n<p class=\"wp-block-paragraph\">Les donn\u00e9es disponibles sur les cons\u00e9quences de l&rsquo;abaissement de la majorit\u00e9 \u00e9lectorale \u00e0 16 ans sont limit\u00e9es, car peu de cycles \u00e9lectoraux se sont \u00e9coul\u00e9s depuis que les pays ont adopt\u00e9 cette approche. Toutefois, les premi\u00e8res donn\u00e9es disponibles sont assez coh\u00e9rentes.<\/p>\n\n\n\n<p class=\"wp-block-paragraph\">Des \u00e9tudes portant sur les \u00e9lections municipales aux <a href=\"https:\/\/www.humanium.org\/fr\/etats-unis\/#:~:text=Les%20chiffres%20de%202021%20indiquent,de%20revenu%20et%20de%20richesse.\">\u00c9tats-Unis<\/a> et les \u00e9lections nationales en Autriche montrent que les jeunes de seize et dix-sept ans participent activement \u00e0 la vie politique et que le fait de voter \u00e0 un jeune \u00e2ge pr\u00e9coce cr\u00e9e une routine \u00e9lectorale. Socialis\u00e9s dans une culture de participation politique, les \u00e9lecteurs de seize ou dix-sept ans peuvent devenir plus actifs politiquement plus tard que ceux qui ne votent pas avant l&rsquo;\u00e2ge de dix-huit ou dix-neuf ans (The Body Shop, 2022).&nbsp;<\/p>\n\n\n\n<p class=\"wp-block-paragraph\">En <a href=\"https:\/\/www.humanium.org\/fr\/autriche\/\">Autriche<\/a>, l&rsquo;un des premiers pays \u00e0 avoir abaiss\u00e9 la majorit\u00e9 \u00e9lectorale en 2007, le taux de participation des jeunes a augment\u00e9. Cette tendance s&rsquo;accompagne d&rsquo;une confiance croissante dans les processus d\u00e9mocratiques. Les habitudes de vote des moins de dix-huit ans s&rsquo;alignent d\u00e9sormais sur celles des personnes plus \u00e2g\u00e9es. Cela indique que les jeunes ont la volont\u00e9, les connaissances et la capacit\u00e9 de s&rsquo;engager dans des choix politiques difficiles, et que l&rsquo;abaissement de la majorit\u00e9 \u00e9lectorale n\u2019est pas li\u00e9 \u00e0 la politique d&rsquo;un parti sp\u00e9cifique (The Body Shop, 2022).<\/p>\n\n\n\n<p class=\"wp-block-paragraph\">Il existe \u00e9galement un risque li\u00e9 au fait que les jeunes sont susceptibles d&rsquo;\u00eatre facilement manipul\u00e9s par des adultes, tels que des politiciens ou leurs parents. Cependant, les faits confirment que les jeunes sont enthousiastes et int\u00e9ress\u00e9s par le monde dans lequel ils vivent, et que l&rsquo;abaissement de la majorit\u00e9 \u00e9lectorale soutiendra davantage leur participation active. L&rsquo;\u00e9largissement du corps \u00e9lectoral aux jeunes de plus de seize ans rendra la prise de d\u00e9cisions politiques plus justes, plus inclusives et plus repr\u00e9sentatives de l&rsquo;ensemble de la population.<\/p>\n\n\n\n<h2 class=\"wp-block-heading\"><strong>Par o\u00f9 commencer ? Le r\u00f4le des \u00e9coles<\/strong><\/h2>\n\n\n\n<p class=\"wp-block-paragraph\">Les enfants ne sont pas \u00e0 l\u2019abri de la politique. Bien qu&rsquo;elle doive \u00eatre tenue \u00e0 l&rsquo;\u00e9cart des \u00e9coles, l\u2019environnement dans lequel vivent les enfants est constitu\u00e9 de mod\u00e8les adultes qui discutent et vivent des cons\u00e9quences de la politique. Il est donc impossible de tenir les enfants \u00e0 l\u2019\u00e9cart de la politique, mais il est important de leur donner les outils n\u00e9cessaires pour naviguer dans cet aspect de la vie. L&rsquo;introduction de la politique dans les \u00e9coles n&rsquo;aggraverait pas la situation des \u00e9coles, au contraire, elle am\u00e9liorerait la politique, car la protection des enfants est s\u00e9rieusement prise en compte dans ces contextes (Runciman, 2021). <\/p>\n\n\n\n<figure class=\"wp-block-image size-large\"><img loading=\"lazy\" decoding=\"async\" width=\"1024\" height=\"683\" src=\"https:\/\/www.humanium.org\/fr\/wp-content\/uploads\/2025\/10\/shutterstock_452922787-1024x683.jpg\" alt=\"\" class=\"wp-image-59119\" srcset=\"https:\/\/www.humanium.org\/fr\/wp-content\/uploads\/2025\/10\/shutterstock_452922787-1024x683.jpg 1024w, https:\/\/www.humanium.org\/fr\/wp-content\/uploads\/2025\/10\/shutterstock_452922787-300x200.jpg 300w, https:\/\/www.humanium.org\/fr\/wp-content\/uploads\/2025\/10\/shutterstock_452922787-768x512.jpg 768w, https:\/\/www.humanium.org\/fr\/wp-content\/uploads\/2025\/10\/shutterstock_452922787-1536x1024.jpg 1536w, https:\/\/www.humanium.org\/fr\/wp-content\/uploads\/2025\/10\/shutterstock_452922787-2048x1365.jpg 2048w, https:\/\/www.humanium.org\/fr\/wp-content\/uploads\/2025\/10\/shutterstock_452922787-830x553.jpg 830w, https:\/\/www.humanium.org\/fr\/wp-content\/uploads\/2025\/10\/shutterstock_452922787-230x153.jpg 230w, https:\/\/www.humanium.org\/fr\/wp-content\/uploads\/2025\/10\/shutterstock_452922787-350x233.jpg 350w, https:\/\/www.humanium.org\/fr\/wp-content\/uploads\/2025\/10\/shutterstock_452922787-480x320.jpg 480w, https:\/\/www.humanium.org\/fr\/wp-content\/uploads\/2025\/10\/shutterstock_452922787-272x182.jpg 272w\" sizes=\"auto, (max-width: 1024px) 100vw, 1024px\" \/><\/figure>\n\n\n\n<p class=\"wp-block-paragraph\">L&rsquo;environnement <a href=\"https:\/\/www.humanium.org\/fr\/comprendre-droits-enfant\/droit-a-l-education\/#:~:text=L'%C3%A9ducation%20doit%20%C3%AAtre%20accessible,de%20se%20construire%20un%20avenir.\">scolaire<\/a> est un lieu s\u00fbr o\u00f9 les enfants peuvent exprimer leurs points de vue et leurs opinions en toute s\u00e9curit\u00e9 et d\u00e9velopper des comp\u00e9tences et des connaissances en fonction de leur \u00e2ge et de leurs capacit\u00e9s. Il est important de leur donner l&rsquo;occasion de parler davantage de politique et de se forger une opinion ind\u00e9pendante. Pour cela, il faudrait changer radicalement le syst\u00e8me d&rsquo;enseignement, car dans de nombreux pays, dont la France, les enseignants ne sont pas autoris\u00e9s \u00e0 parler de politique en classe (Van der Straeten, Runciman, 2023).<\/p>\n\n\n\n<p class=\"wp-block-paragraph\">L&rsquo;\u00e9ducation civique est un moyen important de faciliter la connaissance du fonctionnement des institutions publiques. Si l&rsquo;on attend des jeunes qu&rsquo;ils s&rsquo;engagent politiquement, il est essentiel qu&rsquo;ils re\u00e7oivent tout le soutien dont ils ont besoin.&nbsp;<\/p>\n\n\n\n<p class=\"wp-block-paragraph\">Une \u00e9tude r\u00e9cente sur la baisse de l&rsquo;engagement politique aux \u00c9tats-Unis montre que les \u00e9coles ont une influence significative pour faciliter l&rsquo;acquisition de connaissances pertinentes gr\u00e2ce \u00e0 des cours d&rsquo;\u00e9ducation civique qui expliquent le fonctionnement des institutions publiques en ancrant les valeurs et les principes d\u00e9mocratiques chez les jeunes d\u00e8s le plus jeune \u00e2ge (The Body Shop, 2022).<\/p>\n\n\n\n<p class=\"wp-block-paragraph\">Cependant, tout le monde n&rsquo;a pas acc\u00e8s aux m\u00eames opportunit\u00e9s, ce qui place les jeunes d\u00e9j\u00e0 marginalis\u00e9s dans une situation plus d\u00e9savantageuse. Cela concerne les jeunes femmes et les <a href=\"https:\/\/www.humanium.org\/fr\/droits-des-filles\/#:~:text=Les%20filles%20ont%20autant%20le,la%20protection%20sont%20ouvertement%20bafou%C3%A9s.\">filles<\/a>, les jeunes porteurs d\u2019un <a href=\"https:\/\/www.humanium.org\/fr\/enfants-handicapes\/\">handicap<\/a>, les jeunes autochtones et ceux qui vivent dans des <a href=\"https:\/\/www.humanium.org\/fr\/les-enfants-des-zones-rurales\/#:~:text=Le%20travail%20des%20enfants%20est,(23%2C3%20%25).\">zones rurales<\/a> ou des territoires touch\u00e9s par des crises (The Body Shop, 2022).<\/p>\n\n\n\n<h2 class=\"wp-block-heading\"><strong>Participation significative des jeunes \u00e0 tous les niveaux&nbsp;<\/strong><\/h2>\n\n\n\n<p class=\"wp-block-paragraph\">Aujourd&rsquo;hui, les d\u00e9cisions qui affectent la vie des jeunes sont prises au niveau local, national et mondial. La mise en place de m\u00e9canismes ind\u00e9pendants et durables de participation des jeunes, fond\u00e9s sur des questions pr\u00e9cises, peut avoir une influence positive sur la participation \u00e9lectorale des jeunes en g\u00e9n\u00e9ral et contribuer \u00e0 lever les obstacles auxquels se heurtent les jeunes candidats \u00e0 la politique (The Body Shop, 2022).<\/p>\n\n\n\n<h3 class=\"wp-block-heading\"><strong>Niveaux local et national<\/strong><\/h3>\n\n\n\n<p class=\"wp-block-paragraph\"><a href=\"https:\/\/www.humanium.org\/fr\/le-cycle-vertueux-de-la-participation-effective-de-lenfant\/\">Les conseils nationaux de jeunesse<\/a> (CNJ) ont un impact significatif en facilitant la participation politique des jeunes au niveau national, en servant de lien entre les&nbsp; jeunes et les responsables politiques. Compos\u00e9s principalement d&rsquo;organisations de jeunesse, de syndicats \u00e9tudiants et de parlements nationaux de jeunes, ces conseils sont parfois officiellement reconnus par le gouvernement national comme l&rsquo;un des principaux moyens d&rsquo;int\u00e9grer le point de vue des jeunes dans les d\u00e9cisions gouvernementales importantes.&nbsp;<\/p>\n\n\n\n<p class=\"wp-block-paragraph\">Dans certains cas, les responsables politiques pr\u00e9f\u00e8rent travailler avec les repr\u00e9sentants des jeunes des CNJ, en raison de leur l\u00e9gitimit\u00e9 et de leur caract\u00e8re repr\u00e9sentatif. Ils ne repr\u00e9sentent non seulement les jeunes, mais \u00e9galement les organisations de jeunesse (The Body Shop, 2022).<\/p>\n\n\n\n<p class=\"wp-block-paragraph\">Il est important de ne pas n\u00e9gliger le niveau local lorsqu&rsquo;on cherche \u00e0 augmenter la participation des jeunes dans la prise de d\u00e9cisions politiques. Tout comme au niveau national, la participation locale des jeunes dans ce domaine peut \u00eatre diverse, refl\u00e9tant les probl\u00e8mes locaux, les m\u00e9canismes de participation et l&rsquo;acc\u00e8s aux ressources (The Body Shop, 2022).<\/p>\n\n\n\n<h3 class=\"wp-block-heading\"><strong>Niveau international<\/strong><\/h3>\n\n\n\n<p class=\"wp-block-paragraph\">La participation politique des jeunes ne se limite pas aux fronti\u00e8res nationales. Les institutions internationales et intergouvernementales, telles que les Nations unies (ONU), le <a href=\"https:\/\/www.humanium.org\/fr\/recommandation-sur-la-situation-des-roms-en-matiere-de-participation-des-jeunes-un-pas-en-avant-pour-la-jeunesse-et-les-enfants-de-la-communaute-roms\/#:~:text=Le%205%20avril%202023%2C%20le,d%C3%A9cisionnels%2C%20et%20de%20lutter%20contre\">Conseil de l&rsquo;Europe<\/a>, l&rsquo;Organisation de coop\u00e9ration et de d\u00e9veloppement \u00e9conomiques (OCDE) et l&rsquo;Union europ\u00e9enne, entre autres, prennent des d\u00e9cisions qui peuvent, dans des circonstances id\u00e9ales, influencer la vie des jeunes. Mais pour les jeunes, participer \u00e0 ces forums peut s&rsquo;av\u00e9rer beaucoup plus complexe que de participer pr\u00e8s de chez eux (The Body Shop, 2022).<\/p>\n\n\n\n<p class=\"wp-block-paragraph\">Les organisations et mouvements internationaux de jeunesse, tels que les Scouts, le Mouvement international de la Croix-Rouge et du Croissant-Rouge, le Forum europ\u00e9en de la jeunesse, la gr\u00e8ve \u00e9tudiante pour le climat, la R\u00e9union internationale de coordination des organisations des jeunes (ICMYO), et bien d&rsquo;autres, soutiennent la participation en servant d&rsquo;interm\u00e9diaires entre les jeunes et ces institutions.<\/p>\n\n\n\n<p class=\"wp-block-paragraph\">Les branches nationales de ces organisations contribuent \u00e9galement \u00e0 r\u00e9duire l&rsquo;\u00e9cart entre les niveaux local et international. De plus, elles sont bien \u00e9quip\u00e9es pour fournir aux jeunes les connaissances et le soutien n\u00e9cessaires pour participer \u00e0 des institutions politiques internationales complexes et potentiellement intimidantes (The Body Shop, 2022).<\/p>\n\n\n\n<h2 class=\"wp-block-heading\"><strong>Les mesures \u00e0 prendre pour que les enfants soient entendus dans la politique<\/strong><\/h2>\n\n\n\n<p class=\"wp-block-paragraph\">Pour faire progresser les droits et les besoins des jeunes et s&rsquo;assurer qu&rsquo;ils soient entendus de mani\u00e8re significative dans la vie publique et dans la prise de d\u00e9cision, il convient de soutenir les efforts visant \u00e0 promouvoir les changements de politique et de l\u00e9gislation (The Body Shop, 2022).<\/p>\n\n\n\n<figure class=\"wp-block-image size-large\"><img loading=\"lazy\" decoding=\"async\" width=\"1024\" height=\"683\" src=\"https:\/\/www.humanium.org\/fr\/wp-content\/uploads\/2025\/10\/shutterstock_2480422159-1024x683.jpg\" alt=\"\" class=\"wp-image-59120\" srcset=\"https:\/\/www.humanium.org\/fr\/wp-content\/uploads\/2025\/10\/shutterstock_2480422159-1024x683.jpg 1024w, https:\/\/www.humanium.org\/fr\/wp-content\/uploads\/2025\/10\/shutterstock_2480422159-300x200.jpg 300w, https:\/\/www.humanium.org\/fr\/wp-content\/uploads\/2025\/10\/shutterstock_2480422159-768x512.jpg 768w, https:\/\/www.humanium.org\/fr\/wp-content\/uploads\/2025\/10\/shutterstock_2480422159-1536x1024.jpg 1536w, https:\/\/www.humanium.org\/fr\/wp-content\/uploads\/2025\/10\/shutterstock_2480422159-2048x1365.jpg 2048w, https:\/\/www.humanium.org\/fr\/wp-content\/uploads\/2025\/10\/shutterstock_2480422159-830x553.jpg 830w, https:\/\/www.humanium.org\/fr\/wp-content\/uploads\/2025\/10\/shutterstock_2480422159-230x153.jpg 230w, https:\/\/www.humanium.org\/fr\/wp-content\/uploads\/2025\/10\/shutterstock_2480422159-350x233.jpg 350w, https:\/\/www.humanium.org\/fr\/wp-content\/uploads\/2025\/10\/shutterstock_2480422159-480x320.jpg 480w, https:\/\/www.humanium.org\/fr\/wp-content\/uploads\/2025\/10\/shutterstock_2480422159-272x182.jpg 272w\" sizes=\"auto, (max-width: 1024px) 100vw, 1024px\" \/><\/figure>\n\n\n\n<p class=\"wp-block-paragraph\">Par exemple, en mai 2022, le <a href=\"https:\/\/www.humanium.org\/fr\/jeunes-citoyens-jeunes-electeurs-la-belgique-abaisse-lage-du-vote-a-16-ans-pour-les-elections-europeennes\/\">Parlement europ\u00e9en<\/a> a pr\u00e9sent\u00e9 une proposition de r\u00e8glement du Conseil portant sur l&rsquo;\u00e9lection des membres du Parlement europ\u00e9en (MEP) au suffrage universel direct et a propos\u00e9 d&rsquo;abaisser la majorit\u00e9 \u00e9lectorale \u00e0 seize ans, m\u00eame si cela permet des exceptions pour \u00ab&nbsp;les ordres constitutionnels existants \u00e9tablissant un \u00e2ge minimum de vote de dix-huit ou dix-sept ans&nbsp;\u00bb (Voting age, 2024, UE).<\/p>\n\n\n\n<p class=\"wp-block-paragraph\">Les ONG ainsi que les organisations de la soci\u00e9t\u00e9 civile (OSC) r\u00e9clament \u00e9galement ce changement depuis des ann\u00e9es. Par exemple, le Forum europ\u00e9en de la jeunesse a fortement plaid\u00e9 en faveur de l&rsquo;abaissement de la majorit\u00e9 \u00e9lectorale \u00e0 seize ans pour les \u00e9lections locales, nationales et europ\u00e9ennes, et pour r\u00e9duire l&rsquo;\u00e9cart entre les jeunes g\u00e9n\u00e9rations et nos hommes politiques \u00e9lus (Forum europ\u00e9en de la jeunesse, 2024).<\/p>\n\n\n\n<p class=\"wp-block-paragraph\">Concr\u00e8tement, la mise en \u0153uvre de programmes complets d&rsquo;\u00e9ducation civique pour les jeunes et l&rsquo;\u00e9tablissement de m\u00e9canismes formels, transparents et diversifi\u00e9s de participation des jeunes aux niveaux local, national et international pourraient promouvoir les int\u00e9r\u00eats et les besoins des enfants et des jeunes par le biais de leurs propre voix (The Body Shop, 2022).<\/p>\n\n\n\n<p class=\"wp-block-paragraph\"><em><strong>R\u00e9dig\u00e9 par Arianna Braga<\/strong><\/em><\/p>\n\n\n\n<p class=\"wp-block-paragraph\"><em><strong>Traduit par Victoire Ramos<\/strong><\/em><\/p>\n\n\n\n<p class=\"wp-block-paragraph\"><em><strong>Relu par Aditi Partha<\/strong><\/em><\/p>\n\n\n\n<p class=\"wp-block-paragraph\"><em><strong>Derni\u00e8re mise \u00e0 jour le 19 janvier 2025<\/strong><\/em><\/p>\n\n\n\n<h4 class=\"wp-block-heading\"><strong>Bibliographie:&nbsp;<\/strong><\/h4>\n\n\n\n<p class=\"has-small-font-size wp-block-paragraph\">Crippes N. (2011). What if the Right to Vote Started at Birth? Retrieved from Fair Vote at <a href=\"https:\/\/fairvote.org\/what-if-the-right-to-vote-started-at-birth\/\">https:\/\/fairvote.org\/what-if-the-right-to-vote-started-at-birth\/<\/a>, accessed on 19 January 2025.&nbsp;<\/p>\n\n\n\n<p class=\"has-small-font-size wp-block-paragraph\">EU, Voting age (2024). Voting age for European elections. Retrieved from European Parliament at <a href=\"https:\/\/www.europarl.europa.eu\/RegData\/etudes\/ATAG\/2023\/749767\/EPRS_ATA(2023)749767_EN.pdf\">https:\/\/www.europarl.europa.eu\/RegData\/etudes\/ATAG\/2023\/749767\/EPRS_ATA(2023)749767_EN.pdf<\/a>, accessed on 4 April 2024.&nbsp;<\/p>\n\n\n\n<p class=\"has-small-font-size wp-block-paragraph\">European Youth Forum (2024). Vote at 16. Retrieved from European Youth Forum at <a href=\"https:\/\/www.youthforum.org\/topics\/vote-at-16\">https:\/\/www.youthforum.org\/topics\/vote-at-16<\/a>, accessed on 4 April 2024.&nbsp;<\/p>\n\n\n\n<p class=\"has-small-font-size wp-block-paragraph\">FRA (2017). Children\u2019s right to vote. Retrieved from Fundamental Agency for Fundament Rights (FRA) at <a href=\"https:\/\/fra.europa.eu\/en\/publication\/2017\/mapping-minimum-age-requirements\/childrens-right-vote\">https:\/\/fra.europa.eu\/en\/publication\/2017\/mapping-minimum-age-requirements\/childrens-right-vote<\/a>, accessed on 30 January 2024.&nbsp;<\/p>\n\n\n\n<p class=\"has-small-font-size wp-block-paragraph\">Runciman, D. (2021). Votes for children! Why we should lower the voting age to six. Retrieved from The Guardian at <a href=\"https:\/\/www.theguardian.com\/politics\/2021\/nov\/16\/reconstruction-after-covid-votes-for-children-age-six-david-runciman\">https:\/\/www.theguardian.com\/politics\/2021\/nov\/16\/reconstruction-after-covid-votes-for-children-age-six-david-runciman<\/a>, accessed on 30 January 2024.&nbsp;<\/p>\n\n\n\n<p class=\"has-small-font-size wp-block-paragraph\">The Body Shop (2022). Be Seen Be Heard. Understanding young people\u2019s political participation. The research paper is commissioned by The Body Shop in collaboration with and with technical assistance from the United Nations Office of the Secretary-General\u2019s Envoy on Youth. Retrieved from the European Youth Forum at <a href=\"https:\/\/www.youthforum.org\/files\/UPDATED_UN_REPORT_TBS_Accessible_Version_090622.pdf\">https:\/\/www.youthforum.org\/files\/UPDATED_UN_REPORT_TBS_Accessible_Version_090622.pdf<\/a>, accessed on 30 January 2024.&nbsp;<\/p>\n\n\n\n<p class=\"has-small-font-size wp-block-paragraph\">Van der Straeten, K., Runciman, D. (2023). Should children have the right to vote? (Transcript). Retrieved from Bennett Institute for Public Policy at <a href=\"https:\/\/www.bennettinstitute.cam.ac.uk\/blog\/should-children-have-the-right-to-vote\/\">https:\/\/www.bennettinstitute.cam.ac.uk\/blog\/should-children-have-the-right-to-vote\/<\/a>, accessed on 30 January 2024.&nbsp;<\/p>\n\n\n\n<p class=\"has-small-font-size wp-block-paragraph\">WorldAtlas (n.d.). Legal Voting Age by Country. Retrieved from WorldAtlas at <a href=\"https:\/\/www.worldatlas.com\/articles\/legal-voting-age-by-country.html\">https:\/\/www.worldatlas.com\/articles\/legal-voting-age-by-country.html<\/a>, accessed on 30 January 2024.&nbsp;<\/p>\n","protected":false},"excerpt":{"rendered":"<p>Les enfants sont g\u00e9n\u00e9ralement exclus du droit de vote, \u00e0 quelques exceptions pr\u00e8s, comme dans les pays o\u00f9 la majorit\u00e9 \u00e9lectorale est fix\u00e9e \u00e0 seize ans. La raison principale est la croyance que les enfants n&rsquo;ont pas les comp\u00e9tences n\u00e9cessaires pour prendre des d\u00e9cisions en connaissance de cause. Cependant, plusieurs \u00e9l\u00e9ments indiquent que l&rsquo;abaissement de [&hellip;]<\/p>\n","protected":false},"author":69,"featured_media":59124,"parent":0,"menu_order":0,"comment_status":"closed","ping_status":"closed","template":"","meta":{"footnotes":""},"class_list":["post-59117","page","type-page","status-publish","has-post-thumbnail","hentry"],"yoast_head":"<!-- This site is optimized with the Yoast SEO plugin v28.3 - https:\/\/yoast.com\/product\/yoast-seo-wordpress\/ -->\n<title>Le droit de vote chez les enfants et les jeunes - Humanium<\/title>\n<meta name=\"description\" content=\"Le droit de vote est un droit fondamental de citoyennet\u00e9 qui devrait s&#039;\u00e9tendre \u00e0 tous les individus, y compris les enfants.\" \/>\n<meta name=\"robots\" content=\"index, follow, max-snippet:-1, max-image-preview:large, max-video-preview:-1\" \/>\n<link rel=\"canonical\" href=\"https:\/\/www.humanium.org\/fr\/le-droit-de-vote-chez-les-enfants-et-les-jeunes\/\" \/>\n<meta property=\"og:locale\" content=\"fr_FR\" \/>\n<meta property=\"og:type\" content=\"article\" \/>\n<meta property=\"og:title\" content=\"Le droit de vote chez les enfants et les jeunes - Humanium\" \/>\n<meta property=\"og:description\" content=\"Le droit de vote est un droit fondamental de citoyennet\u00e9 qui devrait s&#039;\u00e9tendre \u00e0 tous les individus, y compris les enfants.\" \/>\n<meta property=\"og:url\" content=\"https:\/\/www.humanium.org\/fr\/le-droit-de-vote-chez-les-enfants-et-les-jeunes\/\" \/>\n<meta property=\"og:site_name\" content=\"Humanium\" \/>\n<meta property=\"article:modified_time\" content=\"2025-10-26T11:18:26+00:00\" \/>\n<meta property=\"og:image\" content=\"https:\/\/www.humanium.org\/fr\/wp-content\/uploads\/2025\/10\/shutterstock_1556002430-scaled.jpg\" \/>\n\t<meta property=\"og:image:width\" content=\"2560\" \/>\n\t<meta property=\"og:image:height\" content=\"1706\" \/>\n\t<meta property=\"og:image:type\" content=\"image\/jpeg\" \/>\n<meta name=\"twitter:card\" content=\"summary_large_image\" \/>\n<meta name=\"twitter:label1\" content=\"Dur\u00e9e de lecture estim\u00e9e\" \/>\n\t<meta name=\"twitter:data1\" content=\"16 minutes\" \/>\n<script type=\"application\/ld+json\" class=\"yoast-schema-graph\">{\"@context\":\"https:\\\/\\\/schema.org\",\"@graph\":[{\"@type\":\"WebPage\",\"@id\":\"https:\\\/\\\/www.humanium.org\\\/fr\\\/le-droit-de-vote-chez-les-enfants-et-les-jeunes\\\/\",\"url\":\"https:\\\/\\\/www.humanium.org\\\/fr\\\/le-droit-de-vote-chez-les-enfants-et-les-jeunes\\\/\",\"name\":\"Le droit de vote chez les enfants et les jeunes - Humanium\",\"isPartOf\":{\"@id\":\"https:\\\/\\\/www.humanium.org\\\/fr\\\/#website\"},\"primaryImageOfPage\":{\"@id\":\"https:\\\/\\\/www.humanium.org\\\/fr\\\/le-droit-de-vote-chez-les-enfants-et-les-jeunes\\\/#primaryimage\"},\"image\":{\"@id\":\"https:\\\/\\\/www.humanium.org\\\/fr\\\/le-droit-de-vote-chez-les-enfants-et-les-jeunes\\\/#primaryimage\"},\"thumbnailUrl\":\"https:\\\/\\\/www.humanium.org\\\/fr\\\/wp-content\\\/uploads\\\/2025\\\/10\\\/shutterstock_1556002430-scaled.jpg\",\"datePublished\":\"2025-10-25T17:44:33+00:00\",\"dateModified\":\"2025-10-26T11:18:26+00:00\",\"description\":\"Le droit de vote est un droit fondamental de citoyennet\u00e9 qui devrait s'\u00e9tendre \u00e0 tous les individus, y compris les enfants.\",\"breadcrumb\":{\"@id\":\"https:\\\/\\\/www.humanium.org\\\/fr\\\/le-droit-de-vote-chez-les-enfants-et-les-jeunes\\\/#breadcrumb\"},\"inLanguage\":\"fr-FR\",\"potentialAction\":[{\"@type\":\"ReadAction\",\"target\":[\"https:\\\/\\\/www.humanium.org\\\/fr\\\/le-droit-de-vote-chez-les-enfants-et-les-jeunes\\\/\"]}]},{\"@type\":\"ImageObject\",\"inLanguage\":\"fr-FR\",\"@id\":\"https:\\\/\\\/www.humanium.org\\\/fr\\\/le-droit-de-vote-chez-les-enfants-et-les-jeunes\\\/#primaryimage\",\"url\":\"https:\\\/\\\/www.humanium.org\\\/fr\\\/wp-content\\\/uploads\\\/2025\\\/10\\\/shutterstock_1556002430-scaled.jpg\",\"contentUrl\":\"https:\\\/\\\/www.humanium.org\\\/fr\\\/wp-content\\\/uploads\\\/2025\\\/10\\\/shutterstock_1556002430-scaled.jpg\",\"width\":2560,\"height\":1706},{\"@type\":\"BreadcrumbList\",\"@id\":\"https:\\\/\\\/www.humanium.org\\\/fr\\\/le-droit-de-vote-chez-les-enfants-et-les-jeunes\\\/#breadcrumb\",\"itemListElement\":[{\"@type\":\"ListItem\",\"position\":1,\"name\":\"Home\",\"item\":\"https:\\\/\\\/www.humanium.org\\\/fr\\\/\"},{\"@type\":\"ListItem\",\"position\":2,\"name\":\"Le droit de vote chez les enfants et les jeunes\"}]},{\"@type\":\"WebSite\",\"@id\":\"https:\\\/\\\/www.humanium.org\\\/fr\\\/#website\",\"url\":\"https:\\\/\\\/www.humanium.org\\\/fr\\\/\",\"name\":\"Humanium\",\"description\":\"Les enfants d\u2019abord !\",\"potentialAction\":[{\"@type\":\"SearchAction\",\"target\":{\"@type\":\"EntryPoint\",\"urlTemplate\":\"https:\\\/\\\/www.humanium.org\\\/fr\\\/?s={search_term_string}\"},\"query-input\":{\"@type\":\"PropertyValueSpecification\",\"valueRequired\":true,\"valueName\":\"search_term_string\"}}],\"inLanguage\":\"fr-FR\"}]}<\/script>\n<!-- \/ Yoast SEO plugin. -->","yoast_head_json":{"title":"Le droit de vote chez les enfants et les jeunes - Humanium","description":"Le droit de vote est un droit fondamental de citoyennet\u00e9 qui devrait s'\u00e9tendre \u00e0 tous les individus, y compris les enfants.","robots":{"index":"index","follow":"follow","max-snippet":"max-snippet:-1","max-image-preview":"max-image-preview:large","max-video-preview":"max-video-preview:-1"},"canonical":"https:\/\/www.humanium.org\/fr\/le-droit-de-vote-chez-les-enfants-et-les-jeunes\/","og_locale":"fr_FR","og_type":"article","og_title":"Le droit de vote chez les enfants et les jeunes - Humanium","og_description":"Le droit de vote est un droit fondamental de citoyennet\u00e9 qui devrait s'\u00e9tendre \u00e0 tous les individus, y compris les enfants.","og_url":"https:\/\/www.humanium.org\/fr\/le-droit-de-vote-chez-les-enfants-et-les-jeunes\/","og_site_name":"Humanium","article_modified_time":"2025-10-26T11:18:26+00:00","og_image":[{"width":2560,"height":1706,"url":"https:\/\/www.humanium.org\/fr\/wp-content\/uploads\/2025\/10\/shutterstock_1556002430-scaled.jpg","type":"image\/jpeg"}],"twitter_card":"summary_large_image","twitter_misc":{"Dur\u00e9e de lecture estim\u00e9e":"16 minutes"},"schema":{"@context":"https:\/\/schema.org","@graph":[{"@type":"WebPage","@id":"https:\/\/www.humanium.org\/fr\/le-droit-de-vote-chez-les-enfants-et-les-jeunes\/","url":"https:\/\/www.humanium.org\/fr\/le-droit-de-vote-chez-les-enfants-et-les-jeunes\/","name":"Le droit de vote chez les enfants et les jeunes - Humanium","isPartOf":{"@id":"https:\/\/www.humanium.org\/fr\/#website"},"primaryImageOfPage":{"@id":"https:\/\/www.humanium.org\/fr\/le-droit-de-vote-chez-les-enfants-et-les-jeunes\/#primaryimage"},"image":{"@id":"https:\/\/www.humanium.org\/fr\/le-droit-de-vote-chez-les-enfants-et-les-jeunes\/#primaryimage"},"thumbnailUrl":"https:\/\/www.humanium.org\/fr\/wp-content\/uploads\/2025\/10\/shutterstock_1556002430-scaled.jpg","datePublished":"2025-10-25T17:44:33+00:00","dateModified":"2025-10-26T11:18:26+00:00","description":"Le droit de vote est un droit fondamental de citoyennet\u00e9 qui devrait s'\u00e9tendre \u00e0 tous les individus, y compris les enfants.","breadcrumb":{"@id":"https:\/\/www.humanium.org\/fr\/le-droit-de-vote-chez-les-enfants-et-les-jeunes\/#breadcrumb"},"inLanguage":"fr-FR","potentialAction":[{"@type":"ReadAction","target":["https:\/\/www.humanium.org\/fr\/le-droit-de-vote-chez-les-enfants-et-les-jeunes\/"]}]},{"@type":"ImageObject","inLanguage":"fr-FR","@id":"https:\/\/www.humanium.org\/fr\/le-droit-de-vote-chez-les-enfants-et-les-jeunes\/#primaryimage","url":"https:\/\/www.humanium.org\/fr\/wp-content\/uploads\/2025\/10\/shutterstock_1556002430-scaled.jpg","contentUrl":"https:\/\/www.humanium.org\/fr\/wp-content\/uploads\/2025\/10\/shutterstock_1556002430-scaled.jpg","width":2560,"height":1706},{"@type":"BreadcrumbList","@id":"https:\/\/www.humanium.org\/fr\/le-droit-de-vote-chez-les-enfants-et-les-jeunes\/#breadcrumb","itemListElement":[{"@type":"ListItem","position":1,"name":"Home","item":"https:\/\/www.humanium.org\/fr\/"},{"@type":"ListItem","position":2,"name":"Le droit de vote chez les enfants et les jeunes"}]},{"@type":"WebSite","@id":"https:\/\/www.humanium.org\/fr\/#website","url":"https:\/\/www.humanium.org\/fr\/","name":"Humanium","description":"Les enfants d\u2019abord !","potentialAction":[{"@type":"SearchAction","target":{"@type":"EntryPoint","urlTemplate":"https:\/\/www.humanium.org\/fr\/?s={search_term_string}"},"query-input":{"@type":"PropertyValueSpecification","valueRequired":true,"valueName":"search_term_string"}}],"inLanguage":"fr-FR"}]}},"_links":{"self":[{"href":"https:\/\/www.humanium.org\/fr\/wp-json\/wp\/v2\/pages\/59117","targetHints":{"allow":["GET"]}}],"collection":[{"href":"https:\/\/www.humanium.org\/fr\/wp-json\/wp\/v2\/pages"}],"about":[{"href":"https:\/\/www.humanium.org\/fr\/wp-json\/wp\/v2\/types\/page"}],"author":[{"embeddable":true,"href":"https:\/\/www.humanium.org\/fr\/wp-json\/wp\/v2\/users\/69"}],"replies":[{"embeddable":true,"href":"https:\/\/www.humanium.org\/fr\/wp-json\/wp\/v2\/comments?post=59117"}],"version-history":[{"count":2,"href":"https:\/\/www.humanium.org\/fr\/wp-json\/wp\/v2\/pages\/59117\/revisions"}],"predecessor-version":[{"id":59126,"href":"https:\/\/www.humanium.org\/fr\/wp-json\/wp\/v2\/pages\/59117\/revisions\/59126"}],"wp:featuredmedia":[{"embeddable":true,"href":"https:\/\/www.humanium.org\/fr\/wp-json\/wp\/v2\/media\/59124"}],"wp:attachment":[{"href":"https:\/\/www.humanium.org\/fr\/wp-json\/wp\/v2\/media?parent=59117"}],"curies":[{"name":"wp","href":"https:\/\/api.w.org\/{rel}","templated":true}]}}