{"id":7375,"date":"2011-11-06T18:00:28","date_gmt":"2011-11-06T18:00:28","guid":{"rendered":"http:\/\/www.humanium.org\/fr\/?page_id=7375"},"modified":"2026-02-27T15:16:27","modified_gmt":"2026-02-27T15:16:27","slug":"allemagne","status":"publish","type":"page","link":"https:\/\/www.humanium.org\/fr\/allemagne\/","title":{"rendered":"Enfants d&rsquo;Allemagne"},"content":{"rendered":"\n<h2 class=\"wp-block-heading\">Concr\u00e9tiser les droits des enfants en Allemagne<\/h2>\n\n\n\n<div class=\"wp-block-columns is-layout-flex wp-container-core-columns-is-layout-8f761849 wp-block-columns-is-layout-flex\">\n<div class=\"wp-block-column is-layout-flow wp-block-column-is-layout-flow\"><div class=\"wp-block-image is-style-rounded\">\n<figure class=\"aligncenter size-full is-resized\"><img decoding=\"async\" src=\"https:\/\/www.humanium.org\/en\/wp-content\/uploads\/2026\/02\/shutterstock_2540957481_edited.jpeg\" alt=\"\" class=\"wp-image-89741\" style=\"object-fit:cover;width:200px;height:200px\"\/><\/figure>\n<\/div><\/div>\n\n\n\n<div class=\"wp-block-column is-layout-flow wp-block-column-is-layout-flow\"><div class=\"wp-block-image is-style-rounded\">\n<figure class=\"aligncenter size-full is-resized\"><img decoding=\"async\" src=\"https:\/\/www.humanium.org\/en\/wp-content\/uploads\/2026\/02\/shutterstock_2410686427_edited.jpeg\" alt=\"\" class=\"wp-image-89743\" style=\"object-fit:cover;width:200px;height:200px\"\/><\/figure>\n<\/div><\/div>\n<\/div>\n\n\n\n<p class=\"wp-block-paragraph\"><strong>L&rsquo;Allemagne a ratifi\u00e9 la Convention relative aux droits de l&rsquo;enfant (CDE) en 1992 et a depuis adapt\u00e9 son dispositif de protection de l&rsquo;enfance conform\u00e9ment au trait\u00e9. Cependant, certaines difficult\u00e9s entravent encore la pleine concr\u00e9tisation les droits des enfants, dont notamment&nbsp; <a href=\"https:\/\/www.humanium.org\/fr\/enfants-pauvres\/\">la pauvret\u00e9 infantile<\/a>, <a href=\"https:\/\/www.humanium.org\/fr\/exploitation-sexuelle-enfants\/\">les abus sexuels sur les enfants<\/a>, la discrimination \u00e0 l&rsquo;\u00e9gard de ceux issus de minorit\u00e9s et <a href=\"https:\/\/www.humanium.org\/fr\/droit-des-mineurs\/#:~:text=L'objectif%20du%20syst%C3%A8me%20de,Schweitzer%20%26%20Davidian%2C%202023).\">la justice pour mineurs.<\/a><\/strong><\/p>\n\n\n\n<iframe src=\"https:\/\/www.google.com\/maps\/embed?pb=!1m18!1m12!1m3!1d5135205.901436029!2d5.174799554116187!3d51.06370867821065!2m3!1f0!2f0!3f0!3m2!1i1024!2i768!4f13.1!3m3!1m2!1s0x479a721ec2b1be6b%3A0x75e85d6b8e91e55b!2sGermany!5e0!3m2!1sen!2shr!4v1772194835122!5m2!1sen!2shr\" width=\"600\" height=\"450\" style=\"border:0;\" allowfullscreen=\"\" loading=\"lazy\" referrerpolicy=\"no-referrer-when-downgrade\"><\/iframe>\n\n\n\n<div class=\"wp-block-columns is-layout-flex wp-container-core-columns-is-layout-8f761849 wp-block-columns-is-layout-flex\">\n<div class=\"wp-block-column is-layout-flow wp-block-column-is-layout-flow\">\n<p class=\"wp-block-paragraph\"><strong>Population <\/strong>: 83,6 millions<br><strong>Population \u00e2g\u00e9e de 0 \u00e0 14 ans<\/strong> : 5,9 %<\/p>\n<\/div>\n\n\n\n<div class=\"wp-block-column is-layout-flow wp-block-column-is-layout-flow\">\n<p class=\"wp-block-paragraph\"><strong>Esp\u00e9rance de vie<\/strong> : 80,5 ans<br><strong><strong>Taux de mortalit\u00e9 des moins de 5 ans<\/strong> : <\/strong>3,4 \u2030<\/p>\n<\/div>\n<\/div>\n\n\n\n<h2 class=\"wp-block-heading\"><strong>L\u2019Allemagne en bref<\/strong><\/h2>\n\n\n\n<p class=\"wp-block-paragraph\">La R\u00e9publique F\u00e9d\u00e9rale d&rsquo;Allemagne est situ\u00e9e au centre-nord de l&rsquo;Europe. La constitution allemande, adopt\u00e9e en 1949, a cr\u00e9\u00e9 un r\u00e9gime f\u00e9d\u00e9ral qui conf\u00e8re des pouvoirs gouvernementaux importants \u00e0 ses seize \u00e9tats f\u00e9d\u00e9r\u00e9s (L\u00e4nder), par exemple en mati\u00e8re de culture et d&rsquo;\u00e9ducation. L&rsquo;Allemagne est entour\u00e9e par le <a href=\"https:\/\/www.humanium.org\/fr\/danemark\/\">Danemark,<\/a> <a href=\"https:\/\/www.humanium.org\/fr\/pays-bas\/#:~:text=Les%20Pays%2DBas%20font%20partie,n%C3%A9gatifs%20viennent%20contrarier%20cette%20situation.\">les Pays-Bas<\/a>, <a href=\"https:\/\/www.humanium.org\/fr\/belgique\/\">la Belgique<\/a>, <a href=\"https:\/\/www.humanium.org\/fr\/luxembourg\/#:~:text=Avec%201%20143%20enfants%20plac%C3%A9s,sont%20en%20augmentation%20depuis%202005.\">le Luxembourg<\/a>, la France, <a href=\"https:\/\/www.humanium.org\/fr\/suisse\/#:~:text=Selon%20les%20statistiques%20de%20l,aide%20sociale%20sont%20des%20enfants.\">la Suisse<\/a>, <a href=\"https:\/\/www.humanium.org\/fr\/autriche\/#:~:text=Les%20enfants%20de%20minorit%C3%A9s,l'Europe%2C%202024).\">l&rsquo;Autriche,<\/a> <a href=\"https:\/\/www.humanium.org\/fr\/republique-tcheque\/#:~:text=Selon%20les%20donn%C3%A9es%20officielles%2C%201,sexuels%20commis%20sur%20les%20mineurs.\">la R\u00e9publique tch\u00e8que<\/a> et la <a href=\"https:\/\/www.humanium.org\/fr\/pologne\/#:~:text=Concr%C3%A9tiser%20les%20droits%20de%20l,des%20Droits%20de%20l'Enfant.\">Pologne<\/a> (Britannica, 2025).<\/p>\n\n\n\n<p class=\"wp-block-paragraph\">Elle est le pays le plus peupl\u00e9 de l&rsquo;Union europ\u00e9enne (UE) avec environ 83,6 millions d&rsquo;habitants, soit environ 19 % de la population totale de l&rsquo;UE. La population allemande est nettement plus importante que celle des pays europ\u00e9ens les plus peupl\u00e9s qui suivent, la France et l&rsquo;Italie. \u00c0 eux trois, ces pays repr\u00e9sentent pr\u00e8s de la moiti\u00e9 de la population totale de l&rsquo;UE (47 %) (EUROSTAT, 2025). Environ 78 % de la population vit dans des zones urbaines, tandis que 22 % r\u00e9side dans des communaut\u00e9s rurales (SOS Villages d&rsquo;Enfants, s.d.).<\/p>\n\n\n<div class=\"wp-block-image\">\n<figure class=\"alignright size-large is-resized\"><img loading=\"lazy\" decoding=\"async\" width=\"1024\" height=\"683\" src=\"https:\/\/www.humanium.org\/fr\/wp-content\/uploads\/2026\/02\/shutterstock_2701377051-1024x683.jpg\" alt=\"\" class=\"wp-image-61840\" style=\"width:407px;height:auto\" srcset=\"https:\/\/www.humanium.org\/fr\/wp-content\/uploads\/2026\/02\/shutterstock_2701377051-1024x683.jpg 1024w, https:\/\/www.humanium.org\/fr\/wp-content\/uploads\/2026\/02\/shutterstock_2701377051-300x200.jpg 300w, https:\/\/www.humanium.org\/fr\/wp-content\/uploads\/2026\/02\/shutterstock_2701377051-768x512.jpg 768w, https:\/\/www.humanium.org\/fr\/wp-content\/uploads\/2026\/02\/shutterstock_2701377051-1536x1024.jpg 1536w, https:\/\/www.humanium.org\/fr\/wp-content\/uploads\/2026\/02\/shutterstock_2701377051-2048x1365.jpg 2048w, https:\/\/www.humanium.org\/fr\/wp-content\/uploads\/2026\/02\/shutterstock_2701377051-830x553.jpg 830w, https:\/\/www.humanium.org\/fr\/wp-content\/uploads\/2026\/02\/shutterstock_2701377051-230x153.jpg 230w, https:\/\/www.humanium.org\/fr\/wp-content\/uploads\/2026\/02\/shutterstock_2701377051-350x233.jpg 350w, https:\/\/www.humanium.org\/fr\/wp-content\/uploads\/2026\/02\/shutterstock_2701377051-480x320.jpg 480w, https:\/\/www.humanium.org\/fr\/wp-content\/uploads\/2026\/02\/shutterstock_2701377051-272x182.jpg 272w\" sizes=\"auto, (max-width: 1024px) 100vw, 1024px\" \/><\/figure>\n<\/div>\n\n\n<p class=\"wp-block-paragraph\">L&rsquo;Allemagne a \u00e9t\u00e9 unifi\u00e9e en 1871 lorsque le chancelier prussien Otto von Bismarck a r\u00e9uni plusieurs \u00c9tats germanophones au sein de l&rsquo;Empire Allemand, celui-ci est rapidement devenu une grande puissance europ\u00e9enne avec des colonies outre-mer <a href=\"https:\/\/www.humanium.org\/fr\/afrique\/\">en Afrique<\/a>, <a href=\"https:\/\/www.humanium.org\/fr\/asie-pacifique\/\">en Asie et dans le Pacifique<\/a>. Apr\u00e8s sa d\u00e9faite lors de la Premi\u00e8re Guerre mondiale, l&rsquo;Empire s&rsquo;est effondr\u00e9, laissant place \u00e0 la R\u00e9publique de Weimar, instable. La crise \u00e9conomique et les troubles politiques ont ensuite conduit \u00e0 l&rsquo;ascension d&rsquo;Adolf Hitler et du r\u00e9gime nazi qui a instaur\u00e9 le Troisi\u00e8me Reich et men\u00e9 une campagne d&rsquo;expansion et de g\u00e9nocide brutale.<\/p>\n\n\n\n<p class=\"wp-block-paragraph\">Apr\u00e8s la d\u00e9faite de l&rsquo;Allemagne lors de la Seconde Guerre mondiale, en 1945, les Alli\u00e9s ont divis\u00e9 le pays en quatre zones distinctes, formant progressivement&nbsp; deux \u00c9tats : la R\u00e9publique F\u00e9d\u00e9rale d&rsquo;Allemagne (l&rsquo;Allemagne de l&rsquo;Ouest) et la R\u00e9publique D\u00e9mocratique Allemande (l&rsquo;Allemagne de l&rsquo;Est). Symbolis\u00e9 par le mur de Berlin jusqu&rsquo;\u00e0 sa chute en 1989, cette d\u00e9marcation a s\u00e9par\u00e9 le pays pendant plus de 40 ans. Le pays a \u00e9t\u00e9 r\u00e9unifi\u00e9 en 1990 et Berlin en est redevenue sa capitale (Britannica, 2025).<\/p>\n\n\n\n<p class=\"wp-block-paragraph\">Ces derni\u00e8res ann\u00e9es, l&rsquo;Allemagne a \u00e9t\u00e9 confront\u00e9e \u00e0 des d\u00e9fis li\u00e9s \u00e0 l\u2019int\u00e9gration d&rsquo;un grand nombre de r\u00e9fugi\u00e9s (plus d&rsquo;un million de migrants), notamment \u00e0 la suite du Printemps arabe et de <a href=\"https:\/\/www.humanium.org\/fr\/syrie\/la-guerre-civile-syrienne\/\">la guerre civile syrienne<\/a>. Cette situation a aliment\u00e9 les tensions ethniques et renforc\u00e9 les partis nationalistes, en particulier dans les r\u00e9gions de l&rsquo;est, o\u00f9 le taux de ch\u00f4mage \u00e9tait deux fois plus \u00e9lev\u00e9 qu\u2019\u00e0 l&rsquo;ouest (Britannica, 2025). <\/p>\n\n\n\n<p class=\"wp-block-paragraph\">L&rsquo;\u00e9cart entre les deux zones s&rsquo;est consid\u00e9rablement r\u00e9duit au cours des derni\u00e8res d\u00e9cennies. Au d\u00e9but des ann\u00e9es 2000, le taux de ch\u00f4mage dans l\u2019ancienne Allemagne de l\u2019Est \u00e9tait environ 10 % sup\u00e9rieur \u00e0 celui de l\u2019ancienne Allemagne de l&rsquo;Ouest, soit pr\u00e8s de cinq fois plus \u00e9lev\u00e9 qu&rsquo;en 2018 (Gramlich, 2019).<\/p>\n\n\n\n<p class=\"wp-block-paragraph\">L&rsquo;Allemagne est membre de l&rsquo;Organisation du Trait\u00e9 de l&rsquo;Atlantique Nord (OTAN) depuis 1955 et a \u00e9t\u00e9 l&rsquo;un des membres fondateurs de la Communaut\u00e9 \u00c9conomique Europ\u00e9enne (aujourd&rsquo;hui l&rsquo;Union Europ\u00e9enne). La reprise \u00e9conomique rapide de l&rsquo;Allemagne de l&rsquo;Ouest dans les ann\u00e9es 1950 (<em>Wirtschaftswunder<\/em>, ou \u00ab miracle \u00e9conomique \u00bb) lui a permis d&rsquo;occuper une position de leader parmi les puissances \u00e9conomiques mondiales, position qu&rsquo;elle a conserv\u00e9e (Britannica, 2025).<\/p>\n\n\n\n<h2 class=\"wp-block-heading\"><strong>Statuts des droits de l\u2019enfants <a id=\"_ftnref1\" href=\"#_ftn1\"><strong>[1]<\/strong><\/a><\/strong><\/h2>\n\n\n\n<p class=\"wp-block-paragraph\">L&rsquo;Allemagne a ratifi\u00e9 <a href=\"https:\/\/www.humanium.org\/fr\/convention\/\">la Convention des droits de l\u2019enfant<\/a> (CDE) le 6 mars 1992. Cette ratification s&rsquo;est initialement accompagn\u00e9e de r\u00e9serves subordonnant les principes de la CDE \u00e0 la loi sur les \u00e9trangers et au droit parental\/familial (ProNATs, 2020). Ces r\u00e9serves \u00e9taient principalement motiv\u00e9es par le refus de la majorit\u00e9 des L\u00e4nder d\u2019accepter leur retrait.<\/p>\n\n\n\n<p class=\"wp-block-paragraph\">En 2004, le Comit\u00e9 des droits de l&rsquo;enfant a recommand\u00e9 \u00e0 l&rsquo;Allemagne d&rsquo;acc\u00e9l\u00e9rer le processus de retrait de ces r\u00e9serves et d&rsquo;intensifier ses efforts pour convaincre les L\u00e4nder d\u2019en faire autant (CDE, Observations finales, 2004). Le 15 juillet 2010, l&rsquo;Allemagne a retir\u00e9 la r\u00e9serve qu&rsquo;elle avait \u00e9mise lors de la ratification. La CDE s&rsquo;y applique donc sans restriction avec le statut d&rsquo;une loi f\u00e9d\u00e9rale (CDE, Observations finales, 2019).&nbsp;<\/p>\n\n\n\n<p class=\"wp-block-paragraph\">Depuis la ratification, la question de l&rsquo;int\u00e9gration des droits de l\u2019enfant dans la Constitution du pays, la Loi Fondamentale, fait l&rsquo;objet de nombreuses discussions. En janvier 2021, le Gouvernement Allemand a adopt\u00e9 un projet de loi visant \u00e0 inscrire explicitement les droits de l&rsquo;enfant dans la Loi fondamentale, en modifiant l&rsquo;article 6. L&rsquo;objectif est de mettre en avant les droits de l&rsquo;enfant afin de toujours garantir la pr\u00e9servation de <a href=\"https:\/\/www.humanium.org\/fr\/interet-superieur-de-lenfant\/\">leur int\u00e9r\u00eat sup\u00e9rieur<\/a>. Cependant, cette initiative est toujours en cours (Gouvernement f\u00e9d\u00e9ral, 2021). Cependant, &nbsp;jusqu\u2019\u00e0 pr\u00e9sent en 2025, aucun amendement n&rsquo;a \u00e9t\u00e9 adopt\u00e9 et aucun progr\u00e8s concret n&rsquo;a \u00e9t\u00e9 r\u00e9alis\u00e9 \u00e0 cet \u00e9gard.<\/p>\n\n\n\n<p class=\"wp-block-paragraph\">L&rsquo;Allemagne a ratifi\u00e9 le <a href=\"https:\/\/www.humanium.org\/fr\/normes\/protocole-facultatif-cide-enfants-dans-conflits-armes\/convention-droits-enfant-dans-les-conflits-armes\/\">Protocole facultatif \u00e0 la Convention relative aux Droits de l&rsquo;Enfant concernant l&rsquo;implication d&rsquo;enfants dans les conflits arm\u00e9s<\/a> (OPAC) en 2004, <a href=\"https:\/\/www.humanium.org\/fr\/normes\/protocole-facultatif-cide-vente-prostitution-pornographie-enfants\/\">le Protocole facultatif \u00e0 la Convention relative aux Droits de l&rsquo;Enfant concernant la vente d&rsquo;enfants, la prostitution des enfants et la pornographie mettant en sc\u00e8ne des enfants<\/a> (OPSC) en 2009, et <a href=\"https:\/\/www.humanium.org\/fr\/protocole-facultatif-cide-procedure-presentation-communications\/\">le Protocole facultatif \u00e0 la Convention relative aux Droits de l&rsquo;Enfant \u00e9tablissant une proc\u00e9dure de pr\u00e9sentation de communications<\/a> (OPIC) en 2013 (UN Treaty Collection, n.d.).<\/p>\n\n\n\n<p class=\"wp-block-paragraph\">En 2015, l&rsquo;Institut Allemand des Droits de l&rsquo;Homme s&rsquo;est vu confier la mission de promouvoir, soutenir et superviser la mise en application de la Convention relative aux droits de l&rsquo;enfant en Allemagne. \u00c0 cette fin, il a mis en place le M\u00e9canisme National de Surveillance de la CDE. Cet organisme contribue \u00e0 sensibiliser le public aux droits de l&rsquo;enfant, \u00e0 conseiller les d\u00e9cideurs politiques au niveau f\u00e9d\u00e9ral, r\u00e9gional et local, ainsi que les instances judiciaires, les professionnels du monde juridique et la soci\u00e9t\u00e9 civile sur l&rsquo;interpr\u00e9tation de la Convention relative aux droits de l&rsquo;enfant, et \u00e0 rendre compte au&nbsp;<a href=\"https:\/\/www.humanium.org\/fr\/genese-comite-droits-enfant\/\">Comit\u00e9 des droits de l\u2019enfant<\/a> de la mise en \u0153uvre des droits de l&rsquo;enfant dans le pays (M\u00e9canisme National de Surveillance de la CDE, s.d.).<\/p>\n\n\n\n<h2 class=\"wp-block-heading\"><strong>R\u00e9pondre aux besoins des enfants<\/strong><\/h2>\n\n\n\n<h3 class=\"wp-block-heading\"><a href=\"https:\/\/www.humanium.org\/fr\/comprendre-droits-enfant\/droit-a-l-education\/\"><strong>Droit \u00e0 l\u2019\u00e9ducation<\/strong><\/a><\/h3>\n\n\n<div class=\"wp-block-image\">\n<figure class=\"alignleft size-large is-resized\"><img loading=\"lazy\" decoding=\"async\" width=\"1024\" height=\"683\" src=\"https:\/\/www.humanium.org\/fr\/wp-content\/uploads\/2026\/02\/shutterstock_2144580957-1024x683.jpg\" alt=\"\" class=\"wp-image-61841\" style=\"aspect-ratio:1.499330655957162;width:333px;height:auto\" srcset=\"https:\/\/www.humanium.org\/fr\/wp-content\/uploads\/2026\/02\/shutterstock_2144580957-1024x683.jpg 1024w, https:\/\/www.humanium.org\/fr\/wp-content\/uploads\/2026\/02\/shutterstock_2144580957-300x200.jpg 300w, https:\/\/www.humanium.org\/fr\/wp-content\/uploads\/2026\/02\/shutterstock_2144580957-768x512.jpg 768w, https:\/\/www.humanium.org\/fr\/wp-content\/uploads\/2026\/02\/shutterstock_2144580957-1536x1025.jpg 1536w, https:\/\/www.humanium.org\/fr\/wp-content\/uploads\/2026\/02\/shutterstock_2144580957-2048x1366.jpg 2048w, https:\/\/www.humanium.org\/fr\/wp-content\/uploads\/2026\/02\/shutterstock_2144580957-830x554.jpg 830w, https:\/\/www.humanium.org\/fr\/wp-content\/uploads\/2026\/02\/shutterstock_2144580957-230x153.jpg 230w, https:\/\/www.humanium.org\/fr\/wp-content\/uploads\/2026\/02\/shutterstock_2144580957-350x233.jpg 350w, https:\/\/www.humanium.org\/fr\/wp-content\/uploads\/2026\/02\/shutterstock_2144580957-480x320.jpg 480w, https:\/\/www.humanium.org\/fr\/wp-content\/uploads\/2026\/02\/shutterstock_2144580957-272x182.jpg 272w\" sizes=\"auto, (max-width: 1024px) 100vw, 1024px\" \/><\/figure>\n<\/div>\n\n\n<p class=\"wp-block-paragraph\">En Allemagne, la responsabilit\u00e9 du syst\u00e8me <a href=\"https:\/\/www.humanium.org\/fr\/comprendre-droits-enfant\/droit-a-l-education\/\">\u00e9ducatif<\/a> est partag\u00e9e entre la F\u00e9d\u00e9ration et les L\u00e4nder. La Loi fondamentale d\u00e9finit les responsabilit\u00e9s du gouvernement f\u00e9d\u00e9ral dans ce domaine. \u00c0 moins que la Loi fondamentale n&rsquo;accorde des pouvoirs l\u00e9gislatifs \u00e0 la F\u00e9d\u00e9ration, les L\u00e4nder peuvent l\u00e9gif\u00e9rer dans les domaines de l&rsquo;enseignement scolaire, de l&rsquo;enseignement sup\u00e9rieur, de la formation des adultes et de la formation continue. L&rsquo;administration du syst\u00e8me \u00e9ducatif dans ces domaines rel\u00e8ve presque exclusivement de la comp\u00e9tence des L\u00e4nder (Eurydice, 2025).<\/p>\n\n\n\n<p class=\"wp-block-paragraph\"><a href=\"https:\/\/www.humanium.org\/fr\/le-developpement-de-la-petite-enfance-la-fondation-pour-une-societe-durable-et-prospere\/\">L&rsquo;\u00e9ducation pr\u00e9scolaire<\/a> est dispens\u00e9e jusqu&rsquo;\u00e0 l&rsquo;\u00e2ge de six ans, \u00e2ge auquel les enfants d\u00e9butent g\u00e9n\u00e9ralement leur scolarit\u00e9. Ceux qui ne sont pas encore pr\u00eat pour l\u2019\u00e9cole primaire ont la possibilit\u00e9 de fr\u00e9quenter des classes pr\u00e9paratoires,&nbsp;Schulkinderg\u00e4rten ou Vorklassen&nbsp;dans certains L\u00e4nder. Ces \u00e9tablissements rel\u00e8vent soit du secteur pr\u00e9scolaire, soit du secteur primaire, selon le Land concern\u00e9 (Eurydice, 2025).<\/p>\n\n\n\n<p class=\"wp-block-paragraph\">En r\u00e8gle g\u00e9n\u00e9rale, la scolarit\u00e9 obligatoire commence \u00e0 six ans pour tous les enfants en Allemagne et comprend neuf ann\u00e9es d&rsquo;enseignement \u00e0 temps plein. Tous les \u00e9l\u00e8ves en Allemagne entrent \u00e0 l\u2019\u00e9cole primaire (&nbsp;<em>Grundschule<\/em>) qui couvre dans presque tous les L\u00e4nder les classes de la premi\u00e8re \u00e0 la quatri\u00e8me ann\u00e9e (\u00e0 Berlin et dans le Brandebourg, de la premi\u00e8re \u00e0 la sixi\u00e8me ann\u00e9e) (Eurydice, 2025).&nbsp;<\/p>\n\n\n\n<p class=\"wp-block-paragraph\">\u00c0 l&rsquo;issue du cycle primaire, \u00e0 partir de la quatri\u00e8me ann\u00e9e (sixi\u00e8me ann\u00e9e \u00e0 Berlin et dans le Brandebourg), les \u00e9l\u00e8ves sont orient\u00e9s vers diff\u00e9rents parcours scolaires menant au certificat de fin de scolarit\u00e9 de base, au dipl\u00f4me de niveau interm\u00e9diaire ou au baccalaur\u00e9at (<em>Erster Schulabschluss, Mittlerer Schulabschluss, Allgemeine Hochschulreife<\/em>). La formation professionnelle s&rsquo;effectue dans le cadre de l\u2019alternance (<em>duales System<\/em>) et se d\u00e9roule dans deux lieux d&rsquo;apprentissage : sur le lieu de travail et dans une \u00e9cole professionnelle (<em>Berufsschule<\/em>) (Eurydice, 2025).<\/p>\n\n\n\n<p class=\"wp-block-paragraph\">Les jeunes qui ne fr\u00e9quentent pas une \u00e9cole d&rsquo;enseignement g\u00e9n\u00e9ral ou professionnel \u00e0 temps plein au niveau secondaire sup\u00e9rieur, \u00e0 l&rsquo;issue de leur scolarit\u00e9 obligatoire, doivent tout de m\u00eame suivre un enseignement professionnel \u00e0 temps partiel (fr\u00e9quentation obligatoire de la \u00ab&nbsp;<em>Berufsschule&nbsp;<\/em>\u00bb, ou \u00ab&nbsp;<em>Berufsschulpflicht<\/em>&nbsp;\u00bb), d&rsquo;une dur\u00e9e de trois ans (Eurydice, 2025).<\/p>\n\n\n\n<h3 class=\"wp-block-heading\"><a href=\"https:\/\/www.humanium.org\/fr\/comprendre-droits-enfant\/droit-a-la-sante\/#:~:text=Le%20droit%20%C3%A0%20la%20sant%C3%A9%20est%20un%20droit%20fondamental%20pour,meilleur%20%C3%A9tat%20de%20sant%C3%A9%20possible.\"><strong>Droit \u00e0 la sant\u00e9<\/strong><\/a><\/h3>\n\n\n\n<p class=\"wp-block-paragraph\">En Allemagne, les soins de sant\u00e9 sont gratuits pour les enfants s&rsquo;ils sont couverts par l&rsquo;assurance maladie de leurs parents ou tuteurs. Il existe deux types d&rsquo;assurance maladie en Allemagne : l&rsquo;assurance maladie obligatoire (<em>Gesetzliche Krankenversicherung,<\/em> GKV) et l&rsquo;assurance maladie priv\u00e9e (<em>Private Krankenversicherung<\/em>, PKV). L&rsquo;affiliation \u00e0 l&rsquo;assurance obligatoire est impos\u00e9e \u00e0 tous les salari\u00e9s dont le revenu annuel est inf\u00e9rieur au seuil de revenu pour cette assurance (<em>Versicherungspflichtgrenze<\/em>). Environ 90 % de la population est affili\u00e9e \u00e0 une caisse d&rsquo;assurance maladie obligatoire (GKV) (Health for All, 2018).<\/p>\n\n\n\n<p class=\"wp-block-paragraph\">Les enfants sont couverts jusqu&rsquo;\u00e0 un certain \u00e2ge selon leur niveau de scolarit\u00e9. <a href=\"https:\/\/www.humanium.org\/fr\/enfants-handicapes\/#:~:text=Il%20est%20estim%C3%A9%20%C3%A0%20pas,(UN%20DESA%2C%202023).\">Les enfants handicap\u00e9s<\/a> sont couverts quel que soit leur \u00e2ge si leur handicap les emp\u00eache de gagner leur vie (Health for All, 2018). Apr\u00e8s la naissance d&rsquo;un enfant, les parents re\u00e7oivent un carnet de sant\u00e9 indiquant les dates auxquelles certains examens m\u00e9dicaux doivent \u00eatre effectu\u00e9s. Ce programme de routine comprend g\u00e9n\u00e9ralement dix examens m\u00e9dicaux, appel\u00e9s U1 \u00e0 U9, y compris U7a. Le \u00ab U \u00bb vient de \u00ab <em>Untersuchung<\/em> \u00bb (examen). Ces examens m\u00e9dicaux sont couverts par l&rsquo;assurance maladie obligatoire. <\/p>\n\n\n\n<p class=\"wp-block-paragraph\">Le premier (U1) a lieu imm\u00e9diatement apr\u00e8s la naissance. L&rsquo;U2 a lieu entre le troisi\u00e8me et le dixi\u00e8me jour de vie du b\u00e9b\u00e9, soit \u00e0 l&rsquo;h\u00f4pital, soit dans le cabinet d&rsquo;un p\u00e9diatre. De l\u2019U3 \u00e0 U9, ils sont effectu\u00e9s dans le cabinet d&rsquo;un p\u00e9diatre jusqu&rsquo;\u00e0 l&rsquo;\u00e2ge de 5 ans. L&rsquo;examen m\u00e9dical J1 pour adolescents a \u00e9galement lieu dans ce cabinet entre 12 et 14 ans (Health for All, 2018).<\/p>\n\n\n\n<h3 class=\"wp-block-heading\"><a href=\"https:\/\/www.humanium.org\/fr\/droit-a-la-protection\/\"><strong>Droit \u00e0 la protection<\/strong><\/a><\/h3>\n\n\n\n<p class=\"wp-block-paragraph\">La protection de l&rsquo;enfance est supervis\u00e9e par les autorit\u00e9s publiques. Les institutions locales doivent cr\u00e9er un service d&rsquo;aide sociale \u00e0 l&rsquo;enfance (<em>Jugendamt<\/em>), tandis que les institutions supra-locales doivent cr\u00e9er un service r\u00e9gional ou national d&rsquo;aide sociale \u00e0 l&rsquo;enfance (<em>Landesjugendamt<\/em>) et chaque L\u00e4nder doit le cr\u00e9er (Nunes, n.d.).<\/p>\n\n\n\n<p class=\"wp-block-paragraph\">Le service d&rsquo;aide sociale \u00e0 l&rsquo;enfance (<em>Jugendamt<\/em>) est responsable de toutes les familles r\u00e9sidant en Allemagne, quelle que soit leur nationalit\u00e9 ou leur statut de r\u00e9sidence, et il est sp\u00e9cifiquement charg\u00e9 du soutien et de la protection des enfants, des adolescents et des familles. Le service r\u00e9gional de protection de la jeunesse (<em>Landesjugendamt)<\/em> agit en tant qu&rsquo;autorit\u00e9 de surveillance et de conseil pour les organisations de services \u00e0 l&rsquo;enfance et \u00e0 la jeunesse (par exemple&nbsp;: les services de travail avec les jeunes ou les soins en \u00e9tablissement). <\/p>\n\n\n\n<p class=\"wp-block-paragraph\">Il organise \u00e9galement des programmes de formation pour les personnes travaillant dans ces services, met en place des initiatives de financement au niveau r\u00e9gional, \u00e9labore des normes professionnelles et a ainsi une influence g\u00e9n\u00e9rale sur la structure des services \u00e0 l&rsquo;enfance et \u00e0 la jeunesse (Youth Wiki, Youth policy decision-making, 2025).<\/p>\n\n\n<div class=\"wp-block-image\">\n<figure class=\"alignright size-large is-resized\"><img loading=\"lazy\" decoding=\"async\" width=\"1024\" height=\"683\" src=\"https:\/\/www.humanium.org\/fr\/wp-content\/uploads\/2026\/02\/shutterstock_2447973039-1-1024x683.jpg\" alt=\"\" class=\"wp-image-61843\" style=\"aspect-ratio:1.4992888417882142;width:370px;height:auto\" srcset=\"https:\/\/www.humanium.org\/fr\/wp-content\/uploads\/2026\/02\/shutterstock_2447973039-1-1024x683.jpg 1024w, https:\/\/www.humanium.org\/fr\/wp-content\/uploads\/2026\/02\/shutterstock_2447973039-1-300x200.jpg 300w, https:\/\/www.humanium.org\/fr\/wp-content\/uploads\/2026\/02\/shutterstock_2447973039-1-768x512.jpg 768w, https:\/\/www.humanium.org\/fr\/wp-content\/uploads\/2026\/02\/shutterstock_2447973039-1-1536x1025.jpg 1536w, https:\/\/www.humanium.org\/fr\/wp-content\/uploads\/2026\/02\/shutterstock_2447973039-1-2048x1366.jpg 2048w, https:\/\/www.humanium.org\/fr\/wp-content\/uploads\/2026\/02\/shutterstock_2447973039-1-830x554.jpg 830w, https:\/\/www.humanium.org\/fr\/wp-content\/uploads\/2026\/02\/shutterstock_2447973039-1-230x153.jpg 230w, https:\/\/www.humanium.org\/fr\/wp-content\/uploads\/2026\/02\/shutterstock_2447973039-1-350x233.jpg 350w, https:\/\/www.humanium.org\/fr\/wp-content\/uploads\/2026\/02\/shutterstock_2447973039-1-480x320.jpg 480w, https:\/\/www.humanium.org\/fr\/wp-content\/uploads\/2026\/02\/shutterstock_2447973039-1-272x182.jpg 272w\" sizes=\"auto, (max-width: 1024px) 100vw, 1024px\" \/><\/figure>\n<\/div>\n\n\n<p class=\"wp-block-paragraph\">La loi f\u00e9d\u00e9rale allemande sur la protection de l&rsquo;enfance (<em>Bundeskinderschutzgesetz<\/em>) pr\u00e9voit des dispositions relatives au recours \u00e0 l&rsquo;Aide pr\u00e9coce aupr\u00e8s de la Petite Enfance (<em>Fr\u00fche Hilfen<\/em>) par le biais de r\u00e9seaux et de services d\u00e9di\u00e9s. Ces dispositifs comprennent des services d&rsquo;accompagnement (<em>Lotsendienste<\/em>) et des services de visite \u00e0 domicile par des professionnels de la sant\u00e9 afin de soutenir les familles ayant un enfant \u00e2g\u00e9 de 0 \u00e0 3 ans, en apportant une aide suppl\u00e9mentaire \u00e0 celles en grandes difficult\u00e9s (Minist\u00e8re F\u00e9d\u00e9ral de l&rsquo;\u00c9ducation, de la Famille, des Personnes \u00e2g\u00e9es, des Femmes et de la Jeunesse, 2025).<\/p>\n\n\n\n<p class=\"wp-block-paragraph\">La Fondation f\u00e9d\u00e9rale pour l&rsquo;aide pr\u00e9coce \u00e0 l&rsquo;enfance (<em>Bundesstiftung Fr\u00fche Hilfen<\/em>) a \u00e9t\u00e9 cr\u00e9\u00e9e en janvier 2018 dans le cadre de cette loi. Elle a pour objectif d&rsquo;aider les familles \u00e0 \u00e9lever leurs enfants dans de bonnes conditions sanitaires et \u00e0 les prot\u00e9ger contre la violence. La cr\u00e9ation de cette fondation a rendu obligatoire le financement f\u00e9d\u00e9ral de l&rsquo;aide \u00e0 la petite enfance. Le gouvernement f\u00e9d\u00e9ral a ainsi engag\u00e9 environ 51 millions d&rsquo;euros par an pour compl\u00e9ter le financement fourni par les L\u00e4nder et les communes (Minist\u00e8re F\u00e9d\u00e9ral de l&rsquo;\u00c9ducation, de la Famille, des Personnes \u00e2g\u00e9es, des Femmes et de la Jeunesse, 2025).<\/p>\n\n\n\n<p class=\"wp-block-paragraph\">La loi allemande sur la protection des mineurs (<em>Jugendschutzgesetz<\/em>) vise \u00e0 prot\u00e9ger les enfants et les adolescents dans les lieux publics. Elle r\u00e9glemente la vente et la consommation <a href=\"https:\/\/www.humanium.org\/fr\/enfants-dependances\/#:~:text=La%20toxicomanie%20chez%20les%20enfants,au%20cours%20de%20l'adolescence.\">de tabac, de cigarettes \u00e9lectroniques, de chichas \u00e9lectroniques et d&rsquo;alcool,<\/a> ainsi que l&rsquo;acc\u00e8s aux discoth\u00e8ques et aux bars. Elle s&rsquo;adresse aux d\u00e9taillants, aux entreprises du secteur de l&rsquo;h\u00f4tellerie et de la restauration, ainsi qu&rsquo;aux organisateurs d&rsquo;\u00e9v\u00e9nements publics et les oblige \u00e0 prot\u00e9ger les enfants et les jeunes contre les risques potentiels. Parall\u00e8lement, la loi fournit aux parents des conseils pr\u00e9cieux pour \u00e9duquer et prot\u00e9ger leurs enfants (Minist\u00e8re f\u00e9d\u00e9ral de l&rsquo;\u00c9ducation, de la Famille, des Personnes \u00e2g\u00e9es, des Femmes et de la Jeunesse, 2025).<\/p>\n\n\n\n<p class=\"wp-block-paragraph\">Par ailleurs, la loi sur la protection des mineurs oblige les plateformes de films et de jeux vid\u00e9o \u00e0 indiquer une classification par \u00e2ge pour leurs contenus. L&rsquo;Agence f\u00e9d\u00e9rale pour la protection des enfants et des jeunes dans les m\u00e9dias supervise les dispositions prises par les fournisseurs de plateformes. Celles-ci sont requises en vertu de la loi sur les services num\u00e9riques pour garantir la s\u00e9curit\u00e9 de leur contenu lorsqu\u2019ils sont utilis\u00e9s par les mineurs. <\/p>\n\n\n\n<p class=\"wp-block-paragraph\">Cela inclut des mesures de pr\u00e9vention efficaces, comme des syst\u00e8mes de signalement et des services ind\u00e9pendants de conseil et d&rsquo;assistance. La v\u00e9rification de l&rsquo;\u00e2ge est \u00e9galement essentielle pour garantir <a href=\"https:\/\/www.humanium.org\/fr\/les-risques-pour-les-enfants-qui-surfent-sur-internet\/#:~:text=En%20naviguant%20sur%20Internet%2C%20des,suicide%20(UNICEF%2C%202023).\">la s\u00e9curit\u00e9 des enfants sur les plateformes en ligne<\/a> (Minist\u00e8re f\u00e9d\u00e9ral de l&rsquo;\u00c9ducation, de la Famille, des Personnes \u00e2g\u00e9es, des Femmes et de la Jeunesse, 2025).<\/p>\n\n\n\n<h3 class=\"wp-block-heading\"><a href=\"https:\/\/www.humanium.org\/fr\/comprendre-droits-enfant\/droit-aux-libertes\/#:~:text=Le%20droit%20%C3%A0%20la%20libert%C3%A9,humains%2C%20y%20compris%20les%20enfants.\"><strong>Droit \u00e0 la libert\u00e9<\/strong><\/a><\/h3>\n\n\n\n<p class=\"wp-block-paragraph\">Le droit ultime de participer \u00e0 la d\u00e9mocratie s&rsquo;exprime par le droit de vote. En Allemagne, les citoyens peuvent voter d\u00e8s l&rsquo;\u00e2ge de 18 ans depuis 1972. Auparavant, l&rsquo;\u00e2ge minimum \u00e9tait fix\u00e9 \u00e0 21 ans. L&rsquo;abaissement de l&rsquo;\u00e2ge minimum pour voter \u00e0 16 ans lors <a href=\"https:\/\/www.humanium.org\/fr\/jeunes-citoyens-jeunes-electeurs-la-belgique-abaisse-lage-du-vote-a-16-ans-pour-les-elections-europeennes\/\">des \u00e9lections au Parlement europ\u00e9en<\/a> et au Bundestag allemand figure parmi les principales promesses du gouvernement f\u00e9d\u00e9ral pour la 20\u00e8me l\u00e9gislature (Youth Wiki, Youth participation, 2023).<\/p>\n\n\n\n<p class=\"wp-block-paragraph\">En revanche, les citoyens peuvent voter sur des questions d&rsquo;actualit\u00e9 au niveau des L\u00e4nder (\u00c9tats f\u00e9d\u00e9r\u00e9s) dans les 16 \u00c9tats f\u00e9d\u00e9r\u00e9s. Les lois des L\u00e4nder r\u00e9gissent les processus de vote, et ces lois sont diff\u00e9rentes dans chacun d&rsquo;entre eux. L&rsquo;\u00e2ge requis pour participer aux initiatives populaires (<em>Volksinitiativen,<\/em> appel\u00e9es <em>Volksantr\u00e4ge<\/em> en Saxe) et aux r\u00e9f\u00e9rendums varie d&rsquo;un \u00e9tat \u00e0 l&rsquo;autre. Par exemple, dans le Brandebourg et \u00e0 Berlin, l&rsquo;\u00e2ge minimum pour voter est de 16 ans, tandis qu&rsquo;en Bavi\u00e8re et en Rh\u00e9nanie-du-Nord-Westphalie, il est de 18 ans (Youth Wiki, Youth participation, 2023).<\/p>\n\n\n\n<p class=\"wp-block-paragraph\">Concernant <a href=\"https:\/\/www.humanium.org\/fr\/le-cycle-vertueux-de-la-participation-effective-de-lenfant\/\">la participation des jeunes<\/a>, l&rsquo;Allemagne ne dispose pas de parlement de jeunes g\u00e9r\u00e9 par le gouvernement ni d&rsquo;une structure similaire au niveau national. Au niveau f\u00e9d\u00e9ral, il existe diff\u00e9rents modes de participation, tels que les conf\u00e9rences f\u00e9d\u00e9rales de la jeunesse (Bundesjugendkonferenzen) ou les journ\u00e9es politiques de la jeunesse (JugendPolitikTage) (alternant chaque ann\u00e9e) (Youth Wiki, Repr\u00e9sentation des jeunes, 2023).<\/p>\n\n\n\n<p class=\"wp-block-paragraph\">Des comit\u00e9s consultatifs pour les enfants et les jeunes existent \u00e0 tous les niveaux. Ils aident les d\u00e9cideurs politiques en leur fournissant des informations, en pr\u00e9sentant le point de vue des jeunes et en sugg\u00e9rant des moyens de renforcer la d\u00e9fense de leurs int\u00e9r\u00eats. Chaque comit\u00e9\/conseil consultatif a sa propre m\u00e9thode d\u2019\u00e9lection de d\u00e9l\u00e9gu\u00e9s et de fonctionnement (Youth Wiki, Youth representation, 2023). En voici deux exemples :<\/p>\n\n\n\n<ul class=\"wp-block-list\">\n<li>Au niveau f\u00e9d\u00e9ral&nbsp;: le Conseil consultatif des jeunes du minist\u00e8re f\u00e9d\u00e9ral de la Coop\u00e9ration \u00e9conomique et du D\u00e9veloppement (<em>Bundesministerium f\u00fcr wirtschaftliche Zusammenarbeit und Entwicklung, BMZ<\/em>) milite en faveur d\u2019une politique de d\u00e9veloppement allemande plus favorable aux enfants et aux jeunes. Le conseil participe \u00e0 de nombreux \u00e9v\u00e9nements. Il propose \u00e9galement des moyens d&rsquo;accro\u00eetre la participation des enfants et des jeunes \u00e0 cette politique de d\u00e9veloppement et r\u00e9dige des documents d&rsquo;orientation \u00e0 cet effet. Ses membres se r\u00e9unissent plusieurs fois par an. Le conseil organise \u00e9galement des rencontres avec des enfants et des jeunes des pays partenaires (Youth Wiki, Youth representation, 2023).<\/li>\n<\/ul>\n\n\n\n<ul class=\"wp-block-list\">\n<li>Au niveau r\u00e9gional (L\u00e4nder)&nbsp;: le Conseil des enfants et des jeunes de Rh\u00e9nanie-du-Nord-Westphalie repr\u00e9sente les enfants et les jeunes dans les questions qui les concernent et participe aux d\u00e9cisions relatives \u00e0 la politique de l&rsquo;\u00c9tat. Il est compos\u00e9 de d\u00e9l\u00e9gu\u00e9s issus de tous les comit\u00e9s d&rsquo;enfants et de jeunes de la r\u00e9gion. Au d\u00e9but de chaque l\u00e9gislature locale, chacun de ces comit\u00e9s \u00e9lit deux d\u00e9l\u00e9gu\u00e9s et deux suppl\u00e9ants. Les d\u00e9l\u00e9gu\u00e9s \u00e9lisent ensuite cinq porte-parole parmi eux. Ces porte-parole dirigent les r\u00e9unions du conseil et le repr\u00e9sentent en public. L&rsquo;\u00e9quipe des porte-parole est \u00e9lue pour une l\u00e9gislature de deux ans (Youth Wiki, Youth representation, 2023).<\/li>\n<\/ul>\n\n\n\n<h2 class=\"wp-block-heading\"><strong>Facteurs de risque \u2013&gt; D\u00e9fis sp\u00e9cifiques au pays<\/strong><\/h2>\n\n\n\n<h3 class=\"wp-block-heading\"><a href=\"https:\/\/www.humanium.org\/fr\/pauvrete\/\"><strong>La pauvret\u00e9 infantile<\/strong><\/a><\/h3>\n\n\n\n<p class=\"wp-block-paragraph\">Bien que l&rsquo;Allemagne soit la troisi\u00e8me \u00e9conomie mondiale juste derri\u00e8re les \u00c9tats-Unis et la Chine et devant le Japon, 22,9 % des enfants sont expos\u00e9s au risque de pauvret\u00e9 ou d&rsquo;exclusion sociale (AROPE), ce qui place le pays dans le tiers inf\u00e9rieur en Europe (Eurostat, 2024). Cela repr\u00e9sente 1 enfant sur 5, soit 2,9 millions d&rsquo;enfants et de jeunes de moins de 18 ans (Hoffmann, 2024). <\/p>\n\n\n\n<p class=\"wp-block-paragraph\">\u00c0 Berlin, 1 enfant sur 4 grandit dans la pauvret\u00e9. Ceux qui vivent dans le quartier Est de la ville, Marzahn-Hellersdorf, sont souvent confront\u00e9s \u00e0 de nombreux obstacles dans la vie, tels que la maladie, un acc\u00e8s limit\u00e9 \u00e0 une alimentation ad\u00e9quate et \u00e0 des activit\u00e9s de loisirs, y compris sportives, ce qui rend particuli\u00e8rement difficile de briser le cycle de la pauvret\u00e9 (DW, 2025).<\/p>\n\n\n\n<p class=\"wp-block-paragraph\">L&rsquo;une des principales difficult\u00e9s r\u00e9side dans la faible capacit\u00e9 financi\u00e8re des m\u00e9nages. Avec 31,9 % de la population incapable de faire face \u00e0 des d\u00e9penses impr\u00e9vues, le pays se classe au 19\u00e8me rang, ce qui sugg\u00e8re qu&rsquo;une personne sur trois environ ne dispose pas de la r\u00e9serve financi\u00e8re n\u00e9cessaire pour g\u00e9rer des co\u00fbts suppl\u00e9mentaires. <\/p>\n\n\n\n<p class=\"wp-block-paragraph\">Les m\u00e9nages ont du mal \u00e0 assumer des d\u00e9penses non-essentielles mais faisant parties des normes sociales du pays : 20,5 % d\u00e9clarent ne pas pouvoir se permettre une semaine de vacances par an, et 15,1 % ne peuvent pas remplacer leurs meubles ab\u00eem\u00e9s. Le pays se classe respectivement \u00e0 la 11\u00e8me et \u00e0 la 12\u00e8me place pour ces indicateurs (UNICEF, 2025).<\/p>\n\n\n\n<p class=\"wp-block-paragraph\">Des inqui\u00e9tudes apparaissent \u00e9galement concernant certaines formes de privation sociale. : 12,4 % des individus ne peuvent pas pratiquer r\u00e9guli\u00e8rement <a href=\"https:\/\/www.humanium.org\/fr\/article-31-la-necessite-de-jouer-dans-la-vie-des-enfants\/#:~:text=Les%20enfants%20ont%20le%20droit,et%20les%20camps%20de%20r%C3%A9fugi%C3%A9s.\">des activit\u00e9s de loisirs<\/a> (21\u00e8me rang) et 8,9 % n&rsquo;ont pas les moyens de participer \u00e0 des r\u00e9unions sociales mensuelles (22\u00e8me rang sur 29 pays). Le pays affiche \u00e9galement de mauvais r\u00e9sultats en mati\u00e8re d&rsquo;acc\u00e8s \u00e0 <a href=\"https:\/\/www.humanium.org\/fr\/comprendre-droits-enfant\/droit-a-l-alimentation\/#:~:text=Le%20droit%20%C3%A0%20une%20alimentation,mettre%20leur%20vie%20en%20danger.\">un repas riche en prot\u00e9ines<\/a> au moins 1 jour sur 2 (23\u00e8me rang). En 2024, environ 11 % de la population ne pouvait pas manger un repas \u00e9quilibr\u00e9 compos\u00e9 de viande, de poisson ou d&rsquo;un \u00e9quivalent v\u00e9g\u00e9tarien au moins un jour sur deux (UNICEF, 2025).<\/p>\n\n\n<div class=\"wp-block-image\">\n<figure class=\"alignleft size-large is-resized\"><img loading=\"lazy\" decoding=\"async\" width=\"1024\" height=\"681\" src=\"https:\/\/www.humanium.org\/fr\/wp-content\/uploads\/2026\/02\/shutterstock_360848303-1024x681.jpg\" alt=\"\" class=\"wp-image-61844\" style=\"aspect-ratio:1.502851392150285;width:354px;height:auto\" srcset=\"https:\/\/www.humanium.org\/fr\/wp-content\/uploads\/2026\/02\/shutterstock_360848303-1024x681.jpg 1024w, https:\/\/www.humanium.org\/fr\/wp-content\/uploads\/2026\/02\/shutterstock_360848303-300x200.jpg 300w, https:\/\/www.humanium.org\/fr\/wp-content\/uploads\/2026\/02\/shutterstock_360848303-768x511.jpg 768w, https:\/\/www.humanium.org\/fr\/wp-content\/uploads\/2026\/02\/shutterstock_360848303-1536x1022.jpg 1536w, https:\/\/www.humanium.org\/fr\/wp-content\/uploads\/2026\/02\/shutterstock_360848303-2048x1363.jpg 2048w, https:\/\/www.humanium.org\/fr\/wp-content\/uploads\/2026\/02\/shutterstock_360848303-830x552.jpg 830w, https:\/\/www.humanium.org\/fr\/wp-content\/uploads\/2026\/02\/shutterstock_360848303-230x153.jpg 230w, https:\/\/www.humanium.org\/fr\/wp-content\/uploads\/2026\/02\/shutterstock_360848303-350x233.jpg 350w, https:\/\/www.humanium.org\/fr\/wp-content\/uploads\/2026\/02\/shutterstock_360848303-480x319.jpg 480w, https:\/\/www.humanium.org\/fr\/wp-content\/uploads\/2026\/02\/shutterstock_360848303-272x182.jpg 272w\" sizes=\"auto, (max-width: 1024px) 100vw, 1024px\" \/><\/figure>\n<\/div>\n\n\n<p class=\"wp-block-paragraph\">Les enfants les plus expos\u00e9s au risque de pauvret\u00e9 en Allemagne sont les enfants issus de l\u2019immigration, en particulier les enfants r\u00e9fugi\u00e9s, les enfants de familles monoparentales et les enfants de familles comptant plus de deux enfants (Eurochild, 2022). Le programme dit de protection de l\u2019enfance (\u00ab Kindergrundsicherung \u00bb) a fait l\u2019objet de d\u00e9bats intenses au sein de l\u2019ancien gouvernement allemand et devait pr\u00e9voir une r\u00e9forme des transferts sociaux. <\/p>\n\n\n\n<p class=\"wp-block-paragraph\">La question de savoir dans quelle mesure les transferts mon\u00e9taires destin\u00e9s aux familles \u00e0 faibles revenus pourraient \u00e9liminer la pauvret\u00e9 infantile \u00e9tait alors, et demeure encore aujourd\u2019hui, controvers\u00e9e. En 2023, certaines composantes de cet ancien gouvernement \u00e9taient favorables \u00e0 des solutions \u00e0 long terme contre la pauvret\u00e9 des enfants et consid\u00e9raient l\u2019int\u00e9gration des jeunes parents dans l\u2019emploi r\u00e9mun\u00e9r\u00e9 comme la base la plus importante pour y parvenir. <\/p>\n\n\n\n<p class=\"wp-block-paragraph\">Toutefois, le projet de loi sur l\u2019allocation de base pour les enfants, adopt\u00e9 par l\u2019ancien gouvernement f\u00e9d\u00e9ral en septembre 2023, ne contenait aucune disposition concernant des mesures visant \u00e0 encourager les jeunes parents aptes au travail \u00e0 participer \u00e0 des programmes de rattrapage \u00e9ducatif et \u00e0 acc\u00e9der \u00e0 un emploi r\u00e9mun\u00e9r\u00e9 (Hoffmann, 2024). En conclusion, ce projet peut d\u00e9sormais \u00eatre consid\u00e9r\u00e9 comme un \u00e9chec, puisque des \u00e9lections anticip\u00e9es ont eu lieu pour le Parlement allemand (Bundestag), entra\u00eenant un changement de gouvernement.<\/p>\n\n\n\n<h3 class=\"wp-block-heading\"><a href=\"https:\/\/www.humanium.org\/fr\/exploitation-sexuelle-enfants\/\"><strong>Maltraitance des enfants<\/strong><\/a><\/h3>\n\n\n\n<p class=\"wp-block-paragraph\">En 2022, les statistiques polici\u00e8res ont recens\u00e9 15 520 cas d&rsquo;abus sexuels sur des enfants, ainsi que 42 075 cas de distribution, d&rsquo;acquisition, de possession et de production de \u00ab pornographie enfantine \u00bb. Cependant, le nombre de cas non signal\u00e9s est bien plus \u00e9lev\u00e9. Selon l&rsquo;Organisation mondiale de la sant\u00e9 (OMS), pr\u00e8s d\u2019un million d&rsquo;enfants et d&rsquo;adolescents en Allemagne ont d\u00e9j\u00e0 subi ou subissent actuellement des violences sexuelles de la part d&rsquo;adultes. Cela repr\u00e9sente environ 1 \u00e0 2 enfants par classe (Commissaire F\u00e9d\u00e9ral Ind\u00e9pendant contre la Maltraitance Sexuelle des Enfants, s.d.).<\/p>\n\n\n\n<p class=\"wp-block-paragraph\">Depuis plusieurs ann\u00e9es, on observe une augmentation constante des chiffres indiqu\u00e9s dans les statistiques sur la criminalit\u00e9. Celle-ci pourrait s&rsquo;expliquer par une volont\u00e9 d\u2019alerter davantage sur les comportements d\u00e9lictueux. Par exemple, le nombre d&rsquo;images p\u00e9dopornographiques publi\u00e9es sur Internet a doubl\u00e9 entre 2020 (21 868 cas) et 2022 (48 821 cas). En fait, tr\u00e8s peu d\u2019abus sexuels sur mineurs sont r\u00e9ellement signal\u00e9s ou enregistr\u00e9s par la police, de nombreuses agressions ne sont donc pas comptabilis\u00e9es dans les statistiques et demeurent ainsi ignor\u00e9es (Commissaire f\u00e9d\u00e9ral ind\u00e9pendant contre les abus sexuels sur les enfants, s.d.).<\/p>\n\n\n\n<p class=\"wp-block-paragraph\">Le minist\u00e8re a travaill\u00e9 en \u00e9troite collaboration avec la commissaire f\u00e9d\u00e9rale ind\u00e9pendante charg\u00e9e de la lutte contre les abus sexuels sur les enfants et les adolescents (<em>Unabh\u00e4ngige Bundesbeauftragte gegen sexuellen Missbrauch von Kindern und Jugendlichen<\/em>) afin d&rsquo;\u00e9laborer des politiques et des programmes de pr\u00e9vention de la violence sexuelle et de protection des enfants et des adolescents. Ces mesures s&rsquo;adressent \u00e9galement aux personnes qui c\u00f4toient les enfants au quotidien, notamment les parents et les enseignants, car ils doivent \u00eatre impliqu\u00e9s, sensibilis\u00e9s et form\u00e9s afin d&rsquo;agir au sein d&rsquo;un collectif solide et fiable (minist\u00e8re f\u00e9d\u00e9ral de l&rsquo;\u00c9ducation, de la Famille, des Personnes \u00e2g\u00e9es, des Femmes et de la Jeunesse, 2025).<\/p>\n\n\n\n<p class=\"wp-block-paragraph\">En 2025, la loi visant \u00e0 renforcer les structures de lutte contre les violences sexuelles envers les enfants et les adolescents (<em>Gesetz zur St\u00e4rkung der Strukturen gegen sexuelle Gewalt an Kindern und Jugendliche<\/em>) est entr\u00e9e en vigueur. Cette loi institutionnalise le bureau du commissaire f\u00e9d\u00e9ral ind\u00e9pendant contre les abus sexuels sur les enfants et les adolescents et l\u2019oblige dor\u00e9navant \u00e0 signaler l&rsquo;ampleur de la violence sexuelle \u00e0 l&rsquo;encontre des enfants et des adolescents (minist\u00e8re f\u00e9d\u00e9ral de l&rsquo;\u00c9ducation, de la Famille, des Personnes \u00e2g\u00e9es, des Femmes et de la Jeunesse, 2025).<\/p>\n\n\n\n<h3 class=\"wp-block-heading\"><a href=\"https:\/\/www.humanium.org\/fr\/trafic-enfants\/\"><strong>Trafic d\u2019enfants<\/strong><\/a><\/h3>\n\n\n\n<p class=\"wp-block-paragraph\">L&rsquo;Office f\u00e9d\u00e9ral allemand de police criminelle a recens\u00e9 un total de 576 enqu\u00eates sur des affaires de traite d&rsquo;\u00eatres humains en 2024, soit une augmentation de 13 % par rapport \u00e0 2023 et le taux le plus haut depuis le d\u00e9but de la collecte de ces donn\u00e9es en 2000 par l&rsquo;Office f\u00e9d\u00e9ral de police criminelle (BKA). La plupart des cas (364) concernaient l&rsquo;exploitation sexuelle, soit le nombre le plus important enregistr\u00e9 par l&rsquo;Office f\u00e9d\u00e9ral allemand de police criminelle (BKA) depuis dix ans (Shelton, 2025).<\/p>\n\n\n\n<p class=\"wp-block-paragraph\">Cette exploitation se produit de plus en plus souvent dans des domiciles priv\u00e9s, un environnement difficile \u00e0 surveiller. L\u2019Office f\u00e9d\u00e9ral de police criminelle (BKA) en d\u00e9duit donc que le nombre r\u00e9el de crimes commis est largement sup\u00e9rieur. Les victimes et les suspects proviennent souvent d&rsquo;autres pays europ\u00e9ens, avec une augmentation notable du nombre de victimes chinoises et colombiennes (Shelton, 2025).<\/p>\n\n\n\n<p class=\"wp-block-paragraph\">Les mineurs sont particuli\u00e8rement vuln\u00e9rables&nbsp;: on d\u00e9nombre en effet plus de 200 cas impliquant des enfants et des adolescents, presque tous dans le cadre de l&rsquo;exploitation sexuelle \u00e0 des fins commerciales. Le contact est souvent \u00e9tabli en ligne \u00e0 l&rsquo;aide de la \u00ab&nbsp;<a href=\"https:\/\/www.humanium.org\/fr\/lutte-contre-lexploitation-sexuelle-collective-sur-mineurs-au-royaume-uni\/\">m\u00e9thode lover boys<\/a> \u00bb, qui consiste pour les trafiquants \u00e0 utiliser de fausses promesses d&rsquo;amour comme arme pour attirer et manipuler leurs victimes. Une fois leurs victimes sous emprise, ils les exploitent, par exemple dans l&rsquo;industrie du sexe ou pour d&rsquo;autres activit\u00e9s ill\u00e9gales. Elles sont souvent maintenues dans cette situation par un moyen de contr\u00f4le coercitif, combinant affection, violence et\/ou autres menaces \u00e0 leur encontre et \u00e0 l&rsquo;encontre de leur famille (OIM, 2024).<\/p>\n\n\n\n<h3 class=\"wp-block-heading\"><a href=\"https:\/\/www.humanium.org\/fr\/enfants-des-minorites\/#:~:text=D%C3%A9finition%20des%20enfants%20de%20minorit%C3%A9s&amp;text=La%20Chartre%20des%20Nations%20Unies,des%20Nations%20Unies%2C%201948).\"><strong>Discrimination<\/strong><\/a><\/h3>\n\n\n\n<p class=\"wp-block-paragraph\"><a href=\"https:\/\/www.humanium.org\/fr\/la-fracture-educative-et-les-discriminations-dans-les-territoires-francais-ultramarins\/\">Les in\u00e9galit\u00e9s dans le syst\u00e8me \u00e9ducatif<\/a> persistent en Allemagne. Des \u00e9tudes montrent depuis des d\u00e9cennies que m\u00eame avec des capacit\u00e9s cognitives identiques, les \u00e9l\u00e8ves issus de milieux socio-\u00e9conomiques favoris\u00e9s obtiennent de meilleurs r\u00e9sultats que leurs camarades issus de milieux d\u00e9favoris\u00e9s. Ils ont \u00e9galement plus de chances d&rsquo;\u00eatre orient\u00e9s vers les fili\u00e8res les plus \u00e9lev\u00e9es du syst\u00e8me \u00e9ducatif allemand et d&rsquo;acc\u00e9der \u00e0 l&rsquo;universit\u00e9. Les \u00e9l\u00e8ves issus de l&rsquo;immigration et ceux issus de familles \u00e0 faibles revenus ont \u00e9galement moins de chances de poursuivre leurs \u00e9tudes, car l&rsquo;\u00e9ducation dans les zones rurales est moins d\u00e9velopp\u00e9e que dans les villes.<\/p>\n\n\n\n<p class=\"wp-block-paragraph\">D\u2019apr\u00e8s les analyses, les enfants d&rsquo;origine Turque, Kurde ou Arabe, connus en Allemagne sous le nom d&rsquo;enfants \u00ab migrants \u00bb, m\u00eame ceux issus de l&rsquo;immigration de deuxi\u00e8me ou troisi\u00e8me g\u00e9n\u00e9ration, sont surrepr\u00e9sent\u00e9s dans les&nbsp;\u00ab&nbsp;<em>Hauptschule&nbsp;\u00bb<\/em>, les \u00e9tablissements secondaires professionnels ou d\u2019apprentissage. Deux fois plus d\u2019entre eux&nbsp; fr\u00e9quentent les&nbsp;\u00ab&nbsp;<em>Hauptschule&nbsp;\u00bb<\/em>&nbsp; que ceux issus de milieux socio-\u00e9conomiques similaires. Malgr\u00e9 certains progr\u00e8s, les enfants migrants restent sous-repr\u00e9sent\u00e9s dans les&nbsp;\u00ab&nbsp;<em>Gymnasiums&nbsp;\u00bb<\/em>, les lyc\u00e9es d\u2019enseignement g\u00e9n\u00e9ral (Selekisho, n.d.).<\/p>\n\n\n\n<p class=\"wp-block-paragraph\">Plusieurs \u00e9coles primaires et secondaires de Berlin <a href=\"https:\/\/www.humanium.org\/fr\/la-discrimination-et-la-vie-des-enfants-migrants-en-italie\/\">s\u00e9parent les enfants migrants<\/a> des \u00e9l\u00e8ves allemands autochtones en les pla\u00e7ant dans des classes diff\u00e9rentes. La raison invoqu\u00e9e est que leurs comp\u00e9tences linguistiques en allemand sont insuffisantes pour leur permettre de suivre le cursus ordinaire. Cependant, m\u00eame si l&rsquo;allemand est leur seconde langue, leurs acquis linguistiques sont g\u00e9n\u00e9ralement suffisamment solides pour comprendre les cours. <\/p>\n\n\n\n<p class=\"wp-block-paragraph\">Ces processus de s\u00e9lection constituent une forme de discrimination fond\u00e9e sur l&rsquo;origine ethnique ou d&rsquo;autres caract\u00e9ristiques discutables. L&rsquo;enseignement dispens\u00e9 dans ces classes est bien inf\u00e9rieur \u00e0 celui des cursus ordinaires. Cela stigmatise les \u00e9l\u00e8ves migrants et limite leur int\u00e9gration sociale en Allemagne (Selekisho, n.d.).<\/p>\n\n\n\n<p class=\"wp-block-paragraph\">Les enfants <a href=\"https:\/\/www.humanium.org\/fr\/la-discrimination-des-enfants-roms-dans-leducation\/#:~:text=Les%20enfants%20roms%20subissent%20une,les%20parents%20non%2Droms%20n'\">Roms et Sintis&nbsp;<\/a>continuent d&rsquo;\u00eatre victimes de discrimination et d&rsquo;hostilit\u00e9 de la part des enseignants et des autres \u00e9l\u00e8ves \u00e0 l&rsquo;\u00e9cole. Le rapport de 2024 intitul\u00e9 \u00ab L&rsquo;antitsiganisme dans le secteur \u00e9ducatif en utilisant l&rsquo;exemple des \u00e9coles et des cr\u00e8ches \u00bb recueille plusieurs t\u00e9moignages de discrimination \u00e0 l&rsquo;encontre d&rsquo;enfants roms dans les \u00e9tablissements scolaires. <\/p>\n\n\n\n<p class=\"wp-block-paragraph\">Ainsi par exemple, dans une \u00e9cole primaire, un jeune Sinti harcel\u00e9 par des \u00e9l\u00e8ves, ne voulait plus aller \u00e0 l\u2019\u00e9cole car il avait peur d\u2019eux. Les enseignants ont alors menac\u00e9 ses parents de signaler ses absences fr\u00e9quentes au service d&rsquo;aide sociale \u00e0 l&rsquo;enfance, cette institution aurait pu d\u00e9cider de retirer l&rsquo;enfant \u00e0 sa famille (Pieper, 2025).<\/p>\n\n\n\n<p class=\"wp-block-paragraph\">Dans un autre cas, une cr\u00e8che a estim\u00e9 qu&rsquo;un enfant Sinti trilingue \u00e2g\u00e9 de cinq ans pr\u00e9sentait un retard de d\u00e9veloppement. Elle souhaitait l&rsquo;envoyer dans une \u00e9cole maternelle sp\u00e9cialis\u00e9e, m\u00eame si un p\u00e9diatre n&rsquo;avait d\u00e9tect\u00e9 aucun probl\u00e8me de d\u00e9veloppement. Plusieurs \u00e9coles ont refus\u00e9 d&rsquo;admettre des enfants Sinti et Roms, ou ont cherch\u00e9 \u00e0 les transf\u00e9rer dans des \u00e9tablissements pour enfants en difficult\u00e9s, car elles estimaient que ces familles causaient g\u00e9n\u00e9ralement des probl\u00e8mes (Pieper, 2025).<\/p>\n\n\n\n<h3 class=\"wp-block-heading\"><a href=\"https:\/\/www.humanium.org\/fr\/justice-juvenile\/\"><strong>Justice pour mineur<\/strong><\/a><\/h3>\n\n\n\n<p class=\"wp-block-paragraph\">Les nouvelles donn\u00e9es sur la criminalit\u00e9 en Allemagne r\u00e9v\u00e8lent une hausse de la&nbsp;<a href=\"https:\/\/www.humanium.org\/en\/detained-children\/\">criminalit\u00e9 chez les enfants<\/a>&nbsp;et les adolescents. Selon les statistiques publi\u00e9es par l&rsquo;Office f\u00e9d\u00e9ral de police criminelle (BKA), 5,6 millions de crimes ont \u00e9t\u00e9 enregistr\u00e9s en Allemagne en 2022, soit une hausse de 11,5 % par rapport \u00e0 2021. Les chiffres montrent \u00e9galement une augmentation de la criminalit\u00e9 de 3,5 % par rapport \u00e0 2019, derni\u00e8re ann\u00e9e sans mesures de restriction li\u00e9es \u00e0 la COVID-19 (Whittle, 2023).&nbsp;<\/p>\n\n\n\n<p class=\"wp-block-paragraph\">Le nombre de mineurs de moins de quatorze ans impliqu\u00e9s dans des affaires criminelles est pass\u00e9 \u00e0 93 095, soit une augmentation de 35,5 % par rapport \u00e0 2021, et environ 189 149 des pr\u00e9venus \u00e9taient \u00e2g\u00e9s de 14 \u00e0 18 ans contre 177 082 en 2019. Le d\u00e9lit le plus fr\u00e9quemment commis par les enfants et les adolescents est le vol, suivi des agressions, des dommages mat\u00e9riels et des infractions li\u00e9es \u00e0 la drogue (Whittle, 2023).<\/p>\n\n\n\n<p class=\"wp-block-paragraph\">Au fil des ans, plusieurs strat\u00e9gies innovantes ont \u00e9t\u00e9 \u00e9labor\u00e9es et test\u00e9es en Allemagne pour pr\u00e9venir la criminalit\u00e9 chez les enfants et les adolescents. Ainsi, en 1997, le Centre pour la pr\u00e9vention de la d\u00e9linquance juv\u00e9nile (<em>Arbeitsstelle Kinder- und Jugendkriminalit\u00e4tspr\u00e4vention<\/em>) a \u00e9t\u00e9 cr\u00e9\u00e9 pour promouvoir des approches innovantes et efficaces, \u00e9tablir des normes de qualit\u00e9 et encourager la coop\u00e9ration entre les institutions et les personnes engag\u00e9es dans ce domaine (Minist\u00e8re f\u00e9d\u00e9ral de l&rsquo;\u00e9ducation, de la famille, des personnes \u00e2g\u00e9es, des femmes et de la jeunesse, 2025).<\/p>\n\n\n\n<p class=\"wp-block-paragraph\"><strong><em>\u00c9crit par Arianna Braga<\/em><\/strong><\/p>\n\n\n\n<p class=\"wp-block-paragraph\"><strong><em>Relu en interne par Aditi Partha<\/em><\/strong><\/p>\n\n\n\n<p class=\"wp-block-paragraph\"><strong><em>Traduit par Fran\u00e7oise Carpentier<\/em><\/strong><\/p>\n\n\n\n<p class=\"wp-block-paragraph\"><strong><em>Relu par Line Goddi<\/em><\/strong><\/p>\n\n\n\n<p class=\"wp-block-paragraph\"><strong><em>Derni\u00e8re mise \u00e0 jour le 19 janvier 2026<\/em><\/strong><\/p>\n\n\n\n<h4 class=\"wp-block-heading\"><strong>Bibliographie :<\/strong><\/h4>\n\n\n\n<p class=\"has-small-font-size wp-block-paragraph\">Britannica (2025). Country page on Germany. Retrieved from Britannica at <a href=\"https:\/\/www.britannica.com\/place\/Germany\">https:\/\/www.britannica.com\/place\/Germany<\/a>, accessed on 23 August 2025.<\/p>\n\n\n\n<p class=\"has-small-font-size wp-block-paragraph\">Children and Youth (2025). Children and Youth. Retrieved from the Federal Ministry for Education, Family Affairs, Senior Citizens, Women and Youth at <a href=\"https:\/\/www.bmbfsfj.bund.de\/bmbfsfj\/meta\/en\/youth\">https:\/\/www.bmbfsfj.bund.de\/bmbfsfj\/meta\/en\/youth<\/a>, accessed on 1 September 2025.<\/p>\n\n\n\n<p class=\"has-small-font-size wp-block-paragraph\">CRC, Concluding Observations (2004). Concluding Observations: Germany. Retrieved from Refworld at <a href=\"https:\/\/www.refworld.org\/policy\/polrec\/crc\/2004\/en\/16084\">https:\/\/www.refworld.org\/policy\/polrec\/crc\/2004\/en\/16084<\/a>, accessed on 27 August 2025.<\/p>\n\n\n\n<p class=\"has-small-font-size wp-block-paragraph\">CRC, Concluding Observations (2019). Concluding Observations: Germany. Retrieved from United Nations at <a href=\"https:\/\/docs.un.org\/en\/CRC\/C\/DEU\/5-6\">https:\/\/docs.un.org\/en\/CRC\/C\/DEU\/5-6<\/a>, accessed on 27 August 2025.<\/p>\n\n\n\n<p class=\"has-small-font-size wp-block-paragraph\">DW (2025). Germany: Condemned to life in poverty? Retrieved from Deutsche Welle (DW) at <a href=\"https:\/\/www.dw.com\/en\/germany-berlin-child-poverty-poor-upward-mobility\/video-72847686\">https:\/\/www.dw.com\/en\/germany-berlin-child-poverty-poor-upward-mobility\/video-72847686<\/a>, accessed on 6 September 2025.<\/p>\n\n\n\n<p class=\"has-small-font-size wp-block-paragraph\">Eurochild (2022). Country profile 2022 \u2013 Germany. Retrieved from Eurochild at <a href=\"https:\/\/eurochild.org\/uploads\/2023\/01\/Germany_Invisible-children-Eurochild-2022-report-on-children-in-need-across-Europe.pdf\">https:\/\/eurochild.org\/uploads\/2023\/01\/Germany_Invisible-children-Eurochild-2022-report-on-children-in-need-across-Europe.pdf<\/a>, accessed on 6 September 2025.<\/p>\n\n\n\n<p class=\"has-small-font-size wp-block-paragraph\">Eurostat (2024). Children (aged less than 18) at risk of poverty or social exclusion &#8211; EU2030 target. Retrieved from Eurostat at <a href=\"https:\/\/ec.europa.eu\/eurostat\/databrowser\/view\/tepsr_lm412\/default\/table?lang=en\">https:\/\/ec.europa.eu\/eurostat\/databrowser\/view\/tepsr_lm412\/default\/table?lang=en<\/a>, accessed on 6 September 2025.<\/p>\n\n\n\n<p class=\"has-small-font-size wp-block-paragraph\">EUROSTAT (2025). Population and population change statistics &#8211; Statistics Explained. Retrieved from the European Commission at <a href=\"https:\/\/ec.europa.eu\/eurostat\/statistics-explained\/SEPDF\/cache\/1787.pdf\">https:\/\/ec.europa.eu\/eurostat\/statistics-explained\/SEPDF\/cache\/1787.pdf<\/a>, accessed on 23 August 2025.<\/p>\n\n\n\n<p class=\"has-small-font-size wp-block-paragraph\">Eurydice (2025). Country page on Germany. Retrieved from Eurydice at <a href=\"https:\/\/eurydice.eacea.ec.europa.eu\/eurypedia\/germany\/overview\">https:\/\/eurydice.eacea.ec.europa.eu\/eurypedia\/germany\/overview<\/a>, accessed on 1 September 2025.<\/p>\n\n\n\n<p class=\"has-small-font-size wp-block-paragraph\">Federal Ministry for Education, Family Affairs, Senior Citizens, Women and Youth (2025). Children and Youth. Retrieved from Federal Ministry for Education, Family Affairs, Senior Citizens, Women and Youth at <a href=\"https:\/\/www.bmbfsfj.bund.de\/bmbfsfj\/meta\/en\/youth\">https:\/\/www.bmbfsfj.bund.de\/bmbfsfj\/meta\/en\/youth<\/a>, accessed on 6 September 2025.<\/p>\n\n\n\n<p class=\"has-small-font-size wp-block-paragraph\">Gramlich, J. (2019). East Germany has narrowed economic gap with West Germany since fall of communism, but still lags. Retrieved from Pew Research Center at <a href=\"https:\/\/www.pewresearch.org\/short-reads\/2019\/11\/06\/east-germany-has-narrowed-economic-gap-with-west-germany-since-fall-of-communism-but-still-lags\/\">https:\/\/www.pewresearch.org\/short-reads\/2019\/11\/06\/east-germany-has-narrowed-economic-gap-with-west-germany-since-fall-of-communism-but-still-lags\/<\/a>, accessed on 22 September 2025.<\/p>\n\n\n\n<p class=\"has-small-font-size wp-block-paragraph\">Health for all (2018). Health for all. A guide to the German health care system. Retrieved from Federal Ministry of Health at <a href=\"https:\/\/www.hzdr.de\/db\/Cms?pOid=58827\">https:\/\/www.hzdr.de\/db\/Cms?pOid=58827<\/a>, accessed on 1 September 2025.<\/p>\n\n\n\n<p class=\"has-small-font-size wp-block-paragraph\">Hoffmann, E. (2024). Child poverty: causes, effects, ways out. Retrieved from Konrad Adenauer Stiftung at <a href=\"https:\/\/www.kas.de\/en\/single-title\/-\/content\/child-poverty-causes-effects-ways-out\">https:\/\/www.kas.de\/en\/single-title\/-\/content\/child-poverty-causes-effects-ways-out<\/a>, accessed on 6 September 2025.<\/p>\n\n\n\n<p class=\"has-small-font-size wp-block-paragraph\">Independent Federal Commissioner Against Child Sexual Abuse (n.d.). Figures on Child Sexual Abuse in Germany. Retrieved from Independent Federal Commissioner Against Child Sexual Abuse at <a href=\"https:\/\/beauftragte-missbrauch.de\/en\/themen\/definition\/figures-on-child-sexual-abuse-in-germany\">https:\/\/beauftragte-missbrauch.de\/en\/themen\/definition\/figures-on-child-sexual-abuse-in-germany<\/a>, accessed on 6 September 2025.<\/p>\n\n\n\n<p class=\"has-small-font-size wp-block-paragraph\">IOM (2024). Understanding the &lsquo;lover boy\u2019 technique of human trafficking. Retrieved from IOM at <a href=\"https:\/\/romania.iom.int\/news\/understanding-lover-boy-technique-human-trafficking\">https:\/\/romania.iom.int\/news\/understanding-lover-boy-technique-human-trafficking<\/a>, accessed on 6 September 2025.<\/p>\n\n\n\n<p class=\"has-small-font-size wp-block-paragraph\">National CRC Monitoring Mechanism (n.d.). About the National CRC Monitoring Mechanism. Retrieved from the German Institute for Human Rights at <a href=\"https:\/\/www.institut-fuer-menschenrechte.de\/en\/institute\/departments\/national-crc-monitoring-mechanism\/about-the-national-crc-monitoring-mechanism\">https:\/\/www.institut-fuer-menschenrechte.de\/en\/institute\/departments\/national-crc-monitoring-mechanism\/about-the-national-crc-monitoring-mechanism<\/a>, accessed on 27 August 2025.<\/p>\n\n\n\n<p class=\"has-small-font-size wp-block-paragraph\">Nunes et al. (n.d.). P4P Country Information on Child Protection Systems. Retrieved from Queen\u2019s University of Belfast at <a href=\"https:\/\/www.qub.ac.uk\/sites\/participation-for-protection\/FileStore\/Filetoupload,886285,en.pdf\">https:\/\/www.qub.ac.uk\/sites\/participation-for-protection\/FileStore\/Filetoupload,886285,en.pdf<\/a>, accessed on 1 September 2025.<\/p>\n\n\n\n<p class=\"has-small-font-size wp-block-paragraph\">Pieper, O. (2025). Germany: Sinti and Roma children suffer discrimination. Retrieved from Deutsche Welle at <a href=\"https:\/\/www.dw.com\/en\/germany-sinti-and-roma-children-suffer-discrimination\/a-72114110\">https:\/\/www.dw.com\/en\/germany-sinti-and-roma-children-suffer-discrimination\/a-72114110<\/a>, accessed on 6 September 2025.<\/p>\n\n\n\n<p class=\"has-small-font-size wp-block-paragraph\">ProNATs (2020). Children&rsquo;s rights in Germany. Retrieved from ProNATs at <a href=\"https:\/\/pronats.org\/en\/information\/childhood-and-work\/childrens-rights-in-germany\">https:\/\/pronats.org\/en\/information\/childhood-and-work\/childrens-rights-in-germany<\/a>, accessed on 26 August 2025.<\/p>\n\n\n\n<p class=\"has-small-font-size wp-block-paragraph\">Selekisho, L. (n.d.). Challenges in the German educational system. Retrieved from Broken Chalk at <a href=\"https:\/\/brokenchalk.org\/challenges-in-the-german-educational-system\/\">https:\/\/brokenchalk.org\/challenges-in-the-german-educational-system\/<\/a>, accessed on 6 September 2025.&nbsp;<\/p>\n\n\n\n<p class=\"has-small-font-size wp-block-paragraph\">Shelton, J. (2025). Germany: Police raise alarm over spike in child trafficking. Retrieved from Deutsche Welle (DW) at <a href=\"https:\/\/www.dw.com\/en\/germany-police-raise-alarm-over-spike-in-child-trafficking\/a-73800323\">https:\/\/www.dw.com\/en\/germany-police-raise-alarm-over-spike-in-child-trafficking\/a-73800323<\/a>, accessed on 6 September 2025.<\/p>\n\n\n\n<p class=\"has-small-font-size wp-block-paragraph\">SOS Children\u2019s Villages (n.d.). Country page on Germany. Retrieved from SOS Children\u2019s Villages at <a href=\"https:\/\/www.sos-childrensvillages.org\/where-we-help\/europe\/germany\">https:\/\/www.sos-childrensvillages.org\/where-we-help\/europe\/germany<\/a>, accessed on 23 August 2025.<\/p>\n\n\n\n<p class=\"has-small-font-size wp-block-paragraph\">The Federal Government (2021). Children&rsquo;s rights to be enshrined in the German Basic Law. Retrieved from The Federal Government at <a href=\"https:\/\/www.bundesregierung.de\/breg-en\/service\/archive\/rights-of-child-in-basic-law-1841338\">https:\/\/www.bundesregierung.de\/breg-en\/service\/archive\/rights-of-child-in-basic-law-1841338<\/a>, accessed on 1 September 2025.<\/p>\n\n\n\n<p class=\"has-small-font-size wp-block-paragraph\">UN Treaty Collection (n.d.). Status of Treaties. Retrieved from United Nations Treaty Collection at <a href=\"https:\/\/treaties.un.org\/Pages\/ViewDetails.aspx?src=TREATY&amp;mtdsg_no=IV-11-d&amp;chapter=4&amp;clang=_en\">https:\/\/treaties.un.org\/Pages\/ViewDetails.aspx?src=TREATY&amp;mtdsg_no=IV-11-d&amp;chapter=4&amp;clang=_en<\/a>, accessed on 26 August 2025.<\/p>\n\n\n\n<p class=\"has-small-font-size wp-block-paragraph\">UNICEF (2025). Child poverty in Germany and the EU: a comparison of monetary and non-monetary indicators. Retrieved from UNICEF at <a href=\"https:\/\/headless-live.unicef.de\/caas\/v1\/media\/377438\/data\/a04d223522925067b17c326d27d68f73\">https:\/\/headless-live.unicef.de\/caas\/v1\/media\/377438\/data\/a04d223522925067b17c326d27d68f73<\/a>, accessed on 6 September 2025.<\/p>\n\n\n\n<p class=\"has-small-font-size wp-block-paragraph\">Whittle, H. (2023). Germany sees rise in crime among children. Retrieved from Deutsche Welle (DW) at <a href=\"https:\/\/www.dw.com\/en\/germany-debates-lowering-age-of-criminal-responsibility\/a-65180780\">https:\/\/www.dw.com\/en\/germany-debates-lowering-age-of-criminal-responsibility\/a-65180780<\/a>, accessed on 6 September 2025.<\/p>\n\n\n\n<p class=\"has-small-font-size wp-block-paragraph\">Youth Wiki, Youth participation (2023). 5.2 Youth participation in representative democracy. Retrieved from the European Commission at <a href=\"https:\/\/national-policies.eacea.ec.europa.eu\/youthwiki\/chapters\/germany\/52-youth-participation-in-representative-democracy\">https:\/\/national-policies.eacea.ec.europa.eu\/youthwiki\/chapters\/germany\/52-youth-participation-in-representative-democracy<\/a>, accessed on 1 September 2025.<\/p>\n\n\n\n<p class=\"has-small-font-size wp-block-paragraph\">Youth Wiki, Youth policy decision-making (2025). 1.4 Youth policy decision-making. Retrieved from the European Commission at <a href=\"https:\/\/national-policies.eacea.ec.europa.eu\/youthwiki\/chapters\/germany\/14-youth-policy-decision-making\">https:\/\/national-policies.eacea.ec.europa.eu\/youthwiki\/chapters\/germany\/14-youth-policy-decision-making<\/a>, accessed on 22 September 2025.<\/p>\n\n\n\n<p class=\"has-small-font-size wp-block-paragraph\">Youth Wiki, Youth representation (2023). 5.3 Youth representation bodies. Retrieved from the European Commission at <a href=\"https:\/\/national-policies.eacea.ec.europa.eu\/youthwiki\/chapters\/germany\/53-youth-representation-bodies\">https:\/\/national-policies.eacea.ec.europa.eu\/youthwiki\/chapters\/germany\/53-youth-representation-bodies<\/a>, accessed on 1 September 2025.<\/p>\n\n\n\n<hr class=\"wp-block-separator has-alpha-channel-opacity\"\/>\n\n\n\n<p class=\"has-small-font-size wp-block-paragraph\"><a id=\"_ftn1\" href=\"#_ftnref1\">[1]<\/a> Cet article ne pr\u00e9tend en aucun cas donner un compte rendu complet ou repr\u00e9sentatif des droits des enfants en Allemagne ; en effet, l&rsquo;un des nombreux d\u00e9fis \u00e0 relever est le manque d&rsquo;informations actualis\u00e9es sur les enfants en Allemagne, dont la plupart sont peu fiables, non repr\u00e9sentatives, obsol\u00e8tes ou tout simplement inexistante<\/p>\n","protected":false},"excerpt":{"rendered":"<p>Concr\u00e9tiser les droits des enfants en Allemagne L&rsquo;Allemagne a ratifi\u00e9 la Convention relative aux droits de l&rsquo;enfant (CDE) en 1992 et a depuis adapt\u00e9 son dispositif de protection de l&rsquo;enfance conform\u00e9ment au trait\u00e9. Cependant, certaines difficult\u00e9s entravent encore la pleine concr\u00e9tisation les droits des enfants, dont notamment&nbsp; la pauvret\u00e9 infantile, les abus sexuels sur les [&hellip;]<\/p>\n","protected":false},"author":65,"featured_media":61847,"parent":0,"menu_order":0,"comment_status":"closed","ping_status":"closed","template":"","meta":{"footnotes":""},"class_list":["post-7375","page","type-page","status-publish","has-post-thumbnail","hentry"],"yoast_head":"<!-- This site is optimized with the Yoast SEO plugin v28.3 - https:\/\/yoast.com\/product\/yoast-seo-wordpress\/ -->\n<title>Enfants d&#039;Allemagne - Humanium<\/title>\n<meta name=\"description\" content=\"Certaines difficult\u00e9s continuent d\u2019entraver la concr\u00e9tisation des droits des enfants en Allemagne, notamment la pauvret\u00e9 et la discrimination.\" \/>\n<meta name=\"robots\" content=\"index, follow, max-snippet:-1, max-image-preview:large, max-video-preview:-1\" \/>\n<link rel=\"canonical\" href=\"https:\/\/www.humanium.org\/fr\/allemagne\/\" \/>\n<meta property=\"og:locale\" content=\"fr_FR\" \/>\n<meta property=\"og:type\" content=\"article\" \/>\n<meta property=\"og:title\" content=\"Enfants d&#039;Allemagne - Humanium\" \/>\n<meta property=\"og:description\" content=\"Certaines difficult\u00e9s continuent d\u2019entraver la concr\u00e9tisation des droits des enfants en Allemagne, notamment la pauvret\u00e9 et la discrimination.\" \/>\n<meta property=\"og:url\" content=\"https:\/\/www.humanium.org\/fr\/allemagne\/\" \/>\n<meta property=\"og:site_name\" content=\"Humanium\" \/>\n<meta property=\"article:modified_time\" content=\"2026-02-27T15:16:27+00:00\" \/>\n<meta property=\"og:image\" content=\"https:\/\/www.humanium.org\/fr\/wp-content\/uploads\/2026\/02\/shutterstock_2540957481-scaled.jpg\" \/>\n\t<meta property=\"og:image:width\" content=\"2560\" \/>\n\t<meta property=\"og:image:height\" content=\"1707\" \/>\n\t<meta property=\"og:image:type\" content=\"image\/jpeg\" \/>\n<meta name=\"twitter:card\" content=\"summary_large_image\" \/>\n<meta name=\"twitter:label1\" content=\"Dur\u00e9e de lecture estim\u00e9e\" \/>\n\t<meta name=\"twitter:data1\" content=\"30 minutes\" \/>\n<script type=\"application\/ld+json\" class=\"yoast-schema-graph\">{\"@context\":\"https:\\\/\\\/schema.org\",\"@graph\":[{\"@type\":\"WebPage\",\"@id\":\"https:\\\/\\\/www.humanium.org\\\/fr\\\/allemagne\\\/\",\"url\":\"https:\\\/\\\/www.humanium.org\\\/fr\\\/allemagne\\\/\",\"name\":\"Enfants d'Allemagne - Humanium\",\"isPartOf\":{\"@id\":\"https:\\\/\\\/www.humanium.org\\\/fr\\\/#website\"},\"primaryImageOfPage\":{\"@id\":\"https:\\\/\\\/www.humanium.org\\\/fr\\\/allemagne\\\/#primaryimage\"},\"image\":{\"@id\":\"https:\\\/\\\/www.humanium.org\\\/fr\\\/allemagne\\\/#primaryimage\"},\"thumbnailUrl\":\"https:\\\/\\\/www.humanium.org\\\/fr\\\/wp-content\\\/uploads\\\/2026\\\/02\\\/shutterstock_2540957481-scaled.jpg\",\"datePublished\":\"2011-11-06T18:00:28+00:00\",\"dateModified\":\"2026-02-27T15:16:27+00:00\",\"description\":\"Certaines difficult\u00e9s continuent d\u2019entraver la concr\u00e9tisation des droits des enfants en Allemagne, notamment la pauvret\u00e9 et la discrimination.\",\"breadcrumb\":{\"@id\":\"https:\\\/\\\/www.humanium.org\\\/fr\\\/allemagne\\\/#breadcrumb\"},\"inLanguage\":\"fr-FR\",\"potentialAction\":[{\"@type\":\"ReadAction\",\"target\":[\"https:\\\/\\\/www.humanium.org\\\/fr\\\/allemagne\\\/\"]}]},{\"@type\":\"ImageObject\",\"inLanguage\":\"fr-FR\",\"@id\":\"https:\\\/\\\/www.humanium.org\\\/fr\\\/allemagne\\\/#primaryimage\",\"url\":\"https:\\\/\\\/www.humanium.org\\\/fr\\\/wp-content\\\/uploads\\\/2026\\\/02\\\/shutterstock_2540957481-scaled.jpg\",\"contentUrl\":\"https:\\\/\\\/www.humanium.org\\\/fr\\\/wp-content\\\/uploads\\\/2026\\\/02\\\/shutterstock_2540957481-scaled.jpg\",\"width\":2560,\"height\":1707},{\"@type\":\"BreadcrumbList\",\"@id\":\"https:\\\/\\\/www.humanium.org\\\/fr\\\/allemagne\\\/#breadcrumb\",\"itemListElement\":[{\"@type\":\"ListItem\",\"position\":1,\"name\":\"Home\",\"item\":\"https:\\\/\\\/www.humanium.org\\\/fr\\\/\"},{\"@type\":\"ListItem\",\"position\":2,\"name\":\"Enfants d&rsquo;Allemagne\"}]},{\"@type\":\"WebSite\",\"@id\":\"https:\\\/\\\/www.humanium.org\\\/fr\\\/#website\",\"url\":\"https:\\\/\\\/www.humanium.org\\\/fr\\\/\",\"name\":\"Humanium\",\"description\":\"Les enfants d\u2019abord !\",\"potentialAction\":[{\"@type\":\"SearchAction\",\"target\":{\"@type\":\"EntryPoint\",\"urlTemplate\":\"https:\\\/\\\/www.humanium.org\\\/fr\\\/?s={search_term_string}\"},\"query-input\":{\"@type\":\"PropertyValueSpecification\",\"valueRequired\":true,\"valueName\":\"search_term_string\"}}],\"inLanguage\":\"fr-FR\"}]}<\/script>\n<!-- \/ Yoast SEO plugin. -->","yoast_head_json":{"title":"Enfants d'Allemagne - Humanium","description":"Certaines difficult\u00e9s continuent d\u2019entraver la concr\u00e9tisation des droits des enfants en Allemagne, notamment la pauvret\u00e9 et la discrimination.","robots":{"index":"index","follow":"follow","max-snippet":"max-snippet:-1","max-image-preview":"max-image-preview:large","max-video-preview":"max-video-preview:-1"},"canonical":"https:\/\/www.humanium.org\/fr\/allemagne\/","og_locale":"fr_FR","og_type":"article","og_title":"Enfants d'Allemagne - Humanium","og_description":"Certaines difficult\u00e9s continuent d\u2019entraver la concr\u00e9tisation des droits des enfants en Allemagne, notamment la pauvret\u00e9 et la discrimination.","og_url":"https:\/\/www.humanium.org\/fr\/allemagne\/","og_site_name":"Humanium","article_modified_time":"2026-02-27T15:16:27+00:00","og_image":[{"width":2560,"height":1707,"url":"https:\/\/www.humanium.org\/fr\/wp-content\/uploads\/2026\/02\/shutterstock_2540957481-scaled.jpg","type":"image\/jpeg"}],"twitter_card":"summary_large_image","twitter_misc":{"Dur\u00e9e de lecture estim\u00e9e":"30 minutes"},"schema":{"@context":"https:\/\/schema.org","@graph":[{"@type":"WebPage","@id":"https:\/\/www.humanium.org\/fr\/allemagne\/","url":"https:\/\/www.humanium.org\/fr\/allemagne\/","name":"Enfants d'Allemagne - Humanium","isPartOf":{"@id":"https:\/\/www.humanium.org\/fr\/#website"},"primaryImageOfPage":{"@id":"https:\/\/www.humanium.org\/fr\/allemagne\/#primaryimage"},"image":{"@id":"https:\/\/www.humanium.org\/fr\/allemagne\/#primaryimage"},"thumbnailUrl":"https:\/\/www.humanium.org\/fr\/wp-content\/uploads\/2026\/02\/shutterstock_2540957481-scaled.jpg","datePublished":"2011-11-06T18:00:28+00:00","dateModified":"2026-02-27T15:16:27+00:00","description":"Certaines difficult\u00e9s continuent d\u2019entraver la concr\u00e9tisation des droits des enfants en Allemagne, notamment la pauvret\u00e9 et la discrimination.","breadcrumb":{"@id":"https:\/\/www.humanium.org\/fr\/allemagne\/#breadcrumb"},"inLanguage":"fr-FR","potentialAction":[{"@type":"ReadAction","target":["https:\/\/www.humanium.org\/fr\/allemagne\/"]}]},{"@type":"ImageObject","inLanguage":"fr-FR","@id":"https:\/\/www.humanium.org\/fr\/allemagne\/#primaryimage","url":"https:\/\/www.humanium.org\/fr\/wp-content\/uploads\/2026\/02\/shutterstock_2540957481-scaled.jpg","contentUrl":"https:\/\/www.humanium.org\/fr\/wp-content\/uploads\/2026\/02\/shutterstock_2540957481-scaled.jpg","width":2560,"height":1707},{"@type":"BreadcrumbList","@id":"https:\/\/www.humanium.org\/fr\/allemagne\/#breadcrumb","itemListElement":[{"@type":"ListItem","position":1,"name":"Home","item":"https:\/\/www.humanium.org\/fr\/"},{"@type":"ListItem","position":2,"name":"Enfants d&rsquo;Allemagne"}]},{"@type":"WebSite","@id":"https:\/\/www.humanium.org\/fr\/#website","url":"https:\/\/www.humanium.org\/fr\/","name":"Humanium","description":"Les enfants d\u2019abord !","potentialAction":[{"@type":"SearchAction","target":{"@type":"EntryPoint","urlTemplate":"https:\/\/www.humanium.org\/fr\/?s={search_term_string}"},"query-input":{"@type":"PropertyValueSpecification","valueRequired":true,"valueName":"search_term_string"}}],"inLanguage":"fr-FR"}]}},"_links":{"self":[{"href":"https:\/\/www.humanium.org\/fr\/wp-json\/wp\/v2\/pages\/7375","targetHints":{"allow":["GET"]}}],"collection":[{"href":"https:\/\/www.humanium.org\/fr\/wp-json\/wp\/v2\/pages"}],"about":[{"href":"https:\/\/www.humanium.org\/fr\/wp-json\/wp\/v2\/types\/page"}],"author":[{"embeddable":true,"href":"https:\/\/www.humanium.org\/fr\/wp-json\/wp\/v2\/users\/65"}],"replies":[{"embeddable":true,"href":"https:\/\/www.humanium.org\/fr\/wp-json\/wp\/v2\/comments?post=7375"}],"version-history":[{"count":13,"href":"https:\/\/www.humanium.org\/fr\/wp-json\/wp\/v2\/pages\/7375\/revisions"}],"predecessor-version":[{"id":61870,"href":"https:\/\/www.humanium.org\/fr\/wp-json\/wp\/v2\/pages\/7375\/revisions\/61870"}],"wp:featuredmedia":[{"embeddable":true,"href":"https:\/\/www.humanium.org\/fr\/wp-json\/wp\/v2\/media\/61847"}],"wp:attachment":[{"href":"https:\/\/www.humanium.org\/fr\/wp-json\/wp\/v2\/media?parent=7375"}],"curies":[{"name":"wp","href":"https:\/\/api.w.org\/{rel}","templated":true}]}}