{"id":7524,"date":"2011-04-19T11:00:25","date_gmt":"2011-04-19T11:00:25","guid":{"rendered":"http:\/\/www.humanium.org\/fr\/?page_id=7524"},"modified":"2026-08-20T17:24:48","modified_gmt":"2026-08-20T17:24:48","slug":"enfants-handicapes","status":"publish","type":"page","link":"https:\/\/www.humanium.org\/fr\/enfants-handicapes\/","title":{"rendered":"Les enfants porteurs d\u2019un handicap\u00a0"},"content":{"rendered":"\n<p class=\"wp-block-paragraph\"><strong>15% de la population mondiale -pas moins d\u2019un milliard de personnes- ont des formes d\u2019handicaps qui peuvent \u00eatre soit pr\u00e9sent d\u00e8s la naissance ou acquis au cours de leur vie. En outre, les enfants handicap\u00e9s, qui repr\u00e9sentent 240 millions sur toutes les personnes handicap\u00e9es, sont les plus marginalis\u00e9s dans toute soci\u00e9t\u00e9. Leur invisibilit\u00e9 est \u00e9galement un facteur cl\u00e9 dans leur exposition \u00e0 la violence et dans la violation de leurs droits. N\u00e9anmoins, on peut apercevoir un changement en perspective. Au lieu de se concentrer sur ce qui manque aux enfants handicap\u00e9s, la \u00ab&nbsp;divergence&nbsp;\u00bb propose un contre-r\u00e9cit qui met l\u2019emphase sur leurs aptitudes au lieu de leurs manques.&nbsp;<\/strong><\/p>\n\n\n\n<figure class=\"wp-block-image size-full\"><img loading=\"lazy\" decoding=\"async\" width=\"1000\" height=\"667\" src=\"https:\/\/www.humanium.org\/fr\/wp-content\/uploads\/2024\/08\/shutterstock_2477075233.jpg\" alt=\"\" class=\"wp-image-57335\" srcset=\"https:\/\/www.humanium.org\/fr\/wp-content\/uploads\/2024\/08\/shutterstock_2477075233.jpg 1000w, https:\/\/www.humanium.org\/fr\/wp-content\/uploads\/2024\/08\/shutterstock_2477075233-300x200.jpg 300w, https:\/\/www.humanium.org\/fr\/wp-content\/uploads\/2024\/08\/shutterstock_2477075233-768x512.jpg 768w, https:\/\/www.humanium.org\/fr\/wp-content\/uploads\/2024\/08\/shutterstock_2477075233-830x554.jpg 830w, https:\/\/www.humanium.org\/fr\/wp-content\/uploads\/2024\/08\/shutterstock_2477075233-230x153.jpg 230w, https:\/\/www.humanium.org\/fr\/wp-content\/uploads\/2024\/08\/shutterstock_2477075233-350x233.jpg 350w, https:\/\/www.humanium.org\/fr\/wp-content\/uploads\/2024\/08\/shutterstock_2477075233-480x320.jpg 480w, https:\/\/www.humanium.org\/fr\/wp-content\/uploads\/2024\/08\/shutterstock_2477075233-272x182.jpg 272w\" sizes=\"auto, (max-width: 1000px) 100vw, 1000px\" \/><\/figure>\n\n\n\n<h2 class=\"wp-block-heading\"><strong>La d\u00e9finition du handicap&nbsp;<\/strong><\/h2>\n\n\n\n<p class=\"wp-block-paragraph\">Selon la <a href=\"https:\/\/www.humanium.org\/fr\/enfants-touches-par-le-handicap\/\">Convention sur les droits des personnes handicap\u00e9es<\/a> (CIDPH), les enfants handicap\u00e9s \u00ab&nbsp;incluent ceux qui ont des d\u00e9ficiences physiques, mentales, intellectuelles, ou sensorielles sur le long-terme, qui, en interaction avec diverses barri\u00e8res peuvent entraver leur participation enti\u00e8re et effective dans la soci\u00e9t\u00e9 sur une base \u00e9gale&nbsp;\u00bb (UN DESA, 2023). Les enfants et adolescents porteurs d\u2019un handicap repr\u00e9sentent un groupe hautement diversifi\u00e9 avec des exp\u00e9riences de vie vari\u00e9es&nbsp;(UNICEF, 2023).&nbsp;<\/p>\n\n\n\n<p class=\"wp-block-paragraph\">Ils incluent les enfants qui sont n\u00e9s avec une maladie g\u00e9n\u00e9tique qui affecte leur physique, leur mental, ou leur d\u00e9veloppement social&nbsp;; ceux qui ont support\u00e9s une blessure grave, une d\u00e9ficience nutritionnelle, ou une infection qui cause des cons\u00e9quences fonctionnelles sur le long terme&nbsp;; ou ceux qui sont expos\u00e9s \u00e0 un environnement toxique causant des retards de d\u00e9veloppement ou des troubles d\u2019apprentissages. Sur un niveau mental ou \u00e9motionnel, le handicap peut \u00e9galement \u00eatre compris comme ceux qui d\u00e9veloppent de <a href=\"https:\/\/www.humanium.org\/fr\/le-bien-etre-mental-des-enfants\/\">l\u2019anxi\u00e9t\u00e9 ou une d\u00e9pression<\/a> qui repr\u00e9sente le r\u00e9sultat d\u2019\u00e9v\u00e8nements de vie stressants (UN DESA, 2023).&nbsp;<\/p>\n\n\n\n<h2 class=\"wp-block-heading\"><strong>Le handicap \u00e0 travers le monde&nbsp;<\/strong><\/h2>\n\n\n\n<p class=\"wp-block-paragraph\">La discrimination envers les enfants handicap\u00e9s a exist\u00e9 dans chaque communaut\u00e9 \u00e0 travers l\u2019histoire, et cela suppose\u00a0 des aspects sp\u00e9cifiques li\u00e9s au contexte g\u00e9ographique ou <a href=\"https:\/\/www.humanium.org\/fr\/pratiques-culturelles\/\">culturel<\/a> o\u00f9 la discrimination contre les enfants handicap\u00e9s prend place. Par exemple, les Confuc\u00e9ens traditionnels voyaient dans la naissance d\u2019un enfant handicap\u00e9 une punition d\u00fb \u00e0 des violations parentales des enseignements traditionnels, comme la malhonn\u00eatet\u00e9 ou une mauvaise conduite. Sur le m\u00eame type d\u2019exemple, les soci\u00e9t\u00e9s d\u2019Asie du Sud-Est pouvaient penser que le d\u00e9veloppement d\u2019un handicap pouvait \u00eatre caus\u00e9 par les \u00ab\u00a0erreurs\u00a0\u00bb des parents ou des anc\u00eatres.\u00a0<\/p>\n\n\n<div class=\"wp-block-image\">\n<figure class=\"alignleft size-full is-resized\"><img loading=\"lazy\" decoding=\"async\" width=\"1000\" height=\"667\" src=\"https:\/\/www.humanium.org\/fr\/wp-content\/uploads\/2024\/08\/shutterstock_2278735425.jpg\" alt=\"\" class=\"wp-image-57336\" style=\"width:337px;height:auto\" srcset=\"https:\/\/www.humanium.org\/fr\/wp-content\/uploads\/2024\/08\/shutterstock_2278735425.jpg 1000w, https:\/\/www.humanium.org\/fr\/wp-content\/uploads\/2024\/08\/shutterstock_2278735425-300x200.jpg 300w, https:\/\/www.humanium.org\/fr\/wp-content\/uploads\/2024\/08\/shutterstock_2278735425-768x512.jpg 768w, https:\/\/www.humanium.org\/fr\/wp-content\/uploads\/2024\/08\/shutterstock_2278735425-830x554.jpg 830w, https:\/\/www.humanium.org\/fr\/wp-content\/uploads\/2024\/08\/shutterstock_2278735425-230x153.jpg 230w, https:\/\/www.humanium.org\/fr\/wp-content\/uploads\/2024\/08\/shutterstock_2278735425-350x233.jpg 350w, https:\/\/www.humanium.org\/fr\/wp-content\/uploads\/2024\/08\/shutterstock_2278735425-480x320.jpg 480w, https:\/\/www.humanium.org\/fr\/wp-content\/uploads\/2024\/08\/shutterstock_2278735425-272x182.jpg 272w\" sizes=\"auto, (max-width: 1000px) 100vw, 1000px\" \/><\/figure>\n<\/div>\n\n\n<p class=\"wp-block-paragraph\">Dans d\u2019autres cultures, comme la culture indienne, plusieurs causes sont \u00e0 l\u2019origine du handicap, allant de la m\u00e9decine ou de la maladie durant la grossesse et la consanguinit\u00e9, jusqu\u2019au traumatisme psychologique de la m\u00e8re ou d\u2019un manque de stimulation de l\u2019enfant. Enfin, dans d\u2019autres cultures, c\u2019est la volont\u00e9 de <a href=\"https:\/\/www.humanium.org\/fr\/enfants-religions\/#:~:text=Les%20enfants%2C%20tout%20comme%20les,conscience%20et%20de%20religion.\">Dieu ou d\u2019Allah<\/a>, le karma, les esprits mal\u00e9fiques, la magie noire ou une punition pour les p\u00e9ch\u00e9s, qui peuvent \u00eatre \u00e0 l\u2019origine d\u2019un handicap tandis que dans d\u2019autres croyances traditionnelles le handicap d\u00e9coule d\u2019un mod\u00e8le biomath\u00e9matique comme une maladie d\u00e9g\u00e9n\u00e9rative et le dysfonctionnement (Otufat-Shamsi, 2015).&nbsp;<\/p>\n\n\n\n<h2 class=\"wp-block-heading\"><strong>Les chiffres des enfants handicap\u00e9s<\/strong><\/h2>\n\n\n\n<p class=\"wp-block-paragraph\">Il est estim\u00e9 \u00e0 pas moins de 240 millions d\u2019enfants qui sont porteurs d\u2019une forme de handicap (UNICEF, 2023). Cette estimation est bas\u00e9e sur une compr\u00e9hension du handicap plus large et plus inclusive, qui consid\u00e8re plusieurs domaines de fonctionnement, incluant ceux relatifs au <a href=\"https:\/\/www.humanium.org\/fr\/le-bien-etre-mental-des-enfants\/\">bien-\u00eatre psychologique<\/a> (UN DESA, 2023).&nbsp;<\/p>\n\n\n\n<p class=\"wp-block-paragraph\">Selon l\u2019UNICEF, 1 enfant sur 10 est porteur d\u2019un handicap. En particulier, dans <a href=\"https:\/\/www.humanium.org\/fr\/cote-divoire-leducation-enfants-situation-de-handicap\/\">l\u2019Ouest<\/a> de <a href=\"https:\/\/www.humanium.org\/fr\/afrique\/\">l\u2019Afrique<\/a> et dans le Centre-Afrique qui comptent le plus haut pourcentage d\u2019enfants handicap\u00e9s \u00e2g\u00e9s de 0 \u00e0 17 ans (15%), suivi du <a href=\"https:\/\/www.humanium.org\/fr\/moyen-orient-afrique-du-nord\/\">Moyen-Orient et de l\u2019Afrique du Nord<\/a> (13%), ainsi que l\u2019Asie du Sud (11%). Le continent am\u00e9ricain enregistre une moyenne de 10%, comme dans l\u2019Est et dans le Sud de l\u2019Afrique, tandis que <a href=\"https:\/\/www.humanium.org\/fr\/europe-caucase\/\">l\u2019Europe<\/a> et le Centre-Afrique marque une am\u00e9lioration significative atteignant les 6% (UNICEF, 2021).&nbsp;<\/p>\n\n\n\n<h2 class=\"wp-block-heading\"><strong>Le cadre l\u00e9gislatif prot\u00e9geant les enfants handicap\u00e9s&nbsp;<\/strong><\/h2>\n\n\n\n<p class=\"wp-block-paragraph\">La <a href=\"https:\/\/www.humanium.org\/fr\/convention-droits-enfant-adaptee-aux-enfants-des-10-ans\/\">Convention sur le droit des enfants<\/a> (CIDE reconna\u00eet les droits humains de tous les enfants, incluant ceux porteurs d\u2019un handicap (UN DESA, 2023). En particulier, la CIDE introduit des droits sp\u00e9cifiques pour les enfants handicap\u00e9s pour la premi\u00e8re fois dans les lois sur les droits internationaux humains. Par exemple, l\u2019article 2 traite du droit de la non-discrimination, incluant le handicap comme un motif sp\u00e9cifique de protection contre la discrimination, et l\u2019article 23 traite explicitement de la situation des enfants handicap\u00e9s (Save the children, 2009).<\/p>\n\n\n<div class=\"wp-block-image\">\n<figure class=\"alignright size-full is-resized\"><img loading=\"lazy\" decoding=\"async\" width=\"1000\" height=\"527\" src=\"https:\/\/www.humanium.org\/fr\/wp-content\/uploads\/2024\/08\/shutterstock_2479011383.jpg\" alt=\"\" class=\"wp-image-57338\" style=\"width:383px;height:auto\" srcset=\"https:\/\/www.humanium.org\/fr\/wp-content\/uploads\/2024\/08\/shutterstock_2479011383.jpg 1000w, https:\/\/www.humanium.org\/fr\/wp-content\/uploads\/2024\/08\/shutterstock_2479011383-300x158.jpg 300w, https:\/\/www.humanium.org\/fr\/wp-content\/uploads\/2024\/08\/shutterstock_2479011383-768x405.jpg 768w, https:\/\/www.humanium.org\/fr\/wp-content\/uploads\/2024\/08\/shutterstock_2479011383-830x437.jpg 830w, https:\/\/www.humanium.org\/fr\/wp-content\/uploads\/2024\/08\/shutterstock_2479011383-230x121.jpg 230w, https:\/\/www.humanium.org\/fr\/wp-content\/uploads\/2024\/08\/shutterstock_2479011383-350x184.jpg 350w, https:\/\/www.humanium.org\/fr\/wp-content\/uploads\/2024\/08\/shutterstock_2479011383-480x253.jpg 480w\" sizes=\"auto, (max-width: 1000px) 100vw, 1000px\" \/><\/figure>\n<\/div>\n\n\n<p class=\"wp-block-paragraph\">Avec la <a href=\"https:\/\/www.humanium.org\/fr\/convention-droits-enfant-adaptee-aux-enfants-des-10-ans\/\">CIDE<\/a>, la <a href=\"https:\/\/www.humanium.org\/fr\/enfants-touches-par-le-handicap\/\">Convention sur les droits des personnes handicap\u00e9es<\/a> (CIDPH)donne un nouvel \u00e9lan puissant pour promouvoir les droits humains de tous les enfants handicap\u00e9s. Elle a \u00e9t\u00e9 adopt\u00e9e en 2006 en r\u00e9ponse \u00e0 la s\u00e9v\u00e8re violation des droits humains des personnes handicap\u00e9es dans le monde et marque un changement significatif en perspective. <\/p>\n\n\n\n<p class=\"wp-block-paragraph\">Au lieu de voir les personnes handicap\u00e9es comme des \u00ab\u00a0objets\u00a0\u00bb de charit\u00e9, m\u00e9dical, ou de protection sociale, l\u2019id\u00e9e adopt\u00e9e est que les personnes handicap\u00e9es sont des \u00ab\u00a0sujets\u00a0\u00bb avec des droits, capables de r\u00e9clamer ces droits et prendre des d\u00e9cisions pour eux-m\u00eames bas\u00e9s sur leur propre accord et en tant que membres actifs de la soci\u00e9t\u00e9 (UN DESA, 2023).\u00a0<\/p>\n\n\n\n<p class=\"wp-block-paragraph\">La <a href=\"https:\/\/www.humanium.org\/fr\/enfants-touches-par-le-handicap\/\">CIDE<\/a> oblige les gouvernements \u00e0 prendre des mesures concr\u00e8tes afin de promouvoir un plaisir \u00e9gal et complet sur tous les droits humains et libert\u00e9s fondamentales des enfants handicap\u00e9s (UNICEF, 2023).&nbsp; En particulier, l\u2019article 7 requiert que les \u00c9tats partis prennent toutes les mesures n\u00e9cessaires afin d\u2019assurer le plein usage pour les enfants handicap\u00e9s de leurs droits humains et leur libert\u00e9s fondamentales \u00e0 termes \u00e9gaux avec les autres enfants (principe de <a href=\"https:\/\/www.humanium.org\/fr\/droit-non-discrimination\/\">non-discrimination<\/a>). Cependant, il r\u00e9affirme le principe de l\u2019<a href=\"https:\/\/www.humanium.org\/fr\/interet-superieur-de-lenfant\/#:~:text=Le%20principe%20de%20\">int\u00e9r\u00eat sup\u00e9rieur pour l\u2019enfant<\/a> comme une consid\u00e9ration premi\u00e8re dans tous les domaines affectant l\u2019enfant.&nbsp;<\/p>\n\n\n\n<p class=\"wp-block-paragraph\">De plus, il est convenu que les enfants handicap\u00e9s ont le droit d\u2019exprimer leur point de vue librement dans tous les domaines qui les affectent, et que leurs points de vue seront d\u00fbment pris en compte en fonction de leur \u00e2ge et de leur maturit\u00e9, sur un pied d\u2019\u00e9galit\u00e9 avec les autres enfants, et que les enfants b\u00e9n\u00e9ficieront d\u2019une assistance-handicap et d\u2019une aide adapt\u00e9e \u00e0 leur \u00e2ge pour r\u00e9aliser ce droit (Article 7, 2023).&nbsp;<\/p>\n\n\n\n<p class=\"wp-block-paragraph\">Enfin, en 2006, <a href=\"https:\/\/www.humanium.org\/fr\/limites-comite-droits-enfant\/#:~:text=Le%20Comit%C3%A9%20des%20droits%20de%20l%27enfant%20s%27assure%20du,que%20ceux%20des%20ONGs%20nationales.\">le Comit\u00e9 sur les droits des enfants<\/a> a accept\u00e9 de produire une observation g\u00e9n\u00e9rale sur les enfants handicap\u00e9s, qui repr\u00e9sente une orientation et une assistance pour les \u00c9tats partis dans leurs efforts pour implanter le droit des enfants handicap\u00e9s dans un sens plus large qui couvre toutes les dispositions de la CIDE (G\u00e9n\u00e9ral Comment No.9, 2006). Le projet produit par le Comit\u00e9 en 2006 a \u00e9t\u00e9 discut\u00e9 en ao\u00fbt 2006 durant la r\u00e9union \u00e0 New-York o\u00f9 40 repr\u00e9sentants d\u2019organisations de personnes handicap\u00e9es \u00e9taient pr\u00e9sents, avant d\u2019\u00eatre finalis\u00e9 et adopt\u00e9 par le Comit\u00e9 en 2007 (Save the children, 2009).&nbsp;<\/p>\n\n\n\n<h2 class=\"wp-block-heading\"><strong>Les risques li\u00e9s au handicap&nbsp;<\/strong><\/h2>\n\n\n\n<p class=\"wp-block-paragraph\">La <a href=\"https:\/\/www.humanium.org\/fr\/question-dadaptabilite-concernant-les-enfants-en-situation-de-handicap\/\">marginalisation<\/a> et l\u2019invisibilit\u00e9 sont \u00e9galement des facteurs cl\u00e9s de l\u2019exposition des enfants \u00e0 la violation de leur droits (UNICEF, 2021). Le taux de mortalit\u00e9 pr\u00e9coce des enfants handicap\u00e9s peut atteindre 80% dans les pays o\u00f9 le <a href=\"https:\/\/www.humanium.org\/fr\/mortalite-infantile\/#:~:text=Pr%C3%A8s%20de%209%20millions%20d,infantile%20a%20pu%20%C3%AAtre%20enregistr%C3%A9e.\">taux de mortalit\u00e9 des moins de cinq ans<\/a> dans leur ensemble ont diminu\u00e9 de moins de 20% (Save the children, 2009).&nbsp;<\/p>\n\n\n\n<p class=\"wp-block-paragraph\">Selon l\u2019UNICEF, en comparant avec ceux qui n\u2019ont pas de handicap, les enfants handicap\u00e9s sont plus \u00e0 m\u00eame d\u2019\u00eatre touch\u00e9s par un retard de croissance (34%) ou par la malnutrition aigu\u00eb (25%), ils sont 25%moins susceptibles de fr\u00e9quenter d\u2019atteindre <a href=\"https:\/\/www.humanium.org\/fr\/le-developpement-de-la-petite-enfance-la-fondation-pour-une-societe-durable-et-prospere\/\">l\u2019\u00e9ducation \u00e0 la petite enfance<\/a> ou d\u2019acqu\u00e9rir les bases de la lecture et des comp\u00e9tences num\u00e9raires (42%) et 49% sont susceptibles de ne jamais pouvoir aller \u00e0 l\u2019\u00e9cole. Concernant la protection des enfants contre la violence, 32% d\u2019entre eux sont enclins \u00e0 subir des <a href=\"https:\/\/www.humanium.org\/fr\/la-maltraitance-des-enfants\/\">punitions corporelles<\/a> s\u00e9v\u00e8res. Enfin, la moiti\u00e9 d\u2019entre eux sont susceptibles de se sentir malheureux (51%) ou de subir de la discrimination (41%). (UNICEF, 2023).&nbsp;<\/p>\n\n\n\n<h2 class=\"wp-block-heading\"><strong>La discrimination contre les enfants handicap\u00e9s<\/strong><\/h2>\n\n\n\n<p class=\"wp-block-paragraph\">Malgr\u00e9 les avanc\u00e9es l\u00e9gislatives, les enfants handicap\u00e9s sont globalement les plus marginalis\u00e9s (UNICEF, 2023). Parfois, ils souffrent \u00e9galement d\u2019une <a href=\"https:\/\/www.humanium.org\/fr\/droit-non-discrimination\/\">discrimination<\/a> intersectionnelle. Au niveau mondial, c\u2019 le cas pour les <a href=\"https:\/\/www.humanium.org\/fr\/droits-des-filles\/\">filles&nbsp;<\/a>, les enfants qui sont pauvres, Noirs, Indig\u00e8nes, ou <a href=\"https:\/\/www.humanium.org\/fr\/discriminations\/enfants-lgbtq\/\">LGBTQI<\/a>+, et ceux qui appartiennent aux minorit\u00e9s ethniques, les migrants ou d\u2019autres groupes marginalis\u00e9s (UNICEF, 2023).&nbsp;<\/p>\n\n\n\n<p class=\"wp-block-paragraph\">De plus, un large \u00e9ventail d\u2019obstacles limite leur capacit\u00e9 \u00e0 se d\u00e9brouiller dans la vie quotidienne, \u00e0 acc\u00e9der aux services sociaux (comme l\u2019\u00e9ducation et les soins) et \u00e0 s\u2019engager dans leur communaut\u00e9. Cela inclut&nbsp;:&nbsp;<\/p>\n\n\n\n<ul class=\"wp-block-list\">\n<li>Des <a href=\"https:\/\/www.humanium.org\/fr\/comment-les-villes-amies-des-enfants-contribuent-au-developpement-et-au-bien-etre-des-enfants\/#:~:text=Influencer%20les%20d%C3%A9cisions%20prises%20au,l%27%C3%A9ducation%20et%20un%20h%C3%A9bergement\">barri\u00e8res physiques<\/a>&#8211; par exemple, les immeubles, les transports, les toilettes et les aires de jeux qui ne sont pas accessibles en fauteuil roulant&nbsp;;<\/li>\n\n\n\n<li>Des barri\u00e8res de communication et d\u2019information- comme des livres qui ne sont pas retranscrits en Braille, ou les annonces de sant\u00e9 publique qui sont d\u00e9livr\u00e9es sans interpr\u00e9tation en langue des signes,&nbsp;<\/li>\n\n\n\n<li>Des barri\u00e8res psychologiques- cela inclut les st\u00e9r\u00e9otypes, le fait d\u2019\u00eatre sous-estim\u00e9, de la piti\u00e9, de la condescendance, de l\u2019acharnement ou du harc\u00e8lement.<\/li>\n<\/ul>\n\n\n<div class=\"wp-block-image\">\n<figure class=\"alignleft size-large is-resized\"><img loading=\"lazy\" decoding=\"async\" width=\"1024\" height=\"683\" src=\"https:\/\/www.humanium.org\/fr\/wp-content\/uploads\/2024\/08\/shutterstock_1966922620-1024x683.jpg\" alt=\"\" class=\"wp-image-57326\" style=\"width:374px;height:auto\" srcset=\"https:\/\/www.humanium.org\/fr\/wp-content\/uploads\/2024\/08\/shutterstock_1966922620-1024x683.jpg 1024w, https:\/\/www.humanium.org\/fr\/wp-content\/uploads\/2024\/08\/shutterstock_1966922620-300x200.jpg 300w, https:\/\/www.humanium.org\/fr\/wp-content\/uploads\/2024\/08\/shutterstock_1966922620-768x512.jpg 768w, https:\/\/www.humanium.org\/fr\/wp-content\/uploads\/2024\/08\/shutterstock_1966922620-1536x1024.jpg 1536w, https:\/\/www.humanium.org\/fr\/wp-content\/uploads\/2024\/08\/shutterstock_1966922620-2048x1365.jpg 2048w, https:\/\/www.humanium.org\/fr\/wp-content\/uploads\/2024\/08\/shutterstock_1966922620-830x553.jpg 830w, https:\/\/www.humanium.org\/fr\/wp-content\/uploads\/2024\/08\/shutterstock_1966922620-230x153.jpg 230w, https:\/\/www.humanium.org\/fr\/wp-content\/uploads\/2024\/08\/shutterstock_1966922620-350x233.jpg 350w, https:\/\/www.humanium.org\/fr\/wp-content\/uploads\/2024\/08\/shutterstock_1966922620-480x320.jpg 480w, https:\/\/www.humanium.org\/fr\/wp-content\/uploads\/2024\/08\/shutterstock_1966922620-272x182.jpg 272w\" sizes=\"auto, (max-width: 1024px) 100vw, 1024px\" \/><\/figure>\n<\/div>\n\n\n<p class=\"wp-block-paragraph\">Chacune de ces barri\u00e8res est ancr\u00e9e dans une stigmatisation et une discrimination qui refl\u00e8tent les perceptions n\u00e9gatives du handicap associ\u00e9e au capacitisme\u00a0: un syst\u00e8me de croyances, normes et pratiques qui d\u00e9value les personnes porteuses d\u2019un handicap (UNICEF, 2023). Dans ce sens, les enfants handicap\u00e9s ne sont pas consid\u00e9r\u00e9s comme les autres enfants, et sont per\u00e7us comme des personnes incapables ou en besoin d\u2019amour, d\u2019affection, d\u2019humour, d\u2019amiti\u00e9 ou d\u2019expression artistique ou culturelle et de stimulation intellectuelle. Ils risquent d\u2019\u00eatre discrimin\u00e9s, marginalis\u00e9s, et isol\u00e9s, et ils sont expos\u00e9s \u00e0 un niveau plus \u00e9lev\u00e9 de risques compar\u00e9 aux autres enfants sans handicap.\u00a0<\/p>\n\n\n\n<h2 class=\"wp-block-heading\"><strong>La violence envers les enfants handicap\u00e9s&nbsp;<\/strong><\/h2>\n\n\n\n<p class=\"wp-block-paragraph\">Quand on s\u2019int\u00e9resse \u00e0 la protection contre la <a href=\"https:\/\/www.humanium.org\/fr\/violences\/#:~:text=Enfants%20dans%20la%20guerre,ce%2C%20sous%20des%20formes%20diverses.\">violence<\/a>, les enfants porteurs d\u2019un handicap sont davantage expos\u00e9s au risque de violence, de n\u00e9gligence, d\u2019abus et d\u2019exploitation. Malgr\u00e9 des donn\u00e9es moindres et des recherches limit\u00e9es sur ces cas, les \u00e9tudes disponibles ont r\u00e9v\u00e9l\u00e9 une pr\u00e9valence de la violence envers les enfants handicap\u00e9s d\u2019une vuln\u00e9rabilit\u00e9 plus importante \u00e0 la violence physique et \u00e9motionnelle quand ils sont&nbsp; jeunes jusqu\u2019\u00e0 des risques plus \u00e9lev\u00e9s de violences sexuelles d\u00e8s l\u2019\u00e2ge de la pubert\u00e9 atteint.<\/p>\n\n\n\n<p class=\"wp-block-paragraph\">En effet, les enfants et adolescents handicap\u00e9s sont 3 \u00e0 4 fois plus susceptibles de subir de la violence physique ou <a href=\"https:\/\/www.humanium.org\/fr\/exploitation-sexuelle-enfants\/#:~:text=L%27abus%20sexuel%20est%20r%C3%A9alis%C3%A9,pouvoir%20r%C3%A9alis%C3%A9%20par%20les%20adultes.\">sexuelle<\/a> et de la n\u00e9gligence que la plupart des autres enfants, et ils risquent bien plus de subir de la violence sexuelle au cours de leur vie&nbsp;: jusqu\u2019\u00e0 68% des filles et 30% des gar\u00e7ons avec un handicap intellectuel ou physique seront abus\u00e9s sexuellement avant d\u2019atteindre leur 18 ans (UN Violence envers les enfants, 2023).&nbsp;<\/p>\n\n\n\n<p class=\"wp-block-paragraph\">De plus, les incidents concernant la violence rapport\u00e9s par les enfants handicap\u00e9s sont largement ignor\u00e9s, comme leur aide-soignant sont souvent mal pr\u00e9par\u00e9s et mal form\u00e9s pour examiner les plaintes et en tenir compte efficacement. C\u2019est une cons\u00e9quence directe de la perception habituelle que les enfants handicap\u00e9s ne sont pas capables de raconter leurs histoires clairement et sont facilement plus confus que les autres. Dans beaucoup de pays, la l\u00e9gislation ne reconna\u00eet pas la d\u00e9claration d\u2019un enfant handicap\u00e9 et la loi ne leur autorise pas \u00e0 signer en leur nom dans les documents l\u00e9gaux ou de rapporter des preuves en pr\u00eatant serment. C\u2019est une v\u00e9ritable conspiration du silence et une impunit\u00e9 g\u00e9n\u00e9ralis\u00e9e entourant ces incidents de violence (UN Violence contre les enfants, 2023).&nbsp;<\/p>\n\n\n\n<h2 class=\"wp-block-heading\"><strong>Le manque d\u2019acc\u00e8s \u00e0 l\u2019\u00e9ducation&nbsp;<\/strong><\/h2>\n\n\n<div class=\"wp-block-image\">\n<figure class=\"alignright size-full is-resized\"><img loading=\"lazy\" decoding=\"async\" width=\"1000\" height=\"667\" src=\"https:\/\/www.humanium.org\/fr\/wp-content\/uploads\/2024\/08\/shutterstock_441642493.jpg\" alt=\"\" class=\"wp-image-57339\" style=\"width:331px;height:auto\" srcset=\"https:\/\/www.humanium.org\/fr\/wp-content\/uploads\/2024\/08\/shutterstock_441642493.jpg 1000w, https:\/\/www.humanium.org\/fr\/wp-content\/uploads\/2024\/08\/shutterstock_441642493-300x200.jpg 300w, https:\/\/www.humanium.org\/fr\/wp-content\/uploads\/2024\/08\/shutterstock_441642493-768x512.jpg 768w, https:\/\/www.humanium.org\/fr\/wp-content\/uploads\/2024\/08\/shutterstock_441642493-830x554.jpg 830w, https:\/\/www.humanium.org\/fr\/wp-content\/uploads\/2024\/08\/shutterstock_441642493-230x153.jpg 230w, https:\/\/www.humanium.org\/fr\/wp-content\/uploads\/2024\/08\/shutterstock_441642493-350x233.jpg 350w, https:\/\/www.humanium.org\/fr\/wp-content\/uploads\/2024\/08\/shutterstock_441642493-480x320.jpg 480w, https:\/\/www.humanium.org\/fr\/wp-content\/uploads\/2024\/08\/shutterstock_441642493-272x182.jpg 272w\" sizes=\"auto, (max-width: 1000px) 100vw, 1000px\" \/><\/figure>\n<\/div>\n\n\n<p class=\"wp-block-paragraph\">D\u2019un point de vue \u00e9ducatif, les enfants handicap\u00e9s sont plus susceptibles de<a href=\"https:\/\/www.humanium.org\/fr\/question-dadaptabilite-concernant-les-enfants-en-situation-de-handicap\/\"> manquer l\u2019\u00e9cole<\/a> que d\u2019autres enfants. M\u00eame s\u2019ils se rendent \u00e0 l\u2019\u00e9cole, ils sont plus susceptibles de quitter l\u2019\u00e9cole avant qu\u2019ils ne finissent leur cycle primaire.\u00a0Selon l\u2019Organisation Mondiale de la Sant\u00e9 et de la banque, dans certains pays \u00ab\u00a0\u00eatre handicap\u00e9 double les chances de ne jamais s\u2019inscrire \u00e0 l\u2019\u00e9cole\u00a0\u00bb et en fait, on estime qu\u2019un enfant non scolaris\u00e9 sur trois a un handicap (Leur monde, 2023).\u00a0<\/p>\n\n\n\n<p class=\"wp-block-paragraph\">En <a href=\"https:\/\/www.humanium.org\/fr\/cote-divoire-leducation-enfants-situation-de-handicap\/\">Afrique<\/a>, moins de 10% des enfants handicap\u00e9s sont en primaire. Dans certains pays, seulement 13% d\u2019entre eux re\u00e7oivent une quelconque forme d\u2019\u00e9ducation. Au Bangladesh, 30% des personnes handicap\u00e9es ont r\u00e9ussi leur primaire, contre 48% concernant les enfants sans handicap. En Zambie, c\u2019est 43% contre 57%, au Paraguay c\u2019est 56% contre 72%. Selon une estimation, 75% des enfants handicap\u00e9s en Afghanistan ne sont pas \u00e0 l\u2019\u00e9cole. Beaucoup d\u2019entre eux ont \u00e9t\u00e9 bless\u00e9s par des mines terrestres (Leur monde, 2023).&nbsp;<\/p>\n\n\n\n<p class=\"wp-block-paragraph\">Dans les pays en d\u00e9veloppement, les personnes handicap\u00e9s tendent \u00e0 \u00eatre plus pauvres que les autres. Le fait de ne pas avoir eu d\u2019 \u00e9ducation n\u2019affecte pas seulement la qualit\u00e9 de leur vie ou de celle de leur famille, cela a aussi un impact \u00e9conomique n\u00e9gatif pour les pays. Une \u00e9tude de l\u2019Organisation Internationale du Travail a trouv\u00e9 que les pays perdaient entre 3 \u00e0 7% du produit int\u00e9rieur brut en excluant les personnes handicap\u00e9es du <a href=\"https:\/\/www.humanium.org\/fr\/travail-des-enfants\/\">march\u00e9 du travail<\/a>. L\u2019\u00e9ducation peut aider les personnes handicap\u00e9es \u00e0 avoir acc\u00e8s \u00e0 un emploi, la sant\u00e9 et d\u2019autres services, et d\u00e9velopper une meilleure connaissance de leurs droits (Leur monde, 2023).&nbsp;<\/p>\n\n\n\n<h2 class=\"wp-block-heading\"><strong>Adopter une nouvelle perspective du handicap&nbsp;<\/strong><\/h2>\n\n\n\n<p class=\"wp-block-paragraph\">Les enfants handicap\u00e9s travaillent souvent dur afin de s\u2019accommoder \u00e0 un monde qui les exclue. Mais ils ne repr\u00e9sentent pas des probl\u00e8mes qui ont besoin d\u2019\u00eatre r\u00e9solus ou chang\u00e9s (UNICEF, 2023). D\u2019un autre c\u00f4t\u00e9, c\u2019est \u00e0 la soci\u00e9t\u00e9 de les inclure et de les rendre capables de participer activement \u00e0 la soci\u00e9t\u00e9.&nbsp;La mesure dans laquelle les enfants handicap\u00e9s peuvent fonctionner, participer \u00e0 la soci\u00e9t\u00e9 et mener une vie \u00e9panouissante d\u00e9pend de la mesure dans laquelle ils sont <a href=\"https:\/\/www.humanium.org\/fr\/question-dadaptabilite-concernant-les-enfants-en-situation-de-handicap\/\">accueillis et inclus<\/a> (UNICEF, 2023).&nbsp;&nbsp;<\/p>\n\n\n\n<p class=\"wp-block-paragraph\">Concernant le handicap, les enfants handicap\u00e9s sont d\u00e9finis et jug\u00e9s par ce qui leur manque plut\u00f4t que par ce qu\u2019ils ont (Save the children, 2009). Afin de nuancer cette perspective, certains chercheurs pr\u00e9conisent <a href=\"https:\/\/www.humanium.org\/fr\/limportance-de-la-representation-des-enfants-dans-la-litterature-et-les-medias\/#:~:text=et%20les%20m%C3%A9dias.-,La%20repr%C3%A9sentation%20des%20enfants%20dans%20la%20litt%C3%A9rature%20et%20les%20m%C3%A9dias,empathie%20et%20le%20respect%20des\">d\u2019employer un autre mot<\/a> que \u00ab\u00a0handicap\u00a0\u00bb afin d\u2019adopter diff\u00e9rentes perspectives\u00a0:\u00a0la diversabilit\u00e9. <\/p>\n\n\n\n<figure class=\"wp-block-image size-full\"><img loading=\"lazy\" decoding=\"async\" width=\"1000\" height=\"667\" src=\"https:\/\/www.humanium.org\/fr\/wp-content\/uploads\/2024\/08\/shutterstock_2447258091.jpg\" alt=\"\" class=\"wp-image-57340\" srcset=\"https:\/\/www.humanium.org\/fr\/wp-content\/uploads\/2024\/08\/shutterstock_2447258091.jpg 1000w, https:\/\/www.humanium.org\/fr\/wp-content\/uploads\/2024\/08\/shutterstock_2447258091-300x200.jpg 300w, https:\/\/www.humanium.org\/fr\/wp-content\/uploads\/2024\/08\/shutterstock_2447258091-768x512.jpg 768w, https:\/\/www.humanium.org\/fr\/wp-content\/uploads\/2024\/08\/shutterstock_2447258091-830x554.jpg 830w, https:\/\/www.humanium.org\/fr\/wp-content\/uploads\/2024\/08\/shutterstock_2447258091-230x153.jpg 230w, https:\/\/www.humanium.org\/fr\/wp-content\/uploads\/2024\/08\/shutterstock_2447258091-350x233.jpg 350w, https:\/\/www.humanium.org\/fr\/wp-content\/uploads\/2024\/08\/shutterstock_2447258091-480x320.jpg 480w, https:\/\/www.humanium.org\/fr\/wp-content\/uploads\/2024\/08\/shutterstock_2447258091-272x182.jpg 272w\" sizes=\"auto, (max-width: 1000px) 100vw, 1000px\" \/><\/figure>\n\n\n\n<p class=\"wp-block-paragraph\">Le terme de diversabilit\u00e9 lie l\u2019unicit\u00e9 et le potentiel de chaque \u00eatre humain. La proposition de ce terme est de repenser le monde du \u00ab\u00a0handicap\u00a0\u00bb \u00ab\u00a0en d\u00e9mocratisant le handicap visible, la repr\u00e9sentation et son acc\u00e8s\u00a0\u00bb. Les gens porteurs de handicap peuvent faire les m\u00eames t\u00e2ches que les personnes qui n\u2019en ont pas (Diversabilit\u00e9, 2023). Ils peuvent juste adopter une approche diff\u00e9rente (Ramsey, 2021).\u00a0<\/p>\n\n\n\n<p class=\"wp-block-paragraph\">Vivre avec un handicap vous rend plus attentif. Les limitations fonctionnelles se manifestent dans le cycle de la vie de chacun d\u2019entre nous. La possibilit\u00e9 pour les enfants handicap\u00e9s&nbsp; de vivre leur vie en \u00e9tant heureux d\u00e9pend de notre volont\u00e9 de nous confronter aux barri\u00e8res du changement (UNICEF, 2023).&nbsp;<\/p>\n\n\n\n<p class=\"wp-block-paragraph\"><em><strong>\u00c9crit par Arianna Braga&nbsp;<\/strong><\/em><\/p>\n\n\n\n<p class=\"wp-block-paragraph\"><em><strong>Relecture interne par Aditi Partha&nbsp;<\/strong><\/em><\/p>\n\n\n\n<p class=\"wp-block-paragraph\"><em><strong>Traduit par Gersande Charpentier<\/strong><\/em><\/p>\n\n\n\n<p class=\"wp-block-paragraph\"><em><strong>Relu par Line Goddi<\/strong><\/em><\/p>\n\n\n\n<p class=\"wp-block-paragraph\"><em><strong>Derni\u00e8re modification le 14 juillet 2023<\/strong><\/em><\/p>\n\n\n\n<h4 class=\"wp-block-heading\"><strong>Bibliographie&nbsp;:&nbsp;<\/strong><\/h4>\n\n\n\n<p class=\"has-small-font-size wp-block-paragraph\">Article 7 (2023). Article 7 \u2013 Children with disabilities. Retrieved from UN DESA at https:\/\/www.un.org\/development\/desa\/disabilities\/convention-on-the-rights-of- people-with-disabilities\/article-7-children-with-disabilities.html, accessed on 9 July 2023.&nbsp;<\/p>\n\n\n\n<p class=\"has-small-font-size wp-block-paragraph\">Diversability (2023). Diversability: a movement. Retrieved from Diversability Inc. at <a href=\"https:\/\/www.diversabilityinc.org\/#diversabilitymovement\" target=\"_blank\" rel=\"noreferrer noopener\">https:\/\/www.diversabilityinc.org\/#diversabilitymovement<\/a>, accessed on 14 July 2023.&nbsp;<\/p>\n\n\n\n<p class=\"has-small-font-size wp-block-paragraph\">General Comment No.9 (2006). General Comment No.9 &#8211; The rights of children with disabilities. Retrieved from OHCHR at <a href=\"https:\/\/www2.ohchr.org\/english\/bodies\/crc\/docs\/gc9_en.doc\" target=\"_blank\" rel=\"noreferrer noopener\">https:\/\/www2.ohchr.org\/english\/bodies\/crc\/docs\/gc9_en.doc<\/a>, accessed on 9 July 2023.&nbsp;<\/p>\n\n\n\n<p class=\"has-small-font-size wp-block-paragraph\">Otufat-Shamsi, S. (2015). Developmental Disabilities in Children Across Different Cultures. Retrieved from World forgotten children at https:\/\/www.worldforgottenchildren.org\/blog\/developmental-disabilities-in-children-across-different-cultures\/22, accessed on 9 July 2023.&nbsp;<\/p>\n\n\n\n<p class=\"has-small-font-size wp-block-paragraph\">Ramsey (2021). What Does \u201cDiversability\u201d Mean?. Retrieved from Disability Associates at <a href=\"https:\/\/disabilityassociates.com\/what-does-diversability-mean\/\" target=\"_blank\" rel=\"noreferrer noopener\">https:\/\/disabilityassociates.com\/what-does-diversability-mean\/<\/a>, accessed on 14 July 2023.&nbsp;<\/p>\n\n\n\n<p class=\"has-small-font-size wp-block-paragraph\">Save the Children (2009). See me, Hear me: A guide to using the UN Convention on the Rights of&nbsp; people with Disabilities to promote the rights of children. Retrieved from Save the Children at <a href=\"https:\/\/resourcecentre.savethechildren.net\/document\/see-me-hear-me-guide-using-un-convention-rights- people-disabilities-promote-rights-children\/\" target=\"_blank\" rel=\"noreferrer noopener\">https:\/\/resourcecentre.savethechildren.net\/document\/see-me-hear-me-guide-using-un-convention-rights- people-disabilities-promote-rights-children\/<\/a>, accessed on 9 July 2023.&nbsp;<\/p>\n\n\n\n<p class=\"has-small-font-size wp-block-paragraph\">Their world (2023). Children with disabilities. Retrieved from Their world at https:\/\/theirworld.org\/resources\/children-with-disabilities\/, accessed on 9 July 2023.&nbsp;<\/p>\n\n\n\n<p class=\"has-small-font-size wp-block-paragraph\">UN DESA (2023). Convention On The Rights Of&nbsp; people With Disabilities (CRPD). Retrieved from UN DESA at https:\/\/social.desa.un.org\/issues\/disability\/crpd\/convention-on-the-rights-of- people-with-disabilities-crpd, accessed on 9 July 2023.&nbsp;<\/p>\n\n\n\n<p class=\"has-small-font-size wp-block-paragraph\">UN Violence against children (2023). Children with Disabilities. Retrieved from UN Special Representative of the Secretary-General on Violence Against Children at https:\/\/violenceagainstchildren.un.org\/content\/children-disabilities, accessed on 9 July 2023.&nbsp;<\/p>\n\n\n\n<p class=\"has-small-font-size wp-block-paragraph\">UNICEF (2021).&nbsp; Seen, Counted, Included: Using data to shed light on the well-being of children with disabilities. Retrieved from UNICEF at https:\/\/seotest.buzz\/resources\/children-with-disabilities-report-2021\/, accessed on 9 July 2023.&nbsp;<\/p>\n\n\n\n<p class=\"has-small-font-size wp-block-paragraph\">UNICEF (2023). Children with disabilities. Retrieved from UNICEF at <a href=\"https:\/\/www.unicef.org\/disabilities\" target=\"_blank\" rel=\"noreferrer noopener\">https:\/\/www.unicef.org\/disabilities<\/a>, accessed on 9 July 2023.<\/p>\n","protected":false},"excerpt":{"rendered":"<p>15% de la population mondiale -pas moins d\u2019un milliard de personnes- ont des formes d\u2019handicaps qui peuvent \u00eatre soit pr\u00e9sent d\u00e8s la naissance ou acquis au cours de leur vie. En outre, les enfants handicap\u00e9s, qui repr\u00e9sentent 240 millions sur toutes les personnes handicap\u00e9es, sont les plus marginalis\u00e9s dans toute soci\u00e9t\u00e9. Leur invisibilit\u00e9 est \u00e9galement [&hellip;]<\/p>\n","protected":false},"author":65,"featured_media":57335,"parent":0,"menu_order":0,"comment_status":"closed","ping_status":"closed","template":"","meta":{"footnotes":""},"class_list":["post-7524","page","type-page","status-publish","has-post-thumbnail","hentry"],"yoast_head":"<!-- This site is optimized with the Yoast SEO plugin v28.3 - https:\/\/yoast.com\/product\/yoast-seo-wordpress\/ -->\n<title>Les enfants porteurs d\u2019un handicap\u00a0 - Humanium<\/title>\n<meta name=\"description\" content=\"Les enfants handicap\u00e9s, qui repr\u00e9sentent 240 millions sur toutes les personnes handicap\u00e9es, sont les plus marginalis\u00e9s dans toute soci\u00e9t\u00e9.\" \/>\n<meta name=\"robots\" content=\"index, follow, max-snippet:-1, max-image-preview:large, max-video-preview:-1\" \/>\n<link rel=\"canonical\" href=\"https:\/\/www.humanium.org\/fr\/enfants-handicapes\/\" \/>\n<meta property=\"og:locale\" content=\"fr_FR\" \/>\n<meta property=\"og:type\" content=\"article\" \/>\n<meta property=\"og:title\" content=\"Les enfants porteurs d\u2019un handicap\u00a0 - Humanium\" \/>\n<meta property=\"og:description\" content=\"Les enfants handicap\u00e9s, qui repr\u00e9sentent 240 millions sur toutes les personnes handicap\u00e9es, sont les plus marginalis\u00e9s dans toute soci\u00e9t\u00e9.\" \/>\n<meta property=\"og:url\" content=\"https:\/\/www.humanium.org\/fr\/enfants-handicapes\/\" \/>\n<meta property=\"og:site_name\" content=\"Humanium\" \/>\n<meta property=\"article:modified_time\" content=\"2026-08-20T17:24:48+00:00\" \/>\n<meta property=\"og:image\" content=\"https:\/\/www.humanium.org\/fr\/wp-content\/uploads\/2024\/08\/shutterstock_2477075233.jpg\" \/>\n\t<meta property=\"og:image:width\" content=\"1000\" \/>\n\t<meta property=\"og:image:height\" content=\"667\" \/>\n\t<meta property=\"og:image:type\" content=\"image\/jpeg\" \/>\n<meta name=\"twitter:card\" content=\"summary_large_image\" \/>\n<meta name=\"twitter:label1\" content=\"Dur\u00e9e de lecture estim\u00e9e\" \/>\n\t<meta name=\"twitter:data1\" content=\"15 minutes\" \/>\n<script type=\"application\/ld+json\" class=\"yoast-schema-graph\">{\"@context\":\"https:\\\/\\\/schema.org\",\"@graph\":[{\"@type\":\"WebPage\",\"@id\":\"https:\\\/\\\/www.humanium.org\\\/fr\\\/enfants-handicapes\\\/\",\"url\":\"https:\\\/\\\/www.humanium.org\\\/fr\\\/enfants-handicapes\\\/\",\"name\":\"Les enfants porteurs d\u2019un handicap\u00a0 - Humanium\",\"isPartOf\":{\"@id\":\"https:\\\/\\\/www.humanium.org\\\/fr\\\/#website\"},\"primaryImageOfPage\":{\"@id\":\"https:\\\/\\\/www.humanium.org\\\/fr\\\/enfants-handicapes\\\/#primaryimage\"},\"image\":{\"@id\":\"https:\\\/\\\/www.humanium.org\\\/fr\\\/enfants-handicapes\\\/#primaryimage\"},\"thumbnailUrl\":\"https:\\\/\\\/www.humanium.org\\\/fr\\\/wp-content\\\/uploads\\\/2024\\\/08\\\/shutterstock_2477075233.jpg\",\"datePublished\":\"2011-04-19T11:00:25+00:00\",\"dateModified\":\"2026-08-20T17:24:48+00:00\",\"description\":\"Les enfants handicap\u00e9s, qui repr\u00e9sentent 240 millions sur toutes les personnes handicap\u00e9es, sont les plus marginalis\u00e9s dans toute soci\u00e9t\u00e9.\",\"breadcrumb\":{\"@id\":\"https:\\\/\\\/www.humanium.org\\\/fr\\\/enfants-handicapes\\\/#breadcrumb\"},\"inLanguage\":\"fr-FR\",\"potentialAction\":[{\"@type\":\"ReadAction\",\"target\":[\"https:\\\/\\\/www.humanium.org\\\/fr\\\/enfants-handicapes\\\/\"]}]},{\"@type\":\"ImageObject\",\"inLanguage\":\"fr-FR\",\"@id\":\"https:\\\/\\\/www.humanium.org\\\/fr\\\/enfants-handicapes\\\/#primaryimage\",\"url\":\"https:\\\/\\\/www.humanium.org\\\/fr\\\/wp-content\\\/uploads\\\/2024\\\/08\\\/shutterstock_2477075233.jpg\",\"contentUrl\":\"https:\\\/\\\/www.humanium.org\\\/fr\\\/wp-content\\\/uploads\\\/2024\\\/08\\\/shutterstock_2477075233.jpg\",\"width\":1000,\"height\":667},{\"@type\":\"BreadcrumbList\",\"@id\":\"https:\\\/\\\/www.humanium.org\\\/fr\\\/enfants-handicapes\\\/#breadcrumb\",\"itemListElement\":[{\"@type\":\"ListItem\",\"position\":1,\"name\":\"Home\",\"item\":\"https:\\\/\\\/www.humanium.org\\\/fr\\\/\"},{\"@type\":\"ListItem\",\"position\":2,\"name\":\"Les enfants porteurs d\u2019un handicap\u00a0\"}]},{\"@type\":\"WebSite\",\"@id\":\"https:\\\/\\\/www.humanium.org\\\/fr\\\/#website\",\"url\":\"https:\\\/\\\/www.humanium.org\\\/fr\\\/\",\"name\":\"Humanium\",\"description\":\"Les enfants d\u2019abord !\",\"potentialAction\":[{\"@type\":\"SearchAction\",\"target\":{\"@type\":\"EntryPoint\",\"urlTemplate\":\"https:\\\/\\\/www.humanium.org\\\/fr\\\/?s={search_term_string}\"},\"query-input\":{\"@type\":\"PropertyValueSpecification\",\"valueRequired\":true,\"valueName\":\"search_term_string\"}}],\"inLanguage\":\"fr-FR\"}]}<\/script>\n<!-- \/ Yoast SEO plugin. -->","yoast_head_json":{"title":"Les enfants porteurs d\u2019un handicap\u00a0 - Humanium","description":"Les enfants handicap\u00e9s, qui repr\u00e9sentent 240 millions sur toutes les personnes handicap\u00e9es, sont les plus marginalis\u00e9s dans toute soci\u00e9t\u00e9.","robots":{"index":"index","follow":"follow","max-snippet":"max-snippet:-1","max-image-preview":"max-image-preview:large","max-video-preview":"max-video-preview:-1"},"canonical":"https:\/\/www.humanium.org\/fr\/enfants-handicapes\/","og_locale":"fr_FR","og_type":"article","og_title":"Les enfants porteurs d\u2019un handicap\u00a0 - Humanium","og_description":"Les enfants handicap\u00e9s, qui repr\u00e9sentent 240 millions sur toutes les personnes handicap\u00e9es, sont les plus marginalis\u00e9s dans toute soci\u00e9t\u00e9.","og_url":"https:\/\/www.humanium.org\/fr\/enfants-handicapes\/","og_site_name":"Humanium","article_modified_time":"2026-08-20T17:24:48+00:00","og_image":[{"width":1000,"height":667,"url":"https:\/\/www.humanium.org\/fr\/wp-content\/uploads\/2024\/08\/shutterstock_2477075233.jpg","type":"image\/jpeg"}],"twitter_card":"summary_large_image","twitter_misc":{"Dur\u00e9e de lecture estim\u00e9e":"15 minutes"},"schema":{"@context":"https:\/\/schema.org","@graph":[{"@type":"WebPage","@id":"https:\/\/www.humanium.org\/fr\/enfants-handicapes\/","url":"https:\/\/www.humanium.org\/fr\/enfants-handicapes\/","name":"Les enfants porteurs d\u2019un handicap\u00a0 - Humanium","isPartOf":{"@id":"https:\/\/www.humanium.org\/fr\/#website"},"primaryImageOfPage":{"@id":"https:\/\/www.humanium.org\/fr\/enfants-handicapes\/#primaryimage"},"image":{"@id":"https:\/\/www.humanium.org\/fr\/enfants-handicapes\/#primaryimage"},"thumbnailUrl":"https:\/\/www.humanium.org\/fr\/wp-content\/uploads\/2024\/08\/shutterstock_2477075233.jpg","datePublished":"2011-04-19T11:00:25+00:00","dateModified":"2026-08-20T17:24:48+00:00","description":"Les enfants handicap\u00e9s, qui repr\u00e9sentent 240 millions sur toutes les personnes handicap\u00e9es, sont les plus marginalis\u00e9s dans toute soci\u00e9t\u00e9.","breadcrumb":{"@id":"https:\/\/www.humanium.org\/fr\/enfants-handicapes\/#breadcrumb"},"inLanguage":"fr-FR","potentialAction":[{"@type":"ReadAction","target":["https:\/\/www.humanium.org\/fr\/enfants-handicapes\/"]}]},{"@type":"ImageObject","inLanguage":"fr-FR","@id":"https:\/\/www.humanium.org\/fr\/enfants-handicapes\/#primaryimage","url":"https:\/\/www.humanium.org\/fr\/wp-content\/uploads\/2024\/08\/shutterstock_2477075233.jpg","contentUrl":"https:\/\/www.humanium.org\/fr\/wp-content\/uploads\/2024\/08\/shutterstock_2477075233.jpg","width":1000,"height":667},{"@type":"BreadcrumbList","@id":"https:\/\/www.humanium.org\/fr\/enfants-handicapes\/#breadcrumb","itemListElement":[{"@type":"ListItem","position":1,"name":"Home","item":"https:\/\/www.humanium.org\/fr\/"},{"@type":"ListItem","position":2,"name":"Les enfants porteurs d\u2019un handicap\u00a0"}]},{"@type":"WebSite","@id":"https:\/\/www.humanium.org\/fr\/#website","url":"https:\/\/www.humanium.org\/fr\/","name":"Humanium","description":"Les enfants d\u2019abord !","potentialAction":[{"@type":"SearchAction","target":{"@type":"EntryPoint","urlTemplate":"https:\/\/www.humanium.org\/fr\/?s={search_term_string}"},"query-input":{"@type":"PropertyValueSpecification","valueRequired":true,"valueName":"search_term_string"}}],"inLanguage":"fr-FR"}]}},"_links":{"self":[{"href":"https:\/\/www.humanium.org\/fr\/wp-json\/wp\/v2\/pages\/7524","targetHints":{"allow":["GET"]}}],"collection":[{"href":"https:\/\/www.humanium.org\/fr\/wp-json\/wp\/v2\/pages"}],"about":[{"href":"https:\/\/www.humanium.org\/fr\/wp-json\/wp\/v2\/types\/page"}],"author":[{"embeddable":true,"href":"https:\/\/www.humanium.org\/fr\/wp-json\/wp\/v2\/users\/65"}],"replies":[{"embeddable":true,"href":"https:\/\/www.humanium.org\/fr\/wp-json\/wp\/v2\/comments?post=7524"}],"version-history":[{"count":28,"href":"https:\/\/www.humanium.org\/fr\/wp-json\/wp\/v2\/pages\/7524\/revisions"}],"predecessor-version":[{"id":62245,"href":"https:\/\/www.humanium.org\/fr\/wp-json\/wp\/v2\/pages\/7524\/revisions\/62245"}],"wp:featuredmedia":[{"embeddable":true,"href":"https:\/\/www.humanium.org\/fr\/wp-json\/wp\/v2\/media\/57335"}],"wp:attachment":[{"href":"https:\/\/www.humanium.org\/fr\/wp-json\/wp\/v2\/media?parent=7524"}],"curies":[{"name":"wp","href":"https:\/\/api.w.org\/{rel}","templated":true}]}}