{"id":7706,"date":"2011-11-06T18:00:19","date_gmt":"2011-11-06T18:00:19","guid":{"rendered":"http:\/\/www.humanium.org\/fr\/?page_id=7706"},"modified":"2026-02-26T18:12:34","modified_gmt":"2026-02-26T18:12:34","slug":"france","status":"publish","type":"page","link":"https:\/\/www.humanium.org\/fr\/france\/","title":{"rendered":"Enfants de France"},"content":{"rendered":"\n<h2 class=\"wp-block-heading\"><strong>Concr\u00e9tiser les droits de l\u2019enfant en France<\/strong><\/h2>\n\n\n\n<div class=\"wp-block-columns is-layout-flex wp-container-core-columns-is-layout-8f761849 wp-block-columns-is-layout-flex\">\n<div class=\"wp-block-column is-layout-flow wp-block-column-is-layout-flow\"><div class=\"wp-block-image is-style-rounded\">\n<figure class=\"aligncenter size-large is-resized\"><img loading=\"lazy\" decoding=\"async\" width=\"1024\" height=\"1024\" src=\"https:\/\/www.humanium.org\/fr\/wp-content\/uploads\/2026\/02\/shutterstock_2643586887_edited-1024x1024.jpeg\" alt=\"\" class=\"wp-image-61808\" style=\"object-fit:cover;width:200px;height:200px\" srcset=\"https:\/\/www.humanium.org\/fr\/wp-content\/uploads\/2026\/02\/shutterstock_2643586887_edited-1024x1024.jpeg 1024w, https:\/\/www.humanium.org\/fr\/wp-content\/uploads\/2026\/02\/shutterstock_2643586887_edited-300x300.jpeg 300w, https:\/\/www.humanium.org\/fr\/wp-content\/uploads\/2026\/02\/shutterstock_2643586887_edited-150x150.jpeg 150w, https:\/\/www.humanium.org\/fr\/wp-content\/uploads\/2026\/02\/shutterstock_2643586887_edited-768x768.jpeg 768w, https:\/\/www.humanium.org\/fr\/wp-content\/uploads\/2026\/02\/shutterstock_2643586887_edited-1536x1536.jpeg 1536w, https:\/\/www.humanium.org\/fr\/wp-content\/uploads\/2026\/02\/shutterstock_2643586887_edited-2048x2048.jpeg 2048w, https:\/\/www.humanium.org\/fr\/wp-content\/uploads\/2026\/02\/shutterstock_2643586887_edited-830x830.jpeg 830w, https:\/\/www.humanium.org\/fr\/wp-content\/uploads\/2026\/02\/shutterstock_2643586887_edited-230x230.jpeg 230w, https:\/\/www.humanium.org\/fr\/wp-content\/uploads\/2026\/02\/shutterstock_2643586887_edited-350x350.jpeg 350w, https:\/\/www.humanium.org\/fr\/wp-content\/uploads\/2026\/02\/shutterstock_2643586887_edited-480x480.jpeg 480w\" sizes=\"auto, (max-width: 1024px) 100vw, 1024px\" \/><\/figure>\n<\/div><\/div>\n\n\n\n<div class=\"wp-block-column is-layout-flow wp-block-column-is-layout-flow\"><div class=\"wp-block-image is-style-rounded\">\n<figure class=\"aligncenter size-large is-resized\"><img loading=\"lazy\" decoding=\"async\" width=\"1024\" height=\"1024\" src=\"https:\/\/www.humanium.org\/fr\/wp-content\/uploads\/2026\/02\/shutterstock_2428668525_edited-1024x1024.jpeg\" alt=\"\" class=\"wp-image-61809\" style=\"object-fit:cover;width:200px;height:200px\" srcset=\"https:\/\/www.humanium.org\/fr\/wp-content\/uploads\/2026\/02\/shutterstock_2428668525_edited-1024x1024.jpeg 1024w, https:\/\/www.humanium.org\/fr\/wp-content\/uploads\/2026\/02\/shutterstock_2428668525_edited-300x300.jpeg 300w, https:\/\/www.humanium.org\/fr\/wp-content\/uploads\/2026\/02\/shutterstock_2428668525_edited-150x150.jpeg 150w, https:\/\/www.humanium.org\/fr\/wp-content\/uploads\/2026\/02\/shutterstock_2428668525_edited-768x768.jpeg 768w, https:\/\/www.humanium.org\/fr\/wp-content\/uploads\/2026\/02\/shutterstock_2428668525_edited-1536x1536.jpeg 1536w, https:\/\/www.humanium.org\/fr\/wp-content\/uploads\/2026\/02\/shutterstock_2428668525_edited-2048x2048.jpeg 2048w, https:\/\/www.humanium.org\/fr\/wp-content\/uploads\/2026\/02\/shutterstock_2428668525_edited-830x830.jpeg 830w, https:\/\/www.humanium.org\/fr\/wp-content\/uploads\/2026\/02\/shutterstock_2428668525_edited-230x230.jpeg 230w, https:\/\/www.humanium.org\/fr\/wp-content\/uploads\/2026\/02\/shutterstock_2428668525_edited-350x350.jpeg 350w, https:\/\/www.humanium.org\/fr\/wp-content\/uploads\/2026\/02\/shutterstock_2428668525_edited-480x480.jpeg 480w\" sizes=\"auto, (max-width: 1024px) 100vw, 1024px\" \/><\/figure>\n<\/div><\/div>\n<\/div>\n\n\n\n<p class=\"wp-block-paragraph\"><strong>La France a ratifi\u00e9 la <a href=\"https:\/\/www.humanium.org\/fr\/convention\/\">Convention relative aux droits de l\u2019enfant (CRC)<\/a> en 1990, s\u2019engageant ainsi \u00e0 garantir \u00e0 tous les enfants pr\u00e9sents sur son territoire le respect et la protection de leurs droits fondamentaux. En tant que berceau historique des droits humains et membre fondateur des Nations Unies, le pays se pr\u00e9sente comme un acteur cl\u00e9 de la promotion de l\u2019\u00e9galit\u00e9 et de la dignit\u00e9. Pourtant, plus de trente ans apr\u00e8s cette ratification, les enfants issus de <a href=\"https:\/\/www.humanium.org\/fr\/enfants-des-minorites\/\">minorit\u00e9s<\/a>, les <a href=\"https:\/\/www.humanium.org\/fr\/enfants-deplaces\/\">r\u00e9fugi\u00e9s<\/a> et les migrants, les enfants en situation de <a href=\"https:\/\/www.humanium.org\/fr\/enfants-handicapes\/\">handicap<\/a>, les jeunes LGBTQ+, ainsi que ceux vivant dans les territoires d\u2019outre-mer, continuent de se heurter \u00e0 des obstacles structurels qui limitent leur acc\u00e8s \u00e0 <a href=\"https:\/\/www.humanium.org\/fr\/comprendre-droits-enfant\/droit-a-l-education\/\">l\u2019\u00e9ducation<\/a>, \u00e0 la <a href=\"https:\/\/www.humanium.org\/fr\/comprendre-droits-enfant\/droit-a-la-sante\/\">sant\u00e9<\/a> et \u00e0 une <a href=\"https:\/\/www.humanium.org\/fr\/droit-a-la-protection\/\">protection<\/a> ad\u00e9quate.&nbsp;<\/strong><\/p>\n\n\n\n<iframe src=\"https:\/\/www.google.com\/maps\/embed?pb=!1m18!1m12!1m3!1d5677295.624111432!2d-2.6902465266286253!3d45.98889307546985!2m3!1f0!2f0!3f0!3m2!1i1024!2i768!4f13.1!3m3!1m2!1s0xd54a02933785731%3A0x6bfd3f96c747d9f7!2sFrance!5e0!3m2!1sen!2sfr!4v1771595970288!5m2!1sen!2sfr\" width=\"600\" height=\"450\" style=\"border:0;\" allowfullscreen=\"\" loading=\"lazy\" referrerpolicy=\"no-referrer-when-downgrade\"><\/iframe>\n\n\n\n<div class=\"wp-block-columns is-layout-flex wp-container-core-columns-is-layout-8f761849 wp-block-columns-is-layout-flex\">\n<div class=\"wp-block-column is-layout-flow wp-block-column-is-layout-flow\">\n<p class=\"wp-block-paragraph\"><strong>Population<\/strong> : 68,6 millions<\/p>\n\n\n\n<p class=\"wp-block-paragraph\"><strong>Population de 0 \u00e0 14 ans<\/strong> : 16,7 %<\/p>\n<\/div>\n\n\n\n<div class=\"wp-block-column is-layout-flow wp-block-column-is-layout-flow\">\n<p class=\"wp-block-paragraph\"><strong>Esp\u00e9rance de vie<\/strong> : 83,39 ans&nbsp;<\/p>\n\n\n\n<p class=\"wp-block-paragraph\"><strong>Mortalit\u00e9 des moins de 5 ans<\/strong> : 4,1 \u2030<\/p>\n<\/div>\n<\/div>\n\n\n\n<h2 class=\"wp-block-heading\"><strong>La France en bref<\/strong><\/h2>\n\n\n\n<p class=\"wp-block-paragraph\">La France est un pays situ\u00e9 au nord-ouest de <a href=\"https:\/\/www.humanium.org\/fr\/europe-caucase\/\">l&rsquo;Europe<\/a>. Son territoire continental est bord\u00e9 au nord-est par la Belgique et le Luxembourg, \u00e0 l&rsquo;est par l&rsquo;Allemagne, la Suisse et l&rsquo;Italie, au sud par la mer M\u00e9diterran\u00e9e, l&rsquo;Espagne et l&rsquo;Andorre, \u00e0 l&rsquo;ouest par le golfe de Gascogne et au nord-ouest par la Manche.&nbsp;<\/p>\n\n\n\n<p class=\"wp-block-paragraph\">Au fil du temps, des g\u00e9n\u00e9rations de migrants venus du <a href=\"https:\/\/www.humanium.org\/fr\/moyen-orient-afrique-du-nord\/\">Moyen-Orient<\/a> et d&rsquo;Afrique par la M\u00e9diterran\u00e9e, ainsi que d&rsquo;Asie centrale et des pays nordiques par l&rsquo;Europe, se sont install\u00e9s d\u00e9finitivement en France, formant un groupe diversifi\u00e9. Outre ces nombreuses migrations, la France a \u00e9t\u00e9, au fil des si\u00e8cles, le th\u00e9\u00e2tre de nombreuses batailles et occupations prolong\u00e9es avant de devenir, au 20<sup>e<\/sup> si\u00e8cle, la principale destination de l&rsquo;immigration \u00e9trang\u00e8re en Europe, ajoutant ainsi d&rsquo;autres m\u00e9langes au creuset ethnique.<\/p>\n\n\n\n<p class=\"wp-block-paragraph\">Le fran\u00e7ais est la langue nationale, parl\u00e9e et enseign\u00e9e partout. Les accents et les dialectes sont toutefois tr\u00e8s r\u00e9pandus dans les zones rurales, et de nombreuses personnes ont tendance \u00e0 conserver leurs coutumes linguistiques r\u00e9gionales, soit par tradition, soit par un retour volontaire et d\u00e9lib\u00e9r\u00e9 \u00e0 un dialecte r\u00e9gional sp\u00e9cifique.<\/p>\n\n\n\n<p class=\"wp-block-paragraph\">La majorit\u00e9 des Fran\u00e7ais appartiennent \u00e0 l&rsquo;\u00c9glise catholique romaine. Reflet de la pr\u00e9sence d&rsquo;immigrants originaires <a href=\"https:\/\/www.humanium.org\/fr\/moyen-orient-afrique-du-nord\/\">d&rsquo;Afrique du Nord<\/a>, d&rsquo;Alg\u00e9rie et du Maroc, la France compte l&rsquo;une des plus importantes populations musulmanes d&rsquo;Europe, d\u2019environ 5 000 000 de musulmans (Britannica, 2025).<\/p>\n\n\n\n<p class=\"wp-block-paragraph\">En plus de son territoire m\u00e9tropolitain, la France comprend \u00e9galement plusieurs territoires d\u2019outre-mer, r\u00e9partis dans l\u2019Atlantique, l\u2019oc\u00e9an Indien et le Pacifique. Ces territoires incluent la Guadeloupe, la Martinique, la Guyane, La R\u00e9union, Mayotte, Saint-Pierre-et-Miquelon, Saint-Barth\u00e9lemy, Saint-Martin, la Polyn\u00e9sie fran\u00e7aise, Wallis-et-Futuna, la Nouvelle-Cal\u00e9donie et les Terres australes et antarctiques fran\u00e7aises. Les enfants qui y vivent font face \u00e0 des r\u00e9alit\u00e9s tr\u00e8s diff\u00e9rentes de celles de la m\u00e9tropole, notamment en mati\u00e8re d\u2019acc\u00e8s \u00e0 la sant\u00e9, \u00e0 l\u2019\u00e9ducation et au logement.<\/p>\n\n\n\n<h2 class=\"wp-block-heading\"><strong>Statut des droits de l\u2019enfant<\/strong> <strong><u><a href=\"#_ftn1\"><sup><strong><u><sup>[1]<\/sup><\/u><\/strong><\/sup><\/a><\/u><\/strong><\/h2>\n\n\n<div class=\"wp-block-image\">\n<figure class=\"alignleft size-large is-resized\"><img loading=\"lazy\" decoding=\"async\" width=\"1024\" height=\"683\" src=\"https:\/\/www.humanium.org\/fr\/wp-content\/uploads\/2026\/02\/shutterstock_2457073299-1024x683.jpg\" alt=\"\" class=\"wp-image-61812\" style=\"aspect-ratio:1.4993160054719563;width:331px;height:auto\" srcset=\"https:\/\/www.humanium.org\/fr\/wp-content\/uploads\/2026\/02\/shutterstock_2457073299-1024x683.jpg 1024w, https:\/\/www.humanium.org\/fr\/wp-content\/uploads\/2026\/02\/shutterstock_2457073299-300x200.jpg 300w, https:\/\/www.humanium.org\/fr\/wp-content\/uploads\/2026\/02\/shutterstock_2457073299-768x512.jpg 768w, https:\/\/www.humanium.org\/fr\/wp-content\/uploads\/2026\/02\/shutterstock_2457073299-1536x1025.jpg 1536w, https:\/\/www.humanium.org\/fr\/wp-content\/uploads\/2026\/02\/shutterstock_2457073299-2048x1366.jpg 2048w, https:\/\/www.humanium.org\/fr\/wp-content\/uploads\/2026\/02\/shutterstock_2457073299-830x554.jpg 830w, https:\/\/www.humanium.org\/fr\/wp-content\/uploads\/2026\/02\/shutterstock_2457073299-230x153.jpg 230w, https:\/\/www.humanium.org\/fr\/wp-content\/uploads\/2026\/02\/shutterstock_2457073299-350x233.jpg 350w, https:\/\/www.humanium.org\/fr\/wp-content\/uploads\/2026\/02\/shutterstock_2457073299-480x320.jpg 480w, https:\/\/www.humanium.org\/fr\/wp-content\/uploads\/2026\/02\/shutterstock_2457073299-272x182.jpg 272w\" sizes=\"auto, (max-width: 1024px) 100vw, 1024px\" \/><\/figure>\n<\/div>\n\n\n<p class=\"wp-block-paragraph\">La France est l\u2019un des 51 membres fondateurs des Nations Unies, ayant rejoint l\u2019organisation en 1945. Par la suite, la France a ratifi\u00e9 la <a href=\"https:\/\/www.humanium.org\/fr\/convention\/\">Convention relative aux droits de l\u2019enfant<\/a> le 7 aout 1990, le <a href=\"https:\/\/www.humanium.org\/fr\/normes\/protocole-facultatif-cide-enfants-dans-conflits-armes\/\">Protocole facultatif \u00e0 la Convention relative aux droits de l\u2019enfant concernant l&rsquo;implication d&rsquo;enfants dans les conflits arm\u00e9s<\/a>&nbsp;le 5 f\u00e9vrier 2003, et le <a href=\"https:\/\/www.humanium.org\/fr\/normes\/protocole-facultatif-cide-vente-prostitution-pornographie-enfants\/\">Protocole facultatif \u00e0 la Convention relative aux droits de l&rsquo;enfant concernant la vente d\u2019enfants, la prostitution des enfants et la pornographie mettant en sc\u00e8ne des enfants<\/a> le 5 f\u00e9vrier 2003 (Nations Unies Droits de l\u2019Homme Organes et Trait\u00e9s, n.d).<\/p>\n\n\n\n<p class=\"wp-block-paragraph\">Elle a \u00e9galement ratifi\u00e9 plusieurs instruments cl\u00e9s, notamment :<\/p>\n\n\n\n<ul class=\"wp-block-list\">\n<li>Le Pacte international relatif aux droits civils et politiques (4 novembre 1980)<\/li>\n\n\n\n<li>Le Deuxi\u00e8me Protocole facultatif visant \u00e0 abolir la peine de mort (2 octobre 2007)<\/li>\n\n\n\n<li>Le Pacte relatif aux droits \u00e9conomiques, sociaux et culturels (4 novembre 1980)<\/li>\n\n\n\n<li>La Convention sur l\u2019\u00e9limination de toutes les formes de discrimination \u00e0 l\u2019\u00e9gard des femmes (14 d\u00e9cembre 1983)<\/li>\n\n\n\n<li>Convention internationale sur l&rsquo;\u00e9limination de toutes les formes de discrimination raciale (28 juillet 1971)<\/li>\n<\/ul>\n\n\n\n<h2 class=\"wp-block-heading\"><strong>R\u00e9pondre aux besoins des enfants&nbsp;<\/strong><\/h2>\n\n\n\n<h3 class=\"wp-block-heading\"><a href=\"https:\/\/www.humanium.org\/fr\/comprendre-droits-enfant\/droit-a-l-education\/\">Droit \u00e0 l\u2019\u00e9ducation<\/a><\/h3>\n\n\n\n<p class=\"wp-block-paragraph\">En France, le droit \u00e0 l&rsquo;\u00e9ducation est un pilier fondamental qui permet \u00e0 chaque enfant de s&rsquo;\u00e9panouir et de s&rsquo;int\u00e9grer dans la soci\u00e9t\u00e9. L&rsquo;enseignement est obligatoire et gratuit pour tous les enfants, fran\u00e7ais ou \u00e9trangers, r\u00e9sidant en France, \u00e2g\u00e9s de 3 \u00e0 16 ans, que ce soit dans un \u00e9tablissement scolaire \u2013public ou priv\u00e9, ou dans le cadre de l&rsquo;enseignement \u00e0 domicile, sous r\u00e9serve d&rsquo;une autorisation pr\u00e9alable.&nbsp;<\/p>\n\n\n\n<p class=\"wp-block-paragraph\">Ce droit implique \u00e9galement une aide qui sert \u00e0 garantir l&rsquo;\u00e9galit\u00e9 des chances et \u00e0 lutter contre les in\u00e9galit\u00e9s. Des aides et une r\u00e9partition des ressources sont pr\u00e9vues pour tenir compte les diff\u00e9rences \u00e9conomiques et sociales et lutter contre les in\u00e9galit\u00e9s (L\u00e9gifrance, 2021).<\/p>\n\n\n\n<p class=\"wp-block-paragraph\">L\u2019inscription \u00e0 l\u2019\u00e9cole maternelle et primaire se fait \u00e0 la suite d&rsquo;une demande d&rsquo;attestation d&rsquo;inscription aupr\u00e8s de la mairie, qui permet ensuite \u00e0 l\u2019enfant d&rsquo;\u00eatre inscrit par le directeur&nbsp;ou la directrice de l\u2019\u00e9cole choisie. Pour l\u2019inscription au coll\u00e8ge, l\u2019\u00e9l\u00e8ve se voit attribuer un \u00e9tablissement d&rsquo;enseignement secondaire par l&rsquo;autorit\u00e9 comp\u00e9tente, en fonction de son lieu de r\u00e9sidence. <\/p>\n\n\n\n<p class=\"wp-block-paragraph\">L\u2019inscription au lyc\u00e9e s\u2019effectue par le d\u00e9p\u00f4t d\u2019un dossier de demande d\u2019affectation \u00e0 l\u2019\u00e9tablissement choisi (ADATE, 2021). Pour avoir acc\u00e8s \u00e0 l\u2019universit\u00e9, l\u2019obtention du baccalaur\u00e9at est n\u00e9cessaire, avec le paiement des frais d\u2019inscription variant de 178 \u20ac pour une licence, 254 \u20ac pour un master pour les \u00e9tudiants de nationalit\u00e9 europ\u00e9ens (Service Public France, 2025).&nbsp;<\/p>\n\n\n\n<p class=\"wp-block-paragraph\">Malgr\u00e9 ces principes, certains enfants sont toujours priv\u00e9s d&rsquo;acc\u00e8s \u00e0 une \u00e9ducation de qualit\u00e9. Cela concerne notamment les enfants les plus <a href=\"https:\/\/www.humanium.org\/fr\/enfants-pauvres\/\">pr\u00e9caires<\/a>, les enfants en bidonvilles ou les mineurs isol\u00e9s. Dans de nombreux cas, les enfants se voient refuser l&rsquo;acc\u00e8s \u00e0 l&rsquo;\u00e9cole, souvent en raison de discriminations li\u00e9es \u00e0 leur <a href=\"https:\/\/www.humanium.org\/fr\/enfants-handicapes\/\">handicap<\/a>, \u00e0 leur mode de vie, \u00e0 leur situation administrative ou \u00e0 leur origine.&nbsp;<\/p>\n\n\n\n<p class=\"wp-block-paragraph\">En France, la situation est la suivante : on estime que 80 % des enfants vivant dans des <a href=\"https:\/\/www.humanium.org\/fr\/enfants-dans-les-zones-urbaines\/\">bidonvilles<\/a> ou des squats ne sont pas scolaris\u00e9s. La situation des mineurs \u00e9trangers non accompagn\u00e9s et des enfants qui habitent \u00e0 Mayotte et en Guyane est particuli\u00e8rement critique, ce qui n\u00e9cessite une prise en charge urgente et des mesures concr\u00e8tes pour am\u00e9liorer leur situation (Commission Nationale Consultative des Droits de l\u2019Homme, 2025).<\/p>\n\n\n\n<h3 class=\"wp-block-heading\"><a href=\"https:\/\/www.humanium.org\/fr\/comprendre-droits-enfant\/droit-a-la-sante\/\">Droit \u00e0 la sant\u00e9<\/a><\/h3>\n\n\n<div class=\"wp-block-image\">\n<figure class=\"alignright size-large is-resized\"><img loading=\"lazy\" decoding=\"async\" width=\"1024\" height=\"576\" src=\"https:\/\/www.humanium.org\/fr\/wp-content\/uploads\/2026\/02\/shutterstock_2666775125-1024x576.jpg\" alt=\"\" class=\"wp-image-61815\" style=\"aspect-ratio:1.7778378561048969;width:353px;height:auto\" srcset=\"https:\/\/www.humanium.org\/fr\/wp-content\/uploads\/2026\/02\/shutterstock_2666775125-1024x576.jpg 1024w, https:\/\/www.humanium.org\/fr\/wp-content\/uploads\/2026\/02\/shutterstock_2666775125-300x169.jpg 300w, https:\/\/www.humanium.org\/fr\/wp-content\/uploads\/2026\/02\/shutterstock_2666775125-768x432.jpg 768w, https:\/\/www.humanium.org\/fr\/wp-content\/uploads\/2026\/02\/shutterstock_2666775125-1536x864.jpg 1536w, https:\/\/www.humanium.org\/fr\/wp-content\/uploads\/2026\/02\/shutterstock_2666775125-2048x1152.jpg 2048w, https:\/\/www.humanium.org\/fr\/wp-content\/uploads\/2026\/02\/shutterstock_2666775125-830x467.jpg 830w, https:\/\/www.humanium.org\/fr\/wp-content\/uploads\/2026\/02\/shutterstock_2666775125-230x129.jpg 230w, https:\/\/www.humanium.org\/fr\/wp-content\/uploads\/2026\/02\/shutterstock_2666775125-350x197.jpg 350w, https:\/\/www.humanium.org\/fr\/wp-content\/uploads\/2026\/02\/shutterstock_2666775125-480x270.jpg 480w\" sizes=\"auto, (max-width: 1024px) 100vw, 1024px\" \/><\/figure>\n<\/div>\n\n\n<p class=\"wp-block-paragraph\">Le <a href=\"https:\/\/www.humanium.org\/fr\/comprendre-droits-enfant\/droit-a-la-sante\/\">droit \u00e0 la sant\u00e9<\/a> garantit \u00e0 tous l&rsquo;acc\u00e8s \u00e0 la pr\u00e9vention, au diagnostic et au traitement. Les patients ont le droit de recevoir des informations claires sur leur \u00e9tat de sant\u00e9, sur les frais potentiels et sur les conditions de prise en charge (Centre des Liaisons Europ\u00e9ennes et Internationales de S\u00e9curit\u00e9 Sociale, n.d.). En France, toute personne r\u00e9sidant ou travaillant de mani\u00e8re stable et r\u00e9guli\u00e8re sur le territoire a droit \u00e0 des soins. Ce droit, qui s&rsquo;appelle le <a href=\"https:\/\/www.humanium.org\/fr\/comprendre-droits-enfant\/droit-a-la-sante\/\">droit \u00e0 la sant\u00e9<\/a>, est garanti par la Protection universelle maladie (PUMa). <\/p>\n\n\n\n<p class=\"wp-block-paragraph\">Ce dispositif inclut \u00e9galement des droits pour les patients, tels que le droit \u00e0 l&rsquo;information sur leur \u00e9tat de sant\u00e9 et les frais engag\u00e9s, le droit au consentement \u00e9clair\u00e9, le droit \u00e0 la <a href=\"https:\/\/www.humanium.org\/fr\/droit-non-discrimination\/\">non-discrimination<\/a> dans l&rsquo;acc\u00e8s aux soins, le droit au respect de la vie priv\u00e9e et le droit \u00e0 la confidentialit\u00e9. L&rsquo;AME (Aide M\u00e9dicale de l&rsquo;\u00c9tat) est une mesure qui peut \u00eatre utilis\u00e9e par les personnes en situation de pr\u00e9carit\u00e9 (L\u2019Assurance Maladie France, 2025).<\/p>\n\n\n\n<p class=\"wp-block-paragraph\">Cependant, ce droit \u00e0 la sant\u00e9 est encore entrav\u00e9 par plusieurs obstacles. D&rsquo;une part, la litt\u00e9ratie en sant\u00e9 est insuffisante, ce qui rend difficile la compr\u00e9hension des informations et la navigation dans le syst\u00e8me de sant\u00e9. D&rsquo;autre part, l&rsquo;acc\u00e8s aux professionnels de sant\u00e9 est complexe et les rendez-vous sont difficiles \u00e0 obtenir. Enfin, les p\u00e9nuries de m\u00e9dicaments compliquent davantage la situation (Sant\u00e9 Publique France, 2024).&nbsp;<\/p>\n\n\n\n<h3 class=\"wp-block-heading\"><a href=\"https:\/\/www.humanium.org\/fr\/droit-a-la-protection\/\">Droit \u00e0 la protection<\/a><\/h3>\n\n\n\n<p class=\"wp-block-paragraph\">En France, le droit \u00e0 la protection englobe plusieurs aspects. Il existe la protection universelle maladie (PUMa). Il existe \u00e9galement la protection juridique des mineurs (y compris la tutelle). La protection des mineurs en danger fait aussi partie du droit \u00e0 la protection. Les enfants \u00e9trangers peuvent \u00e9galement b\u00e9n\u00e9ficier d\u2019une protection. Cela concerne les <a href=\"https:\/\/www.humanium.org\/fr\/enfants-deplaces\/\">r\u00e9fugi\u00e9s<\/a> et les personnes en situation de protection subsidiaire. La protection de la personne dans un sens plus large est \u00e9galement incluse en ce qui concerne l&rsquo;image et la vie priv\u00e9e (Service Public France, n.d.&nbsp;; Service Public France, 2024&nbsp;; L\u2019Assurance Maladie France, 2025).<\/p>\n\n\n\n<p class=\"wp-block-paragraph\">Les enfants poss\u00e8dent \u00e9galement le droit \u00e0 la protection en ce que \u00ab&nbsp;chaque enfant a le droit de s&rsquo;\u00e9panouir dans un environnement protecteur, \u00e0 l&rsquo;abri de la violence, de la maltraitance ou de l&rsquo;exploitation&nbsp;\u00bb (Minist\u00e8re de la justice, n.d.). L&rsquo;Aide sociale \u00e0 l&rsquo;enfance (ASE) peut, dans un premier temps, mettre en place des mesures administratives. Si celles-ci s&rsquo;av\u00e8rent insuffisantes pour mettre un terme \u00e0 la situation de p\u00e9ril, la justice endosse la responsabilit\u00e9 de la protection judiciaire.<\/p>\n\n\n\n<p class=\"wp-block-paragraph\">Pour les personnes <a href=\"https:\/\/www.humanium.org\/fr\/enfants-deplaces\/\">r\u00e9fugi\u00e9es<\/a>, une aide temporaire ou subsidiaire peut \u00eatre octroy\u00e9e le temps de la r\u00e9gularisation de leur situation (Service Public France, 2024). Cependant, en r\u00e9alit\u00e9, ce droit \u00e0 la protection est mis \u00e0&nbsp;mal par les repressions et l\u2019usage excessif de la force par la police, aux <a href=\"https:\/\/www.humanium.org\/fr\/droit-non-discrimination\/\">discriminations<\/a> et racisme pr\u00e9valant en France, et l\u2019incidence du vote de la loi asile et immigration (Amnesty International, 2024).&nbsp;<\/p>\n\n\n\n<h2 class=\"wp-block-heading\"><strong>Facteurs de risque <\/strong><strong>\u2192<\/strong><strong> D\u00e9fis sp\u00e9cifiques au pays<\/strong><\/h2>\n\n\n\n<h3 class=\"wp-block-heading\"><a href=\"https:\/\/www.humanium.org\/fr\/la-maltraitance-des-enfants\/\">Maltraitance infantile<\/a><\/h3>\n\n\n\n<p class=\"wp-block-paragraph\">En France, les enfants subissent toutes sortes d&rsquo;actes de maltraitance, comme le travail forc\u00e9, la mendicit\u00e9 forc\u00e9e et <a href=\"https:\/\/www.humanium.org\/fr\/exploitation-sexuelle-enfants\/\">l&rsquo;exploitation sexuelle<\/a>. Les enfants non accompagn\u00e9s et ceux qui viennent de milieux d\u00e9favoris\u00e9s sont particuli\u00e8rement expos\u00e9s.<\/p>\n\n\n\n<p class=\"wp-block-paragraph\">La France a recens\u00e9 des cas de <a href=\"https:\/\/www.humanium.org\/fr\/trafic-enfants\/\">trafic d\u2019enfants<\/a> \u00e0 des fins d&rsquo;exploitation sous diverses formes, notamment le <a href=\"https:\/\/www.humanium.org\/fr\/travail-des-enfants\/\">travail forc\u00e9<\/a> dans l&rsquo;agriculture, en particulier dans la r\u00e9gion Champagne. Dans le d\u00e9partement fran\u00e7ais de Mayotte, les enfants comoriens non accompagn\u00e9s sont \u00e9galement tr\u00e8s expos\u00e9s \u00e0 la traite (US Department of State, 2024).<\/p>\n\n\n\n<p class=\"wp-block-paragraph\">L&rsquo;inceste, les agressions sexuelles et la violence physique constituent des probl\u00e9matiques fr\u00e9quentes pour les enfants en France, les abus \u00e9tant majoritairement perp\u00e9tr\u00e9s par des membres proches de la famille. En 2022, le nombre d\u2019enfants ayant subi une mort violente au sein de leur famille s&rsquo;est \u00e9lev\u00e9 \u00e0 60. Au moins un enfant meurt tous les cinq jours des s\u00e9vices inflig\u00e9s par ses parents ou un proche. En 2023, environ un Fran\u00e7ais sur dix aurait \u00e9t\u00e9 victime d&rsquo;inceste au cours de sa vie (UNICEF, 2022&nbsp;; Statista 2025).<\/p>\n\n\n\n<p class=\"wp-block-paragraph\">En France, les probl\u00e8mes persistants et croissants que constituent les contr\u00f4les et fouilles discriminatoires, ainsi que l&rsquo;usage excessif et parfois mortel de la <a href=\"https:\/\/www.humanium.org\/fr\/comprendre-droits-enfant\/droit-a-la-vie\/\">force<\/a> \u00e0 l&rsquo;encontre des enfants, sont extr\u00eamement pr\u00e9occupants. Cette violence est souvent exacerb\u00e9e par un racisme syst\u00e9mique et touche de mani\u00e8re disproportionn\u00e9e les jeunes d\u2019origine africaine et arabe (Le Monde 2024).<\/p>\n\n\n\n<h3 class=\"wp-block-heading\"><a href=\"https:\/\/www.humanium.org\/fr\/enfants-pauvres\/\">Pauvret\u00e9<\/a><em>&nbsp;<\/em><\/h3>\n\n\n\n<p class=\"wp-block-paragraph\">En France, des milliers de mineurs sont pauvres et priv\u00e9s d&rsquo;acc\u00e8s aux <a href=\"https:\/\/www.humanium.org\/fr\/comprendre-droits-enfant\/\">droits fondamentaux<\/a>, tels que l&rsquo;\u00e9ducation et les soins de sant\u00e9. Certains vivent dans des bidonvilles ou sont sans-abri. En 2022, plus de 20 000 individus r\u00e9sidaient en <a href=\"https:\/\/www.humanium.org\/fr\/les-enfants-des-zones-rurales\/\">bidonvilles<\/a> en France m\u00e9tropolitaine, dont 8 000 \u00e0 10 000 enfants. Parmi les individus concern\u00e9s, le taux de scolarisation \u00e9tait de 47% entre&nbsp;l\u2019\u00e2ge de 12 et 18 ans (M\u00e9decins du Monde, 2022).<\/p>\n\n\n<div class=\"wp-block-image\">\n<figure class=\"alignleft size-large is-resized\"><img loading=\"lazy\" decoding=\"async\" width=\"1024\" height=\"683\" src=\"https:\/\/www.humanium.org\/fr\/wp-content\/uploads\/2026\/02\/shutterstock_2397299381-1-1024x683.jpg\" alt=\"\" class=\"wp-image-61814\" style=\"aspect-ratio:1.4993160054719563;width:345px;height:auto\" srcset=\"https:\/\/www.humanium.org\/fr\/wp-content\/uploads\/2026\/02\/shutterstock_2397299381-1-1024x683.jpg 1024w, https:\/\/www.humanium.org\/fr\/wp-content\/uploads\/2026\/02\/shutterstock_2397299381-1-300x200.jpg 300w, https:\/\/www.humanium.org\/fr\/wp-content\/uploads\/2026\/02\/shutterstock_2397299381-1-768x512.jpg 768w, https:\/\/www.humanium.org\/fr\/wp-content\/uploads\/2026\/02\/shutterstock_2397299381-1-1536x1024.jpg 1536w, https:\/\/www.humanium.org\/fr\/wp-content\/uploads\/2026\/02\/shutterstock_2397299381-1-2048x1365.jpg 2048w, https:\/\/www.humanium.org\/fr\/wp-content\/uploads\/2026\/02\/shutterstock_2397299381-1-830x553.jpg 830w, https:\/\/www.humanium.org\/fr\/wp-content\/uploads\/2026\/02\/shutterstock_2397299381-1-230x153.jpg 230w, https:\/\/www.humanium.org\/fr\/wp-content\/uploads\/2026\/02\/shutterstock_2397299381-1-350x233.jpg 350w, https:\/\/www.humanium.org\/fr\/wp-content\/uploads\/2026\/02\/shutterstock_2397299381-1-480x320.jpg 480w, https:\/\/www.humanium.org\/fr\/wp-content\/uploads\/2026\/02\/shutterstock_2397299381-1-272x182.jpg 272w\" sizes=\"auto, (max-width: 1024px) 100vw, 1024px\" \/><\/figure>\n<\/div>\n\n\n<p class=\"wp-block-paragraph\">Outre les multiples discriminations auxquelles ils sont confront\u00e9s, ils doivent faire face \u00e0 des conditions de vie insalubres, \u00e0 la promiscuit\u00e9 et \u00e0 une ins\u00e9curit\u00e9 sanitaire exacerb\u00e9e par la fragilit\u00e9 des structures b\u00e2ties et les probl\u00e8mes li\u00e9s \u00e0 la gestion de <a href=\"https:\/\/www.humanium.org\/fr\/comprendre-droits-enfant\/droit-a-l-eau\/\">l&rsquo;eau<\/a> et de l&rsquo;assainissement. De plus, l&rsquo;absence de statistiques sur le sujet et le non-respect des obligations des services de l&rsquo;\u00c9tat entravent la mise en \u0153uvre de mesures visant \u00e0 am\u00e9liorer leur situation (UNICEF, 2017&nbsp;; M\u00e9decins du Monde, 2019).<\/p>\n\n\n\n<h3 class=\"wp-block-heading\"><a href=\"https:\/\/www.humanium.org\/fr\/droit-non-discrimination\/#:~:text=Le%20concept%20de%20discrimination%20comprend,interdit%20(Lansdown%2C%202022).\">Discrimination<\/a><\/h3>\n\n\n\n<p class=\"wp-block-paragraph\">Au-del\u00e0 des discriminations sociales et \u00e9conomiques que subissent les enfants pauvres en m\u00e9tropole, ceux qui vivent dans les territoires d\u2019outre-mer doivent faire face \u00e0 des disparit\u00e9s structurelles li\u00e9es \u00e0 leur lieu de r\u00e9sidence. L\u2019acc\u00e8s \u00e0 la sant\u00e9, \u00e0 <a href=\"https:\/\/www.humanium.org\/fr\/comprendre-droits-enfant\/droit-a-l-education\/\">l\u2019\u00e9ducation<\/a> et au logement y est beaucoup plus limit\u00e9. Cette pauvret\u00e9 end\u00e9mique entra\u00eene de lourdes cons\u00e9quences : \u00e0 La R\u00e9union, pr\u00e8s d\u2019un enfant sur deux est concern\u00e9, tandis qu\u2019en Guyane, ce chiffre atteint 6 sur 10. Le mal-logement touche pr\u00e8s de 600 000 personnes dans ces territoires.<\/p>\n\n\n\n<p class=\"wp-block-paragraph\">La sant\u00e9 des enfants est \u00e9galement directement impact\u00e9e, ce qui entra\u00eene des cons\u00e9quences sur leur d\u00e9veloppement et leur bien-\u00eatre. Les taux de <a href=\"https:\/\/www.humanium.org\/fr\/mortalite-infantile\/\">mortalit\u00e9 infantile<\/a> sont sensiblement plus \u00e9lev\u00e9s que la moyenne enregistr\u00e9e en France m\u00e9tropolitaine. Ce probl\u00e8me est directement li\u00e9 \u00e0 un manque d&rsquo;infrastructures et de ressources financi\u00e8res. En 2019, \u00e0 Mayotte, 45 % des habitants ont d\u00e9clar\u00e9 avoir renonc\u00e9 \u00e0 se soigner. Ces probl\u00e9matiques, qui sont nombreuses, se juxtaposent et compromettent la vie de 1,2 million d&rsquo;enfants et de jeunes (UNICEF, 2023).<\/p>\n\n\n\n<h3 class=\"wp-block-heading\"><a href=\"https:\/\/www.humanium.org\/fr\/enfants-deplaces\/\">Enfants migrants et r\u00e9fugi\u00e9s<\/a><\/h3>\n\n\n\n<p class=\"wp-block-paragraph\">Les d\u00e9faillances syst\u00e9miques, les dysfonctionnements administratifs et les disparit\u00e9s importantes caract\u00e9risent l\u2019accueil et la prise en charge temporaire d\u2019urgence des mineurs \u00e9trangers non accompagn\u00e9s en France. Les <a href=\"https:\/\/www.humanium.org\/fr\/lexclusion-sociale-et-la-pauvrete-en-france-une-realite-alarmante-aggravee-par-la-loi-sur-limmigration\/\">politiques d&rsquo;immigration<\/a> de plus en plus restrictives des autorit\u00e9s fran\u00e7aises font de la discrimination et des difficult\u00e9s \u00e0 r\u00e9gulariser leur situation une r\u00e9alit\u00e9 quotidienne. Les mineurs non accompagn\u00e9s ont \u00e9galement du mal \u00e0 acc\u00e9der \u00e0 l&rsquo;information et \u00e0 la justice. Ils ne parlent pas toujours la langue et ne sont pas familiaris\u00e9s avec les longues proc\u00e9dures administratives (Info Migrants, 2025).<\/p>\n\n\n\n<p class=\"wp-block-paragraph\">Les enfants r\u00e9fugi\u00e9s et migrants en France sont confront\u00e9s \u00e0 des difficult\u00e9s majeures comprenant la <a href=\"https:\/\/www.humanium.org\/fr\/la-maltraitance-des-enfants\/\">violence<\/a> et l&rsquo;abus, des probl\u00e8mes de sant\u00e9 mentale et physique (trouble post-traumatique, insuffisance nutritionnelle), des obstacles pour acc\u00e9der \u00e0 l&rsquo;enseignement et au logement, ainsi que le danger de discrimination et de racisme (Human Rights Watch, 2024).<\/p>\n\n\n\n<h3 class=\"wp-block-heading\"><a href=\"https:\/\/www.humanium.org\/fr\/enfants-handicapes\/\">Enfants en situation de handicap<\/a><\/h3>\n\n\n\n<p class=\"wp-block-paragraph\">En France, la discrimination, l&rsquo;acc\u00e8s \u00e0 <a href=\"https:\/\/www.humanium.org\/fr\/comprendre-droits-enfant\/droit-a-l-education\/\">l&rsquo;\u00e9ducation<\/a> et aux services sociaux, ainsi que les difficult\u00e9s financi\u00e8res sont des probl\u00e8mes auxquels sont confront\u00e9s les enfants handicap\u00e9s. La grande majorit\u00e9 des enfants handicap\u00e9s scolaris\u00e9s dans des \u00e9coles ordinaires sont issus de familles d\u00e9favoris\u00e9es (51 %), ce qui contraste nettement avec la moyenne g\u00e9n\u00e9rale des \u00e9l\u00e8ves du m\u00eame \u00e2ge (38 %).<\/p>\n\n\n\n<p class=\"wp-block-paragraph\">Les enfants en situation de handicap sont confront\u00e9s \u00e0 des conditions de vie moins favorables. En 2016-2017, le pourcentage de m\u00e9nages b\u00e9n\u00e9ficiaires de l&rsquo;allocation d&rsquo;\u00e9ducation de l&rsquo;enfant handicap\u00e9 (AEEH) vivant sous le seuil de <a href=\"https:\/\/www.humanium.org\/fr\/enfants-pauvres\/\">pauvret\u00e9<\/a> \u00e9tait de 25 %, tandis que ce pourcentage s&rsquo;\u00e9levait \u00e0 17 % pour les m\u00e9nages non b\u00e9n\u00e9ficiaires (Haut-Commissariat \u00e0 la Strat\u00e9gie et au Plan, 2025).&nbsp;<\/p>\n\n\n\n<h3 class=\"wp-block-heading\"><a href=\"https:\/\/www.humanium.org\/fr\/droits-des-filles\/\">Droits des filles<\/a><\/h3>\n\n\n\n<p class=\"wp-block-paragraph\">En France, les filles b\u00e9n\u00e9ficient de droits fondamentaux inscrits dans la Constitution mais ces droits sont bafou\u00e9s par des interdictions discriminatoires. Notamment, les <a href=\"https:\/\/www.humanium.org\/fr\/droit-non-discrimination\/\">discriminations<\/a> quant \u00e0 la tenue vestimentaire religieuse, en particulier l&rsquo;interdiction du hijab dans les sports et les \u00e9coles publiques, dont les cons\u00e9quences affectent de mani\u00e8re disproportionn\u00e9e les filles et les femmes musulmanes (Amnesty International, 2025).<\/p>\n\n\n\n<p class=\"wp-block-paragraph\">La violence \u00e0 l&rsquo;\u00e9gard des filles et des femmes, notamment la violence sexuelle g\u00e9n\u00e9ralis\u00e9e et les <a href=\"https:\/\/www.humanium.org\/fr\/infanticide\/\">f\u00e9minicides<\/a>, est un autre probl\u00e8me grave, souvent accueilli avec incr\u00e9dulit\u00e9 par le syst\u00e8me judiciaire en raison d&rsquo;un sexisme profond\u00e9ment ancr\u00e9. Entre 2012 et 2021, 94 % des plaintes pour viol et 86 % des plaintes pour violences sexuelles ont \u00e9t\u00e9 class\u00e9es sans suite par la justice fran\u00e7aise. De plus, bien que le taux officiel d\u00e9finitif de f\u00e9minicides en France pour 2025 ne soit pas disponible \u00e0 ce jour, les donn\u00e9es existantes indiquent que le probl\u00e8me de la violence domestique mortelle persiste (Human Rights Watch, 2025).<\/p>\n\n\n\n<h3 class=\"wp-block-heading\"><a href=\"https:\/\/www.humanium.org\/fr\/discriminations\/enfants-lgbtq\/\">Les jeunes LGBTQ+<\/a><\/h3>\n\n\n\n<p class=\"wp-block-paragraph\">En France, les enfants LGBTQ+ font face \u00e0 des d\u00e9fis li\u00e9s \u00e0 la discrimination et \u00e0 la <a href=\"https:\/\/www.humanium.org\/fr\/la-maltraitance-des-enfants\/\">violence<\/a>, souvent perp\u00e9tr\u00e9s au sein de leur famille et de leur environnement scolaire. Ces situations peuvent engendrer des troubles psychologiques et un sentiment d&rsquo;isolement. L&rsquo;homophobie et la transphobie les exposent souvent au rejet de leur famille et du syst\u00e8me \u00e9ducatif.&nbsp;<\/p>\n\n\n\n<p class=\"wp-block-paragraph\">Parmi les 1 620 cas de <a href=\"https:\/\/www.humanium.org\/fr\/droit-non-discrimination\/\">discriminations<\/a> et de violences perp\u00e9tr\u00e9es \u00e0 l&rsquo;encontre de personnes homosexuels ou transgenres recens\u00e9s sur le territoire fran\u00e7ais durant l&rsquo;ann\u00e9e 2024, 200 ont \u00e9t\u00e9 commis au sein de leur cellule familiale ou de leur entourage proche. Le rejet de la part de leurs proches est un comportement signal\u00e9 par 71 % des victimes. Le harc\u00e8lement, les menaces et les insultes touchent respectivement 34 %, 19 % et 34 % des personnes concern\u00e9es (Observatoire des in\u00e9galit\u00e9s, 2025).<\/p>\n\n\n\n<h3 class=\"wp-block-heading\"><a href=\"https:\/\/www.humanium.org\/fr\/suicide-enfants\/\">Le suicide chez les enfants et les adolescents<\/a><\/h3>\n\n\n\n<p class=\"wp-block-paragraph\">Le suicide chez les enfants est un sujet de pr\u00e9occupation croissant en France, tandis que les services de psychiatrie infantile sont submerg\u00e9s par une augmentation du nombre de cas et d\u2019hospitalisations pour tentatives de suicide. Les <a href=\"https:\/\/www.humanium.org\/fr\/droits-des-filles\/\">filles<\/a> seraient plus nombreuses \u00e0 en \u00eatre impact\u00e9es, exprimant souvent leur d\u00e9tresse par des actes d&rsquo;automutilation ou des troubles alimentaires. <\/p>\n\n\n\n<p class=\"wp-block-paragraph\">Les gar\u00e7ons, bien que moins enclins \u00e0 tenter de se suicider, sont plus susceptibles d&rsquo;y parvenir, souvent en recourant \u00e0 des m\u00e9thodes plus violentes. En France, le suicide est la deuxi\u00e8me cause de mortalit\u00e9 chez les enfants \u00e2g\u00e9s entre 15 et 24 ans (Le Monde, 2022 et 2024).<\/p>\n\n\n\n<p class=\"wp-block-paragraph\"><em><strong>R\u00e9dig\u00e9 par Mo\u00efra Phu\u00f6ng Van de Po\u00ebl<\/strong><\/em><\/p>\n\n\n\n<p class=\"wp-block-paragraph\"><em><strong>Relu en interne par Aditi Partha<\/strong><\/em><\/p>\n\n\n\n<p class=\"wp-block-paragraph\"><em><strong>Derni\u00e8re mise \u00e0 jour le 26 septembre 2025<\/strong><\/em><\/p>\n\n\n\n<h4 class=\"wp-block-heading\"><strong>R\u00e9f\u00e9rences :<\/strong><\/h4>\n\n\n\n<p class=\"has-small-font-size wp-block-paragraph\">ADATE (2021, 24 juin). La discrimination dans l\u2019acc\u00e8s \u00e0 l\u2019\u00e9ducation. Extrait d\u2019ADATE \u00e0 <a href=\"https:\/\/www.info-droits-etrangers.org\/vivre-en-france\/les-discriminations\/la-discrimination-dans-lacces-a-leducation\/#:~:text=On%20retrouve%20%C3%A9galement%20ce%20principe,code%20de%20l'%C3%A9ducation\">https:\/\/www.info-droits-etrangers.org\/vivre-en-france\/les-discriminations<\/a>, consult\u00e9 en septembre 2025.<\/p>\n\n\n\n<p class=\"has-small-font-size wp-block-paragraph\">Amnesty International (2024, 23 avril). En France, un recul des droits et libert\u00e9s en 2023. Extrait d\u2019Amnesty International \u00e0 <a href=\"https:\/\/www.amnesty.fr\/actualites\/france-le-recul-des-droits-et-libertes#:~:text=En%20France%2C%20un%20recul%20des%20droits%20et%20libert%C3%A9s%20en%202023,-Publi%C3%A9%20le%2023.04&amp;text=R%C3%A9pression%20violente%20des%20manifestations%20contre,action%20chez%20Amnesty%20International%20France.&amp;text=Jusqu'o%C3%B9%20ira%20l'%C\">https:\/\/www.amnesty.fr\/actualites\/france-le-recul-des-droits-et-libertes<\/a>, consult\u00e9 en septembre 2025.<\/p>\n\n\n\n<p class=\"has-small-font-size wp-block-paragraph\">Amnesty International (2025, 18 f\u00e9vrier). France: Hijab ban in all sports would violate human rights and target Muslim women and girls. Extrait d\u2019Amnesty International \u00e0 <a href=\"https:\/\/www.amnesty.org\/en\/latest\/news\/2025\/02\/france-hijab-ban-in-all-sports-would-violate-human-rights-and-target-muslim-women-and-girls\/#:~:text=%E2%80%9CLa%C3%AFcit%C3%A9%E2%80%9D%2C%20or%20%E2%80%9Csecularism,and%20called%20for%20their%20reversal\">https:\/\/www.amnesty.org\/en\/latest\/news\/2025\/02\/france-hijab-ban-in-all-sports-would-violate-human-rights-and-target-muslim-women-and-girls<\/a>, consult\u00e9 en septembre 2025.<\/p>\n\n\n\n<p class=\"has-small-font-size wp-block-paragraph\">Britannica (2025, 27 ao\u00fbt). France. Extrait de Britannica \u00e0 <a href=\"https:\/\/www.britannica.com\/place\/France\">https:\/\/www.britannica.com\/place\/France<\/a>, consult\u00e9 en septembre 2025.<\/p>\n\n\n\n<p class=\"has-small-font-size wp-block-paragraph\">Centre des Liaisons Europ\u00e9ennes et Internationales de S\u00e9curit\u00e9 Sociale (n.d.). Droits des patients en France. Extrait du Centre des Liaisons Europ\u00e9ennes et Internationales de S\u00e9curit\u00e9 Sociale \u00e0 <a href=\"https:\/\/www.cleiss.fr\/particuliers\/venir\/soins\/ue\/droits-patients-en-france.html\">https:\/\/www.cleiss.fr\/particuliers\/venir\/soins\/ue\/droits-patients-en-france.html<\/a>, consult\u00e9 en septembre 2025.<\/p>\n\n\n\n<p class=\"has-small-font-size wp-block-paragraph\">Commission Nationale Consultative des Droits de l\u2019Homme (2025, 28 avril). \u00c9ducation et scolarit\u00e9. Extrait de la Commission Nationale Consultative des Droits de l\u2019Homme \u00e0 <a href=\"https:\/\/www.cncdh.fr\/presentation\/themes-daction\/questions-societales\/education-et-scolarite#:~:text=En%20France%2C%20l'%C3%A9gal%20acc%C3%A8s,des%20enfants%20les%20plus%20pr%C3%A9caires\">https:\/\/www.cncdh.fr\/presentation\/themes-daction\/questions-societales\/education-et-scolarite<\/a>, consult\u00e9 en septembre 2025.<\/p>\n\n\n\n<p class=\"has-small-font-size wp-block-paragraph\">Haut-Commissariat \u00e0 la Strat\u00e9gie et au Plan (2025, 3 juin). Jeunes en situation de handicap : une mobilit\u00e9 sociale entrav\u00e9e. Extrait du Haut-Commissariat \u00e0 la Strat\u00e9gie et au Plan \u00e0 <a href=\"https:\/\/www.strategie-plan.gouv.fr\/publications\/jeunes-en-situation-de-handicap-une-mobilite-sociale-entravee#:~:text=Les%20enfants%20en%20situation%20de,plus%20imm%C3%A9diates%5B29%5D%20%C2%BB\">https:\/\/www.strategie-plan.gouv.fr\/publications\/jeunes-en-situation-de-handicap-une-mobilite-sociale-entravee<\/a>, consult\u00e9 en septembre 2025.<\/p>\n\n\n\n<p class=\"has-small-font-size wp-block-paragraph\">Human Rights Watch (2024, 30 janvier). \u00ab Ce n&rsquo;est pas la France que j&rsquo;avais imagin\u00e9e \u00bb &#8211; H\u00e9bergement, sant\u00e9, et \u00e9ducation pour les enfants migrants non accompagn\u00e9s \u00e0 Marseille. Extrait de Human Rights Watch \u00e0 <a href=\"https:\/\/www.hrw.org\/fr\/report\/2024\/01\/30\/ce-nest-pas-la-france-que-javais-imaginee\/hebergement-sante-et-education-pour-les#:~:text=7%5D-,Enfants%20migrants%20non%20accompagn%C3%A9s%20%C3%A0%20Marseille,particuli%C3%A8rement%20important%20en%20termes%20absolus\">https:\/\/www.hrw.org\/fr\/report\/2024\/01\/30\/ce-nest-pas-la-france-que-javais-imaginee\/hebergement-sante-et-education<\/a>, consult\u00e9 en septembre 2025.<\/p>\n\n\n\n<p class=\"has-small-font-size wp-block-paragraph\">Human Rights Watch (2025). France \u2013 Events of 2024. Extrait de Human Rights Watch \u00e0 <a href=\"https:\/\/www.hrw.org\/world-report\/2025\/country-chapters\/france#e41278\">https:\/\/www.hrw.org\/world-report\/2025\/country-chapters\/france<\/a>, consult\u00e9 en septembre 2025.<\/p>\n\n\n\n<p class=\"has-small-font-size wp-block-paragraph\">Info Migrants (2025, 16 juillet). France: Report slams territorial inequalities in unaccompanied foreign minors care. Extrait d\u2019Info Migrants \u00e0 <a href=\"https:\/\/www.infomigrants.net\/en\/post\/65797\/france-report-slams-territorial-inequalities-in-unaccompanied-foreign-minors-care#:~:text=While%20unaccompanied%20minors%20can%20request,per%20day%20for%2014%20days\">https:\/\/www.infomigrants.net\/en\/post\/65797\/france-report-slams-territorial-inequalities-in-unaccompanied-foreign-minors-care<\/a>, consult\u00e9 en septembre 2025.<\/p>\n\n\n\n<p class=\"has-small-font-size wp-block-paragraph\">L\u2019Assurance Maladie France (2025, 25 mars). La protection universelle maladie. Extrait de L\u2019Assurance Maladie France \u00e0 <a href=\"https:\/\/www.ameli.fr\/assure\/droits-demarches\/principes\/protection-universelle-maladie#:~:text=Toute%20personne%20qui%20travaille%20ou,de%20la%20protection%20universelle%20maladie\">https:\/\/www.ameli.fr\/assure\/droits-demarches\/principes\/protection-universelle-maladie<\/a>, consult\u00e9 en septembre 2025.<\/p>\n\n\n\n<p class=\"has-small-font-size wp-block-paragraph\">L\u00e9gifrance (2021, 24 ao\u00fbt). Code de l\u2019\u00e9ducation. Extrait de L\u00e9gifrance \u00e0 <a href=\"https:\/\/www.legifrance.gouv.fr\/codes\/section_lc\/LEGITEXT000006071191\/LEGISCTA000006151327\/\">https:\/\/www.legifrance.gouv.fr\/codes\/section_lc<\/a>, consult\u00e9 en septembre 2025.<\/p>\n\n\n\n<p class=\"has-small-font-size wp-block-paragraph\">Le Monde (2022, 22 ao\u00fbt). &lsquo;Every morning, at least 3 young people have attempted suicide&rsquo;: France\u2019s child psychiatry services buckle amid rise in cases. Extrait du Monde \u00e0 <a href=\"https:\/\/www.lemonde.fr\/en\/france\/article\/2022\/08\/22\/every-morning-at-least-3-young-people-have-attempted-suicide-france-s-child-psychiatry-services-buckle-amid-rise-in-cases_5994399_7.html#:~:text=The%20ARS%20stresses%20that%20%22The,catastrophe%20before%20finally%20doing%20something.%22&amp;text=Cosmetic%20surgery:%20'I've,self%2Dconscious\">https:\/\/www.lemonde.fr\/en\/france\/article\/2022\/08\/22\/every-morning-at-least-3-young-people-have-attempted-suicide-france-s-child-psychiatry-services-buckle-amid-rise-in-cases<\/a>, consult\u00e9 en septembre 2025.<\/p>\n\n\n\n<p class=\"has-small-font-size wp-block-paragraph\">Le Monde (2024, 25 f\u00e9vrier 2024). Les jeunes sont d\u00e9sormais plus touch\u00e9s par les id\u00e9es suicidaires que la population g\u00e9n\u00e9rale, un mal aux causes profondes. Extrait du Monde \u00e0 <a href=\"https:\/\/www.lemonde.fr\/societe\/article\/2024\/02\/25\/idees-suicidaires-les-jeunes-desormais-plus-touches-que-la-population-generale-un-mal-aux-causes-profondes_6218442_3224.html\">https:\/\/www.lemonde.fr\/societe\/article\/2024\/02\/25\/idees-suicidaires-les-jeunes-desormais-plus-touches-que-la-population-generale-un-mal-aux-causes-profondes<\/a>, consult\u00e9 en septembre 2025.<\/p>\n\n\n\n<p class=\"has-small-font-size wp-block-paragraph\">Le Monde (2024, 11 avril). Human Rights groups file UN complaint over French police racial profiling. Extrait du Monde \u00e0 <a href=\"https:\/\/www.lemonde.fr\/en\/france\/article\/2024\/04\/11\/human-rights-groups-file-un-complaint-over-french-police-racial-profiling_6668136_7.html#:~:text=Evidence%20and%20testimonies%20from%20victims,%2C%20constitute%20systemic%20racial%20discrimination.%22\">https:\/\/www.lemonde.fr\/en\/france\/article\/2024\/04\/11\/human-rights-groups-file-un-complaint-over-french-police-racial-profiling<\/a>, consult\u00e9 en septembre 2025.<\/p>\n\n\n\n<p class=\"has-small-font-size wp-block-paragraph\">M\u00e9decins du Monde (2019). Bidonvilles en France. Extrait de M\u00e9decins du Monde \u00e0 <a href=\"https:\/\/www.medecinsdumonde.org\/sur-le-terrain\/bidonvilles-en-france\/#:~:text=Entre%20habitats%20pr%C3%A9caires%2C%20lieux%20de,bidonvilles%20en%20France%20est%20d%C3%A9plorable\">https:\/\/www.medecinsdumonde.org\/sur-le-terrain\/bidonvilles-en-france<\/a>, consult\u00e9 en septembre 2025.<\/p>\n\n\n\n<p class=\"has-small-font-size wp-block-paragraph\">M\u00e9decins du Monde (2022). Le programme bidonvilles : lutte contre l&rsquo;extr\u00eame pr\u00e9carit\u00e9. Extrait de M\u00e9decins du Monde \u00e0 <a href=\"https:\/\/www.medecinsdumonde.org\/actualite\/le-programme-bidonvilles-lutte-contre-lextreme-precarite\/\">https:\/\/www.medecinsdumonde.org\/actualite\/le-programme-bidonvilles-lutte-contre-lextreme-precarite\/<\/a>, consult\u00e9 en septembre 2025.<\/p>\n\n\n\n<p class=\"has-small-font-size wp-block-paragraph\">Minist\u00e8re de la justice (n.d.). La protection des mineurs en danger. Extrait du minist\u00e8re de la Justice \u00e0 <a href=\"https:\/\/www.justice.gouv.fr\/justice-france\/justice-mineurs\/protection-mineurs-danger#:~:text=Le%20signalement%20d'un%20mineur,titre%20de%20la%20protection%20administrative\">https:\/\/www.justice.gouv.fr\/justice-france\/justice-mineurs\/protection-mineurs-danger<\/a>, consult\u00e9 en septembre 2025.<\/p>\n\n\n\n<p class=\"has-small-font-size wp-block-paragraph\">Nations Unies Droits de l\u2019Homme Organes et Trait\u00e9s (n.d.). Le statut de ratification par pays ou par trait\u00e9. Extrait des Nations Unies Droits de l\u2019Homme Organes et Trait\u00e9s \u00e0 <a href=\"https:\/\/tbinternet.ohchr.org\/_layouts\/15\/TreatyBodyExternal\/Treaty.aspx?Lang=frm\">https:\/\/tbinternet.ohchr.org\/_layouts\/15\/TreatyBodyExternal<\/a>, consult\u00e9 en septembre 2025.<\/p>\n\n\n\n<p class=\"has-small-font-size wp-block-paragraph\">Observatoire des in\u00e9galit\u00e9s (2025, 1er avril). Les homosexuels et trans, victimes de discriminations dans leur famille. Extrait de l\u2019Observatoire des in\u00e9galit\u00e9s \u00e0 <a href=\"https:\/\/www.inegalites.fr\/LGBT-discriminations-parents-et-famille#:~:text=Donn%C3%A9es-,Les%20homosexuels%20et%20trans%2C%20victimes%20de%20discriminations%20dans%20leur%20famille,ou%20%C3%A0%20l'agression%20physique\">https:\/\/www.inegalites.fr\/LGBT-discriminations-parents-et-famille<\/a>, consult\u00e9 en septembre 2025.<\/p>\n\n\n\n<p class=\"has-small-font-size wp-block-paragraph\">Sant\u00e9 Publique France (2024, 22 mai). Information en sant\u00e9 : quelles sont les difficult\u00e9s des Fran\u00e7ais&nbsp;? Extrait de Sant\u00e9 Publique France \u00e0 <a href=\"https:\/\/www.santepubliquefrance.fr\/presse\/2024\/information-en-sante-quelles-sont-les-difficultes-des-francais#:~:text=4%20Fran%C3%A7ais%20sur%2010%20ont,de%20litt%C3%A9ratie%20en%20sant%C3%A9%20num%C3%A9rique)\">https:\/\/www.santepubliquefrance.fr\/presse\/2024\/information-en-sante-quelles-sont-les-difficultes-des-francais<\/a>, consult\u00e9 en septembre 2025.<\/p>\n\n\n\n<p class=\"has-small-font-size wp-block-paragraph\">Service Public France (n.d.). Protection juridique (tutelle, curatelle). Extrait de Service Public France \u00e0 <a href=\"https:\/\/www.service-public.fr\/particuliers\/vosdroits\/N155\">https:\/\/www.service-public.fr\/particuliers\/vosdroits\/N155<\/a>, consult\u00e9 en septembre 2025.<\/p>\n\n\n\n<p class=\"has-small-font-size wp-block-paragraph\">Service Public France (2024, 5 juillet). Statut de r\u00e9fugi\u00e9, protection subsidiaire ou temporaire : quelles diff\u00e9rences&nbsp;? Extrait de Service Public France \u00e0 <a href=\"https:\/\/www.service-public.fr\/particuliers\/vosdroits\/F299#:~:text=La%20protection%20subsidiaire%20est%20l,conflit%20arm%C3%A9%20interne%20ou%20international\">https:\/\/www.service-public.fr\/particuliers\/vosdroits<\/a>, consult\u00e9 en septembre 2025.<\/p>\n\n\n\n<p class=\"has-small-font-size wp-block-paragraph\">Service Public France (2025, 19 ao\u00fbt). Universit\u00e9 : quels sont les montants des frais d&rsquo;inscription en 2025&nbsp;? Extrait de Service Public France \u00e0 <a href=\"https:\/\/www.service-public.fr\/particuliers\/actualites\/A17481#:~:text=Pour%20l'ann%C3%A9e%20universitaire%202025%2D2026%2C%20les%20droits%20d'inscription,d'%C3%A9tudes%20conduisant%20au%20grade%20de%20master%20\">https:\/\/www.service-public.fr\/particuliers\/actualites<\/a>, consult\u00e9 en septembre 2025.<\/p>\n\n\n\n<p class=\"has-small-font-size wp-block-paragraph\">Statista (2025, 11 septembre). Child sex abuse in France &#8211; statistics &amp; facts. Extrait de Statista \u00e0 <a href=\"https:\/\/www.statista.com\/topics\/8154\/pedocriminality-in-france\/#topicOverview\">https:\/\/www.statista.com\/topics\/8154\/pedocriminality-in-france<\/a>, consult\u00e9 en septembre 2025.<\/p>\n\n\n\n<p class=\"has-small-font-size wp-block-paragraph\">UNICEF (2017). Enfants en bidonvilles. Extrait d\u2019UNICEF \u00e0 <a href=\"https:\/\/www.unicef.fr\/actions-humanitaires\/europe-asie-centrale\/france\/enfants-en-bidonvilles\/\">https:\/\/www.unicef.fr\/actions-humanitaires\/europe-asie-centrale\/france\/enfants-en-bidonvilles\/<\/a>, consult\u00e9 en septembre 2025.<\/p>\n\n\n\n<p class=\"has-small-font-size wp-block-paragraph\">UNICEF (2022). Analyses et chiffres cl\u00e9s de l\u2019Observatoire \u2013 Protection et migration. Extrait d\u2019UNICEF \u00e0 <a href=\"https:\/\/www.unicef.fr\/actions-humanitaires\/observatoire-des-droits-de-lenfant\/analyses-et-chiffres-cles-protection-migration\/\">https:\/\/www.unicef.fr\/actions-humanitaires\/observatoire-des-droits-de-lenfant\/analyses-et-chiffres-cles-protection-migration\/<\/a>, consult\u00e9 en septembre 2025.<\/p>\n\n\n\n<p class=\"has-small-font-size wp-block-paragraph\">UNICEF (2023). Grandir dans les Outre-mer : l\u2019envers de la carte postale. Extrait d\u2019UNICEF \u00e0 <a href=\"https:\/\/www.unicef.fr\/article\/grandir-dans-les-outre-mer-lenvers-de-la-carte-postale\/\">https:\/\/www.unicef.fr\/article\/grandir-dans-les-outre-mer-lenvers-de-la-carte-postale\/<\/a>, consult\u00e9 en septembre 2025.<\/p>\n\n\n\n<p class=\"has-small-font-size wp-block-paragraph\">US Department of State (2024). 2024 Trafficking in Persons Report: France. Extrait de l\u2019US Department of State \u00e0 <a href=\"https:\/\/www.state.gov\/reports\/2024-trafficking-in-persons-report\/france\/#:~:text=Seasonal%20migrant%20workers%20are%20vulnerable,work%20by%20the%20Cuban%20government\">https:\/\/www.state.gov\/reports\/2024-trafficking-in-persons-report\/france<\/a>, consult\u00e9 en septembre 2025.<\/p>\n\n\n\n<hr class=\"wp-block-separator has-alpha-channel-opacity\"\/>\n\n\n\n<p class=\"has-small-font-size wp-block-paragraph\"><a href=\"#_ftnref1\">[1]<\/a> Cet article ne pr\u00e9tend en aucun cas donner un aper\u00e7u complet ou repr\u00e9sentatif des droits de l&rsquo;enfant en France ; en effet, l&rsquo;un des nombreux d\u00e9fis est le peu d&rsquo;informations actualis\u00e9es sur les enfants fran\u00e7ais, dont une grande partie n&rsquo;est pas fiable, pas repr\u00e9sentative, d\u00e9pass\u00e9e ou tout simplement inexistante.<\/p>\n","protected":false},"excerpt":{"rendered":"<p>Concr\u00e9tiser les droits de l\u2019enfant en France La France a ratifi\u00e9 la Convention relative aux droits de l\u2019enfant (CRC) en 1990, s\u2019engageant ainsi \u00e0 garantir \u00e0 tous les enfants pr\u00e9sents sur son territoire le respect et la protection de leurs droits fondamentaux. En tant que berceau historique des droits humains et membre fondateur des Nations [&hellip;]<\/p>\n","protected":false},"author":65,"featured_media":61810,"parent":0,"menu_order":0,"comment_status":"closed","ping_status":"closed","template":"","meta":{"footnotes":""},"class_list":["post-7706","page","type-page","status-publish","has-post-thumbnail","hentry"],"yoast_head":"<!-- This site is optimized with the Yoast SEO plugin v28.3 - https:\/\/yoast.com\/product\/yoast-seo-wordpress\/ -->\n<title>Enfants de France - Humanium<\/title>\n<meta name=\"description\" content=\"En France, les enfants issus de milieux d\u00e9favoris\u00e9s sont confront\u00e9s \u00e0 des obstacles qui limitent leur acc\u00e8s \u00e0 l&#039;\u00e9ducation et \u00e0 la sant\u00e9.\" \/>\n<meta name=\"robots\" content=\"index, follow, max-snippet:-1, max-image-preview:large, max-video-preview:-1\" \/>\n<link rel=\"canonical\" href=\"https:\/\/www.humanium.org\/fr\/france\/\" \/>\n<meta property=\"og:locale\" content=\"fr_FR\" \/>\n<meta property=\"og:type\" content=\"article\" \/>\n<meta property=\"og:title\" content=\"Enfants de France - Humanium\" \/>\n<meta property=\"og:description\" content=\"En France, les enfants issus de milieux d\u00e9favoris\u00e9s sont confront\u00e9s \u00e0 des obstacles qui limitent leur acc\u00e8s \u00e0 l&#039;\u00e9ducation et \u00e0 la sant\u00e9.\" \/>\n<meta property=\"og:url\" content=\"https:\/\/www.humanium.org\/fr\/france\/\" \/>\n<meta property=\"og:site_name\" content=\"Humanium\" \/>\n<meta property=\"article:modified_time\" content=\"2026-02-26T18:12:34+00:00\" \/>\n<meta property=\"og:image\" content=\"https:\/\/www.humanium.org\/fr\/wp-content\/uploads\/2026\/02\/shutterstock_2643586887-scaled.jpg\" \/>\n\t<meta property=\"og:image:width\" content=\"2560\" \/>\n\t<meta property=\"og:image:height\" content=\"1707\" \/>\n\t<meta property=\"og:image:type\" content=\"image\/jpeg\" \/>\n<meta name=\"twitter:card\" content=\"summary_large_image\" \/>\n<meta name=\"twitter:label1\" content=\"Dur\u00e9e de lecture estim\u00e9e\" \/>\n\t<meta name=\"twitter:data1\" content=\"20 minutes\" \/>\n<script type=\"application\/ld+json\" class=\"yoast-schema-graph\">{\"@context\":\"https:\\\/\\\/schema.org\",\"@graph\":[{\"@type\":\"WebPage\",\"@id\":\"https:\\\/\\\/www.humanium.org\\\/fr\\\/france\\\/\",\"url\":\"https:\\\/\\\/www.humanium.org\\\/fr\\\/france\\\/\",\"name\":\"Enfants de France - Humanium\",\"isPartOf\":{\"@id\":\"https:\\\/\\\/www.humanium.org\\\/fr\\\/#website\"},\"primaryImageOfPage\":{\"@id\":\"https:\\\/\\\/www.humanium.org\\\/fr\\\/france\\\/#primaryimage\"},\"image\":{\"@id\":\"https:\\\/\\\/www.humanium.org\\\/fr\\\/france\\\/#primaryimage\"},\"thumbnailUrl\":\"https:\\\/\\\/www.humanium.org\\\/fr\\\/wp-content\\\/uploads\\\/2026\\\/02\\\/shutterstock_2643586887-scaled.jpg\",\"datePublished\":\"2011-11-06T18:00:19+00:00\",\"dateModified\":\"2026-02-26T18:12:34+00:00\",\"description\":\"En France, les enfants issus de milieux d\u00e9favoris\u00e9s sont confront\u00e9s \u00e0 des obstacles qui limitent leur acc\u00e8s \u00e0 l'\u00e9ducation et \u00e0 la sant\u00e9.\",\"breadcrumb\":{\"@id\":\"https:\\\/\\\/www.humanium.org\\\/fr\\\/france\\\/#breadcrumb\"},\"inLanguage\":\"fr-FR\",\"potentialAction\":[{\"@type\":\"ReadAction\",\"target\":[\"https:\\\/\\\/www.humanium.org\\\/fr\\\/france\\\/\"]}]},{\"@type\":\"ImageObject\",\"inLanguage\":\"fr-FR\",\"@id\":\"https:\\\/\\\/www.humanium.org\\\/fr\\\/france\\\/#primaryimage\",\"url\":\"https:\\\/\\\/www.humanium.org\\\/fr\\\/wp-content\\\/uploads\\\/2026\\\/02\\\/shutterstock_2643586887-scaled.jpg\",\"contentUrl\":\"https:\\\/\\\/www.humanium.org\\\/fr\\\/wp-content\\\/uploads\\\/2026\\\/02\\\/shutterstock_2643586887-scaled.jpg\",\"width\":2560,\"height\":1707},{\"@type\":\"BreadcrumbList\",\"@id\":\"https:\\\/\\\/www.humanium.org\\\/fr\\\/france\\\/#breadcrumb\",\"itemListElement\":[{\"@type\":\"ListItem\",\"position\":1,\"name\":\"Home\",\"item\":\"https:\\\/\\\/www.humanium.org\\\/fr\\\/\"},{\"@type\":\"ListItem\",\"position\":2,\"name\":\"Enfants de France\"}]},{\"@type\":\"WebSite\",\"@id\":\"https:\\\/\\\/www.humanium.org\\\/fr\\\/#website\",\"url\":\"https:\\\/\\\/www.humanium.org\\\/fr\\\/\",\"name\":\"Humanium\",\"description\":\"Les enfants d\u2019abord !\",\"potentialAction\":[{\"@type\":\"SearchAction\",\"target\":{\"@type\":\"EntryPoint\",\"urlTemplate\":\"https:\\\/\\\/www.humanium.org\\\/fr\\\/?s={search_term_string}\"},\"query-input\":{\"@type\":\"PropertyValueSpecification\",\"valueRequired\":true,\"valueName\":\"search_term_string\"}}],\"inLanguage\":\"fr-FR\"}]}<\/script>\n<!-- \/ Yoast SEO plugin. -->","yoast_head_json":{"title":"Enfants de France - Humanium","description":"En France, les enfants issus de milieux d\u00e9favoris\u00e9s sont confront\u00e9s \u00e0 des obstacles qui limitent leur acc\u00e8s \u00e0 l'\u00e9ducation et \u00e0 la sant\u00e9.","robots":{"index":"index","follow":"follow","max-snippet":"max-snippet:-1","max-image-preview":"max-image-preview:large","max-video-preview":"max-video-preview:-1"},"canonical":"https:\/\/www.humanium.org\/fr\/france\/","og_locale":"fr_FR","og_type":"article","og_title":"Enfants de France - Humanium","og_description":"En France, les enfants issus de milieux d\u00e9favoris\u00e9s sont confront\u00e9s \u00e0 des obstacles qui limitent leur acc\u00e8s \u00e0 l'\u00e9ducation et \u00e0 la sant\u00e9.","og_url":"https:\/\/www.humanium.org\/fr\/france\/","og_site_name":"Humanium","article_modified_time":"2026-02-26T18:12:34+00:00","og_image":[{"width":2560,"height":1707,"url":"https:\/\/www.humanium.org\/fr\/wp-content\/uploads\/2026\/02\/shutterstock_2643586887-scaled.jpg","type":"image\/jpeg"}],"twitter_card":"summary_large_image","twitter_misc":{"Dur\u00e9e de lecture estim\u00e9e":"20 minutes"},"schema":{"@context":"https:\/\/schema.org","@graph":[{"@type":"WebPage","@id":"https:\/\/www.humanium.org\/fr\/france\/","url":"https:\/\/www.humanium.org\/fr\/france\/","name":"Enfants de France - Humanium","isPartOf":{"@id":"https:\/\/www.humanium.org\/fr\/#website"},"primaryImageOfPage":{"@id":"https:\/\/www.humanium.org\/fr\/france\/#primaryimage"},"image":{"@id":"https:\/\/www.humanium.org\/fr\/france\/#primaryimage"},"thumbnailUrl":"https:\/\/www.humanium.org\/fr\/wp-content\/uploads\/2026\/02\/shutterstock_2643586887-scaled.jpg","datePublished":"2011-11-06T18:00:19+00:00","dateModified":"2026-02-26T18:12:34+00:00","description":"En France, les enfants issus de milieux d\u00e9favoris\u00e9s sont confront\u00e9s \u00e0 des obstacles qui limitent leur acc\u00e8s \u00e0 l'\u00e9ducation et \u00e0 la sant\u00e9.","breadcrumb":{"@id":"https:\/\/www.humanium.org\/fr\/france\/#breadcrumb"},"inLanguage":"fr-FR","potentialAction":[{"@type":"ReadAction","target":["https:\/\/www.humanium.org\/fr\/france\/"]}]},{"@type":"ImageObject","inLanguage":"fr-FR","@id":"https:\/\/www.humanium.org\/fr\/france\/#primaryimage","url":"https:\/\/www.humanium.org\/fr\/wp-content\/uploads\/2026\/02\/shutterstock_2643586887-scaled.jpg","contentUrl":"https:\/\/www.humanium.org\/fr\/wp-content\/uploads\/2026\/02\/shutterstock_2643586887-scaled.jpg","width":2560,"height":1707},{"@type":"BreadcrumbList","@id":"https:\/\/www.humanium.org\/fr\/france\/#breadcrumb","itemListElement":[{"@type":"ListItem","position":1,"name":"Home","item":"https:\/\/www.humanium.org\/fr\/"},{"@type":"ListItem","position":2,"name":"Enfants de France"}]},{"@type":"WebSite","@id":"https:\/\/www.humanium.org\/fr\/#website","url":"https:\/\/www.humanium.org\/fr\/","name":"Humanium","description":"Les enfants d\u2019abord !","potentialAction":[{"@type":"SearchAction","target":{"@type":"EntryPoint","urlTemplate":"https:\/\/www.humanium.org\/fr\/?s={search_term_string}"},"query-input":{"@type":"PropertyValueSpecification","valueRequired":true,"valueName":"search_term_string"}}],"inLanguage":"fr-FR"}]}},"_links":{"self":[{"href":"https:\/\/www.humanium.org\/fr\/wp-json\/wp\/v2\/pages\/7706","targetHints":{"allow":["GET"]}}],"collection":[{"href":"https:\/\/www.humanium.org\/fr\/wp-json\/wp\/v2\/pages"}],"about":[{"href":"https:\/\/www.humanium.org\/fr\/wp-json\/wp\/v2\/types\/page"}],"author":[{"embeddable":true,"href":"https:\/\/www.humanium.org\/fr\/wp-json\/wp\/v2\/users\/65"}],"replies":[{"embeddable":true,"href":"https:\/\/www.humanium.org\/fr\/wp-json\/wp\/v2\/comments?post=7706"}],"version-history":[{"count":15,"href":"https:\/\/www.humanium.org\/fr\/wp-json\/wp\/v2\/pages\/7706\/revisions"}],"predecessor-version":[{"id":61836,"href":"https:\/\/www.humanium.org\/fr\/wp-json\/wp\/v2\/pages\/7706\/revisions\/61836"}],"wp:featuredmedia":[{"embeddable":true,"href":"https:\/\/www.humanium.org\/fr\/wp-json\/wp\/v2\/media\/61810"}],"wp:attachment":[{"href":"https:\/\/www.humanium.org\/fr\/wp-json\/wp\/v2\/media?parent=7706"}],"curies":[{"name":"wp","href":"https:\/\/api.w.org\/{rel}","templated":true}]}}