{"id":7929,"date":"2012-03-22T09:51:22","date_gmt":"2012-03-22T09:51:22","guid":{"rendered":"http:\/\/www.humanium.org\/fr\/?page_id=7929"},"modified":"2025-12-10T02:43:07","modified_gmt":"2025-12-10T02:43:07","slug":"israel","status":"publish","type":"page","link":"https:\/\/www.humanium.org\/fr\/israel\/","title":{"rendered":"Enfants d&rsquo;Isra\u00ebl"},"content":{"rendered":"<h1>Enfants d&rsquo;Isra\u00ebl<\/h1>\n<h2>Concr\u00e9tiser les droits de l&rsquo;enfant en Isra\u00ebl<\/h2>\n<p style=\"text-align: center;\"><img loading=\"lazy\" decoding=\"async\" class=\"alignnone size-full wp-image-16399\" title=\"Fillette israe\u00eblienne \u00a9 David Urieli (flickr)\" src=\"https:\/\/www.humanium.org\/fr\/wp-content\/uploads\/2011\/11\/petite-fille-david-urieli.jpg\" alt=\"\" width=\"155\" height=\"200\" \/> <img loading=\"lazy\" decoding=\"async\" class=\"alignnone size-full wp-image-7971\" title=\"Gar\u00e7on isra\u00e9lien \u00a9 Jewish Agency Israel\" src=\"https:\/\/www.humanium.org\/fr\/wp-content\/uploads\/jewish-agency-israel.jpg\" alt=\"\" width=\"134\" height=\"200\" \/><\/p>\n<p><strong>La situation des Droits de l\u2019Enfant en Isra\u00ebl reste probl\u00e9matique aujourd\u2019hui. Si des progr\u00e8s ont \u00e9t\u00e9 observ\u00e9s depuis la cr\u00e9ation de l\u2019\u00c9tat d&rsquo;Isra\u00ebl en 1948, le <a href=\"https:\/\/www.humanium.org\/fr\/genese-comite-droits-enfant\/\" target=\"_blank\" rel=\"noopener noreferrer\">Comit\u00e9 des Droits de l&rsquo;Enfant<\/a> estime que \u00ab beaucoup reste encore \u00e0 faire\u00a0\u00bb, notamment au regard des enfants migrants et appartenant aux minorit\u00e9s de la soci\u00e9t\u00e9 isra\u00e9lienne.<\/strong><\/p>\n<p>Le conflit persistant entre Isra\u00ebl et la Palestine a des cons\u00e9quences ind\u00e9niables sur les droits de l&rsquo;enfant en Isra\u00ebl (droits \u00e0 la vie, \u00e0 la s\u00e9curit\u00e9, etc.) mais aussi en Palestine, o\u00f9 le r\u00e9gime d&rsquo;occupation isra\u00e9lien a des r\u00e9percussions dramatiques\u00a0: les droits des enfants palestiniens sont quotidiennement viol\u00e9s, notamment par les forces arm\u00e9es isra\u00e9liennes et les colons (voir aussi : <a href=\"https:\/\/www.humanium.org\/fr\/palestine\/\" target=\"_blank\" rel=\"noopener noreferrer\">Enfants de Palestine<\/a>).<\/p>\n<p><strong>L\u2019\u00c9tat d&rsquo;Isra\u00ebl est responsable de la bonne application de la <a href=\"https:\/\/www.humanium.org\/fr\/convention\/\" target=\"_blank\" rel=\"noopener noreferrer\">Convention internationale des droits de l&rsquo;enfant (CIDE)<\/a> en Isra\u00ebl <em>et<\/em> dans le territoire palestinien qu&rsquo;il occupe depuis 1967 (TPO).<\/strong> En effet, selon la Cour internationale de justice, l\u2019\u00c9tat isra\u00e9lien est, en tant que puissance occupante, responsable de la situation des droits de l&rsquo;homme en Palestine. <strong>Toutefois, il refuse de reconna\u00eetre cette obligation.<\/strong><\/p>\n<table style=\"height: 38px;\" width=\"566\">\n<tbody style=\"background: #f2f2f2;\">\n<tr>\n<td>\n<div style=\"float: left; width: 39%;\">\n<p style=\"margin-bottom: 20px;\"><strong>Population :<\/strong>\u00a08,4 millions<br \/>\n<strong>Pop. de 0 \u00e0 14 ans:<\/strong> 27,6%<\/p>\n<\/div>\n<div style=\"float: right; width: 59%;\">\n<p style=\"margin-bottom: 20px;\"><strong>Esp\u00e9rance de vie :<\/strong> 81,8 ans<br \/>\n<strong>Mortalit\u00e9 des moins de 5 ans :<\/strong>\u00a03 \u2030<\/p>\n<\/div>\n<\/td>\n<\/tr>\n<\/tbody>\n<\/table>\n<h3>Principaux probl\u00e8mes rencontr\u00e9s par les enfants en Isra\u00ebl :<\/h3>\n<p><strong><a href=\"https:\/\/www.humanium.org\/fr\/enfants-pauvres\/\" target=\"_blank\" rel=\"noopener noreferrer\">Pauvret\u00e9<\/a><\/strong><\/p>\n<p><img loading=\"lazy\" decoding=\"async\" class=\"alignright size-full wp-image-8076\" title=\"Jeune enfant b\u00e9douin : les B\u00e9douins sont parmi les plus touch\u00e9s par la pauvret\u00e9 en Isra\u00ebl. \u00a9 James Emery\" src=\"https:\/\/www.humanium.org\/fr\/wp-content\/uploads\/james-emery-beduin-boy.jpg\" alt=\"\" width=\"110\" height=\"149\" \/>En Isra\u00ebl, on estime qu\u2019environ un quart de la population souffre de\u00a0pauvret\u00e9. Un enfant sur trois vivrait ainsi dans des conditions pr\u00e9caires et souffrirait de malnutrition, et les chiffres sont \u00e0 la hausse.<\/p>\n<p>Les plus touch\u00e9s sont les enfants issus de minorit\u00e9s ethniques, comme les B\u00e9douins.<\/p>\n<p><strong><a href=\"https:\/\/www.humanium.org\/fr\/comprendre-droits-enfant\/droit-a-la-sante\/\" target=\"_blank\" rel=\"noopener noreferrer\">Droit \u00e0 la sant\u00e9<\/a><\/strong><\/p>\n<p>D&rsquo;une mani\u00e8re g\u00e9n\u00e9rale, le droit \u00e0 la sant\u00e9 est garanti pour les enfants isra\u00e9liens et le syst\u00e8me de sant\u00e9 est de bonne qualit\u00e9. Cependant, l&rsquo;acc\u00e8s \u00e0 ces services est in\u00e9gal en ce qui concerne les enfants appartenant aux groupes minoritaires ou vuln\u00e9rables.<\/p>\n<p>On d\u00e9plore notamment un taux \u00e9lev\u00e9 de mortalit\u00e9 chez les enfants b\u00e9douins des villages \u00ab\u00a0non reconnus\u00a0\u00bb par Isra\u00ebl. Dans le N\u00e9guev, de nombreux enfants n&rsquo;ont pas acc\u00e8s \u00e0 l&rsquo;eau potable en suffisance.<\/p>\n<p>De plus, les h\u00f4pitaux manquent cruellement de personnel sp\u00e9cialis\u00e9 parlant l\u2019arabe, ce qui complique les soins et discrimine la population arabe isra\u00e9lienne, qui pourtant selon la loi, b\u00e9n\u00e9ficie des m\u00eames droits que les Juifs isra\u00e9liens.<\/p>\n<p><strong><a href=\"https:\/\/www.humanium.org\/fr\/comprendre-droits-enfant\/droit-a-l-education\/\" target=\"_blank\" rel=\"noopener noreferrer\">Droit \u00e0 l&rsquo;\u00e9ducation<\/a><\/strong><\/p>\n<p>En Isra\u00ebl, la\u00a0scolarisation\u00a0est obligatoire jusqu\u2019\u00e0 11 ans et gratuite pour tous les enfants entre 5 et 16 ans.<\/p>\n<p>L\u2019h\u00e9breu et l\u2019arabe sont les deux langues officielles en Isra\u00ebl. Toutefois, les enfants arabes et juifs \u00e9tudient dans deux syst\u00e8mes scolaires distincts.<\/p>\n<p>De plus, l\u2019\u00c9tat investit davantage d&rsquo;argent dans le syst\u00e8me scolaire juif au d\u00e9triment des enfants arabes, qui eux re\u00e7oivent un enseignement m\u00e9diocre et enregistrent un taux \u00e9lev\u00e9 d&rsquo;abandon scolaire.<\/p>\n<p><img loading=\"lazy\" decoding=\"async\" class=\"wp-image-8077 alignleft\" title=\"Des enfants reviennent de l'\u00e9cole en taxi collectif. \u00a9 Delayed gratification (Flickr)\" src=\"https:\/\/www.humanium.org\/fr\/wp-content\/uploads\/560565435_1aeec35de0_z.jpg\" alt=\"\" width=\"186\" height=\"155\" \/>La \u00ab\u00a0forte militarisation du syst\u00e8me \u00e9ducatif\u00a0\u00bb, soulev\u00e9e par le <a href=\"https:\/\/www.humanium.org\/fr\/genese-comite-droits-enfant\/\" target=\"_blank\" rel=\"noopener noreferrer\">Comit\u00e9 des Droits de l&rsquo;Enfant<\/a>, au d\u00e9triment d&rsquo;une \u00e9ducation pour la paix, est un syst\u00e8me qui renforce aupr\u00e8s des jeunes isra\u00e9liens, surtout juifs, le cycle de l&rsquo;indiff\u00e9rence, voire de la haine, \u00e0 l&rsquo;encontre des enfants palestiniens et arabes.<\/p>\n<p><strong><a href=\"https:\/\/www.humanium.org\/fr\/enfants-dans-la-guerre\/\" target=\"_blank\" rel=\"noopener noreferrer\">Enfants victimes du conflit<\/a><\/strong><br \/>\nDans le cadre du conflit isra\u00e9lo-palestinien, on d\u00e9plore la mort de nombreux enfants isra\u00e9liens, victimes innocentes tu\u00e9es par erreur ou prises \u00e0 partie dans les affrontements.<\/p>\n<p>Des rapports \u00e9tablissent, par exemple, que des bus scolaires isra\u00e9liens ont \u00e9t\u00e9 la cible de tirs et que des roquettes, tir\u00e9es depuis la bande de Gaza par des groupes arm\u00e9s palestiniens, visent parfois des cibles civiles en Isra\u00ebl, violant les lois de la guerre et mettant en danger la vie des enfants.<\/p>\n<p><strong><a href=\"https:\/\/www.humanium.org\/fr\/la-maltraitance-des-enfants\/\" target=\"_blank\" rel=\"noopener noreferrer\">Maltraitances<\/a><\/strong><br \/>\nMalgr\u00e9 les efforts du gouvernement et la promulgation de lois de protection, de nombreux enfants sont victimes de\u00a0violences ou de maltraitances\u00a0dans le cadre familial, scolaire et institutionnel. Dans les mentalit\u00e9s, la discipline est encore souvent associ\u00e9e \u00e0 la violence.<br \/>\nLes m\u00e9dias rapportent \u00e9galement des cas d\u2019abus sexuels sur enfants commis par des militaires ou en prison.<\/p>\n<p><strong>Mauvais traitements et cas de torture \u00e0 l&rsquo;encontre d&rsquo;enfants palestiniens<\/strong><br \/>\nLe comportement des forces militaires et polici\u00e8res isra\u00e9liennes vis-\u00e0-vis des enfants palestiniens continue d&rsquo;inqui\u00e9ter le <a href=\"https:\/\/www.humanium.org\/fr\/genese-comite-droits-enfant\/\" target=\"_blank\" rel=\"noopener noreferrer\">Comit\u00e9 des Droits de l&rsquo;Enfant<\/a>.<\/p>\n<p>Ces forces sont accus\u00e9es d&rsquo;utiliser des enfants palestiniens comme bouclier humain lors de manifestations ou comme informateurs et de commettre des actes de torture et des assassinats extrajudiciaires \u00e0 leur encontre.<\/p>\n<p>Par exemple, des soldats ont point\u00e9 leur fusil sur un enfant de neuf ans pour le forcer \u00e0 fouiller des sacs suspect\u00e9s de contenir des explosifs.<\/p>\n<p>Selon l&rsquo;UNICEF, les mauvais traitements physiques et psychologiques \u00e0 l&rsquo;encontre des jeunes palestiniens d\u00e9tenus (cf. <a href=\"https:\/\/www.humanium.org\/fr\/enfants-detenus\/\" target=\"_blank\" rel=\"noopener noreferrer\">enfants d\u00e9tenus<\/a>) sont \u00ab\u00a0r\u00e9pandus, syst\u00e9matiques et institutionnalis\u00e9s\u00a0\u00bb au sein du syst\u00e8me de d\u00e9tention militaire isra\u00e9lien.<\/p>\n<p>Violence physique et verbale, humiliation, menace de mort ou de s\u00e9vices sexuels, privation de sommeil, poignets et pieds li\u00e9s par des cha\u00eenes, v\u00eatement de prisonnier, acc\u00e8s limit\u00e9 \u00e0 l&rsquo;eau, \u00e0 la nourriture et aux installations sanitaires\u00a0: autant d&rsquo;actes cruels, inhumains et d\u00e9gradants que les forces isra\u00e9liennes infligent aux jeunes palestiniens, du moment de leur arrestation au proc\u00e8s.<\/p>\n<p><strong><a href=\"https:\/\/www.humanium.org\/fr\/justice-juvenile\/\" target=\"_blank\" rel=\"noopener noreferrer\">Justice des mineurs<\/a><\/strong><br \/>\nEn violation du principe d&rsquo;\u00e9galit\u00e9 et de <a href=\"https:\/\/www.humanium.org\/fr\/droit-non-discrimination\/\" target=\"_blank\" rel=\"noopener noreferrer\">non-discrimination<\/a>, Isra\u00ebl applique un syst\u00e8me juridique diff\u00e9renci\u00e9 entre les enfants isra\u00e9liens et palestiniens. Les premiers \u00e9tant jug\u00e9s par une cour civile et les seconds par des tribunaux militaires.<\/p>\n<p>Ainsi, selon l&rsquo;Ordre militaire 1651, d\u00e8s 12 ans, un enfant palestinien est jug\u00e9 responsable de ses actes et peut \u00eatre emprisonn\u00e9 jusqu&rsquo;\u00e0 6 mois et d\u00e8s 16 ans, il purge les m\u00eames peines qu&rsquo;un adulte. La loi a \u00e9t\u00e9 r\u00e9cemment modifi\u00e9e, portant l&rsquo;\u00e2ge de la majorit\u00e9 de 16 \u00e0 18 ans, mais elle n&rsquo;est pas compl\u00e8tement appliqu\u00e9e dans les faits, comme le souligne le <a href=\"https:\/\/www.humanium.org\/fr\/genese-comite-droits-enfant\/\" target=\"_blank\" rel=\"noopener noreferrer\">Comit\u00e9 des Droits de l&rsquo;Enfant<\/a> dans son \u00e9valuation de 2013.<\/p>\n<p>Dans la majorit\u00e9 des cas, les enfants palestiniens sont inculp\u00e9s pour avoir lanc\u00e9 des pierres, ce qui peut leur co\u00fbter 20 ans d&#8217;emprisonnement.<\/p>\n<p>Selon l&rsquo;UNICEF, chaque ann\u00e9e environ 700 jeunes palestiniens \u00e2g\u00e9s de 12 \u00e0 17 ans sont arr\u00eat\u00e9s, interrog\u00e9s et d\u00e9tenus par les forces isra\u00e9liennes. Pourtant, selon la <a href=\"https:\/\/www.humanium.org\/fr\/convention\/\" target=\"_blank\" rel=\"noopener noreferrer\">CIDE<\/a>, \u00ab\u00a0l\u2019arrestation, la d\u00e9tention ou l\u2019emprisonnement d\u2019un enfant doit \u00eatre en conformit\u00e9 avec la loi, n\u2019\u00eatre qu\u2019une mesure de dernier ressort\u00a0\u00bb.<\/p>\n<p>Les enfants palestiniens peuvent \u00eatre d\u00e9tenus arbitrairement pendant quatre jours avant leur jugement.<\/p>\n<p>Leur droit \u00e0 un proc\u00e8s \u00e9quitable est clairement viol\u00e9\u00a0: ils sont rarement inform\u00e9s de leurs droits et subissent des actes d&rsquo;intimidation et de violence les contraignant \u00e0 signer des \u00ab\u00a0aveux\u00a0\u00bb en h\u00e9breu, une langue que la majorit\u00e9 d&rsquo;entre eux ne conna\u00eet pas.<\/p>\n<p>Environ 90 % des enfants plaident coupable, selon un rapport du Conseil des Droits de l&rsquo;Homme, afin d&rsquo;\u00e9chapper aux mauvais traitements qu&rsquo;ils ont subi jusqu&rsquo;alors.<\/p>\n<p><strong><a href=\"https:\/\/www.humanium.org\/fr\/droit-non-discrimination\/\" target=\"_blank\" rel=\"noopener noreferrer\">Droit \u00e0 la non-discrimination<\/a><\/strong><br \/>\nLe\u00a0<a href=\"https:\/\/www.humanium.org\/fr\/genese-comite-droits-enfant\/\" target=\"_blank\" rel=\"noopener noreferrer\">Comit\u00e9 des Droits de l\u2019Enfant<\/a>, dans son dernier rapport sur Isra\u00ebl, s\u2019est montr\u00e9 pr\u00e9occup\u00e9 par les\u00a0discriminations fr\u00e9quentes enregistr\u00e9es \u00e0 l&rsquo;encontre des enfants palestiniens, isra\u00e9lo-arabes, b\u00e9douins, \u00e9thiopiens ou des enfants de travailleurs migrants et de demandeurs d\u2019asile.<\/p>\n<p><strong><a href=\"https:\/\/www.humanium.org\/fr\/comprendre-droits-enfant\/droit-a-l-identite\/\" target=\"_blank\" rel=\"noopener noreferrer\">Droit \u00e0 une identit\u00e9<\/a><\/strong><br \/>\nPour les enfants n\u00e9s de parents \u00e9trangers, il est tr\u00e8s difficile de se voir reconna\u00eetre une\u00a0existence officielle\u00a0en Isra\u00ebl : en effet, l\u2019enregistrement de la naissance se heurte \u00e0 de nombreux obstacles administratifs, notamment parce que l\u2019\u00c9tat ne reconna\u00eet pas la double nationalit\u00e9.<\/p>\n<p>Ainsi, des familles de migrants se sont m\u00eame vues obliger de signer une d\u00e9claration de retour volontaire en \u00e9change d&rsquo;un certificat de naissance pour leur enfant.<\/p>\n<p><img loading=\"lazy\" decoding=\"async\" class=\"size-full wp-image-8074 alignright\" title=\"Tous les enfants ont droit \u00e0 une identit\u00e9. \u00a9 Delayed gratification(Flickr)\" src=\"https:\/\/www.humanium.org\/fr\/wp-content\/uploads\/delayed-gratification.jpg\" alt=\"\" width=\"220\" height=\"168\" \/>Un enfant ayant un parent isra\u00e9lien et un parent vivant dans le territoire palestinien occup\u00e9 ne pourra pas obtenir la nationalit\u00e9 isra\u00e9lienne, un obstacle important pour la r\u00e9unification familiale.<\/p>\n<p>Isra\u00ebl consid\u00e8re que les enfants d\u2019origine palestinienne r\u00e9sidant \u00e0 J\u00e9rusalem ont la nationalit\u00e9 jordanienne, alors que ce n\u2019est souvent pas le cas : de nombreux enfants se retrouvent donc\u00a0apatrides, ce qui est contraire au droit \u00e0 l\u2019identit\u00e9 garanti par la\u00a0<a href=\"https:\/\/www.humanium.org\/fr\/convention\/\" target=\"_blank\" rel=\"noopener noreferrer\">CIDE<\/a>.<\/p>\n<p><strong><a href=\"https:\/\/www.humanium.org\/fr\/enfants-deplaces\/\" target=\"_blank\" rel=\"noopener noreferrer\">Droit de l&rsquo;enfant r\u00e9fugi\u00e9<\/a><\/strong><br \/>\nIsra\u00ebl applique depuis janvier 2012 la loi \u00absur la pr\u00e9vention de l\u2019infiltration\u00bb qui l&rsquo;autorise \u00e0 d\u00e9tenir de mani\u00e8re prolong\u00e9e des enfants entr\u00e9s ill\u00e9galement sur son territoire puis \u00e0 les expulser dans leur pays, ou dans un pays tiers, m\u00eame s&rsquo;ils y risquent la torture ou des mauvais traitements.<\/p>\n<p>Cela constitue une violation de la Convention sur les r\u00e9fugi\u00e9s dont Isra\u00ebl est signataire.<\/p>\n<p><strong>Environnement et perspectives d&rsquo;avenir<\/strong><br \/>\nAvec ses 10,3 tonnes d\u2019\u00e9mission de CO2 par habitant et par ann\u00e9e, Isra\u00ebl fait partie des pays qui \u00e9mettent une pollution des plus importantes. Cela n\u2019est pas sans influence sur les enfants et sur leurs perspectives d\u2019avenir. Isra\u00ebl doit faire des efforts pour r\u00e9duire son impact \u00e9cologique.<\/p>\n","protected":false},"excerpt":{"rendered":"<p>Enfants d&rsquo;Isra\u00ebl Concr\u00e9tiser les droits de l&rsquo;enfant en Isra\u00ebl La situation des Droits de l\u2019Enfant en Isra\u00ebl reste probl\u00e9matique aujourd\u2019hui. Si des progr\u00e8s ont \u00e9t\u00e9 observ\u00e9s depuis la cr\u00e9ation de l\u2019\u00c9tat d&rsquo;Isra\u00ebl en 1948, le Comit\u00e9 des Droits de l&rsquo;Enfant estime que \u00ab beaucoup reste encore \u00e0 faire\u00a0\u00bb, notamment au regard des enfants migrants et [&hellip;]<\/p>\n","protected":false},"author":65,"featured_media":0,"parent":0,"menu_order":0,"comment_status":"closed","ping_status":"closed","template":"","meta":{"footnotes":""},"class_list":["post-7929","page","type-page","status-publish","hentry"],"yoast_head":"<!-- This site is optimized with the Yoast SEO plugin v28.3 - https:\/\/yoast.com\/product\/yoast-seo-wordpress\/ -->\n<title>Enfants d&#039;Isra\u00ebl - Humanium<\/title>\n<meta name=\"description\" content=\"Bien que des progr\u00e8s ont \u00e9t\u00e9 observ\u00e9s depuis la cr\u00e9ation de l\u2019\u00c9tat d&#039;Isra\u00ebl, la situation des Droits de l\u2019Enfant reste probl\u00e9matique\" \/>\n<meta name=\"robots\" content=\"index, follow, max-snippet:-1, max-image-preview:large, max-video-preview:-1\" \/>\n<link rel=\"canonical\" href=\"https:\/\/www.humanium.org\/fr\/israel\/\" \/>\n<meta property=\"og:locale\" content=\"fr_FR\" \/>\n<meta property=\"og:type\" content=\"article\" \/>\n<meta property=\"og:title\" content=\"Enfants d&#039;Isra\u00ebl - Humanium\" \/>\n<meta property=\"og:description\" content=\"Bien que des progr\u00e8s ont \u00e9t\u00e9 observ\u00e9s depuis la cr\u00e9ation de l\u2019\u00c9tat d&#039;Isra\u00ebl, la situation des Droits de l\u2019Enfant reste probl\u00e9matique\" \/>\n<meta property=\"og:url\" content=\"https:\/\/www.humanium.org\/fr\/israel\/\" \/>\n<meta property=\"og:site_name\" content=\"Humanium\" \/>\n<meta property=\"article:modified_time\" content=\"2025-12-10T02:43:07+00:00\" \/>\n<meta name=\"twitter:card\" content=\"summary_large_image\" \/>\n<meta name=\"twitter:label1\" content=\"Dur\u00e9e de lecture estim\u00e9e\" \/>\n\t<meta name=\"twitter:data1\" content=\"9 minutes\" \/>\n<script type=\"application\/ld+json\" class=\"yoast-schema-graph\">{\"@context\":\"https:\\\/\\\/schema.org\",\"@graph\":[{\"@type\":\"WebPage\",\"@id\":\"https:\\\/\\\/www.humanium.org\\\/fr\\\/israel\\\/\",\"url\":\"https:\\\/\\\/www.humanium.org\\\/fr\\\/israel\\\/\",\"name\":\"Enfants d'Isra\u00ebl - Humanium\",\"isPartOf\":{\"@id\":\"https:\\\/\\\/www.humanium.org\\\/fr\\\/#website\"},\"primaryImageOfPage\":{\"@id\":\"https:\\\/\\\/www.humanium.org\\\/fr\\\/israel\\\/#primaryimage\"},\"image\":{\"@id\":\"https:\\\/\\\/www.humanium.org\\\/fr\\\/israel\\\/#primaryimage\"},\"thumbnailUrl\":\"https:\\\/\\\/www.humanium.org\\\/fr\\\/wp-content\\\/uploads\\\/2011\\\/11\\\/petite-fille-david-urieli.jpg\",\"datePublished\":\"2012-03-22T09:51:22+00:00\",\"dateModified\":\"2025-12-10T02:43:07+00:00\",\"description\":\"Bien que des progr\u00e8s ont \u00e9t\u00e9 observ\u00e9s depuis la cr\u00e9ation de l\u2019\u00c9tat d'Isra\u00ebl, la situation des Droits de l\u2019Enfant reste probl\u00e9matique\",\"breadcrumb\":{\"@id\":\"https:\\\/\\\/www.humanium.org\\\/fr\\\/israel\\\/#breadcrumb\"},\"inLanguage\":\"fr-FR\",\"potentialAction\":[{\"@type\":\"ReadAction\",\"target\":[\"https:\\\/\\\/www.humanium.org\\\/fr\\\/israel\\\/\"]}]},{\"@type\":\"ImageObject\",\"inLanguage\":\"fr-FR\",\"@id\":\"https:\\\/\\\/www.humanium.org\\\/fr\\\/israel\\\/#primaryimage\",\"url\":\"https:\\\/\\\/www.humanium.org\\\/fr\\\/wp-content\\\/uploads\\\/2011\\\/11\\\/petite-fille-david-urieli.jpg\",\"contentUrl\":\"https:\\\/\\\/www.humanium.org\\\/fr\\\/wp-content\\\/uploads\\\/2011\\\/11\\\/petite-fille-david-urieli.jpg\"},{\"@type\":\"BreadcrumbList\",\"@id\":\"https:\\\/\\\/www.humanium.org\\\/fr\\\/israel\\\/#breadcrumb\",\"itemListElement\":[{\"@type\":\"ListItem\",\"position\":1,\"name\":\"Home\",\"item\":\"https:\\\/\\\/www.humanium.org\\\/fr\\\/\"},{\"@type\":\"ListItem\",\"position\":2,\"name\":\"Enfants d&rsquo;Isra\u00ebl\"}]},{\"@type\":\"WebSite\",\"@id\":\"https:\\\/\\\/www.humanium.org\\\/fr\\\/#website\",\"url\":\"https:\\\/\\\/www.humanium.org\\\/fr\\\/\",\"name\":\"Humanium\",\"description\":\"Les enfants d\u2019abord !\",\"potentialAction\":[{\"@type\":\"SearchAction\",\"target\":{\"@type\":\"EntryPoint\",\"urlTemplate\":\"https:\\\/\\\/www.humanium.org\\\/fr\\\/?s={search_term_string}\"},\"query-input\":{\"@type\":\"PropertyValueSpecification\",\"valueRequired\":true,\"valueName\":\"search_term_string\"}}],\"inLanguage\":\"fr-FR\"}]}<\/script>\n<!-- \/ Yoast SEO plugin. -->","yoast_head_json":{"title":"Enfants d'Isra\u00ebl - Humanium","description":"Bien que des progr\u00e8s ont \u00e9t\u00e9 observ\u00e9s depuis la cr\u00e9ation de l\u2019\u00c9tat d'Isra\u00ebl, la situation des Droits de l\u2019Enfant reste probl\u00e9matique","robots":{"index":"index","follow":"follow","max-snippet":"max-snippet:-1","max-image-preview":"max-image-preview:large","max-video-preview":"max-video-preview:-1"},"canonical":"https:\/\/www.humanium.org\/fr\/israel\/","og_locale":"fr_FR","og_type":"article","og_title":"Enfants d'Isra\u00ebl - Humanium","og_description":"Bien que des progr\u00e8s ont \u00e9t\u00e9 observ\u00e9s depuis la cr\u00e9ation de l\u2019\u00c9tat d'Isra\u00ebl, la situation des Droits de l\u2019Enfant reste probl\u00e9matique","og_url":"https:\/\/www.humanium.org\/fr\/israel\/","og_site_name":"Humanium","article_modified_time":"2025-12-10T02:43:07+00:00","twitter_card":"summary_large_image","twitter_misc":{"Dur\u00e9e de lecture estim\u00e9e":"9 minutes"},"schema":{"@context":"https:\/\/schema.org","@graph":[{"@type":"WebPage","@id":"https:\/\/www.humanium.org\/fr\/israel\/","url":"https:\/\/www.humanium.org\/fr\/israel\/","name":"Enfants d'Isra\u00ebl - Humanium","isPartOf":{"@id":"https:\/\/www.humanium.org\/fr\/#website"},"primaryImageOfPage":{"@id":"https:\/\/www.humanium.org\/fr\/israel\/#primaryimage"},"image":{"@id":"https:\/\/www.humanium.org\/fr\/israel\/#primaryimage"},"thumbnailUrl":"https:\/\/www.humanium.org\/fr\/wp-content\/uploads\/2011\/11\/petite-fille-david-urieli.jpg","datePublished":"2012-03-22T09:51:22+00:00","dateModified":"2025-12-10T02:43:07+00:00","description":"Bien que des progr\u00e8s ont \u00e9t\u00e9 observ\u00e9s depuis la cr\u00e9ation de l\u2019\u00c9tat d'Isra\u00ebl, la situation des Droits de l\u2019Enfant reste probl\u00e9matique","breadcrumb":{"@id":"https:\/\/www.humanium.org\/fr\/israel\/#breadcrumb"},"inLanguage":"fr-FR","potentialAction":[{"@type":"ReadAction","target":["https:\/\/www.humanium.org\/fr\/israel\/"]}]},{"@type":"ImageObject","inLanguage":"fr-FR","@id":"https:\/\/www.humanium.org\/fr\/israel\/#primaryimage","url":"https:\/\/www.humanium.org\/fr\/wp-content\/uploads\/2011\/11\/petite-fille-david-urieli.jpg","contentUrl":"https:\/\/www.humanium.org\/fr\/wp-content\/uploads\/2011\/11\/petite-fille-david-urieli.jpg"},{"@type":"BreadcrumbList","@id":"https:\/\/www.humanium.org\/fr\/israel\/#breadcrumb","itemListElement":[{"@type":"ListItem","position":1,"name":"Home","item":"https:\/\/www.humanium.org\/fr\/"},{"@type":"ListItem","position":2,"name":"Enfants d&rsquo;Isra\u00ebl"}]},{"@type":"WebSite","@id":"https:\/\/www.humanium.org\/fr\/#website","url":"https:\/\/www.humanium.org\/fr\/","name":"Humanium","description":"Les enfants d\u2019abord !","potentialAction":[{"@type":"SearchAction","target":{"@type":"EntryPoint","urlTemplate":"https:\/\/www.humanium.org\/fr\/?s={search_term_string}"},"query-input":{"@type":"PropertyValueSpecification","valueRequired":true,"valueName":"search_term_string"}}],"inLanguage":"fr-FR"}]}},"_links":{"self":[{"href":"https:\/\/www.humanium.org\/fr\/wp-json\/wp\/v2\/pages\/7929","targetHints":{"allow":["GET"]}}],"collection":[{"href":"https:\/\/www.humanium.org\/fr\/wp-json\/wp\/v2\/pages"}],"about":[{"href":"https:\/\/www.humanium.org\/fr\/wp-json\/wp\/v2\/types\/page"}],"author":[{"embeddable":true,"href":"https:\/\/www.humanium.org\/fr\/wp-json\/wp\/v2\/users\/65"}],"replies":[{"embeddable":true,"href":"https:\/\/www.humanium.org\/fr\/wp-json\/wp\/v2\/comments?post=7929"}],"version-history":[{"count":12,"href":"https:\/\/www.humanium.org\/fr\/wp-json\/wp\/v2\/pages\/7929\/revisions"}],"predecessor-version":[{"id":60974,"href":"https:\/\/www.humanium.org\/fr\/wp-json\/wp\/v2\/pages\/7929\/revisions\/60974"}],"wp:attachment":[{"href":"https:\/\/www.humanium.org\/fr\/wp-json\/wp\/v2\/media?parent=7929"}],"curies":[{"name":"wp","href":"https:\/\/api.w.org\/{rel}","templated":true}]}}