{"id":8118,"date":"2011-11-06T18:00:12","date_gmt":"2011-11-06T18:00:12","guid":{"rendered":"http:\/\/www.humanium.org\/fr\/?page_id=8118"},"modified":"2025-12-05T13:06:09","modified_gmt":"2025-12-05T13:06:09","slug":"cote-d-ivoire","status":"publish","type":"page","link":"https:\/\/www.humanium.org\/fr\/cote-d-ivoire\/","title":{"rendered":"Enfants de C\u00f4te d&rsquo;Ivoire"},"content":{"rendered":"\n<h2 class=\"wp-block-heading\">Concr\u00e9tiser les droits de l&rsquo;enfant en C\u00f4te d&rsquo;Ivoire<\/h2>\n\n\n\n<div class=\"wp-block-columns is-layout-flex wp-container-core-columns-is-layout-8f761849 wp-block-columns-is-layout-flex\">\n<div class=\"wp-block-column is-layout-flow wp-block-column-is-layout-flow\">\n<figure class=\"wp-block-image size-large is-style-circle-mask\"><img loading=\"lazy\" decoding=\"async\" width=\"1000\" height=\"668\" src=\"https:\/\/www.humanium.org\/fr\/wp-content\/uploads\/2020\/02\/shutterstock_1046146489-jpg.jpg\" alt=\"\" class=\"wp-image-46561\" srcset=\"https:\/\/www.humanium.org\/fr\/wp-content\/uploads\/2020\/02\/shutterstock_1046146489-jpg.jpg 1000w, https:\/\/www.humanium.org\/fr\/wp-content\/uploads\/2020\/02\/shutterstock_1046146489-jpg-300x200.jpg 300w, https:\/\/www.humanium.org\/fr\/wp-content\/uploads\/2020\/02\/shutterstock_1046146489-jpg-768x513.jpg 768w, https:\/\/www.humanium.org\/fr\/wp-content\/uploads\/2020\/02\/shutterstock_1046146489-jpg-830x554.jpg 830w, https:\/\/www.humanium.org\/fr\/wp-content\/uploads\/2020\/02\/shutterstock_1046146489-jpg-230x154.jpg 230w, https:\/\/www.humanium.org\/fr\/wp-content\/uploads\/2020\/02\/shutterstock_1046146489-jpg-350x234.jpg 350w, https:\/\/www.humanium.org\/fr\/wp-content\/uploads\/2020\/02\/shutterstock_1046146489-jpg-480x321.jpg 480w, https:\/\/www.humanium.org\/fr\/wp-content\/uploads\/2020\/02\/shutterstock_1046146489-jpg-272x182.jpg 272w\" sizes=\"auto, (max-width: 1000px) 100vw, 1000px\" \/><\/figure>\n<\/div>\n\n\n\n<div class=\"wp-block-column is-layout-flow wp-block-column-is-layout-flow\">\n<figure class=\"wp-block-image size-large is-style-circle-mask\"><img loading=\"lazy\" decoding=\"async\" width=\"1000\" height=\"668\" src=\"https:\/\/www.humanium.org\/fr\/wp-content\/uploads\/2020\/02\/shutterstock_1045367020.jpg\" alt=\"\" class=\"wp-image-46562\" srcset=\"https:\/\/www.humanium.org\/fr\/wp-content\/uploads\/2020\/02\/shutterstock_1045367020.jpg 1000w, https:\/\/www.humanium.org\/fr\/wp-content\/uploads\/2020\/02\/shutterstock_1045367020-300x200.jpg 300w, https:\/\/www.humanium.org\/fr\/wp-content\/uploads\/2020\/02\/shutterstock_1045367020-768x513.jpg 768w, https:\/\/www.humanium.org\/fr\/wp-content\/uploads\/2020\/02\/shutterstock_1045367020-830x554.jpg 830w, https:\/\/www.humanium.org\/fr\/wp-content\/uploads\/2020\/02\/shutterstock_1045367020-230x154.jpg 230w, https:\/\/www.humanium.org\/fr\/wp-content\/uploads\/2020\/02\/shutterstock_1045367020-350x234.jpg 350w, https:\/\/www.humanium.org\/fr\/wp-content\/uploads\/2020\/02\/shutterstock_1045367020-480x321.jpg 480w, https:\/\/www.humanium.org\/fr\/wp-content\/uploads\/2020\/02\/shutterstock_1045367020-272x182.jpg 272w\" sizes=\"auto, (max-width: 1000px) 100vw, 1000px\" \/><\/figure>\n<\/div>\n<\/div>\n\n\n\n<p class=\"wp-block-paragraph\"><strong>Bien que sa population soit tr\u00e8s jeune, la C\u00f4te d&rsquo;Ivoire a encore un long chemin \u00e0 parcourir pour garantir la pleine r\u00e9alisation des droits des enfants. Les enfants de C\u00f4te d&rsquo;Ivoire sont confront\u00e9s \u00e0 de nombreux d\u00e9fis, tels que le mariage des enfants, la pauvret\u00e9, la violence contre les enfants, l&rsquo;absence d&rsquo;enregistrement des naissances, le manque d&rsquo;acc\u00e8s \u00e0 l&rsquo;eau potable et \u00e0 des soins de sant\u00e9 appropri\u00e9s, etc.<\/strong><\/p>\n\n\n\n<iframe loading=\"lazy\" src=\"https:\/\/www.google.com\/maps\/embed?pb=!1m18!1m12!1m3!1d8102285.448188295!2d-10.045612950778347!3d7.443768741640606!2m3!1f0!2f0!3f0!3m2!1i1024!2i768!4f13.1!3m3!1m2!1s0xf961387b049a067%3A0x1f91e627cb9ee40!2sC%C3%B4te%20d'Ivoire!5e0!3m2!1sen!2shr!4v1581843139736!5m2!1sen!2shr\" style=\"border:0;\" allowfullscreen=\"\" width=\"600\" height=\"450\" frameborder=\"0\"><\/iframe>\n\n\n\n<div class=\"wp-block-columns is-layout-flex wp-container-core-columns-is-layout-8f761849 wp-block-columns-is-layout-flex\">\n<div class=\"wp-block-column is-layout-flow wp-block-column-is-layout-flow\">\n<p class=\"wp-block-paragraph\"><strong>Population :<\/strong> 25.1 millions<br><strong>Pop. de 0 \u00e0 14 ans :<\/strong> 42 %<\/p>\n<\/div>\n\n\n\n<div class=\"wp-block-column is-layout-flow wp-block-column-is-layout-flow\">\n<p class=\"wp-block-paragraph\"><strong>Esp\u00e9rance de vie :<\/strong> 50,7 ans<br><strong>Mortalit\u00e9 des moins de 5 ans :<\/strong>&nbsp;67 \u2030<\/p>\n<\/div>\n<\/div>\n\n\n\n<h2 class=\"wp-block-heading\"><strong>La C\u00f4te d\u2019Ivoire en un\ncoup d\u2019\u0153il<\/strong><\/h2>\n\n\n\n<p class=\"wp-block-paragraph\">Situ\u00e9e dans la partie occidentale du continent africain et dans la zone intertropicale, la C\u00f4te d&rsquo;Ivoire a une superficie de 322,462 km<sup>2<\/sup>. Le pays est bord\u00e9 au sud par l&rsquo;oc\u00e9an Atlantique, \u00e0 l&rsquo;est par <a href=\"https:\/\/www.humanium.org\/fr\/ghana\/\">le Ghana,<\/a> au nord par <a href=\"https:\/\/www.humanium.org\/fr\/burkina-faso\/\">le Burkina Faso<\/a> et <a href=\"https:\/\/www.humanium.org\/fr\/mali\/\">le Mali<\/a> et \u00e0 l&rsquo;ouest par <a href=\"https:\/\/www.humanium.org\/fr\/liberia\/\">le Lib\u00e9ria<\/a>. La capitale politique de la C\u00f4te d&rsquo;Ivoire est Yamoussoukro, tandis que sa capitale \u00e9conomique est Abidjan. La population du pays est de 25,1 millions d&rsquo;habitants, dont environ 42% sont \u00e2g\u00e9s de 0 \u00e0 14 ans. <\/p>\n\n\n<div class=\"wp-block-image\">\n<figure class=\"alignright size-large is-resized\"><img loading=\"lazy\" decoding=\"async\" width=\"1024\" height=\"679\" src=\"https:\/\/www.humanium.org\/fr\/wp-content\/uploads\/2020\/02\/shutterstock_789976531-1024x679.jpg\" alt=\"\" class=\"wp-image-46567\" style=\"width:364px;height:240px\" srcset=\"https:\/\/www.humanium.org\/fr\/wp-content\/uploads\/2020\/02\/shutterstock_789976531-1024x679.jpg 1024w, https:\/\/www.humanium.org\/fr\/wp-content\/uploads\/2020\/02\/shutterstock_789976531-300x199.jpg 300w, https:\/\/www.humanium.org\/fr\/wp-content\/uploads\/2020\/02\/shutterstock_789976531-768x509.jpg 768w, https:\/\/www.humanium.org\/fr\/wp-content\/uploads\/2020\/02\/shutterstock_789976531-1536x1019.jpg 1536w, https:\/\/www.humanium.org\/fr\/wp-content\/uploads\/2020\/02\/shutterstock_789976531-2048x1358.jpg 2048w, https:\/\/www.humanium.org\/fr\/wp-content\/uploads\/2020\/02\/shutterstock_789976531-830x550.jpg 830w, https:\/\/www.humanium.org\/fr\/wp-content\/uploads\/2020\/02\/shutterstock_789976531-230x153.jpg 230w, https:\/\/www.humanium.org\/fr\/wp-content\/uploads\/2020\/02\/shutterstock_789976531-350x232.jpg 350w, https:\/\/www.humanium.org\/fr\/wp-content\/uploads\/2020\/02\/shutterstock_789976531-480x318.jpg 480w\" sizes=\"auto, (max-width: 1024px) 100vw, 1024px\" \/><\/figure>\n<\/div>\n\n\n<p class=\"wp-block-paragraph\">Le contexte politique et social de la C\u00f4te d&rsquo;Ivoire a\nsouvent \u00e9t\u00e9 perturb\u00e9 par des tensions politiques. En effet, apr\u00e8s la mort du\npr\u00e9sident F\u00e9lix Houphouet Boigny en 1993 et l&rsquo;arriv\u00e9e au pouvoir d&rsquo;Henri Konan\nB\u00e9di\u00e9, le pays a travers\u00e9 une p\u00e9riode de troubles, marqu\u00e9e par l\u2019opposition\nentre le nord et le sud du pays. Par la suite, les accords de Ouagadougou ont\napport\u00e9 une certaine stabilit\u00e9. Cependant, les tensions engendr\u00e9es par les\n\u00e9lections de 2010 ont fait na\u00eetre un autre conflit et provoqu\u00e9 une crise\npost\u00e9lectorale, qui a dur\u00e9 environ 5 mois. La C\u00f4te d&rsquo;Ivoire a \u00e9galement \u00e9t\u00e9\nconfront\u00e9e \u00e0 d\u2019autres \u00e9pisodes d\u2019instabilit\u00e9, comme par exemple l\u2019attentat de\nGrand-Bassam en mars 2016.&nbsp; <\/p>\n\n\n\n<p class=\"wp-block-paragraph\">En effet, depuis 2015, dans le nord et l&rsquo;est du pays, <a href=\"https:\/\/www.humanium.org\/fr\/violences\/\">les violences<\/a> et les attaques des djihadistes \u00e0 la fronti\u00e8re avec le Ghana, le Mali et le Burkina Faso sont devenues une menace pour la population.<\/p>\n\n\n\n<p class=\"wp-block-paragraph\">Depuis lors, le pays a connu une p\u00e9riode de relative stabilit\u00e9, toutefois menac\u00e9e par les prochaines \u00e9lections pr\u00e9sidentielles de 2020, qui seront tr\u00e8s importantes pour la paix et la stabilit\u00e9 politique du pays. La fragilit\u00e9 politique actuelle en C\u00f4te d&rsquo;Ivoire est un obstacle au respect des droits de l&rsquo;enfant et engendre des difficult\u00e9s pour garantir <a href=\"https:\/\/www.humanium.org\/fr\/les-droits-de-l-enfant\/\">leurs droits<\/a> ainsi que pour \u00e9radiquer la <a href=\"https:\/\/www.humanium.org\/fr\/pauvrete\/\">pauvret\u00e9<\/a>, la <a href=\"https:\/\/www.humanium.org\/fr\/mortalite-infantile\/\">mortalit\u00e9 infantile <\/a>et le <a href=\"https:\/\/www.humanium.org\/fr\/travail-des-enfants\/\">travail des enfants.<\/a>&nbsp;&nbsp; <\/p>\n\n\n\n<h2 class=\"wp-block-heading\"><strong>Le statut des\ndroits de l\u2019enfant<\/strong><\/h2>\n\n\n\n<p class=\"wp-block-paragraph\">La population de C\u00f4te d\u2019Ivoire est tr\u00e8s jeune \u2013 environ 42% des Ivoiriens sont \u00e2g\u00e9s de 0 \u00e0 14 ans \u2013 dans une soci\u00e9t\u00e9 o\u00f9 le niveau de <a href=\"https:\/\/www.humanium.org\/fr\/pauvrete\/\">pauvret\u00e9<\/a> est tr\u00e8s \u00e9lev\u00e9, environ 59% de la population selon la derni\u00e8re \u00e9tude r\u00e9alis\u00e9e par l\u2019Initiative d&rsquo;Oxford sur la pauvret\u00e9 et le d\u00e9veloppement humain (OPHI). Ceci, malgr\u00e9 les efforts r\u00e9alis\u00e9s par l&rsquo;\u00c9tat pour am\u00e9liorer la condition des enfants. La C\u00f4te d&rsquo;Ivoire a encore un long chemin \u00e0 parcourir pour garantir un cadre propice \u00e0 la pleine r\u00e9alisation des droits de l&rsquo;enfant. <\/p>\n\n\n<div class=\"wp-block-image\">\n<figure class=\"alignleft size-large is-resized\"><img loading=\"lazy\" decoding=\"async\" width=\"1024\" height=\"665\" src=\"https:\/\/www.humanium.org\/fr\/wp-content\/uploads\/2020\/02\/shutterstock_1136284814-kopija-1024x665.jpg\" alt=\"\" class=\"wp-image-46568\" style=\"width:386px;height:250px\" srcset=\"https:\/\/www.humanium.org\/fr\/wp-content\/uploads\/2020\/02\/shutterstock_1136284814-kopija-1024x665.jpg 1024w, https:\/\/www.humanium.org\/fr\/wp-content\/uploads\/2020\/02\/shutterstock_1136284814-kopija-300x195.jpg 300w, https:\/\/www.humanium.org\/fr\/wp-content\/uploads\/2020\/02\/shutterstock_1136284814-kopija-768x499.jpg 768w, https:\/\/www.humanium.org\/fr\/wp-content\/uploads\/2020\/02\/shutterstock_1136284814-kopija-1536x997.jpg 1536w, https:\/\/www.humanium.org\/fr\/wp-content\/uploads\/2020\/02\/shutterstock_1136284814-kopija-2048x1330.jpg 2048w, https:\/\/www.humanium.org\/fr\/wp-content\/uploads\/2020\/02\/shutterstock_1136284814-kopija-830x539.jpg 830w, https:\/\/www.humanium.org\/fr\/wp-content\/uploads\/2020\/02\/shutterstock_1136284814-kopija-230x149.jpg 230w, https:\/\/www.humanium.org\/fr\/wp-content\/uploads\/2020\/02\/shutterstock_1136284814-kopija-350x227.jpg 350w, https:\/\/www.humanium.org\/fr\/wp-content\/uploads\/2020\/02\/shutterstock_1136284814-kopija-480x312.jpg 480w\" sizes=\"auto, (max-width: 1024px) 100vw, 1024px\" \/><\/figure>\n<\/div>\n\n\n<p class=\"wp-block-paragraph\">Les enfants ivoiriens font face \u00e0 de nombreux d\u00e9fis&nbsp;: 25% d\u2019entre eux <a href=\"https:\/\/www.humanium.org\/fr\/enfants-sans-identite\/\">ne sont pas enregistr\u00e9s <\/a>\u00e0 l&rsquo;\u00e9tat civil apr\u00e8s leur naissance et ne peuvent donc pas b\u00e9n\u00e9ficier d\u2019un certains nombre de droits et privil\u00e8ges, 37% des femmes mari\u00e9es l&rsquo;ont \u00e9t\u00e9 avant leurs 18 ans, une famille sur cinq n&rsquo;a pas acc\u00e8s \u00e0 l&rsquo;eau potable, sans oublier le ph\u00e9nom\u00e8ne des enfants-bandits, appel\u00e9s aussi \u00ab&nbsp;microbes&nbsp;\u00bb, qui constitue un facteur important d&rsquo;ins\u00e9curit\u00e9 dans le pays. <\/p>\n\n\n\n<p class=\"wp-block-paragraph\">Les \u00ab&nbsp;microbes&nbsp;\u00bb sont des bandes d&rsquo;enfants et d\u2019adolescents, apparues dans les ann\u00e9es 2010-2011, lors de la crise post\u00e9lectorale ; beaucoup de ces jeunes viennent d&rsquo;un quartier populaire appel\u00e9 Abobo. La plupart du temps, ils ne vont pas \u00e0 l&rsquo;\u00e9cole, ne mangent pas \u00e0 leur faim, n\u2019ont pas acc\u00e8s aux soins de sant\u00e9 et ne b\u00e9n\u00e9ficient pas de leurs autres droits fondamentaux. La plupart d\u2019entre eux sont victimes de discrimination. Leur comportement est inexcusable, mais il est vraisemblable qu\u2019une meilleure application des droits de l&rsquo;enfant limiterait ces types de comportements. <\/p>\n\n\n\n<p class=\"wp-block-paragraph\">Ces enfants multiplient des agressions d&rsquo;une violence rare dans la capitale \u00e9conomique ivoirienne. Il s\u2019agit principalement de d\u00e9tournements de voitures aux feux de signalisation durant la nuit, d\u2019attaques et de vols \u00e0 main arm\u00e9e (principalement avec des couteaux, machettes, etc. et parfois m\u00eame avec des armes \u00e0 feu). Les attaques peuvent \u00e9galement survenir durant la journ\u00e9e. La plupart des gens ont peur de sortir ou de rentrer tard chez eux, ou ne s&rsquo;arr\u00eatent pas aux feux de signalisation afin d\u2019\u00e9viter les \u00ab&nbsp;microbes&nbsp;\u00bb. M\u00eame les personnes \u00e9quip\u00e9es d\u2019un verrouillage centralis\u00e9 de leur v\u00e9hicule ont peur. Les enfants ont un grand potentiel et il est urgent de se pencher sur leurs droits.<\/p>\n\n\n\n<h2 class=\"wp-block-heading\"><strong>Une protection sociale adapt\u00e9e aux enfants<\/strong><\/h2>\n\n\n\n<p class=\"wp-block-paragraph\">La protection\nsociale est essentielle pour \u00e9viter et r\u00e9duire la pauvret\u00e9 des enfants et des\nfamilles, pour rem\u00e9dier aux in\u00e9galit\u00e9s et pour faire respecter les droits de l\u2019enfant.\nDe plus, il est essentiel que les programmes de protection sociale soient\nadapt\u00e9s \u00e0 la vuln\u00e9rabilit\u00e9 des enfants, en optimisant les effets positifs pour eux\net en minimisant les effets n\u00e9gatifs. Une protection sociale adapt\u00e9e aux\nenfants doit s\u2019attaquer \u00e0 la pauvret\u00e9 chronique, \u00e0 l&rsquo;exclusion sociale et aux\nchocs externes qui touchent les enfants. C\u2019est particuli\u00e8rement important pour\nles familles ivoiriennes qui sont relativement pauvres (la C\u00f4te d&rsquo;Ivoire occupe\nla 170<sup>\u00e8me<\/sup> position sur 189 pays dans l&rsquo;indice de d\u00e9veloppement\nhumain en 2018 !). Ces familles sont, malgr\u00e9 elles, vuln\u00e9rables aux risques\nsociaux et aux autres difficult\u00e9s qui surviennent dans la vie quotidienne.<\/p>\n\n\n\n<p class=\"wp-block-paragraph\">En C\u00f4te d\u2019Ivoire, les familles font non seulement face \u00e0 des risques politiques en raison de la r\u00e9cente crise post\u00e9lectorale, mais \u00e9galement \u00e0 des risques \u00e9conomiques, notamment l&rsquo;augmentation des prix de la nourriture et le d\u00e9ficit \u00e9nerg\u00e9tique. De plus, les familles pauvres sont expos\u00e9es au risque des catastrophes naturelles, telles que les fortes pluies qui provoquent des inondations et des effondrements de maisons. <a href=\"https:\/\/www.humanium.org\/fr\/comprendre-droits-enfant\/droit-a-la-sante\/\">Les risques sanitaires<\/a> et sociaux, tels que les difficult\u00e9s d&rsquo;acc\u00e8s aux soins, la violence et la maltraitance, sont d&rsquo;autres probl\u00e8mes qui touchent ces familles. Face \u00e0 la gravit\u00e9 de la situation, la protection sociale est particuli\u00e8rement importante pour les enfants, en raison de leur grande vuln\u00e9rabilit\u00e9. <\/p>\n\n\n\n<p class=\"wp-block-paragraph\">Depuis 2012, la C\u00f4te d&rsquo;Ivoire a mis en place un plan national et une politique nationale <a href=\"https:\/\/www.humanium.org\/fr\/comprendre-droits-enfant\/droit-a-la-protection\/\">de protection de l&rsquo;enfant.<\/a> Cette politique repose sur deux documents. Le premier est le plan national d&rsquo;action 2012-2014, qui \u00e9tablit une strat\u00e9gie nationale de lutte contre la maltraitance des enfants et les pires formes de travail des enfants. Le second document est la politique nationale 2014-2018 pour la protection de l&rsquo;enfant. Ce document vise \u00e0 prot\u00e9ger les enfants contre toutes les vuln\u00e9rabilit\u00e9s auxquelles ils sont expos\u00e9s. Malgr\u00e9 ces efforts, la situation des droits de l&rsquo;enfant reste pr\u00e9caire et n\u00e9cessite une meilleure implication des autorit\u00e9s.<\/p>\n\n\n\n<h2 class=\"wp-block-heading\"><strong>Prendre en compte les besoins des\nenfants<\/strong><\/h2>\n\n\n\n<h3 class=\"wp-block-heading\"><strong><a href=\"https:\/\/www.humanium.org\/fr\/comprendre-droits-enfant\/droit-a-la-sante\/\">Le droit aux soins de sant\u00e9<\/a><\/strong><\/h3>\n\n\n\n<p class=\"wp-block-paragraph\">Dans l\u2019ensemble, la C\u00f4te d&rsquo;Ivoire a fait des progr\u00e8s en mati\u00e8re de <a href=\"https:\/\/www.humanium.org\/fr\/comprendre-droits-enfant\/droit-a-la-sante\/\">droit \u00e0 la sant\u00e9<\/a>. N\u00e9anmoins, des efforts restent \u00e0 faire pour que chaque enfant ait acc\u00e8s aux soins. <a href=\"https:\/\/www.humanium.org\/fr\/mortalite-infantile\/\">La mortalit\u00e9 infantile<\/a> reste \u00e9lev\u00e9e, avec 108 d\u00e9c\u00e8s pour 1000 naissances, selon l&rsquo;Agence fran\u00e7aise de d\u00e9veloppement.<\/p>\n\n\n<div class=\"wp-block-image\">\n<figure class=\"alignright size-large is-resized\"><img loading=\"lazy\" decoding=\"async\" width=\"1024\" height=\"684\" src=\"https:\/\/www.humanium.org\/fr\/wp-content\/uploads\/2020\/02\/shutterstock_1053514229-kopija-1024x684.jpg\" alt=\"\" class=\"wp-image-46569\" style=\"width:346px;height:231px\" srcset=\"https:\/\/www.humanium.org\/fr\/wp-content\/uploads\/2020\/02\/shutterstock_1053514229-kopija-1024x684.jpg 1024w, https:\/\/www.humanium.org\/fr\/wp-content\/uploads\/2020\/02\/shutterstock_1053514229-kopija-300x200.jpg 300w, https:\/\/www.humanium.org\/fr\/wp-content\/uploads\/2020\/02\/shutterstock_1053514229-kopija-768x513.jpg 768w, https:\/\/www.humanium.org\/fr\/wp-content\/uploads\/2020\/02\/shutterstock_1053514229-kopija-1536x1025.jpg 1536w, https:\/\/www.humanium.org\/fr\/wp-content\/uploads\/2020\/02\/shutterstock_1053514229-kopija-2048x1367.jpg 2048w, https:\/\/www.humanium.org\/fr\/wp-content\/uploads\/2020\/02\/shutterstock_1053514229-kopija-830x554.jpg 830w, https:\/\/www.humanium.org\/fr\/wp-content\/uploads\/2020\/02\/shutterstock_1053514229-kopija-230x154.jpg 230w, https:\/\/www.humanium.org\/fr\/wp-content\/uploads\/2020\/02\/shutterstock_1053514229-kopija-350x234.jpg 350w, https:\/\/www.humanium.org\/fr\/wp-content\/uploads\/2020\/02\/shutterstock_1053514229-kopija-480x320.jpg 480w, https:\/\/www.humanium.org\/fr\/wp-content\/uploads\/2020\/02\/shutterstock_1053514229-kopija-272x182.jpg 272w\" sizes=\"auto, (max-width: 1024px) 100vw, 1024px\" \/><\/figure>\n<\/div>\n\n\n<p class=\"wp-block-paragraph\">Le paludisme demeure la principale cause de d\u00e9c\u00e8s chez les enfants de moins de 5 ans. L\u2019incidence de cette maladie s\u2019\u00e9l\u00e8ve \u00e0 286,87 \u2030. Les infections respiratoires aigu\u00ebs repr\u00e9sentent la deuxi\u00e8me cause de d\u00e9c\u00e8s chez les enfants, avec un taux de mortalit\u00e9 d&rsquo;environ 187 \u2030. Le SIDA est \u00e9galement un facteur qui affecte fortement le droit \u00e0 la sant\u00e9 dont tous les enfants devraient b\u00e9n\u00e9ficier. La C\u00f4te d&rsquo;Ivoire est le pays le plus touch\u00e9 par le VIH\/SIDA en Afrique de l&rsquo;Ouest et la pr\u00e9valence du <a href=\"https:\/\/www.humanium.org\/fr\/enfant-et-sida\/\">VIH\/SIDA <\/a>dans le pays est de 2,7 %. Selon le rapport de 2017 de l&rsquo;ONUSIDA, environ 38 000 enfants \u00e2g\u00e9s de 0 \u00e0 14 ans vivent avec le VIH. Environ 31 000 personnes ont perdu la vie en 2017 \u00e0 cause du VIH\/SIDA et pr\u00e8s de 290 000 enfants sont devenus orphelins.<\/p>\n\n\n\n<p class=\"wp-block-paragraph\">La sant\u00e9 fait\npartie int\u00e9grante du bien-\u00eatre et du d\u00e9veloppement d&rsquo;un enfant. Des mesures suppl\u00e9mentaires\ndoivent \u00eatre prises pour garantir le droit \u00e0 la sant\u00e9 et pr\u00e9server le droit \u00e0\nla vie de ces enfants.<\/p>\n\n\n\n<h3 class=\"wp-block-heading\"><strong><a href=\"https:\/\/www.humanium.org\/fr\/comprendre-droits-enfant\/droit-a-l-education\/\">Le droit \u00e0 l\u2019\u00e9ducation<\/a><\/strong><\/h3>\n\n\n\n<p class=\"wp-block-paragraph\">Selon l\u2019UNESCO, le taux brut de scolarisation \u00e9tait de 8,03 % en 2017. Dans les provinces, environ 420 000 enfants ne sont pas scolaris\u00e9s. Les filles sont davantage touch\u00e9es par le d\u00e9crochage scolaire. En effet, plus de 287 000 filles ne sont pas scolaris\u00e9es.<\/p>\n\n\n\n<p class=\"wp-block-paragraph\">Les raisons de\nl\u2019abandon scolaire des filles sont multiples, mais la cause principale est le\nmariage pr\u00e9coce. Les filles sont souvent oblig\u00e9es d&rsquo;abandonner leurs \u00e9tudes\npour devenir des \u00e9pouses ou des femmes au foyer. L&rsquo;UNICEF a r\u00e9v\u00e9l\u00e9 que 58 % des\nfilles de moins de 15 ans vivant dans l&rsquo;ouest du pays, \u00e9taient mari\u00e9es. De\nnombreuses filles sont retenues \u00e0 la maison par leurs parents pour les aider\ndans les t\u00e2ches m\u00e9nag\u00e8res. Les parents pr\u00e9f\u00e8rent g\u00e9n\u00e9ralement financer les\n\u00e9tudes des gar\u00e7ons, car ils pensent que c&rsquo;est plus important.<\/p>\n\n\n<div class=\"wp-block-image\">\n<figure class=\"alignleft size-large is-resized\"><img loading=\"lazy\" decoding=\"async\" width=\"1024\" height=\"619\" src=\"https:\/\/www.humanium.org\/fr\/wp-content\/uploads\/2020\/02\/shutterstock_787927198-1024x619.jpg\" alt=\"\" class=\"wp-image-46571\" style=\"width:378px;height:229px\" srcset=\"https:\/\/www.humanium.org\/fr\/wp-content\/uploads\/2020\/02\/shutterstock_787927198-1024x619.jpg 1024w, https:\/\/www.humanium.org\/fr\/wp-content\/uploads\/2020\/02\/shutterstock_787927198-300x181.jpg 300w, https:\/\/www.humanium.org\/fr\/wp-content\/uploads\/2020\/02\/shutterstock_787927198-768x464.jpg 768w, https:\/\/www.humanium.org\/fr\/wp-content\/uploads\/2020\/02\/shutterstock_787927198-1536x928.jpg 1536w, https:\/\/www.humanium.org\/fr\/wp-content\/uploads\/2020\/02\/shutterstock_787927198-2048x1237.jpg 2048w, https:\/\/www.humanium.org\/fr\/wp-content\/uploads\/2020\/02\/shutterstock_787927198-830x501.jpg 830w, https:\/\/www.humanium.org\/fr\/wp-content\/uploads\/2020\/02\/shutterstock_787927198-230x139.jpg 230w, https:\/\/www.humanium.org\/fr\/wp-content\/uploads\/2020\/02\/shutterstock_787927198-350x211.jpg 350w, https:\/\/www.humanium.org\/fr\/wp-content\/uploads\/2020\/02\/shutterstock_787927198-480x290.jpg 480w\" sizes=\"auto, (max-width: 1024px) 100vw, 1024px\" \/><\/figure>\n<\/div>\n\n\n<p class=\"wp-block-paragraph\"><a href=\"https:\/\/www.humanium.org\/fr\/comprendre-droits-enfant\/droit-a-l-education\/\">Le droit \u00e0 l&rsquo;\u00e9ducation se <\/a>heurte \u00e9galement au manque d&rsquo;\u00e9quipements scolaires et au manque d&rsquo;enseignants qualifi\u00e9s. Ajoutons \u00e0 cela les nombreuses gr\u00e8ves men\u00e9es par les enseignants, \u00e0 l\u2019image de la r\u00e9cente \u00ab&nbsp;gr\u00e8ve du 4 f\u00e9vrier 2019&nbsp;\u00bb, qui a fait planer le risque d&rsquo;une ann\u00e9e blanche dans le pays. Le droit \u00e0 l&rsquo;\u00e9ducation est la base du d\u00e9veloppement moral et intellectuel chez l&rsquo;enfant. Ainsi, l&rsquo;\u00e9cole offre de meilleures perspectives aux enfants et les pr\u00e9serve \u00e0 long terme de la pauvret\u00e9 intellectuelle et financi\u00e8re.<\/p>\n\n\n\n<p class=\"wp-block-paragraph\"><strong>L\u2019exclusion sociale des enfants : les enfants de la rue et les enfants en conflit avec la loi<\/strong>. Ces deux ph\u00e9nom\u00e8nes sont pr\u00e9dominants en C\u00f4te d&rsquo;Ivoire et fr\u00e9quents \u00e0 Abidjan. Dans les deux cas, il s&rsquo;agit d&rsquo;enfants livr\u00e9s \u00e0 eux-m\u00eames ne b\u00e9n\u00e9ficiant d&rsquo;aucune aide sociale.<\/p>\n\n\n\n<p class=\"wp-block-paragraph\"><a href=\"https:\/\/www.humanium.org\/fr\/enfants-des-rues\/\">Les enfants de la rue <\/a>sont des enfants, accompagn\u00e9s ou non, qui ont migr\u00e9 vers la capitale pour \u00e9tudier ou obtenir un emploi bien r\u00e9mun\u00e9r\u00e9. Certains sont des enfants devenus orphelins \u00e0 la suite des atrocit\u00e9s commises lors des crises que le pays a connues. Ces enfants vivent dans des conditions relativement difficiles et, pour subvenir \u00e0 leurs besoins, ils mendient ou exercent des petites activit\u00e9s lucratives, comme le nettoyage des vitres des voitures ou la vente de produits bon march\u00e9. La plupart de ces enfants ne sont pas scolaris\u00e9s et peinent \u00e0 subvenir \u00e0 leurs besoins.<\/p>\n\n\n\n<p class=\"wp-block-paragraph\">Le deuxi\u00e8me cas d&rsquo;exclusion sociale concerne <a href=\"https:\/\/www.humanium.org\/fr\/enfants-dans-la-guerre\/\">les enfants en conflit <\/a>avec la loi, appel\u00e9s aussi les \u00ab&nbsp;microbes&nbsp;\u00bb. Il s&rsquo;agit de gangs d&rsquo;enfants arm\u00e9s, \u00e2g\u00e9s d&rsquo;environ 13 ans, qui engendrent une grave ins\u00e9curit\u00e9 dans les villes du pays. Ils sont \u00e9quip\u00e9s de machettes et d&rsquo;armes offensives, dont ils n&rsquo;h\u00e9sitent pas \u00e0 faire usage contre n\u2019importe qui. Ils se livrent \u00e9galement au trafic de drogue et au racket des chauffeurs de taxi collectif. <\/p>\n\n\n\n<p class=\"wp-block-paragraph\">Malgr\u00e9 les efforts des autorit\u00e9s, ces enfants continuent de semer la terreur au sein de la population. Sortir ces enfants de cette situation pr\u00e9caire et mettre en place des mesures favorisant leur int\u00e9gration sociale serait une fa\u00e7on de leur donner une seconde chance et de mettre fin \u00e0 ce fl\u00e9au, qui est n\u00e9faste pour eux-m\u00eames et pour leur entourage.<\/p>\n\n\n\n<p class=\"wp-block-paragraph\">Cependant, face \u00e0 la persistance de ces&nbsp; violences, la population a d\u00e9cid\u00e9 d\u00e9sormais\nde faire justice elle-m\u00eame, en infligeant \u00e0 ces enfants des traitements cruels\net souvent mortels.<\/p>\n\n\n\n<h2 class=\"wp-block-heading\"><strong>Les facteurs de\nrisque \u2013 Les d\u00e9fis propres au pays<\/strong><\/h2>\n\n\n\n<h3 class=\"wp-block-heading\"><strong><a href=\"https:\/\/www.humanium.org\/fr\/pauvrete\/\">La pauvret\u00e9<\/a><\/strong><\/h3>\n\n\n\n<p class=\"wp-block-paragraph\">La Banque mondiale estime \u00e0 10,7 millions le nombre d\u2019Ivoiriens victimes de la pauvret\u00e9, ce qui place la C\u00f4te d&rsquo;Ivoire au 170<sup>\u00e8me<\/sup> rang sur 189 pays dans le classement de l&rsquo;indice de d\u00e9veloppement humain en 2018. La population rurale est la plus touch\u00e9e par la pauvret\u00e9, avec un taux de 56% de personnes pauvres dans le milieu rural.<\/p>\n\n\n<div class=\"wp-block-image\">\n<figure class=\"alignright size-large is-resized\"><img loading=\"lazy\" decoding=\"async\" width=\"1024\" height=\"682\" src=\"https:\/\/www.humanium.org\/fr\/wp-content\/uploads\/2020\/02\/shutterstock_248965978-1024x682.jpg\" alt=\"\" class=\"wp-image-46572\" style=\"width:356px;height:237px\" srcset=\"https:\/\/www.humanium.org\/fr\/wp-content\/uploads\/2020\/02\/shutterstock_248965978-1024x682.jpg 1024w, https:\/\/www.humanium.org\/fr\/wp-content\/uploads\/2020\/02\/shutterstock_248965978-300x200.jpg 300w, https:\/\/www.humanium.org\/fr\/wp-content\/uploads\/2020\/02\/shutterstock_248965978-768x511.jpg 768w, https:\/\/www.humanium.org\/fr\/wp-content\/uploads\/2020\/02\/shutterstock_248965978-1536x1022.jpg 1536w, https:\/\/www.humanium.org\/fr\/wp-content\/uploads\/2020\/02\/shutterstock_248965978-2048x1363.jpg 2048w, https:\/\/www.humanium.org\/fr\/wp-content\/uploads\/2020\/02\/shutterstock_248965978-830x552.jpg 830w, https:\/\/www.humanium.org\/fr\/wp-content\/uploads\/2020\/02\/shutterstock_248965978-230x153.jpg 230w, https:\/\/www.humanium.org\/fr\/wp-content\/uploads\/2020\/02\/shutterstock_248965978-350x233.jpg 350w, https:\/\/www.humanium.org\/fr\/wp-content\/uploads\/2020\/02\/shutterstock_248965978-480x319.jpg 480w, https:\/\/www.humanium.org\/fr\/wp-content\/uploads\/2020\/02\/shutterstock_248965978-272x182.jpg 272w\" sizes=\"auto, (max-width: 1024px) 100vw, 1024px\" \/><\/figure>\n<\/div>\n\n\n<p class=\"wp-block-paragraph\"><a href=\"https:\/\/www.humanium.org\/fr\/pauvrete\/\">La pauvret\u00e9<\/a> est l\u2019\u00e9l\u00e9ment d\u00e9clencheur de nombre des fl\u00e9aux qui touchent les enfants, comme le travail des enfants, les difficult\u00e9s d&rsquo;acc\u00e8s aux services de sant\u00e9 et \u00e0 un logement d\u00e9cent, la d\u00e9linquance juv\u00e9nile ou le non respect de leur droit \u00e0 une \u00e9ducation de qualit\u00e9. La C\u00f4te d&rsquo;Ivoire a connu une forte croissance \u00e9conomique, avec un taux de croissance de 9,4% entre 2012 et 2015. Malgr\u00e9 ce taux de croissance, la majorit\u00e9 de la population reste pauvre. Une meilleure r\u00e9partition des richesses, l&rsquo;acc\u00e8s \u00e0 l&rsquo;\u00e9lectricit\u00e9 et \u00e0 l&rsquo;eau pour tous, m\u00eame dans les zones recul\u00e9es, des infrastructures scolaires et sanitaires dans les zones recul\u00e9es et l&rsquo;am\u00e9lioration des conditions de vie sont autant de d\u00e9fis que la C\u00f4te d&rsquo;Ivoire doit relever.<\/p>\n\n\n\n<h3 class=\"wp-block-heading\"><strong><a href=\"https:\/\/www.humanium.org\/fr\/travail-des-enfants\/\">Le travail <\/a>et <a href=\"https:\/\/www.humanium.org\/fr\/exploitation\/\">l\u2019exploitation des enfants<\/a><\/strong><\/h3>\n\n\n\n<p class=\"wp-block-paragraph\">7 enfants sur 10, \u00e2g\u00e9s de 5 \u00e0 17 ans, sont \u00e9conomiquement\nactifs en C\u00f4te d&rsquo;Ivoire. Le domaine agricole emploie \u00e0 lui seul 71% de ces\nenfants.<\/p>\n\n\n\n<p class=\"wp-block-paragraph\"><a href=\"https:\/\/www.humanium.org\/fr\/travail-des-enfants\/\">Les enfants employ\u00e9s<\/a> dans les champs de cacao, de caf\u00e9 et autres, travaillent de longues heures, \u00e9galement de nuit, portent des charges lourdes, manipulent des produits agrochimiques ou d\u00e9frichent avec des outils tranchants. La maltraitance des enfants dans les champs de cacao a r\u00e9cemment \u00e9t\u00e9 d\u00e9nonc\u00e9e. On compte 300 000 \u00e0 un million d&rsquo;enfants esclaves dans les champs de cacao en C\u00f4te d&rsquo;Ivoire. Cette r\u00e9v\u00e9lation a indign\u00e9 les autorit\u00e9s gouvernementales et toute l&rsquo;industrie chocolati\u00e8re, qui lutte aujourd&rsquo;hui contre l&rsquo;exploitation de ces enfants dans les champs de cacao.<\/p>\n\n\n<div class=\"wp-block-image\">\n<figure class=\"alignleft size-large is-resized\"><img loading=\"lazy\" decoding=\"async\" width=\"1024\" height=\"681\" src=\"https:\/\/www.humanium.org\/fr\/wp-content\/uploads\/2020\/02\/shutterstock_182626931-1024x681.jpg\" alt=\"\" class=\"wp-image-46573\" style=\"width:360px;height:238px\" srcset=\"https:\/\/www.humanium.org\/fr\/wp-content\/uploads\/2020\/02\/shutterstock_182626931-1024x681.jpg 1024w, https:\/\/www.humanium.org\/fr\/wp-content\/uploads\/2020\/02\/shutterstock_182626931-300x200.jpg 300w, https:\/\/www.humanium.org\/fr\/wp-content\/uploads\/2020\/02\/shutterstock_182626931-768x511.jpg 768w, https:\/\/www.humanium.org\/fr\/wp-content\/uploads\/2020\/02\/shutterstock_182626931-1536x1022.jpg 1536w, https:\/\/www.humanium.org\/fr\/wp-content\/uploads\/2020\/02\/shutterstock_182626931-2048x1363.jpg 2048w, https:\/\/www.humanium.org\/fr\/wp-content\/uploads\/2020\/02\/shutterstock_182626931-830x552.jpg 830w, https:\/\/www.humanium.org\/fr\/wp-content\/uploads\/2020\/02\/shutterstock_182626931-230x153.jpg 230w, https:\/\/www.humanium.org\/fr\/wp-content\/uploads\/2020\/02\/shutterstock_182626931-350x233.jpg 350w, https:\/\/www.humanium.org\/fr\/wp-content\/uploads\/2020\/02\/shutterstock_182626931-480x319.jpg 480w, https:\/\/www.humanium.org\/fr\/wp-content\/uploads\/2020\/02\/shutterstock_182626931-272x182.jpg 272w\" sizes=\"auto, (max-width: 1024px) 100vw, 1024px\" \/><\/figure>\n<\/div>\n\n\n<p class=\"wp-block-paragraph\">Dans les zones urbaines, le ph\u00e9nom\u00e8ne des \u00ab&nbsp;petites bonnes&nbsp;\u00bb est fr\u00e9quent. Il s&rsquo;agit de petites filles qui travaillent comme aides \u00e0 domicile, g\u00e9n\u00e9ralement pour un salaire inf\u00e9rieur au salaire minimum. D&rsquo;autres secteurs emploient \u00e9galement des enfants ; c\u2019est le cas de la menuiserie ou encore de l&rsquo;artisanat. Le secteur des transports emploie \u00e9galement beaucoup de jeunes qui travaillent g\u00e9n\u00e9ralement dans des taxis collectifs. Ils sont commun\u00e9ment appel\u00e9s \u00ab&nbsp;apprentis Gbaka&nbsp;\u00bb et assistent le chauffeur dans la recherche de clients et la collecte de l\u2019argent.<\/p>\n\n\n\n<p class=\"wp-block-paragraph\">Il est \u00e9galement fr\u00e9quent de voir dans la ville d&rsquo;Abidjan, des enfants qui nettoient les vitres des voitures, cirent les chaussures ou vendent divers produits ou objets pour assurer leur survie ou parfois celle de leur famille. A l&rsquo;exception du domaine agricole, il convient de pr\u00e9ciser que les autorit\u00e9s accordent peu d\u2019attention aux domaines susmentionn\u00e9s.<\/p>\n\n\n\n<p class=\"wp-block-paragraph\">Une enqu\u00eate sur le terrain, men\u00e9e par ECPAT France, ECPAT\nLuxembourg (r\u00e9seau d\u2019organisations qui ont\npour objectif de mettre fin \u00e0 l\u2019exploitation sexuelle des enfants), SOS Violences\nSexuelles et d\u2019autres chercheurs, a r\u00e9v\u00e9l\u00e9 que la C\u00f4te d&rsquo;Ivoire ne fait pas\nexception en mati\u00e8re de prostitution enfantine et que ce ph\u00e9nom\u00e8ne a pour cause\nla pauvret\u00e9. L&rsquo;enqu\u00eate a ainsi d\u00e9montr\u00e9 que c\u2019est principalement la\nprostitution de survie qui permet aux mineurs scolaris\u00e9s de couvrir leurs frais\nde scolarit\u00e9 ou d&rsquo;obtenir de bonnes notes.<\/p>\n\n\n\n<h3 class=\"wp-block-heading\"><strong><a href=\"https:\/\/www.humanium.org\/fr\/comprendre-droits-enfant\/droit-a-l-identite\/\">L\u2019enregistrement des naissances<\/a><\/strong><\/h3>\n\n\n\n<p class=\"wp-block-paragraph\">La C\u00f4te d&rsquo;Ivoire est confront\u00e9e au d\u00e9fi de<a href=\"https:\/\/www.humanium.org\/fr\/comprendre-droits-enfant\/droit-a-l-identite\/\"> l&rsquo;enregistrement des naissances.<\/a> Pr\u00e8s de 2,8 millions d&rsquo;enfants, \u00e2g\u00e9s de 0 \u00e0 17 ans, ne sont pas enregistr\u00e9s. Un enfant qui n&rsquo;est pas d\u00e9clar\u00e9 \u00e0 la naissance est priv\u00e9 de nombreux droits&nbsp;: il n&rsquo;a pas d&rsquo;identit\u00e9 et ses chances de poursuivre ses \u00e9tudes et d&rsquo;obtenir plus tard un travail d\u00e9cent sont fortement compromises.<\/p>\n\n\n<div class=\"wp-block-image\">\n<figure class=\"alignright size-large is-resized\"><img loading=\"lazy\" decoding=\"async\" width=\"1024\" height=\"683\" src=\"https:\/\/www.humanium.org\/fr\/wp-content\/uploads\/2020\/02\/shutterstock_1059671639-kopija-1024x683.jpg\" alt=\"\" class=\"wp-image-46574\" style=\"width:320px;height:212px\" srcset=\"https:\/\/www.humanium.org\/fr\/wp-content\/uploads\/2020\/02\/shutterstock_1059671639-kopija-1024x683.jpg 1024w, https:\/\/www.humanium.org\/fr\/wp-content\/uploads\/2020\/02\/shutterstock_1059671639-kopija-300x200.jpg 300w, https:\/\/www.humanium.org\/fr\/wp-content\/uploads\/2020\/02\/shutterstock_1059671639-kopija-768x512.jpg 768w, https:\/\/www.humanium.org\/fr\/wp-content\/uploads\/2020\/02\/shutterstock_1059671639-kopija-1536x1024.jpg 1536w, https:\/\/www.humanium.org\/fr\/wp-content\/uploads\/2020\/02\/shutterstock_1059671639-kopija-2048x1365.jpg 2048w, https:\/\/www.humanium.org\/fr\/wp-content\/uploads\/2020\/02\/shutterstock_1059671639-kopija-830x553.jpg 830w, https:\/\/www.humanium.org\/fr\/wp-content\/uploads\/2020\/02\/shutterstock_1059671639-kopija-230x153.jpg 230w, https:\/\/www.humanium.org\/fr\/wp-content\/uploads\/2020\/02\/shutterstock_1059671639-kopija-350x233.jpg 350w, https:\/\/www.humanium.org\/fr\/wp-content\/uploads\/2020\/02\/shutterstock_1059671639-kopija-480x320.jpg 480w, https:\/\/www.humanium.org\/fr\/wp-content\/uploads\/2020\/02\/shutterstock_1059671639-kopija-272x182.jpg 272w\" sizes=\"auto, (max-width: 1024px) 100vw, 1024px\" \/><\/figure>\n<\/div>\n\n\n<p class=\"wp-block-paragraph\">Le droit \u00e0 l&rsquo;identit\u00e9 de ces enfants se heurte \u00e0 de\nnombreuses difficult\u00e9s. Les parents ignorent l&rsquo;importance de l&rsquo;enregistrement des\nenfants \u00e0 la naissance et cela constitue un obstacle important. Les parents ne\nsont pas toujours conscients de l&rsquo;importance de la d\u00e9claration de la naissance\net en particulier de son importance dans la vie des enfants. Il est donc essentiel\nde mener des campagnes de sensibilisation afin de promouvoir l&rsquo;enregistrement\ndes naissances par les parents. <\/p>\n\n\n\n<p class=\"wp-block-paragraph\">Les centres d&rsquo;\u00e9tat civil, lieu d&rsquo;enregistrement des\nnaissances, sont souvent \u00e9loign\u00e9s. C&rsquo;est particuli\u00e8rement le cas pour les\npopulations rurales et cet \u00e9loignement est susceptible de d\u00e9courager les\nparents. En cas retard, une fois le d\u00e9lai de d\u00e9claration d\u00e9pass\u00e9, un montant de\n15&nbsp;000 francs CFA doit \u00eatre pay\u00e9 pour faire la d\u00e9claration, ce qui est une\nsomme consid\u00e9rable pour des populations fortement touch\u00e9es par la pauvret\u00e9.<\/p>\n\n\n\n<p class=\"wp-block-paragraph\">D\u00e9clarer les naissances serait un moyen d&rsquo;assurer de meilleures chances de r\u00e9ussite aux enfants, de les prot\u00e9ger contre les diff\u00e9rentes formes de violence et d&rsquo;exploitation et de leur garantir un acc\u00e8s \u00e9gal \u00e0 la justice. Il est donc important de mettre en \u0153uvre les moyens n\u00e9cessaires pour garantir le droit \u00e0 l&rsquo;identit\u00e9 des enfants.<\/p>\n\n\n\n<h3 class=\"wp-block-heading\"><strong><a href=\"https:\/\/www.humanium.org\/fr\/comprendre-droits-enfant\/droit-a-l-eau\/\">Le droit \u00e0 l\u2019eau potable<\/a><\/strong><\/h3>\n\n\n\n<p class=\"wp-block-paragraph\">Une famille sur cinq n&rsquo;a pas acc\u00e8s \u00e0 l&rsquo;eau potable en C\u00f4te d&rsquo;Ivoire. <a href=\"https:\/\/www.humanium.org\/fr\/comprendre-droits-enfant\/droit-a-l-eau\/\">L&rsquo;eau potable<\/a> est une ressource rare dans certaines villes, comme \u00e0 Bouak\u00e9, dans le centre du pays, et dans les villes aux alentours. Les populations vivant dans ces zones ne sont pas aliment\u00e9es en permanence en eau potable.<\/p>\n\n\n<div class=\"wp-block-image\">\n<figure class=\"alignleft size-large is-resized\"><img loading=\"lazy\" decoding=\"async\" width=\"1024\" height=\"683\" src=\"https:\/\/www.humanium.org\/fr\/wp-content\/uploads\/2020\/02\/shutterstock_1597182874-kopija-1024x683.jpg\" alt=\"\" class=\"wp-image-46575\" style=\"width:365px;height:243px\" srcset=\"https:\/\/www.humanium.org\/fr\/wp-content\/uploads\/2020\/02\/shutterstock_1597182874-kopija-1024x683.jpg 1024w, https:\/\/www.humanium.org\/fr\/wp-content\/uploads\/2020\/02\/shutterstock_1597182874-kopija-300x200.jpg 300w, https:\/\/www.humanium.org\/fr\/wp-content\/uploads\/2020\/02\/shutterstock_1597182874-kopija-768x512.jpg 768w, https:\/\/www.humanium.org\/fr\/wp-content\/uploads\/2020\/02\/shutterstock_1597182874-kopija-1536x1024.jpg 1536w, https:\/\/www.humanium.org\/fr\/wp-content\/uploads\/2020\/02\/shutterstock_1597182874-kopija-2048x1365.jpg 2048w, https:\/\/www.humanium.org\/fr\/wp-content\/uploads\/2020\/02\/shutterstock_1597182874-kopija-830x553.jpg 830w, https:\/\/www.humanium.org\/fr\/wp-content\/uploads\/2020\/02\/shutterstock_1597182874-kopija-230x153.jpg 230w, https:\/\/www.humanium.org\/fr\/wp-content\/uploads\/2020\/02\/shutterstock_1597182874-kopija-350x233.jpg 350w, https:\/\/www.humanium.org\/fr\/wp-content\/uploads\/2020\/02\/shutterstock_1597182874-kopija-480x320.jpg 480w, https:\/\/www.humanium.org\/fr\/wp-content\/uploads\/2020\/02\/shutterstock_1597182874-kopija-272x182.jpg 272w\" sizes=\"auto, (max-width: 1024px) 100vw, 1024px\" \/><\/figure>\n<\/div>\n\n\n<p class=\"wp-block-paragraph\">Cette p\u00e9nurie d\u2019eau force les gens \u00e0 recourir \u00e0 d&rsquo;autres alternatives, telles que les sources naturelles et les puits. Ces alternatives provoquent des diarrh\u00e9es et d&rsquo;autres maladies d&rsquo;origine hydrique chez les enfants. L&rsquo;hygi\u00e8ne reste \u00e9galement un probl\u00e8me majeur et par exemple pr\u00e8s de la moiti\u00e9 des \u00e9coles en C\u00f4te d&rsquo;Ivoire ne sont pas \u00e9quip\u00e9es de toilettes d\u00e9centes. Malgr\u00e9 les efforts entrepris par les autorit\u00e9s, le taux d&rsquo;acc\u00e8s \u00e0 l&rsquo;eau potable n\u2019est que d\u2019environ 70%. Il est donc important de redoubler d&rsquo;efforts pour permettre d\u2019assurer \u00e0 tous un acc\u00e8s permanent \u00e0 l&rsquo;eau potable. De tels efforts prot\u00e9geraient les enfants contre de nombreuses maladies et leur permettraient de vivre dans un environnement salubre.<\/p>\n\n\n\n<p class=\"wp-block-paragraph\"><strong><em>R\u00e9dig\u00e9 par : <\/em><\/strong><em><strong>Habib Kouame <\/strong><\/em><\/p>\n\n\n\n<p class=\"wp-block-paragraph\"><strong><em>Traduit par :  Victoire Ramos <\/em><\/strong><\/p>\n\n\n\n<p class=\"wp-block-paragraph\"><strong><em>Derni\u00e8re mise \u00e0 jour le 16 f\u00e9vrier 2020<\/em><\/strong><\/p>\n\n\n\n<h3 class=\"wp-block-heading\">R\u00e9f\u00e9rences:<\/h3>\n\n\n\n<p class=\"has-small-font-size wp-block-paragraph\">AfroBarom\u00e8tre . (2018). <em>L\u2019eau est une\n pr\u00e9occupation majeure en C\u00f4te d\u2019Ivoire.<\/em> <\/p>\n\n\n\n<p class=\"has-small-font-size wp-block-paragraph\">Minist\u00e8re de la sant\u00e9 et de l&rsquo;hygi\u00e8ne\n publique . (s.d.). <em>Plan National de d\u00e9veloppement sanitaire 2016-2020.<\/em> <\/p>\n\n\n\n<p class=\"has-small-font-size wp-block-paragraph\">Minist\u00e8re du plan et du developpement .\n (2017). <em>La Situation Des femmes et des enfants .<\/em> Abidjan.<\/p>\n\n\n\n<p class=\"has-small-font-size wp-block-paragraph\">Rapport Office Fran\u00e7ais de Protection des\n R\u00e9fugi\u00e9s et Apatrides (OFPRA). (2017). <em>Les groupes de \u00ab\u00a0Microbes\u00a0\u00bb \u00e0\n Abidjan .<\/em> <\/p>\n\n\n\n<p class=\"has-small-font-size wp-block-paragraph\">UNICEF. (2012). <em>The  impact of social protectino on children .<\/em> Florence: UNICEF Office of  Research.<\/p>\n\n\n\n<p class=\"has-small-font-size wp-block-paragraph\">UNICEF. (2017). <em>Rapport Annuel 2017.<\/em> <\/p>\n\n\n\n<p class=\"has-small-font-size wp-block-paragraph\"><a rel=\"noreferrer noopener\" aria-label=\" (opens in a new tab)\" href=\"https:\/\/www.unicef.org\/protection\/57929_child_labour.html?p=printme\" target=\"_blank\">UNICEF. (s.d.). <em>Protection des enfants  contre la violence, l&rsquo;exploitation et les abus<\/em>.<\/a> <\/p>\n","protected":false},"excerpt":{"rendered":"<p>Concr\u00e9tiser les droits de l&rsquo;enfant en C\u00f4te d&rsquo;Ivoire Bien que sa population soit tr\u00e8s jeune, la C\u00f4te d&rsquo;Ivoire a encore un long chemin \u00e0 parcourir pour garantir la pleine r\u00e9alisation des droits des enfants. Les enfants de C\u00f4te d&rsquo;Ivoire sont confront\u00e9s \u00e0 de nombreux d\u00e9fis, tels que le mariage des enfants, la pauvret\u00e9, la violence [&hellip;]<\/p>\n","protected":false},"author":65,"featured_media":0,"parent":0,"menu_order":0,"comment_status":"closed","ping_status":"closed","template":"","meta":{"footnotes":""},"class_list":["post-8118","page","type-page","status-publish","hentry"],"yoast_head":"<!-- This site is optimized with the Yoast SEO plugin v28.3 - https:\/\/yoast.com\/product\/yoast-seo-wordpress\/ -->\n<title>Enfants de C\u00f4te d&#039;Ivoire - Humanium<\/title>\n<meta name=\"description\" content=\"Bien que sa population soit tr\u00e8s jeune, la C\u00f4te d&#039;Ivoire a encore un long chemin \u00e0 parcourir pour garantir la pleine r\u00e9alisation des droits des enfants.\" \/>\n<meta name=\"robots\" content=\"index, follow, max-snippet:-1, max-image-preview:large, max-video-preview:-1\" \/>\n<link rel=\"canonical\" href=\"https:\/\/www.humanium.org\/fr\/cote-d-ivoire\/\" \/>\n<meta property=\"og:locale\" content=\"fr_FR\" \/>\n<meta property=\"og:type\" content=\"article\" \/>\n<meta property=\"og:title\" content=\"Enfants de C\u00f4te d&#039;Ivoire - Humanium\" \/>\n<meta property=\"og:description\" content=\"Bien que sa population soit tr\u00e8s jeune, la C\u00f4te d&#039;Ivoire a encore un long chemin \u00e0 parcourir pour garantir la pleine r\u00e9alisation des droits des enfants.\" \/>\n<meta property=\"og:url\" content=\"https:\/\/www.humanium.org\/fr\/cote-d-ivoire\/\" \/>\n<meta property=\"og:site_name\" content=\"Humanium\" \/>\n<meta property=\"article:modified_time\" content=\"2025-12-05T13:06:09+00:00\" \/>\n<meta property=\"og:image\" content=\"https:\/\/www.humanium.org\/fr\/wp-content\/uploads\/2020\/02\/shutterstock_1046146489-jpg.jpg\" \/>\n\t<meta property=\"og:image:width\" content=\"1000\" \/>\n\t<meta property=\"og:image:height\" content=\"668\" \/>\n\t<meta property=\"og:image:type\" content=\"image\/jpeg\" \/>\n<meta name=\"twitter:card\" content=\"summary_large_image\" \/>\n<meta name=\"twitter:label1\" content=\"Dur\u00e9e de lecture estim\u00e9e\" \/>\n\t<meta name=\"twitter:data1\" content=\"18 minutes\" \/>\n<script type=\"application\/ld+json\" class=\"yoast-schema-graph\">{\"@context\":\"https:\\\/\\\/schema.org\",\"@graph\":[{\"@type\":\"WebPage\",\"@id\":\"https:\\\/\\\/www.humanium.org\\\/fr\\\/cote-d-ivoire\\\/\",\"url\":\"https:\\\/\\\/www.humanium.org\\\/fr\\\/cote-d-ivoire\\\/\",\"name\":\"Enfants de C\u00f4te d'Ivoire - Humanium\",\"isPartOf\":{\"@id\":\"https:\\\/\\\/www.humanium.org\\\/fr\\\/#website\"},\"primaryImageOfPage\":{\"@id\":\"https:\\\/\\\/www.humanium.org\\\/fr\\\/cote-d-ivoire\\\/#primaryimage\"},\"image\":{\"@id\":\"https:\\\/\\\/www.humanium.org\\\/fr\\\/cote-d-ivoire\\\/#primaryimage\"},\"thumbnailUrl\":\"https:\\\/\\\/www.humanium.org\\\/fr\\\/wp-content\\\/uploads\\\/2020\\\/02\\\/shutterstock_1046146489-jpg.jpg\",\"datePublished\":\"2011-11-06T18:00:12+00:00\",\"dateModified\":\"2025-12-05T13:06:09+00:00\",\"description\":\"Bien que sa population soit tr\u00e8s jeune, la C\u00f4te d'Ivoire a encore un long chemin \u00e0 parcourir pour garantir la pleine r\u00e9alisation des droits des enfants.\",\"breadcrumb\":{\"@id\":\"https:\\\/\\\/www.humanium.org\\\/fr\\\/cote-d-ivoire\\\/#breadcrumb\"},\"inLanguage\":\"fr-FR\",\"potentialAction\":[{\"@type\":\"ReadAction\",\"target\":[\"https:\\\/\\\/www.humanium.org\\\/fr\\\/cote-d-ivoire\\\/\"]}]},{\"@type\":\"ImageObject\",\"inLanguage\":\"fr-FR\",\"@id\":\"https:\\\/\\\/www.humanium.org\\\/fr\\\/cote-d-ivoire\\\/#primaryimage\",\"url\":\"https:\\\/\\\/www.humanium.org\\\/fr\\\/wp-content\\\/uploads\\\/2020\\\/02\\\/shutterstock_1046146489-jpg.jpg\",\"contentUrl\":\"https:\\\/\\\/www.humanium.org\\\/fr\\\/wp-content\\\/uploads\\\/2020\\\/02\\\/shutterstock_1046146489-jpg.jpg\",\"width\":1000,\"height\":668},{\"@type\":\"BreadcrumbList\",\"@id\":\"https:\\\/\\\/www.humanium.org\\\/fr\\\/cote-d-ivoire\\\/#breadcrumb\",\"itemListElement\":[{\"@type\":\"ListItem\",\"position\":1,\"name\":\"Home\",\"item\":\"https:\\\/\\\/www.humanium.org\\\/fr\\\/\"},{\"@type\":\"ListItem\",\"position\":2,\"name\":\"Enfants de C\u00f4te d&rsquo;Ivoire\"}]},{\"@type\":\"WebSite\",\"@id\":\"https:\\\/\\\/www.humanium.org\\\/fr\\\/#website\",\"url\":\"https:\\\/\\\/www.humanium.org\\\/fr\\\/\",\"name\":\"Humanium\",\"description\":\"Les enfants d\u2019abord !\",\"potentialAction\":[{\"@type\":\"SearchAction\",\"target\":{\"@type\":\"EntryPoint\",\"urlTemplate\":\"https:\\\/\\\/www.humanium.org\\\/fr\\\/?s={search_term_string}\"},\"query-input\":{\"@type\":\"PropertyValueSpecification\",\"valueRequired\":true,\"valueName\":\"search_term_string\"}}],\"inLanguage\":\"fr-FR\"}]}<\/script>\n<!-- \/ Yoast SEO plugin. -->","yoast_head_json":{"title":"Enfants de C\u00f4te d'Ivoire - Humanium","description":"Bien que sa population soit tr\u00e8s jeune, la C\u00f4te d'Ivoire a encore un long chemin \u00e0 parcourir pour garantir la pleine r\u00e9alisation des droits des enfants.","robots":{"index":"index","follow":"follow","max-snippet":"max-snippet:-1","max-image-preview":"max-image-preview:large","max-video-preview":"max-video-preview:-1"},"canonical":"https:\/\/www.humanium.org\/fr\/cote-d-ivoire\/","og_locale":"fr_FR","og_type":"article","og_title":"Enfants de C\u00f4te d'Ivoire - Humanium","og_description":"Bien que sa population soit tr\u00e8s jeune, la C\u00f4te d'Ivoire a encore un long chemin \u00e0 parcourir pour garantir la pleine r\u00e9alisation des droits des enfants.","og_url":"https:\/\/www.humanium.org\/fr\/cote-d-ivoire\/","og_site_name":"Humanium","article_modified_time":"2025-12-05T13:06:09+00:00","og_image":[{"width":1000,"height":668,"url":"https:\/\/www.humanium.org\/fr\/wp-content\/uploads\/2020\/02\/shutterstock_1046146489-jpg.jpg","type":"image\/jpeg"}],"twitter_card":"summary_large_image","twitter_misc":{"Dur\u00e9e de lecture estim\u00e9e":"18 minutes"},"schema":{"@context":"https:\/\/schema.org","@graph":[{"@type":"WebPage","@id":"https:\/\/www.humanium.org\/fr\/cote-d-ivoire\/","url":"https:\/\/www.humanium.org\/fr\/cote-d-ivoire\/","name":"Enfants de C\u00f4te d'Ivoire - Humanium","isPartOf":{"@id":"https:\/\/www.humanium.org\/fr\/#website"},"primaryImageOfPage":{"@id":"https:\/\/www.humanium.org\/fr\/cote-d-ivoire\/#primaryimage"},"image":{"@id":"https:\/\/www.humanium.org\/fr\/cote-d-ivoire\/#primaryimage"},"thumbnailUrl":"https:\/\/www.humanium.org\/fr\/wp-content\/uploads\/2020\/02\/shutterstock_1046146489-jpg.jpg","datePublished":"2011-11-06T18:00:12+00:00","dateModified":"2025-12-05T13:06:09+00:00","description":"Bien que sa population soit tr\u00e8s jeune, la C\u00f4te d'Ivoire a encore un long chemin \u00e0 parcourir pour garantir la pleine r\u00e9alisation des droits des enfants.","breadcrumb":{"@id":"https:\/\/www.humanium.org\/fr\/cote-d-ivoire\/#breadcrumb"},"inLanguage":"fr-FR","potentialAction":[{"@type":"ReadAction","target":["https:\/\/www.humanium.org\/fr\/cote-d-ivoire\/"]}]},{"@type":"ImageObject","inLanguage":"fr-FR","@id":"https:\/\/www.humanium.org\/fr\/cote-d-ivoire\/#primaryimage","url":"https:\/\/www.humanium.org\/fr\/wp-content\/uploads\/2020\/02\/shutterstock_1046146489-jpg.jpg","contentUrl":"https:\/\/www.humanium.org\/fr\/wp-content\/uploads\/2020\/02\/shutterstock_1046146489-jpg.jpg","width":1000,"height":668},{"@type":"BreadcrumbList","@id":"https:\/\/www.humanium.org\/fr\/cote-d-ivoire\/#breadcrumb","itemListElement":[{"@type":"ListItem","position":1,"name":"Home","item":"https:\/\/www.humanium.org\/fr\/"},{"@type":"ListItem","position":2,"name":"Enfants de C\u00f4te d&rsquo;Ivoire"}]},{"@type":"WebSite","@id":"https:\/\/www.humanium.org\/fr\/#website","url":"https:\/\/www.humanium.org\/fr\/","name":"Humanium","description":"Les enfants d\u2019abord !","potentialAction":[{"@type":"SearchAction","target":{"@type":"EntryPoint","urlTemplate":"https:\/\/www.humanium.org\/fr\/?s={search_term_string}"},"query-input":{"@type":"PropertyValueSpecification","valueRequired":true,"valueName":"search_term_string"}}],"inLanguage":"fr-FR"}]}},"_links":{"self":[{"href":"https:\/\/www.humanium.org\/fr\/wp-json\/wp\/v2\/pages\/8118","targetHints":{"allow":["GET"]}}],"collection":[{"href":"https:\/\/www.humanium.org\/fr\/wp-json\/wp\/v2\/pages"}],"about":[{"href":"https:\/\/www.humanium.org\/fr\/wp-json\/wp\/v2\/types\/page"}],"author":[{"embeddable":true,"href":"https:\/\/www.humanium.org\/fr\/wp-json\/wp\/v2\/users\/65"}],"replies":[{"embeddable":true,"href":"https:\/\/www.humanium.org\/fr\/wp-json\/wp\/v2\/comments?post=8118"}],"version-history":[{"count":20,"href":"https:\/\/www.humanium.org\/fr\/wp-json\/wp\/v2\/pages\/8118\/revisions"}],"predecessor-version":[{"id":59918,"href":"https:\/\/www.humanium.org\/fr\/wp-json\/wp\/v2\/pages\/8118\/revisions\/59918"}],"wp:attachment":[{"href":"https:\/\/www.humanium.org\/fr\/wp-json\/wp\/v2\/media?parent=8118"}],"curies":[{"name":"wp","href":"https:\/\/api.w.org\/{rel}","templated":true}]}}