{"id":8336,"date":"2011-11-06T18:00:34","date_gmt":"2011-11-06T18:00:34","guid":{"rendered":"http:\/\/www.humanium.org\/fr\/?page_id=8336"},"modified":"2025-12-05T14:51:59","modified_gmt":"2025-12-05T14:51:59","slug":"tunisie","status":"publish","type":"page","link":"https:\/\/www.humanium.org\/fr\/tunisie\/","title":{"rendered":"Enfants de Tunisie"},"content":{"rendered":"<h1>Enfants de Tunisie<\/h1>\n<h2>Concr\u00e9tiser les droits de l&rsquo;enfant en Tunisie<\/h2>\n<p style=\"text-align: center;\"><img loading=\"lazy\" decoding=\"async\" class=\"alignnone size-full wp-image-8932\" title=\"Fillette tunisienne \u00a9 I.Julian (Flickr)\" src=\"https:\/\/www.humanium.org\/fr\/wp-content\/uploads\/2011\/06\/ijulian-flickr-filette-tunisienne2.jpg\" alt=\"\" width=\"123\" height=\"200\" \/> <img loading=\"lazy\" decoding=\"async\" class=\"alignnone size-full wp-image-13825\" title=\"Jeune gar\u00e7on tunisien \u00a9 Sycomore (Flickr)\" src=\"https:\/\/www.humanium.org\/fr\/wp-content\/uploads\/2011\/08\/sycomore-flickr-petit-garcon-tunisien.jpg\" alt=\"\" width=\"218\" height=\"200\" \/><\/p>\n<p style=\"text-align: left;\">En mati\u00e8re de protection de l&rsquo;enfance, la Tunisie est dot\u00e9e d&rsquo;une infrastructure juridique et institutionnelle qui suscite la satisfaction des organisations internationales\u00a0\u0153uvrant dans le domaine. Des acquis qui n\u00e9cessitent toutefois d&rsquo;\u00eatre renforc\u00e9s davantage.<\/p>\n<table style=\"height: 38px;\" width=\"298\">\n<tbody style=\"background: #f2f2f2;\">\n<tr>\n<td>\n<div style=\"float: left; width: 39%;\">\n<p style=\"margin-bottom: 20px;\"><strong>Population :<\/strong> 11,2 millions<br \/>\n<strong>Pop. de 0 \u00e0 14 ans :<\/strong> 23,2 %<\/p>\n<\/div>\n<div style=\"float: right; width: 59%;\">\n<p style=\"margin-bottom: 20px;\"><strong>Esp\u00e9rance de vie :<\/strong> 75,9 ans<br \/>\n<strong>Mortalit\u00e9 des moins de 5 ans :<\/strong>\u00a012 \u2030<\/p>\n<\/div>\n<\/td>\n<\/tr>\n<\/tbody>\n<\/table>\n<h3>Principaux probl\u00e8mes rencontr\u00e9s par les enfants en Tunisie:<\/h3>\n<p><strong><a href=\"https:\/\/www.humanium.org\/fr\/enfants-pauvres\/\">Pauvret\u00e9<\/a><\/strong><\/p>\n<p>Le taux de pauvret\u00e9 en Tunisie s&rsquo;\u00e9l\u00e8ve \u00e0 plus de 24 %. Le revenu national brut ( RNB ) par habitant n&rsquo;est que de 3 720 dollars contre par exemple 43 990 dollars en France. Cette <a href=\"https:\/\/www.humanium.org\/fr\/enfants-pauvres\/\">pauvret\u00e9<\/a> touche plus particuli\u00e8rement les r\u00e9gions de l&rsquo;ouest du pays. La situation des enfants est malheureusement \u00e9norm\u00e9ment tributaire de la situation \u00e9conomique du pays.<\/p>\n<p><strong><a href=\"https:\/\/www.humanium.org\/fr\/comprendre-droits-enfant\/droit-a-la-sante\/\">Droit \u00e0 la sant\u00e9<\/a><\/strong><\/p>\n<p>Bien que la Tunisie ait accompli de nombreux progr\u00e8s en la mati\u00e8re, <a href=\"https:\/\/www.humanium.org\/fr\/comprendre-droits-enfant\/droit-a-la-sante\/\">la sant\u00e9 des enfants<\/a> reste un probl\u00e8me d&rsquo;actualit\u00e9 dans ce pays. Le taux de<a href=\"https:\/\/www.humanium.org\/fr\/mortalite-infantile\/\"> mortalit\u00e9 des jeunes de moins de 5 ans <\/a>s&rsquo;\u00e9l\u00e8ve en effet \u00e0 12 \u2030, et reste donc \u00e0 am\u00e9liorer.<\/p>\n<p><strong><a href=\"https:\/\/www.humanium.org\/fr\/enfants-deplaces\/\">Enfants \u00e9migr\u00e9s<\/a><\/strong><\/p>\n<p><img loading=\"lazy\" decoding=\"async\" class=\"size-full wp-image-13826 alignright\" title=\"De nombreux enfants ont fuit le pays durant la crise et ont v\u00e9cu dans des situations tr\u00e8s difficiles. \u00a9 lluviavigo (Flickr)\" src=\"https:\/\/www.humanium.org\/fr\/wp-content\/uploads\/2011\/08\/trois-garcons-tunisiens.jpg\" alt=\"\" width=\"241\" height=\"200\" \/>Face \u00e0 la crise institutionnelle et r\u00e9volutionnaire touchant la Tunisie en 2011, de nombreux tunisiens <a href=\"https:\/\/www.humanium.org\/fr\/enfants-deplaces\/\">ont fuit leur pays<\/a> vers \u00ab\u00a0l&rsquo;id\u00e9al europ\u00e9en\u00a0\u00bb, principalement en Italie et en France.<\/p>\n<p>Cependant, ils n&rsquo;ont pas toujours re\u00e7u l&rsquo;accueil attendu, et ont d\u00fb vivre dans des situations d\u00e9plorables avant d&rsquo;\u00eatre, le plus souvent, reconduit dans leurs pays. Parmi eux, de nombreux enfants ont subi cette \u00e9migration et ont ainsi d\u00fb faire face \u00e0 des conditions de vie extr\u00eamement difficile et totalement inadapt\u00e9es \u00e0 leur bien \u00eatre.<\/p>\n<p>Certains ont ainsi fait face \u00e0 la forte hostilit\u00e9 allant parfois jusqu&rsquo;\u00e0 la violence des autorit\u00e9s des pays d\u2019accueil. Ils ont en outre <a href=\"https:\/\/www.humanium.org\/fr\/enfants-des-rues\/\">v\u00e9cu dans la rue<\/a> et sans ressources en attendant que ces pays d\u00e9cident de leur sort. Les enfants pr\u00e9sents n&rsquo;\u00e9taient en g\u00e9n\u00e9ral pas \u00e9pargn\u00e9s. De telles situations constituent sans aucun doute de v\u00e9ritables violations des <a href=\"https:\/\/www.humanium.org\/fr\/\">Droits de l&rsquo;enfance<\/a> tels que le droit \u00e0 un environnement sain et stable, le <a href=\"https:\/\/www.humanium.org\/fr\/comprendre-droits-enfant\/droit-a-l-education\/\">droit \u00e0 l&rsquo;\u00e9ducation<\/a>, le <a href=\"https:\/\/www.humanium.org\/fr\/comprendre-droits-enfant\/droit-a-la-sante\/\">droit \u00e0 la sant\u00e9<\/a>&#8230;<\/p>\n<p><strong><a href=\"https:\/\/www.humanium.org\/fr\/enfants-deplaces\/\">Enfants r\u00e9fugi\u00e9s<\/a><\/strong><\/p>\n<p>La Tunisie accueille une large population de <a href=\"https:\/\/www.humanium.org\/fr\/enfants-deplaces\/\">r\u00e9fugi\u00e9s<\/a> \u00e0 l&rsquo;est du pays. Ces derniers d\u00e9pendent principalement de l&rsquo;aide humanitaire.<\/p>\n<p>Les camps de transit de Ras\u00a0Jdir ont \u00e9t\u00e9 \u00e9difi\u00e9s par l&rsquo;UNICEF en Tunisie pour accueillir les personnes victimes du conflit en Libye. Cependant, dans ces camps, les familles, et notamment les enfants se trouvent expos\u00e9s \u00e0 de nouvelles agressions.<\/p>\n<p>Ainsi, des \u00e9coles et espaces adapt\u00e9s aux enfants ont \u00e9t\u00e9 d\u00e9truits et pill\u00e9s exposant leurs r\u00e9sidents \u00e0 des oppressions suppl\u00e9mentaires. De plus, nombreux de ces enfants se retrouvent seuls et s\u00e9par\u00e9s de leur famille en fuyant la Libye. De graves probl\u00e8mes de s\u00e9curit\u00e9 touchent ces camps de transit dans lesquels, la<a href=\"https:\/\/www.humanium.org\/fr\/comprendre-droits-enfant\/droit-a-la-protection\/\"> protection des enfants<\/a> n&rsquo;est malheureusement pas suffisamment assur\u00e9e.<\/p>\n<p><strong><a href=\"https:\/\/www.humanium.org\/fr\/la-maltraitance-des-enfants\/\">Violence<\/a><\/strong><\/p>\n<p><img loading=\"lazy\" decoding=\"async\" class=\"alignright size-full wp-image-13828\" title=\"Les ch\u00e2timents corporels ont \u00e9t\u00e9 r\u00e9cemment interdits par la loi tunisienne mais subsistent en pratique. \u00a9 Roger Dominique (Unesco)\" src=\"https:\/\/www.humanium.org\/fr\/wp-content\/uploads\/2011\/08\/roger-dominique-unesco-ecole.jpg\" alt=\"\" width=\"129\" height=\"200\" \/>Bien que la l\u00e9gislation tunisienne ait r\u00e9cemment interdit toutes formes de ch\u00e2timents corporels envers les enfants, ce type de punition reste assez fr\u00e9quent en Tunisie. En effet, certaines mentalit\u00e9s bien ancr\u00e9es jusqu&rsquo;\u00e0 maintenant pr\u00f4naient de tels ch\u00e2timents depuis bien longtemps, et la Tunisie a bien du mal \u00e0 faire changer ces convictions.<\/p>\n<p>Dans le cadre familial, mais \u00e9galement dans le cadre scolaire, cette <a href=\"https:\/\/www.humanium.org\/fr\/la-maltraitance-des-enfants\/\">violence<\/a> est bien r\u00e9elle, et bien que devenue qu&rsquo;exceptionnelle, elle reste un v\u00e9ritable probl\u00e8me en Tunisie.<\/p>\n<p><strong><a href=\"https:\/\/www.humanium.org\/fr\/comprendre-droits-enfant\/droit-a-la-protection\/\">Libert\u00e9 d&rsquo;expression<\/a><\/strong><\/p>\n<p>Certes, la l\u00e9gislation tunisienne garantie la <a href=\"https:\/\/www.humanium.org\/fr\/comprendre-droits-enfant\/droit-a-la-protection\/\">libert\u00e9 d&rsquo;expression<\/a> \u00e0 tous, celle ci- est cependant tr\u00e8s restreinte en pratique : les m\u00e9dias sont extr\u00eamement contr\u00f4l\u00e9s et les d\u00e9fendeurs des droits humains bien souvent emprisonn\u00e9s.<\/p>\n<p>Ces restrictions emp\u00eachent les enfants d&rsquo;exercer leur droit \u00e0 l&rsquo;information et de s&rsquo;exprimer librement, en violation de l&rsquo;article 13 de la <a href=\"https:\/\/www.humanium.org\/fr\/convention\/\">Convention Internationale des Droits de l\u2019Enfant<\/a>.<\/p>\n<p>La r\u00e9volution r\u00e9cente des tunisiens contre leur gouvernement revendiquait notamment cette libert\u00e9 d&rsquo;expression, esp\u00e9rons donc que cette situation va prochainement \u00e9voluer.<\/p>\n","protected":false},"excerpt":{"rendered":"<p>Enfants de Tunisie Concr\u00e9tiser les droits de l&rsquo;enfant en Tunisie En mati\u00e8re de protection de l&rsquo;enfance, la Tunisie est dot\u00e9e d&rsquo;une infrastructure juridique et institutionnelle qui suscite la satisfaction des organisations internationales\u00a0\u0153uvrant dans le domaine. Des acquis qui n\u00e9cessitent toutefois d&rsquo;\u00eatre renforc\u00e9s davantage. Population : 11,2 millions Pop. de 0 \u00e0 14 ans : 23,2 [&hellip;]<\/p>\n","protected":false},"author":65,"featured_media":0,"parent":0,"menu_order":0,"comment_status":"closed","ping_status":"closed","template":"","meta":{"footnotes":""},"class_list":["post-8336","page","type-page","status-publish","hentry"],"yoast_head":"<!-- This site is optimized with the Yoast SEO plugin v28.3 - https:\/\/yoast.com\/product\/yoast-seo-wordpress\/ -->\n<title>Enfants de Tunisie - Humanium<\/title>\n<meta name=\"description\" content=\"Malgr\u00e9 certaines am\u00e9liorations en mati\u00e8re de protection de l&#039;enfance, la Tunisie a encore du travail \u00e0 faire pour bien garantir les droits des enfants.\" \/>\n<meta name=\"robots\" content=\"index, follow, max-snippet:-1, max-image-preview:large, max-video-preview:-1\" \/>\n<link rel=\"canonical\" href=\"https:\/\/www.humanium.org\/fr\/tunisie\/\" \/>\n<meta property=\"og:locale\" content=\"fr_FR\" \/>\n<meta property=\"og:type\" content=\"article\" \/>\n<meta property=\"og:title\" content=\"Enfants de Tunisie - Humanium\" \/>\n<meta property=\"og:description\" content=\"Malgr\u00e9 certaines am\u00e9liorations en mati\u00e8re de protection de l&#039;enfance, la Tunisie a encore du travail \u00e0 faire pour bien garantir les droits des enfants.\" \/>\n<meta property=\"og:url\" content=\"https:\/\/www.humanium.org\/fr\/tunisie\/\" \/>\n<meta property=\"og:site_name\" content=\"Humanium\" \/>\n<meta property=\"article:modified_time\" content=\"2025-12-05T14:51:59+00:00\" \/>\n<meta name=\"twitter:card\" content=\"summary_large_image\" \/>\n<meta name=\"twitter:label1\" content=\"Dur\u00e9e de lecture estim\u00e9e\" \/>\n\t<meta name=\"twitter:data1\" content=\"5 minutes\" \/>\n<script type=\"application\/ld+json\" class=\"yoast-schema-graph\">{\"@context\":\"https:\\\/\\\/schema.org\",\"@graph\":[{\"@type\":\"WebPage\",\"@id\":\"https:\\\/\\\/www.humanium.org\\\/fr\\\/tunisie\\\/\",\"url\":\"https:\\\/\\\/www.humanium.org\\\/fr\\\/tunisie\\\/\",\"name\":\"Enfants de Tunisie - Humanium\",\"isPartOf\":{\"@id\":\"https:\\\/\\\/www.humanium.org\\\/fr\\\/#website\"},\"primaryImageOfPage\":{\"@id\":\"https:\\\/\\\/www.humanium.org\\\/fr\\\/tunisie\\\/#primaryimage\"},\"image\":{\"@id\":\"https:\\\/\\\/www.humanium.org\\\/fr\\\/tunisie\\\/#primaryimage\"},\"thumbnailUrl\":\"https:\\\/\\\/www.humanium.org\\\/fr\\\/wp-content\\\/uploads\\\/2011\\\/06\\\/ijulian-flickr-filette-tunisienne2.jpg\",\"datePublished\":\"2011-11-06T18:00:34+00:00\",\"dateModified\":\"2025-12-05T14:51:59+00:00\",\"description\":\"Malgr\u00e9 certaines am\u00e9liorations en mati\u00e8re de protection de l'enfance, la Tunisie a encore du travail \u00e0 faire pour bien garantir les droits des enfants.\",\"breadcrumb\":{\"@id\":\"https:\\\/\\\/www.humanium.org\\\/fr\\\/tunisie\\\/#breadcrumb\"},\"inLanguage\":\"fr-FR\",\"potentialAction\":[{\"@type\":\"ReadAction\",\"target\":[\"https:\\\/\\\/www.humanium.org\\\/fr\\\/tunisie\\\/\"]}]},{\"@type\":\"ImageObject\",\"inLanguage\":\"fr-FR\",\"@id\":\"https:\\\/\\\/www.humanium.org\\\/fr\\\/tunisie\\\/#primaryimage\",\"url\":\"https:\\\/\\\/www.humanium.org\\\/fr\\\/wp-content\\\/uploads\\\/2011\\\/06\\\/ijulian-flickr-filette-tunisienne2.jpg\",\"contentUrl\":\"https:\\\/\\\/www.humanium.org\\\/fr\\\/wp-content\\\/uploads\\\/2011\\\/06\\\/ijulian-flickr-filette-tunisienne2.jpg\"},{\"@type\":\"BreadcrumbList\",\"@id\":\"https:\\\/\\\/www.humanium.org\\\/fr\\\/tunisie\\\/#breadcrumb\",\"itemListElement\":[{\"@type\":\"ListItem\",\"position\":1,\"name\":\"Home\",\"item\":\"https:\\\/\\\/www.humanium.org\\\/fr\\\/\"},{\"@type\":\"ListItem\",\"position\":2,\"name\":\"Enfants de Tunisie\"}]},{\"@type\":\"WebSite\",\"@id\":\"https:\\\/\\\/www.humanium.org\\\/fr\\\/#website\",\"url\":\"https:\\\/\\\/www.humanium.org\\\/fr\\\/\",\"name\":\"Humanium\",\"description\":\"Les enfants d\u2019abord !\",\"potentialAction\":[{\"@type\":\"SearchAction\",\"target\":{\"@type\":\"EntryPoint\",\"urlTemplate\":\"https:\\\/\\\/www.humanium.org\\\/fr\\\/?s={search_term_string}\"},\"query-input\":{\"@type\":\"PropertyValueSpecification\",\"valueRequired\":true,\"valueName\":\"search_term_string\"}}],\"inLanguage\":\"fr-FR\"}]}<\/script>\n<!-- \/ Yoast SEO plugin. -->","yoast_head_json":{"title":"Enfants de Tunisie - Humanium","description":"Malgr\u00e9 certaines am\u00e9liorations en mati\u00e8re de protection de l'enfance, la Tunisie a encore du travail \u00e0 faire pour bien garantir les droits des enfants.","robots":{"index":"index","follow":"follow","max-snippet":"max-snippet:-1","max-image-preview":"max-image-preview:large","max-video-preview":"max-video-preview:-1"},"canonical":"https:\/\/www.humanium.org\/fr\/tunisie\/","og_locale":"fr_FR","og_type":"article","og_title":"Enfants de Tunisie - Humanium","og_description":"Malgr\u00e9 certaines am\u00e9liorations en mati\u00e8re de protection de l'enfance, la Tunisie a encore du travail \u00e0 faire pour bien garantir les droits des enfants.","og_url":"https:\/\/www.humanium.org\/fr\/tunisie\/","og_site_name":"Humanium","article_modified_time":"2025-12-05T14:51:59+00:00","twitter_card":"summary_large_image","twitter_misc":{"Dur\u00e9e de lecture estim\u00e9e":"5 minutes"},"schema":{"@context":"https:\/\/schema.org","@graph":[{"@type":"WebPage","@id":"https:\/\/www.humanium.org\/fr\/tunisie\/","url":"https:\/\/www.humanium.org\/fr\/tunisie\/","name":"Enfants de Tunisie - Humanium","isPartOf":{"@id":"https:\/\/www.humanium.org\/fr\/#website"},"primaryImageOfPage":{"@id":"https:\/\/www.humanium.org\/fr\/tunisie\/#primaryimage"},"image":{"@id":"https:\/\/www.humanium.org\/fr\/tunisie\/#primaryimage"},"thumbnailUrl":"https:\/\/www.humanium.org\/fr\/wp-content\/uploads\/2011\/06\/ijulian-flickr-filette-tunisienne2.jpg","datePublished":"2011-11-06T18:00:34+00:00","dateModified":"2025-12-05T14:51:59+00:00","description":"Malgr\u00e9 certaines am\u00e9liorations en mati\u00e8re de protection de l'enfance, la Tunisie a encore du travail \u00e0 faire pour bien garantir les droits des enfants.","breadcrumb":{"@id":"https:\/\/www.humanium.org\/fr\/tunisie\/#breadcrumb"},"inLanguage":"fr-FR","potentialAction":[{"@type":"ReadAction","target":["https:\/\/www.humanium.org\/fr\/tunisie\/"]}]},{"@type":"ImageObject","inLanguage":"fr-FR","@id":"https:\/\/www.humanium.org\/fr\/tunisie\/#primaryimage","url":"https:\/\/www.humanium.org\/fr\/wp-content\/uploads\/2011\/06\/ijulian-flickr-filette-tunisienne2.jpg","contentUrl":"https:\/\/www.humanium.org\/fr\/wp-content\/uploads\/2011\/06\/ijulian-flickr-filette-tunisienne2.jpg"},{"@type":"BreadcrumbList","@id":"https:\/\/www.humanium.org\/fr\/tunisie\/#breadcrumb","itemListElement":[{"@type":"ListItem","position":1,"name":"Home","item":"https:\/\/www.humanium.org\/fr\/"},{"@type":"ListItem","position":2,"name":"Enfants de Tunisie"}]},{"@type":"WebSite","@id":"https:\/\/www.humanium.org\/fr\/#website","url":"https:\/\/www.humanium.org\/fr\/","name":"Humanium","description":"Les enfants d\u2019abord !","potentialAction":[{"@type":"SearchAction","target":{"@type":"EntryPoint","urlTemplate":"https:\/\/www.humanium.org\/fr\/?s={search_term_string}"},"query-input":{"@type":"PropertyValueSpecification","valueRequired":true,"valueName":"search_term_string"}}],"inLanguage":"fr-FR"}]}},"_links":{"self":[{"href":"https:\/\/www.humanium.org\/fr\/wp-json\/wp\/v2\/pages\/8336","targetHints":{"allow":["GET"]}}],"collection":[{"href":"https:\/\/www.humanium.org\/fr\/wp-json\/wp\/v2\/pages"}],"about":[{"href":"https:\/\/www.humanium.org\/fr\/wp-json\/wp\/v2\/types\/page"}],"author":[{"embeddable":true,"href":"https:\/\/www.humanium.org\/fr\/wp-json\/wp\/v2\/users\/65"}],"replies":[{"embeddable":true,"href":"https:\/\/www.humanium.org\/fr\/wp-json\/wp\/v2\/comments?post=8336"}],"version-history":[{"count":8,"href":"https:\/\/www.humanium.org\/fr\/wp-json\/wp\/v2\/pages\/8336\/revisions"}],"predecessor-version":[{"id":60081,"href":"https:\/\/www.humanium.org\/fr\/wp-json\/wp\/v2\/pages\/8336\/revisions\/60081"}],"wp:attachment":[{"href":"https:\/\/www.humanium.org\/fr\/wp-json\/wp\/v2\/media?parent=8336"}],"curies":[{"name":"wp","href":"https:\/\/api.w.org\/{rel}","templated":true}]}}