{"id":9361,"date":"2011-11-06T18:00:49","date_gmt":"2011-11-06T18:00:49","guid":{"rendered":"http:\/\/www.humanium.org\/fr\/?page_id=9361"},"modified":"2025-12-05T14:24:06","modified_gmt":"2025-12-05T14:24:06","slug":"coree-du-nord","status":"publish","type":"page","link":"https:\/\/www.humanium.org\/fr\/coree-du-nord\/","title":{"rendered":"Enfants de Cor\u00e9e du Nord"},"content":{"rendered":"<h1>Enfants de Cor\u00e9e du Nord<\/h1>\n<h2>Concr\u00e9tiser les droits de l&rsquo;enfant en Cor\u00e9e du Nord<\/h2>\n<p style=\"text-align: center;\"><img loading=\"lazy\" decoding=\"async\" class=\"alignnone size-full wp-image-11452\" title=\"Fillette nord cor\u00e9enne \u00a9 Lewry Fraser (Flickr)\" src=\"https:\/\/www.humanium.org\/fr\/wp-content\/uploads\/2011\/07\/fillette-coree-nord-flickr-fraser-lewry.jpg\" alt=\"\" width=\"165\" height=\"200\" \/> <img loading=\"lazy\" decoding=\"async\" class=\"alignnone size-full wp-image-11453\" title=\"Petit gar\u00e7on nord cor\u00e9en \u00a9 John Pavelka (Flickr)\" src=\"https:\/\/www.humanium.org\/fr\/wp-content\/uploads\/2011\/07\/garcon-coree-nord-flickr-john-pavelka.jpg\" alt=\"\" width=\"137\" height=\"200\" \/><\/p>\n<p>Les informations concernant la Cor\u00e9e du Nord sont tr\u00e8s difficiles d&rsquo;acc\u00e8s. Nous avons tent\u00e9 de nous reposer sur des sources fiables, tout en gardant un regard neutre et objectif. Ainsi, il ressort de mani\u00e8re g\u00e9n\u00e9rale que la protection des enfants nord-cor\u00e9ens n&rsquo;est gu\u00e8re assur\u00e9e et que leurs droits sont r\u00e9guli\u00e8rement bafou\u00e9s.<\/p>\n<table style=\"height: 38px;\" width=\"298\">\n<tbody style=\"background: #f2f2f2;\">\n<tr>\n<td>\n<div style=\"float: left; width: 39%;\">\n<p style=\"margin-bottom: 20px;\"><strong>Population:<\/strong> 25,3 millions<br \/>\n<strong>Pop. de 0-14 ans :<\/strong> 22,4 %<\/p>\n<\/div>\n<div style=\"float: right; width: 59%;\">\n<p style=\"margin-bottom: 20px;\"><strong>Esp\u00e9rance de vie :<\/strong>\u00a070 ans<br \/>\n<strong>Mortalit\u00e9 des &#8211; de 5 ans :<\/strong> 20 \u2030<\/p>\n<\/div>\n<\/td>\n<\/tr>\n<\/tbody>\n<\/table>\n<h3>Principaux probl\u00e8mes rencontr\u00e9s par les enfants en Cor\u00e9e du Nord :<\/h3>\n<p><strong><a href=\"https:\/\/www.humanium.org\/fr\/enfants-pauvres\/\">Pauvret\u00e9<\/a><\/strong><\/p>\n<p>En Cor\u00e9e du Nord, environ 40 % de la population vit en dessous du <a href=\"https:\/\/www.humanium.org\/fr\/enfants-pauvres\/\">seuil de pauvret\u00e9.<\/a><\/p>\n<p>Ce chiffre est d&rsquo;autant plus critique qu&rsquo;il augmente p\u00e9riodiquement en raison des catastrophes naturelles qui s\u2019abattent sur le pays. De nombreux enfants se retrouvent alors sans abri et connaissent des conditions de vie dramatiques.<\/p>\n<p><strong><a href=\"https:\/\/www.humanium.org\/fr\/comprendre-droits-enfant\/droit-a-l-alimentation\/\">Droit \u00e0 l&rsquo;alimentation<\/a><\/strong><\/p>\n<p><img loading=\"lazy\" decoding=\"async\" class=\"size-medium wp-image-11454 alignright\" title=\"L'acc\u00e8s \u00e0 l'alimentation est un probl\u00e8me r\u00e9current en Cor\u00e9e du Nord \u00a9 James Bu (UN-photo)\" src=\"https:\/\/www.humanium.org\/fr\/wp-content\/uploads\/2011\/07\/james-bu-un-photo-coree-du-nord-alimentation-300x197.jpg\" alt=\"\" width=\"214\" height=\"140\" \/>Pr\u00e8s d&rsquo;un quart de la population n&rsquo;a pas acc\u00e8s \u00e0 une <a href=\"https:\/\/www.humanium.org\/fr\/comprendre-droits-enfant\/droit-a-l-alimentation\/\">alimentation<\/a> suffisante dans ce pays. Les enfants sont les premiers concern\u00e9s par ce manque de nourriture qui a des cons\u00e9quences n\u00e9fastes sur leur sant\u00e9. Le gouvernement nord-cor\u00e9en rationne les quantit\u00e9s d&rsquo;alimentation distribu\u00e9es au peuple. Principale source d&rsquo;approvisionnement en nourriture des familles, ces quantit\u00e9s sont bien souvent trop maigres.<\/p>\n<p>La situation des plus jeunes est alarmante. Mal-nourris, l\u2019\u00e9tat de sant\u00e9 des moins de cinq ans et des femmes enceintes est particuli\u00e8rement critique. A ce jour, la crise alimentaire a entrain\u00e9 des milliers de morts et parmi eux, un bon nombre d&rsquo;enfants.<\/p>\n<p><strong><a href=\"https:\/\/www.humanium.org\/fr\/comprendre-droits-enfant\/droit-a-la-sante\/\">Droit \u00e0 la sant\u00e9<\/a><\/strong><\/p>\n<p>Le taux de <a href=\"https:\/\/www.humanium.org\/fr\/mortalite-infantile\/\">mortalit\u00e9 infantile<\/a> s&rsquo;\u00e9l\u00e8ve \u00e0 33 \u2030 en Cor\u00e9e du Nord.<\/p>\n<p>Les structures et le personnel de <a href=\"https:\/\/www.humanium.org\/fr\/comprendre-droits-enfant\/droit-a-la-sante\/\">sant\u00e9<\/a> sont parfois insuffisants ou inadapt\u00e9s. Les m\u00e9dicaments manquent, notamment ceux permettant de lutter contre les nombreux effets n\u00e9fastes de la malnutrition. Ainsi, par exemple, de nombreux enfants nord-cor\u00e9ens sont victimes de la tuberculose.<\/p>\n<p>Bien que le pays proclame la gratuit\u00e9 des soins, la r\u00e9alit\u00e9 est bien diff\u00e9rente. En effet, le co\u00fbt des frais m\u00e9dicaux peut s&rsquo;av\u00e9rer trop \u00e9lev\u00e9 pour certaines familles dont les ressources sont faibles.<\/p>\n<p>N\u00e9anmoins, les efforts du gouvernement en mati\u00e8re de sant\u00e9 sont consid\u00e9rables. A titre d\u2019exemple, il a r\u00e9cemment r\u00e9alis\u00e9 une campagne de vaccinations contre la rougeole qui a permis d&rsquo;immuniser des millions d&rsquo;enfants contre la maladie.<\/p>\n<p>L&rsquo;acc\u00e8s aux soins reste toutefois tr\u00e8s \u00a0difficile lors de catastrophes naturelles, comme les inondations, qui font de nombreuses victimes parmi les plus jeunes.<\/p>\n<p><strong><a href=\"https:\/\/www.humanium.org\/fr\/comprendre-droits-enfant\/droit-a-la-protection\/\">Libert\u00e9 d&rsquo;expression<\/a><\/strong><\/p>\n<p><img loading=\"lazy\" decoding=\"async\" class=\"alignright size-full wp-image-11455\" title=\"Un tout jeune peintre nord cor\u00e9en en pleine activit\u00e9. \u00a9 John Pavelka (Flickr)\" src=\"https:\/\/www.humanium.org\/fr\/wp-content\/uploads\/2011\/07\/john-pavelka-coree-du-nord-expression-flickr.jpg\" alt=\"\" width=\"131\" height=\"169\" \/>La Cor\u00e9e du Nord est largement connue pour sa corruption et son manque de <a href=\"https:\/\/www.humanium.org\/fr\/comprendre-droits-enfant\/droit-a-la-protection\/\">libert\u00e9<\/a> d&rsquo;expression et d&rsquo;opinion. Les m\u00e9dias sont tr\u00e8s contr\u00f4l\u00e9s, les opposants ou d\u00e9fendeurs des droits humains r\u00e9guli\u00e8rement emprisonn\u00e9s. Le Gouvernement est r\u00e9put\u00e9 pour sa politique de censure tr\u00e8s stricte. Les condamnations pour infractions politiques ou d\u00e9lits d&rsquo;opinion sont tr\u00e8s nombreuses et s\u00e9v\u00e8rement punies.<\/p>\n<p>Ces restrictions emp\u00eachent les enfants nord-cor\u00e9ens d\u2019exercer leur droit \u00e0 l\u2019information et de s\u2019exprimer librement, ce qui constitue une violation de l\u2019article 13 de la<a href=\"https:\/\/www.humanium.org\/fr\/convention\/\"> Convention des Droits de l\u2019Enfant<\/a>.<\/p>\n<p><strong><a href=\"https:\/\/www.humanium.org\/fr\/enfants-deplaces\/\">Enfants r\u00e9fugi\u00e9s<\/a><\/strong><\/p>\n<p>Pour fuir la pauvret\u00e9 et le r\u00e9gime tr\u00e8s strict de la Cor\u00e9e du Nord, de nombreuses familles <a href=\"https:\/\/www.humanium.org\/fr\/enfants-deplaces\/\">fuient le pays<\/a> vers la Chine.Les autorit\u00e9s cor\u00e9ennes r\u00e9primant violemment les tentatives de franchissement de la fronti\u00e8re, ce d\u00e9placement peut se r\u00e9v\u00e9ler tr\u00e8s dangereux. Par ailleurs, une fois arriv\u00e9es en terres chinoises, les ennuis sont loin d&rsquo;\u00eatre termin\u00e9s\u00a0: parents et enfants doivent rester cach\u00e9s, et l&rsquo;acc\u00e8s \u00e0 <a href=\"https:\/\/www.humanium.org\/fr\/comprendre-droits-enfant\/droit-a-l-education\/\">l&rsquo;\u00e9ducation<\/a> ainsi qu&rsquo;\u00e0 la sant\u00e9 est extr\u00eamement compliqu\u00e9.<\/p>\n<p>Les milliers d&rsquo;enfants qui naissent en Chine de m\u00e8re nord-cor\u00e9enne et de p\u00e8re chinois n&rsquo;ont aucune identit\u00e9 l\u00e9gale dans le pays et sont <a href=\"https:\/\/www.humanium.org\/fr\/enfants-sans-identite\/\">invisibles <\/a>aux yeux de la soci\u00e9t\u00e9 afin d&rsquo;\u00e9viter que les m\u00e8res ne soient rapatri\u00e9es de force en Cor\u00e9e du Nord. La protection de leurs droits est donc totalement ignor\u00e9e et leurs conditions de vie demeurent tr\u00e8s difficiles. Certains d&rsquo;entre eux deviennent notamment victimes d&rsquo;<a href=\"https:\/\/www.humanium.org\/fr\/exploitation-sexuelle-enfants\/\">exploitation sexuelle.<\/a><\/p>\n<p><strong><a href=\"https:\/\/www.humanium.org\/fr\/comprendre-droits-enfant\/droit-a-la-protection\/\">Droit \u00e0 la protection<\/a><\/strong><\/p>\n<p>L\u2019enfant doit \u00eatre <a href=\"https:\/\/www.humanium.org\/fr\/comprendre-droits-enfant\/droit-a-la-protection\/\">prot\u00e9g\u00e9<\/a> aussi bien en dehors qu\u2019au sein du cadre familial. En Cor\u00e9e du Nord, \u00e0 la protection des plus jeunes que doivent normalement assurer les autorit\u00e9s nationales se substituent violence, travail forc\u00e9 et non respect de leurs droits.<\/p>\n<p><img loading=\"lazy\" decoding=\"async\" class=\"size-full wp-image-11456 alignright\" title=\"Tout enfant a le droit \u00e0 la protection par sa famille et par l'Etat. \u00a9 James Bu (UN Photo)\" src=\"https:\/\/www.humanium.org\/fr\/wp-content\/uploads\/2011\/07\/un-photo-james-bu-protection-coree-du-nord.jpg\" alt=\"\" width=\"160\" height=\"178\" \/>En effet, \u00e0 de nombreuses reprises, on a pu voir le gouvernement nord-cor\u00e9en envoyer des enfants dans des camps de prisonniers et ce, en raison de d\u00e9lits commis par l&rsquo;un des membres de sa famille. Les conditions de vie dans ces camps sont dramatiques et totalement inadapt\u00e9es aux enfants.<\/p>\n<p>Ainsi, le taux de <a href=\"https:\/\/www.humanium.org\/fr\/mortalite-infantile\/\">mortalit\u00e9<\/a> dans ces camps est tr\u00e8s \u00e9lev\u00e9 ; <a href=\"https:\/\/www.humanium.org\/fr\/la-maltraitance-des-enfants\/\">tortures, mauvais traitements,<\/a> malnutrition, insalubrit\u00e9, peu ou pas de soins m\u00e9dicaux&#8230; La situation est gravement cruelle, mais le gouvernement refuse de reconnaitre l&rsquo;existence de ces camps, la reconnaissance de la violation des droits des enfants parait donc impossible.<\/p>\n","protected":false},"excerpt":{"rendered":"<p>Enfants de Cor\u00e9e du Nord Concr\u00e9tiser les droits de l&rsquo;enfant en Cor\u00e9e du Nord Les informations concernant la Cor\u00e9e du Nord sont tr\u00e8s difficiles d&rsquo;acc\u00e8s. Nous avons tent\u00e9 de nous reposer sur des sources fiables, tout en gardant un regard neutre et objectif. Ainsi, il ressort de mani\u00e8re g\u00e9n\u00e9rale que la protection des enfants nord-cor\u00e9ens [&hellip;]<\/p>\n","protected":false},"author":65,"featured_media":0,"parent":0,"menu_order":0,"comment_status":"closed","ping_status":"closed","template":"","meta":{"footnotes":""},"class_list":["post-9361","page","type-page","status-publish","hentry"],"yoast_head":"<!-- This site is optimized with the Yoast SEO plugin v28.3 - https:\/\/yoast.com\/product\/yoast-seo-wordpress\/ -->\n<title>Enfants de Cor\u00e9e du Nord - Humanium<\/title>\n<meta name=\"description\" content=\"De mani\u00e8re g\u00e9n\u00e9rale, nous pouvons dire que la protection des enfants nord-cor\u00e9ens n&#039;est gu\u00e8re assur\u00e9e et que leurs droits sont tr\u00e8s r\u00e9guli\u00e8rement bafou\u00e9s.\" \/>\n<meta name=\"robots\" content=\"index, follow, max-snippet:-1, max-image-preview:large, max-video-preview:-1\" \/>\n<link rel=\"canonical\" href=\"https:\/\/www.humanium.org\/fr\/coree-du-nord\/\" \/>\n<meta property=\"og:locale\" content=\"fr_FR\" \/>\n<meta property=\"og:type\" content=\"article\" \/>\n<meta property=\"og:title\" content=\"Enfants de Cor\u00e9e du Nord - Humanium\" \/>\n<meta property=\"og:description\" content=\"De mani\u00e8re g\u00e9n\u00e9rale, nous pouvons dire que la protection des enfants nord-cor\u00e9ens n&#039;est gu\u00e8re assur\u00e9e et que leurs droits sont tr\u00e8s r\u00e9guli\u00e8rement bafou\u00e9s.\" \/>\n<meta property=\"og:url\" content=\"https:\/\/www.humanium.org\/fr\/coree-du-nord\/\" \/>\n<meta property=\"og:site_name\" content=\"Humanium\" \/>\n<meta property=\"article:modified_time\" content=\"2025-12-05T14:24:06+00:00\" \/>\n<meta name=\"twitter:card\" content=\"summary_large_image\" \/>\n<meta name=\"twitter:label1\" content=\"Dur\u00e9e de lecture estim\u00e9e\" \/>\n\t<meta name=\"twitter:data1\" content=\"6 minutes\" \/>\n<script type=\"application\/ld+json\" class=\"yoast-schema-graph\">{\"@context\":\"https:\\\/\\\/schema.org\",\"@graph\":[{\"@type\":\"WebPage\",\"@id\":\"https:\\\/\\\/www.humanium.org\\\/fr\\\/coree-du-nord\\\/\",\"url\":\"https:\\\/\\\/www.humanium.org\\\/fr\\\/coree-du-nord\\\/\",\"name\":\"Enfants de Cor\u00e9e du Nord - Humanium\",\"isPartOf\":{\"@id\":\"https:\\\/\\\/www.humanium.org\\\/fr\\\/#website\"},\"primaryImageOfPage\":{\"@id\":\"https:\\\/\\\/www.humanium.org\\\/fr\\\/coree-du-nord\\\/#primaryimage\"},\"image\":{\"@id\":\"https:\\\/\\\/www.humanium.org\\\/fr\\\/coree-du-nord\\\/#primaryimage\"},\"thumbnailUrl\":\"https:\\\/\\\/www.humanium.org\\\/fr\\\/wp-content\\\/uploads\\\/2011\\\/07\\\/fillette-coree-nord-flickr-fraser-lewry.jpg\",\"datePublished\":\"2011-11-06T18:00:49+00:00\",\"dateModified\":\"2025-12-05T14:24:06+00:00\",\"description\":\"De mani\u00e8re g\u00e9n\u00e9rale, nous pouvons dire que la protection des enfants nord-cor\u00e9ens n'est gu\u00e8re assur\u00e9e et que leurs droits sont tr\u00e8s r\u00e9guli\u00e8rement bafou\u00e9s.\",\"breadcrumb\":{\"@id\":\"https:\\\/\\\/www.humanium.org\\\/fr\\\/coree-du-nord\\\/#breadcrumb\"},\"inLanguage\":\"fr-FR\",\"potentialAction\":[{\"@type\":\"ReadAction\",\"target\":[\"https:\\\/\\\/www.humanium.org\\\/fr\\\/coree-du-nord\\\/\"]}]},{\"@type\":\"ImageObject\",\"inLanguage\":\"fr-FR\",\"@id\":\"https:\\\/\\\/www.humanium.org\\\/fr\\\/coree-du-nord\\\/#primaryimage\",\"url\":\"https:\\\/\\\/www.humanium.org\\\/fr\\\/wp-content\\\/uploads\\\/2011\\\/07\\\/fillette-coree-nord-flickr-fraser-lewry.jpg\",\"contentUrl\":\"https:\\\/\\\/www.humanium.org\\\/fr\\\/wp-content\\\/uploads\\\/2011\\\/07\\\/fillette-coree-nord-flickr-fraser-lewry.jpg\"},{\"@type\":\"BreadcrumbList\",\"@id\":\"https:\\\/\\\/www.humanium.org\\\/fr\\\/coree-du-nord\\\/#breadcrumb\",\"itemListElement\":[{\"@type\":\"ListItem\",\"position\":1,\"name\":\"Home\",\"item\":\"https:\\\/\\\/www.humanium.org\\\/fr\\\/\"},{\"@type\":\"ListItem\",\"position\":2,\"name\":\"Enfants de Cor\u00e9e du Nord\"}]},{\"@type\":\"WebSite\",\"@id\":\"https:\\\/\\\/www.humanium.org\\\/fr\\\/#website\",\"url\":\"https:\\\/\\\/www.humanium.org\\\/fr\\\/\",\"name\":\"Humanium\",\"description\":\"Les enfants d\u2019abord !\",\"potentialAction\":[{\"@type\":\"SearchAction\",\"target\":{\"@type\":\"EntryPoint\",\"urlTemplate\":\"https:\\\/\\\/www.humanium.org\\\/fr\\\/?s={search_term_string}\"},\"query-input\":{\"@type\":\"PropertyValueSpecification\",\"valueRequired\":true,\"valueName\":\"search_term_string\"}}],\"inLanguage\":\"fr-FR\"}]}<\/script>\n<!-- \/ Yoast SEO plugin. -->","yoast_head_json":{"title":"Enfants de Cor\u00e9e du Nord - Humanium","description":"De mani\u00e8re g\u00e9n\u00e9rale, nous pouvons dire que la protection des enfants nord-cor\u00e9ens n'est gu\u00e8re assur\u00e9e et que leurs droits sont tr\u00e8s r\u00e9guli\u00e8rement bafou\u00e9s.","robots":{"index":"index","follow":"follow","max-snippet":"max-snippet:-1","max-image-preview":"max-image-preview:large","max-video-preview":"max-video-preview:-1"},"canonical":"https:\/\/www.humanium.org\/fr\/coree-du-nord\/","og_locale":"fr_FR","og_type":"article","og_title":"Enfants de Cor\u00e9e du Nord - Humanium","og_description":"De mani\u00e8re g\u00e9n\u00e9rale, nous pouvons dire que la protection des enfants nord-cor\u00e9ens n'est gu\u00e8re assur\u00e9e et que leurs droits sont tr\u00e8s r\u00e9guli\u00e8rement bafou\u00e9s.","og_url":"https:\/\/www.humanium.org\/fr\/coree-du-nord\/","og_site_name":"Humanium","article_modified_time":"2025-12-05T14:24:06+00:00","twitter_card":"summary_large_image","twitter_misc":{"Dur\u00e9e de lecture estim\u00e9e":"6 minutes"},"schema":{"@context":"https:\/\/schema.org","@graph":[{"@type":"WebPage","@id":"https:\/\/www.humanium.org\/fr\/coree-du-nord\/","url":"https:\/\/www.humanium.org\/fr\/coree-du-nord\/","name":"Enfants de Cor\u00e9e du Nord - Humanium","isPartOf":{"@id":"https:\/\/www.humanium.org\/fr\/#website"},"primaryImageOfPage":{"@id":"https:\/\/www.humanium.org\/fr\/coree-du-nord\/#primaryimage"},"image":{"@id":"https:\/\/www.humanium.org\/fr\/coree-du-nord\/#primaryimage"},"thumbnailUrl":"https:\/\/www.humanium.org\/fr\/wp-content\/uploads\/2011\/07\/fillette-coree-nord-flickr-fraser-lewry.jpg","datePublished":"2011-11-06T18:00:49+00:00","dateModified":"2025-12-05T14:24:06+00:00","description":"De mani\u00e8re g\u00e9n\u00e9rale, nous pouvons dire que la protection des enfants nord-cor\u00e9ens n'est gu\u00e8re assur\u00e9e et que leurs droits sont tr\u00e8s r\u00e9guli\u00e8rement bafou\u00e9s.","breadcrumb":{"@id":"https:\/\/www.humanium.org\/fr\/coree-du-nord\/#breadcrumb"},"inLanguage":"fr-FR","potentialAction":[{"@type":"ReadAction","target":["https:\/\/www.humanium.org\/fr\/coree-du-nord\/"]}]},{"@type":"ImageObject","inLanguage":"fr-FR","@id":"https:\/\/www.humanium.org\/fr\/coree-du-nord\/#primaryimage","url":"https:\/\/www.humanium.org\/fr\/wp-content\/uploads\/2011\/07\/fillette-coree-nord-flickr-fraser-lewry.jpg","contentUrl":"https:\/\/www.humanium.org\/fr\/wp-content\/uploads\/2011\/07\/fillette-coree-nord-flickr-fraser-lewry.jpg"},{"@type":"BreadcrumbList","@id":"https:\/\/www.humanium.org\/fr\/coree-du-nord\/#breadcrumb","itemListElement":[{"@type":"ListItem","position":1,"name":"Home","item":"https:\/\/www.humanium.org\/fr\/"},{"@type":"ListItem","position":2,"name":"Enfants de Cor\u00e9e du Nord"}]},{"@type":"WebSite","@id":"https:\/\/www.humanium.org\/fr\/#website","url":"https:\/\/www.humanium.org\/fr\/","name":"Humanium","description":"Les enfants d\u2019abord !","potentialAction":[{"@type":"SearchAction","target":{"@type":"EntryPoint","urlTemplate":"https:\/\/www.humanium.org\/fr\/?s={search_term_string}"},"query-input":{"@type":"PropertyValueSpecification","valueRequired":true,"valueName":"search_term_string"}}],"inLanguage":"fr-FR"}]}},"_links":{"self":[{"href":"https:\/\/www.humanium.org\/fr\/wp-json\/wp\/v2\/pages\/9361","targetHints":{"allow":["GET"]}}],"collection":[{"href":"https:\/\/www.humanium.org\/fr\/wp-json\/wp\/v2\/pages"}],"about":[{"href":"https:\/\/www.humanium.org\/fr\/wp-json\/wp\/v2\/types\/page"}],"author":[{"embeddable":true,"href":"https:\/\/www.humanium.org\/fr\/wp-json\/wp\/v2\/users\/65"}],"replies":[{"embeddable":true,"href":"https:\/\/www.humanium.org\/fr\/wp-json\/wp\/v2\/comments?post=9361"}],"version-history":[{"count":8,"href":"https:\/\/www.humanium.org\/fr\/wp-json\/wp\/v2\/pages\/9361\/revisions"}],"predecessor-version":[{"id":60009,"href":"https:\/\/www.humanium.org\/fr\/wp-json\/wp\/v2\/pages\/9361\/revisions\/60009"}],"wp:attachment":[{"href":"https:\/\/www.humanium.org\/fr\/wp-json\/wp\/v2\/media?parent=9361"}],"curies":[{"name":"wp","href":"https:\/\/api.w.org\/{rel}","templated":true}]}}