{"id":9510,"date":"2011-11-06T18:00:20","date_gmt":"2011-11-06T18:00:20","guid":{"rendered":"http:\/\/www.humanium.org\/fr\/?page_id=9510"},"modified":"2025-12-05T13:07:14","modified_gmt":"2025-12-05T13:07:14","slug":"burkina-faso","status":"publish","type":"page","link":"https:\/\/www.humanium.org\/fr\/burkina-faso\/","title":{"rendered":"Enfants du Burkina Faso"},"content":{"rendered":"\n<h2 class=\"wp-block-heading\">Concr\u00e9tiser les droits de l&rsquo;enfant au Burkina Faso<\/h2>\n\n\n\n<div class=\"wp-block-columns is-layout-flex wp-container-core-columns-is-layout-8f761849 wp-block-columns-is-layout-flex\">\n<div class=\"wp-block-column is-layout-flow wp-block-column-is-layout-flow\"><div class=\"wp-block-image is-style-rounded\">\n<figure class=\"aligncenter size-full\"><img loading=\"lazy\" decoding=\"async\" width=\"200\" height=\"200\" src=\"https:\/\/www.humanium.org\/fr\/wp-content\/uploads\/2021\/10\/shutterstock_42992686.jpg\" alt=\"\" class=\"wp-image-51047\" srcset=\"https:\/\/www.humanium.org\/fr\/wp-content\/uploads\/2021\/10\/shutterstock_42992686.jpg 200w, https:\/\/www.humanium.org\/fr\/wp-content\/uploads\/2021\/10\/shutterstock_42992686-150x150.jpg 150w\" sizes=\"auto, (max-width: 200px) 100vw, 200px\" \/><\/figure>\n<\/div><\/div>\n\n\n\n<div class=\"wp-block-column is-layout-flow wp-block-column-is-layout-flow\"><div class=\"wp-block-image is-style-rounded\">\n<figure class=\"aligncenter size-full\"><img loading=\"lazy\" decoding=\"async\" width=\"200\" height=\"200\" src=\"https:\/\/www.humanium.org\/fr\/wp-content\/uploads\/2021\/10\/shutterstock_41958796.jpg\" alt=\"\" class=\"wp-image-51048\" srcset=\"https:\/\/www.humanium.org\/fr\/wp-content\/uploads\/2021\/10\/shutterstock_41958796.jpg 200w, https:\/\/www.humanium.org\/fr\/wp-content\/uploads\/2021\/10\/shutterstock_41958796-150x150.jpg 150w\" sizes=\"auto, (max-width: 200px) 100vw, 200px\" \/><\/figure>\n<\/div><\/div>\n<\/div>\n\n\n\n<p class=\"wp-block-paragraph\"><strong>L\u2019effectivit\u00e9 des <a href=\"https:\/\/www.humanium.org\/fr\/droits-enfant\/\">droits des enfants<\/a> est une question importante qui concerne toutes les soci\u00e9t\u00e9s humaines. Le Burkina Faso en d\u00e9pit du niveau de <a href=\"https:\/\/www.humanium.org\/fr\/pauvrete\/\">pauvret\u00e9<\/a> des populations doit urgemment r\u00e9duire les in\u00e9galit\u00e9s li\u00e9es au genre et assurer aux <a href=\"https:\/\/www.humanium.org\/fr\/droits-des-filles\/\">jeunes filles<\/a> un cadre de vie favorisant le d\u00e9veloppement de leur plein potentiel et garantissant leur autonomisation.<\/strong><\/p>\n\n\n\n<iframe src=\"https:\/\/www.google.com\/maps\/embed?pb=!1m18!1m12!1m3!1d7986287.949981257!2d-6.051955464347837!3d12.210676408911008!2m3!1f0!2f0!3f0!3m2!1i1024!2i768!4f13.1!3m3!1m2!1s0xe2dca26d5a6709b%3A0x27930aed46836dab!2sBurkina%20Faso!5e0!3m2!1sen!2sin!4v1633423245532!5m2!1sen!2sin\" width=\"600\" height=\"450\" style=\"border:0;\" allowfullscreen=\"\" loading=\"lazy\"><\/iframe>\n\n\n\n<div class=\"wp-block-columns is-layout-flex wp-container-core-columns-is-layout-8f761849 wp-block-columns-is-layout-flex\">\n<div class=\"wp-block-column is-layout-flow wp-block-column-is-layout-flow\">\n<p class=\"wp-block-paragraph\"><strong>Population :<\/strong> 20,32 millions<\/p>\n\n\n\n<p class=\"wp-block-paragraph\"><strong>Population (0 \u00e0 14 ans) :<\/strong>&nbsp; 44,6%<\/p>\n<\/div>\n\n\n\n<div class=\"wp-block-column is-layout-flow wp-block-column-is-layout-flow\">\n<p class=\"wp-block-paragraph\"><strong>Esp\u00e9rance de vie : <\/strong>61 ans<\/p>\n\n\n\n<p class=\"wp-block-paragraph\"><strong>Taux de mortalit\u00e9 en dessous de 5 ans :<\/strong> 87\u2030<\/p>\n<\/div>\n<\/div>\n\n\n\n<h2 class=\"wp-block-heading\"><strong>Le Burkina Faso en un coup d\u2019\u0153il<\/strong><\/h2>\n\n\n\n<p class=\"wp-block-paragraph\">Le Burkina Faso est un pays sans acc\u00e8s \u00e0 la mer et qui s&rsquo;\u00e9tend sur 272 967 km\u00b2. Situ\u00e9 au c\u0153ur de l&rsquo;Afrique de l&rsquo;Ouest dans la boucle du Niger, ce pays est limit\u00e9 au nord et \u00e0 l&rsquo;ouest par le <a href=\"https:\/\/www.humanium.org\/fr\/mali\/\">Mali<\/a>, \u00e0 l&rsquo;est par le <a href=\"https:\/\/www.humanium.org\/fr\/niger\/\">Niger<\/a> et au sud par le <a href=\"https:\/\/www.humanium.org\/fr\/benin\/\">B\u00e9nin<\/a>, le <a href=\"https:\/\/www.humanium.org\/fr\/togo\/\">Togo<\/a>, le <a href=\"https:\/\/www.humanium.org\/fr\/ghana\/\">Ghana<\/a> et la <a href=\"https:\/\/www.humanium.org\/fr\/cote-d-ivoire\/\">C\u00f4te d&rsquo;Ivoire<\/a>.<\/p>\n\n\n\n<p class=\"wp-block-paragraph\">La population du Burkina Faso est estim\u00e9e \u00e0 20 321 378 (Banque Mondiale, 2019). La capitale du Burkina Faso, Ouagadougou, conna\u00eet une croissance d\u00e9mographique exceptionnelle, abritant ainsi 12% de la population totale du pays (<em>EDSBF-MICS IV<\/em>, 2010). Elle est suivie des r\u00e9gions des Hauts Bassins (11%) et de la Boucle du Mouhoun (10%) (<em>EDSBF-MICS IV<\/em>, 2010).<\/p>\n\n\n\n<p class=\"wp-block-paragraph\">La population du Burkina Faso est fortement marqu\u00e9e par sa jeunesse, l&rsquo;\u00e2ge moyen \u00e9tant de 21,8 ans. Les moins de 14 ans repr\u00e9sentent ainsi 44,6% de la population (Banque Mondiale, 2019). Le Burkina Faso est l\u2019un des pays les plus pauvres au monde. Ce niveau de <a href=\"https:\/\/www.humanium.org\/fr\/pauvrete\/\">pauvret\u00e9<\/a> se traduit par une \u00e9conomie et un niveau de d\u00e9veloppement humain faible. En 2015, le Programme des Nations Unies pour le d\u00e9veloppement (PNUD) a class\u00e9 le pays au 183e rang sur un total de 188 pays selon l\u2019indice de d\u00e9veloppement humain, et plus de 55% de la population vivrait sous le seuil de pauvret\u00e9.<\/p>\n\n\n\n<p class=\"wp-block-paragraph\">Par ailleurs, l\u2019ins\u00e9curit\u00e9 <a href=\"https:\/\/www.humanium.org\/fr\/comprendre-droits-enfant\/droit-a-l-alimentation\/\">alimentaire <\/a>(CDAC &amp; H2H, n.d.), la faible qualit\u00e9 de <a href=\"https:\/\/www.humanium.org\/fr\/comprendre-droits-enfant\/droit-a-l-education\/\">l\u2019\u00e9ducation<\/a>, le taux de <a href=\"https:\/\/www.humanium.org\/fr\/pauvrete\/\">pauvret\u00e9 <\/a>relativement \u00e9lev\u00e9 ainsi qu\u2019une mortalit\u00e9 tr\u00e8s \u00e9lev\u00e9es (notamment maternelle et infantile) sont quelques-uns des d\u00e9fis auxquels le Burkina Faso doit faire face s&rsquo;il veut am\u00e9liorer les conditions de vie de sa population en g\u00e9n\u00e9ral, mais surtout des enfants (Educo, 2017).<\/p>\n\n\n\n<h2 class=\"wp-block-heading\"><a><\/a><strong>Statut des droits des enfants<a href=\"#_ftn1\"><sup><strong><sup>[1]<\/sup><\/strong><\/sup><\/a><\/strong><\/h2>\n\n\n<div class=\"wp-block-image\">\n<figure class=\"alignleft size-large is-resized\"><img loading=\"lazy\" decoding=\"async\" width=\"1024\" height=\"683\" src=\"https:\/\/www.humanium.org\/fr\/wp-content\/uploads\/2021\/10\/shutterstock_1250563318-1024x683.jpg\" alt=\"\" class=\"wp-image-51050\" style=\"width:353px;height:235px\" srcset=\"https:\/\/www.humanium.org\/fr\/wp-content\/uploads\/2021\/10\/shutterstock_1250563318-1024x683.jpg 1024w, https:\/\/www.humanium.org\/fr\/wp-content\/uploads\/2021\/10\/shutterstock_1250563318-300x200.jpg 300w, https:\/\/www.humanium.org\/fr\/wp-content\/uploads\/2021\/10\/shutterstock_1250563318-768x512.jpg 768w, https:\/\/www.humanium.org\/fr\/wp-content\/uploads\/2021\/10\/shutterstock_1250563318-1536x1024.jpg 1536w, https:\/\/www.humanium.org\/fr\/wp-content\/uploads\/2021\/10\/shutterstock_1250563318-2048x1365.jpg 2048w, https:\/\/www.humanium.org\/fr\/wp-content\/uploads\/2021\/10\/shutterstock_1250563318-830x553.jpg 830w, https:\/\/www.humanium.org\/fr\/wp-content\/uploads\/2021\/10\/shutterstock_1250563318-230x153.jpg 230w, https:\/\/www.humanium.org\/fr\/wp-content\/uploads\/2021\/10\/shutterstock_1250563318-350x233.jpg 350w, https:\/\/www.humanium.org\/fr\/wp-content\/uploads\/2021\/10\/shutterstock_1250563318-480x320.jpg 480w, https:\/\/www.humanium.org\/fr\/wp-content\/uploads\/2021\/10\/shutterstock_1250563318-272x182.jpg 272w\" sizes=\"auto, (max-width: 1024px) 100vw, 1024px\" \/><\/figure>\n<\/div>\n\n\n<p class=\"wp-block-paragraph\">Le Burkina Faso a manifest\u00e9 \u00e0 maintes reprises son engagement pour la cause des enfants. Il a particip\u00e9 au Sommet Mondial pour les Enfants \u00e0 New York en 1990 et a ratifi\u00e9 des trait\u00e9s internationaux tels que la <a href=\"https:\/\/www.humanium.org\/fr\/convention\/\">Convention des Droits de L&rsquo;enfant<\/a> proclamant et garantissant les droits de l&rsquo;enfant. Ce faisant, ces engagements donnent lieu \u00e0 diverses actions et politiques ax\u00e9es sur la promotion et la protection des droits des enfants. La politique de d\u00e9veloppement \u00e9conomique et social du Burkina Faso privil\u00e9gie ainsi certains \u00e9l\u00e9ments tels que la situation nutritionnelle de l&rsquo;enfant, la baisse du taux de <a href=\"https:\/\/www.humanium.org\/fr\/mortalite-infantile\/#:~:text=Les%20chiffres%20de%20la%20mortalit%C3%A9%20infantile&amp;text=Pr%C3%A8s%20de%209%20millions%20d,4%20secondes%20dans%20le%20monde.\">mortalit\u00e9 infantile<\/a>, la vuln\u00e9rabilit\u00e9 des m\u00e9nages et l&rsquo;acc\u00e8s pour les enfants et leurs m\u00e8res aux services sociaux de base.<\/p>\n\n\n\n<p class=\"wp-block-paragraph\">Cette politique r\u00e9v\u00e8le ainsi la r\u00e9alit\u00e9 selon laquelle les enfants burkinab\u00e9s font face \u00e0 de nombreux d\u00e9fis. Au regard de la jeunesse de la population, les enfants sont les plus affect\u00e9s par la <a href=\"https:\/\/www.humanium.org\/fr\/pauvrete\/\">pauvret\u00e9<\/a> qui touche les femmes \u00e0 hauteur de 52% et les hommes \u00e0 hauteur de 48% (Bureau International des Droits des Enfants, 2017). Le domaine de l&rsquo;\u00e9ducation repr\u00e9sente un d\u00e9fi majeur pour le pays qui veut faire du droit \u00e0 l&rsquo;\u00e9ducation une priorit\u00e9 en \u00e9tablissant une politique sectorielle de <a href=\"https:\/\/www.humanium.org\/fr\/cote-d-ivoire\/\">l&rsquo;\u00e9ducation<\/a> couvrant la p\u00e9riode de 2014 \u00e0 2023.<\/p>\n\n\n\n<h2 class=\"wp-block-heading\"><a><\/a><strong>Une protection sociale adapt\u00e9e aux enfants<\/strong><\/h2>\n\n\n\n<p class=\"wp-block-paragraph\">Les enfants du Burkina Faso face \u00e0 la <a href=\"https:\/\/www.humanium.org\/fr\/pauvrete\/\">pauvret\u00e9<\/a> au sein du pays sont les plus affect\u00e9s. La pauvret\u00e9 reste au Burkina Faso un ph\u00e9nom\u00e8ne essentiellement rural. En effet, la contribution du milieu rural \u00e0 l&rsquo;incidence globale de la pauvret\u00e9 nationale en 2003 \u00e9tait de 92% (WETTA &amp; KON\u00c9, n.d). <\/p>\n\n\n\n<p class=\"wp-block-paragraph\">Ce taux n\u00e9cessite une attention particuli\u00e8re dans la mesure ou le nombre d&rsquo;enfants par m\u00e9nage est plus important en milieu rural qu&rsquo;en milieu urbain. Cette r\u00e9alit\u00e9 d\u00e9peint une <a href=\"https:\/\/www.humanium.org\/fr\/journee-internationale-pour-lelimination-de-lextreme-pauvrete\/\">pauvret\u00e9 infantile<\/a> bien plus importante que la moyenne nationale. Veiller donc \u00e0 mettre en \u0153uvre une politique de protection sociale adapt\u00e9e \u00e0 l&rsquo;enfant et qui soutient \u00e9galement les m\u00e9nages rev\u00eat donc une importance particuli\u00e8re.<\/p>\n\n\n\n<p class=\"wp-block-paragraph\">Au Burkina Faso, le syst\u00e8me de protection sociale ax\u00e9 sur l&rsquo;enfant est perceptible \u00e0 travers les programmes de filets sociaux. Les filets sociaux de s\u00e9curit\u00e9 ont pour but de prot\u00e9ger les familles des cons\u00e9quences des chocs \u00e9conomiques, de catastrophes naturelles et d&rsquo;autres crises (Banque mondiale, n.d). <\/p>\n\n\n\n<p class=\"wp-block-paragraph\">Le Burkina \u00e0 travers sa politique nationale de protection sociale compte plusieurs initiatives de filets sociaux destin\u00e9s \u00e0 favoriser l&rsquo;acc\u00e8s aux services sociaux de base. C&rsquo;est notamment le cas des transferts mon\u00e9taires et quasi mon\u00e9taire ou encore des transferts en nature (Burkina Faso, 2012).<\/p>\n\n\n\n<p class=\"wp-block-paragraph\">Les transferts mon\u00e9taires et quasi mon\u00e9taires b\u00e9n\u00e9ficient principalement aux <a href=\"https:\/\/www.humanium.org\/fr\/orphelins\/\">orphelins<\/a> et enfants vuln\u00e9rables, mais aussi aux m\u00e9nages pauvres ; les crit\u00e8res d&rsquo;\u00e9ligibilit\u00e9 \u00e9tant le niveau de pauvret\u00e9 ainsi que la pr\u00e9sence d&rsquo;enfants et orphelins vuln\u00e9rables (OEV) au sein des familles qui en b\u00e9n\u00e9ficient (Burkina Faso, 2012).<\/p>\n\n\n\n<p class=\"wp-block-paragraph\">Les filets sociaux de s\u00e9curit\u00e9 ont ainsi un impact positif sur la <a href=\"https:\/\/www.humanium.org\/fr\/comprendre-droits-enfant\/droit-a-la-sante\/\">sant\u00e9<\/a>, mais aussi sur <a href=\"https:\/\/www.humanium.org\/fr\/cote-d-ivoire\/\">l&rsquo;\u00e9ducation<\/a> des enfants. Il est par ailleurs important de souligner qu&rsquo;environ 20% des m\u00e9nages vuln\u00e9rables au Burkina sont en proie \u00e0 <a href=\"https:\/\/www.humanium.org\/fr\/droit-a-l-alimentation-3\/\">l&rsquo;ins\u00e9curit\u00e9 alimentaire<\/a> chronique (Burkina Faso, 2012). Les autorit\u00e9s tentent de lutter contre cette ins\u00e9curit\u00e9 alimentaire notamment \u00e0 travers les transferts en nature.<\/p>\n\n\n\n<p class=\"wp-block-paragraph\">Les transferts en nature consistent essentiellement en des transferts alimentaires et en la distribution de kits scolaires. Quatre types de transferts alimentaires sont mis en \u0153uvre actuellement au Burkina Faso ; il s&rsquo;agit des ventes d\u2019aliments \u00e0 prix subventionn\u00e9s, des distributions cibl\u00e9es de vivres gratuits, des programmes nutritionnels et des programmes de cantines scolaires (Burkina Faso, 2012). En ce qui concerne la distribution de kits scolaires, elle consiste en la distribution gratuite de manuels et de fournitures scolaires au sein des \u00e9coles primaires ; l&rsquo;objectif final de ces programmes \u00e9tant de rehausser de mani\u00e8re consid\u00e9rable le taux de scolarisation.<\/p>\n\n\n\n<h2 class=\"wp-block-heading\"><a><\/a><strong>R\u00e9pondre aux besoins des enfants<\/strong><\/h2>\n\n\n\n<h3 class=\"wp-block-heading\"><a href=\"https:\/\/www.humanium.org\/en\/fundamental-rights-2\/health\/\"><strong>Droit \u00e0 la sant\u00e9<\/strong><\/a><strong><\/strong><\/h3>\n\n\n\n<p class=\"wp-block-paragraph\">La <a href=\"https:\/\/www.humanium.org\/fr\/comprendre-droits-enfant\/droit-a-la-sante\/\">sant\u00e9<\/a> est un aspect essentiel au bon d\u00e9veloppement de l&rsquo;enfant. Garantir le droit \u00e0 la sant\u00e9 au b\u00e9n\u00e9fice de chaque enfant doit donc \u00eatre une priorit\u00e9 absolue pour les autorit\u00e9s Burkinab\u00e9s. D&rsquo;un point de vue juridique le <a href=\"https:\/\/www.humanium.org\/fr\/comprendre-droits-enfant\/droit-a-la-sante\/\">droit \u00e0 la sant\u00e9<\/a> connait une certaine \u00e9volution au sein du Burkina Faso. <\/p>\n\n\n\n<p class=\"wp-block-paragraph\">Le Burkina Faso a ratifi\u00e9 la <a href=\"https:\/\/www.humanium.org\/fr\/convention\/\">Convention internationale des droits de l&rsquo;enfant<\/a> le 23 juillet 1990. Il faut par ailleurs pr\u00e9ciser que le Burkina reconnait en sa constitution le droit \u00e0 la sant\u00e9 et \u00e0 la protection de l&rsquo;enfance. Un fait exceptionnel en Afrique de l&rsquo;Ouest et qui constitue une avanc\u00e9e en mati\u00e8re de sant\u00e9 est l&rsquo;existence au sein du Burkina Faso, d&rsquo;un code de la sant\u00e9 publique.<\/p>\n\n\n\n<p class=\"wp-block-paragraph\">Cette protection juridique accrue pose ainsi la base d&rsquo;une r\u00e9alisation progressive du droit \u00e0 la sant\u00e9 au sein de ce pays. Cependant en pratique certains probl\u00e8mes existent au sein du Burkina et entravent la mise en \u0153uvre du droit \u00e0 la sant\u00e9 surtout au b\u00e9n\u00e9fice des enfants au regard de leur vuln\u00e9rabilit\u00e9.<\/p>\n\n\n<div class=\"wp-block-image\">\n<figure class=\"alignright size-large is-resized\"><img loading=\"lazy\" decoding=\"async\" width=\"1024\" height=\"682\" src=\"https:\/\/www.humanium.org\/fr\/wp-content\/uploads\/2021\/10\/shutterstock_1776479162-1024x682.jpg\" alt=\"\" class=\"wp-image-51051\" style=\"width:336px;height:223px\" srcset=\"https:\/\/www.humanium.org\/fr\/wp-content\/uploads\/2021\/10\/shutterstock_1776479162-1024x682.jpg 1024w, https:\/\/www.humanium.org\/fr\/wp-content\/uploads\/2021\/10\/shutterstock_1776479162-300x200.jpg 300w, https:\/\/www.humanium.org\/fr\/wp-content\/uploads\/2021\/10\/shutterstock_1776479162-768x512.jpg 768w, https:\/\/www.humanium.org\/fr\/wp-content\/uploads\/2021\/10\/shutterstock_1776479162-1536x1024.jpg 1536w, https:\/\/www.humanium.org\/fr\/wp-content\/uploads\/2021\/10\/shutterstock_1776479162-2048x1365.jpg 2048w, https:\/\/www.humanium.org\/fr\/wp-content\/uploads\/2021\/10\/shutterstock_1776479162-830x553.jpg 830w, https:\/\/www.humanium.org\/fr\/wp-content\/uploads\/2021\/10\/shutterstock_1776479162-230x153.jpg 230w, https:\/\/www.humanium.org\/fr\/wp-content\/uploads\/2021\/10\/shutterstock_1776479162-350x233.jpg 350w, https:\/\/www.humanium.org\/fr\/wp-content\/uploads\/2021\/10\/shutterstock_1776479162-480x320.jpg 480w, https:\/\/www.humanium.org\/fr\/wp-content\/uploads\/2021\/10\/shutterstock_1776479162-272x182.jpg 272w\" sizes=\"auto, (max-width: 1024px) 100vw, 1024px\" \/><\/figure>\n<\/div>\n\n\n<p class=\"wp-block-paragraph\">Un obstacle majeur dans la r\u00e9alisation du droit \u00e0 la sant\u00e9 au Burkina Faso est l&rsquo;accessibilit\u00e9 financi\u00e8re des services de sant\u00e9. La <a href=\"https:\/\/www.humanium.org\/fr\/pauvrete\/\">pauvret\u00e9<\/a> affecte comme susmentionn\u00e9 une grande partie de la population. En vue de rem\u00e9dier \u00e0 cette situation, le gouvernement burkinab\u00e9 a fait du renforcement de l\u2019accessibilit\u00e9 financi\u00e8re des populations aux soins de sant\u00e9, une priorit\u00e9 en all\u00e9geant les charges financi\u00e8res support\u00e9es par les populations \u00e0 travers l\u2019adoption progressive de mesures de gratuit\u00e9 et de subvention de certaines prestations et soins. <\/p>\n\n\n\n<p class=\"wp-block-paragraph\">Certaines de ces mesures sont ainsi ax\u00e9es sur l&rsquo;enfant. Il s&rsquo;agit entre autres du traitement gratuit du paludisme grave chez les enfants de moins de 5 ans dans les formations sanitaires publiques, de la gratuit\u00e9 de la vaccination des enfants de moins d\u2019un an et de la suppl\u00e9mentation gratuite en vitamine A pour les enfants de moins de 5 ans ou encore de la gratuit\u00e9 des soins pr\u00e9ventifs pour les femmes enceintes (Burkina Faso, 2012).<\/p>\n\n\n\n<p class=\"wp-block-paragraph\">Les actions du gouvernement Burkinab\u00e9 prouvent donc son engagement \u00e0 garantir le droit \u00e0 la sant\u00e9 des enfants. Il faut n\u00e9anmoins que ces actions soient renforc\u00e9es surtout \u00e0 l&rsquo;\u00e9gard des populations pauvres qui ont des besoins \u00e9lev\u00e9s en mati\u00e8re de sant\u00e9, mais qui manquent des ressources leur permettant d&rsquo;avoir acc\u00e8s aux soins de sant\u00e9. La r\u00e9duction des barri\u00e8res financi\u00e8res aux soins de sant\u00e9 doit donc rester une priorit\u00e9 absolue pour les autorit\u00e9s du Burkina Faso.<\/p>\n\n\n\n<h3 class=\"wp-block-heading\"><a href=\"https:\/\/www.humanium.org\/en\/right-to-education\/\"><strong>Droit \u00e0 l&rsquo;\u00e9ducation<\/strong><\/a><strong><\/strong><\/h3>\n\n\n<div class=\"wp-block-image\">\n<figure class=\"alignleft size-large is-resized\"><img loading=\"lazy\" decoding=\"async\" width=\"1024\" height=\"681\" src=\"https:\/\/www.humanium.org\/fr\/wp-content\/uploads\/2021\/10\/shutterstock_36380338-1024x681.jpg\" alt=\"\" class=\"wp-image-51052\" style=\"width:328px;height:217px\" srcset=\"https:\/\/www.humanium.org\/fr\/wp-content\/uploads\/2021\/10\/shutterstock_36380338-1024x681.jpg 1024w, https:\/\/www.humanium.org\/fr\/wp-content\/uploads\/2021\/10\/shutterstock_36380338-300x199.jpg 300w, https:\/\/www.humanium.org\/fr\/wp-content\/uploads\/2021\/10\/shutterstock_36380338-768x511.jpg 768w, https:\/\/www.humanium.org\/fr\/wp-content\/uploads\/2021\/10\/shutterstock_36380338-1536x1021.jpg 1536w, https:\/\/www.humanium.org\/fr\/wp-content\/uploads\/2021\/10\/shutterstock_36380338-2048x1362.jpg 2048w, https:\/\/www.humanium.org\/fr\/wp-content\/uploads\/2021\/10\/shutterstock_36380338-830x552.jpg 830w, https:\/\/www.humanium.org\/fr\/wp-content\/uploads\/2021\/10\/shutterstock_36380338-230x153.jpg 230w, https:\/\/www.humanium.org\/fr\/wp-content\/uploads\/2021\/10\/shutterstock_36380338-350x233.jpg 350w, https:\/\/www.humanium.org\/fr\/wp-content\/uploads\/2021\/10\/shutterstock_36380338-480x319.jpg 480w, https:\/\/www.humanium.org\/fr\/wp-content\/uploads\/2021\/10\/shutterstock_36380338-272x182.jpg 272w\" sizes=\"auto, (max-width: 1024px) 100vw, 1024px\" \/><\/figure>\n<\/div>\n\n\n<p class=\"wp-block-paragraph\">L&rsquo;action des autorit\u00e9s Burkinab\u00e9s en faveur de l&rsquo;\u00e9ducation ne peut \u00eatre n\u00e9glig\u00e9e. Dans son d\u00e9sir de renforcer le <a href=\"https:\/\/www.humanium.org\/fr\/comprendre-droits-enfant\/droit-a-l-education\/\">droit \u00e0 l&rsquo;\u00e9ducation<\/a>, l&rsquo;\u00c9tat du Burkina Faso consacre la gratuit\u00e9 de l&rsquo;\u00e9ducation pour tous les enfants \u00e2g\u00e9s de 6 \u00e0 16 ans \u00e0 travers la loi d&rsquo;orientation de l&rsquo;\u00e9ducation qui est la pierre angulaire du syst\u00e8me \u00e9ducatif Burkinab\u00e9 adopt\u00e9e le 30 juillet 2007 (Journal officiel, 2007-09-20, n\u00b0 38, Loi N\u00b0013-2007\/AN portant loi d\u2019orientation de l\u2019\u00e9ducation). Cette disposition vise \u00e0 garantir l&rsquo;acc\u00e8s universel au syst\u00e8me \u00e9ducatif et \u00e0 all\u00e9ger les charges des m\u00e9nages pauvres li\u00e9es \u00e0 l&rsquo;\u00e9ducation des enfants.<\/p>\n\n\n\n<p class=\"wp-block-paragraph\">Toutefois, force est de constater que la situation de l&rsquo;\u00e9ducation au Burkina Faso reste insatisfaisante. L&rsquo;\u00c9tat peine \u00e0 garantir l&rsquo;\u00e9ducation pour tous et plusieurs cat\u00e9gories d&rsquo;enfants sont hors du syst\u00e8me \u00e9ducatif formel<em> (EDSBF-MICS IV<\/em>, 2010) ; c&rsquo;est notamment le cas des enfants handicap\u00e9s dont l&rsquo;acc\u00e8s \u00e0 l&rsquo;\u00e9ducation reste probl\u00e9matique ce qui a pour cons\u00e9quence d&rsquo;hypoth\u00e9quer s\u00e9rieusement leur avenir et surtout leurs chances d\u2019insertion socio-professionnelle (Educo, 2020).<\/p>\n\n\n\n<p class=\"wp-block-paragraph\">Par ailleurs, les in\u00e9galit\u00e9s li\u00e9es au genre et l\u2019acc\u00e8s \u00e0 l\u2019\u00e9ducation pour les enfants pour les enfants vuln\u00e9rables et ceux vivant en zone rurale sont des probl\u00e8mes majeurs qui n\u00e9cessitent l\u2019attention des autorit\u00e9s burkinab\u00e9s (Bureau International des Droits des Enfants, 2017).<\/p>\n\n\n\n<h3 class=\"wp-block-heading\"><a href=\"https:\/\/www.humanium.org\/en\/identity\/\"><strong>Droit \u00e0 l&rsquo;identit\u00e9<\/strong><\/a><strong><\/strong><\/h3>\n\n\n\n<p class=\"wp-block-paragraph\">Permettre \u00e0 un enfant de pouvoir jouir de ses droits, de la protection de l&rsquo;\u00c9tat, c&rsquo;est avant le d\u00e9clarer ; autrement dit, c&rsquo;est l&rsquo;enregistrer, c&rsquo;est veiller \u00e0 r\u00e9aliser son <a href=\"https:\/\/www.humanium.org\/fr\/comprendre-droits-enfant\/droit-a-l-identite\/\">droit \u00e0 l&rsquo;identit\u00e9<\/a>. Dans le contexte du Burkina Faso, la d\u00e9claration des naissances est impos\u00e9e par l&rsquo;article 56 de la loi Zatu an VII 13 du 16 novembre 1989 portant institution et application d&rsquo;un code des personnes et de la famille au Burkina Faso.<\/p>\n\n\n\n<p class=\"wp-block-paragraph\">Le taux d&rsquo;enfants de moins de 5 ans ayant \u00e9t\u00e9 d\u00e9clar\u00e9s s&rsquo;\u00e9l\u00e8ve \u00e0 77% (<em>EDSBF-MICS IV<\/em>, 2010). Ce taux implique donc qu&rsquo;il y a encore des efforts colossaux \u00e0 effectuer afin de mieux garantir le droit \u00e0 l&rsquo;identit\u00e9 pour chaque enfant. <\/p>\n\n\n\n<p class=\"wp-block-paragraph\">Les disparit\u00e9s en mati\u00e8re de d\u00e9claration de naissance sont fortement perceptibles sur la base du milieu et des r\u00e9gions de r\u00e9sidence. Ainsi les enfants enregistr\u00e9s \u00e0 l\u2019\u00e9tat civil sont proportionnellement moins nombreux en milieu rural qu\u2019en milieu urbain (74% contre 93%) (EDSBF-MICS IV, 2010). Les enfants issus des r\u00e9gions du centre ouest et surtout du Sahel sont plus susceptibles de ne pas \u00eatre d\u00e9clar\u00e9s \u00e0 la naissance. Cette situation est aux antipodes de celle constat\u00e9e au centre et \u00e0 Ouagadougou ou la quasi-totalit\u00e9 des naissances sont d\u00e9clar\u00e9s avec un taux avoisinant les 93%.<\/p>\n\n\n\n<p class=\"wp-block-paragraph\">Par ailleurs, au Burkina Faso, les enfants d\u00e9clar\u00e9s n&rsquo;ont pas toujours un acte de naissance qui a soit \u00e9t\u00e9 perdu ou n&rsquo;a pas \u00e9t\u00e9 remis aux parents. Dans cette perspective, l&rsquo;accent doit \u00eatre mis sur certaines r\u00e9gions telles que la r\u00e9gion de l&rsquo;Est et celle du Centre-Sud qui enregistrent respectivement des taux de 51,8% et 29,9% de personnes ayant \u00e9t\u00e9 d\u00e9clar\u00e9s, mais ne poss\u00e9dant aucun acte de naissance justifiant cette d\u00e9claration (EDSBF-MICS IV, 2010).<\/p>\n\n\n\n<p class=\"wp-block-paragraph\">Enfin, une attention particuli\u00e8re doit \u00eatre accord\u00e9e \u00e0 la situation \u00e9conomique de la famille qui est un facteur important dans la d\u00e9claration des naissances. Le pourcentage de d\u00e9clar\u00e9s attach\u00e9 au quintile le plus pauvre est de 62%. Cette situation est contraire aux familles ayant une meilleure situation \u00e9conomique dont le taux est de 95,2% (EDSBF-MICS IV, 2010). Il est donc urgent afin de garantir aux enfants des avantages sociaux, un acc\u00e8s aux soins, \u00e0 l&rsquo;\u00e9ducation, un droit \u00e0 l&rsquo;h\u00e9ritage et bien d&rsquo;autre avantages, de garantir le droit \u00e0 l&rsquo;identit\u00e9 des enfants.<\/p>\n\n\n\n<h2 class=\"wp-block-heading\"><a><\/a><strong>Les facteurs de risque \u2013 Les d\u00e9fis sp\u00e9cifiques du pays<\/strong><\/h2>\n\n\n\n<h3 class=\"wp-block-heading\"><strong>Le travail des enfants<\/strong><\/h3>\n\n\n<div class=\"wp-block-image\">\n<figure class=\"alignright size-large is-resized\"><img loading=\"lazy\" decoding=\"async\" width=\"1024\" height=\"683\" src=\"https:\/\/www.humanium.org\/fr\/wp-content\/uploads\/2021\/10\/shutterstock_1087232489-1024x683.jpg\" alt=\"\" class=\"wp-image-51056\" style=\"width:349px;height:233px\" srcset=\"https:\/\/www.humanium.org\/fr\/wp-content\/uploads\/2021\/10\/shutterstock_1087232489-1024x683.jpg 1024w, https:\/\/www.humanium.org\/fr\/wp-content\/uploads\/2021\/10\/shutterstock_1087232489-300x200.jpg 300w, https:\/\/www.humanium.org\/fr\/wp-content\/uploads\/2021\/10\/shutterstock_1087232489-768x512.jpg 768w, https:\/\/www.humanium.org\/fr\/wp-content\/uploads\/2021\/10\/shutterstock_1087232489-1536x1024.jpg 1536w, https:\/\/www.humanium.org\/fr\/wp-content\/uploads\/2021\/10\/shutterstock_1087232489-2048x1366.jpg 2048w, https:\/\/www.humanium.org\/fr\/wp-content\/uploads\/2021\/10\/shutterstock_1087232489-830x553.jpg 830w, https:\/\/www.humanium.org\/fr\/wp-content\/uploads\/2021\/10\/shutterstock_1087232489-230x153.jpg 230w, https:\/\/www.humanium.org\/fr\/wp-content\/uploads\/2021\/10\/shutterstock_1087232489-350x233.jpg 350w, https:\/\/www.humanium.org\/fr\/wp-content\/uploads\/2021\/10\/shutterstock_1087232489-480x320.jpg 480w, https:\/\/www.humanium.org\/fr\/wp-content\/uploads\/2021\/10\/shutterstock_1087232489-272x182.jpg 272w\" sizes=\"auto, (max-width: 1024px) 100vw, 1024px\" \/><\/figure>\n<\/div>\n\n\n<p class=\"wp-block-paragraph\">En vertu de l&rsquo;article 32 de la <a href=\"https:\/\/www.humanium.org\/fr\/convention\/\">convention des droits de l&rsquo;enfant<\/a>, L\u2019enfant a le droit d\u2019\u00eatre prot\u00e9g\u00e9 contre tout travail mettant en danger sa sant\u00e9, son \u00e9ducation ou son d\u00e9veloppement. Au Burkina Faso, le <a href=\"https:\/\/www.humanium.org\/fr\/travail-infantil\/\">travail infantile<\/a> demeure un probl\u00e8me majeur qui a des cons\u00e9quences sur le d\u00e9veloppement de l&rsquo;enfant et un impact non n\u00e9gligeable sur le d\u00e9veloppement \u00e9conomique et social du pays. La question du travail des enfants est d&rsquo;autant plus urgente dans la mesure ou selon l&rsquo;Organisation Internationale du Travail (OIT), le Burkina Faso fait partie des pays africains ayant un taux tr\u00e8s \u00e9lev\u00e9 d&rsquo;enfants travailleurs ; soit 51,05%.<\/p>\n\n\n\n<p class=\"wp-block-paragraph\">Diff\u00e9rents secteurs impliquent les enfants. Il s&rsquo;ag\u00eet notamment du secteur agricole (69,2%), des travaux domestiques (19,2%), du commerce (5,6%) et des mines d&rsquo;or (2,3%) (Bureau International des Droits des Enfants, 2017). Les pires formes de travail infantile se manifestent ainsi \u00e0 travers l&rsquo;exploitation des enfants dans les champs de coton, dans les carri\u00e8res artisanales, et sur les sites d&rsquo;orpaillage.<\/p>\n\n\n\n<p class=\"wp-block-paragraph\">Le d\u00e9veloppement physique et \u00e9motionnel de ces enfants se trouve s\u00e9rieusement impact\u00e9 par ces travaux dangereux. Impliqu\u00e9s dans ces travaux en raison de <a href=\"https:\/\/www.humanium.org\/fr\/pauvrete\/\">pauvret\u00e9<\/a>, les enfants sont expos\u00e9s \u00e0 deux nombreux risques tels que la toxicit\u00e9 du mercure dans les mines d&rsquo;or, les produits chimiques et autres pesticides utilis\u00e9s dans l&rsquo;industrie du coton.<\/p>\n\n\n\n<p class=\"wp-block-paragraph\">Ces conditions&nbsp; p\u00e9nibles sont accrues dans le cas des jeunes filles dont la charge de travail est souvent plus lourde que celle des gar\u00e7ons. Les jeunes filles sont en outre victimes de toutes sortes de violences bas\u00e9es sur le genre. Faute d\u2019\u00eatre prot\u00e9g\u00e9es, ignorantes de leurs droits, enferm\u00e9es dans la tradition de la soumission, celles qui sont viol\u00e9es se murent dans le silence (BIT, 2013).<\/p>\n\n\n\n<p class=\"wp-block-paragraph\">Ces maux auxquels sont expos\u00e9s les enfants sont de toute \u00e9vidence contraires aux mesures issues de la convention n\u00b0182 de l&rsquo;OIT ratifi\u00e9e par le Burkina Faso le 25 juillet 2001. En d\u00e9pit de la gravit\u00e9 de la situation, force est de constater que le Burkina Faso a progress\u00e9 dans la lutte contre les pires formes de travail des enfants. <\/p>\n\n\n\n<p class=\"wp-block-paragraph\">Le gouvernement a ainsi adopt\u00e9 un programme national et une feuille de route de lutte contre le travail des enfants dans les sites d\u2019orpaillage et les carri\u00e8res artisanales 2015-2019. Leur mise en \u0153uvre a permis d\u2019accompagner les familles dans le processus de r\u00e9int\u00e9gration familiale et sociale et \u00e0 r\u00e9habiliter les enfants vivant et\/ou travaillant sur les sites d\u2019orpaillage. Ainsi, 6 926 enfants ont \u00e9t\u00e9 retir\u00e9s des sites d\u2019orpaillage et suivis pour leur r\u00e9insertion sociale et familiale (Burkina Faso, 2018).<\/p>\n\n\n\n<p class=\"wp-block-paragraph\">Ces efforts ne sont pas encore en mesure de mettre un terme \u00e0 ce fl\u00e9au. Cette situation bl\u00e2mable qui perdure et affecte si n\u00e9gativement les enfants a pour effet de freiner les efforts du gouvernement en mati\u00e8re de scolarisation des enfants et de les plonger dans un cycle vicieux et perp\u00e9tuel de pauvret\u00e9.<\/p>\n\n\n\n<h3 class=\"wp-block-heading\"><strong>Le mariage d\u2019enfants<\/strong><\/h3>\n\n\n\n<p class=\"wp-block-paragraph\">Au sein des soci\u00e9t\u00e9s Burkinab\u00e9s, le mariage joue un r\u00f4le social important dans la mesure o\u00f9 il repr\u00e9sente non seulement l\u2019union des mari\u00e9s, mais aussi, celle des familles concern\u00e9es. Le mariage est donc sacr\u00e9 et per\u00e7u comme \u00e9tant le seul cadre dans lequel la femme peut \u00eatre emmen\u00e9e \u00e0 procr\u00e9er faute de quoi elle jetterait le d\u00e9shonneur sur elle et sur sa famille (Bureau International des Droits des Enfants, 2017).<\/p>\n\n\n\n<p class=\"wp-block-paragraph\">Dans une telle perspective, le mariage dans la soci\u00e9t\u00e9 apparait comme une protection contre ce d\u00e9shonneur. Une telle conception tend \u00e0 favoriser le <a href=\"https:\/\/www.humanium.org\/fr\/mariage-enfants\/\">mariage forc\u00e9<\/a> chez les enfants qui apparait comme un moyen de pr\u00e9server l\u2019honneur de la famille de la jeune fille (Bureau International des Droits des Enfants, 2017).<\/p>\n\n\n\n<p class=\"wp-block-paragraph\">Selon UNICEF, plus de 52% des femmes sont mari\u00e9es avant l\u2019\u00e2ge de 18 ans (Bureau International des Droits des Enfants, 2017). Les promesses de mariages ont souvent lieu d\u00e8s la naissance de la fille ou au cours de son enfance. Elle n\u00e9cessite le paiement d\u2019une dote qui permet de prouver l\u2019engagement de la famille du pr\u00e9tendant (Amnesty International, 2016).<\/p>\n\n\n\n<p class=\"wp-block-paragraph\">Les cons\u00e9quences de ces mariages sont nombreuses et se situent \u00e0 plusieurs niveaux. Au niveau psychologique et physique, la question primordiale est de savoir si ces jeunes filles forc\u00e9es au mariage sont capables d\u2019assumer les implications physiques et mentales d\u2019une telle situation. <\/p>\n\n\n\n<p class=\"wp-block-paragraph\">La r\u00e9ponse de toute \u00e9vidence est non. Certaines filles comme le relate l\u2019ONG Amnesty International peuvent \u00eatre mari\u00e9es d\u00e8s l\u2019\u00e2ge de 11 ans. Leur sant\u00e9 est grandement mise en danger notamment en ce qui concerne leurs aptitudes \u00e0 procr\u00e9er. Leur jeune \u00e2ge est susceptible d\u2019entrainer des complications li\u00e9es \u00e0 la grossesse et mettre leur vie en danger. <\/p>\n\n\n\n<p class=\"wp-block-paragraph\">Ces jeunes filles sont ainsi priv\u00e9es de leur libert\u00e9 sexuelle et reproductive, une composante essentielle de leur droit \u00e0 la sant\u00e9. Par ailleurs, les mariages pr\u00e9coces et forc\u00e9s constituent une entrave majeure au droit \u00e0 l\u2019\u00e9ducation des filles. Celle-ci sont g\u00e9n\u00e9ralement oblig\u00e9es de renoncer \u00e0 leurs \u00e9tudes ce qui compromet leur chance de r\u00e9ussite et d\u2019autonomisation (Amnesty International, 2016).<\/p>\n\n\n\n<p class=\"wp-block-paragraph\">Il existe cependant une l\u00e9gislation nationale qui vise \u00e0 prot\u00e9ger ces jeunes filles contre le mariage forc\u00e9. Le mariage forc\u00e9 constitue un crime, car il est&nbsp; interdit par le code p\u00e9nal en son article 76 (Bureau International des Droits des Enfants, 2017). Le consentement dans le mariage b\u00e9n\u00e9ficie en outre d\u2019une attention particuli\u00e8re aupr\u00e8s des autorit\u00e9s burkinab\u00e9s, car il est consacr\u00e9 par la constitution en son article 23 et au sein de l\u2019article 234 du code des personnes et de la famille (Amnesty International, 2016).<\/p>\n\n\n\n<p class=\"wp-block-paragraph\">Il est ainsi primordial de veiller \u00e0 une meilleure application des lois prot\u00e9geant les jeunes filles contre le mariage pr\u00e9coce et forc\u00e9 et en plus, de veiller \u00e0 la modification de l\u2019\u00e2ge l\u00e9gal du mariage jug\u00e9 discriminatoire (17 ans pour les filles et 20 ans pour les gar\u00e7ons) (Amnesty International, 2016).<\/p>\n\n\n\n<h3 class=\"wp-block-heading\"><strong>Les mutilations g\u00e9nitales f\u00e9minines (MGF)<\/strong><\/h3>\n\n\n\n<p class=\"wp-block-paragraph\">Le comit\u00e9 des droits de l&rsquo;enfant le 10 juillet 2013 a soulign\u00e9 \u00e0 l&rsquo;endroit du gouvernement Burkinab\u00e9 sa pr\u00e9occupation au regard du manque d&rsquo;attention accord\u00e9 aux <a href=\"https:\/\/www.humanium.org\/fr\/mutilations-genitales\/\">mutilations g\u00e9nitales f\u00e9minines<\/a>. Environ 76% des femmes burkinab\u00e9s \u00e2g\u00e9es de 15 \u00e0 49 ans ont subi une mutilation g\u00e9nitale (Carrefour International, n.d.). Il est par ailleurs important de faire mention \u00e0 l&rsquo;\u00e2ge des filles lors de l&rsquo;excision qui est relativement bas ; en effet, selon l&rsquo;enqu\u00eate d\u00e9mographique et de sant\u00e9 \u00e0 indicateurs multiples, dans 60% des cas, les femmes ont d\u00e9clar\u00e9 avoir \u00e9t\u00e9 excis\u00e9es avant l\u2019\u00e2ge de 5 ans. <\/p>\n\n\n\n<p class=\"wp-block-paragraph\">Les MGF sont pratiqu\u00e9es sur l\u2019ensemble du territoire. Il existe cependant certaines r\u00e9gions \u00e0 forte pr\u00e9valence. Il s\u2019agit du Centre-Est (89,5%), des Hauts-Bassins (82,3%), du Plateau central (87,7%) et du Centre-Nord du pays (86,8%) (EDSBF-MICS IV, 2010). \u00c0 l&rsquo;instar de certains pays tels que le Nigeria, le Soudan et le Y\u00e9men, les MGF au Burkina connaissent une forte pr\u00e9valence en zones rurales (78% contre 69%) (Lewnes, 2005).<\/p>\n\n\n\n<p class=\"wp-block-paragraph\">Les cons\u00e9quences de ces pratiques sur les jeunes filles sont n\u00e9gatives. Outre les cons\u00e9quences psychologiques et physiques sur ces jeunes filles, les MGF donnent lieu \u00e0 un d\u00e9ni flagrant des droits des jeunes filles. Ces pratiques portent atteinte \u00e0 leur droit \u00e0 la vie, \u00e0 leur droit \u00e0 l&rsquo;int\u00e9grit\u00e9 physique, \u00e0 leur droit \u00e0 la sant\u00e9 \u2013 notamment leur sant\u00e9 sexuelle et reproductive \u2013 ainsi que leur droit d&rsquo;\u00eatre \u00e0 l&rsquo;abri de toute forme de violence, d&rsquo;atteinte ou de brutalit\u00e9 physiques ou mentales (Amnesty International, 2016).<\/p>\n\n\n\n<p class=\"wp-block-paragraph\">Deux facteurs sont susceptibles d&rsquo;expliquer la p\u00e9rennit\u00e9 des MGF au Burkina Faso. Il s&rsquo;agit dans un premier temps de la situation de la m\u00e8re et dans un second temps de son niveau d&rsquo;\u00e9ducation (UNICEF n.d). Les m\u00e8res ayant d\u00e9j\u00e0 subi une MGF sont plus susceptibles de faire subir la m\u00eame pratique \u00e0 leur enfant en raison des avantages sociaux que cela pourrait repr\u00e9senter pour la fille au sein de la communaut\u00e9.<\/p>\n\n\n\n<p class=\"wp-block-paragraph\">Enfin le niveau d&rsquo;\u00e9ducation de la m\u00e8re ne peut \u00eatre n\u00e9glig\u00e9 comme facteur de ralentissement des MGF. \u00ab <em>Dans l\u2019ensemble, les filles de m\u00e8res plus instruites sont moins susceptibles de subir une MGF que les filles de m\u00e8res peu ou pas du tout instruites. \u00bb <\/em>(UNICEF n.d)<em>.<\/em><\/p>\n\n\n\n<p class=\"wp-block-paragraph\"><em><strong>\u00c9crit par Habib Kouame<\/strong><\/em><\/p>\n\n\n\n<p class=\"wp-block-paragraph\"><em><strong>Derni\u00e8re mise \u00e0 jour le 31 mars 2021<\/strong><\/em><\/p>\n\n\n\n<h4 class=\"wp-block-heading\"><strong>R\u00e9f\u00e9rences&nbsp;:<\/strong><\/h4>\n\n\n\n<p class=\"has-small-font-size wp-block-paragraph\"><a href=\"https:\/\/www.amnesty.org\/fr\/press-releases\/2016\/04\/burkina-faso-forced-early-marriage-facts\/\" target=\"_blank\" rel=\"noreferrer noopener\">Amnesty International. (2016, Avril 26). <em>Le Mariage pr\u00e9coce et forc\u00e9 au Burkina Faso: les faits<\/em>.<\/a> <\/p>\n\n\n\n<p class=\"has-small-font-size wp-block-paragraph\"><a href=\"https:\/\/donnees.banquemondiale.org\/pays\/burkina-faso\" target=\"_blank\" rel=\"noreferrer noopener\">Banque Mondiale. (2019). <em>Burkina Faso Data<\/em>. <\/a><\/p>\n\n\n\n<p class=\"has-small-font-size wp-block-paragraph\"><a href=\"http:\/\/www.ibcr.org\/wp-content\/uploads\/2017\/07\/Etat-des-lieux-Burkina-Faso_COURTE_web.pdf\" target=\"_blank\" rel=\"noreferrer noopener\">Bureau International des Droits des Enfants. (2017). <em>\u00c9tat des lieux du syst\u00e8me de protection de l\u2019enfant au Burkina Faso portant sur les r\u00f4les et responsabilit\u00e9s des policiers, des gendarmes, des travailleurs sociaux et du personnel de justice<\/em>.<\/a> <\/p>\n\n\n\n<p class=\"has-small-font-size wp-block-paragraph\">Burkina Faso. (2011). <em>Plan National de D\u00e9veloppement Sanitaire 2011-2020<\/em>. <\/p>\n\n\n\n<p class=\"has-small-font-size wp-block-paragraph\">Burkina Faso. (2012). <em>Politique Nationale de Protection Sociale 2013-2022<\/em>. <\/p>\n\n\n\n<p class=\"has-small-font-size wp-block-paragraph\">Burkina Faso. (2012, Septembre). <em>Politique Nationale De Protection Sociale 2013-2022<\/em>. <\/p>\n\n\n\n<p class=\"has-small-font-size wp-block-paragraph\"><a href=\"http:\/\/www.africanchildforum.org\/clr\/policy%20per%20country\/2018%20Update\/Burkina%20Faso\/burkinafaso_sectoralpolicyofeducation_2013_fr.pdf\" target=\"_blank\" rel=\"noreferrer noopener\">Burkina Faso. (2013, Septembre). <em>Politique Sectorielle de l&rsquo;Education du Burkina Faso (PSE\/BF) 2014-2023<\/em>. <\/a><\/p>\n\n\n\n<p class=\"has-small-font-size wp-block-paragraph\">Burkina Faso. (2018). <em>(Burkina Faso, National report submitted in accordance with paragraph 5 of the annex to Human Rights Council resolution 16\/21 : [Universal Periodic Review]).<\/em> <\/p>\n\n\n\n<p class=\"has-small-font-size wp-block-paragraph\"><a href=\"https:\/\/www.humanitarianresponse.info\/sites\/www.humanitarianresponse.info\/files\/assessments\/burkina_faso_ccea_scoping_report_french.pdf\" target=\"_blank\" rel=\"noreferrer noopener\">CDAC &amp; H2H. (n.d.). <em>Analyse situationnelle de la communication, de l&rsquo;engagement communautaire et de la redevabilit\u00e9 au Burkina Faso<\/em>.<\/a> <\/p>\n\n\n\n<p class=\"has-small-font-size wp-block-paragraph\">Carrefour International. (n.d.). <em>Burkina Faso<\/em>. <\/p>\n\n\n\n<p class=\"has-small-font-size wp-block-paragraph\"><a href=\"http:\/\/www.socialserviceworkforce.org\/system\/files\/resource\/files\/Analyse-Situationnelle-BurkinaFaso.pdf\" target=\"_blank\" rel=\"noreferrer noopener\">Educo. (2017, Juin). <em>Analyse Situationnelle des Droits de l\u00b4Enfant \u00e0 la Protection dans la province du Yatenga,Burkina Faso<\/em>.<\/a> <\/p>\n\n\n\n<p class=\"has-small-font-size wp-block-paragraph\"><a href=\"https:\/\/www.wathi.org\/analyse-situationnelle-des-droits-de-lenfant-au-burkina-faso-dans-la-province-du-yatenga-un-regard-sur-la-jouissance-du-droit-a-leducation-au-yatenga-educo\/\" target=\"_blank\" rel=\"noreferrer noopener\">Educo. (2020, Novembre 6). <em>Analyse situationnelle des droits de l\u2019enfant au Burkina Faso dans la province du Yatenga : un regard sur la jouissance du droit \u00e0 l\u2019\u00e9ducation au Yatenga<\/em>. WATHI. <\/a><\/p>\n\n\n\n<p class=\"has-small-font-size wp-block-paragraph\"><a href=\"https:\/\/dhsprogram.com\/pubs\/pdf\/FR256\/FR256.pdf\" target=\"_blank\" rel=\"noreferrer noopener\"><em>ENQU\u00caTE D\u00c9MOGRAPHIQUE ET DE SANT\u00c9 ET \u00c0 INDICATEURS MULTIPLES (EDSBF-MICS IV)<\/em>. (2010).<\/a> <\/p>\n\n\n\n<p class=\"has-small-font-size wp-block-paragraph\"><a href=\"https:\/\/www.girlsnotbrides.org\/learning-resources\/resource-centre\/addressing-child-marriage-education-evidence-shows\/\" target=\"_blank\" rel=\"noreferrer noopener\">Girls Not Brides. (2018, January 31). <em>Addressing child marriage through education: What the evidence shows<\/em>.<\/a> <\/p>\n\n\n\n<p class=\"has-small-font-size wp-block-paragraph\"><a href=\"https:\/\/www.ilo.org\/dyn\/natlex\/natlex4.detail?p_lang=fr&amp;p_isn=77498&amp;p_classification=09\" target=\"_blank\" rel=\"noreferrer noopener\">Journal officiel, 2007-09-20, n\u00b0 38, Loi N\u00b0013-2007\/AN portant loi d\u2019orientation de l\u2019\u00e9ducation.<\/a> <\/p>\n\n\n\n<p class=\"has-small-font-size wp-block-paragraph\"><a href=\"https:\/\/www.unicef-irc.org\/publications\/397-changer-une-convention-sociale-nefaste-la-pratique-de-lexcision-mutilation-genitale.html\" target=\"_blank\" rel=\"noreferrer noopener\">Lewnes, A. (2005). <em>Changer une convention sociale nefaste la pratique de l&rsquo;excision\/mutilation genitale feminine<\/em>. UNICEF.<\/a> <\/p>\n\n\n\n<p class=\"has-small-font-size wp-block-paragraph\"><a href=\"https:\/\/www.ilo.org\/dyn\/natlex\/natlex4.detail?p_lang=fr&amp;p_isn=43834&amp;p_classification=01.03\" target=\"_blank\" rel=\"noreferrer noopener\">Loi Zatu no An VII 0013\/FP\/PRES du 16 novembre 1989, portant institution et application du Code des personnes et de la famille. <\/a> <\/p>\n\n\n\n<p class=\"has-small-font-size wp-block-paragraph\">N\u2019Diaye, F. C. (2013). <em>Genre et travail des enfants dans les mines et carri\u00e8res au Burkina Faso, au Mali et au Togo: Synth\u00e8se des \u00e9tudes de cas<\/em>. Bureau International du Travail. 9789222281190[ISBN]<\/p>\n\n\n\n<p class=\"has-small-font-size wp-block-paragraph\">Unicef. (n.d.). <em>Note Strat\u00e9gique du Programme Protection de l\u2019enfance CPD 2018-2020<\/em>. <\/p>\n\n\n\n<p class=\"has-small-font-size wp-block-paragraph\"><a href=\"https:\/\/www.unicef-irc.org\/publications\/397-changer-une-convention-sociale-nefaste-la-pratique-de-lexcision-mutilation-genitale.html\" target=\"_blank\" rel=\"noreferrer noopener\">Unicef Office of Research-Innocenti. (2005). <em>Changer une convention sociale nefaste: la pratique de l&rsquo;excision\/mutilation genitale feminine<\/em>.<\/a> <\/p>\n\n\n\n<p class=\"has-small-font-size wp-block-paragraph\"><a href=\"https:\/\/www.files.ethz.ch\/isn\/128277\/CPRC_West_Africa_WP1_french.pdf\" target=\"_blank\" rel=\"noreferrer noopener\">WETTA, C., &amp; KON\u00c9, M. (n.d.). <em>Pauvret\u00e9 chronique au Burkina Faso<\/em>. Chronic poverty Research Centre.<\/a> <\/p>\n\n\n\n<p class=\"has-small-font-size wp-block-paragraph\"><a href=\"https:\/\/www.globalpartnership.org\/content\/girls-education-and-child-marriage-central-and-west-africa\" target=\"_blank\" rel=\"noreferrer noopener\">Wodon, Q., Male, C., Onagoruwa, A., &amp; Yedan, A. (2017, Octobre 22). <em>GIRLS\u2019 EDUCATION AND CHILD MARRIAGE IN WEST AND CENTRAL AFRICA<\/em>.<\/a> <\/p>\n\n\n\n<hr class=\"wp-block-separator has-css-opacity\"\/>\n\n\n\n<p class=\"has-small-font-size wp-block-paragraph\"><a href=\"#_ftnref1\"><sup>[1]<\/sup><\/a>&nbsp; Cet article ne pr\u00e9tend nullement donner un compte rendu complet ou repr\u00e9sentatif des droits de l\u2019enfant au Burkina Faso; en effet, l\u2019un des nombreux d\u00e9fis est le peu d\u2019informations \u00e0 jour sur les enfants au Burkina Faso, dont la plupart sont peu fiables, non repr\u00e9sentatives, d\u00e9pass\u00e9es, ou simplement inexistantes.<\/p>\n","protected":false},"excerpt":{"rendered":"<p>Concr\u00e9tiser les droits de l&rsquo;enfant au Burkina Faso L\u2019effectivit\u00e9 des droits des enfants est une question importante qui concerne toutes les soci\u00e9t\u00e9s humaines. Le Burkina Faso en d\u00e9pit du niveau de pauvret\u00e9 des populations doit urgemment r\u00e9duire les in\u00e9galit\u00e9s li\u00e9es au genre et assurer aux jeunes filles un cadre de vie favorisant le d\u00e9veloppement de [&hellip;]<\/p>\n","protected":false},"author":65,"featured_media":0,"parent":0,"menu_order":0,"comment_status":"closed","ping_status":"closed","template":"","meta":{"footnotes":""},"class_list":["post-9510","page","type-page","status-publish","hentry"],"yoast_head":"<!-- This site is optimized with the Yoast SEO plugin v28.3 - https:\/\/yoast.com\/product\/yoast-seo-wordpress\/ -->\n<title>Enfants du Burkina Faso - Humanium<\/title>\n<meta name=\"description\" content=\"Le Burkina Faso, malgr\u00e9 le niveau de pauvret\u00e9 de la population, doit de toute urgence r\u00e9duire les in\u00e9galit\u00e9s entre les sexes.\" \/>\n<meta name=\"robots\" content=\"index, follow, max-snippet:-1, max-image-preview:large, max-video-preview:-1\" \/>\n<link rel=\"canonical\" href=\"https:\/\/www.humanium.org\/fr\/burkina-faso\/\" \/>\n<meta property=\"og:locale\" content=\"fr_FR\" \/>\n<meta property=\"og:type\" content=\"article\" \/>\n<meta property=\"og:title\" content=\"Enfants du Burkina Faso - Humanium\" \/>\n<meta property=\"og:description\" content=\"Le Burkina Faso, malgr\u00e9 le niveau de pauvret\u00e9 de la population, doit de toute urgence r\u00e9duire les in\u00e9galit\u00e9s entre les sexes.\" \/>\n<meta property=\"og:url\" content=\"https:\/\/www.humanium.org\/fr\/burkina-faso\/\" \/>\n<meta property=\"og:site_name\" content=\"Humanium\" \/>\n<meta property=\"article:modified_time\" content=\"2025-12-05T13:07:14+00:00\" \/>\n<meta property=\"og:image\" content=\"https:\/\/www.humanium.org\/fr\/wp-content\/uploads\/2021\/10\/shutterstock_42992686.jpg\" \/>\n\t<meta property=\"og:image:width\" content=\"200\" \/>\n\t<meta property=\"og:image:height\" content=\"200\" \/>\n\t<meta property=\"og:image:type\" content=\"image\/jpeg\" \/>\n<meta name=\"twitter:card\" content=\"summary_large_image\" \/>\n<meta name=\"twitter:label1\" content=\"Dur\u00e9e de lecture estim\u00e9e\" \/>\n\t<meta name=\"twitter:data1\" content=\"21 minutes\" \/>\n<script type=\"application\/ld+json\" class=\"yoast-schema-graph\">{\"@context\":\"https:\\\/\\\/schema.org\",\"@graph\":[{\"@type\":\"WebPage\",\"@id\":\"https:\\\/\\\/www.humanium.org\\\/fr\\\/burkina-faso\\\/\",\"url\":\"https:\\\/\\\/www.humanium.org\\\/fr\\\/burkina-faso\\\/\",\"name\":\"Enfants du Burkina Faso - Humanium\",\"isPartOf\":{\"@id\":\"https:\\\/\\\/www.humanium.org\\\/fr\\\/#website\"},\"primaryImageOfPage\":{\"@id\":\"https:\\\/\\\/www.humanium.org\\\/fr\\\/burkina-faso\\\/#primaryimage\"},\"image\":{\"@id\":\"https:\\\/\\\/www.humanium.org\\\/fr\\\/burkina-faso\\\/#primaryimage\"},\"thumbnailUrl\":\"https:\\\/\\\/www.humanium.org\\\/fr\\\/wp-content\\\/uploads\\\/2021\\\/10\\\/shutterstock_42992686.jpg\",\"datePublished\":\"2011-11-06T18:00:20+00:00\",\"dateModified\":\"2025-12-05T13:07:14+00:00\",\"description\":\"Le Burkina Faso, malgr\u00e9 le niveau de pauvret\u00e9 de la population, doit de toute urgence r\u00e9duire les in\u00e9galit\u00e9s entre les sexes.\",\"breadcrumb\":{\"@id\":\"https:\\\/\\\/www.humanium.org\\\/fr\\\/burkina-faso\\\/#breadcrumb\"},\"inLanguage\":\"fr-FR\",\"potentialAction\":[{\"@type\":\"ReadAction\",\"target\":[\"https:\\\/\\\/www.humanium.org\\\/fr\\\/burkina-faso\\\/\"]}]},{\"@type\":\"ImageObject\",\"inLanguage\":\"fr-FR\",\"@id\":\"https:\\\/\\\/www.humanium.org\\\/fr\\\/burkina-faso\\\/#primaryimage\",\"url\":\"https:\\\/\\\/www.humanium.org\\\/fr\\\/wp-content\\\/uploads\\\/2021\\\/10\\\/shutterstock_42992686.jpg\",\"contentUrl\":\"https:\\\/\\\/www.humanium.org\\\/fr\\\/wp-content\\\/uploads\\\/2021\\\/10\\\/shutterstock_42992686.jpg\",\"width\":200,\"height\":200},{\"@type\":\"BreadcrumbList\",\"@id\":\"https:\\\/\\\/www.humanium.org\\\/fr\\\/burkina-faso\\\/#breadcrumb\",\"itemListElement\":[{\"@type\":\"ListItem\",\"position\":1,\"name\":\"Home\",\"item\":\"https:\\\/\\\/www.humanium.org\\\/fr\\\/\"},{\"@type\":\"ListItem\",\"position\":2,\"name\":\"Enfants du Burkina Faso\"}]},{\"@type\":\"WebSite\",\"@id\":\"https:\\\/\\\/www.humanium.org\\\/fr\\\/#website\",\"url\":\"https:\\\/\\\/www.humanium.org\\\/fr\\\/\",\"name\":\"Humanium\",\"description\":\"Les enfants d\u2019abord !\",\"potentialAction\":[{\"@type\":\"SearchAction\",\"target\":{\"@type\":\"EntryPoint\",\"urlTemplate\":\"https:\\\/\\\/www.humanium.org\\\/fr\\\/?s={search_term_string}\"},\"query-input\":{\"@type\":\"PropertyValueSpecification\",\"valueRequired\":true,\"valueName\":\"search_term_string\"}}],\"inLanguage\":\"fr-FR\"}]}<\/script>\n<!-- \/ Yoast SEO plugin. -->","yoast_head_json":{"title":"Enfants du Burkina Faso - Humanium","description":"Le Burkina Faso, malgr\u00e9 le niveau de pauvret\u00e9 de la population, doit de toute urgence r\u00e9duire les in\u00e9galit\u00e9s entre les sexes.","robots":{"index":"index","follow":"follow","max-snippet":"max-snippet:-1","max-image-preview":"max-image-preview:large","max-video-preview":"max-video-preview:-1"},"canonical":"https:\/\/www.humanium.org\/fr\/burkina-faso\/","og_locale":"fr_FR","og_type":"article","og_title":"Enfants du Burkina Faso - Humanium","og_description":"Le Burkina Faso, malgr\u00e9 le niveau de pauvret\u00e9 de la population, doit de toute urgence r\u00e9duire les in\u00e9galit\u00e9s entre les sexes.","og_url":"https:\/\/www.humanium.org\/fr\/burkina-faso\/","og_site_name":"Humanium","article_modified_time":"2025-12-05T13:07:14+00:00","og_image":[{"width":200,"height":200,"url":"https:\/\/www.humanium.org\/fr\/wp-content\/uploads\/2021\/10\/shutterstock_42992686.jpg","type":"image\/jpeg"}],"twitter_card":"summary_large_image","twitter_misc":{"Dur\u00e9e de lecture estim\u00e9e":"21 minutes"},"schema":{"@context":"https:\/\/schema.org","@graph":[{"@type":"WebPage","@id":"https:\/\/www.humanium.org\/fr\/burkina-faso\/","url":"https:\/\/www.humanium.org\/fr\/burkina-faso\/","name":"Enfants du Burkina Faso - Humanium","isPartOf":{"@id":"https:\/\/www.humanium.org\/fr\/#website"},"primaryImageOfPage":{"@id":"https:\/\/www.humanium.org\/fr\/burkina-faso\/#primaryimage"},"image":{"@id":"https:\/\/www.humanium.org\/fr\/burkina-faso\/#primaryimage"},"thumbnailUrl":"https:\/\/www.humanium.org\/fr\/wp-content\/uploads\/2021\/10\/shutterstock_42992686.jpg","datePublished":"2011-11-06T18:00:20+00:00","dateModified":"2025-12-05T13:07:14+00:00","description":"Le Burkina Faso, malgr\u00e9 le niveau de pauvret\u00e9 de la population, doit de toute urgence r\u00e9duire les in\u00e9galit\u00e9s entre les sexes.","breadcrumb":{"@id":"https:\/\/www.humanium.org\/fr\/burkina-faso\/#breadcrumb"},"inLanguage":"fr-FR","potentialAction":[{"@type":"ReadAction","target":["https:\/\/www.humanium.org\/fr\/burkina-faso\/"]}]},{"@type":"ImageObject","inLanguage":"fr-FR","@id":"https:\/\/www.humanium.org\/fr\/burkina-faso\/#primaryimage","url":"https:\/\/www.humanium.org\/fr\/wp-content\/uploads\/2021\/10\/shutterstock_42992686.jpg","contentUrl":"https:\/\/www.humanium.org\/fr\/wp-content\/uploads\/2021\/10\/shutterstock_42992686.jpg","width":200,"height":200},{"@type":"BreadcrumbList","@id":"https:\/\/www.humanium.org\/fr\/burkina-faso\/#breadcrumb","itemListElement":[{"@type":"ListItem","position":1,"name":"Home","item":"https:\/\/www.humanium.org\/fr\/"},{"@type":"ListItem","position":2,"name":"Enfants du Burkina Faso"}]},{"@type":"WebSite","@id":"https:\/\/www.humanium.org\/fr\/#website","url":"https:\/\/www.humanium.org\/fr\/","name":"Humanium","description":"Les enfants d\u2019abord !","potentialAction":[{"@type":"SearchAction","target":{"@type":"EntryPoint","urlTemplate":"https:\/\/www.humanium.org\/fr\/?s={search_term_string}"},"query-input":{"@type":"PropertyValueSpecification","valueRequired":true,"valueName":"search_term_string"}}],"inLanguage":"fr-FR"}]}},"_links":{"self":[{"href":"https:\/\/www.humanium.org\/fr\/wp-json\/wp\/v2\/pages\/9510","targetHints":{"allow":["GET"]}}],"collection":[{"href":"https:\/\/www.humanium.org\/fr\/wp-json\/wp\/v2\/pages"}],"about":[{"href":"https:\/\/www.humanium.org\/fr\/wp-json\/wp\/v2\/types\/page"}],"author":[{"embeddable":true,"href":"https:\/\/www.humanium.org\/fr\/wp-json\/wp\/v2\/users\/65"}],"replies":[{"embeddable":true,"href":"https:\/\/www.humanium.org\/fr\/wp-json\/wp\/v2\/comments?post=9510"}],"version-history":[{"count":22,"href":"https:\/\/www.humanium.org\/fr\/wp-json\/wp\/v2\/pages\/9510\/revisions"}],"predecessor-version":[{"id":59923,"href":"https:\/\/www.humanium.org\/fr\/wp-json\/wp\/v2\/pages\/9510\/revisions\/59923"}],"wp:attachment":[{"href":"https:\/\/www.humanium.org\/fr\/wp-json\/wp\/v2\/media?parent=9510"}],"curies":[{"name":"wp","href":"https:\/\/api.w.org\/{rel}","templated":true}]}}