{"id":9726,"date":"2011-11-06T18:00:44","date_gmt":"2011-11-06T18:00:44","guid":{"rendered":"http:\/\/www.humanium.org\/fr\/?page_id=9726"},"modified":"2025-12-05T13:29:16","modified_gmt":"2025-12-05T13:29:16","slug":"ouzbekistan","status":"publish","type":"page","link":"https:\/\/www.humanium.org\/fr\/ouzbekistan\/","title":{"rendered":"Enfants d&rsquo;Ouzb\u00e9kistan"},"content":{"rendered":"<h1>Enfants d&rsquo;Ouzb\u00e9kistan<\/h1>\n<h2>Concr\u00e9tiser les droits de l&rsquo;enfant en Ouzb\u00e9kistan<\/h2>\n<p style=\"text-align: center;\"><img loading=\"lazy\" decoding=\"async\" class=\"alignnone size-full wp-image-13176\" title=\"Fillette ouzbeke \u00a9 Giorgio Montersino (Flickr)\" src=\"https:\/\/www.humanium.org\/fr\/wp-content\/uploads\/2011\/07\/giorgio-montersino-ouzbekistan-fillette.jpg\" alt=\"\" width=\"180\" height=\"200\" \/> <img loading=\"lazy\" decoding=\"async\" class=\"alignnone size-full wp-image-13177\" title=\"Petit gar\u00e7on ouzbek \u00a9 Giorgio Montersino (Flickr)\" src=\"https:\/\/www.humanium.org\/fr\/wp-content\/uploads\/2011\/07\/giorgio-montersino-ouzbekistan-garcon.jpg\" alt=\"\" width=\"151\" height=\"200\" \/><\/p>\n<p>Pays le plus peupl\u00e9 d&rsquo;Asie centrale, l\u2019Ouzb\u00e9kistan a d\u00e8s son ind\u00e9pendance, mis les droits de l&rsquo;enfant au devant de ses pr\u00e9occupations. Ainsi, leur situation s&rsquo;est constamment am\u00e9lior\u00e9e. Malgr\u00e9 tout, elle demeure loin d&rsquo;\u00eatre totalement satisfaisante et certains probl\u00e8mes fondamentaux, tel que le travail des enfants, restent encore \u00e0 r\u00e9soudre.<\/p>\n<table style=\"height: 38px;\" width=\"298\">\n<tbody style=\"background: #f2f2f2;\">\n<tr>\n<td>\n<div style=\"float: left; width: 100%;\">\n<p style=\"margin-top: 20px;\">\n<\/div>\n<div style=\"float: left; width: 39%;\">\n<p style=\"margin-bottom: 20px;\"><strong>Population:<\/strong>\u00a031 millions<br \/>\n<strong>Pop. de 0-14 ans :<\/strong> 26,5 %<\/p>\n<\/div>\n<div style=\"float: right; width: 59%;\">\n<p style=\"margin-bottom: 20px;\"><strong> Esp\u00e9rance de vie :<\/strong> 68,2 ans<br \/>\n<strong> Mortalit\u00e9 des &#8211; de 5 ans :<\/strong> 34 \u2030<\/p>\n<\/div>\n<\/td>\n<\/tr>\n<\/tbody>\n<\/table>\n<h3>Principaux probl\u00e8mes rencontr\u00e9s par les enfants en Ouzb\u00e9kistan :<\/h3>\n<p><strong><a href=\"https:\/\/www.humanium.org\/fr\/enfants-pauvres\/\">Pauvret\u00e9<\/a><\/strong><\/p>\n<p><img loading=\"lazy\" decoding=\"async\" class=\"size-full wp-image-13178 alignright\" title=\"Plus d'un quart de la population vit en dessous du seuil de pauvret\u00e9 en Ouzb\u00e9kistan \u00a9 Uznews.net (Flickr)\" src=\"https:\/\/www.humanium.org\/fr\/wp-content\/uploads\/2011\/07\/uznews-net-flickr-pauvrete.jpg\" alt=\"\" width=\"94\" height=\"143\" \/>Plus d&rsquo;un quart de la population vit en dessous du seuil de <a href=\"https:\/\/www.humanium.org\/fr\/enfants-pauvres\/\">pauvret\u00e9 <\/a>en Ouzb\u00e9kistan. Les habitants des villes se retrouvent souvent plus touch\u00e9s par cette pauvret\u00e9, d\u2019o\u00f9 l&rsquo;exode massif des populations vers les campagnes. Dans les zones urbaines de certains districts, la pauvret\u00e9 concerne pr\u00e8s d&rsquo;un habitant sur deux. Les conditions de vie des enfants sont alors p\u00e9nibles et leurs droits ne peuvent \u00eatre enti\u00e8rement respect\u00e9s.<\/p>\n<p><strong> <a href=\"https:\/\/www.humanium.org\/fr\/comprendre-droits-enfant\/droit-a-la-sante\/\">Droit \u00e0 la sant\u00e9<\/a><\/strong><\/p>\n<p>Le taux de <a href=\"https:\/\/www.humanium.org\/fr\/mortalite-infantile\/\">mortalit\u00e9 infantile<\/a> s&rsquo;\u00e9l\u00e8ve \u00e0 36 \u2030. De plus, les soins pr\u00e9 et post natals ne sont pas assez assur\u00e9s dans ce pays. Le soutien et l&rsquo;information des m\u00e8res pour la <a href=\"https:\/\/www.humanium.org\/fr\/comprendre-droits-enfant\/droit-a-la-sante\/\">sant\u00e9<\/a> de leurs b\u00e9b\u00e9s sont insuffisants.<\/p>\n<p>De nombreux efforts ont \u00e9t\u00e9 fournis en mati\u00e8re de pr\u00e9vention en Ouzb\u00e9kistan, comme le prouve la r\u00e9cente campagne de vaccination contre la polio.<\/p>\n<p><strong><a href=\"https:\/\/www.humanium.org\/fr\/enfants-deplaces\/\">Enfants r\u00e9fugi\u00e9s<\/a><\/strong><\/p>\n<p>La situation g\u00e9ographique de l&rsquo;Ouzb\u00e9kistan am\u00e8ne de nombreux \u00e9trangers, notamment du Kirghizistan, \u00e0 s&rsquo;y r\u00e9fugier. La plupart de ces personnes cherchant un endroit plus s\u00fbr, sont des femmes et des enfants, qui arrivent dans ce pays d&rsquo;accueil, sans bagage et totalement d\u00e9munis. Bien qu&rsquo;aujourd&rsquo;hui, beaucoup d&rsquo;entre eux ont pu retrouver leur terre d&rsquo;origine, certaines familles demeurent dans des camps de <a href=\"https:\/\/www.humanium.org\/fr\/enfants-deplaces\/\">r\u00e9fugi\u00e9s<\/a> o\u00f9 leurs conditions d\u00e9pendent totalement de l&rsquo;aide humanitaire.<\/p>\n<p>Malgr\u00e9 la pr\u00e9sence intense de nombreuses ONG, ces camps de r\u00e9fugi\u00e9s n&rsquo;offrent pas des conditions de vie id\u00e9ales pour les enfants. Il y a tr\u00e8s peu d&rsquo;endroits ombrag\u00e9s alors que les journ\u00e9es sont extr\u00eamement chaudes. Ainsi, beaucoup de nouveau n\u00e9s souffrent d&rsquo;exc\u00e8s de chaleur, provoquant alors fi\u00e8vres, d\u00e9shydratations et diarrh\u00e9es. De l&rsquo;<a href=\"https:\/\/www.humanium.org\/fr\/comprendre-droits-enfant\/droit-a-l-eau\/\">eau potable<\/a> leur est distribu\u00e9e, malheureusement, les quantit\u00e9s doivent \u00eatre limit\u00e9es, elle n&rsquo;est donc utilis\u00e9e que pour boire et tout le reste est fait avec de l&rsquo;eau du robinet entrainant par cons\u00e9quent des probl\u00e8mes d&rsquo;hygi\u00e8ne et de <a href=\"https:\/\/www.humanium.org\/fr\/comprendre-droits-enfant\/droit-a-la-sante\/\">sant\u00e9<\/a>.<\/p>\n<p>Dans ces camps, l&rsquo;aide humanitaire ne parvient pas \u00e0 combler la totalit\u00e9 des besoins des familles r\u00e9fugi\u00e9es. Ainsi, hygi\u00e8ne, sant\u00e9 et salubrit\u00e9 sont bien difficiles \u00e0 respecter.<\/p>\n<p><strong><a href=\"https:\/\/www.humanium.org\/fr\/travail-des-enfants\/\">Travail des enfants<\/a><\/strong><\/p>\n<p><img loading=\"lazy\" decoding=\"async\" class=\"size-full wp-image-13179 alignright\" title=\"Certaines \u00e9coles obligent les enfants \u00e0 travailler dans des champs de coton dutant la p\u00e9riode de la r\u00e9colte. \u00a9 Flickr\" src=\"https:\/\/www.humanium.org\/fr\/wp-content\/uploads\/2011\/07\/pas-de-modif-ouzbekistan-flickr.jpg\" alt=\"\" width=\"181\" height=\"118\" \/>L&rsquo;Ouzb\u00e9kistan a ratifi\u00e9 les conventions relatives \u00e0 la prohibition du <a href=\"https:\/\/www.humanium.org\/fr\/travail-des-enfants\/\">travail des enfants<\/a>, et pourtant, la pratique est bien loin d&rsquo;\u00eatre abolie. En r\u00e9alit\u00e9, cette pratique est compl\u00e8tement ancr\u00e9e dans les m\u0153urs des ouzbeks, \u00e0 tel point que le travail des enfants se fait \u00e0 travers leur scolarit\u00e9.<\/p>\n<p>En effet, durant les r\u00e9coltes, le gouvernement r\u00e9quisitionne les enfants dans les \u00e9coles pour aller travailler dans les champs de coton. S&rsquo;ils refusent, ils risquent leur renvoi de l&rsquo;\u00e9cole. Ils travaillent alors dans des conditions tr\u00e8s difficiles, connaissent la faim, la fatigue, la salet\u00e9, et ils sont peu ou pas pay\u00e9s.<\/p>\n<p>Leur <a href=\"https:\/\/www.humanium.org\/fr\/comprendre-droits-enfant\/droit-a-l-education\/\">\u00e9ducation<\/a> est donc interrompue, au profit du commerce du coton et leur sant\u00e9 se d\u00e9t\u00e9riore \u00e9galement face aux conditions d\u00e9plorables du travail. L&rsquo;Ouzb\u00e9kistan doit absolument agir face \u00e0 ce probl\u00e8me majeur qui \u00f4te aux enfants une partie consid\u00e9rable de leur jeunesse.<\/p>\n<p><strong><a href=\"https:\/\/www.humanium.org\/fr\/comprendre-droits-enfant\/droit-a-la-protection\/\">Libert\u00e9 d&rsquo;expression<\/a><\/strong><\/p>\n<p>La corruption est bien r\u00e9elle et quotidienne en Ouzb\u00e9kistan. Harc\u00e8lement, torture, intimidation et emprisonnement attendent ceux qui s&rsquo;expriment un peu trop dans ce pays. La situation effective des enfants ne peut donc pas toujours \u00eatre d\u00e9crite telle quelle, et en refusant de voir la r\u00e9alit\u00e9 en face, l\u2019am\u00e9lioration de leur vie s\u2019av\u00e8re plus difficile.<\/p>\n<p><img loading=\"lazy\" decoding=\"async\" class=\"alignright size-full wp-image-13180\" title=\"La libert\u00e9 d'expression des enfants est largement restreinte en Ouzb\u00e9kistan. \u00a9 Giorgio Montersino (Flickr)\" src=\"https:\/\/www.humanium.org\/fr\/wp-content\/uploads\/2011\/07\/giorgio-montersino-flickr-expression-ouzbekistan.jpg\" alt=\"\" width=\"214\" height=\"161\" \/>Bien que la l\u00e9gislation ouzb\u00e8ke proclame la <a href=\"https:\/\/www.humanium.org\/fr\/comprendre-droits-enfant\/droit-a-la-protection\/\">libert\u00e9 d\u2019expression<\/a>, en pratique, elle reste restreinte : les m\u00e9dias sont extr\u00eamement\u00a0 contr\u00f4l\u00e9s, les opposants ou d\u00e9fendeurs des droits humains tr\u00e8s souvent menac\u00e9s dans certaines r\u00e9gions, et le Gouvernement est connu pour sa politique de censure relativement stricte. Ces restrictions emp\u00eachent les enfants ouzbeks d\u2019exercer leur droit \u00e0 l\u2019information et de s\u2019exprimer librement, en violation de l\u2019art. 13 de la <a href=\"..\/convention\/\">Convention des Droits de l&rsquo;Enfant<\/a>.<\/p>\n<p><strong><a href=\"https:\/\/www.humanium.org\/fr\/comprendre-droits-enfant\/droit-a-la-protection\/\">Libert\u00e9 de religion<\/a><\/strong><\/p>\n<p>Le gouvernement ouzbek surveille intens\u00e9ment certaines communaut\u00e9s religieuses et limite ainsi leur <a href=\"https:\/\/www.humanium.org\/fr\/comprendre-droits-enfant\/droit-a-la-protection\/\">libert\u00e9 de religion<\/a>, bien que la Constitution ouzb\u00e8ke la proclame. Ainsi, la simple appartenance \u00e0 une congr\u00e9gation religieuse non officiellement reconnue peut entrainer de lourdes cons\u00e9quences. Certaines personnes sont emprisonn\u00e9es parce qu&rsquo;elles appartiennent \u00e0 ces communaut\u00e9s et le gouvernement n&rsquo;h\u00e9site pas \u00e0 pr\u00e9senter ces individus au peuple comme des extr\u00e9mistes, justifiant ainsi leur condamnation.<\/p>\n<p>Les enfants sont largement victimes de cette intol\u00e9rance religieuse. Victimes de racisme ou de traitements d\u00e9gradants, une chose est certaine, le droit de ces enfants de choisir telle religion ou de s\u2019exprimer sur ce choix est largement obsol\u00e8te.<\/p>\n<p><strong><a href=\"https:\/\/www.humanium.org\/fr\/comprendre-droits-enfant\/droit-a-la-protection\/\">Droit \u00e0 la protection<\/a><\/strong><\/p>\n<p><img loading=\"lazy\" decoding=\"async\" class=\"size-full wp-image-13181 alignright\" title=\"Tout enfant a droit d'\u00eatre prot\u00e9g\u00e9 dans le cadre familial et dans le cadre national. \u00a9 Worl Bank Photo Collection (Flickr)\" src=\"https:\/\/www.humanium.org\/fr\/wp-content\/uploads\/2011\/07\/worl-bank-photo-collection-flickr-protection-ouzbekistan-pas-de-modif.jpg\" alt=\"\" width=\"288\" height=\"185\" \/>Tout enfant a le droit d&rsquo;\u00eatre prot\u00e9g\u00e9 aussi bien dans le cadre familial que dans le cadre national. Ce droit connait des limites en Ouzb\u00e9kistan. En effet, certains enfants sont victimes d&rsquo;attentats, qui touchent malheureusement beaucoup de civils.<\/p>\n<p>A ces actes terroristes, la r\u00e9ponse des autorit\u00e9s ouzb\u00e8kes s&rsquo;av\u00e8re \u00e9galement contraire \u00e0 la <a href=\"https:\/\/www.humanium.org\/fr\/comprendre-droits-enfant\/droit-a-la-protection\/\">protection des enfants<\/a>. En effet, \u00e0 travers des \u00ab\u00a0op\u00e9rations antiterroristes\u00a0\u00bb , de nombreuses personnes sont ill\u00e9gitimement arr\u00eat\u00e9es et emprisonn\u00e9es.<\/p>\n<p>Parmi eux, certains adolescents connaissent ce sort car ils sont \u00ab\u00a0soup\u00e7onn\u00e9s\u00a0\u00bb de sympathiser avec les organisations opposantes, ou simplement parce qu&rsquo;ils se sont rendus \u00e0 l&rsquo;\u00e9tranger, ou encore, parce que leurs parents sont dans une des situations pr\u00e9c\u00e9dentes. Leur d\u00e9tention est ill\u00e9gale et leur situation est injuste : pas de proc\u00e8s, aucune garantie juridique, des cas de torture et d&rsquo;harc\u00e8lement ont m\u00eame \u00e9t\u00e9 r\u00e9v\u00e9l\u00e9s.<\/p>\n<p><strong><a href=\"https:\/\/www.humanium.org\/fr\/mariage-enfants\/\">Mariage d&rsquo;enfants<\/a><\/strong><\/p>\n<p>On estime \u00e0 7 % le nombre de femmes mari\u00e9es avant l&rsquo;\u00e2ge de 18 ans. Ces mariages sont fr\u00e9quemment arrang\u00e9s par les familles et les pr\u00e9occupations concernent bien plus les finances de la famille du mari\u00e9 que la volont\u00e9 et le bien \u00eatre de la jeune fille.<\/p>\n<p>Les <a href=\"https:\/\/www.humanium.org\/fr\/mariage-enfants\/\">mariages d\u2019enfants<\/a> sont une violation des droits de l\u2019enfant et en particulier des droits des filles qui n\u2019ont pas la possibilit\u00e9 de profiter de leur enfance et n\u2019ont pas la maturit\u00e9 ni le discernement suffisant pour accepter et comprendre un tel engagement.<\/p>\n","protected":false},"excerpt":{"rendered":"<p>Enfants d&rsquo;Ouzb\u00e9kistan Concr\u00e9tiser les droits de l&rsquo;enfant en Ouzb\u00e9kistan Pays le plus peupl\u00e9 d&rsquo;Asie centrale, l\u2019Ouzb\u00e9kistan a d\u00e8s son ind\u00e9pendance, mis les droits de l&rsquo;enfant au devant de ses pr\u00e9occupations. Ainsi, leur situation s&rsquo;est constamment am\u00e9lior\u00e9e. Malgr\u00e9 tout, elle demeure loin d&rsquo;\u00eatre totalement satisfaisante et certains probl\u00e8mes fondamentaux, tel que le travail des enfants, restent [&hellip;]<\/p>\n","protected":false},"author":65,"featured_media":0,"parent":0,"menu_order":0,"comment_status":"closed","ping_status":"closed","template":"","meta":{"footnotes":""},"class_list":["post-9726","page","type-page","status-publish","hentry"],"yoast_head":"<!-- This site is optimized with the Yoast SEO plugin v28.3 - https:\/\/yoast.com\/product\/yoast-seo-wordpress\/ -->\n<title>Enfants d&#039;Ouzb\u00e9kistan - Humanium<\/title>\n<meta name=\"description\" content=\"Malgr\u00e9 une nette am\u00e9lioration de la situation des droits de l\u2019enfant en Ouzb\u00e9kistan, la situation n\u2019est pas encore parfaite.\" \/>\n<meta name=\"robots\" content=\"index, follow, max-snippet:-1, max-image-preview:large, max-video-preview:-1\" \/>\n<link rel=\"canonical\" href=\"https:\/\/www.humanium.org\/fr\/ouzbekistan\/\" \/>\n<meta property=\"og:locale\" content=\"fr_FR\" \/>\n<meta property=\"og:type\" content=\"article\" \/>\n<meta property=\"og:title\" content=\"Enfants d&#039;Ouzb\u00e9kistan - Humanium\" \/>\n<meta property=\"og:description\" content=\"Malgr\u00e9 une nette am\u00e9lioration de la situation des droits de l\u2019enfant en Ouzb\u00e9kistan, la situation n\u2019est pas encore parfaite.\" \/>\n<meta property=\"og:url\" content=\"https:\/\/www.humanium.org\/fr\/ouzbekistan\/\" \/>\n<meta property=\"og:site_name\" content=\"Humanium\" \/>\n<meta property=\"article:modified_time\" content=\"2025-12-05T13:29:16+00:00\" \/>\n<meta name=\"twitter:card\" content=\"summary_large_image\" \/>\n<meta name=\"twitter:label1\" content=\"Dur\u00e9e de lecture estim\u00e9e\" \/>\n\t<meta name=\"twitter:data1\" content=\"7 minutes\" \/>\n<script type=\"application\/ld+json\" class=\"yoast-schema-graph\">{\"@context\":\"https:\\\/\\\/schema.org\",\"@graph\":[{\"@type\":\"WebPage\",\"@id\":\"https:\\\/\\\/www.humanium.org\\\/fr\\\/ouzbekistan\\\/\",\"url\":\"https:\\\/\\\/www.humanium.org\\\/fr\\\/ouzbekistan\\\/\",\"name\":\"Enfants d'Ouzb\u00e9kistan - Humanium\",\"isPartOf\":{\"@id\":\"https:\\\/\\\/www.humanium.org\\\/fr\\\/#website\"},\"primaryImageOfPage\":{\"@id\":\"https:\\\/\\\/www.humanium.org\\\/fr\\\/ouzbekistan\\\/#primaryimage\"},\"image\":{\"@id\":\"https:\\\/\\\/www.humanium.org\\\/fr\\\/ouzbekistan\\\/#primaryimage\"},\"thumbnailUrl\":\"https:\\\/\\\/www.humanium.org\\\/fr\\\/wp-content\\\/uploads\\\/2011\\\/07\\\/giorgio-montersino-ouzbekistan-fillette.jpg\",\"datePublished\":\"2011-11-06T18:00:44+00:00\",\"dateModified\":\"2025-12-05T13:29:16+00:00\",\"description\":\"Malgr\u00e9 une nette am\u00e9lioration de la situation des droits de l\u2019enfant en Ouzb\u00e9kistan, la situation n\u2019est pas encore parfaite.\",\"breadcrumb\":{\"@id\":\"https:\\\/\\\/www.humanium.org\\\/fr\\\/ouzbekistan\\\/#breadcrumb\"},\"inLanguage\":\"fr-FR\",\"potentialAction\":[{\"@type\":\"ReadAction\",\"target\":[\"https:\\\/\\\/www.humanium.org\\\/fr\\\/ouzbekistan\\\/\"]}]},{\"@type\":\"ImageObject\",\"inLanguage\":\"fr-FR\",\"@id\":\"https:\\\/\\\/www.humanium.org\\\/fr\\\/ouzbekistan\\\/#primaryimage\",\"url\":\"https:\\\/\\\/www.humanium.org\\\/fr\\\/wp-content\\\/uploads\\\/2011\\\/07\\\/giorgio-montersino-ouzbekistan-fillette.jpg\",\"contentUrl\":\"https:\\\/\\\/www.humanium.org\\\/fr\\\/wp-content\\\/uploads\\\/2011\\\/07\\\/giorgio-montersino-ouzbekistan-fillette.jpg\"},{\"@type\":\"BreadcrumbList\",\"@id\":\"https:\\\/\\\/www.humanium.org\\\/fr\\\/ouzbekistan\\\/#breadcrumb\",\"itemListElement\":[{\"@type\":\"ListItem\",\"position\":1,\"name\":\"Home\",\"item\":\"https:\\\/\\\/www.humanium.org\\\/fr\\\/\"},{\"@type\":\"ListItem\",\"position\":2,\"name\":\"Enfants d&rsquo;Ouzb\u00e9kistan\"}]},{\"@type\":\"WebSite\",\"@id\":\"https:\\\/\\\/www.humanium.org\\\/fr\\\/#website\",\"url\":\"https:\\\/\\\/www.humanium.org\\\/fr\\\/\",\"name\":\"Humanium\",\"description\":\"Les enfants d\u2019abord !\",\"potentialAction\":[{\"@type\":\"SearchAction\",\"target\":{\"@type\":\"EntryPoint\",\"urlTemplate\":\"https:\\\/\\\/www.humanium.org\\\/fr\\\/?s={search_term_string}\"},\"query-input\":{\"@type\":\"PropertyValueSpecification\",\"valueRequired\":true,\"valueName\":\"search_term_string\"}}],\"inLanguage\":\"fr-FR\"}]}<\/script>\n<!-- \/ Yoast SEO plugin. -->","yoast_head_json":{"title":"Enfants d'Ouzb\u00e9kistan - Humanium","description":"Malgr\u00e9 une nette am\u00e9lioration de la situation des droits de l\u2019enfant en Ouzb\u00e9kistan, la situation n\u2019est pas encore parfaite.","robots":{"index":"index","follow":"follow","max-snippet":"max-snippet:-1","max-image-preview":"max-image-preview:large","max-video-preview":"max-video-preview:-1"},"canonical":"https:\/\/www.humanium.org\/fr\/ouzbekistan\/","og_locale":"fr_FR","og_type":"article","og_title":"Enfants d'Ouzb\u00e9kistan - Humanium","og_description":"Malgr\u00e9 une nette am\u00e9lioration de la situation des droits de l\u2019enfant en Ouzb\u00e9kistan, la situation n\u2019est pas encore parfaite.","og_url":"https:\/\/www.humanium.org\/fr\/ouzbekistan\/","og_site_name":"Humanium","article_modified_time":"2025-12-05T13:29:16+00:00","twitter_card":"summary_large_image","twitter_misc":{"Dur\u00e9e de lecture estim\u00e9e":"7 minutes"},"schema":{"@context":"https:\/\/schema.org","@graph":[{"@type":"WebPage","@id":"https:\/\/www.humanium.org\/fr\/ouzbekistan\/","url":"https:\/\/www.humanium.org\/fr\/ouzbekistan\/","name":"Enfants d'Ouzb\u00e9kistan - Humanium","isPartOf":{"@id":"https:\/\/www.humanium.org\/fr\/#website"},"primaryImageOfPage":{"@id":"https:\/\/www.humanium.org\/fr\/ouzbekistan\/#primaryimage"},"image":{"@id":"https:\/\/www.humanium.org\/fr\/ouzbekistan\/#primaryimage"},"thumbnailUrl":"https:\/\/www.humanium.org\/fr\/wp-content\/uploads\/2011\/07\/giorgio-montersino-ouzbekistan-fillette.jpg","datePublished":"2011-11-06T18:00:44+00:00","dateModified":"2025-12-05T13:29:16+00:00","description":"Malgr\u00e9 une nette am\u00e9lioration de la situation des droits de l\u2019enfant en Ouzb\u00e9kistan, la situation n\u2019est pas encore parfaite.","breadcrumb":{"@id":"https:\/\/www.humanium.org\/fr\/ouzbekistan\/#breadcrumb"},"inLanguage":"fr-FR","potentialAction":[{"@type":"ReadAction","target":["https:\/\/www.humanium.org\/fr\/ouzbekistan\/"]}]},{"@type":"ImageObject","inLanguage":"fr-FR","@id":"https:\/\/www.humanium.org\/fr\/ouzbekistan\/#primaryimage","url":"https:\/\/www.humanium.org\/fr\/wp-content\/uploads\/2011\/07\/giorgio-montersino-ouzbekistan-fillette.jpg","contentUrl":"https:\/\/www.humanium.org\/fr\/wp-content\/uploads\/2011\/07\/giorgio-montersino-ouzbekistan-fillette.jpg"},{"@type":"BreadcrumbList","@id":"https:\/\/www.humanium.org\/fr\/ouzbekistan\/#breadcrumb","itemListElement":[{"@type":"ListItem","position":1,"name":"Home","item":"https:\/\/www.humanium.org\/fr\/"},{"@type":"ListItem","position":2,"name":"Enfants d&rsquo;Ouzb\u00e9kistan"}]},{"@type":"WebSite","@id":"https:\/\/www.humanium.org\/fr\/#website","url":"https:\/\/www.humanium.org\/fr\/","name":"Humanium","description":"Les enfants d\u2019abord !","potentialAction":[{"@type":"SearchAction","target":{"@type":"EntryPoint","urlTemplate":"https:\/\/www.humanium.org\/fr\/?s={search_term_string}"},"query-input":{"@type":"PropertyValueSpecification","valueRequired":true,"valueName":"search_term_string"}}],"inLanguage":"fr-FR"}]}},"_links":{"self":[{"href":"https:\/\/www.humanium.org\/fr\/wp-json\/wp\/v2\/pages\/9726","targetHints":{"allow":["GET"]}}],"collection":[{"href":"https:\/\/www.humanium.org\/fr\/wp-json\/wp\/v2\/pages"}],"about":[{"href":"https:\/\/www.humanium.org\/fr\/wp-json\/wp\/v2\/types\/page"}],"author":[{"embeddable":true,"href":"https:\/\/www.humanium.org\/fr\/wp-json\/wp\/v2\/users\/65"}],"replies":[{"embeddable":true,"href":"https:\/\/www.humanium.org\/fr\/wp-json\/wp\/v2\/comments?post=9726"}],"version-history":[{"count":9,"href":"https:\/\/www.humanium.org\/fr\/wp-json\/wp\/v2\/pages\/9726\/revisions"}],"predecessor-version":[{"id":59988,"href":"https:\/\/www.humanium.org\/fr\/wp-json\/wp\/v2\/pages\/9726\/revisions\/59988"}],"wp:attachment":[{"href":"https:\/\/www.humanium.org\/fr\/wp-json\/wp\/v2\/media?parent=9726"}],"curies":[{"name":"wp","href":"https:\/\/api.w.org\/{rel}","templated":true}]}}